{"id":6435,"date":"2024-05-24T12:22:35","date_gmt":"2024-05-24T15:22:35","guid":{"rendered":"https:\/\/deputadotaveirajr.com.br\/?page_id=6435"},"modified":"2024-05-24T12:22:35","modified_gmt":"2024-05-24T15:22:35","slug":"video-eu-acredito-que-eles-roubaram-muito-mais-diz-vereador-em-resposta-a-acusacao-em-cidade-do-rn","status":"publish","type":"page","link":"https:\/\/deputadotaveirajr.com.br\/index.php\/video-eu-acredito-que-eles-roubaram-muito-mais-diz-vereador-em-resposta-a-acusacao-em-cidade-do-rn\/","title":{"rendered":"V\u00cdDEO: &#8216;Eu acredito que eles roubaram muito mais&#8217;, diz vereador em resposta a acusa\u00e7\u00e3o em cidade do RN"},"content":{"rendered":"<p>     Declara\u00e7\u00e3o foi feita durante sess\u00e3o plen\u00e1ria na C\u00e2mara de Santo Ant\u00f4nio, na regi\u00e3o Agreste potiguar e causou risadas entre parlamentares.  Pol\u00edtica: &#8220;eu acredito que eles roubaram muito mais&#8221;, diz vereador no RN<br \/>\n&#8220;Eu acredito que eles roubaram muito mais&#8221;. A frase foi proferida por um vereador do munic\u00edpio de Santo Ant\u00f4nio, no Agreste potiguar, em resposta \u00e0 acusa\u00e7\u00e3o feita por um parlamentar de oposi\u00e7\u00e3o, na sess\u00e3o plen\u00e1ria do dia 8 de maio.<br \/>\nA declara\u00e7\u00e3o do vereador Jo\u00e3o Francisco, conhecido como Pai Toco (MDB), causou risadas dos parlamentares presentes e o v\u00eddeo com o registro do momento viralizou nas redes sociais nos \u00faltimos dias.<br \/>\nA cena ocorreu durante uma discuss\u00e3o sobre apoio financeiro do munic\u00edpio \u00e0s quadrilhas juninas da cidade, no per\u00edodo de festas de S\u00e3o Jo\u00e3o. Durante o debate, o vereador Jardel Rairan (Uni\u00e3o Brasil) fez uma acusa\u00e7\u00e3o.<br \/>\n&#8220;Est\u00e3o roubando o munic\u00edpio. Est\u00e1 sendo um assalto \u00e0 m\u00e3o armada, todos os dias. E ainda v\u00eam com discurso bonito. Comeram o dinheiro da vila ol\u00edmpica pelo p\u00e9. R$ 400 mil e n\u00e3o fizeram&#8230; nenhuma. Nada. N\u00e3o vi aqui voc\u00ea dizer&#8221;, disse.<br \/>\nO vereador Jo\u00e3o Francisco respondeu em seguida:<br \/>\n&#8220;Vem esses discursos chamando as pessoas de ladr\u00e3o. Ent\u00e3o eu acredito, como ele falou que n\u00f3s estamos roubando, eu acredito que eles roubaram muito mais. Porque as den\u00fancias foram feitas. Isso ai \u00e9 um discurso de desespero, vereador. Voc\u00ea fugiu aqui da realidade, da quadrilha, quando eu fiz a proposta a vossa excel\u00eancia e voc\u00eas fogem do assunto. Se voc\u00eas est\u00e3o falando que n\u00f3s somos ladr\u00f5es, eu acredito que voc\u00ea \u00e9 campe\u00e3o nisso ai&#8221;, respondeu.<br \/>\nSess\u00e3o na C\u00e2mara de Santo Ant\u00f4nio viralizou nas redes sociais<br \/>\nReprodu\u00e7\u00e3o<br \/>\nProcurado pelo g1 nesta sexta-feira (24), o vereador Jo\u00e3o Francisco afirmou que foi &#8220;infeliz&#8221; na declara\u00e7\u00e3o e que n\u00e3o conhece nenhuma irregularidade na administra\u00e7\u00e3o municipal.<br \/>\n&#8220;Fui infeliz na minha fala, no meu discurso, no calor do momento. Infelizmente usaram aquilo de m\u00e1 f\u00e9. N\u00e3o tenho nenhum conhecimento de coisa irregular no munic\u00edpio. Mas \u00e9 ano pol\u00edtico e usam qualquer coisa para querer prejudicar&#8221;, disse.<br \/>\nEm nota, a C\u00e2mara Municipal de Santo Antonio afirmou que todos os vereadores possuem inviolabilidade por suas opini\u00f5es, palavras e votos no exerc\u00edcio do mandato. &#8220;Contudo, quaisquer transgress\u00f5es legais s\u00e3o de responsabilidade do vereador&#8221;.<br \/>\n&#8220;Os fatos narrados pelo vereador n\u00e3o possuem rela\u00e7\u00e3o com qualquer ato praticado pela C\u00e2mara Municipal ou por qualquer de seus membros, uma vez que o mesmo cita fatos supostamente ocorridos em gest\u00f5es do Poder Executivo. Assim, a C\u00e2mara Municipal permanece \u00e0 disposi\u00e7\u00e3o, caso haja qualquer tipo de den\u00fancia nesse sentido, para apurar irregularidade praticada, em respeito \u00e0 sua compet\u00eancia constitucional&#8221;, diz a nota da presid\u00eancia do Legislativo.<\/p>","protected":false},"excerpt":{"rendered":"<p>Declara\u00e7\u00e3o foi feita durante sess\u00e3o plen\u00e1ria na C\u00e2mara de Santo Ant\u00f4nio, na regi\u00e3o Agreste potiguar e causou risadas entre parlamentares. Pol\u00edtica: &#8220;eu acredito que eles roubaram muito mais&#8221;, diz vereador &#8230;<\/p>\n","protected":false},"author":0,"featured_media":6436,"parent":0,"menu_order":0,"comment_status":"closed","ping_status":"closed","template":"","meta":{"footnotes":""},"class_list":["post-6435","page","type-page","status-publish","has-post-thumbnail","hentry"],"yoast_head":"<!-- This site is optimized with the Yoast SEO plugin v27.1.1 - https:\/\/yoast.com\/product\/yoast-seo-wordpress\/ -->\n<title>V\u00cdDEO: &#039;Eu acredito que eles roubaram muito mais&#039;, diz vereador em resposta a acusa\u00e7\u00e3o em cidade do RN - Taveira Jr<\/title>\n<meta name=\"robots\" content=\"index, follow, max-snippet:-1, max-image-preview:large, max-video-preview:-1\" \/>\n<link rel=\"canonical\" href=\"https:\/\/deputadotaveirajr.com.br\/index.php\/video-eu-acredito-que-eles-roubaram-muito-mais-diz-vereador-em-resposta-a-acusacao-em-cidade-do-rn\/\" \/>\n<meta property=\"og:locale\" content=\"pt_BR\" \/>\n<meta property=\"og:type\" content=\"article\" \/>\n<meta property=\"og:title\" content=\"V\u00cdDEO: &#039;Eu acredito que eles roubaram muito mais&#039;, diz vereador em resposta a acusa\u00e7\u00e3o em cidade do RN - Taveira Jr\" \/>\n<meta property=\"og:description\" content=\"Declara\u00e7\u00e3o foi feita durante sess\u00e3o plen\u00e1ria na C\u00e2mara de Santo Ant\u00f4nio, na regi\u00e3o Agreste potiguar e causou risadas entre parlamentares. Pol\u00edtica: &#8220;eu acredito que eles roubaram muito mais&#8221;, diz vereador ...\" \/>\n<meta property=\"og:url\" content=\"https:\/\/deputadotaveirajr.com.br\/index.php\/video-eu-acredito-que-eles-roubaram-muito-mais-diz-vereador-em-resposta-a-acusacao-em-cidade-do-rn\/\" \/>\n<meta property=\"og:site_name\" content=\"Taveira Jr\" \/>\n<meta property=\"og:image\" content=\"https:\/\/deputadotaveirajr.com.br\/wp-content\/uploads\/2024\/05\/sessao-camara-aGDZBt.jpeg\" \/>\n\t<meta property=\"og:image:width\" content=\"1587\" \/>\n\t<meta property=\"og:image:height\" content=\"777\" \/>\n\t<meta property=\"og:image:type\" content=\"image\/jpeg\" \/>\n<meta name=\"twitter:card\" content=\"summary_large_image\" \/>\n<meta name=\"twitter:label1\" content=\"Est. tempo de leitura\" \/>\n\t<meta name=\"twitter:data1\" content=\"2 minutos\" \/>\n<script type=\"application\/ld+json\" class=\"yoast-schema-graph\">{\"@context\":\"https:\/\/schema.org\",\"@graph\":[{\"@type\":\"WebPage\",\"@id\":\"https:\/\/deputadotaveirajr.com.br\/index.php\/video-eu-acredito-que-eles-roubaram-muito-mais-diz-vereador-em-resposta-a-acusacao-em-cidade-do-rn\/\",\"url\":\"https:\/\/deputadotaveirajr.com.br\/index.php\/video-eu-acredito-que-eles-roubaram-muito-mais-diz-vereador-em-resposta-a-acusacao-em-cidade-do-rn\/\",\"name\":\"V\u00cdDEO: 'Eu acredito que eles roubaram muito mais', diz vereador em resposta a acusa\u00e7\u00e3o em cidade do RN - Taveira Jr\",\"isPartOf\":{\"@id\":\"https:\/\/deputadotaveirajr.com.br\/#website\"},\"primaryImageOfPage\":{\"@id\":\"https:\/\/deputadotaveirajr.com.br\/index.php\/video-eu-acredito-que-eles-roubaram-muito-mais-diz-vereador-em-resposta-a-acusacao-em-cidade-do-rn\/#primaryimage\"},\"image\":{\"@id\":\"https:\/\/deputadotaveirajr.com.br\/index.php\/video-eu-acredito-que-eles-roubaram-muito-mais-diz-vereador-em-resposta-a-acusacao-em-cidade-do-rn\/#primaryimage\"},\"thumbnailUrl\":\"https:\/\/deputadotaveirajr.com.br\/wp-content\/uploads\/2024\/05\/sessao-camara-aGDZBt.jpeg\",\"datePublished\":\"2024-05-24T15:22:35+00:00\",\"breadcrumb\":{\"@id\":\"https:\/\/deputadotaveirajr.com.br\/index.php\/video-eu-acredito-que-eles-roubaram-muito-mais-diz-vereador-em-resposta-a-acusacao-em-cidade-do-rn\/#breadcrumb\"},\"inLanguage\":\"pt-BR\",\"potentialAction\":[{\"@type\":\"ReadAction\",\"target\":[\"https:\/\/deputadotaveirajr.com.br\/index.php\/video-eu-acredito-que-eles-roubaram-muito-mais-diz-vereador-em-resposta-a-acusacao-em-cidade-do-rn\/\"]}]},{\"@type\":\"ImageObject\",\"inLanguage\":\"pt-BR\",\"@id\":\"https:\/\/deputadotaveirajr.com.br\/index.php\/video-eu-acredito-que-eles-roubaram-muito-mais-diz-vereador-em-resposta-a-acusacao-em-cidade-do-rn\/#primaryimage\",\"url\":\"https:\/\/deputadotaveirajr.com.br\/wp-content\/uploads\/2024\/05\/sessao-camara-aGDZBt.jpeg\",\"contentUrl\":\"https:\/\/deputadotaveirajr.com.br\/wp-content\/uploads\/2024\/05\/sessao-camara-aGDZBt.jpeg\",\"width\":1587,\"height\":777},{\"@type\":\"BreadcrumbList\",\"@id\":\"https:\/\/deputadotaveirajr.com.br\/index.php\/video-eu-acredito-que-eles-roubaram-muito-mais-diz-vereador-em-resposta-a-acusacao-em-cidade-do-rn\/#breadcrumb\",\"itemListElement\":[{\"@type\":\"ListItem\",\"position\":1,\"name\":\"In\u00edcio\",\"item\":\"https:\/\/deputadotaveirajr.com.br\/\"},{\"@type\":\"ListItem\",\"position\":2,\"name\":\"V\u00cdDEO: &#8216;Eu acredito que eles roubaram muito mais&#8217;, diz vereador em resposta a acusa\u00e7\u00e3o em cidade do RN\"}]},{\"@type\":\"WebSite\",\"@id\":\"https:\/\/deputadotaveirajr.com.br\/#website\",\"url\":\"https:\/\/deputadotaveirajr.com.br\/\",\"name\":\"Taveira Jr\",\"description\":\"Deputado Estadual\",\"publisher\":{\"@id\":\"https:\/\/deputadotaveirajr.com.br\/#organization\"},\"potentialAction\":[{\"@type\":\"SearchAction\",\"target\":{\"@type\":\"EntryPoint\",\"urlTemplate\":\"https:\/\/deputadotaveirajr.com.br\/?s={search_term_string}\"},\"query-input\":{\"@type\":\"PropertyValueSpecification\",\"valueRequired\":true,\"valueName\":\"search_term_string\"}}],\"inLanguage\":\"pt-BR\"},{\"@type\":\"Organization\",\"@id\":\"https:\/\/deputadotaveirajr.com.br\/#organization\",\"name\":\"Taveira Jr\",\"url\":\"https:\/\/deputadotaveirajr.com.br\/\",\"logo\":{\"@type\":\"ImageObject\",\"inLanguage\":\"pt-BR\",\"@id\":\"https:\/\/deputadotaveirajr.com.br\/#\/schema\/logo\/image\/\",\"url\":\"https:\/\/deputadotaveirajr.com.br\/wp-content\/uploads\/2026\/01\/logolow2a.png\",\"contentUrl\":\"https:\/\/deputadotaveirajr.com.br\/wp-content\/uploads\/2026\/01\/logolow2a.png\",\"width\":290,\"height\":80,\"caption\":\"Taveira Jr\"},\"image\":{\"@id\":\"https:\/\/deputadotaveirajr.com.br\/#\/schema\/logo\/image\/\"}}]}<\/script>\n<!-- \/ Yoast SEO plugin. -->","yoast_head_json":{"title":"V\u00cdDEO: 'Eu acredito que eles roubaram muito mais', diz vereador em resposta a acusa\u00e7\u00e3o em cidade do RN - Taveira Jr","robots":{"index":"index","follow":"follow","max-snippet":"max-snippet:-1","max-image-preview":"max-image-preview:large","max-video-preview":"max-video-preview:-1"},"canonical":"https:\/\/deputadotaveirajr.com.br\/index.php\/video-eu-acredito-que-eles-roubaram-muito-mais-diz-vereador-em-resposta-a-acusacao-em-cidade-do-rn\/","og_locale":"pt_BR","og_type":"article","og_title":"V\u00cdDEO: 'Eu acredito que eles roubaram muito mais', diz vereador em resposta a acusa\u00e7\u00e3o em cidade do RN - Taveira Jr","og_description":"Declara\u00e7\u00e3o foi feita durante sess\u00e3o plen\u00e1ria na C\u00e2mara de Santo Ant\u00f4nio, na regi\u00e3o Agreste potiguar e causou risadas entre parlamentares. Pol\u00edtica: &#8220;eu acredito que eles roubaram muito mais&#8221;, diz vereador ...","og_url":"https:\/\/deputadotaveirajr.com.br\/index.php\/video-eu-acredito-que-eles-roubaram-muito-mais-diz-vereador-em-resposta-a-acusacao-em-cidade-do-rn\/","og_site_name":"Taveira Jr","og_image":[{"width":1587,"height":777,"url":"https:\/\/deputadotaveirajr.com.br\/wp-content\/uploads\/2024\/05\/sessao-camara-aGDZBt.jpeg","type":"image\/jpeg"}],"twitter_card":"summary_large_image","twitter_misc":{"Est. tempo de leitura":"2 minutos"},"schema":{"@context":"https:\/\/schema.org","@graph":[{"@type":"WebPage","@id":"https:\/\/deputadotaveirajr.com.br\/index.php\/video-eu-acredito-que-eles-roubaram-muito-mais-diz-vereador-em-resposta-a-acusacao-em-cidade-do-rn\/","url":"https:\/\/deputadotaveirajr.com.br\/index.php\/video-eu-acredito-que-eles-roubaram-muito-mais-diz-vereador-em-resposta-a-acusacao-em-cidade-do-rn\/","name":"V\u00cdDEO: 'Eu acredito que eles roubaram muito mais', diz vereador em resposta a acusa\u00e7\u00e3o em cidade do RN - Taveira Jr","isPartOf":{"@id":"https:\/\/deputadotaveirajr.com.br\/#website"},"primaryImageOfPage":{"@id":"https:\/\/deputadotaveirajr.com.br\/index.php\/video-eu-acredito-que-eles-roubaram-muito-mais-diz-vereador-em-resposta-a-acusacao-em-cidade-do-rn\/#primaryimage"},"image":{"@id":"https:\/\/deputadotaveirajr.com.br\/index.php\/video-eu-acredito-que-eles-roubaram-muito-mais-diz-vereador-em-resposta-a-acusacao-em-cidade-do-rn\/#primaryimage"},"thumbnailUrl":"https:\/\/deputadotaveirajr.com.br\/wp-content\/uploads\/2024\/05\/sessao-camara-aGDZBt.jpeg","datePublished":"2024-05-24T15:22:35+00:00","breadcrumb":{"@id":"https:\/\/deputadotaveirajr.com.br\/index.php\/video-eu-acredito-que-eles-roubaram-muito-mais-diz-vereador-em-resposta-a-acusacao-em-cidade-do-rn\/#breadcrumb"},"inLanguage":"pt-BR","potentialAction":[{"@type":"ReadAction","target":["https:\/\/deputadotaveirajr.com.br\/index.php\/video-eu-acredito-que-eles-roubaram-muito-mais-diz-vereador-em-resposta-a-acusacao-em-cidade-do-rn\/"]}]},{"@type":"ImageObject","inLanguage":"pt-BR","@id":"https:\/\/deputadotaveirajr.com.br\/index.php\/video-eu-acredito-que-eles-roubaram-muito-mais-diz-vereador-em-resposta-a-acusacao-em-cidade-do-rn\/#primaryimage","url":"https:\/\/deputadotaveirajr.com.br\/wp-content\/uploads\/2024\/05\/sessao-camara-aGDZBt.jpeg","contentUrl":"https:\/\/deputadotaveirajr.com.br\/wp-content\/uploads\/2024\/05\/sessao-camara-aGDZBt.jpeg","width":1587,"height":777},{"@type":"BreadcrumbList","@id":"https:\/\/deputadotaveirajr.com.br\/index.php\/video-eu-acredito-que-eles-roubaram-muito-mais-diz-vereador-em-resposta-a-acusacao-em-cidade-do-rn\/#breadcrumb","itemListElement":[{"@type":"ListItem","position":1,"name":"In\u00edcio","item":"https:\/\/deputadotaveirajr.com.br\/"},{"@type":"ListItem","position":2,"name":"V\u00cdDEO: &#8216;Eu acredito que eles roubaram muito mais&#8217;, diz vereador em resposta a acusa\u00e7\u00e3o em cidade do RN"}]},{"@type":"WebSite","@id":"https:\/\/deputadotaveirajr.com.br\/#website","url":"https:\/\/deputadotaveirajr.com.br\/","name":"Taveira Jr","description":"Deputado Estadual","publisher":{"@id":"https:\/\/deputadotaveirajr.com.br\/#organization"},"potentialAction":[{"@type":"SearchAction","target":{"@type":"EntryPoint","urlTemplate":"https:\/\/deputadotaveirajr.com.br\/?s={search_term_string}"},"query-input":{"@type":"PropertyValueSpecification","valueRequired":true,"valueName":"search_term_string"}}],"inLanguage":"pt-BR"},{"@type":"Organization","@id":"https:\/\/deputadotaveirajr.com.br\/#organization","name":"Taveira Jr","url":"https:\/\/deputadotaveirajr.com.br\/","logo":{"@type":"ImageObject","inLanguage":"pt-BR","@id":"https:\/\/deputadotaveirajr.com.br\/#\/schema\/logo\/image\/","url":"https:\/\/deputadotaveirajr.com.br\/wp-content\/uploads\/2026\/01\/logolow2a.png","contentUrl":"https:\/\/deputadotaveirajr.com.br\/wp-content\/uploads\/2026\/01\/logolow2a.png","width":290,"height":80,"caption":"Taveira Jr"},"image":{"@id":"https:\/\/deputadotaveirajr.com.br\/#\/schema\/logo\/image\/"}}]}},"_links":{"self":[{"href":"https:\/\/deputadotaveirajr.com.br\/index.php\/wp-json\/wp\/v2\/pages\/6435","targetHints":{"allow":["GET"]}}],"collection":[{"href":"https:\/\/deputadotaveirajr.com.br\/index.php\/wp-json\/wp\/v2\/pages"}],"about":[{"href":"https:\/\/deputadotaveirajr.com.br\/index.php\/wp-json\/wp\/v2\/types\/page"}],"replies":[{"embeddable":true,"href":"https:\/\/deputadotaveirajr.com.br\/index.php\/wp-json\/wp\/v2\/comments?post=6435"}],"version-history":[{"count":1,"href":"https:\/\/deputadotaveirajr.com.br\/index.php\/wp-json\/wp\/v2\/pages\/6435\/revisions"}],"predecessor-version":[{"id":6439,"href":"https:\/\/deputadotaveirajr.com.br\/index.php\/wp-json\/wp\/v2\/pages\/6435\/revisions\/6439"}],"wp:featuredmedia":[{"embeddable":true,"href":"https:\/\/deputadotaveirajr.com.br\/index.php\/wp-json\/wp\/v2\/media\/6436"}],"wp:attachment":[{"href":"https:\/\/deputadotaveirajr.com.br\/index.php\/wp-json\/wp\/v2\/media?parent=6435"}],"curies":[{"name":"wp","href":"https:\/\/api.w.org\/{rel}","templated":true}]}}