{"id":6437,"date":"2024-05-24T14:19:00","date_gmt":"2024-05-24T17:19:00","guid":{"rendered":"https:\/\/deputadotaveirajr.com.br\/?page_id=6437"},"modified":"2024-05-24T14:19:00","modified_gmt":"2024-05-24T17:19:00","slug":"servidor-publico-suspeito-de-matar-psicologa-e-indiciado-pela-policia-no-rn","status":"publish","type":"page","link":"https:\/\/deputadotaveirajr.com.br\/index.php\/servidor-publico-suspeito-de-matar-psicologa-e-indiciado-pela-policia-no-rn\/","title":{"rendered":"Servidor p\u00fablico suspeito de matar psic\u00f3loga \u00e9 indiciado pela pol\u00edcia no RN"},"content":{"rendered":"<p>     Fabiana Maia Veras, de 42 anos, foi encontrada morta em Ass\u00fa no dia 23 de abril. Segundo a pol\u00edcia, homem agiu por motivo f\u00fatil e usou meio cruel, com impossibilidade de defesa da v\u00edtima. Fabiana Maia Veras era psic\u00f3loga e foi morta no im\u00f3vel onde morava e realizava atendimentos em Assu<br \/>\nRedes sociais<br \/>\nA Pol\u00edcia Civil enviou \u00e0 Justi\u00e7a, nesta quinta-feira (23), o indiciamento do servidor p\u00fablico Jo\u00e3o Batista Carvalho Neto, como autor do assassinato da psic\u00f3loga Fabiana Maia Veras, de 42 anos de idade, em Assu, no Rio Grande do Norte.<br \/>\nFabiana foi assassinada no dia 23 de abril dentro do im\u00f3vel que usava como resid\u00eancia e consult\u00f3rio para atendimentos no munic\u00edpio do Oeste potiguar. O suspeito foi preso no dia seguinte, em Natal. O celular da v\u00edtima foi encontrado no apartamento dele.<br \/>\nOs investigadores ainda aguardam laudos do Instituto T\u00e9cnico-Cient\u00edfico de Per\u00edcia (Itep), bem como a an\u00e1lise do celular do homem. Por\u00e9m, para o delegado Val\u00e9rio Kurten, respons\u00e1vel pela investiga\u00e7\u00e3o, n\u00e3o restam d\u00favidas da autoria do crime.<br \/>\n&#8220;Considerando que a arma de fogo apreendida na pris\u00e3o tinha vest\u00edgio de sangue, sugere-se que ele foi armado a Assu e mediante coa\u00e7\u00e3o amorda\u00e7ou a v\u00edtima com uma fita adesiva amarela. Est\u00e1 ainda pendente o laudo de local de crime, para confirmar tal vers\u00e3o&#8221;, relatou o delegado Val\u00e9rio Kurten.<br \/>\n&#8220;Ap\u00f3s isso, ele desferiu v\u00e1rios golpes de faca na v\u00edtima. Inclusive, segundo o mapa de les\u00e3o do laudo necrosc\u00f3pico, foram 19 les\u00f5es, na grande maioria de golpes de faca, indicando o meio cruel com que a v\u00edtima morreu e tamb\u00e9m impossibilitando a defesa dela&#8221;, complementou.<br \/>\nDe acordo com o delegado, o homem foi indiciado por homic\u00eddio triplamente qualificado, sendo as qualificadoras: motivo f\u00fatil, meio cruel e impossibilidade de defesa da v\u00edtima.<br \/>\nLEIA MAIS<br \/>\nAdvogado de suspeito de matar psic\u00f3loga no RN aguarda laudos psiqui\u00e1tricos para definir linha de defesa<br \/>\nPol\u00edcia diz que suspeito de matar psic\u00f3loga no RN queria us\u00e1-la como &#8216;ponte&#8217; para reatar com ex-namorada<br \/>\nM\u00e3e de psic\u00f3loga assassinada no RN diz que filha n\u00e3o relatou amea\u00e7a e estava tranquila: &#8216;Que outras m\u00e3es n\u00e3o precisem sentir essa dor&#8217;<br \/>\nO que se sabe e o que falta esclarecer sobre morte de psic\u00f3loga no RN<br \/>\nOs investigadores ainda aguardam a an\u00e1lise dos dados do celular do suspeito para confirmar a motiva\u00e7\u00e3o do crime, por\u00e9m, a tese da pol\u00edcia desde o in\u00edcio das investiga\u00e7\u00f5es \u00e9 de que Jo\u00e3o Batista queria ter acesso ao celular da psic\u00f3loga para ter acesso \u00e0 conversa da profissional com a ex-namorada dele. As duas eram amigas.<br \/>\nO celular da v\u00edtima foi encontrado destru\u00eddo no apartamento do suspeito, mas a per\u00edcia conseguiu constatar, atrav\u00e9s do IMEI [c\u00f3digo de identifica\u00e7\u00e3o do celular] que se tratava do aparelho dela.<br \/>\nSegundo a pol\u00edcia, Jo\u00e3o Batista segue preso no pres\u00eddio de Cara\u00fabas. Procurada pelo g1, a defesa informou que o processo est\u00e1 em segredo de Justi\u00e7a e, por isso, est\u00e1 impossibilitada de fornecer qualquer tipo de informa\u00e7\u00e3o.<br \/>\nO crime<br \/>\nFabiana foi encontrada morta no in\u00edcio da noite de uma ter\u00e7a-feira (23) dentro de casa na cidade de Ass\u00fa, na Regi\u00e3o Oeste do Rio Grande do Norte. Segundo a pol\u00edcia, o corpo estava amorda\u00e7ado e com marcas de cortes de arma branca.<br \/>\nImagens de c\u00e2meras de seguran\u00e7a da casa da v\u00edtima mostram um homem chegando \u00e0 resid\u00eancia por volta das 16h30. Segundo a pol\u00edcia, esse mesmo homem foi preso em Natal no dia seguinte, como principal suspeito do crime.<br \/>\nV\u00eddeo mostra suspeito dentro da casa de psic\u00f3loga encontrada morta em Assu<br \/>\nO suspeito preso \u00e9 servidor do Tribunal de Justi\u00e7a do Rio Grande do Norte. Ele tem 41 anos de idade, segundo a Pol\u00edcia Civil.<br \/>\nEle foi preso ao chegar a um dos seus im\u00f3veis, em Natal. Dentro do carro dele, os policiais e peritos do Instituto T\u00e9cnico-Cient\u00edfico de Per\u00edcia (Itep) encontraram uma bolsa com tr\u00eas facas, duas soqueiras e uma pistola com sangue.<br \/>\nPeritos tamb\u00e9m colheram poss\u00edveis fragmentos de sangue na escada do pr\u00e9dio, dentro do apartamento do suspeito e no sapato dele. Um dos laudos ainda aguardados pela per\u00edcia \u00e9 a an\u00e1lise do DNA do sangue encontrado no sapato.<br \/>\nV\u00eddeos mais assistidos do g1 RN<\/p>","protected":false},"excerpt":{"rendered":"<p>Fabiana Maia Veras, de 42 anos, foi encontrada morta em Ass\u00fa no dia 23 de abril. Segundo a pol\u00edcia, homem agiu por motivo f\u00fatil e usou meio cruel, com impossibilidade &#8230;<\/p>\n","protected":false},"author":0,"featured_media":6438,"parent":0,"menu_order":0,"comment_status":"closed","ping_status":"closed","template":"","meta":{"footnotes":""},"class_list":["post-6437","page","type-page","status-publish","has-post-thumbnail","hentry"],"yoast_head":"<!-- This site is optimized with the Yoast SEO plugin v27.1.1 - https:\/\/yoast.com\/product\/yoast-seo-wordpress\/ -->\n<title>Servidor p\u00fablico suspeito de matar psic\u00f3loga \u00e9 indiciado pela pol\u00edcia no RN - Taveira Jr<\/title>\n<meta name=\"robots\" content=\"index, follow, max-snippet:-1, max-image-preview:large, max-video-preview:-1\" \/>\n<link rel=\"canonical\" href=\"https:\/\/deputadotaveirajr.com.br\/index.php\/servidor-publico-suspeito-de-matar-psicologa-e-indiciado-pela-policia-no-rn\/\" \/>\n<meta property=\"og:locale\" content=\"pt_BR\" \/>\n<meta property=\"og:type\" content=\"article\" \/>\n<meta property=\"og:title\" content=\"Servidor p\u00fablico suspeito de matar psic\u00f3loga \u00e9 indiciado pela pol\u00edcia no RN - Taveira Jr\" \/>\n<meta property=\"og:description\" content=\"Fabiana Maia Veras, de 42 anos, foi encontrada morta em Ass\u00fa no dia 23 de abril. Segundo a pol\u00edcia, homem agiu por motivo f\u00fatil e usou meio cruel, com impossibilidade ...\" \/>\n<meta property=\"og:url\" content=\"https:\/\/deputadotaveirajr.com.br\/index.php\/servidor-publico-suspeito-de-matar-psicologa-e-indiciado-pela-policia-no-rn\/\" \/>\n<meta property=\"og:site_name\" content=\"Taveira Jr\" \/>\n<meta property=\"og:image\" content=\"https:\/\/deputadotaveirajr.com.br\/wp-content\/uploads\/2024\/05\/fabiana-qYvrBa.jpeg\" \/>\n\t<meta property=\"og:image:width\" content=\"1080\" \/>\n\t<meta property=\"og:image:height\" content=\"896\" \/>\n\t<meta property=\"og:image:type\" content=\"image\/jpeg\" \/>\n<meta name=\"twitter:card\" content=\"summary_large_image\" \/>\n<meta name=\"twitter:label1\" content=\"Est. tempo de leitura\" \/>\n\t<meta name=\"twitter:data1\" content=\"4 minutos\" \/>\n<script type=\"application\/ld+json\" class=\"yoast-schema-graph\">{\"@context\":\"https:\/\/schema.org\",\"@graph\":[{\"@type\":\"WebPage\",\"@id\":\"https:\/\/deputadotaveirajr.com.br\/index.php\/servidor-publico-suspeito-de-matar-psicologa-e-indiciado-pela-policia-no-rn\/\",\"url\":\"https:\/\/deputadotaveirajr.com.br\/index.php\/servidor-publico-suspeito-de-matar-psicologa-e-indiciado-pela-policia-no-rn\/\",\"name\":\"Servidor p\u00fablico suspeito de matar psic\u00f3loga \u00e9 indiciado pela pol\u00edcia no RN - Taveira Jr\",\"isPartOf\":{\"@id\":\"https:\/\/deputadotaveirajr.com.br\/#website\"},\"primaryImageOfPage\":{\"@id\":\"https:\/\/deputadotaveirajr.com.br\/index.php\/servidor-publico-suspeito-de-matar-psicologa-e-indiciado-pela-policia-no-rn\/#primaryimage\"},\"image\":{\"@id\":\"https:\/\/deputadotaveirajr.com.br\/index.php\/servidor-publico-suspeito-de-matar-psicologa-e-indiciado-pela-policia-no-rn\/#primaryimage\"},\"thumbnailUrl\":\"https:\/\/deputadotaveirajr.com.br\/wp-content\/uploads\/2024\/05\/fabiana-qYvrBa.jpeg\",\"datePublished\":\"2024-05-24T17:19:00+00:00\",\"breadcrumb\":{\"@id\":\"https:\/\/deputadotaveirajr.com.br\/index.php\/servidor-publico-suspeito-de-matar-psicologa-e-indiciado-pela-policia-no-rn\/#breadcrumb\"},\"inLanguage\":\"pt-BR\",\"potentialAction\":[{\"@type\":\"ReadAction\",\"target\":[\"https:\/\/deputadotaveirajr.com.br\/index.php\/servidor-publico-suspeito-de-matar-psicologa-e-indiciado-pela-policia-no-rn\/\"]}]},{\"@type\":\"ImageObject\",\"inLanguage\":\"pt-BR\",\"@id\":\"https:\/\/deputadotaveirajr.com.br\/index.php\/servidor-publico-suspeito-de-matar-psicologa-e-indiciado-pela-policia-no-rn\/#primaryimage\",\"url\":\"https:\/\/deputadotaveirajr.com.br\/wp-content\/uploads\/2024\/05\/fabiana-qYvrBa.jpeg\",\"contentUrl\":\"https:\/\/deputadotaveirajr.com.br\/wp-content\/uploads\/2024\/05\/fabiana-qYvrBa.jpeg\",\"width\":1080,\"height\":896},{\"@type\":\"BreadcrumbList\",\"@id\":\"https:\/\/deputadotaveirajr.com.br\/index.php\/servidor-publico-suspeito-de-matar-psicologa-e-indiciado-pela-policia-no-rn\/#breadcrumb\",\"itemListElement\":[{\"@type\":\"ListItem\",\"position\":1,\"name\":\"In\u00edcio\",\"item\":\"https:\/\/deputadotaveirajr.com.br\/\"},{\"@type\":\"ListItem\",\"position\":2,\"name\":\"Servidor p\u00fablico suspeito de matar psic\u00f3loga \u00e9 indiciado pela pol\u00edcia no RN\"}]},{\"@type\":\"WebSite\",\"@id\":\"https:\/\/deputadotaveirajr.com.br\/#website\",\"url\":\"https:\/\/deputadotaveirajr.com.br\/\",\"name\":\"Taveira Jr\",\"description\":\"Deputado Estadual\",\"publisher\":{\"@id\":\"https:\/\/deputadotaveirajr.com.br\/#organization\"},\"potentialAction\":[{\"@type\":\"SearchAction\",\"target\":{\"@type\":\"EntryPoint\",\"urlTemplate\":\"https:\/\/deputadotaveirajr.com.br\/?s={search_term_string}\"},\"query-input\":{\"@type\":\"PropertyValueSpecification\",\"valueRequired\":true,\"valueName\":\"search_term_string\"}}],\"inLanguage\":\"pt-BR\"},{\"@type\":\"Organization\",\"@id\":\"https:\/\/deputadotaveirajr.com.br\/#organization\",\"name\":\"Taveira Jr\",\"url\":\"https:\/\/deputadotaveirajr.com.br\/\",\"logo\":{\"@type\":\"ImageObject\",\"inLanguage\":\"pt-BR\",\"@id\":\"https:\/\/deputadotaveirajr.com.br\/#\/schema\/logo\/image\/\",\"url\":\"https:\/\/deputadotaveirajr.com.br\/wp-content\/uploads\/2026\/01\/logolow2a.png\",\"contentUrl\":\"https:\/\/deputadotaveirajr.com.br\/wp-content\/uploads\/2026\/01\/logolow2a.png\",\"width\":290,\"height\":80,\"caption\":\"Taveira Jr\"},\"image\":{\"@id\":\"https:\/\/deputadotaveirajr.com.br\/#\/schema\/logo\/image\/\"}}]}<\/script>\n<!-- \/ Yoast SEO plugin. -->","yoast_head_json":{"title":"Servidor p\u00fablico suspeito de matar psic\u00f3loga \u00e9 indiciado pela pol\u00edcia no RN - Taveira Jr","robots":{"index":"index","follow":"follow","max-snippet":"max-snippet:-1","max-image-preview":"max-image-preview:large","max-video-preview":"max-video-preview:-1"},"canonical":"https:\/\/deputadotaveirajr.com.br\/index.php\/servidor-publico-suspeito-de-matar-psicologa-e-indiciado-pela-policia-no-rn\/","og_locale":"pt_BR","og_type":"article","og_title":"Servidor p\u00fablico suspeito de matar psic\u00f3loga \u00e9 indiciado pela pol\u00edcia no RN - Taveira Jr","og_description":"Fabiana Maia Veras, de 42 anos, foi encontrada morta em Ass\u00fa no dia 23 de abril. Segundo a pol\u00edcia, homem agiu por motivo f\u00fatil e usou meio cruel, com impossibilidade ...","og_url":"https:\/\/deputadotaveirajr.com.br\/index.php\/servidor-publico-suspeito-de-matar-psicologa-e-indiciado-pela-policia-no-rn\/","og_site_name":"Taveira Jr","og_image":[{"width":1080,"height":896,"url":"https:\/\/deputadotaveirajr.com.br\/wp-content\/uploads\/2024\/05\/fabiana-qYvrBa.jpeg","type":"image\/jpeg"}],"twitter_card":"summary_large_image","twitter_misc":{"Est. tempo de leitura":"4 minutos"},"schema":{"@context":"https:\/\/schema.org","@graph":[{"@type":"WebPage","@id":"https:\/\/deputadotaveirajr.com.br\/index.php\/servidor-publico-suspeito-de-matar-psicologa-e-indiciado-pela-policia-no-rn\/","url":"https:\/\/deputadotaveirajr.com.br\/index.php\/servidor-publico-suspeito-de-matar-psicologa-e-indiciado-pela-policia-no-rn\/","name":"Servidor p\u00fablico suspeito de matar psic\u00f3loga \u00e9 indiciado pela pol\u00edcia no RN - Taveira Jr","isPartOf":{"@id":"https:\/\/deputadotaveirajr.com.br\/#website"},"primaryImageOfPage":{"@id":"https:\/\/deputadotaveirajr.com.br\/index.php\/servidor-publico-suspeito-de-matar-psicologa-e-indiciado-pela-policia-no-rn\/#primaryimage"},"image":{"@id":"https:\/\/deputadotaveirajr.com.br\/index.php\/servidor-publico-suspeito-de-matar-psicologa-e-indiciado-pela-policia-no-rn\/#primaryimage"},"thumbnailUrl":"https:\/\/deputadotaveirajr.com.br\/wp-content\/uploads\/2024\/05\/fabiana-qYvrBa.jpeg","datePublished":"2024-05-24T17:19:00+00:00","breadcrumb":{"@id":"https:\/\/deputadotaveirajr.com.br\/index.php\/servidor-publico-suspeito-de-matar-psicologa-e-indiciado-pela-policia-no-rn\/#breadcrumb"},"inLanguage":"pt-BR","potentialAction":[{"@type":"ReadAction","target":["https:\/\/deputadotaveirajr.com.br\/index.php\/servidor-publico-suspeito-de-matar-psicologa-e-indiciado-pela-policia-no-rn\/"]}]},{"@type":"ImageObject","inLanguage":"pt-BR","@id":"https:\/\/deputadotaveirajr.com.br\/index.php\/servidor-publico-suspeito-de-matar-psicologa-e-indiciado-pela-policia-no-rn\/#primaryimage","url":"https:\/\/deputadotaveirajr.com.br\/wp-content\/uploads\/2024\/05\/fabiana-qYvrBa.jpeg","contentUrl":"https:\/\/deputadotaveirajr.com.br\/wp-content\/uploads\/2024\/05\/fabiana-qYvrBa.jpeg","width":1080,"height":896},{"@type":"BreadcrumbList","@id":"https:\/\/deputadotaveirajr.com.br\/index.php\/servidor-publico-suspeito-de-matar-psicologa-e-indiciado-pela-policia-no-rn\/#breadcrumb","itemListElement":[{"@type":"ListItem","position":1,"name":"In\u00edcio","item":"https:\/\/deputadotaveirajr.com.br\/"},{"@type":"ListItem","position":2,"name":"Servidor p\u00fablico suspeito de matar psic\u00f3loga \u00e9 indiciado pela pol\u00edcia no RN"}]},{"@type":"WebSite","@id":"https:\/\/deputadotaveirajr.com.br\/#website","url":"https:\/\/deputadotaveirajr.com.br\/","name":"Taveira Jr","description":"Deputado Estadual","publisher":{"@id":"https:\/\/deputadotaveirajr.com.br\/#organization"},"potentialAction":[{"@type":"SearchAction","target":{"@type":"EntryPoint","urlTemplate":"https:\/\/deputadotaveirajr.com.br\/?s={search_term_string}"},"query-input":{"@type":"PropertyValueSpecification","valueRequired":true,"valueName":"search_term_string"}}],"inLanguage":"pt-BR"},{"@type":"Organization","@id":"https:\/\/deputadotaveirajr.com.br\/#organization","name":"Taveira Jr","url":"https:\/\/deputadotaveirajr.com.br\/","logo":{"@type":"ImageObject","inLanguage":"pt-BR","@id":"https:\/\/deputadotaveirajr.com.br\/#\/schema\/logo\/image\/","url":"https:\/\/deputadotaveirajr.com.br\/wp-content\/uploads\/2026\/01\/logolow2a.png","contentUrl":"https:\/\/deputadotaveirajr.com.br\/wp-content\/uploads\/2026\/01\/logolow2a.png","width":290,"height":80,"caption":"Taveira Jr"},"image":{"@id":"https:\/\/deputadotaveirajr.com.br\/#\/schema\/logo\/image\/"}}]}},"_links":{"self":[{"href":"https:\/\/deputadotaveirajr.com.br\/index.php\/wp-json\/wp\/v2\/pages\/6437","targetHints":{"allow":["GET"]}}],"collection":[{"href":"https:\/\/deputadotaveirajr.com.br\/index.php\/wp-json\/wp\/v2\/pages"}],"about":[{"href":"https:\/\/deputadotaveirajr.com.br\/index.php\/wp-json\/wp\/v2\/types\/page"}],"replies":[{"embeddable":true,"href":"https:\/\/deputadotaveirajr.com.br\/index.php\/wp-json\/wp\/v2\/comments?post=6437"}],"version-history":[{"count":1,"href":"https:\/\/deputadotaveirajr.com.br\/index.php\/wp-json\/wp\/v2\/pages\/6437\/revisions"}],"predecessor-version":[{"id":6445,"href":"https:\/\/deputadotaveirajr.com.br\/index.php\/wp-json\/wp\/v2\/pages\/6437\/revisions\/6445"}],"wp:featuredmedia":[{"embeddable":true,"href":"https:\/\/deputadotaveirajr.com.br\/index.php\/wp-json\/wp\/v2\/media\/6438"}],"wp:attachment":[{"href":"https:\/\/deputadotaveirajr.com.br\/index.php\/wp-json\/wp\/v2\/media?parent=6437"}],"curies":[{"name":"wp","href":"https:\/\/api.w.org\/{rel}","templated":true}]}}