{"id":6448,"date":"2024-05-24T18:59:18","date_gmt":"2024-05-24T21:59:18","guid":{"rendered":"https:\/\/deputadotaveirajr.com.br\/?page_id=6448"},"modified":"2024-05-24T18:59:18","modified_gmt":"2024-05-24T21:59:18","slug":"servidores-em-greve-da-ufrn-trancam-predio-e-impedem-acesso-ao-instituto-metropole-digital-em-manifestacao","status":"publish","type":"page","link":"https:\/\/deputadotaveirajr.com.br\/index.php\/servidores-em-greve-da-ufrn-trancam-predio-e-impedem-acesso-ao-instituto-metropole-digital-em-manifestacao\/","title":{"rendered":"Servidores em greve da UFRN trancam pr\u00e9dio e impedem acesso ao Instituto Metr\u00f3pole Digital em manifesta\u00e7\u00e3o"},"content":{"rendered":"<p>     Alunos e funcion\u00e1rios n\u00e3o conseguiram entrar no IMD na manh\u00e3 desta sexta-feira (24) por conta do movimento. Servidores est\u00e3o de greve desde 14 de mar\u00e7o.  Pr\u00e9dio da UFRN \u00e9 trancado por grevistas em Natal<br \/>\nServidores t\u00e9cnico-administrativos em greve da Universidade Federal do Rio Grande do Norte (UFRN) fecharam os port\u00f5es do Instituto Metr\u00f3pole Digital (IMD) na manh\u00e3 desta sexta-feira (24) e impediram o funcionamento da unidade.<br \/>\nOs port\u00f5es foram trancados por volta das 5h30, e funcion\u00e1rios e estudantes foram impedidos de entrar no pr\u00e9dio. Os grevistas tamb\u00e9m fizeram uma manifesta\u00e7\u00e3o no local.<br \/>\n&#8220;N\u00f3s chegamos aqui logo cedo para conversar, receber os funcion\u00e1rios que por ventura ainda n\u00e3o est\u00e3o em greve e os estudantes que est\u00e3o fazendo seus cursos aqui no IMD. Para eles apoiarem nossa greve. E paralisarem suas atividades a partir de hoje. Ent\u00e3o, n\u00e3o \u00e9 uma atividade ultraradical, mas \u00e9 uma medida radical&#8221;, explicou o o servidor Jos\u00e9 Rebou\u00e7as, do comando de greve.<br \/>\n\ud83d\udcf3Participe do canal do g1 RN no WhatsApp<br \/>\nOs t\u00e9cnico-administrativos da UFRN entraram em greve no dia 14 de mar\u00e7o. Na quarta-feira (22), eles recusaram uma proposta oferecida pelo governo federal, que n\u00e3o prop\u00f4s percentual de corre\u00e7\u00e3o salarial para 2024, apenas a partir de 2025, e mantiveram a greve por tempo indeterminado.<br \/>\nOs professores da UFRN tamb\u00e9m est\u00e3o de greve, desde o dia 22 de abril, mas n\u00e3o participaram da manifesta\u00e7\u00e3o na manh\u00e3 desta sexta no IMD.<br \/>\nLEIA TAMB\u00c9M:<br \/>\nVeja situa\u00e7\u00e3o de atual de cada greve nas universidades do RN<br \/>\nPr\u00e9dio do IMD foi trancado nesta sexta-feira e n\u00e3o teve atividades<br \/>\nVin\u00edcius Marinho\/Inter TV Cabugi<br \/>\nNo RN, professores e servidores do Instituto Federal do Rio Grande do Norte (IFRN) e t\u00e9cnico-administrativos da Universidade Federal do Semi-\u00c1rido (Ufersa) tamb\u00e9m est\u00e3o em greve. O movimento foi realizado por mais de 50 universidades do Brasil.<br \/>\nO IMD abriga aulas de cursos t\u00e9cnicos e superiores da \u00e1rea de tecnologia da UFRN. Atualmente, cerca de 3 mil alunos tem atividades no pr\u00e9dio -parte deles foi impedido de entrar no pr\u00e9dio nesta sexta. A UFRN n\u00e3o suspendeu o calend\u00e1rio acad\u00eamico.<br \/>\nOs manifestantes explicaram que a inten\u00e7\u00e3o n\u00e3o \u00e9 ocupar por tempo indeterminado o pr\u00e9dio, mas fazer medidas que chamem mais a aten\u00e7\u00e3o do governo e mostrar a import\u00e2ncia para alunos da paralisa\u00e7\u00e3o.<br \/>\nEntre trabalhadores da administra\u00e7\u00e3o, finan\u00e7as e engenharia da UFRN, os t\u00e9cnicos-administrativos somam mais de 2,9 mil servidores.<br \/>\nV\u00eddeos mais assistidos do g1 RN<\/p>","protected":false},"excerpt":{"rendered":"<p>Alunos e funcion\u00e1rios n\u00e3o conseguiram entrar no IMD na manh\u00e3 desta sexta-feira (24) por conta do movimento. Servidores est\u00e3o de greve desde 14 de mar\u00e7o. Pr\u00e9dio da UFRN \u00e9 trancado &#8230;<\/p>\n","protected":false},"author":0,"featured_media":6449,"parent":0,"menu_order":0,"comment_status":"closed","ping_status":"closed","template":"","meta":{"footnotes":""},"class_list":["post-6448","page","type-page","status-publish","has-post-thumbnail","hentry"],"yoast_head":"<!-- This site is optimized with the Yoast SEO plugin v27.1.1 - https:\/\/yoast.com\/product\/yoast-seo-wordpress\/ -->\n<title>Servidores em greve da UFRN trancam pr\u00e9dio e impedem acesso ao Instituto Metr\u00f3pole Digital em manifesta\u00e7\u00e3o - Taveira Jr<\/title>\n<meta name=\"robots\" content=\"index, follow, max-snippet:-1, max-image-preview:large, max-video-preview:-1\" \/>\n<link rel=\"canonical\" href=\"https:\/\/deputadotaveirajr.com.br\/index.php\/servidores-em-greve-da-ufrn-trancam-predio-e-impedem-acesso-ao-instituto-metropole-digital-em-manifestacao\/\" \/>\n<meta property=\"og:locale\" content=\"pt_BR\" \/>\n<meta property=\"og:type\" content=\"article\" \/>\n<meta property=\"og:title\" content=\"Servidores em greve da UFRN trancam pr\u00e9dio e impedem acesso ao Instituto Metr\u00f3pole Digital em manifesta\u00e7\u00e3o - Taveira Jr\" \/>\n<meta property=\"og:description\" content=\"Alunos e funcion\u00e1rios n\u00e3o conseguiram entrar no IMD na manh\u00e3 desta sexta-feira (24) por conta do movimento. Servidores est\u00e3o de greve desde 14 de mar\u00e7o. Pr\u00e9dio da UFRN \u00e9 trancado ...\" \/>\n<meta property=\"og:url\" content=\"https:\/\/deputadotaveirajr.com.br\/index.php\/servidores-em-greve-da-ufrn-trancam-predio-e-impedem-acesso-ao-instituto-metropole-digital-em-manifestacao\/\" \/>\n<meta property=\"og:site_name\" content=\"Taveira Jr\" \/>\n<meta property=\"og:image\" content=\"https:\/\/deputadotaveirajr.com.br\/wp-content\/uploads\/2024\/05\/whatsapp-image-2024-05-24-at-12.25.35-NKiVfJ.jpeg\" \/>\n\t<meta property=\"og:image:width\" content=\"1600\" \/>\n\t<meta property=\"og:image:height\" content=\"1200\" \/>\n\t<meta property=\"og:image:type\" content=\"image\/jpeg\" \/>\n<meta name=\"twitter:card\" content=\"summary_large_image\" \/>\n<meta name=\"twitter:label1\" content=\"Est. tempo de leitura\" \/>\n\t<meta name=\"twitter:data1\" content=\"2 minutos\" \/>\n<script type=\"application\/ld+json\" class=\"yoast-schema-graph\">{\"@context\":\"https:\/\/schema.org\",\"@graph\":[{\"@type\":\"WebPage\",\"@id\":\"https:\/\/deputadotaveirajr.com.br\/index.php\/servidores-em-greve-da-ufrn-trancam-predio-e-impedem-acesso-ao-instituto-metropole-digital-em-manifestacao\/\",\"url\":\"https:\/\/deputadotaveirajr.com.br\/index.php\/servidores-em-greve-da-ufrn-trancam-predio-e-impedem-acesso-ao-instituto-metropole-digital-em-manifestacao\/\",\"name\":\"Servidores em greve da UFRN trancam pr\u00e9dio e impedem acesso ao Instituto Metr\u00f3pole Digital em manifesta\u00e7\u00e3o - Taveira Jr\",\"isPartOf\":{\"@id\":\"https:\/\/deputadotaveirajr.com.br\/#website\"},\"primaryImageOfPage\":{\"@id\":\"https:\/\/deputadotaveirajr.com.br\/index.php\/servidores-em-greve-da-ufrn-trancam-predio-e-impedem-acesso-ao-instituto-metropole-digital-em-manifestacao\/#primaryimage\"},\"image\":{\"@id\":\"https:\/\/deputadotaveirajr.com.br\/index.php\/servidores-em-greve-da-ufrn-trancam-predio-e-impedem-acesso-ao-instituto-metropole-digital-em-manifestacao\/#primaryimage\"},\"thumbnailUrl\":\"https:\/\/deputadotaveirajr.com.br\/wp-content\/uploads\/2024\/05\/whatsapp-image-2024-05-24-at-12.25.35-NKiVfJ.jpeg\",\"datePublished\":\"2024-05-24T21:59:18+00:00\",\"breadcrumb\":{\"@id\":\"https:\/\/deputadotaveirajr.com.br\/index.php\/servidores-em-greve-da-ufrn-trancam-predio-e-impedem-acesso-ao-instituto-metropole-digital-em-manifestacao\/#breadcrumb\"},\"inLanguage\":\"pt-BR\",\"potentialAction\":[{\"@type\":\"ReadAction\",\"target\":[\"https:\/\/deputadotaveirajr.com.br\/index.php\/servidores-em-greve-da-ufrn-trancam-predio-e-impedem-acesso-ao-instituto-metropole-digital-em-manifestacao\/\"]}]},{\"@type\":\"ImageObject\",\"inLanguage\":\"pt-BR\",\"@id\":\"https:\/\/deputadotaveirajr.com.br\/index.php\/servidores-em-greve-da-ufrn-trancam-predio-e-impedem-acesso-ao-instituto-metropole-digital-em-manifestacao\/#primaryimage\",\"url\":\"https:\/\/deputadotaveirajr.com.br\/wp-content\/uploads\/2024\/05\/whatsapp-image-2024-05-24-at-12.25.35-NKiVfJ.jpeg\",\"contentUrl\":\"https:\/\/deputadotaveirajr.com.br\/wp-content\/uploads\/2024\/05\/whatsapp-image-2024-05-24-at-12.25.35-NKiVfJ.jpeg\",\"width\":1600,\"height\":1200},{\"@type\":\"BreadcrumbList\",\"@id\":\"https:\/\/deputadotaveirajr.com.br\/index.php\/servidores-em-greve-da-ufrn-trancam-predio-e-impedem-acesso-ao-instituto-metropole-digital-em-manifestacao\/#breadcrumb\",\"itemListElement\":[{\"@type\":\"ListItem\",\"position\":1,\"name\":\"In\u00edcio\",\"item\":\"https:\/\/deputadotaveirajr.com.br\/\"},{\"@type\":\"ListItem\",\"position\":2,\"name\":\"Servidores em greve da UFRN trancam pr\u00e9dio e impedem acesso ao Instituto Metr\u00f3pole Digital em manifesta\u00e7\u00e3o\"}]},{\"@type\":\"WebSite\",\"@id\":\"https:\/\/deputadotaveirajr.com.br\/#website\",\"url\":\"https:\/\/deputadotaveirajr.com.br\/\",\"name\":\"Taveira Jr\",\"description\":\"Deputado Estadual\",\"publisher\":{\"@id\":\"https:\/\/deputadotaveirajr.com.br\/#organization\"},\"potentialAction\":[{\"@type\":\"SearchAction\",\"target\":{\"@type\":\"EntryPoint\",\"urlTemplate\":\"https:\/\/deputadotaveirajr.com.br\/?s={search_term_string}\"},\"query-input\":{\"@type\":\"PropertyValueSpecification\",\"valueRequired\":true,\"valueName\":\"search_term_string\"}}],\"inLanguage\":\"pt-BR\"},{\"@type\":\"Organization\",\"@id\":\"https:\/\/deputadotaveirajr.com.br\/#organization\",\"name\":\"Taveira Jr\",\"url\":\"https:\/\/deputadotaveirajr.com.br\/\",\"logo\":{\"@type\":\"ImageObject\",\"inLanguage\":\"pt-BR\",\"@id\":\"https:\/\/deputadotaveirajr.com.br\/#\/schema\/logo\/image\/\",\"url\":\"https:\/\/deputadotaveirajr.com.br\/wp-content\/uploads\/2026\/01\/logolow2a.png\",\"contentUrl\":\"https:\/\/deputadotaveirajr.com.br\/wp-content\/uploads\/2026\/01\/logolow2a.png\",\"width\":290,\"height\":80,\"caption\":\"Taveira Jr\"},\"image\":{\"@id\":\"https:\/\/deputadotaveirajr.com.br\/#\/schema\/logo\/image\/\"}}]}<\/script>\n<!-- \/ Yoast SEO plugin. -->","yoast_head_json":{"title":"Servidores em greve da UFRN trancam pr\u00e9dio e impedem acesso ao Instituto Metr\u00f3pole Digital em manifesta\u00e7\u00e3o - Taveira Jr","robots":{"index":"index","follow":"follow","max-snippet":"max-snippet:-1","max-image-preview":"max-image-preview:large","max-video-preview":"max-video-preview:-1"},"canonical":"https:\/\/deputadotaveirajr.com.br\/index.php\/servidores-em-greve-da-ufrn-trancam-predio-e-impedem-acesso-ao-instituto-metropole-digital-em-manifestacao\/","og_locale":"pt_BR","og_type":"article","og_title":"Servidores em greve da UFRN trancam pr\u00e9dio e impedem acesso ao Instituto Metr\u00f3pole Digital em manifesta\u00e7\u00e3o - Taveira Jr","og_description":"Alunos e funcion\u00e1rios n\u00e3o conseguiram entrar no IMD na manh\u00e3 desta sexta-feira (24) por conta do movimento. Servidores est\u00e3o de greve desde 14 de mar\u00e7o. Pr\u00e9dio da UFRN \u00e9 trancado ...","og_url":"https:\/\/deputadotaveirajr.com.br\/index.php\/servidores-em-greve-da-ufrn-trancam-predio-e-impedem-acesso-ao-instituto-metropole-digital-em-manifestacao\/","og_site_name":"Taveira Jr","og_image":[{"width":1600,"height":1200,"url":"https:\/\/deputadotaveirajr.com.br\/wp-content\/uploads\/2024\/05\/whatsapp-image-2024-05-24-at-12.25.35-NKiVfJ.jpeg","type":"image\/jpeg"}],"twitter_card":"summary_large_image","twitter_misc":{"Est. tempo de leitura":"2 minutos"},"schema":{"@context":"https:\/\/schema.org","@graph":[{"@type":"WebPage","@id":"https:\/\/deputadotaveirajr.com.br\/index.php\/servidores-em-greve-da-ufrn-trancam-predio-e-impedem-acesso-ao-instituto-metropole-digital-em-manifestacao\/","url":"https:\/\/deputadotaveirajr.com.br\/index.php\/servidores-em-greve-da-ufrn-trancam-predio-e-impedem-acesso-ao-instituto-metropole-digital-em-manifestacao\/","name":"Servidores em greve da UFRN trancam pr\u00e9dio e impedem acesso ao Instituto Metr\u00f3pole Digital em manifesta\u00e7\u00e3o - Taveira Jr","isPartOf":{"@id":"https:\/\/deputadotaveirajr.com.br\/#website"},"primaryImageOfPage":{"@id":"https:\/\/deputadotaveirajr.com.br\/index.php\/servidores-em-greve-da-ufrn-trancam-predio-e-impedem-acesso-ao-instituto-metropole-digital-em-manifestacao\/#primaryimage"},"image":{"@id":"https:\/\/deputadotaveirajr.com.br\/index.php\/servidores-em-greve-da-ufrn-trancam-predio-e-impedem-acesso-ao-instituto-metropole-digital-em-manifestacao\/#primaryimage"},"thumbnailUrl":"https:\/\/deputadotaveirajr.com.br\/wp-content\/uploads\/2024\/05\/whatsapp-image-2024-05-24-at-12.25.35-NKiVfJ.jpeg","datePublished":"2024-05-24T21:59:18+00:00","breadcrumb":{"@id":"https:\/\/deputadotaveirajr.com.br\/index.php\/servidores-em-greve-da-ufrn-trancam-predio-e-impedem-acesso-ao-instituto-metropole-digital-em-manifestacao\/#breadcrumb"},"inLanguage":"pt-BR","potentialAction":[{"@type":"ReadAction","target":["https:\/\/deputadotaveirajr.com.br\/index.php\/servidores-em-greve-da-ufrn-trancam-predio-e-impedem-acesso-ao-instituto-metropole-digital-em-manifestacao\/"]}]},{"@type":"ImageObject","inLanguage":"pt-BR","@id":"https:\/\/deputadotaveirajr.com.br\/index.php\/servidores-em-greve-da-ufrn-trancam-predio-e-impedem-acesso-ao-instituto-metropole-digital-em-manifestacao\/#primaryimage","url":"https:\/\/deputadotaveirajr.com.br\/wp-content\/uploads\/2024\/05\/whatsapp-image-2024-05-24-at-12.25.35-NKiVfJ.jpeg","contentUrl":"https:\/\/deputadotaveirajr.com.br\/wp-content\/uploads\/2024\/05\/whatsapp-image-2024-05-24-at-12.25.35-NKiVfJ.jpeg","width":1600,"height":1200},{"@type":"BreadcrumbList","@id":"https:\/\/deputadotaveirajr.com.br\/index.php\/servidores-em-greve-da-ufrn-trancam-predio-e-impedem-acesso-ao-instituto-metropole-digital-em-manifestacao\/#breadcrumb","itemListElement":[{"@type":"ListItem","position":1,"name":"In\u00edcio","item":"https:\/\/deputadotaveirajr.com.br\/"},{"@type":"ListItem","position":2,"name":"Servidores em greve da UFRN trancam pr\u00e9dio e impedem acesso ao Instituto Metr\u00f3pole Digital em manifesta\u00e7\u00e3o"}]},{"@type":"WebSite","@id":"https:\/\/deputadotaveirajr.com.br\/#website","url":"https:\/\/deputadotaveirajr.com.br\/","name":"Taveira Jr","description":"Deputado Estadual","publisher":{"@id":"https:\/\/deputadotaveirajr.com.br\/#organization"},"potentialAction":[{"@type":"SearchAction","target":{"@type":"EntryPoint","urlTemplate":"https:\/\/deputadotaveirajr.com.br\/?s={search_term_string}"},"query-input":{"@type":"PropertyValueSpecification","valueRequired":true,"valueName":"search_term_string"}}],"inLanguage":"pt-BR"},{"@type":"Organization","@id":"https:\/\/deputadotaveirajr.com.br\/#organization","name":"Taveira Jr","url":"https:\/\/deputadotaveirajr.com.br\/","logo":{"@type":"ImageObject","inLanguage":"pt-BR","@id":"https:\/\/deputadotaveirajr.com.br\/#\/schema\/logo\/image\/","url":"https:\/\/deputadotaveirajr.com.br\/wp-content\/uploads\/2026\/01\/logolow2a.png","contentUrl":"https:\/\/deputadotaveirajr.com.br\/wp-content\/uploads\/2026\/01\/logolow2a.png","width":290,"height":80,"caption":"Taveira Jr"},"image":{"@id":"https:\/\/deputadotaveirajr.com.br\/#\/schema\/logo\/image\/"}}]}},"_links":{"self":[{"href":"https:\/\/deputadotaveirajr.com.br\/index.php\/wp-json\/wp\/v2\/pages\/6448","targetHints":{"allow":["GET"]}}],"collection":[{"href":"https:\/\/deputadotaveirajr.com.br\/index.php\/wp-json\/wp\/v2\/pages"}],"about":[{"href":"https:\/\/deputadotaveirajr.com.br\/index.php\/wp-json\/wp\/v2\/types\/page"}],"replies":[{"embeddable":true,"href":"https:\/\/deputadotaveirajr.com.br\/index.php\/wp-json\/wp\/v2\/comments?post=6448"}],"version-history":[{"count":1,"href":"https:\/\/deputadotaveirajr.com.br\/index.php\/wp-json\/wp\/v2\/pages\/6448\/revisions"}],"predecessor-version":[{"id":6450,"href":"https:\/\/deputadotaveirajr.com.br\/index.php\/wp-json\/wp\/v2\/pages\/6448\/revisions\/6450"}],"wp:featuredmedia":[{"embeddable":true,"href":"https:\/\/deputadotaveirajr.com.br\/index.php\/wp-json\/wp\/v2\/media\/6449"}],"wp:attachment":[{"href":"https:\/\/deputadotaveirajr.com.br\/index.php\/wp-json\/wp\/v2\/media?parent=6448"}],"curies":[{"name":"wp","href":"https:\/\/api.w.org\/{rel}","templated":true}]}}