{"id":6483,"date":"2024-05-26T12:13:55","date_gmt":"2024-05-26T15:13:55","guid":{"rendered":"https:\/\/deputadotaveirajr.com.br\/?page_id=6483"},"modified":"2024-05-26T12:13:55","modified_gmt":"2024-05-26T15:13:55","slug":"emparn-preve-volume-de-chuvas-entre-normal-e-acima-da-media-para-duas-regioes-do-rn-entre-junho-e-agosto","status":"publish","type":"page","link":"https:\/\/deputadotaveirajr.com.br\/index.php\/emparn-preve-volume-de-chuvas-entre-normal-e-acima-da-media-para-duas-regioes-do-rn-entre-junho-e-agosto\/","title":{"rendered":"Emparn prev\u00ea volume de chuvas entre normal e acima da m\u00e9dia para duas regi\u00f5es do RN entre junho e agosto"},"content":{"rendered":"<p>     Regi\u00f5es Leste e Agreste devem ter chuvas entre normal e acima da m\u00e9dia nos pr\u00f3ximos tr\u00eas meses. J\u00e1 regi\u00f5es Central e Oesteter\u00e3o o in\u00edcio de um per\u00edodo de estiagem. Chuva em Natal, capital do Rio Grande do Norte<br \/>\nElisa Elsie<br \/>\nAs regi\u00f5es Leste e Agreste do Rio Grande do Norte v\u00e3o ter chuvas entre normal e acima da m\u00e9dia hist\u00f3rica entre os meses de junho, julho e agosto deste ano.<br \/>\nEssa \u00e9 a previs\u00e3o do departamento de meteorologia da Empresa de Pesquisa Agropecu\u00e1ria do Rio Grande do Norte (Emparn), que concluiu na sexta-feira (24) um estudo sobre as condi\u00e7\u00f5es clim\u00e1ticas para os pr\u00f3ximos tr\u00eas meses no estado.<br \/>\nA regi\u00e3o Leste \u00e9 onde fica a capital Natal e outras cidades da Regi\u00e3o Metropolitana e do litoral potiguar.<br \/>\nO estudo da Emparn apontou ainda que as outras duas regi\u00f5es do estado &#8211; Central e Oeste &#8211; ter\u00e3o o in\u00edcio de um per\u00edodo de estiagem, com previs\u00e3o de chuvas em em \u00edndices pr\u00f3ximos \u00e0 normalidade.<br \/>\nEm alguns momentos desse per\u00edodo, segundo a empresa, pode ocorrer pancadas de chuvas significativas.<br \/>\nDe acordo com o servi\u00e7o de meteorologia da Emparn, as \u00e1guas superficiais do Oceano Atl\u00e2ntico, na bacia tropical, continuam mais quentes que o normal.<br \/>\nEsse fato mant\u00e9m as condi\u00e7\u00f5es favor\u00e1veis \u00e0 ocorr\u00eancia de chuvas com intensidade moderadas a fortes para esse per\u00edodo em toda a faixa litor\u00e2nea do Nordeste \u2014 desde o sul do estado da Bahia at\u00e9 o litoral norte do RN.<br \/>\nTemperaturas acima do normal<br \/>\nAs temperaturas, de acordo com o meteorologista Gilmar Bristot, chefe do setor de meteorologia da Emparn, continuar\u00e3o apresentando valores acima do normal, com a m\u00e1xima variando de 29\u00baC a 31\u00baC e a m\u00ednima entre 20\u00baC a 24\u00baC.<br \/>\nNo interior do estado, a temperatura m\u00e1xima deve variar entre 33\u00baC a 35\u00baC e a m\u00ednima entre 18\u00baC a 22\u00baC nas regi\u00f5es serranas.<br \/>\nChuvas abaixo em maio<br \/>\nAs chuvas observadas durante o m\u00eas de maio &#8211; at\u00e9 o dia 24 &#8211; no Rio Grande do Norte, apresentaram valores abaixo do normal, segundo a Emparn.<br \/>\nDe acordo com o meteorologista Gilmar Bristot, isso se deve principalmente \u00e0 presen\u00e7a de um bloqueio atmosf\u00e9rico que se instalou durante grande parte do m\u00eas sobre a parte central a Am\u00e9rica do Sul,o que impediu a passagem de sistemas frontais e for\u00e7ou o deslocamento da Zona de Converg\u00eancia Intertropical para o norte.<br \/>\nSegundo a Emparn, foram observados, em maio, alguns eventos com chuvas fortes nas regi\u00f5es do Oeste, no munic\u00edpio de Campo Grande e no Litoral Leste, regi\u00e3o da Grande Natal.<br \/>\nAs regi\u00f5es Central e Agreste do Rio Grande do Norte registraram, em maio, chuvas abaixo do esperado para o per\u00edodo, com 29,4% e 31,5%, respectivamente.<br \/>\nV\u00eddeos mais assistidos do g1 RN<\/p>","protected":false},"excerpt":{"rendered":"<p>Regi\u00f5es Leste e Agreste devem ter chuvas entre normal e acima da m\u00e9dia nos pr\u00f3ximos tr\u00eas meses. J\u00e1 regi\u00f5es Central e Oesteter\u00e3o o in\u00edcio de um per\u00edodo de estiagem. Chuva &#8230;<\/p>\n","protected":false},"author":0,"featured_media":6484,"parent":0,"menu_order":0,"comment_status":"closed","ping_status":"closed","template":"","meta":{"footnotes":""},"class_list":["post-6483","page","type-page","status-publish","has-post-thumbnail","hentry"],"yoast_head":"<!-- This site is optimized with the Yoast SEO plugin v27.1.1 - https:\/\/yoast.com\/product\/yoast-seo-wordpress\/ -->\n<title>Emparn prev\u00ea volume de chuvas entre normal e acima da m\u00e9dia para duas regi\u00f5es do RN entre junho e agosto - Taveira Jr<\/title>\n<meta name=\"robots\" content=\"index, follow, max-snippet:-1, max-image-preview:large, max-video-preview:-1\" \/>\n<link rel=\"canonical\" href=\"https:\/\/deputadotaveirajr.com.br\/index.php\/emparn-preve-volume-de-chuvas-entre-normal-e-acima-da-media-para-duas-regioes-do-rn-entre-junho-e-agosto\/\" \/>\n<meta property=\"og:locale\" content=\"pt_BR\" \/>\n<meta property=\"og:type\" content=\"article\" \/>\n<meta property=\"og:title\" content=\"Emparn prev\u00ea volume de chuvas entre normal e acima da m\u00e9dia para duas regi\u00f5es do RN entre junho e agosto - Taveira Jr\" \/>\n<meta property=\"og:description\" content=\"Regi\u00f5es Leste e Agreste devem ter chuvas entre normal e acima da m\u00e9dia nos pr\u00f3ximos tr\u00eas meses. J\u00e1 regi\u00f5es Central e Oesteter\u00e3o o in\u00edcio de um per\u00edodo de estiagem. Chuva ...\" \/>\n<meta property=\"og:url\" content=\"https:\/\/deputadotaveirajr.com.br\/index.php\/emparn-preve-volume-de-chuvas-entre-normal-e-acima-da-media-para-duas-regioes-do-rn-entre-junho-e-agosto\/\" \/>\n<meta property=\"og:site_name\" content=\"Taveira Jr\" \/>\n<meta property=\"og:image\" content=\"https:\/\/deputadotaveirajr.com.br\/wp-content\/uploads\/2024\/05\/whatsapp-image-2023-06-09-at-09.15.47-pWRThJ.jpeg\" \/>\n\t<meta property=\"og:image:width\" content=\"1600\" \/>\n\t<meta property=\"og:image:height\" content=\"1066\" \/>\n\t<meta property=\"og:image:type\" content=\"image\/jpeg\" \/>\n<meta name=\"twitter:card\" content=\"summary_large_image\" \/>\n<meta name=\"twitter:label1\" content=\"Est. tempo de leitura\" \/>\n\t<meta name=\"twitter:data1\" content=\"2 minutos\" \/>\n<script type=\"application\/ld+json\" class=\"yoast-schema-graph\">{\"@context\":\"https:\/\/schema.org\",\"@graph\":[{\"@type\":\"WebPage\",\"@id\":\"https:\/\/deputadotaveirajr.com.br\/index.php\/emparn-preve-volume-de-chuvas-entre-normal-e-acima-da-media-para-duas-regioes-do-rn-entre-junho-e-agosto\/\",\"url\":\"https:\/\/deputadotaveirajr.com.br\/index.php\/emparn-preve-volume-de-chuvas-entre-normal-e-acima-da-media-para-duas-regioes-do-rn-entre-junho-e-agosto\/\",\"name\":\"Emparn prev\u00ea volume de chuvas entre normal e acima da m\u00e9dia para duas regi\u00f5es do RN entre junho e agosto - Taveira Jr\",\"isPartOf\":{\"@id\":\"https:\/\/deputadotaveirajr.com.br\/#website\"},\"primaryImageOfPage\":{\"@id\":\"https:\/\/deputadotaveirajr.com.br\/index.php\/emparn-preve-volume-de-chuvas-entre-normal-e-acima-da-media-para-duas-regioes-do-rn-entre-junho-e-agosto\/#primaryimage\"},\"image\":{\"@id\":\"https:\/\/deputadotaveirajr.com.br\/index.php\/emparn-preve-volume-de-chuvas-entre-normal-e-acima-da-media-para-duas-regioes-do-rn-entre-junho-e-agosto\/#primaryimage\"},\"thumbnailUrl\":\"https:\/\/deputadotaveirajr.com.br\/wp-content\/uploads\/2024\/05\/whatsapp-image-2023-06-09-at-09.15.47-pWRThJ.jpeg\",\"datePublished\":\"2024-05-26T15:13:55+00:00\",\"breadcrumb\":{\"@id\":\"https:\/\/deputadotaveirajr.com.br\/index.php\/emparn-preve-volume-de-chuvas-entre-normal-e-acima-da-media-para-duas-regioes-do-rn-entre-junho-e-agosto\/#breadcrumb\"},\"inLanguage\":\"pt-BR\",\"potentialAction\":[{\"@type\":\"ReadAction\",\"target\":[\"https:\/\/deputadotaveirajr.com.br\/index.php\/emparn-preve-volume-de-chuvas-entre-normal-e-acima-da-media-para-duas-regioes-do-rn-entre-junho-e-agosto\/\"]}]},{\"@type\":\"ImageObject\",\"inLanguage\":\"pt-BR\",\"@id\":\"https:\/\/deputadotaveirajr.com.br\/index.php\/emparn-preve-volume-de-chuvas-entre-normal-e-acima-da-media-para-duas-regioes-do-rn-entre-junho-e-agosto\/#primaryimage\",\"url\":\"https:\/\/deputadotaveirajr.com.br\/wp-content\/uploads\/2024\/05\/whatsapp-image-2023-06-09-at-09.15.47-pWRThJ.jpeg\",\"contentUrl\":\"https:\/\/deputadotaveirajr.com.br\/wp-content\/uploads\/2024\/05\/whatsapp-image-2023-06-09-at-09.15.47-pWRThJ.jpeg\",\"width\":1600,\"height\":1066},{\"@type\":\"BreadcrumbList\",\"@id\":\"https:\/\/deputadotaveirajr.com.br\/index.php\/emparn-preve-volume-de-chuvas-entre-normal-e-acima-da-media-para-duas-regioes-do-rn-entre-junho-e-agosto\/#breadcrumb\",\"itemListElement\":[{\"@type\":\"ListItem\",\"position\":1,\"name\":\"In\u00edcio\",\"item\":\"https:\/\/deputadotaveirajr.com.br\/\"},{\"@type\":\"ListItem\",\"position\":2,\"name\":\"Emparn prev\u00ea volume de chuvas entre normal e acima da m\u00e9dia para duas regi\u00f5es do RN entre junho e agosto\"}]},{\"@type\":\"WebSite\",\"@id\":\"https:\/\/deputadotaveirajr.com.br\/#website\",\"url\":\"https:\/\/deputadotaveirajr.com.br\/\",\"name\":\"Taveira Jr\",\"description\":\"Deputado Estadual\",\"publisher\":{\"@id\":\"https:\/\/deputadotaveirajr.com.br\/#organization\"},\"potentialAction\":[{\"@type\":\"SearchAction\",\"target\":{\"@type\":\"EntryPoint\",\"urlTemplate\":\"https:\/\/deputadotaveirajr.com.br\/?s={search_term_string}\"},\"query-input\":{\"@type\":\"PropertyValueSpecification\",\"valueRequired\":true,\"valueName\":\"search_term_string\"}}],\"inLanguage\":\"pt-BR\"},{\"@type\":\"Organization\",\"@id\":\"https:\/\/deputadotaveirajr.com.br\/#organization\",\"name\":\"Taveira Jr\",\"url\":\"https:\/\/deputadotaveirajr.com.br\/\",\"logo\":{\"@type\":\"ImageObject\",\"inLanguage\":\"pt-BR\",\"@id\":\"https:\/\/deputadotaveirajr.com.br\/#\/schema\/logo\/image\/\",\"url\":\"https:\/\/deputadotaveirajr.com.br\/wp-content\/uploads\/2026\/01\/logolow2a.png\",\"contentUrl\":\"https:\/\/deputadotaveirajr.com.br\/wp-content\/uploads\/2026\/01\/logolow2a.png\",\"width\":290,\"height\":80,\"caption\":\"Taveira Jr\"},\"image\":{\"@id\":\"https:\/\/deputadotaveirajr.com.br\/#\/schema\/logo\/image\/\"}}]}<\/script>\n<!-- \/ Yoast SEO plugin. -->","yoast_head_json":{"title":"Emparn prev\u00ea volume de chuvas entre normal e acima da m\u00e9dia para duas regi\u00f5es do RN entre junho e agosto - Taveira Jr","robots":{"index":"index","follow":"follow","max-snippet":"max-snippet:-1","max-image-preview":"max-image-preview:large","max-video-preview":"max-video-preview:-1"},"canonical":"https:\/\/deputadotaveirajr.com.br\/index.php\/emparn-preve-volume-de-chuvas-entre-normal-e-acima-da-media-para-duas-regioes-do-rn-entre-junho-e-agosto\/","og_locale":"pt_BR","og_type":"article","og_title":"Emparn prev\u00ea volume de chuvas entre normal e acima da m\u00e9dia para duas regi\u00f5es do RN entre junho e agosto - Taveira Jr","og_description":"Regi\u00f5es Leste e Agreste devem ter chuvas entre normal e acima da m\u00e9dia nos pr\u00f3ximos tr\u00eas meses. J\u00e1 regi\u00f5es Central e Oesteter\u00e3o o in\u00edcio de um per\u00edodo de estiagem. Chuva ...","og_url":"https:\/\/deputadotaveirajr.com.br\/index.php\/emparn-preve-volume-de-chuvas-entre-normal-e-acima-da-media-para-duas-regioes-do-rn-entre-junho-e-agosto\/","og_site_name":"Taveira Jr","og_image":[{"width":1600,"height":1066,"url":"https:\/\/deputadotaveirajr.com.br\/wp-content\/uploads\/2024\/05\/whatsapp-image-2023-06-09-at-09.15.47-pWRThJ.jpeg","type":"image\/jpeg"}],"twitter_card":"summary_large_image","twitter_misc":{"Est. tempo de leitura":"2 minutos"},"schema":{"@context":"https:\/\/schema.org","@graph":[{"@type":"WebPage","@id":"https:\/\/deputadotaveirajr.com.br\/index.php\/emparn-preve-volume-de-chuvas-entre-normal-e-acima-da-media-para-duas-regioes-do-rn-entre-junho-e-agosto\/","url":"https:\/\/deputadotaveirajr.com.br\/index.php\/emparn-preve-volume-de-chuvas-entre-normal-e-acima-da-media-para-duas-regioes-do-rn-entre-junho-e-agosto\/","name":"Emparn prev\u00ea volume de chuvas entre normal e acima da m\u00e9dia para duas regi\u00f5es do RN entre junho e agosto - Taveira Jr","isPartOf":{"@id":"https:\/\/deputadotaveirajr.com.br\/#website"},"primaryImageOfPage":{"@id":"https:\/\/deputadotaveirajr.com.br\/index.php\/emparn-preve-volume-de-chuvas-entre-normal-e-acima-da-media-para-duas-regioes-do-rn-entre-junho-e-agosto\/#primaryimage"},"image":{"@id":"https:\/\/deputadotaveirajr.com.br\/index.php\/emparn-preve-volume-de-chuvas-entre-normal-e-acima-da-media-para-duas-regioes-do-rn-entre-junho-e-agosto\/#primaryimage"},"thumbnailUrl":"https:\/\/deputadotaveirajr.com.br\/wp-content\/uploads\/2024\/05\/whatsapp-image-2023-06-09-at-09.15.47-pWRThJ.jpeg","datePublished":"2024-05-26T15:13:55+00:00","breadcrumb":{"@id":"https:\/\/deputadotaveirajr.com.br\/index.php\/emparn-preve-volume-de-chuvas-entre-normal-e-acima-da-media-para-duas-regioes-do-rn-entre-junho-e-agosto\/#breadcrumb"},"inLanguage":"pt-BR","potentialAction":[{"@type":"ReadAction","target":["https:\/\/deputadotaveirajr.com.br\/index.php\/emparn-preve-volume-de-chuvas-entre-normal-e-acima-da-media-para-duas-regioes-do-rn-entre-junho-e-agosto\/"]}]},{"@type":"ImageObject","inLanguage":"pt-BR","@id":"https:\/\/deputadotaveirajr.com.br\/index.php\/emparn-preve-volume-de-chuvas-entre-normal-e-acima-da-media-para-duas-regioes-do-rn-entre-junho-e-agosto\/#primaryimage","url":"https:\/\/deputadotaveirajr.com.br\/wp-content\/uploads\/2024\/05\/whatsapp-image-2023-06-09-at-09.15.47-pWRThJ.jpeg","contentUrl":"https:\/\/deputadotaveirajr.com.br\/wp-content\/uploads\/2024\/05\/whatsapp-image-2023-06-09-at-09.15.47-pWRThJ.jpeg","width":1600,"height":1066},{"@type":"BreadcrumbList","@id":"https:\/\/deputadotaveirajr.com.br\/index.php\/emparn-preve-volume-de-chuvas-entre-normal-e-acima-da-media-para-duas-regioes-do-rn-entre-junho-e-agosto\/#breadcrumb","itemListElement":[{"@type":"ListItem","position":1,"name":"In\u00edcio","item":"https:\/\/deputadotaveirajr.com.br\/"},{"@type":"ListItem","position":2,"name":"Emparn prev\u00ea volume de chuvas entre normal e acima da m\u00e9dia para duas regi\u00f5es do RN entre junho e agosto"}]},{"@type":"WebSite","@id":"https:\/\/deputadotaveirajr.com.br\/#website","url":"https:\/\/deputadotaveirajr.com.br\/","name":"Taveira Jr","description":"Deputado Estadual","publisher":{"@id":"https:\/\/deputadotaveirajr.com.br\/#organization"},"potentialAction":[{"@type":"SearchAction","target":{"@type":"EntryPoint","urlTemplate":"https:\/\/deputadotaveirajr.com.br\/?s={search_term_string}"},"query-input":{"@type":"PropertyValueSpecification","valueRequired":true,"valueName":"search_term_string"}}],"inLanguage":"pt-BR"},{"@type":"Organization","@id":"https:\/\/deputadotaveirajr.com.br\/#organization","name":"Taveira Jr","url":"https:\/\/deputadotaveirajr.com.br\/","logo":{"@type":"ImageObject","inLanguage":"pt-BR","@id":"https:\/\/deputadotaveirajr.com.br\/#\/schema\/logo\/image\/","url":"https:\/\/deputadotaveirajr.com.br\/wp-content\/uploads\/2026\/01\/logolow2a.png","contentUrl":"https:\/\/deputadotaveirajr.com.br\/wp-content\/uploads\/2026\/01\/logolow2a.png","width":290,"height":80,"caption":"Taveira Jr"},"image":{"@id":"https:\/\/deputadotaveirajr.com.br\/#\/schema\/logo\/image\/"}}]}},"_links":{"self":[{"href":"https:\/\/deputadotaveirajr.com.br\/index.php\/wp-json\/wp\/v2\/pages\/6483","targetHints":{"allow":["GET"]}}],"collection":[{"href":"https:\/\/deputadotaveirajr.com.br\/index.php\/wp-json\/wp\/v2\/pages"}],"about":[{"href":"https:\/\/deputadotaveirajr.com.br\/index.php\/wp-json\/wp\/v2\/types\/page"}],"replies":[{"embeddable":true,"href":"https:\/\/deputadotaveirajr.com.br\/index.php\/wp-json\/wp\/v2\/comments?post=6483"}],"version-history":[{"count":1,"href":"https:\/\/deputadotaveirajr.com.br\/index.php\/wp-json\/wp\/v2\/pages\/6483\/revisions"}],"predecessor-version":[{"id":6488,"href":"https:\/\/deputadotaveirajr.com.br\/index.php\/wp-json\/wp\/v2\/pages\/6483\/revisions\/6488"}],"wp:featuredmedia":[{"embeddable":true,"href":"https:\/\/deputadotaveirajr.com.br\/index.php\/wp-json\/wp\/v2\/media\/6484"}],"wp:attachment":[{"href":"https:\/\/deputadotaveirajr.com.br\/index.php\/wp-json\/wp\/v2\/media?parent=6483"}],"curies":[{"name":"wp","href":"https:\/\/api.w.org\/{rel}","templated":true}]}}