{"id":6486,"date":"2024-05-26T13:30:08","date_gmt":"2024-05-26T16:30:08","guid":{"rendered":"https:\/\/deputadotaveirajr.com.br\/?page_id=6486"},"modified":"2024-05-26T13:30:08","modified_gmt":"2024-05-26T16:30:08","slug":"natal-inicia-campanha-de-vacinacao-contra-poliomielite-para-criancas-de-1-ate-5-anos-nesta-segunda-27","status":"publish","type":"page","link":"https:\/\/deputadotaveirajr.com.br\/index.php\/natal-inicia-campanha-de-vacinacao-contra-poliomielite-para-criancas-de-1-ate-5-anos-nesta-segunda-27\/","title":{"rendered":"Natal inicia campanha de vacina\u00e7\u00e3o contra poliomielite para crian\u00e7as de 1 at\u00e9 5 anos nesta segunda (27)"},"content":{"rendered":"<p>     Vacina deve ser tomada mesmo que as crian\u00e7as j\u00e1 tenham completado o esquema de doses contra a doen\u00e7a, segundo SMS.  Vacina contra poliomielite<br \/>\nSMS Macei\u00f3\/Arquivo<br \/>\nNatal vai iniciar nesta segunda-feira (27) a campanha de vacina\u00e7\u00e3o contra a poliomielite para crian\u00e7as de 1 a at\u00e9 5 anos de idade. A vacina deve ser tomada mesmo que as crian\u00e7as j\u00e1 tenham completado o esquema de doses contra a doen\u00e7a, segundo a Secretaria Municipal de Sa\u00fade de Natal (SMS).<br \/>\nA abertura da campanha acontece na segunda-feira (27), a partir das 11h, no ponto extra localizado no Shopping Midway Mall. J\u00e1 no ponto localizado no Partage Norte Shopping, as atividades come\u00e7am a partir das 14h.<br \/>\n\ud83d\udcf3Participe do canal do g1 RN no WhatsApp<br \/>\nDe acordo com a SMS,  essa ser\u00e1 a \u00faltima campanha de vacina\u00e7\u00e3o contra a poliomielite com a vacina oral. A partir da pr\u00f3xima campanha, o esquema ser\u00e1 realizado apenas com a vacina injet\u00e1vel.<br \/>\nSegundo a pasta, todas as crian\u00e7as na faixa et\u00e1ria destinada devem receber a vacina oral da poliomielite (VOP). Para isso, elas s\u00f3 precisam ter recebido, anteriormente, o esquema prim\u00e1rio com a Vacina Inativada Poliomielite (VIP).<br \/>\n\u201cMesmo as crian\u00e7as que est\u00e3o em dia com vacina\u00e7\u00e3o devem receber a dose extra da VOP&#8221;, explicou a chefe do N\u00facleo de Agravos Imunopreven\u00edveis (NAI) da SMS, Veruska Ramos.<br \/>\n&#8220;Todos os pais ou respons\u00e1veis precisam procurar os pontos de vacina\u00e7\u00e3o levando os seus filhos para receberem a dose extra, mesmo que estejam com o esquema vacinal completo com todas as doses dos imunizantes VIP e VOP&#8221;.<br \/>\nA Poliomielite (P\u00f3lio ou paralisia infantil) \u00e9 uma doen\u00e7a contagiosa causada por um v\u00edrus chamado poliov\u00edrus, que pode infectar crian\u00e7as e adultos, podendo acarretar paralisia irrevers\u00edvel nos membros inferiores, em casos mais graves.<br \/>\n\ud83d\udcc5 Quando se vacinar?<br \/>\nA campanha segue at\u00e9 o dia 14 de junho, com previs\u00e3o do Dia D para o dia 8 de junho. A SMS informou que vai realizar a\u00e7\u00f5es, como aplica\u00e7\u00e3o da vacina nas escolas de educa\u00e7\u00e3o infantil do munic\u00edpio, neste per\u00edodo de campanha.<br \/>\n\ud83d\udccdOnde se vacinar?<br \/>\nEm Natal, a vacina\u00e7\u00e3o est\u00e1 dispon\u00edvel nas Unidades B\u00e1sicas de Sa\u00fade, de segunda a sexta-feira, das 8h \u00e0s 12h e de 13h \u00e0s 15h, e nos pontos extras de vacina\u00e7\u00e3o, localizados nos Shoppings Midway Mall e Partage Norte Shopping, que funcionam de segunda a sexta-feira das 13h \u00e0s 20h, e no s\u00e1bado das 15h \u00e0s 20h.<br \/>\n\ud83d\udc76 Crian\u00e7as com menos de 1 ano<br \/>\nPara crian\u00e7as menores de 1 ano, o esquema vacinal continua composto por tr\u00eas doses da Vacina Inativada Poliomielite (VIP) que s\u00e3o aplicadas: aos 2, 4 e 6 meses de vida.<br \/>\nEssas doses tamb\u00e9m est\u00e3o dispon\u00edveis nas salas de vacina\u00e7\u00e3o do munic\u00edpio.<br \/>\nV\u00eddeos mais assistidos do g1 RN<\/p>","protected":false},"excerpt":{"rendered":"<p>Vacina deve ser tomada mesmo que as crian\u00e7as j\u00e1 tenham completado o esquema de doses contra a doen\u00e7a, segundo SMS. Vacina contra poliomielite SMS Macei\u00f3\/Arquivo Natal vai iniciar nesta segunda-feira &#8230;<\/p>\n","protected":false},"author":0,"featured_media":6487,"parent":0,"menu_order":0,"comment_status":"closed","ping_status":"closed","template":"","meta":{"footnotes":""},"class_list":["post-6486","page","type-page","status-publish","has-post-thumbnail","hentry"],"yoast_head":"<!-- This site is optimized with the Yoast SEO plugin v27.1.1 - https:\/\/yoast.com\/product\/yoast-seo-wordpress\/ -->\n<title>Natal inicia campanha de vacina\u00e7\u00e3o contra poliomielite para crian\u00e7as de 1 at\u00e9 5 anos nesta segunda (27) - Taveira Jr<\/title>\n<meta name=\"robots\" content=\"index, follow, max-snippet:-1, max-image-preview:large, max-video-preview:-1\" \/>\n<link rel=\"canonical\" href=\"https:\/\/deputadotaveirajr.com.br\/index.php\/natal-inicia-campanha-de-vacinacao-contra-poliomielite-para-criancas-de-1-ate-5-anos-nesta-segunda-27\/\" \/>\n<meta property=\"og:locale\" content=\"pt_BR\" \/>\n<meta property=\"og:type\" content=\"article\" \/>\n<meta property=\"og:title\" content=\"Natal inicia campanha de vacina\u00e7\u00e3o contra poliomielite para crian\u00e7as de 1 at\u00e9 5 anos nesta segunda (27) - Taveira Jr\" \/>\n<meta property=\"og:description\" content=\"Vacina deve ser tomada mesmo que as crian\u00e7as j\u00e1 tenham completado o esquema de doses contra a doen\u00e7a, segundo SMS. Vacina contra poliomielite SMS Macei\u00f3\/Arquivo Natal vai iniciar nesta segunda-feira ...\" \/>\n<meta property=\"og:url\" content=\"https:\/\/deputadotaveirajr.com.br\/index.php\/natal-inicia-campanha-de-vacinacao-contra-poliomielite-para-criancas-de-1-ate-5-anos-nesta-segunda-27\/\" \/>\n<meta property=\"og:site_name\" content=\"Taveira Jr\" \/>\n<meta property=\"og:image\" content=\"https:\/\/deputadotaveirajr.com.br\/wp-content\/uploads\/2024\/05\/vacinacao-polio-2023-04-24-132923-tjmz-DmxBtj.jpeg\" \/>\n\t<meta property=\"og:image:width\" content=\"850\" \/>\n\t<meta property=\"og:image:height\" content=\"560\" \/>\n\t<meta property=\"og:image:type\" content=\"image\/jpeg\" \/>\n<meta name=\"twitter:card\" content=\"summary_large_image\" \/>\n<meta name=\"twitter:label1\" content=\"Est. tempo de leitura\" \/>\n\t<meta name=\"twitter:data1\" content=\"2 minutos\" \/>\n<script type=\"application\/ld+json\" class=\"yoast-schema-graph\">{\"@context\":\"https:\/\/schema.org\",\"@graph\":[{\"@type\":\"WebPage\",\"@id\":\"https:\/\/deputadotaveirajr.com.br\/index.php\/natal-inicia-campanha-de-vacinacao-contra-poliomielite-para-criancas-de-1-ate-5-anos-nesta-segunda-27\/\",\"url\":\"https:\/\/deputadotaveirajr.com.br\/index.php\/natal-inicia-campanha-de-vacinacao-contra-poliomielite-para-criancas-de-1-ate-5-anos-nesta-segunda-27\/\",\"name\":\"Natal inicia campanha de vacina\u00e7\u00e3o contra poliomielite para crian\u00e7as de 1 at\u00e9 5 anos nesta segunda (27) - Taveira Jr\",\"isPartOf\":{\"@id\":\"https:\/\/deputadotaveirajr.com.br\/#website\"},\"primaryImageOfPage\":{\"@id\":\"https:\/\/deputadotaveirajr.com.br\/index.php\/natal-inicia-campanha-de-vacinacao-contra-poliomielite-para-criancas-de-1-ate-5-anos-nesta-segunda-27\/#primaryimage\"},\"image\":{\"@id\":\"https:\/\/deputadotaveirajr.com.br\/index.php\/natal-inicia-campanha-de-vacinacao-contra-poliomielite-para-criancas-de-1-ate-5-anos-nesta-segunda-27\/#primaryimage\"},\"thumbnailUrl\":\"https:\/\/deputadotaveirajr.com.br\/wp-content\/uploads\/2024\/05\/vacinacao-polio-2023-04-24-132923-tjmz-DmxBtj.jpeg\",\"datePublished\":\"2024-05-26T16:30:08+00:00\",\"breadcrumb\":{\"@id\":\"https:\/\/deputadotaveirajr.com.br\/index.php\/natal-inicia-campanha-de-vacinacao-contra-poliomielite-para-criancas-de-1-ate-5-anos-nesta-segunda-27\/#breadcrumb\"},\"inLanguage\":\"pt-BR\",\"potentialAction\":[{\"@type\":\"ReadAction\",\"target\":[\"https:\/\/deputadotaveirajr.com.br\/index.php\/natal-inicia-campanha-de-vacinacao-contra-poliomielite-para-criancas-de-1-ate-5-anos-nesta-segunda-27\/\"]}]},{\"@type\":\"ImageObject\",\"inLanguage\":\"pt-BR\",\"@id\":\"https:\/\/deputadotaveirajr.com.br\/index.php\/natal-inicia-campanha-de-vacinacao-contra-poliomielite-para-criancas-de-1-ate-5-anos-nesta-segunda-27\/#primaryimage\",\"url\":\"https:\/\/deputadotaveirajr.com.br\/wp-content\/uploads\/2024\/05\/vacinacao-polio-2023-04-24-132923-tjmz-DmxBtj.jpeg\",\"contentUrl\":\"https:\/\/deputadotaveirajr.com.br\/wp-content\/uploads\/2024\/05\/vacinacao-polio-2023-04-24-132923-tjmz-DmxBtj.jpeg\",\"width\":850,\"height\":560},{\"@type\":\"BreadcrumbList\",\"@id\":\"https:\/\/deputadotaveirajr.com.br\/index.php\/natal-inicia-campanha-de-vacinacao-contra-poliomielite-para-criancas-de-1-ate-5-anos-nesta-segunda-27\/#breadcrumb\",\"itemListElement\":[{\"@type\":\"ListItem\",\"position\":1,\"name\":\"In\u00edcio\",\"item\":\"https:\/\/deputadotaveirajr.com.br\/\"},{\"@type\":\"ListItem\",\"position\":2,\"name\":\"Natal inicia campanha de vacina\u00e7\u00e3o contra poliomielite para crian\u00e7as de 1 at\u00e9 5 anos nesta segunda (27)\"}]},{\"@type\":\"WebSite\",\"@id\":\"https:\/\/deputadotaveirajr.com.br\/#website\",\"url\":\"https:\/\/deputadotaveirajr.com.br\/\",\"name\":\"Taveira Jr\",\"description\":\"Deputado Estadual\",\"publisher\":{\"@id\":\"https:\/\/deputadotaveirajr.com.br\/#organization\"},\"potentialAction\":[{\"@type\":\"SearchAction\",\"target\":{\"@type\":\"EntryPoint\",\"urlTemplate\":\"https:\/\/deputadotaveirajr.com.br\/?s={search_term_string}\"},\"query-input\":{\"@type\":\"PropertyValueSpecification\",\"valueRequired\":true,\"valueName\":\"search_term_string\"}}],\"inLanguage\":\"pt-BR\"},{\"@type\":\"Organization\",\"@id\":\"https:\/\/deputadotaveirajr.com.br\/#organization\",\"name\":\"Taveira Jr\",\"url\":\"https:\/\/deputadotaveirajr.com.br\/\",\"logo\":{\"@type\":\"ImageObject\",\"inLanguage\":\"pt-BR\",\"@id\":\"https:\/\/deputadotaveirajr.com.br\/#\/schema\/logo\/image\/\",\"url\":\"https:\/\/deputadotaveirajr.com.br\/wp-content\/uploads\/2026\/01\/logolow2a.png\",\"contentUrl\":\"https:\/\/deputadotaveirajr.com.br\/wp-content\/uploads\/2026\/01\/logolow2a.png\",\"width\":290,\"height\":80,\"caption\":\"Taveira Jr\"},\"image\":{\"@id\":\"https:\/\/deputadotaveirajr.com.br\/#\/schema\/logo\/image\/\"}}]}<\/script>\n<!-- \/ Yoast SEO plugin. -->","yoast_head_json":{"title":"Natal inicia campanha de vacina\u00e7\u00e3o contra poliomielite para crian\u00e7as de 1 at\u00e9 5 anos nesta segunda (27) - Taveira Jr","robots":{"index":"index","follow":"follow","max-snippet":"max-snippet:-1","max-image-preview":"max-image-preview:large","max-video-preview":"max-video-preview:-1"},"canonical":"https:\/\/deputadotaveirajr.com.br\/index.php\/natal-inicia-campanha-de-vacinacao-contra-poliomielite-para-criancas-de-1-ate-5-anos-nesta-segunda-27\/","og_locale":"pt_BR","og_type":"article","og_title":"Natal inicia campanha de vacina\u00e7\u00e3o contra poliomielite para crian\u00e7as de 1 at\u00e9 5 anos nesta segunda (27) - Taveira Jr","og_description":"Vacina deve ser tomada mesmo que as crian\u00e7as j\u00e1 tenham completado o esquema de doses contra a doen\u00e7a, segundo SMS. Vacina contra poliomielite SMS Macei\u00f3\/Arquivo Natal vai iniciar nesta segunda-feira ...","og_url":"https:\/\/deputadotaveirajr.com.br\/index.php\/natal-inicia-campanha-de-vacinacao-contra-poliomielite-para-criancas-de-1-ate-5-anos-nesta-segunda-27\/","og_site_name":"Taveira Jr","og_image":[{"width":850,"height":560,"url":"https:\/\/deputadotaveirajr.com.br\/wp-content\/uploads\/2024\/05\/vacinacao-polio-2023-04-24-132923-tjmz-DmxBtj.jpeg","type":"image\/jpeg"}],"twitter_card":"summary_large_image","twitter_misc":{"Est. tempo de leitura":"2 minutos"},"schema":{"@context":"https:\/\/schema.org","@graph":[{"@type":"WebPage","@id":"https:\/\/deputadotaveirajr.com.br\/index.php\/natal-inicia-campanha-de-vacinacao-contra-poliomielite-para-criancas-de-1-ate-5-anos-nesta-segunda-27\/","url":"https:\/\/deputadotaveirajr.com.br\/index.php\/natal-inicia-campanha-de-vacinacao-contra-poliomielite-para-criancas-de-1-ate-5-anos-nesta-segunda-27\/","name":"Natal inicia campanha de vacina\u00e7\u00e3o contra poliomielite para crian\u00e7as de 1 at\u00e9 5 anos nesta segunda (27) - Taveira Jr","isPartOf":{"@id":"https:\/\/deputadotaveirajr.com.br\/#website"},"primaryImageOfPage":{"@id":"https:\/\/deputadotaveirajr.com.br\/index.php\/natal-inicia-campanha-de-vacinacao-contra-poliomielite-para-criancas-de-1-ate-5-anos-nesta-segunda-27\/#primaryimage"},"image":{"@id":"https:\/\/deputadotaveirajr.com.br\/index.php\/natal-inicia-campanha-de-vacinacao-contra-poliomielite-para-criancas-de-1-ate-5-anos-nesta-segunda-27\/#primaryimage"},"thumbnailUrl":"https:\/\/deputadotaveirajr.com.br\/wp-content\/uploads\/2024\/05\/vacinacao-polio-2023-04-24-132923-tjmz-DmxBtj.jpeg","datePublished":"2024-05-26T16:30:08+00:00","breadcrumb":{"@id":"https:\/\/deputadotaveirajr.com.br\/index.php\/natal-inicia-campanha-de-vacinacao-contra-poliomielite-para-criancas-de-1-ate-5-anos-nesta-segunda-27\/#breadcrumb"},"inLanguage":"pt-BR","potentialAction":[{"@type":"ReadAction","target":["https:\/\/deputadotaveirajr.com.br\/index.php\/natal-inicia-campanha-de-vacinacao-contra-poliomielite-para-criancas-de-1-ate-5-anos-nesta-segunda-27\/"]}]},{"@type":"ImageObject","inLanguage":"pt-BR","@id":"https:\/\/deputadotaveirajr.com.br\/index.php\/natal-inicia-campanha-de-vacinacao-contra-poliomielite-para-criancas-de-1-ate-5-anos-nesta-segunda-27\/#primaryimage","url":"https:\/\/deputadotaveirajr.com.br\/wp-content\/uploads\/2024\/05\/vacinacao-polio-2023-04-24-132923-tjmz-DmxBtj.jpeg","contentUrl":"https:\/\/deputadotaveirajr.com.br\/wp-content\/uploads\/2024\/05\/vacinacao-polio-2023-04-24-132923-tjmz-DmxBtj.jpeg","width":850,"height":560},{"@type":"BreadcrumbList","@id":"https:\/\/deputadotaveirajr.com.br\/index.php\/natal-inicia-campanha-de-vacinacao-contra-poliomielite-para-criancas-de-1-ate-5-anos-nesta-segunda-27\/#breadcrumb","itemListElement":[{"@type":"ListItem","position":1,"name":"In\u00edcio","item":"https:\/\/deputadotaveirajr.com.br\/"},{"@type":"ListItem","position":2,"name":"Natal inicia campanha de vacina\u00e7\u00e3o contra poliomielite para crian\u00e7as de 1 at\u00e9 5 anos nesta segunda (27)"}]},{"@type":"WebSite","@id":"https:\/\/deputadotaveirajr.com.br\/#website","url":"https:\/\/deputadotaveirajr.com.br\/","name":"Taveira Jr","description":"Deputado Estadual","publisher":{"@id":"https:\/\/deputadotaveirajr.com.br\/#organization"},"potentialAction":[{"@type":"SearchAction","target":{"@type":"EntryPoint","urlTemplate":"https:\/\/deputadotaveirajr.com.br\/?s={search_term_string}"},"query-input":{"@type":"PropertyValueSpecification","valueRequired":true,"valueName":"search_term_string"}}],"inLanguage":"pt-BR"},{"@type":"Organization","@id":"https:\/\/deputadotaveirajr.com.br\/#organization","name":"Taveira Jr","url":"https:\/\/deputadotaveirajr.com.br\/","logo":{"@type":"ImageObject","inLanguage":"pt-BR","@id":"https:\/\/deputadotaveirajr.com.br\/#\/schema\/logo\/image\/","url":"https:\/\/deputadotaveirajr.com.br\/wp-content\/uploads\/2026\/01\/logolow2a.png","contentUrl":"https:\/\/deputadotaveirajr.com.br\/wp-content\/uploads\/2026\/01\/logolow2a.png","width":290,"height":80,"caption":"Taveira Jr"},"image":{"@id":"https:\/\/deputadotaveirajr.com.br\/#\/schema\/logo\/image\/"}}]}},"_links":{"self":[{"href":"https:\/\/deputadotaveirajr.com.br\/index.php\/wp-json\/wp\/v2\/pages\/6486","targetHints":{"allow":["GET"]}}],"collection":[{"href":"https:\/\/deputadotaveirajr.com.br\/index.php\/wp-json\/wp\/v2\/pages"}],"about":[{"href":"https:\/\/deputadotaveirajr.com.br\/index.php\/wp-json\/wp\/v2\/types\/page"}],"replies":[{"embeddable":true,"href":"https:\/\/deputadotaveirajr.com.br\/index.php\/wp-json\/wp\/v2\/comments?post=6486"}],"version-history":[{"count":1,"href":"https:\/\/deputadotaveirajr.com.br\/index.php\/wp-json\/wp\/v2\/pages\/6486\/revisions"}],"predecessor-version":[{"id":6491,"href":"https:\/\/deputadotaveirajr.com.br\/index.php\/wp-json\/wp\/v2\/pages\/6486\/revisions\/6491"}],"wp:featuredmedia":[{"embeddable":true,"href":"https:\/\/deputadotaveirajr.com.br\/index.php\/wp-json\/wp\/v2\/media\/6487"}],"wp:attachment":[{"href":"https:\/\/deputadotaveirajr.com.br\/index.php\/wp-json\/wp\/v2\/media?parent=6486"}],"curies":[{"name":"wp","href":"https:\/\/api.w.org\/{rel}","templated":true}]}}