{"id":6612,"date":"2024-05-31T19:44:10","date_gmt":"2024-05-31T22:44:10","guid":{"rendered":"https:\/\/deputadotaveirajr.com.br\/?page_id=6612"},"modified":"2024-05-31T19:44:10","modified_gmt":"2024-05-31T22:44:10","slug":"hotel-em-ponta-negra-e-evacuado-apos-carros-pegarem-fogo-em-estacionamento","status":"publish","type":"page","link":"https:\/\/deputadotaveirajr.com.br\/index.php\/hotel-em-ponta-negra-e-evacuado-apos-carros-pegarem-fogo-em-estacionamento\/","title":{"rendered":"Hotel em Ponta Negra \u00e9 evacuado ap\u00f3s carros pegarem fogo em estacionamento"},"content":{"rendered":"<p>     Inc\u00eandio come\u00e7ou em um ve\u00edculo e depois atingiu o carro estacionado ao lado. Corpo de Bombeiros controlou as chamas, e pr\u00e9dio, que estava com 26 h\u00f3spedes, foi evacuado. Carros ficaram destru\u00eddos ap\u00f3s pegarem fogo em estacionamento em hotel em Ponta Negra<br \/>\nFrancielly Medeiros\/Inter TV Cabugi<br \/>\nDois carros ficaram destru\u00eddos em um inc\u00eandio na tarde desta sexta-feira (31) no estacionamento de um hotel em Ponta Negra, na Zona Sul de Natal. O hotel precisou ser evacuado pelo Corpo de Bombeiros, que controlou as chamas. Ningu\u00e9m ficou ferido.<br \/>\nDe acordo com o Corpo de Bombeiros, o fogo come\u00e7ou no ve\u00edculo de um h\u00f3spede. As chamas deixaram o carro destru\u00eddo.<br \/>\nAo lado desse carro, estava estacionado um outro ve\u00edculo, que tamb\u00e9m foi atingido e ficou parcialmente destru\u00eddo. Esse outro carro pertencia a um funcion\u00e1rio do hotel.<br \/>\n\ud83d\udcf3Participe do canal do g1 RN no WhatsApp<br \/>\nAs causas do inc\u00eandio n\u00e3o foram identificadas, segundo o Corpo de Bombeiros, que explicou ainda que foram os pr\u00f3prios funcion\u00e1rios que perceberam as chamas, ap\u00f3s a fuma\u00e7a come\u00e7ar a subir pelos outros andares do hotel.<br \/>\n&#8220;Ao chegarmos no local, estava todo o estacionamento tomado por fuma\u00e7a. A gente conseguiu acessar os ve\u00edculos que estavam pegando fogo e combateu esse inc\u00eandio. A fuma\u00e7a subiu para os andares acima&#8221;, explicou o tenente Heitor de Medeiros, do Corpo de Bombeiros.<br \/>\nCorpo de Bombeiros combateu fogo no estacionamento do hotel em Ponta Negra<br \/>\nFrancielly Medeiros\/Inter TV Cabugi<br \/>\nO hotel, que fica na Rua Pedro Fonseca Filho, estava com 26 hosp\u00e9des, que precisaram deixar o pr\u00e9dio como medida de seguran\u00e7a.<br \/>\n&#8220;Rapidamente a equipe de salvamento evacuou o hotel, tirando assim o risco de todos os h\u00f3spedes que estavam aqui no hotel de sofrer algum tipo de incidente&#8221;, disse o tenente.<br \/>\nO inc\u00eandio n\u00e3o atingiu outros pontos do pr\u00e9dio. O pr\u00f3ximo passo, segundo o Corpo de Bombeiros, \u00e9 identificar o que causou o inc\u00eandio e se os ve\u00edculos queimados tiveram perda total.<br \/>\nV\u00eddeos mais assistidos do g1 RN<\/p>","protected":false},"excerpt":{"rendered":"<p>Inc\u00eandio come\u00e7ou em um ve\u00edculo e depois atingiu o carro estacionado ao lado. Corpo de Bombeiros controlou as chamas, e pr\u00e9dio, que estava com 26 h\u00f3spedes, foi evacuado. Carros ficaram &#8230;<\/p>\n","protected":false},"author":0,"featured_media":6613,"parent":0,"menu_order":0,"comment_status":"closed","ping_status":"closed","template":"","meta":{"footnotes":""},"class_list":["post-6612","page","type-page","status-publish","has-post-thumbnail","hentry"],"yoast_head":"<!-- This site is optimized with the Yoast SEO plugin v27.1.1 - https:\/\/yoast.com\/product\/yoast-seo-wordpress\/ -->\n<title>Hotel em Ponta Negra \u00e9 evacuado ap\u00f3s carros pegarem fogo em estacionamento - Taveira Jr<\/title>\n<meta name=\"robots\" content=\"index, follow, max-snippet:-1, max-image-preview:large, max-video-preview:-1\" \/>\n<link rel=\"canonical\" href=\"https:\/\/deputadotaveirajr.com.br\/index.php\/hotel-em-ponta-negra-e-evacuado-apos-carros-pegarem-fogo-em-estacionamento\/\" \/>\n<meta property=\"og:locale\" content=\"pt_BR\" \/>\n<meta property=\"og:type\" content=\"article\" \/>\n<meta property=\"og:title\" content=\"Hotel em Ponta Negra \u00e9 evacuado ap\u00f3s carros pegarem fogo em estacionamento - Taveira Jr\" \/>\n<meta property=\"og:description\" content=\"Inc\u00eandio come\u00e7ou em um ve\u00edculo e depois atingiu o carro estacionado ao lado. Corpo de Bombeiros controlou as chamas, e pr\u00e9dio, que estava com 26 h\u00f3spedes, foi evacuado. Carros ficaram ...\" \/>\n<meta property=\"og:url\" content=\"https:\/\/deputadotaveirajr.com.br\/index.php\/hotel-em-ponta-negra-e-evacuado-apos-carros-pegarem-fogo-em-estacionamento\/\" \/>\n<meta property=\"og:site_name\" content=\"Taveira Jr\" \/>\n<meta property=\"og:image\" content=\"https:\/\/deputadotaveirajr.com.br\/wp-content\/uploads\/2024\/05\/whatsapp-image-2024-05-31-at-15.33.03-lYX1PK.jpeg\" \/>\n\t<meta property=\"og:image:width\" content=\"1600\" \/>\n\t<meta property=\"og:image:height\" content=\"900\" \/>\n\t<meta property=\"og:image:type\" content=\"image\/jpeg\" \/>\n<meta name=\"twitter:card\" content=\"summary_large_image\" \/>\n<meta name=\"twitter:label1\" content=\"Est. tempo de leitura\" \/>\n\t<meta name=\"twitter:data1\" content=\"2 minutos\" \/>\n<script type=\"application\/ld+json\" class=\"yoast-schema-graph\">{\"@context\":\"https:\/\/schema.org\",\"@graph\":[{\"@type\":\"WebPage\",\"@id\":\"https:\/\/deputadotaveirajr.com.br\/index.php\/hotel-em-ponta-negra-e-evacuado-apos-carros-pegarem-fogo-em-estacionamento\/\",\"url\":\"https:\/\/deputadotaveirajr.com.br\/index.php\/hotel-em-ponta-negra-e-evacuado-apos-carros-pegarem-fogo-em-estacionamento\/\",\"name\":\"Hotel em Ponta Negra \u00e9 evacuado ap\u00f3s carros pegarem fogo em estacionamento - Taveira Jr\",\"isPartOf\":{\"@id\":\"https:\/\/deputadotaveirajr.com.br\/#website\"},\"primaryImageOfPage\":{\"@id\":\"https:\/\/deputadotaveirajr.com.br\/index.php\/hotel-em-ponta-negra-e-evacuado-apos-carros-pegarem-fogo-em-estacionamento\/#primaryimage\"},\"image\":{\"@id\":\"https:\/\/deputadotaveirajr.com.br\/index.php\/hotel-em-ponta-negra-e-evacuado-apos-carros-pegarem-fogo-em-estacionamento\/#primaryimage\"},\"thumbnailUrl\":\"https:\/\/deputadotaveirajr.com.br\/wp-content\/uploads\/2024\/05\/whatsapp-image-2024-05-31-at-15.33.03-lYX1PK.jpeg\",\"datePublished\":\"2024-05-31T22:44:10+00:00\",\"breadcrumb\":{\"@id\":\"https:\/\/deputadotaveirajr.com.br\/index.php\/hotel-em-ponta-negra-e-evacuado-apos-carros-pegarem-fogo-em-estacionamento\/#breadcrumb\"},\"inLanguage\":\"pt-BR\",\"potentialAction\":[{\"@type\":\"ReadAction\",\"target\":[\"https:\/\/deputadotaveirajr.com.br\/index.php\/hotel-em-ponta-negra-e-evacuado-apos-carros-pegarem-fogo-em-estacionamento\/\"]}]},{\"@type\":\"ImageObject\",\"inLanguage\":\"pt-BR\",\"@id\":\"https:\/\/deputadotaveirajr.com.br\/index.php\/hotel-em-ponta-negra-e-evacuado-apos-carros-pegarem-fogo-em-estacionamento\/#primaryimage\",\"url\":\"https:\/\/deputadotaveirajr.com.br\/wp-content\/uploads\/2024\/05\/whatsapp-image-2024-05-31-at-15.33.03-lYX1PK.jpeg\",\"contentUrl\":\"https:\/\/deputadotaveirajr.com.br\/wp-content\/uploads\/2024\/05\/whatsapp-image-2024-05-31-at-15.33.03-lYX1PK.jpeg\",\"width\":1600,\"height\":900},{\"@type\":\"BreadcrumbList\",\"@id\":\"https:\/\/deputadotaveirajr.com.br\/index.php\/hotel-em-ponta-negra-e-evacuado-apos-carros-pegarem-fogo-em-estacionamento\/#breadcrumb\",\"itemListElement\":[{\"@type\":\"ListItem\",\"position\":1,\"name\":\"In\u00edcio\",\"item\":\"https:\/\/deputadotaveirajr.com.br\/\"},{\"@type\":\"ListItem\",\"position\":2,\"name\":\"Hotel em Ponta Negra \u00e9 evacuado ap\u00f3s carros pegarem fogo em estacionamento\"}]},{\"@type\":\"WebSite\",\"@id\":\"https:\/\/deputadotaveirajr.com.br\/#website\",\"url\":\"https:\/\/deputadotaveirajr.com.br\/\",\"name\":\"Taveira Jr\",\"description\":\"Deputado Estadual\",\"publisher\":{\"@id\":\"https:\/\/deputadotaveirajr.com.br\/#organization\"},\"potentialAction\":[{\"@type\":\"SearchAction\",\"target\":{\"@type\":\"EntryPoint\",\"urlTemplate\":\"https:\/\/deputadotaveirajr.com.br\/?s={search_term_string}\"},\"query-input\":{\"@type\":\"PropertyValueSpecification\",\"valueRequired\":true,\"valueName\":\"search_term_string\"}}],\"inLanguage\":\"pt-BR\"},{\"@type\":\"Organization\",\"@id\":\"https:\/\/deputadotaveirajr.com.br\/#organization\",\"name\":\"Taveira Jr\",\"url\":\"https:\/\/deputadotaveirajr.com.br\/\",\"logo\":{\"@type\":\"ImageObject\",\"inLanguage\":\"pt-BR\",\"@id\":\"https:\/\/deputadotaveirajr.com.br\/#\/schema\/logo\/image\/\",\"url\":\"https:\/\/deputadotaveirajr.com.br\/wp-content\/uploads\/2026\/01\/logolow2a.png\",\"contentUrl\":\"https:\/\/deputadotaveirajr.com.br\/wp-content\/uploads\/2026\/01\/logolow2a.png\",\"width\":290,\"height\":80,\"caption\":\"Taveira Jr\"},\"image\":{\"@id\":\"https:\/\/deputadotaveirajr.com.br\/#\/schema\/logo\/image\/\"}}]}<\/script>\n<!-- \/ Yoast SEO plugin. -->","yoast_head_json":{"title":"Hotel em Ponta Negra \u00e9 evacuado ap\u00f3s carros pegarem fogo em estacionamento - Taveira Jr","robots":{"index":"index","follow":"follow","max-snippet":"max-snippet:-1","max-image-preview":"max-image-preview:large","max-video-preview":"max-video-preview:-1"},"canonical":"https:\/\/deputadotaveirajr.com.br\/index.php\/hotel-em-ponta-negra-e-evacuado-apos-carros-pegarem-fogo-em-estacionamento\/","og_locale":"pt_BR","og_type":"article","og_title":"Hotel em Ponta Negra \u00e9 evacuado ap\u00f3s carros pegarem fogo em estacionamento - Taveira Jr","og_description":"Inc\u00eandio come\u00e7ou em um ve\u00edculo e depois atingiu o carro estacionado ao lado. Corpo de Bombeiros controlou as chamas, e pr\u00e9dio, que estava com 26 h\u00f3spedes, foi evacuado. Carros ficaram ...","og_url":"https:\/\/deputadotaveirajr.com.br\/index.php\/hotel-em-ponta-negra-e-evacuado-apos-carros-pegarem-fogo-em-estacionamento\/","og_site_name":"Taveira Jr","og_image":[{"width":1600,"height":900,"url":"https:\/\/deputadotaveirajr.com.br\/wp-content\/uploads\/2024\/05\/whatsapp-image-2024-05-31-at-15.33.03-lYX1PK.jpeg","type":"image\/jpeg"}],"twitter_card":"summary_large_image","twitter_misc":{"Est. tempo de leitura":"2 minutos"},"schema":{"@context":"https:\/\/schema.org","@graph":[{"@type":"WebPage","@id":"https:\/\/deputadotaveirajr.com.br\/index.php\/hotel-em-ponta-negra-e-evacuado-apos-carros-pegarem-fogo-em-estacionamento\/","url":"https:\/\/deputadotaveirajr.com.br\/index.php\/hotel-em-ponta-negra-e-evacuado-apos-carros-pegarem-fogo-em-estacionamento\/","name":"Hotel em Ponta Negra \u00e9 evacuado ap\u00f3s carros pegarem fogo em estacionamento - Taveira Jr","isPartOf":{"@id":"https:\/\/deputadotaveirajr.com.br\/#website"},"primaryImageOfPage":{"@id":"https:\/\/deputadotaveirajr.com.br\/index.php\/hotel-em-ponta-negra-e-evacuado-apos-carros-pegarem-fogo-em-estacionamento\/#primaryimage"},"image":{"@id":"https:\/\/deputadotaveirajr.com.br\/index.php\/hotel-em-ponta-negra-e-evacuado-apos-carros-pegarem-fogo-em-estacionamento\/#primaryimage"},"thumbnailUrl":"https:\/\/deputadotaveirajr.com.br\/wp-content\/uploads\/2024\/05\/whatsapp-image-2024-05-31-at-15.33.03-lYX1PK.jpeg","datePublished":"2024-05-31T22:44:10+00:00","breadcrumb":{"@id":"https:\/\/deputadotaveirajr.com.br\/index.php\/hotel-em-ponta-negra-e-evacuado-apos-carros-pegarem-fogo-em-estacionamento\/#breadcrumb"},"inLanguage":"pt-BR","potentialAction":[{"@type":"ReadAction","target":["https:\/\/deputadotaveirajr.com.br\/index.php\/hotel-em-ponta-negra-e-evacuado-apos-carros-pegarem-fogo-em-estacionamento\/"]}]},{"@type":"ImageObject","inLanguage":"pt-BR","@id":"https:\/\/deputadotaveirajr.com.br\/index.php\/hotel-em-ponta-negra-e-evacuado-apos-carros-pegarem-fogo-em-estacionamento\/#primaryimage","url":"https:\/\/deputadotaveirajr.com.br\/wp-content\/uploads\/2024\/05\/whatsapp-image-2024-05-31-at-15.33.03-lYX1PK.jpeg","contentUrl":"https:\/\/deputadotaveirajr.com.br\/wp-content\/uploads\/2024\/05\/whatsapp-image-2024-05-31-at-15.33.03-lYX1PK.jpeg","width":1600,"height":900},{"@type":"BreadcrumbList","@id":"https:\/\/deputadotaveirajr.com.br\/index.php\/hotel-em-ponta-negra-e-evacuado-apos-carros-pegarem-fogo-em-estacionamento\/#breadcrumb","itemListElement":[{"@type":"ListItem","position":1,"name":"In\u00edcio","item":"https:\/\/deputadotaveirajr.com.br\/"},{"@type":"ListItem","position":2,"name":"Hotel em Ponta Negra \u00e9 evacuado ap\u00f3s carros pegarem fogo em estacionamento"}]},{"@type":"WebSite","@id":"https:\/\/deputadotaveirajr.com.br\/#website","url":"https:\/\/deputadotaveirajr.com.br\/","name":"Taveira Jr","description":"Deputado Estadual","publisher":{"@id":"https:\/\/deputadotaveirajr.com.br\/#organization"},"potentialAction":[{"@type":"SearchAction","target":{"@type":"EntryPoint","urlTemplate":"https:\/\/deputadotaveirajr.com.br\/?s={search_term_string}"},"query-input":{"@type":"PropertyValueSpecification","valueRequired":true,"valueName":"search_term_string"}}],"inLanguage":"pt-BR"},{"@type":"Organization","@id":"https:\/\/deputadotaveirajr.com.br\/#organization","name":"Taveira Jr","url":"https:\/\/deputadotaveirajr.com.br\/","logo":{"@type":"ImageObject","inLanguage":"pt-BR","@id":"https:\/\/deputadotaveirajr.com.br\/#\/schema\/logo\/image\/","url":"https:\/\/deputadotaveirajr.com.br\/wp-content\/uploads\/2026\/01\/logolow2a.png","contentUrl":"https:\/\/deputadotaveirajr.com.br\/wp-content\/uploads\/2026\/01\/logolow2a.png","width":290,"height":80,"caption":"Taveira Jr"},"image":{"@id":"https:\/\/deputadotaveirajr.com.br\/#\/schema\/logo\/image\/"}}]}},"_links":{"self":[{"href":"https:\/\/deputadotaveirajr.com.br\/index.php\/wp-json\/wp\/v2\/pages\/6612","targetHints":{"allow":["GET"]}}],"collection":[{"href":"https:\/\/deputadotaveirajr.com.br\/index.php\/wp-json\/wp\/v2\/pages"}],"about":[{"href":"https:\/\/deputadotaveirajr.com.br\/index.php\/wp-json\/wp\/v2\/types\/page"}],"replies":[{"embeddable":true,"href":"https:\/\/deputadotaveirajr.com.br\/index.php\/wp-json\/wp\/v2\/comments?post=6612"}],"version-history":[{"count":1,"href":"https:\/\/deputadotaveirajr.com.br\/index.php\/wp-json\/wp\/v2\/pages\/6612\/revisions"}],"predecessor-version":[{"id":6616,"href":"https:\/\/deputadotaveirajr.com.br\/index.php\/wp-json\/wp\/v2\/pages\/6612\/revisions\/6616"}],"wp:featuredmedia":[{"embeddable":true,"href":"https:\/\/deputadotaveirajr.com.br\/index.php\/wp-json\/wp\/v2\/media\/6613"}],"wp:attachment":[{"href":"https:\/\/deputadotaveirajr.com.br\/index.php\/wp-json\/wp\/v2\/media?parent=6612"}],"curies":[{"name":"wp","href":"https:\/\/api.w.org\/{rel}","templated":true}]}}