{"id":6651,"date":"2024-06-03T12:16:39","date_gmt":"2024-06-03T15:16:39","guid":{"rendered":"https:\/\/deputadotaveirajr.com.br\/?page_id=6651"},"modified":"2024-06-03T12:16:39","modified_gmt":"2024-06-03T15:16:39","slug":"policial-civil-e-outras-duas-pessoas-sao-baleados-em-atentado-no-interior-do-rn","status":"publish","type":"page","link":"https:\/\/deputadotaveirajr.com.br\/index.php\/policial-civil-e-outras-duas-pessoas-sao-baleados-em-atentado-no-interior-do-rn\/","title":{"rendered":"Policial civil e outras duas pessoas s\u00e3o baleados em atentado no interior do RN"},"content":{"rendered":"<p>     Crime aconteceu na noite de s\u00e1bado (1\u00ba) em S\u00e3o Paulo do Potengi. Suspeitos n\u00e3o foram presos.  Caso aconteceu em S\u00e3o Paulo do Potengi, no Agreste potiguar<br \/>\nReprodu\u00e7\u00e3o<br \/>\nUm policial civil e outras duas pessoas foram baleados em um atentado que aconteceu em S\u00e3o Paulo do Potengi, regi\u00e3o Agreste potiguar, na noite do \u00faltimo s\u00e1bado (1\u00ba). As v\u00edtimas foram socorridas e n\u00e3o correm risco de morte.<br \/>\nSegundo a pol\u00edcia da cidade, o policial civil estava junto de um amigo, em um espetinho, quando dois homens chegaram ao local em uma moto e um deles, armado, atirou contra eles. Uma mulher que trabalhava no local tamb\u00e9m foi atingida.<br \/>\nOs criminosos fugiram em seguida. A Pol\u00edcia Militar fez dilig\u00eancias, mas n\u00e3o conseguiu prender suspeitos.<br \/>\nEm nota, a Pol\u00edcia Civil tratou o caso como uma tentativa de homic\u00eddio contra o agente e informou que, ap\u00f3s tomar conhecimento do crime, adotou todas as medidas poss\u00edveis para garantir o bem-estar do policial e de sua fam\u00edlia.<br \/>\nAinda segundo a Pol\u00edcia Civil, a corpora\u00e7\u00e3o providenciou a transfer\u00eancia do agente para o Hospital da Pol\u00edcia Militar e uma equipe da Delegacia de Pol\u00edcia da Grande Natal foi designada para fazer a seguran\u00e7a do policial na unidade.<br \/>\n&#8220;Em a\u00e7\u00e3o conjunta com o Departamento de Intelig\u00eancia de Pol\u00edcia (DIP), diversos policiais civis do RN continuam em dilig\u00eancias no intuito de coletar todas as provas necess\u00e1rias e identificar os autores do crime&#8221;, informou a pol\u00edcia.<br \/>\nVeja os v\u00eddeos mais assistidos no g1 RN<\/p>","protected":false},"excerpt":{"rendered":"<p>Crime aconteceu na noite de s\u00e1bado (1\u00ba) em S\u00e3o Paulo do Potengi. Suspeitos n\u00e3o foram presos. Caso aconteceu em S\u00e3o Paulo do Potengi, no Agreste potiguar Reprodu\u00e7\u00e3o Um policial civil &#8230;<\/p>\n","protected":false},"author":0,"featured_media":6652,"parent":0,"menu_order":0,"comment_status":"closed","ping_status":"closed","template":"","meta":{"footnotes":""},"class_list":["post-6651","page","type-page","status-publish","has-post-thumbnail","hentry"],"yoast_head":"<!-- This site is optimized with the Yoast SEO plugin v27.1.1 - https:\/\/yoast.com\/product\/yoast-seo-wordpress\/ -->\n<title>Policial civil e outras duas pessoas s\u00e3o baleados em atentado no interior do RN - Taveira Jr<\/title>\n<meta name=\"robots\" content=\"index, follow, max-snippet:-1, max-image-preview:large, max-video-preview:-1\" \/>\n<link rel=\"canonical\" href=\"https:\/\/deputadotaveirajr.com.br\/index.php\/policial-civil-e-outras-duas-pessoas-sao-baleados-em-atentado-no-interior-do-rn\/\" \/>\n<meta property=\"og:locale\" content=\"pt_BR\" \/>\n<meta property=\"og:type\" content=\"article\" \/>\n<meta property=\"og:title\" content=\"Policial civil e outras duas pessoas s\u00e3o baleados em atentado no interior do RN - Taveira Jr\" \/>\n<meta property=\"og:description\" content=\"Crime aconteceu na noite de s\u00e1bado (1\u00ba) em S\u00e3o Paulo do Potengi. Suspeitos n\u00e3o foram presos. Caso aconteceu em S\u00e3o Paulo do Potengi, no Agreste potiguar Reprodu\u00e7\u00e3o Um policial civil ...\" \/>\n<meta property=\"og:url\" content=\"https:\/\/deputadotaveirajr.com.br\/index.php\/policial-civil-e-outras-duas-pessoas-sao-baleados-em-atentado-no-interior-do-rn\/\" \/>\n<meta property=\"og:site_name\" content=\"Taveira Jr\" \/>\n<meta property=\"og:image\" content=\"https:\/\/deputadotaveirajr.com.br\/wp-content\/uploads\/2024\/06\/whatsapp-image-2024-06-03-at-08.47.51-4ozxBl.jpeg\" \/>\n\t<meta property=\"og:image:width\" content=\"596\" \/>\n\t<meta property=\"og:image:height\" content=\"565\" \/>\n\t<meta property=\"og:image:type\" content=\"image\/jpeg\" \/>\n<meta name=\"twitter:card\" content=\"summary_large_image\" \/>\n<meta name=\"twitter:label1\" content=\"Est. tempo de leitura\" \/>\n\t<meta name=\"twitter:data1\" content=\"1 minuto\" \/>\n<script type=\"application\/ld+json\" class=\"yoast-schema-graph\">{\"@context\":\"https:\/\/schema.org\",\"@graph\":[{\"@type\":\"WebPage\",\"@id\":\"https:\/\/deputadotaveirajr.com.br\/index.php\/policial-civil-e-outras-duas-pessoas-sao-baleados-em-atentado-no-interior-do-rn\/\",\"url\":\"https:\/\/deputadotaveirajr.com.br\/index.php\/policial-civil-e-outras-duas-pessoas-sao-baleados-em-atentado-no-interior-do-rn\/\",\"name\":\"Policial civil e outras duas pessoas s\u00e3o baleados em atentado no interior do RN - Taveira Jr\",\"isPartOf\":{\"@id\":\"https:\/\/deputadotaveirajr.com.br\/#website\"},\"primaryImageOfPage\":{\"@id\":\"https:\/\/deputadotaveirajr.com.br\/index.php\/policial-civil-e-outras-duas-pessoas-sao-baleados-em-atentado-no-interior-do-rn\/#primaryimage\"},\"image\":{\"@id\":\"https:\/\/deputadotaveirajr.com.br\/index.php\/policial-civil-e-outras-duas-pessoas-sao-baleados-em-atentado-no-interior-do-rn\/#primaryimage\"},\"thumbnailUrl\":\"https:\/\/deputadotaveirajr.com.br\/wp-content\/uploads\/2024\/06\/whatsapp-image-2024-06-03-at-08.47.51-4ozxBl.jpeg\",\"datePublished\":\"2024-06-03T15:16:39+00:00\",\"breadcrumb\":{\"@id\":\"https:\/\/deputadotaveirajr.com.br\/index.php\/policial-civil-e-outras-duas-pessoas-sao-baleados-em-atentado-no-interior-do-rn\/#breadcrumb\"},\"inLanguage\":\"pt-BR\",\"potentialAction\":[{\"@type\":\"ReadAction\",\"target\":[\"https:\/\/deputadotaveirajr.com.br\/index.php\/policial-civil-e-outras-duas-pessoas-sao-baleados-em-atentado-no-interior-do-rn\/\"]}]},{\"@type\":\"ImageObject\",\"inLanguage\":\"pt-BR\",\"@id\":\"https:\/\/deputadotaveirajr.com.br\/index.php\/policial-civil-e-outras-duas-pessoas-sao-baleados-em-atentado-no-interior-do-rn\/#primaryimage\",\"url\":\"https:\/\/deputadotaveirajr.com.br\/wp-content\/uploads\/2024\/06\/whatsapp-image-2024-06-03-at-08.47.51-4ozxBl.jpeg\",\"contentUrl\":\"https:\/\/deputadotaveirajr.com.br\/wp-content\/uploads\/2024\/06\/whatsapp-image-2024-06-03-at-08.47.51-4ozxBl.jpeg\",\"width\":596,\"height\":565},{\"@type\":\"BreadcrumbList\",\"@id\":\"https:\/\/deputadotaveirajr.com.br\/index.php\/policial-civil-e-outras-duas-pessoas-sao-baleados-em-atentado-no-interior-do-rn\/#breadcrumb\",\"itemListElement\":[{\"@type\":\"ListItem\",\"position\":1,\"name\":\"In\u00edcio\",\"item\":\"https:\/\/deputadotaveirajr.com.br\/\"},{\"@type\":\"ListItem\",\"position\":2,\"name\":\"Policial civil e outras duas pessoas s\u00e3o baleados em atentado no interior do RN\"}]},{\"@type\":\"WebSite\",\"@id\":\"https:\/\/deputadotaveirajr.com.br\/#website\",\"url\":\"https:\/\/deputadotaveirajr.com.br\/\",\"name\":\"Taveira Jr\",\"description\":\"Deputado Estadual\",\"publisher\":{\"@id\":\"https:\/\/deputadotaveirajr.com.br\/#organization\"},\"potentialAction\":[{\"@type\":\"SearchAction\",\"target\":{\"@type\":\"EntryPoint\",\"urlTemplate\":\"https:\/\/deputadotaveirajr.com.br\/?s={search_term_string}\"},\"query-input\":{\"@type\":\"PropertyValueSpecification\",\"valueRequired\":true,\"valueName\":\"search_term_string\"}}],\"inLanguage\":\"pt-BR\"},{\"@type\":\"Organization\",\"@id\":\"https:\/\/deputadotaveirajr.com.br\/#organization\",\"name\":\"Taveira Jr\",\"url\":\"https:\/\/deputadotaveirajr.com.br\/\",\"logo\":{\"@type\":\"ImageObject\",\"inLanguage\":\"pt-BR\",\"@id\":\"https:\/\/deputadotaveirajr.com.br\/#\/schema\/logo\/image\/\",\"url\":\"https:\/\/deputadotaveirajr.com.br\/wp-content\/uploads\/2026\/01\/logolow2a.png\",\"contentUrl\":\"https:\/\/deputadotaveirajr.com.br\/wp-content\/uploads\/2026\/01\/logolow2a.png\",\"width\":290,\"height\":80,\"caption\":\"Taveira Jr\"},\"image\":{\"@id\":\"https:\/\/deputadotaveirajr.com.br\/#\/schema\/logo\/image\/\"}}]}<\/script>\n<!-- \/ Yoast SEO plugin. -->","yoast_head_json":{"title":"Policial civil e outras duas pessoas s\u00e3o baleados em atentado no interior do RN - Taveira Jr","robots":{"index":"index","follow":"follow","max-snippet":"max-snippet:-1","max-image-preview":"max-image-preview:large","max-video-preview":"max-video-preview:-1"},"canonical":"https:\/\/deputadotaveirajr.com.br\/index.php\/policial-civil-e-outras-duas-pessoas-sao-baleados-em-atentado-no-interior-do-rn\/","og_locale":"pt_BR","og_type":"article","og_title":"Policial civil e outras duas pessoas s\u00e3o baleados em atentado no interior do RN - Taveira Jr","og_description":"Crime aconteceu na noite de s\u00e1bado (1\u00ba) em S\u00e3o Paulo do Potengi. Suspeitos n\u00e3o foram presos. Caso aconteceu em S\u00e3o Paulo do Potengi, no Agreste potiguar Reprodu\u00e7\u00e3o Um policial civil ...","og_url":"https:\/\/deputadotaveirajr.com.br\/index.php\/policial-civil-e-outras-duas-pessoas-sao-baleados-em-atentado-no-interior-do-rn\/","og_site_name":"Taveira Jr","og_image":[{"width":596,"height":565,"url":"https:\/\/deputadotaveirajr.com.br\/wp-content\/uploads\/2024\/06\/whatsapp-image-2024-06-03-at-08.47.51-4ozxBl.jpeg","type":"image\/jpeg"}],"twitter_card":"summary_large_image","twitter_misc":{"Est. tempo de leitura":"1 minuto"},"schema":{"@context":"https:\/\/schema.org","@graph":[{"@type":"WebPage","@id":"https:\/\/deputadotaveirajr.com.br\/index.php\/policial-civil-e-outras-duas-pessoas-sao-baleados-em-atentado-no-interior-do-rn\/","url":"https:\/\/deputadotaveirajr.com.br\/index.php\/policial-civil-e-outras-duas-pessoas-sao-baleados-em-atentado-no-interior-do-rn\/","name":"Policial civil e outras duas pessoas s\u00e3o baleados em atentado no interior do RN - Taveira Jr","isPartOf":{"@id":"https:\/\/deputadotaveirajr.com.br\/#website"},"primaryImageOfPage":{"@id":"https:\/\/deputadotaveirajr.com.br\/index.php\/policial-civil-e-outras-duas-pessoas-sao-baleados-em-atentado-no-interior-do-rn\/#primaryimage"},"image":{"@id":"https:\/\/deputadotaveirajr.com.br\/index.php\/policial-civil-e-outras-duas-pessoas-sao-baleados-em-atentado-no-interior-do-rn\/#primaryimage"},"thumbnailUrl":"https:\/\/deputadotaveirajr.com.br\/wp-content\/uploads\/2024\/06\/whatsapp-image-2024-06-03-at-08.47.51-4ozxBl.jpeg","datePublished":"2024-06-03T15:16:39+00:00","breadcrumb":{"@id":"https:\/\/deputadotaveirajr.com.br\/index.php\/policial-civil-e-outras-duas-pessoas-sao-baleados-em-atentado-no-interior-do-rn\/#breadcrumb"},"inLanguage":"pt-BR","potentialAction":[{"@type":"ReadAction","target":["https:\/\/deputadotaveirajr.com.br\/index.php\/policial-civil-e-outras-duas-pessoas-sao-baleados-em-atentado-no-interior-do-rn\/"]}]},{"@type":"ImageObject","inLanguage":"pt-BR","@id":"https:\/\/deputadotaveirajr.com.br\/index.php\/policial-civil-e-outras-duas-pessoas-sao-baleados-em-atentado-no-interior-do-rn\/#primaryimage","url":"https:\/\/deputadotaveirajr.com.br\/wp-content\/uploads\/2024\/06\/whatsapp-image-2024-06-03-at-08.47.51-4ozxBl.jpeg","contentUrl":"https:\/\/deputadotaveirajr.com.br\/wp-content\/uploads\/2024\/06\/whatsapp-image-2024-06-03-at-08.47.51-4ozxBl.jpeg","width":596,"height":565},{"@type":"BreadcrumbList","@id":"https:\/\/deputadotaveirajr.com.br\/index.php\/policial-civil-e-outras-duas-pessoas-sao-baleados-em-atentado-no-interior-do-rn\/#breadcrumb","itemListElement":[{"@type":"ListItem","position":1,"name":"In\u00edcio","item":"https:\/\/deputadotaveirajr.com.br\/"},{"@type":"ListItem","position":2,"name":"Policial civil e outras duas pessoas s\u00e3o baleados em atentado no interior do RN"}]},{"@type":"WebSite","@id":"https:\/\/deputadotaveirajr.com.br\/#website","url":"https:\/\/deputadotaveirajr.com.br\/","name":"Taveira Jr","description":"Deputado Estadual","publisher":{"@id":"https:\/\/deputadotaveirajr.com.br\/#organization"},"potentialAction":[{"@type":"SearchAction","target":{"@type":"EntryPoint","urlTemplate":"https:\/\/deputadotaveirajr.com.br\/?s={search_term_string}"},"query-input":{"@type":"PropertyValueSpecification","valueRequired":true,"valueName":"search_term_string"}}],"inLanguage":"pt-BR"},{"@type":"Organization","@id":"https:\/\/deputadotaveirajr.com.br\/#organization","name":"Taveira Jr","url":"https:\/\/deputadotaveirajr.com.br\/","logo":{"@type":"ImageObject","inLanguage":"pt-BR","@id":"https:\/\/deputadotaveirajr.com.br\/#\/schema\/logo\/image\/","url":"https:\/\/deputadotaveirajr.com.br\/wp-content\/uploads\/2026\/01\/logolow2a.png","contentUrl":"https:\/\/deputadotaveirajr.com.br\/wp-content\/uploads\/2026\/01\/logolow2a.png","width":290,"height":80,"caption":"Taveira Jr"},"image":{"@id":"https:\/\/deputadotaveirajr.com.br\/#\/schema\/logo\/image\/"}}]}},"_links":{"self":[{"href":"https:\/\/deputadotaveirajr.com.br\/index.php\/wp-json\/wp\/v2\/pages\/6651","targetHints":{"allow":["GET"]}}],"collection":[{"href":"https:\/\/deputadotaveirajr.com.br\/index.php\/wp-json\/wp\/v2\/pages"}],"about":[{"href":"https:\/\/deputadotaveirajr.com.br\/index.php\/wp-json\/wp\/v2\/types\/page"}],"replies":[{"embeddable":true,"href":"https:\/\/deputadotaveirajr.com.br\/index.php\/wp-json\/wp\/v2\/comments?post=6651"}],"version-history":[{"count":1,"href":"https:\/\/deputadotaveirajr.com.br\/index.php\/wp-json\/wp\/v2\/pages\/6651\/revisions"}],"predecessor-version":[{"id":6656,"href":"https:\/\/deputadotaveirajr.com.br\/index.php\/wp-json\/wp\/v2\/pages\/6651\/revisions\/6656"}],"wp:featuredmedia":[{"embeddable":true,"href":"https:\/\/deputadotaveirajr.com.br\/index.php\/wp-json\/wp\/v2\/media\/6652"}],"wp:attachment":[{"href":"https:\/\/deputadotaveirajr.com.br\/index.php\/wp-json\/wp\/v2\/media?parent=6651"}],"curies":[{"name":"wp","href":"https:\/\/api.w.org\/{rel}","templated":true}]}}