{"id":6660,"date":"2024-06-03T18:30:41","date_gmt":"2024-06-03T21:30:41","guid":{"rendered":"https:\/\/deputadotaveirajr.com.br\/?page_id=6660"},"modified":"2024-06-03T18:30:41","modified_gmt":"2024-06-03T21:30:41","slug":"onibus-tomba-em-curva-e-passageiros-ficam-feridos-na-br-427-no-rn","status":"publish","type":"page","link":"https:\/\/deputadotaveirajr.com.br\/index.php\/onibus-tomba-em-curva-e-passageiros-ficam-feridos-na-br-427-no-rn\/","title":{"rendered":"\u00d4nibus tomba em curva e passageiros ficam feridos na BR-427 no RN"},"content":{"rendered":"<p>     Acidente aconteceu em um trecho conhecido como Curva do Manhoso, em Jaridm do Serid\u00f3. N\u00e3o houve feridos graves, segundo Transpasse e Hospital Municipal de Jardim do Serid\u00f3.  Acidente aconteceu na BR-426 em Jardim do Serid\u00f3<br \/>\nCardoso Silva\/Inter TV Costa Branca<br \/>\nUm \u00f4nibus tombou para fora da pista no fim da manh\u00e3 desta segunda-feira (3) ao tentar fazer uma curva na BR-427 no munic\u00edpio de Jardim do Serid\u00f3, no interior do Rio Grande do Norte, e deixou passageiros feridos.<br \/>\nSegundo a Associa\u00e7\u00e3o das Empresas de Transporte Intermunicipais de Passageiros do RN (Transpasse), 32 passageiros estavam no ve\u00edculo, mas at\u00e9 a atualiza\u00e7\u00e3o desta mat\u00e9ria n\u00e3o havia registro de feridos graves.<br \/>\n\ud83d\udcf3Participe do canal do g1 RN no WhatsApp<br \/>\nDe acordo com a administra\u00e7\u00e3o do Hospital e Maternidade Dr. Ruy Mariz, em Jardim do Serid\u00f3, cerca de 23 pessoas deram entrada com ferimentos diversos na unidade, mas nenhuma com ferimento grave. Segundo a unidade, pelo menos 12 delas permaneceram para observa\u00e7\u00e3o.<br \/>\nDe acordo com a Pol\u00edcia Rodovi\u00e1ria Federal (PRF), o acidente aconteceu por volta das 12h. O ve\u00edculo da empresa Via\u00e7\u00e3o Jardinense fazia a rota de Caic\u00f3 para Natal, tendo sa\u00eddo do ponto de partida por volta das 11h.<br \/>\nAicidente aconeceu em uma curva em Jardim do Serid\u00f3<br \/>\nCardoso Silva\/Inter TV Costa Branca<br \/>\nFuncion\u00e1rios da empresa contaram \u00e0 Inter TV Costa Branca que a dire\u00e7\u00e3o do ve\u00edculo travou, o que fez o motorista perder o controle em uma curva conhecida como Curva do Manhoso. O \u00f4nibus tombou e ficou para o lado de fora da rodovia<br \/>\n&#8220;Quando chegou na curva, come\u00e7ou a balan\u00e7ar e virou. Tinha muita gente gritando com dor. Nunca tinha passado por isso, mas estou vivo, o que vale \u00e9 isso&#8221;, disse o passageiro Manoel Alexandre, que seguia para Natal, onde trabalha em uma constru\u00e7\u00e3o.<br \/>\nO n\u00famero de feridos n\u00e3o foi confirmado Pol\u00edcia Rodovi\u00e1ria Federal e nem pela Transpasse. Pelo menos 23 foram encaminhados para o hospital municipal da cidade de Jardim do Serid\u00f3 para atendimento.<br \/>\nComo o \u00f4nibus ficou tombado, o Corpo de Bombeiros tamb\u00e9m foi acionado pra auxiliar na retirada das v\u00edtimas de dentro do ve\u00edculo.<br \/>\nV\u00eddeos mais assistidos do g1 RN<\/p>","protected":false},"excerpt":{"rendered":"<p>Acidente aconteceu em um trecho conhecido como Curva do Manhoso, em Jaridm do Serid\u00f3. N\u00e3o houve feridos graves, segundo Transpasse e Hospital Municipal de Jardim do Serid\u00f3. Acidente aconteceu na &#8230;<\/p>\n","protected":false},"author":0,"featured_media":6661,"parent":0,"menu_order":0,"comment_status":"closed","ping_status":"closed","template":"","meta":{"footnotes":""},"class_list":["post-6660","page","type-page","status-publish","has-post-thumbnail","hentry"],"yoast_head":"<!-- This site is optimized with the Yoast SEO plugin v27.1.1 - https:\/\/yoast.com\/product\/yoast-seo-wordpress\/ -->\n<title>\u00d4nibus tomba em curva e passageiros ficam feridos na BR-427 no RN - Taveira Jr<\/title>\n<meta name=\"robots\" content=\"index, follow, max-snippet:-1, max-image-preview:large, max-video-preview:-1\" \/>\n<link rel=\"canonical\" href=\"https:\/\/deputadotaveirajr.com.br\/index.php\/onibus-tomba-em-curva-e-passageiros-ficam-feridos-na-br-427-no-rn\/\" \/>\n<meta property=\"og:locale\" content=\"pt_BR\" \/>\n<meta property=\"og:type\" content=\"article\" \/>\n<meta property=\"og:title\" content=\"\u00d4nibus tomba em curva e passageiros ficam feridos na BR-427 no RN - Taveira Jr\" \/>\n<meta property=\"og:description\" content=\"Acidente aconteceu em um trecho conhecido como Curva do Manhoso, em Jaridm do Serid\u00f3. N\u00e3o houve feridos graves, segundo Transpasse e Hospital Municipal de Jardim do Serid\u00f3. Acidente aconteceu na ...\" \/>\n<meta property=\"og:url\" content=\"https:\/\/deputadotaveirajr.com.br\/index.php\/onibus-tomba-em-curva-e-passageiros-ficam-feridos-na-br-427-no-rn\/\" \/>\n<meta property=\"og:site_name\" content=\"Taveira Jr\" \/>\n<meta property=\"og:image\" content=\"https:\/\/deputadotaveirajr.com.br\/wp-content\/uploads\/2024\/06\/jardinense-zbJWTp.jpeg\" \/>\n\t<meta property=\"og:image:width\" content=\"1273\" \/>\n\t<meta property=\"og:image:height\" content=\"718\" \/>\n\t<meta property=\"og:image:type\" content=\"image\/jpeg\" \/>\n<meta name=\"twitter:card\" content=\"summary_large_image\" \/>\n<meta name=\"twitter:label1\" content=\"Est. tempo de leitura\" \/>\n\t<meta name=\"twitter:data1\" content=\"2 minutos\" \/>\n<script type=\"application\/ld+json\" class=\"yoast-schema-graph\">{\"@context\":\"https:\/\/schema.org\",\"@graph\":[{\"@type\":\"WebPage\",\"@id\":\"https:\/\/deputadotaveirajr.com.br\/index.php\/onibus-tomba-em-curva-e-passageiros-ficam-feridos-na-br-427-no-rn\/\",\"url\":\"https:\/\/deputadotaveirajr.com.br\/index.php\/onibus-tomba-em-curva-e-passageiros-ficam-feridos-na-br-427-no-rn\/\",\"name\":\"\u00d4nibus tomba em curva e passageiros ficam feridos na BR-427 no RN - Taveira Jr\",\"isPartOf\":{\"@id\":\"https:\/\/deputadotaveirajr.com.br\/#website\"},\"primaryImageOfPage\":{\"@id\":\"https:\/\/deputadotaveirajr.com.br\/index.php\/onibus-tomba-em-curva-e-passageiros-ficam-feridos-na-br-427-no-rn\/#primaryimage\"},\"image\":{\"@id\":\"https:\/\/deputadotaveirajr.com.br\/index.php\/onibus-tomba-em-curva-e-passageiros-ficam-feridos-na-br-427-no-rn\/#primaryimage\"},\"thumbnailUrl\":\"https:\/\/deputadotaveirajr.com.br\/wp-content\/uploads\/2024\/06\/jardinense-zbJWTp.jpeg\",\"datePublished\":\"2024-06-03T21:30:41+00:00\",\"breadcrumb\":{\"@id\":\"https:\/\/deputadotaveirajr.com.br\/index.php\/onibus-tomba-em-curva-e-passageiros-ficam-feridos-na-br-427-no-rn\/#breadcrumb\"},\"inLanguage\":\"pt-BR\",\"potentialAction\":[{\"@type\":\"ReadAction\",\"target\":[\"https:\/\/deputadotaveirajr.com.br\/index.php\/onibus-tomba-em-curva-e-passageiros-ficam-feridos-na-br-427-no-rn\/\"]}]},{\"@type\":\"ImageObject\",\"inLanguage\":\"pt-BR\",\"@id\":\"https:\/\/deputadotaveirajr.com.br\/index.php\/onibus-tomba-em-curva-e-passageiros-ficam-feridos-na-br-427-no-rn\/#primaryimage\",\"url\":\"https:\/\/deputadotaveirajr.com.br\/wp-content\/uploads\/2024\/06\/jardinense-zbJWTp.jpeg\",\"contentUrl\":\"https:\/\/deputadotaveirajr.com.br\/wp-content\/uploads\/2024\/06\/jardinense-zbJWTp.jpeg\",\"width\":1273,\"height\":718},{\"@type\":\"BreadcrumbList\",\"@id\":\"https:\/\/deputadotaveirajr.com.br\/index.php\/onibus-tomba-em-curva-e-passageiros-ficam-feridos-na-br-427-no-rn\/#breadcrumb\",\"itemListElement\":[{\"@type\":\"ListItem\",\"position\":1,\"name\":\"In\u00edcio\",\"item\":\"https:\/\/deputadotaveirajr.com.br\/\"},{\"@type\":\"ListItem\",\"position\":2,\"name\":\"\u00d4nibus tomba em curva e passageiros ficam feridos na BR-427 no RN\"}]},{\"@type\":\"WebSite\",\"@id\":\"https:\/\/deputadotaveirajr.com.br\/#website\",\"url\":\"https:\/\/deputadotaveirajr.com.br\/\",\"name\":\"Taveira Jr\",\"description\":\"Deputado Estadual\",\"publisher\":{\"@id\":\"https:\/\/deputadotaveirajr.com.br\/#organization\"},\"potentialAction\":[{\"@type\":\"SearchAction\",\"target\":{\"@type\":\"EntryPoint\",\"urlTemplate\":\"https:\/\/deputadotaveirajr.com.br\/?s={search_term_string}\"},\"query-input\":{\"@type\":\"PropertyValueSpecification\",\"valueRequired\":true,\"valueName\":\"search_term_string\"}}],\"inLanguage\":\"pt-BR\"},{\"@type\":\"Organization\",\"@id\":\"https:\/\/deputadotaveirajr.com.br\/#organization\",\"name\":\"Taveira Jr\",\"url\":\"https:\/\/deputadotaveirajr.com.br\/\",\"logo\":{\"@type\":\"ImageObject\",\"inLanguage\":\"pt-BR\",\"@id\":\"https:\/\/deputadotaveirajr.com.br\/#\/schema\/logo\/image\/\",\"url\":\"https:\/\/deputadotaveirajr.com.br\/wp-content\/uploads\/2026\/01\/logolow2a.png\",\"contentUrl\":\"https:\/\/deputadotaveirajr.com.br\/wp-content\/uploads\/2026\/01\/logolow2a.png\",\"width\":290,\"height\":80,\"caption\":\"Taveira Jr\"},\"image\":{\"@id\":\"https:\/\/deputadotaveirajr.com.br\/#\/schema\/logo\/image\/\"}}]}<\/script>\n<!-- \/ Yoast SEO plugin. -->","yoast_head_json":{"title":"\u00d4nibus tomba em curva e passageiros ficam feridos na BR-427 no RN - Taveira Jr","robots":{"index":"index","follow":"follow","max-snippet":"max-snippet:-1","max-image-preview":"max-image-preview:large","max-video-preview":"max-video-preview:-1"},"canonical":"https:\/\/deputadotaveirajr.com.br\/index.php\/onibus-tomba-em-curva-e-passageiros-ficam-feridos-na-br-427-no-rn\/","og_locale":"pt_BR","og_type":"article","og_title":"\u00d4nibus tomba em curva e passageiros ficam feridos na BR-427 no RN - Taveira Jr","og_description":"Acidente aconteceu em um trecho conhecido como Curva do Manhoso, em Jaridm do Serid\u00f3. N\u00e3o houve feridos graves, segundo Transpasse e Hospital Municipal de Jardim do Serid\u00f3. Acidente aconteceu na ...","og_url":"https:\/\/deputadotaveirajr.com.br\/index.php\/onibus-tomba-em-curva-e-passageiros-ficam-feridos-na-br-427-no-rn\/","og_site_name":"Taveira Jr","og_image":[{"width":1273,"height":718,"url":"https:\/\/deputadotaveirajr.com.br\/wp-content\/uploads\/2024\/06\/jardinense-zbJWTp.jpeg","type":"image\/jpeg"}],"twitter_card":"summary_large_image","twitter_misc":{"Est. tempo de leitura":"2 minutos"},"schema":{"@context":"https:\/\/schema.org","@graph":[{"@type":"WebPage","@id":"https:\/\/deputadotaveirajr.com.br\/index.php\/onibus-tomba-em-curva-e-passageiros-ficam-feridos-na-br-427-no-rn\/","url":"https:\/\/deputadotaveirajr.com.br\/index.php\/onibus-tomba-em-curva-e-passageiros-ficam-feridos-na-br-427-no-rn\/","name":"\u00d4nibus tomba em curva e passageiros ficam feridos na BR-427 no RN - Taveira Jr","isPartOf":{"@id":"https:\/\/deputadotaveirajr.com.br\/#website"},"primaryImageOfPage":{"@id":"https:\/\/deputadotaveirajr.com.br\/index.php\/onibus-tomba-em-curva-e-passageiros-ficam-feridos-na-br-427-no-rn\/#primaryimage"},"image":{"@id":"https:\/\/deputadotaveirajr.com.br\/index.php\/onibus-tomba-em-curva-e-passageiros-ficam-feridos-na-br-427-no-rn\/#primaryimage"},"thumbnailUrl":"https:\/\/deputadotaveirajr.com.br\/wp-content\/uploads\/2024\/06\/jardinense-zbJWTp.jpeg","datePublished":"2024-06-03T21:30:41+00:00","breadcrumb":{"@id":"https:\/\/deputadotaveirajr.com.br\/index.php\/onibus-tomba-em-curva-e-passageiros-ficam-feridos-na-br-427-no-rn\/#breadcrumb"},"inLanguage":"pt-BR","potentialAction":[{"@type":"ReadAction","target":["https:\/\/deputadotaveirajr.com.br\/index.php\/onibus-tomba-em-curva-e-passageiros-ficam-feridos-na-br-427-no-rn\/"]}]},{"@type":"ImageObject","inLanguage":"pt-BR","@id":"https:\/\/deputadotaveirajr.com.br\/index.php\/onibus-tomba-em-curva-e-passageiros-ficam-feridos-na-br-427-no-rn\/#primaryimage","url":"https:\/\/deputadotaveirajr.com.br\/wp-content\/uploads\/2024\/06\/jardinense-zbJWTp.jpeg","contentUrl":"https:\/\/deputadotaveirajr.com.br\/wp-content\/uploads\/2024\/06\/jardinense-zbJWTp.jpeg","width":1273,"height":718},{"@type":"BreadcrumbList","@id":"https:\/\/deputadotaveirajr.com.br\/index.php\/onibus-tomba-em-curva-e-passageiros-ficam-feridos-na-br-427-no-rn\/#breadcrumb","itemListElement":[{"@type":"ListItem","position":1,"name":"In\u00edcio","item":"https:\/\/deputadotaveirajr.com.br\/"},{"@type":"ListItem","position":2,"name":"\u00d4nibus tomba em curva e passageiros ficam feridos na BR-427 no RN"}]},{"@type":"WebSite","@id":"https:\/\/deputadotaveirajr.com.br\/#website","url":"https:\/\/deputadotaveirajr.com.br\/","name":"Taveira Jr","description":"Deputado Estadual","publisher":{"@id":"https:\/\/deputadotaveirajr.com.br\/#organization"},"potentialAction":[{"@type":"SearchAction","target":{"@type":"EntryPoint","urlTemplate":"https:\/\/deputadotaveirajr.com.br\/?s={search_term_string}"},"query-input":{"@type":"PropertyValueSpecification","valueRequired":true,"valueName":"search_term_string"}}],"inLanguage":"pt-BR"},{"@type":"Organization","@id":"https:\/\/deputadotaveirajr.com.br\/#organization","name":"Taveira Jr","url":"https:\/\/deputadotaveirajr.com.br\/","logo":{"@type":"ImageObject","inLanguage":"pt-BR","@id":"https:\/\/deputadotaveirajr.com.br\/#\/schema\/logo\/image\/","url":"https:\/\/deputadotaveirajr.com.br\/wp-content\/uploads\/2026\/01\/logolow2a.png","contentUrl":"https:\/\/deputadotaveirajr.com.br\/wp-content\/uploads\/2026\/01\/logolow2a.png","width":290,"height":80,"caption":"Taveira Jr"},"image":{"@id":"https:\/\/deputadotaveirajr.com.br\/#\/schema\/logo\/image\/"}}]}},"_links":{"self":[{"href":"https:\/\/deputadotaveirajr.com.br\/index.php\/wp-json\/wp\/v2\/pages\/6660","targetHints":{"allow":["GET"]}}],"collection":[{"href":"https:\/\/deputadotaveirajr.com.br\/index.php\/wp-json\/wp\/v2\/pages"}],"about":[{"href":"https:\/\/deputadotaveirajr.com.br\/index.php\/wp-json\/wp\/v2\/types\/page"}],"replies":[{"embeddable":true,"href":"https:\/\/deputadotaveirajr.com.br\/index.php\/wp-json\/wp\/v2\/comments?post=6660"}],"version-history":[{"count":1,"href":"https:\/\/deputadotaveirajr.com.br\/index.php\/wp-json\/wp\/v2\/pages\/6660\/revisions"}],"predecessor-version":[{"id":6665,"href":"https:\/\/deputadotaveirajr.com.br\/index.php\/wp-json\/wp\/v2\/pages\/6660\/revisions\/6665"}],"wp:featuredmedia":[{"embeddable":true,"href":"https:\/\/deputadotaveirajr.com.br\/index.php\/wp-json\/wp\/v2\/media\/6661"}],"wp:attachment":[{"href":"https:\/\/deputadotaveirajr.com.br\/index.php\/wp-json\/wp\/v2\/media?parent=6660"}],"curies":[{"name":"wp","href":"https:\/\/api.w.org\/{rel}","templated":true}]}}