{"id":6706,"date":"2024-06-05T14:37:43","date_gmt":"2024-06-05T17:37:43","guid":{"rendered":"https:\/\/deputadotaveirajr.com.br\/?page_id=6706"},"modified":"2024-06-05T14:37:43","modified_gmt":"2024-06-05T17:37:43","slug":"natal-inicia-aplicacao-de-vacina-atualizada-contra-a-covid-veja-quem-pode-receber","status":"publish","type":"page","link":"https:\/\/deputadotaveirajr.com.br\/index.php\/natal-inicia-aplicacao-de-vacina-atualizada-contra-a-covid-veja-quem-pode-receber\/","title":{"rendered":"Natal inicia aplica\u00e7\u00e3o de vacina atualizada contra a Covid; veja quem pode receber"},"content":{"rendered":"<p>     Vacina est\u00e1 dispon\u00edvel nas unidades b\u00e1sicas de sa\u00fade e nos pontos extras. Vacina XBB, contra a Covid-19, da empresa Moderna<br \/>\nRodrigo Clemente\/Prefeitura de Belo Horizonte<br \/>\nNatal come\u00e7ou a aplicar a nova vacina contra a Covid, que est\u00e1 atualizada para combater a subvariante XBB.1.5, da variante \u00f4micron, que se tornou dominante no mundo.<br \/>\nPodem se vacinar contra a doen\u00e7a crian\u00e7as menores de cinco anos de idade e p\u00fablicos priorit\u00e1rios (veja lista completa mais abaixo).<br \/>\n\ud83d\udcf3Participe do canal do g1 RN no WhatsApp<br \/>\nA vacina\u00e7\u00e3o come\u00e7ou a ser aplicada nos seguintes pontos em Natal:<br \/>\nUnidades B\u00e1sicas de Sa\u00fade de Natal (UBS) &#8211; de segunda a sexta-feira, das 8h \u00e0s 12h e de 13h \u00e0s 15h;<br \/>\nPontos extras dos shoppings Midway Mall e Partage Norte &#8211; de segunda a sexta, das 13h \u00e0s 20h, e no s\u00e1bado, das 15h \u00e0s 20h.<br \/>\nA vacina monovalente XBB, segundo a Secretaria Municipal de Sa\u00fade, \u00e9 a vers\u00e3o mais atualizada para combater as variantes da doen\u00e7a, tendo uma constru\u00e7\u00e3o semelhante \u00e0s vers\u00f5es bivalentes dos imunizantes.<br \/>\nQuem pode se vacinar<br \/>\nCrian\u00e7as entre 6 meses e menores de 5 anos<br \/>\nPara as n\u00e3o vacinadas contra a Covid-19, o esquema ser\u00e1 composto por duas doses da vacina monovalente XBB, com intervalo de quatro semanas entre as aplica\u00e7\u00f5es.<br \/>\nPara crian\u00e7as que receberam uma dose da Pfizer Baby ou Coronavac, o esquema ser\u00e1 completado com duas doses do novo imunizante, com intervalo entre quatro e oito semanas. As que receberam duas doses de alguma das vacinas, a terceira dose ser\u00e1 aplicada com a monovalente XBB, com intervalo de oito semanas entre as aplica\u00e7\u00f5es.<br \/>\nE para as que completaram o esquema vacinal com tr\u00eas doses, devem receber uma dose de refor\u00e7o ap\u00f3s quatro meses da \u00faltima aplica\u00e7\u00e3o.<br \/>\nGrupos Priorit\u00e1rios<br \/>\nTrabalhadores de sa\u00fade;<br \/>\nGestantes e pu\u00e9rperas;<br \/>\nPovos ind\u00edgenas e ribeirinhos;<br \/>\nIdosos com idade acima de 60;<br \/>\nIdosos em Institui\u00e7\u00f5es de Longa Perman\u00eancia para Idosos (ILPIs) e trabalhadores dos servi\u00e7os;<br \/>\nQuilombolas;<br \/>\nPessoa com defici\u00eancias;<br \/>\nPessoas com comorbidades;<br \/>\nImunossuprimidos;<br \/>\nPopula\u00e7\u00e3o privada de liberdade e funcion\u00e1rios do sistema prisional;<br \/>\nPopula\u00e7\u00e3o de rua;<br \/>\nO p\u00fablico-alvo vacinado com alguma dose do imunizante bivalente deve receber uma dose anual da monovalente XBB, com intervalo de seis meses ap\u00f3s a \u00faltima dose contra a Covid-19.<br \/>\nPessoas com idade acima de 60, gestante e pu\u00e9rperas devem receber duas doses anuais, respeitando o intervalo de seis meses entre as doses. Para pessoas imunocomprometidas deve seguir o calend\u00e1rio espec\u00edfico para esse grupo.<br \/>\nPessoas que n\u00e3o pertencem ao grupo alvo, n\u00e3o vacinadas com nenhuma dose de Covid-19 podem receber dose \u00fanica da vacina monovalente XBB para fins necess\u00e1rios, como viagens, empregos, est\u00e1gios, etc.<br \/>\nV\u00eddeos mais assistidos do g1 RN<\/p>","protected":false},"excerpt":{"rendered":"<p>Vacina est\u00e1 dispon\u00edvel nas unidades b\u00e1sicas de sa\u00fade e nos pontos extras. Vacina XBB, contra a Covid-19, da empresa Moderna Rodrigo Clemente\/Prefeitura de Belo Horizonte Natal come\u00e7ou a aplicar a &#8230;<\/p>\n","protected":false},"author":0,"featured_media":6707,"parent":0,"menu_order":0,"comment_status":"closed","ping_status":"closed","template":"","meta":{"footnotes":""},"class_list":["post-6706","page","type-page","status-publish","has-post-thumbnail","hentry"],"yoast_head":"<!-- This site is optimized with the Yoast SEO plugin v27.1.1 - https:\/\/yoast.com\/product\/yoast-seo-wordpress\/ -->\n<title>Natal inicia aplica\u00e7\u00e3o de vacina atualizada contra a Covid; veja quem pode receber - Taveira Jr<\/title>\n<meta name=\"robots\" content=\"index, follow, max-snippet:-1, max-image-preview:large, max-video-preview:-1\" \/>\n<link rel=\"canonical\" href=\"https:\/\/deputadotaveirajr.com.br\/index.php\/natal-inicia-aplicacao-de-vacina-atualizada-contra-a-covid-veja-quem-pode-receber\/\" \/>\n<meta property=\"og:locale\" content=\"pt_BR\" \/>\n<meta property=\"og:type\" content=\"article\" \/>\n<meta property=\"og:title\" content=\"Natal inicia aplica\u00e7\u00e3o de vacina atualizada contra a Covid; veja quem pode receber - Taveira Jr\" \/>\n<meta property=\"og:description\" content=\"Vacina est\u00e1 dispon\u00edvel nas unidades b\u00e1sicas de sa\u00fade e nos pontos extras. Vacina XBB, contra a Covid-19, da empresa Moderna Rodrigo Clemente\/Prefeitura de Belo Horizonte Natal come\u00e7ou a aplicar a ...\" \/>\n<meta property=\"og:url\" content=\"https:\/\/deputadotaveirajr.com.br\/index.php\/natal-inicia-aplicacao-de-vacina-atualizada-contra-a-covid-veja-quem-pode-receber\/\" \/>\n<meta property=\"og:site_name\" content=\"Taveira Jr\" \/>\n<meta property=\"og:image\" content=\"https:\/\/deputadotaveirajr.com.br\/wp-content\/uploads\/2024\/06\/whatsapp-image-2024-05-31-at-18.45.14-6VSdgQ.jpeg\" \/>\n\t<meta property=\"og:image:width\" content=\"1320\" \/>\n\t<meta property=\"og:image:height\" content=\"720\" \/>\n\t<meta property=\"og:image:type\" content=\"image\/jpeg\" \/>\n<meta name=\"twitter:card\" content=\"summary_large_image\" \/>\n<meta name=\"twitter:label1\" content=\"Est. tempo de leitura\" \/>\n\t<meta name=\"twitter:data1\" content=\"2 minutos\" \/>\n<script type=\"application\/ld+json\" class=\"yoast-schema-graph\">{\"@context\":\"https:\/\/schema.org\",\"@graph\":[{\"@type\":\"WebPage\",\"@id\":\"https:\/\/deputadotaveirajr.com.br\/index.php\/natal-inicia-aplicacao-de-vacina-atualizada-contra-a-covid-veja-quem-pode-receber\/\",\"url\":\"https:\/\/deputadotaveirajr.com.br\/index.php\/natal-inicia-aplicacao-de-vacina-atualizada-contra-a-covid-veja-quem-pode-receber\/\",\"name\":\"Natal inicia aplica\u00e7\u00e3o de vacina atualizada contra a Covid; veja quem pode receber - Taveira Jr\",\"isPartOf\":{\"@id\":\"https:\/\/deputadotaveirajr.com.br\/#website\"},\"primaryImageOfPage\":{\"@id\":\"https:\/\/deputadotaveirajr.com.br\/index.php\/natal-inicia-aplicacao-de-vacina-atualizada-contra-a-covid-veja-quem-pode-receber\/#primaryimage\"},\"image\":{\"@id\":\"https:\/\/deputadotaveirajr.com.br\/index.php\/natal-inicia-aplicacao-de-vacina-atualizada-contra-a-covid-veja-quem-pode-receber\/#primaryimage\"},\"thumbnailUrl\":\"https:\/\/deputadotaveirajr.com.br\/wp-content\/uploads\/2024\/06\/whatsapp-image-2024-05-31-at-18.45.14-6VSdgQ.jpeg\",\"datePublished\":\"2024-06-05T17:37:43+00:00\",\"breadcrumb\":{\"@id\":\"https:\/\/deputadotaveirajr.com.br\/index.php\/natal-inicia-aplicacao-de-vacina-atualizada-contra-a-covid-veja-quem-pode-receber\/#breadcrumb\"},\"inLanguage\":\"pt-BR\",\"potentialAction\":[{\"@type\":\"ReadAction\",\"target\":[\"https:\/\/deputadotaveirajr.com.br\/index.php\/natal-inicia-aplicacao-de-vacina-atualizada-contra-a-covid-veja-quem-pode-receber\/\"]}]},{\"@type\":\"ImageObject\",\"inLanguage\":\"pt-BR\",\"@id\":\"https:\/\/deputadotaveirajr.com.br\/index.php\/natal-inicia-aplicacao-de-vacina-atualizada-contra-a-covid-veja-quem-pode-receber\/#primaryimage\",\"url\":\"https:\/\/deputadotaveirajr.com.br\/wp-content\/uploads\/2024\/06\/whatsapp-image-2024-05-31-at-18.45.14-6VSdgQ.jpeg\",\"contentUrl\":\"https:\/\/deputadotaveirajr.com.br\/wp-content\/uploads\/2024\/06\/whatsapp-image-2024-05-31-at-18.45.14-6VSdgQ.jpeg\",\"width\":1320,\"height\":720},{\"@type\":\"BreadcrumbList\",\"@id\":\"https:\/\/deputadotaveirajr.com.br\/index.php\/natal-inicia-aplicacao-de-vacina-atualizada-contra-a-covid-veja-quem-pode-receber\/#breadcrumb\",\"itemListElement\":[{\"@type\":\"ListItem\",\"position\":1,\"name\":\"In\u00edcio\",\"item\":\"https:\/\/deputadotaveirajr.com.br\/\"},{\"@type\":\"ListItem\",\"position\":2,\"name\":\"Natal inicia aplica\u00e7\u00e3o de vacina atualizada contra a Covid; veja quem pode receber\"}]},{\"@type\":\"WebSite\",\"@id\":\"https:\/\/deputadotaveirajr.com.br\/#website\",\"url\":\"https:\/\/deputadotaveirajr.com.br\/\",\"name\":\"Taveira Jr\",\"description\":\"Deputado Estadual\",\"publisher\":{\"@id\":\"https:\/\/deputadotaveirajr.com.br\/#organization\"},\"potentialAction\":[{\"@type\":\"SearchAction\",\"target\":{\"@type\":\"EntryPoint\",\"urlTemplate\":\"https:\/\/deputadotaveirajr.com.br\/?s={search_term_string}\"},\"query-input\":{\"@type\":\"PropertyValueSpecification\",\"valueRequired\":true,\"valueName\":\"search_term_string\"}}],\"inLanguage\":\"pt-BR\"},{\"@type\":\"Organization\",\"@id\":\"https:\/\/deputadotaveirajr.com.br\/#organization\",\"name\":\"Taveira Jr\",\"url\":\"https:\/\/deputadotaveirajr.com.br\/\",\"logo\":{\"@type\":\"ImageObject\",\"inLanguage\":\"pt-BR\",\"@id\":\"https:\/\/deputadotaveirajr.com.br\/#\/schema\/logo\/image\/\",\"url\":\"https:\/\/deputadotaveirajr.com.br\/wp-content\/uploads\/2026\/01\/logolow2a.png\",\"contentUrl\":\"https:\/\/deputadotaveirajr.com.br\/wp-content\/uploads\/2026\/01\/logolow2a.png\",\"width\":290,\"height\":80,\"caption\":\"Taveira Jr\"},\"image\":{\"@id\":\"https:\/\/deputadotaveirajr.com.br\/#\/schema\/logo\/image\/\"}}]}<\/script>\n<!-- \/ Yoast SEO plugin. -->","yoast_head_json":{"title":"Natal inicia aplica\u00e7\u00e3o de vacina atualizada contra a Covid; veja quem pode receber - Taveira Jr","robots":{"index":"index","follow":"follow","max-snippet":"max-snippet:-1","max-image-preview":"max-image-preview:large","max-video-preview":"max-video-preview:-1"},"canonical":"https:\/\/deputadotaveirajr.com.br\/index.php\/natal-inicia-aplicacao-de-vacina-atualizada-contra-a-covid-veja-quem-pode-receber\/","og_locale":"pt_BR","og_type":"article","og_title":"Natal inicia aplica\u00e7\u00e3o de vacina atualizada contra a Covid; veja quem pode receber - Taveira Jr","og_description":"Vacina est\u00e1 dispon\u00edvel nas unidades b\u00e1sicas de sa\u00fade e nos pontos extras. Vacina XBB, contra a Covid-19, da empresa Moderna Rodrigo Clemente\/Prefeitura de Belo Horizonte Natal come\u00e7ou a aplicar a ...","og_url":"https:\/\/deputadotaveirajr.com.br\/index.php\/natal-inicia-aplicacao-de-vacina-atualizada-contra-a-covid-veja-quem-pode-receber\/","og_site_name":"Taveira Jr","og_image":[{"width":1320,"height":720,"url":"https:\/\/deputadotaveirajr.com.br\/wp-content\/uploads\/2024\/06\/whatsapp-image-2024-05-31-at-18.45.14-6VSdgQ.jpeg","type":"image\/jpeg"}],"twitter_card":"summary_large_image","twitter_misc":{"Est. tempo de leitura":"2 minutos"},"schema":{"@context":"https:\/\/schema.org","@graph":[{"@type":"WebPage","@id":"https:\/\/deputadotaveirajr.com.br\/index.php\/natal-inicia-aplicacao-de-vacina-atualizada-contra-a-covid-veja-quem-pode-receber\/","url":"https:\/\/deputadotaveirajr.com.br\/index.php\/natal-inicia-aplicacao-de-vacina-atualizada-contra-a-covid-veja-quem-pode-receber\/","name":"Natal inicia aplica\u00e7\u00e3o de vacina atualizada contra a Covid; veja quem pode receber - Taveira Jr","isPartOf":{"@id":"https:\/\/deputadotaveirajr.com.br\/#website"},"primaryImageOfPage":{"@id":"https:\/\/deputadotaveirajr.com.br\/index.php\/natal-inicia-aplicacao-de-vacina-atualizada-contra-a-covid-veja-quem-pode-receber\/#primaryimage"},"image":{"@id":"https:\/\/deputadotaveirajr.com.br\/index.php\/natal-inicia-aplicacao-de-vacina-atualizada-contra-a-covid-veja-quem-pode-receber\/#primaryimage"},"thumbnailUrl":"https:\/\/deputadotaveirajr.com.br\/wp-content\/uploads\/2024\/06\/whatsapp-image-2024-05-31-at-18.45.14-6VSdgQ.jpeg","datePublished":"2024-06-05T17:37:43+00:00","breadcrumb":{"@id":"https:\/\/deputadotaveirajr.com.br\/index.php\/natal-inicia-aplicacao-de-vacina-atualizada-contra-a-covid-veja-quem-pode-receber\/#breadcrumb"},"inLanguage":"pt-BR","potentialAction":[{"@type":"ReadAction","target":["https:\/\/deputadotaveirajr.com.br\/index.php\/natal-inicia-aplicacao-de-vacina-atualizada-contra-a-covid-veja-quem-pode-receber\/"]}]},{"@type":"ImageObject","inLanguage":"pt-BR","@id":"https:\/\/deputadotaveirajr.com.br\/index.php\/natal-inicia-aplicacao-de-vacina-atualizada-contra-a-covid-veja-quem-pode-receber\/#primaryimage","url":"https:\/\/deputadotaveirajr.com.br\/wp-content\/uploads\/2024\/06\/whatsapp-image-2024-05-31-at-18.45.14-6VSdgQ.jpeg","contentUrl":"https:\/\/deputadotaveirajr.com.br\/wp-content\/uploads\/2024\/06\/whatsapp-image-2024-05-31-at-18.45.14-6VSdgQ.jpeg","width":1320,"height":720},{"@type":"BreadcrumbList","@id":"https:\/\/deputadotaveirajr.com.br\/index.php\/natal-inicia-aplicacao-de-vacina-atualizada-contra-a-covid-veja-quem-pode-receber\/#breadcrumb","itemListElement":[{"@type":"ListItem","position":1,"name":"In\u00edcio","item":"https:\/\/deputadotaveirajr.com.br\/"},{"@type":"ListItem","position":2,"name":"Natal inicia aplica\u00e7\u00e3o de vacina atualizada contra a Covid; veja quem pode receber"}]},{"@type":"WebSite","@id":"https:\/\/deputadotaveirajr.com.br\/#website","url":"https:\/\/deputadotaveirajr.com.br\/","name":"Taveira Jr","description":"Deputado Estadual","publisher":{"@id":"https:\/\/deputadotaveirajr.com.br\/#organization"},"potentialAction":[{"@type":"SearchAction","target":{"@type":"EntryPoint","urlTemplate":"https:\/\/deputadotaveirajr.com.br\/?s={search_term_string}"},"query-input":{"@type":"PropertyValueSpecification","valueRequired":true,"valueName":"search_term_string"}}],"inLanguage":"pt-BR"},{"@type":"Organization","@id":"https:\/\/deputadotaveirajr.com.br\/#organization","name":"Taveira Jr","url":"https:\/\/deputadotaveirajr.com.br\/","logo":{"@type":"ImageObject","inLanguage":"pt-BR","@id":"https:\/\/deputadotaveirajr.com.br\/#\/schema\/logo\/image\/","url":"https:\/\/deputadotaveirajr.com.br\/wp-content\/uploads\/2026\/01\/logolow2a.png","contentUrl":"https:\/\/deputadotaveirajr.com.br\/wp-content\/uploads\/2026\/01\/logolow2a.png","width":290,"height":80,"caption":"Taveira Jr"},"image":{"@id":"https:\/\/deputadotaveirajr.com.br\/#\/schema\/logo\/image\/"}}]}},"_links":{"self":[{"href":"https:\/\/deputadotaveirajr.com.br\/index.php\/wp-json\/wp\/v2\/pages\/6706","targetHints":{"allow":["GET"]}}],"collection":[{"href":"https:\/\/deputadotaveirajr.com.br\/index.php\/wp-json\/wp\/v2\/pages"}],"about":[{"href":"https:\/\/deputadotaveirajr.com.br\/index.php\/wp-json\/wp\/v2\/types\/page"}],"replies":[{"embeddable":true,"href":"https:\/\/deputadotaveirajr.com.br\/index.php\/wp-json\/wp\/v2\/comments?post=6706"}],"version-history":[{"count":1,"href":"https:\/\/deputadotaveirajr.com.br\/index.php\/wp-json\/wp\/v2\/pages\/6706\/revisions"}],"predecessor-version":[{"id":6708,"href":"https:\/\/deputadotaveirajr.com.br\/index.php\/wp-json\/wp\/v2\/pages\/6706\/revisions\/6708"}],"wp:featuredmedia":[{"embeddable":true,"href":"https:\/\/deputadotaveirajr.com.br\/index.php\/wp-json\/wp\/v2\/media\/6707"}],"wp:attachment":[{"href":"https:\/\/deputadotaveirajr.com.br\/index.php\/wp-json\/wp\/v2\/media?parent=6706"}],"curies":[{"name":"wp","href":"https:\/\/api.w.org\/{rel}","templated":true}]}}