{"id":6740,"date":"2024-06-06T21:02:49","date_gmt":"2024-06-07T00:02:49","guid":{"rendered":"https:\/\/deputadotaveirajr.com.br\/?page_id=6740"},"modified":"2024-06-06T21:02:49","modified_gmt":"2024-06-07T00:02:49","slug":"cratera-se-abre-e-interdita-trecho-de-avenida-que-liga-bairros-de-natal-a-parnamirim","status":"publish","type":"page","link":"https:\/\/deputadotaveirajr.com.br\/index.php\/cratera-se-abre-e-interdita-trecho-de-avenida-que-liga-bairros-de-natal-a-parnamirim\/","title":{"rendered":"Cratera se abre e interdita trecho de avenida que liga bairros de Natal a Parnamirim"},"content":{"rendered":"<p>     Buraco havia aberto na manh\u00e3 desta quinta-feira (6) e \u00e1rea havia sido isolada na Avenida Olavo Montenegro. Na ter\u00e7a, pista havia alagado.  Cratera se abriu na tarde desta quinta-feira na Avenida Olavo Montenegro<br \/>\nFrancielly Medeiros\/Inter TV Cabugi<br \/>\nUma cratera de aproximadamente 15 metros de extens\u00e3o se abriu na tarde desta quinta-feira (6) na Rodovia Estadual Olavo Montenegro, que liga bairros das cidades de Parnamirim e Natal. Com isso, parte da avenida foi interditada.<br \/>\nO tr\u00e2nsito no trecho ficou mais lento, e o Comando de Policiamento Rodovi\u00e1rio Estadual (CPRE) criou um desvio. Assim, ve\u00edculos t\u00eam usado um \u00fanico lado da pista, que se tornou de m\u00e3o dupla, com uma faixa em cada sentido.<br \/>\nA cratera se abriu pouco ap\u00f3s a interven\u00e7\u00e3o de oper\u00e1rios, que trabalhavam para a recupera\u00e7\u00e3o de um buraco que abriu pela manh\u00e3 e havia isolado uma faixa da rodovia.<br \/>\n\ud83d\udcf3Participe do canal do g1 RN no WhatsApp<br \/>\nO Departamento de Estradas de Rodagem (DER-RN) acionou pela manh\u00e3 uma equipe para consertar o buraco, e o trecho foi fechado pelo CPRE.<br \/>\n&#8220;Quando a gente fez esse desvio e come\u00e7ou a fazer essa escava\u00e7\u00e3o, aconteceu que abriu mais uma parte do buraco. E est\u00e1 nesse estado que a gente est\u00e1 vendo hoje&#8221;, explicou o engenheiro F\u00e1bio Costa, que trabalha na obra.<br \/>\nDesvio foi criado para ve\u00edculos<br \/>\nFrancielly Medeiros<br \/>\nO engenheiro disse que a expectativa inicial, quando havia apenas o buraco menor, era de que o servi\u00e7o fosse conclu\u00eddo nesta pr\u00f3pria quinta. Ap\u00f3s a queda de mais partes da pista, o engenheiro n\u00e3o determinou uma data para conclus\u00e3o.<br \/>\n&#8220;A gente achou que iria tapar esse buraco hoje [quinta]. O buraco era bem menor. Quando a gente foi fazendo a escava\u00e7\u00e3o, foi vendo que a parte de dentro estava com mais fuga de material. A gente tem que cavar para ver at\u00e9 onde teve essa fuga de material, pra fazer a compacta\u00e7\u00e3o e fazer o asfalto&#8221;, explicou.<br \/>\nA gente come\u00e7ou a analisar e acha que iniciou aqui nesse bueiro, que ele tem uma liga\u00e7\u00e3o daqui com o outro lado. Ent\u00e3o talvez por uma obstru\u00e7\u00e3o aqui, a \u00e1gua come\u00e7ou a extravasar ali no po\u00e7o de visita e correu pra c\u00e1, havendo essa eros\u00e3o.<br \/>\nNa ter\u00e7a-feira passada, a rodovia alagou devido \u00e0s chuvas na capital potiguar e ficou intransit\u00e1vel por pelo menos duas horas, segundo moradores.<br \/>\nBuraco que havia sido aberto na manh\u00e3 desta quinta-feira<br \/>\nRedes sociais<br \/>\nV\u00eddeos mais assistidos do g1 RN<\/p>","protected":false},"excerpt":{"rendered":"<p>Buraco havia aberto na manh\u00e3 desta quinta-feira (6) e \u00e1rea havia sido isolada na Avenida Olavo Montenegro. Na ter\u00e7a, pista havia alagado. Cratera se abriu na tarde desta quinta-feira na &#8230;<\/p>\n","protected":false},"author":0,"featured_media":6741,"parent":0,"menu_order":0,"comment_status":"closed","ping_status":"closed","template":"","meta":{"footnotes":""},"class_list":["post-6740","page","type-page","status-publish","has-post-thumbnail","hentry"],"yoast_head":"<!-- This site is optimized with the Yoast SEO plugin v27.1.1 - https:\/\/yoast.com\/product\/yoast-seo-wordpress\/ -->\n<title>Cratera se abre e interdita trecho de avenida que liga bairros de Natal a Parnamirim - Taveira Jr<\/title>\n<meta name=\"robots\" content=\"index, follow, max-snippet:-1, max-image-preview:large, max-video-preview:-1\" \/>\n<link rel=\"canonical\" href=\"https:\/\/deputadotaveirajr.com.br\/index.php\/cratera-se-abre-e-interdita-trecho-de-avenida-que-liga-bairros-de-natal-a-parnamirim\/\" \/>\n<meta property=\"og:locale\" content=\"pt_BR\" \/>\n<meta property=\"og:type\" content=\"article\" \/>\n<meta property=\"og:title\" content=\"Cratera se abre e interdita trecho de avenida que liga bairros de Natal a Parnamirim - Taveira Jr\" \/>\n<meta property=\"og:description\" content=\"Buraco havia aberto na manh\u00e3 desta quinta-feira (6) e \u00e1rea havia sido isolada na Avenida Olavo Montenegro. Na ter\u00e7a, pista havia alagado. Cratera se abriu na tarde desta quinta-feira na ...\" \/>\n<meta property=\"og:url\" content=\"https:\/\/deputadotaveirajr.com.br\/index.php\/cratera-se-abre-e-interdita-trecho-de-avenida-que-liga-bairros-de-natal-a-parnamirim\/\" \/>\n<meta property=\"og:site_name\" content=\"Taveira Jr\" \/>\n<meta property=\"og:image\" content=\"https:\/\/deputadotaveirajr.com.br\/wp-content\/uploads\/2024\/06\/whatsapp-image-2024-06-06-at-16.19.04-lwXEMl.jpeg\" \/>\n\t<meta property=\"og:image:width\" content=\"1600\" \/>\n\t<meta property=\"og:image:height\" content=\"900\" \/>\n\t<meta property=\"og:image:type\" content=\"image\/jpeg\" \/>\n<meta name=\"twitter:card\" content=\"summary_large_image\" \/>\n<meta name=\"twitter:label1\" content=\"Est. tempo de leitura\" \/>\n\t<meta name=\"twitter:data1\" content=\"2 minutos\" \/>\n<script type=\"application\/ld+json\" class=\"yoast-schema-graph\">{\"@context\":\"https:\/\/schema.org\",\"@graph\":[{\"@type\":\"WebPage\",\"@id\":\"https:\/\/deputadotaveirajr.com.br\/index.php\/cratera-se-abre-e-interdita-trecho-de-avenida-que-liga-bairros-de-natal-a-parnamirim\/\",\"url\":\"https:\/\/deputadotaveirajr.com.br\/index.php\/cratera-se-abre-e-interdita-trecho-de-avenida-que-liga-bairros-de-natal-a-parnamirim\/\",\"name\":\"Cratera se abre e interdita trecho de avenida que liga bairros de Natal a Parnamirim - Taveira Jr\",\"isPartOf\":{\"@id\":\"https:\/\/deputadotaveirajr.com.br\/#website\"},\"primaryImageOfPage\":{\"@id\":\"https:\/\/deputadotaveirajr.com.br\/index.php\/cratera-se-abre-e-interdita-trecho-de-avenida-que-liga-bairros-de-natal-a-parnamirim\/#primaryimage\"},\"image\":{\"@id\":\"https:\/\/deputadotaveirajr.com.br\/index.php\/cratera-se-abre-e-interdita-trecho-de-avenida-que-liga-bairros-de-natal-a-parnamirim\/#primaryimage\"},\"thumbnailUrl\":\"https:\/\/deputadotaveirajr.com.br\/wp-content\/uploads\/2024\/06\/whatsapp-image-2024-06-06-at-16.19.04-lwXEMl.jpeg\",\"datePublished\":\"2024-06-07T00:02:49+00:00\",\"breadcrumb\":{\"@id\":\"https:\/\/deputadotaveirajr.com.br\/index.php\/cratera-se-abre-e-interdita-trecho-de-avenida-que-liga-bairros-de-natal-a-parnamirim\/#breadcrumb\"},\"inLanguage\":\"pt-BR\",\"potentialAction\":[{\"@type\":\"ReadAction\",\"target\":[\"https:\/\/deputadotaveirajr.com.br\/index.php\/cratera-se-abre-e-interdita-trecho-de-avenida-que-liga-bairros-de-natal-a-parnamirim\/\"]}]},{\"@type\":\"ImageObject\",\"inLanguage\":\"pt-BR\",\"@id\":\"https:\/\/deputadotaveirajr.com.br\/index.php\/cratera-se-abre-e-interdita-trecho-de-avenida-que-liga-bairros-de-natal-a-parnamirim\/#primaryimage\",\"url\":\"https:\/\/deputadotaveirajr.com.br\/wp-content\/uploads\/2024\/06\/whatsapp-image-2024-06-06-at-16.19.04-lwXEMl.jpeg\",\"contentUrl\":\"https:\/\/deputadotaveirajr.com.br\/wp-content\/uploads\/2024\/06\/whatsapp-image-2024-06-06-at-16.19.04-lwXEMl.jpeg\",\"width\":1600,\"height\":900},{\"@type\":\"BreadcrumbList\",\"@id\":\"https:\/\/deputadotaveirajr.com.br\/index.php\/cratera-se-abre-e-interdita-trecho-de-avenida-que-liga-bairros-de-natal-a-parnamirim\/#breadcrumb\",\"itemListElement\":[{\"@type\":\"ListItem\",\"position\":1,\"name\":\"In\u00edcio\",\"item\":\"https:\/\/deputadotaveirajr.com.br\/\"},{\"@type\":\"ListItem\",\"position\":2,\"name\":\"Cratera se abre e interdita trecho de avenida que liga bairros de Natal a Parnamirim\"}]},{\"@type\":\"WebSite\",\"@id\":\"https:\/\/deputadotaveirajr.com.br\/#website\",\"url\":\"https:\/\/deputadotaveirajr.com.br\/\",\"name\":\"Taveira Jr\",\"description\":\"Deputado Estadual\",\"publisher\":{\"@id\":\"https:\/\/deputadotaveirajr.com.br\/#organization\"},\"potentialAction\":[{\"@type\":\"SearchAction\",\"target\":{\"@type\":\"EntryPoint\",\"urlTemplate\":\"https:\/\/deputadotaveirajr.com.br\/?s={search_term_string}\"},\"query-input\":{\"@type\":\"PropertyValueSpecification\",\"valueRequired\":true,\"valueName\":\"search_term_string\"}}],\"inLanguage\":\"pt-BR\"},{\"@type\":\"Organization\",\"@id\":\"https:\/\/deputadotaveirajr.com.br\/#organization\",\"name\":\"Taveira Jr\",\"url\":\"https:\/\/deputadotaveirajr.com.br\/\",\"logo\":{\"@type\":\"ImageObject\",\"inLanguage\":\"pt-BR\",\"@id\":\"https:\/\/deputadotaveirajr.com.br\/#\/schema\/logo\/image\/\",\"url\":\"https:\/\/deputadotaveirajr.com.br\/wp-content\/uploads\/2026\/01\/logolow2a.png\",\"contentUrl\":\"https:\/\/deputadotaveirajr.com.br\/wp-content\/uploads\/2026\/01\/logolow2a.png\",\"width\":290,\"height\":80,\"caption\":\"Taveira Jr\"},\"image\":{\"@id\":\"https:\/\/deputadotaveirajr.com.br\/#\/schema\/logo\/image\/\"}}]}<\/script>\n<!-- \/ Yoast SEO plugin. -->","yoast_head_json":{"title":"Cratera se abre e interdita trecho de avenida que liga bairros de Natal a Parnamirim - Taveira Jr","robots":{"index":"index","follow":"follow","max-snippet":"max-snippet:-1","max-image-preview":"max-image-preview:large","max-video-preview":"max-video-preview:-1"},"canonical":"https:\/\/deputadotaveirajr.com.br\/index.php\/cratera-se-abre-e-interdita-trecho-de-avenida-que-liga-bairros-de-natal-a-parnamirim\/","og_locale":"pt_BR","og_type":"article","og_title":"Cratera se abre e interdita trecho de avenida que liga bairros de Natal a Parnamirim - Taveira Jr","og_description":"Buraco havia aberto na manh\u00e3 desta quinta-feira (6) e \u00e1rea havia sido isolada na Avenida Olavo Montenegro. Na ter\u00e7a, pista havia alagado. Cratera se abriu na tarde desta quinta-feira na ...","og_url":"https:\/\/deputadotaveirajr.com.br\/index.php\/cratera-se-abre-e-interdita-trecho-de-avenida-que-liga-bairros-de-natal-a-parnamirim\/","og_site_name":"Taveira Jr","og_image":[{"width":1600,"height":900,"url":"https:\/\/deputadotaveirajr.com.br\/wp-content\/uploads\/2024\/06\/whatsapp-image-2024-06-06-at-16.19.04-lwXEMl.jpeg","type":"image\/jpeg"}],"twitter_card":"summary_large_image","twitter_misc":{"Est. tempo de leitura":"2 minutos"},"schema":{"@context":"https:\/\/schema.org","@graph":[{"@type":"WebPage","@id":"https:\/\/deputadotaveirajr.com.br\/index.php\/cratera-se-abre-e-interdita-trecho-de-avenida-que-liga-bairros-de-natal-a-parnamirim\/","url":"https:\/\/deputadotaveirajr.com.br\/index.php\/cratera-se-abre-e-interdita-trecho-de-avenida-que-liga-bairros-de-natal-a-parnamirim\/","name":"Cratera se abre e interdita trecho de avenida que liga bairros de Natal a Parnamirim - Taveira Jr","isPartOf":{"@id":"https:\/\/deputadotaveirajr.com.br\/#website"},"primaryImageOfPage":{"@id":"https:\/\/deputadotaveirajr.com.br\/index.php\/cratera-se-abre-e-interdita-trecho-de-avenida-que-liga-bairros-de-natal-a-parnamirim\/#primaryimage"},"image":{"@id":"https:\/\/deputadotaveirajr.com.br\/index.php\/cratera-se-abre-e-interdita-trecho-de-avenida-que-liga-bairros-de-natal-a-parnamirim\/#primaryimage"},"thumbnailUrl":"https:\/\/deputadotaveirajr.com.br\/wp-content\/uploads\/2024\/06\/whatsapp-image-2024-06-06-at-16.19.04-lwXEMl.jpeg","datePublished":"2024-06-07T00:02:49+00:00","breadcrumb":{"@id":"https:\/\/deputadotaveirajr.com.br\/index.php\/cratera-se-abre-e-interdita-trecho-de-avenida-que-liga-bairros-de-natal-a-parnamirim\/#breadcrumb"},"inLanguage":"pt-BR","potentialAction":[{"@type":"ReadAction","target":["https:\/\/deputadotaveirajr.com.br\/index.php\/cratera-se-abre-e-interdita-trecho-de-avenida-que-liga-bairros-de-natal-a-parnamirim\/"]}]},{"@type":"ImageObject","inLanguage":"pt-BR","@id":"https:\/\/deputadotaveirajr.com.br\/index.php\/cratera-se-abre-e-interdita-trecho-de-avenida-que-liga-bairros-de-natal-a-parnamirim\/#primaryimage","url":"https:\/\/deputadotaveirajr.com.br\/wp-content\/uploads\/2024\/06\/whatsapp-image-2024-06-06-at-16.19.04-lwXEMl.jpeg","contentUrl":"https:\/\/deputadotaveirajr.com.br\/wp-content\/uploads\/2024\/06\/whatsapp-image-2024-06-06-at-16.19.04-lwXEMl.jpeg","width":1600,"height":900},{"@type":"BreadcrumbList","@id":"https:\/\/deputadotaveirajr.com.br\/index.php\/cratera-se-abre-e-interdita-trecho-de-avenida-que-liga-bairros-de-natal-a-parnamirim\/#breadcrumb","itemListElement":[{"@type":"ListItem","position":1,"name":"In\u00edcio","item":"https:\/\/deputadotaveirajr.com.br\/"},{"@type":"ListItem","position":2,"name":"Cratera se abre e interdita trecho de avenida que liga bairros de Natal a Parnamirim"}]},{"@type":"WebSite","@id":"https:\/\/deputadotaveirajr.com.br\/#website","url":"https:\/\/deputadotaveirajr.com.br\/","name":"Taveira Jr","description":"Deputado Estadual","publisher":{"@id":"https:\/\/deputadotaveirajr.com.br\/#organization"},"potentialAction":[{"@type":"SearchAction","target":{"@type":"EntryPoint","urlTemplate":"https:\/\/deputadotaveirajr.com.br\/?s={search_term_string}"},"query-input":{"@type":"PropertyValueSpecification","valueRequired":true,"valueName":"search_term_string"}}],"inLanguage":"pt-BR"},{"@type":"Organization","@id":"https:\/\/deputadotaveirajr.com.br\/#organization","name":"Taveira Jr","url":"https:\/\/deputadotaveirajr.com.br\/","logo":{"@type":"ImageObject","inLanguage":"pt-BR","@id":"https:\/\/deputadotaveirajr.com.br\/#\/schema\/logo\/image\/","url":"https:\/\/deputadotaveirajr.com.br\/wp-content\/uploads\/2026\/01\/logolow2a.png","contentUrl":"https:\/\/deputadotaveirajr.com.br\/wp-content\/uploads\/2026\/01\/logolow2a.png","width":290,"height":80,"caption":"Taveira Jr"},"image":{"@id":"https:\/\/deputadotaveirajr.com.br\/#\/schema\/logo\/image\/"}}]}},"_links":{"self":[{"href":"https:\/\/deputadotaveirajr.com.br\/index.php\/wp-json\/wp\/v2\/pages\/6740","targetHints":{"allow":["GET"]}}],"collection":[{"href":"https:\/\/deputadotaveirajr.com.br\/index.php\/wp-json\/wp\/v2\/pages"}],"about":[{"href":"https:\/\/deputadotaveirajr.com.br\/index.php\/wp-json\/wp\/v2\/types\/page"}],"replies":[{"embeddable":true,"href":"https:\/\/deputadotaveirajr.com.br\/index.php\/wp-json\/wp\/v2\/comments?post=6740"}],"version-history":[{"count":1,"href":"https:\/\/deputadotaveirajr.com.br\/index.php\/wp-json\/wp\/v2\/pages\/6740\/revisions"}],"predecessor-version":[{"id":6743,"href":"https:\/\/deputadotaveirajr.com.br\/index.php\/wp-json\/wp\/v2\/pages\/6740\/revisions\/6743"}],"wp:featuredmedia":[{"embeddable":true,"href":"https:\/\/deputadotaveirajr.com.br\/index.php\/wp-json\/wp\/v2\/media\/6741"}],"wp:attachment":[{"href":"https:\/\/deputadotaveirajr.com.br\/index.php\/wp-json\/wp\/v2\/media?parent=6740"}],"curies":[{"name":"wp","href":"https:\/\/api.w.org\/{rel}","templated":true}]}}