{"id":6745,"date":"2024-06-07T11:28:36","date_gmt":"2024-06-07T14:28:36","guid":{"rendered":"https:\/\/deputadotaveirajr.com.br\/?page_id=6745"},"modified":"2024-06-07T11:28:36","modified_gmt":"2024-06-07T14:28:36","slug":"justica-proibe-que-penitenciaria-rogerio-coutinho-madruga-no-complexo-de-alcacuz-receba-novos-presos","status":"publish","type":"page","link":"https:\/\/deputadotaveirajr.com.br\/index.php\/justica-proibe-que-penitenciaria-rogerio-coutinho-madruga-no-complexo-de-alcacuz-receba-novos-presos\/","title":{"rendered":"Justi\u00e7a pro\u00edbe que Penitenci\u00e1ria Rog\u00e9rio Coutinho Madruga, no Complexo de Alca\u00e7uz, receba novos presos"},"content":{"rendered":"<p>     Segundo magistrado, interdi\u00e7\u00e3o parcial foi decidida ap\u00f3s Seap desativar pavilh\u00e3o e concentrar mais de 600 presos em ala com capacidade para 402 internos.  Penitenci\u00e1ria Estadual Rog\u00e9rio Coutinho Madruga, em N\u00edsia Floresta, na Grande Natal<br \/>\nPedro Trindade\/Inter TV Cabugi<br \/>\nA Justi\u00e7a do Rio Grande do Norte determinou a interdi\u00e7\u00e3o parcial da Penitenci\u00e1ria Estadual Rog\u00e9rio Coutinho Madruga, localizada no Complexo de Alca\u00e7uz, em N\u00edsia Floresta, na Grande Natal. Com a medida, a unidade prisional fica impedida de receber novos presos.<br \/>\nA portaria do juiz Henrique Baltazar, da 1\u00aa Vara Regional de Execu\u00e7\u00e3o Penal, foi publicada nesta sexta-feira (7) no Di\u00e1rio Eletr\u00f4nico da Justi\u00e7a Estadual.<br \/>\nO motivo da interdi\u00e7\u00e3o parcial foi a superlota\u00e7\u00e3o de um pavilh\u00e3o da penitenci\u00e1ria. De acordo com o Judici\u00e1rio, 607 presos est\u00e3o mantidos em uma das alas, que tem capacidade para 402 internos.<br \/>\nNo documento, o juiz ainda afirma que o pres\u00eddio tem limite de 717 vagas nos seus dois pavilh\u00f5es, por\u00e9m o Pavilh\u00e3o 2 teria sido desativado pela Secretaria de Administra\u00e7\u00e3o Penitenci\u00e1ria, &#8220;supostamente em raz\u00e3o de comprometimento de sua estrutura ap\u00f3s tentativa de fuga&#8221;, sem que a pasta tivesse informado a decis\u00e3o ao juiz corregedor.<br \/>\n\ud83d\udcf3Participe do canal do g1 RN no WhatsApp<br \/>\nAo g1, o juiz afirmou que a interdi\u00e7\u00e3o ocorreu no dia 23 de maio, mas ele s\u00f3 tomou conhecimento da mudan\u00e7a no dia 28, por meio de advogados.<br \/>\n&#8220;Oficialmente ainda n\u00e3o fui informado e tamb\u00e9m n\u00e3o me deram qualquer previs\u00e3o de reativa\u00e7\u00e3o. Por isso precisei interditar o outro pavilh\u00e3o, antes da situa\u00e7\u00e3o piorar&#8221;, disse.<br \/>\nA Secretaria de Administra\u00e7\u00e3o Penitenci\u00e1ria foi procurada pelo g1, mas n\u00e3o se posicionou sobre a determina\u00e7\u00e3o at\u00e9 a \u00faltima atualiza\u00e7\u00e3o desta mat\u00e9ria.<br \/>\nHenrique Baltazar tamb\u00e9m afirma na portaria que, no pavilh\u00e3o desativado, estavam recolhidos apenados e presos provis\u00f3rios selecionados para trabalho e estudo, al\u00e9m de outros que necessitavam de separa\u00e7\u00e3o espec\u00edfica, &#8220;inclusive por correrem risco de vida dado amea\u00e7as recebidas das fac\u00e7\u00f5es criminosas&#8221;.<br \/>\nPor\u00e9m, segundo ele, agora todos os presos condenados ou provis\u00f3rios agora est\u00e3o &#8220;juntos em um s\u00f3 pavilh\u00e3o superlotado&#8221;.<br \/>\nO juiz ainda informou que a unidade abriga, atualmente, integrantes e chefes das tr\u00eas fac\u00e7\u00f5es criminosas mais atuantes do estado.<br \/>\nDe acordo com a portaria, ser\u00e1 considerado crime de desobedi\u00eancia o ingresso de novos presos na unidade prisional.<br \/>\n&#8220;A interdi\u00e7\u00e3o poder\u00e1 ser revogada por este ju\u00edzo ap\u00f3s a reativa\u00e7\u00e3o integral do Pavilh\u00e3o n\u00ba 2 da Penitenci\u00e1ria Estadual Rog\u00e9rio Coutinho Madruga ou se verificada a transfer\u00eancia de n\u00famero razo\u00e1vel de apenados para outras unidades prisionais que j\u00e1 n\u00e3o estejam superlotadas&#8221;, informa a decis\u00e3o.<br \/>\nFuga<br \/>\nDois presos fugiram da Penitenci\u00e1ria Estadual Rog\u00e9rio Coutinho Madruga, no dia 30 de abril deste ano. Eles eram &#8220;presos de confian\u00e7a&#8221;, por serem escalados para trabalhos na unidade. Ap\u00f3s o caso, quatro policiais penais foram afastados de penitenci\u00e1ria no RN por &#8216;suposta neglig\u00eancia&#8217;. Os dois fugitivos foram recapturados no dia 21 de maio em Natal.<br \/>\nTamb\u00e9m no dia 21 de maio, a Seap informou, por meio de nota, que policiais penais de plant\u00e3o detectaram, no in\u00edcio da manh\u00e3, danos estruturais em uma cela do Pavilh\u00e3o 2 e atos preparat\u00f3rios para uma fuga.<br \/>\n&#8220;A ocorr\u00eancia foi identificada com ajuda das c\u00e2meras de monitoramento e r\u00e1pida a\u00e7\u00e3o dos policiais penais da unidade e do Grupo de Opera\u00e7\u00f5es Especiais (GOE), presente em patrulhamento no complexo prisional&#8221;, informou na ocasi\u00e3o.<br \/>\nComplexo de Alca\u00e7uz<br \/>\nEm 2017, o Complexo Penitenci\u00e1rio de Alca\u00e7uz, onde est\u00e1 inserida a Penitenci\u00e1ria Estadual Rog\u00e9rio Coutinho Madruga, passou por uma rebeli\u00e3o que terminou com a morte de pelo menos 26 presos &#8211; quase todos decapitados &#8211; e a fuga de outros 56. O epis\u00f3dio ficou conhecido como &#8220;Massacre de Alca\u00e7uz&#8221;.<br \/>\nCriada em 1998, a Penitenci\u00e1ria de Alca\u00e7uz seria a solu\u00e7\u00e3o para acabar com os problemas gerados pela Penitenci\u00e1ria Central Doutor Jo\u00e3o Chaves, conhecida por \u201cCaldeir\u00e3o do Diabo\u201d, na Zona Norte de Natal.<br \/>\nInicialmente conhecida como Pavilh\u00e3o 5 de Alca\u00e7uz, a Penitenci\u00e1ria Rog\u00e9rio Coutinho Madruga foi inaugurada em dezembro de 2010, custou cerca de R$ 11 milh\u00f5es aos cofres p\u00fablicos.<br \/>\nVeja os v\u00eddeos mais assistidos no g1 RN<\/p>","protected":false},"excerpt":{"rendered":"<p>Segundo magistrado, interdi\u00e7\u00e3o parcial foi decidida ap\u00f3s Seap desativar pavilh\u00e3o e concentrar mais de 600 presos em ala com capacidade para 402 internos. Penitenci\u00e1ria Estadual Rog\u00e9rio Coutinho Madruga, em N\u00edsia &#8230;<\/p>\n","protected":false},"author":0,"featured_media":6746,"parent":0,"menu_order":0,"comment_status":"closed","ping_status":"closed","template":"","meta":{"footnotes":""},"class_list":["post-6745","page","type-page","status-publish","has-post-thumbnail","hentry"],"yoast_head":"<!-- This site is optimized with the Yoast SEO plugin v27.1.1 - https:\/\/yoast.com\/product\/yoast-seo-wordpress\/ -->\n<title>Justi\u00e7a pro\u00edbe que Penitenci\u00e1ria Rog\u00e9rio Coutinho Madruga, no Complexo de Alca\u00e7uz, receba novos presos - Taveira Jr<\/title>\n<meta name=\"robots\" content=\"index, follow, max-snippet:-1, max-image-preview:large, max-video-preview:-1\" \/>\n<link rel=\"canonical\" href=\"https:\/\/deputadotaveirajr.com.br\/index.php\/justica-proibe-que-penitenciaria-rogerio-coutinho-madruga-no-complexo-de-alcacuz-receba-novos-presos\/\" \/>\n<meta property=\"og:locale\" content=\"pt_BR\" \/>\n<meta property=\"og:type\" content=\"article\" \/>\n<meta property=\"og:title\" content=\"Justi\u00e7a pro\u00edbe que Penitenci\u00e1ria Rog\u00e9rio Coutinho Madruga, no Complexo de Alca\u00e7uz, receba novos presos - Taveira Jr\" \/>\n<meta property=\"og:description\" content=\"Segundo magistrado, interdi\u00e7\u00e3o parcial foi decidida ap\u00f3s Seap desativar pavilh\u00e3o e concentrar mais de 600 presos em ala com capacidade para 402 internos. Penitenci\u00e1ria Estadual Rog\u00e9rio Coutinho Madruga, em N\u00edsia ...\" \/>\n<meta property=\"og:url\" content=\"https:\/\/deputadotaveirajr.com.br\/index.php\/justica-proibe-que-penitenciaria-rogerio-coutinho-madruga-no-complexo-de-alcacuz-receba-novos-presos\/\" \/>\n<meta property=\"og:site_name\" content=\"Taveira Jr\" \/>\n<meta property=\"og:image\" content=\"https:\/\/deputadotaveirajr.com.br\/wp-content\/uploads\/2024\/06\/whatsapp-image-2023-03-10-at-13.08.26-ntc4le.jpeg\" \/>\n\t<meta property=\"og:image:width\" content=\"1600\" \/>\n\t<meta property=\"og:image:height\" content=\"1223\" \/>\n\t<meta property=\"og:image:type\" content=\"image\/jpeg\" \/>\n<meta name=\"twitter:card\" content=\"summary_large_image\" \/>\n<meta name=\"twitter:label1\" content=\"Est. tempo de leitura\" \/>\n\t<meta name=\"twitter:data1\" content=\"4 minutos\" \/>\n<script type=\"application\/ld+json\" class=\"yoast-schema-graph\">{\"@context\":\"https:\/\/schema.org\",\"@graph\":[{\"@type\":\"WebPage\",\"@id\":\"https:\/\/deputadotaveirajr.com.br\/index.php\/justica-proibe-que-penitenciaria-rogerio-coutinho-madruga-no-complexo-de-alcacuz-receba-novos-presos\/\",\"url\":\"https:\/\/deputadotaveirajr.com.br\/index.php\/justica-proibe-que-penitenciaria-rogerio-coutinho-madruga-no-complexo-de-alcacuz-receba-novos-presos\/\",\"name\":\"Justi\u00e7a pro\u00edbe que Penitenci\u00e1ria Rog\u00e9rio Coutinho Madruga, no Complexo de Alca\u00e7uz, receba novos presos - Taveira Jr\",\"isPartOf\":{\"@id\":\"https:\/\/deputadotaveirajr.com.br\/#website\"},\"primaryImageOfPage\":{\"@id\":\"https:\/\/deputadotaveirajr.com.br\/index.php\/justica-proibe-que-penitenciaria-rogerio-coutinho-madruga-no-complexo-de-alcacuz-receba-novos-presos\/#primaryimage\"},\"image\":{\"@id\":\"https:\/\/deputadotaveirajr.com.br\/index.php\/justica-proibe-que-penitenciaria-rogerio-coutinho-madruga-no-complexo-de-alcacuz-receba-novos-presos\/#primaryimage\"},\"thumbnailUrl\":\"https:\/\/deputadotaveirajr.com.br\/wp-content\/uploads\/2024\/06\/whatsapp-image-2023-03-10-at-13.08.26-ntc4le.jpeg\",\"datePublished\":\"2024-06-07T14:28:36+00:00\",\"breadcrumb\":{\"@id\":\"https:\/\/deputadotaveirajr.com.br\/index.php\/justica-proibe-que-penitenciaria-rogerio-coutinho-madruga-no-complexo-de-alcacuz-receba-novos-presos\/#breadcrumb\"},\"inLanguage\":\"pt-BR\",\"potentialAction\":[{\"@type\":\"ReadAction\",\"target\":[\"https:\/\/deputadotaveirajr.com.br\/index.php\/justica-proibe-que-penitenciaria-rogerio-coutinho-madruga-no-complexo-de-alcacuz-receba-novos-presos\/\"]}]},{\"@type\":\"ImageObject\",\"inLanguage\":\"pt-BR\",\"@id\":\"https:\/\/deputadotaveirajr.com.br\/index.php\/justica-proibe-que-penitenciaria-rogerio-coutinho-madruga-no-complexo-de-alcacuz-receba-novos-presos\/#primaryimage\",\"url\":\"https:\/\/deputadotaveirajr.com.br\/wp-content\/uploads\/2024\/06\/whatsapp-image-2023-03-10-at-13.08.26-ntc4le.jpeg\",\"contentUrl\":\"https:\/\/deputadotaveirajr.com.br\/wp-content\/uploads\/2024\/06\/whatsapp-image-2023-03-10-at-13.08.26-ntc4le.jpeg\",\"width\":1600,\"height\":1223},{\"@type\":\"BreadcrumbList\",\"@id\":\"https:\/\/deputadotaveirajr.com.br\/index.php\/justica-proibe-que-penitenciaria-rogerio-coutinho-madruga-no-complexo-de-alcacuz-receba-novos-presos\/#breadcrumb\",\"itemListElement\":[{\"@type\":\"ListItem\",\"position\":1,\"name\":\"In\u00edcio\",\"item\":\"https:\/\/deputadotaveirajr.com.br\/\"},{\"@type\":\"ListItem\",\"position\":2,\"name\":\"Justi\u00e7a pro\u00edbe que Penitenci\u00e1ria Rog\u00e9rio Coutinho Madruga, no Complexo de Alca\u00e7uz, receba novos presos\"}]},{\"@type\":\"WebSite\",\"@id\":\"https:\/\/deputadotaveirajr.com.br\/#website\",\"url\":\"https:\/\/deputadotaveirajr.com.br\/\",\"name\":\"Taveira Jr\",\"description\":\"Deputado Estadual\",\"publisher\":{\"@id\":\"https:\/\/deputadotaveirajr.com.br\/#organization\"},\"potentialAction\":[{\"@type\":\"SearchAction\",\"target\":{\"@type\":\"EntryPoint\",\"urlTemplate\":\"https:\/\/deputadotaveirajr.com.br\/?s={search_term_string}\"},\"query-input\":{\"@type\":\"PropertyValueSpecification\",\"valueRequired\":true,\"valueName\":\"search_term_string\"}}],\"inLanguage\":\"pt-BR\"},{\"@type\":\"Organization\",\"@id\":\"https:\/\/deputadotaveirajr.com.br\/#organization\",\"name\":\"Taveira Jr\",\"url\":\"https:\/\/deputadotaveirajr.com.br\/\",\"logo\":{\"@type\":\"ImageObject\",\"inLanguage\":\"pt-BR\",\"@id\":\"https:\/\/deputadotaveirajr.com.br\/#\/schema\/logo\/image\/\",\"url\":\"https:\/\/deputadotaveirajr.com.br\/wp-content\/uploads\/2026\/01\/logolow2a.png\",\"contentUrl\":\"https:\/\/deputadotaveirajr.com.br\/wp-content\/uploads\/2026\/01\/logolow2a.png\",\"width\":290,\"height\":80,\"caption\":\"Taveira Jr\"},\"image\":{\"@id\":\"https:\/\/deputadotaveirajr.com.br\/#\/schema\/logo\/image\/\"}}]}<\/script>\n<!-- \/ Yoast SEO plugin. -->","yoast_head_json":{"title":"Justi\u00e7a pro\u00edbe que Penitenci\u00e1ria Rog\u00e9rio Coutinho Madruga, no Complexo de Alca\u00e7uz, receba novos presos - Taveira Jr","robots":{"index":"index","follow":"follow","max-snippet":"max-snippet:-1","max-image-preview":"max-image-preview:large","max-video-preview":"max-video-preview:-1"},"canonical":"https:\/\/deputadotaveirajr.com.br\/index.php\/justica-proibe-que-penitenciaria-rogerio-coutinho-madruga-no-complexo-de-alcacuz-receba-novos-presos\/","og_locale":"pt_BR","og_type":"article","og_title":"Justi\u00e7a pro\u00edbe que Penitenci\u00e1ria Rog\u00e9rio Coutinho Madruga, no Complexo de Alca\u00e7uz, receba novos presos - Taveira Jr","og_description":"Segundo magistrado, interdi\u00e7\u00e3o parcial foi decidida ap\u00f3s Seap desativar pavilh\u00e3o e concentrar mais de 600 presos em ala com capacidade para 402 internos. Penitenci\u00e1ria Estadual Rog\u00e9rio Coutinho Madruga, em N\u00edsia ...","og_url":"https:\/\/deputadotaveirajr.com.br\/index.php\/justica-proibe-que-penitenciaria-rogerio-coutinho-madruga-no-complexo-de-alcacuz-receba-novos-presos\/","og_site_name":"Taveira Jr","og_image":[{"width":1600,"height":1223,"url":"https:\/\/deputadotaveirajr.com.br\/wp-content\/uploads\/2024\/06\/whatsapp-image-2023-03-10-at-13.08.26-ntc4le.jpeg","type":"image\/jpeg"}],"twitter_card":"summary_large_image","twitter_misc":{"Est. tempo de leitura":"4 minutos"},"schema":{"@context":"https:\/\/schema.org","@graph":[{"@type":"WebPage","@id":"https:\/\/deputadotaveirajr.com.br\/index.php\/justica-proibe-que-penitenciaria-rogerio-coutinho-madruga-no-complexo-de-alcacuz-receba-novos-presos\/","url":"https:\/\/deputadotaveirajr.com.br\/index.php\/justica-proibe-que-penitenciaria-rogerio-coutinho-madruga-no-complexo-de-alcacuz-receba-novos-presos\/","name":"Justi\u00e7a pro\u00edbe que Penitenci\u00e1ria Rog\u00e9rio Coutinho Madruga, no Complexo de Alca\u00e7uz, receba novos presos - Taveira Jr","isPartOf":{"@id":"https:\/\/deputadotaveirajr.com.br\/#website"},"primaryImageOfPage":{"@id":"https:\/\/deputadotaveirajr.com.br\/index.php\/justica-proibe-que-penitenciaria-rogerio-coutinho-madruga-no-complexo-de-alcacuz-receba-novos-presos\/#primaryimage"},"image":{"@id":"https:\/\/deputadotaveirajr.com.br\/index.php\/justica-proibe-que-penitenciaria-rogerio-coutinho-madruga-no-complexo-de-alcacuz-receba-novos-presos\/#primaryimage"},"thumbnailUrl":"https:\/\/deputadotaveirajr.com.br\/wp-content\/uploads\/2024\/06\/whatsapp-image-2023-03-10-at-13.08.26-ntc4le.jpeg","datePublished":"2024-06-07T14:28:36+00:00","breadcrumb":{"@id":"https:\/\/deputadotaveirajr.com.br\/index.php\/justica-proibe-que-penitenciaria-rogerio-coutinho-madruga-no-complexo-de-alcacuz-receba-novos-presos\/#breadcrumb"},"inLanguage":"pt-BR","potentialAction":[{"@type":"ReadAction","target":["https:\/\/deputadotaveirajr.com.br\/index.php\/justica-proibe-que-penitenciaria-rogerio-coutinho-madruga-no-complexo-de-alcacuz-receba-novos-presos\/"]}]},{"@type":"ImageObject","inLanguage":"pt-BR","@id":"https:\/\/deputadotaveirajr.com.br\/index.php\/justica-proibe-que-penitenciaria-rogerio-coutinho-madruga-no-complexo-de-alcacuz-receba-novos-presos\/#primaryimage","url":"https:\/\/deputadotaveirajr.com.br\/wp-content\/uploads\/2024\/06\/whatsapp-image-2023-03-10-at-13.08.26-ntc4le.jpeg","contentUrl":"https:\/\/deputadotaveirajr.com.br\/wp-content\/uploads\/2024\/06\/whatsapp-image-2023-03-10-at-13.08.26-ntc4le.jpeg","width":1600,"height":1223},{"@type":"BreadcrumbList","@id":"https:\/\/deputadotaveirajr.com.br\/index.php\/justica-proibe-que-penitenciaria-rogerio-coutinho-madruga-no-complexo-de-alcacuz-receba-novos-presos\/#breadcrumb","itemListElement":[{"@type":"ListItem","position":1,"name":"In\u00edcio","item":"https:\/\/deputadotaveirajr.com.br\/"},{"@type":"ListItem","position":2,"name":"Justi\u00e7a pro\u00edbe que Penitenci\u00e1ria Rog\u00e9rio Coutinho Madruga, no Complexo de Alca\u00e7uz, receba novos presos"}]},{"@type":"WebSite","@id":"https:\/\/deputadotaveirajr.com.br\/#website","url":"https:\/\/deputadotaveirajr.com.br\/","name":"Taveira Jr","description":"Deputado Estadual","publisher":{"@id":"https:\/\/deputadotaveirajr.com.br\/#organization"},"potentialAction":[{"@type":"SearchAction","target":{"@type":"EntryPoint","urlTemplate":"https:\/\/deputadotaveirajr.com.br\/?s={search_term_string}"},"query-input":{"@type":"PropertyValueSpecification","valueRequired":true,"valueName":"search_term_string"}}],"inLanguage":"pt-BR"},{"@type":"Organization","@id":"https:\/\/deputadotaveirajr.com.br\/#organization","name":"Taveira Jr","url":"https:\/\/deputadotaveirajr.com.br\/","logo":{"@type":"ImageObject","inLanguage":"pt-BR","@id":"https:\/\/deputadotaveirajr.com.br\/#\/schema\/logo\/image\/","url":"https:\/\/deputadotaveirajr.com.br\/wp-content\/uploads\/2026\/01\/logolow2a.png","contentUrl":"https:\/\/deputadotaveirajr.com.br\/wp-content\/uploads\/2026\/01\/logolow2a.png","width":290,"height":80,"caption":"Taveira Jr"},"image":{"@id":"https:\/\/deputadotaveirajr.com.br\/#\/schema\/logo\/image\/"}}]}},"_links":{"self":[{"href":"https:\/\/deputadotaveirajr.com.br\/index.php\/wp-json\/wp\/v2\/pages\/6745","targetHints":{"allow":["GET"]}}],"collection":[{"href":"https:\/\/deputadotaveirajr.com.br\/index.php\/wp-json\/wp\/v2\/pages"}],"about":[{"href":"https:\/\/deputadotaveirajr.com.br\/index.php\/wp-json\/wp\/v2\/types\/page"}],"replies":[{"embeddable":true,"href":"https:\/\/deputadotaveirajr.com.br\/index.php\/wp-json\/wp\/v2\/comments?post=6745"}],"version-history":[{"count":1,"href":"https:\/\/deputadotaveirajr.com.br\/index.php\/wp-json\/wp\/v2\/pages\/6745\/revisions"}],"predecessor-version":[{"id":6754,"href":"https:\/\/deputadotaveirajr.com.br\/index.php\/wp-json\/wp\/v2\/pages\/6745\/revisions\/6754"}],"wp:featuredmedia":[{"embeddable":true,"href":"https:\/\/deputadotaveirajr.com.br\/index.php\/wp-json\/wp\/v2\/media\/6746"}],"wp:attachment":[{"href":"https:\/\/deputadotaveirajr.com.br\/index.php\/wp-json\/wp\/v2\/media?parent=6745"}],"curies":[{"name":"wp","href":"https:\/\/api.w.org\/{rel}","templated":true}]}}