{"id":6772,"date":"2024-06-08T12:24:31","date_gmt":"2024-06-08T15:24:31","guid":{"rendered":"https:\/\/deputadotaveirajr.com.br\/?page_id=6772"},"modified":"2024-06-08T12:24:31","modified_gmt":"2024-06-08T15:24:31","slug":"natal-tem-dia-d-de-vacinacao-contra-a-poliomielite-neste-sabado-8-veja-onde-vacinar","status":"publish","type":"page","link":"https:\/\/deputadotaveirajr.com.br\/index.php\/natal-tem-dia-d-de-vacinacao-contra-a-poliomielite-neste-sabado-8-veja-onde-vacinar\/","title":{"rendered":"Natal tem Dia D de vacina\u00e7\u00e3o contra a poliomielite neste s\u00e1bado (8); veja onde vacinar"},"content":{"rendered":"<p>     Unidades B\u00e1sicas de Sa\u00fade est\u00e3o abertas para vacina\u00e7\u00e3o exclusiva de crian\u00e7as e adolescentes em Natal. Natal tem Dia D de vacina\u00e7\u00e3o contra a poliomielite neste s\u00e1bado (8)<br \/>\nDivulga\u00e7\u00e3o<br \/>\nNatal realiza neste s\u00e1bado (8) o Dia D de intensifica\u00e7\u00e3o da campanha de vacina\u00e7\u00e3o contra poliomielite. Os imunizantes s\u00e3o oferecidos nas Unidades B\u00e1sicas de Sa\u00fade (veja lista abaixo), das 8h \u00e0s 12h, e nos pontos extras de vacina\u00e7\u00e3o, das 10h \u00e0s 20h.<br \/>\n\ud83d\udcf3Participe do canal do g1 RN no WhatsApp<br \/>\nA campanha de vacina\u00e7\u00e3o contra poliomielite teve in\u00edcio no dia 27 de maio e segue at\u00e9 sexta-feira (14). Crian\u00e7as com idade entre 1 e 4 anos, 11 meses e 29 dias indiscriminadamente devem receber a dose extra da vacina oral contra a doen\u00e7a, mesmo que j\u00e1 tenham o esquema de vacina\u00e7\u00e3o completo com todas as doses da Vacina Inativada Poliomielite (VIP) e Vacina Oral Poliomielite (VOP). Esta ser\u00e1 a \u00faltima campanha de vacina\u00e7\u00e3o contra a poliomielite com a vacina oral. A partir desta campanha, o esquema ser\u00e1 realizado apenas com a vacina injet\u00e1vel.<br \/>\nPara crian\u00e7as menores de um ano, o esquema vacinal continua composto por tr\u00eas doses da Vacina Inativada Poliomielite (VIP), aos dois, quatro e seis meses de vida, que tamb\u00e9m est\u00e3o dispon\u00edveis nas salas de vacina\u00e7\u00e3o do munic\u00edpio.<br \/>\n\ud83c\udfe5 Unidades B\u00e1sicas de Sa\u00fade que abrem neste s\u00e1bado (8h \u00e0s 12h)<br \/>\nNorte I<br \/>\nUBS Redinha, UBS Paju\u00e7ara, UBS Gramor\u00e9, UBS Vista Verde, UBS Alto da Torre, UBS Cidade Praia, UBS Nordel\u00e2ndia, UBS Nova Natal, UBS Parque das Dunas e USF Pomp\u00e9ia.<br \/>\nNorte II<br \/>\nUBS Bela Vista, USF Igap\u00f3, USF Panatis, USF Potengi, USF Santar\u00e9m, UBS Nova Alian\u00e7a, ESF Parque dos Coqueiros, UBS Pedra do Sino, USF Soledade II, UBS Jardim Progresso, USF Vale Dourado, Anexo &#8211; Vale Dourado e UBS Plan\u00edcie das Mangueiras.<br \/>\nLeste<br \/>\nUBS S\u00e3o Jo\u00e3o, UBS Lagoa Seca, UBS Alecrim, UBS Aparecida, UBS Bras\u00edlia Teimosa. UBS Passo da P\u00e1tria, UBS Rocas e Unidade Mista de M\u00e3e Luiza.<br \/>\nOeste<br \/>\nUBS DiX-Sept Rosado, UBS Bom Pastor, USF Quintas, UBS Esperan\u00e7a, UBS Cidade Nova, UBS Monte L\u00edbano, UBS Novo Horizonte, UBS Felipe Camar\u00e3o II, UBS Bairro Nordeste, UBS Quintas, UBS Nova Cidade, Unidade Mista Felipe Camar\u00e3o, UBS Felipe Camar\u00e3o III, UBS Guarapes, UBS KM 6 e UBS Nazar\u00e9.<br \/>\nSul<br \/>\nUBS Nova Descoberta, UBS Pirangi, UBS Jiqui, UBS Pitimbu, UBS Sat\u00e9lite, UBS Ponta Negra, UBS Mirassol, UBS Ros\u00e2ngela Lima, UBS Candel\u00e1ria e UBS Ronaldo Machado.<br \/>\nPontos extras de vacina\u00e7\u00e3o<br \/>\nMidway Mall e Partage Norte Shopping funcionam das 10h \u00e0s 20h.<br \/>\nSobre a poliomielite<br \/>\nA poliomielite (P\u00f3lio ou paralisia infantil, como tamb\u00e9m \u00e9 conhecida) \u00e9 uma doen\u00e7a contagiosa causada por um v\u00edrus chamado poliov\u00edrus, que pode infectar crian\u00e7as e adultos, podendo acarretar paralisia irrevers\u00edvel nos membros inferiores, em casos mais graves. Com o \u00faltimo registro da doen\u00e7a ocorrido em 1989 no Brasil, a vacina\u00e7\u00e3o \u00e9 importante para a redu\u00e7\u00e3o do risco de reintrodu\u00e7\u00e3o da doen\u00e7a no pa\u00eds, principalmente ap\u00f3s a notifica\u00e7\u00e3o, em 2023, de um caso da doen\u00e7a em uma crian\u00e7a no Peru, pa\u00eds que faz fronteira com o Brasil.<br \/>\nV\u00eddeos mais assistidos do g1 RN<\/p>","protected":false},"excerpt":{"rendered":"<p>Unidades B\u00e1sicas de Sa\u00fade est\u00e3o abertas para vacina\u00e7\u00e3o exclusiva de crian\u00e7as e adolescentes em Natal. Natal tem Dia D de vacina\u00e7\u00e3o contra a poliomielite neste s\u00e1bado (8) Divulga\u00e7\u00e3o Natal realiza &#8230;<\/p>\n","protected":false},"author":0,"featured_media":6773,"parent":0,"menu_order":0,"comment_status":"closed","ping_status":"closed","template":"","meta":{"footnotes":""},"class_list":["post-6772","page","type-page","status-publish","has-post-thumbnail","hentry"],"yoast_head":"<!-- This site is optimized with the Yoast SEO plugin v27.1.1 - https:\/\/yoast.com\/product\/yoast-seo-wordpress\/ -->\n<title>Natal tem Dia D de vacina\u00e7\u00e3o contra a poliomielite neste s\u00e1bado (8); veja onde vacinar - Taveira Jr<\/title>\n<meta name=\"robots\" content=\"index, follow, max-snippet:-1, max-image-preview:large, max-video-preview:-1\" \/>\n<link rel=\"canonical\" href=\"https:\/\/deputadotaveirajr.com.br\/index.php\/natal-tem-dia-d-de-vacinacao-contra-a-poliomielite-neste-sabado-8-veja-onde-vacinar\/\" \/>\n<meta property=\"og:locale\" content=\"pt_BR\" \/>\n<meta property=\"og:type\" content=\"article\" \/>\n<meta property=\"og:title\" content=\"Natal tem Dia D de vacina\u00e7\u00e3o contra a poliomielite neste s\u00e1bado (8); veja onde vacinar - Taveira Jr\" \/>\n<meta property=\"og:description\" content=\"Unidades B\u00e1sicas de Sa\u00fade est\u00e3o abertas para vacina\u00e7\u00e3o exclusiva de crian\u00e7as e adolescentes em Natal. Natal tem Dia D de vacina\u00e7\u00e3o contra a poliomielite neste s\u00e1bado (8) Divulga\u00e7\u00e3o Natal realiza ...\" \/>\n<meta property=\"og:url\" content=\"https:\/\/deputadotaveirajr.com.br\/index.php\/natal-tem-dia-d-de-vacinacao-contra-a-poliomielite-neste-sabado-8-veja-onde-vacinar\/\" \/>\n<meta property=\"og:site_name\" content=\"Taveira Jr\" \/>\n<meta property=\"og:image\" content=\"https:\/\/deputadotaveirajr.com.br\/wp-content\/uploads\/2024\/06\/dia-d-contra-a-poliomielite-1-SFVoQt.jpeg\" \/>\n\t<meta property=\"og:image:width\" content=\"1080\" \/>\n\t<meta property=\"og:image:height\" content=\"798\" \/>\n\t<meta property=\"og:image:type\" content=\"image\/jpeg\" \/>\n<meta name=\"twitter:card\" content=\"summary_large_image\" \/>\n<meta name=\"twitter:label1\" content=\"Est. tempo de leitura\" \/>\n\t<meta name=\"twitter:data1\" content=\"3 minutos\" \/>\n<script type=\"application\/ld+json\" class=\"yoast-schema-graph\">{\"@context\":\"https:\/\/schema.org\",\"@graph\":[{\"@type\":\"WebPage\",\"@id\":\"https:\/\/deputadotaveirajr.com.br\/index.php\/natal-tem-dia-d-de-vacinacao-contra-a-poliomielite-neste-sabado-8-veja-onde-vacinar\/\",\"url\":\"https:\/\/deputadotaveirajr.com.br\/index.php\/natal-tem-dia-d-de-vacinacao-contra-a-poliomielite-neste-sabado-8-veja-onde-vacinar\/\",\"name\":\"Natal tem Dia D de vacina\u00e7\u00e3o contra a poliomielite neste s\u00e1bado (8); veja onde vacinar - Taveira Jr\",\"isPartOf\":{\"@id\":\"https:\/\/deputadotaveirajr.com.br\/#website\"},\"primaryImageOfPage\":{\"@id\":\"https:\/\/deputadotaveirajr.com.br\/index.php\/natal-tem-dia-d-de-vacinacao-contra-a-poliomielite-neste-sabado-8-veja-onde-vacinar\/#primaryimage\"},\"image\":{\"@id\":\"https:\/\/deputadotaveirajr.com.br\/index.php\/natal-tem-dia-d-de-vacinacao-contra-a-poliomielite-neste-sabado-8-veja-onde-vacinar\/#primaryimage\"},\"thumbnailUrl\":\"https:\/\/deputadotaveirajr.com.br\/wp-content\/uploads\/2024\/06\/dia-d-contra-a-poliomielite-1-SFVoQt.jpeg\",\"datePublished\":\"2024-06-08T15:24:31+00:00\",\"breadcrumb\":{\"@id\":\"https:\/\/deputadotaveirajr.com.br\/index.php\/natal-tem-dia-d-de-vacinacao-contra-a-poliomielite-neste-sabado-8-veja-onde-vacinar\/#breadcrumb\"},\"inLanguage\":\"pt-BR\",\"potentialAction\":[{\"@type\":\"ReadAction\",\"target\":[\"https:\/\/deputadotaveirajr.com.br\/index.php\/natal-tem-dia-d-de-vacinacao-contra-a-poliomielite-neste-sabado-8-veja-onde-vacinar\/\"]}]},{\"@type\":\"ImageObject\",\"inLanguage\":\"pt-BR\",\"@id\":\"https:\/\/deputadotaveirajr.com.br\/index.php\/natal-tem-dia-d-de-vacinacao-contra-a-poliomielite-neste-sabado-8-veja-onde-vacinar\/#primaryimage\",\"url\":\"https:\/\/deputadotaveirajr.com.br\/wp-content\/uploads\/2024\/06\/dia-d-contra-a-poliomielite-1-SFVoQt.jpeg\",\"contentUrl\":\"https:\/\/deputadotaveirajr.com.br\/wp-content\/uploads\/2024\/06\/dia-d-contra-a-poliomielite-1-SFVoQt.jpeg\",\"width\":1080,\"height\":798},{\"@type\":\"BreadcrumbList\",\"@id\":\"https:\/\/deputadotaveirajr.com.br\/index.php\/natal-tem-dia-d-de-vacinacao-contra-a-poliomielite-neste-sabado-8-veja-onde-vacinar\/#breadcrumb\",\"itemListElement\":[{\"@type\":\"ListItem\",\"position\":1,\"name\":\"In\u00edcio\",\"item\":\"https:\/\/deputadotaveirajr.com.br\/\"},{\"@type\":\"ListItem\",\"position\":2,\"name\":\"Natal tem Dia D de vacina\u00e7\u00e3o contra a poliomielite neste s\u00e1bado (8); veja onde vacinar\"}]},{\"@type\":\"WebSite\",\"@id\":\"https:\/\/deputadotaveirajr.com.br\/#website\",\"url\":\"https:\/\/deputadotaveirajr.com.br\/\",\"name\":\"Taveira Jr\",\"description\":\"Deputado Estadual\",\"publisher\":{\"@id\":\"https:\/\/deputadotaveirajr.com.br\/#organization\"},\"potentialAction\":[{\"@type\":\"SearchAction\",\"target\":{\"@type\":\"EntryPoint\",\"urlTemplate\":\"https:\/\/deputadotaveirajr.com.br\/?s={search_term_string}\"},\"query-input\":{\"@type\":\"PropertyValueSpecification\",\"valueRequired\":true,\"valueName\":\"search_term_string\"}}],\"inLanguage\":\"pt-BR\"},{\"@type\":\"Organization\",\"@id\":\"https:\/\/deputadotaveirajr.com.br\/#organization\",\"name\":\"Taveira Jr\",\"url\":\"https:\/\/deputadotaveirajr.com.br\/\",\"logo\":{\"@type\":\"ImageObject\",\"inLanguage\":\"pt-BR\",\"@id\":\"https:\/\/deputadotaveirajr.com.br\/#\/schema\/logo\/image\/\",\"url\":\"https:\/\/deputadotaveirajr.com.br\/wp-content\/uploads\/2026\/01\/logolow2a.png\",\"contentUrl\":\"https:\/\/deputadotaveirajr.com.br\/wp-content\/uploads\/2026\/01\/logolow2a.png\",\"width\":290,\"height\":80,\"caption\":\"Taveira Jr\"},\"image\":{\"@id\":\"https:\/\/deputadotaveirajr.com.br\/#\/schema\/logo\/image\/\"}}]}<\/script>\n<!-- \/ Yoast SEO plugin. -->","yoast_head_json":{"title":"Natal tem Dia D de vacina\u00e7\u00e3o contra a poliomielite neste s\u00e1bado (8); veja onde vacinar - Taveira Jr","robots":{"index":"index","follow":"follow","max-snippet":"max-snippet:-1","max-image-preview":"max-image-preview:large","max-video-preview":"max-video-preview:-1"},"canonical":"https:\/\/deputadotaveirajr.com.br\/index.php\/natal-tem-dia-d-de-vacinacao-contra-a-poliomielite-neste-sabado-8-veja-onde-vacinar\/","og_locale":"pt_BR","og_type":"article","og_title":"Natal tem Dia D de vacina\u00e7\u00e3o contra a poliomielite neste s\u00e1bado (8); veja onde vacinar - Taveira Jr","og_description":"Unidades B\u00e1sicas de Sa\u00fade est\u00e3o abertas para vacina\u00e7\u00e3o exclusiva de crian\u00e7as e adolescentes em Natal. Natal tem Dia D de vacina\u00e7\u00e3o contra a poliomielite neste s\u00e1bado (8) Divulga\u00e7\u00e3o Natal realiza ...","og_url":"https:\/\/deputadotaveirajr.com.br\/index.php\/natal-tem-dia-d-de-vacinacao-contra-a-poliomielite-neste-sabado-8-veja-onde-vacinar\/","og_site_name":"Taveira Jr","og_image":[{"width":1080,"height":798,"url":"https:\/\/deputadotaveirajr.com.br\/wp-content\/uploads\/2024\/06\/dia-d-contra-a-poliomielite-1-SFVoQt.jpeg","type":"image\/jpeg"}],"twitter_card":"summary_large_image","twitter_misc":{"Est. tempo de leitura":"3 minutos"},"schema":{"@context":"https:\/\/schema.org","@graph":[{"@type":"WebPage","@id":"https:\/\/deputadotaveirajr.com.br\/index.php\/natal-tem-dia-d-de-vacinacao-contra-a-poliomielite-neste-sabado-8-veja-onde-vacinar\/","url":"https:\/\/deputadotaveirajr.com.br\/index.php\/natal-tem-dia-d-de-vacinacao-contra-a-poliomielite-neste-sabado-8-veja-onde-vacinar\/","name":"Natal tem Dia D de vacina\u00e7\u00e3o contra a poliomielite neste s\u00e1bado (8); veja onde vacinar - Taveira Jr","isPartOf":{"@id":"https:\/\/deputadotaveirajr.com.br\/#website"},"primaryImageOfPage":{"@id":"https:\/\/deputadotaveirajr.com.br\/index.php\/natal-tem-dia-d-de-vacinacao-contra-a-poliomielite-neste-sabado-8-veja-onde-vacinar\/#primaryimage"},"image":{"@id":"https:\/\/deputadotaveirajr.com.br\/index.php\/natal-tem-dia-d-de-vacinacao-contra-a-poliomielite-neste-sabado-8-veja-onde-vacinar\/#primaryimage"},"thumbnailUrl":"https:\/\/deputadotaveirajr.com.br\/wp-content\/uploads\/2024\/06\/dia-d-contra-a-poliomielite-1-SFVoQt.jpeg","datePublished":"2024-06-08T15:24:31+00:00","breadcrumb":{"@id":"https:\/\/deputadotaveirajr.com.br\/index.php\/natal-tem-dia-d-de-vacinacao-contra-a-poliomielite-neste-sabado-8-veja-onde-vacinar\/#breadcrumb"},"inLanguage":"pt-BR","potentialAction":[{"@type":"ReadAction","target":["https:\/\/deputadotaveirajr.com.br\/index.php\/natal-tem-dia-d-de-vacinacao-contra-a-poliomielite-neste-sabado-8-veja-onde-vacinar\/"]}]},{"@type":"ImageObject","inLanguage":"pt-BR","@id":"https:\/\/deputadotaveirajr.com.br\/index.php\/natal-tem-dia-d-de-vacinacao-contra-a-poliomielite-neste-sabado-8-veja-onde-vacinar\/#primaryimage","url":"https:\/\/deputadotaveirajr.com.br\/wp-content\/uploads\/2024\/06\/dia-d-contra-a-poliomielite-1-SFVoQt.jpeg","contentUrl":"https:\/\/deputadotaveirajr.com.br\/wp-content\/uploads\/2024\/06\/dia-d-contra-a-poliomielite-1-SFVoQt.jpeg","width":1080,"height":798},{"@type":"BreadcrumbList","@id":"https:\/\/deputadotaveirajr.com.br\/index.php\/natal-tem-dia-d-de-vacinacao-contra-a-poliomielite-neste-sabado-8-veja-onde-vacinar\/#breadcrumb","itemListElement":[{"@type":"ListItem","position":1,"name":"In\u00edcio","item":"https:\/\/deputadotaveirajr.com.br\/"},{"@type":"ListItem","position":2,"name":"Natal tem Dia D de vacina\u00e7\u00e3o contra a poliomielite neste s\u00e1bado (8); veja onde vacinar"}]},{"@type":"WebSite","@id":"https:\/\/deputadotaveirajr.com.br\/#website","url":"https:\/\/deputadotaveirajr.com.br\/","name":"Taveira Jr","description":"Deputado Estadual","publisher":{"@id":"https:\/\/deputadotaveirajr.com.br\/#organization"},"potentialAction":[{"@type":"SearchAction","target":{"@type":"EntryPoint","urlTemplate":"https:\/\/deputadotaveirajr.com.br\/?s={search_term_string}"},"query-input":{"@type":"PropertyValueSpecification","valueRequired":true,"valueName":"search_term_string"}}],"inLanguage":"pt-BR"},{"@type":"Organization","@id":"https:\/\/deputadotaveirajr.com.br\/#organization","name":"Taveira Jr","url":"https:\/\/deputadotaveirajr.com.br\/","logo":{"@type":"ImageObject","inLanguage":"pt-BR","@id":"https:\/\/deputadotaveirajr.com.br\/#\/schema\/logo\/image\/","url":"https:\/\/deputadotaveirajr.com.br\/wp-content\/uploads\/2026\/01\/logolow2a.png","contentUrl":"https:\/\/deputadotaveirajr.com.br\/wp-content\/uploads\/2026\/01\/logolow2a.png","width":290,"height":80,"caption":"Taveira Jr"},"image":{"@id":"https:\/\/deputadotaveirajr.com.br\/#\/schema\/logo\/image\/"}}]}},"_links":{"self":[{"href":"https:\/\/deputadotaveirajr.com.br\/index.php\/wp-json\/wp\/v2\/pages\/6772","targetHints":{"allow":["GET"]}}],"collection":[{"href":"https:\/\/deputadotaveirajr.com.br\/index.php\/wp-json\/wp\/v2\/pages"}],"about":[{"href":"https:\/\/deputadotaveirajr.com.br\/index.php\/wp-json\/wp\/v2\/types\/page"}],"replies":[{"embeddable":true,"href":"https:\/\/deputadotaveirajr.com.br\/index.php\/wp-json\/wp\/v2\/comments?post=6772"}],"version-history":[{"count":1,"href":"https:\/\/deputadotaveirajr.com.br\/index.php\/wp-json\/wp\/v2\/pages\/6772\/revisions"}],"predecessor-version":[{"id":6779,"href":"https:\/\/deputadotaveirajr.com.br\/index.php\/wp-json\/wp\/v2\/pages\/6772\/revisions\/6779"}],"wp:featuredmedia":[{"embeddable":true,"href":"https:\/\/deputadotaveirajr.com.br\/index.php\/wp-json\/wp\/v2\/media\/6773"}],"wp:attachment":[{"href":"https:\/\/deputadotaveirajr.com.br\/index.php\/wp-json\/wp\/v2\/media?parent=6772"}],"curies":[{"name":"wp","href":"https:\/\/api.w.org\/{rel}","templated":true}]}}