{"id":6901,"date":"2024-06-10T20:58:36","date_gmt":"2024-06-10T23:58:36","guid":{"rendered":"https:\/\/deputadotaveirajr.com.br\/?page_id=6901"},"modified":"2024-06-10T20:58:36","modified_gmt":"2024-06-10T23:58:36","slug":"justica-federal-do-rn-decide-ser-ilegal-cobranca-de-taxa-de-ocupacao-dos-terrenos-de-marinha-alvo-da-pec-das-praias","status":"publish","type":"page","link":"https:\/\/deputadotaveirajr.com.br\/index.php\/justica-federal-do-rn-decide-ser-ilegal-cobranca-de-taxa-de-ocupacao-dos-terrenos-de-marinha-alvo-da-pec-das-praias\/","title":{"rendered":"Justi\u00e7a Federal do RN decide ser ilegal cobran\u00e7a de taxa de ocupa\u00e7\u00e3o dos terrenos de marinha, alvo da PEC das Praias"},"content":{"rendered":"<p>A Justi\u00e7a Federal do Rio Grande do Norte decidiu que \u00e9 inconstitucional a cobran\u00e7a da taxa de ocupa\u00e7\u00e3o nos terrenos de marinha e suspendeu esses pagamentos. Os terrenos de marinha s\u00e3o justamente alvo de modifica\u00e7\u00f5es legais que est\u00e3o em discuss\u00e3o no Congresso, por meio da pol\u00eamica proposta de emenda \u00e0 Constitui\u00e7\u00e3o (PEC) das Praias.<br \/>\nA decis\u00e3o \u00e9 do juiz federal Marco Bruno Miranda Clementino. Ele analisou um processo que pedia a nulidade do pagamento da taxa de ocupa\u00e7\u00e3o.<br \/>\nTerrenos de marinha s\u00e3o faixas de terra situadas a cerca de 33 metros da mar\u00e9 alta. Pertencem \u00e0 Uni\u00e3o.<br \/>\nEmpreendimentos privados, como hot\u00e9is, podem explorar os terrenos de marinha, desde que paguem tributos espec\u00edficos para a Uni\u00e3o, entre eles, a taxa de ocupa\u00e7\u00e3o.<br \/>\nA PEC da Praias, sob relatoria do senador Fl\u00e1vio Bolsonaro (PL-RJ), gerou pol\u00eamica por levar a um entendimento de privatiza\u00e7\u00e3o das praias. Isso porque ela prev\u00ea a venda dos terrenos de marinha. Ou seja, a Uni\u00e3o n\u00e3o seria mais dona. O senador alega que isso n\u00e3o privatizaria a praia, j\u00e1 que areia e mar \u2014 \u00e1reas de banho \u2014 continuariam p\u00fablicas.<br \/>\nEm sua decis\u00e3o, o juiz Miranda Clementino disse que o crit\u00e9rio para defini\u00e7\u00e3o do terreno de marinha n\u00e3o \u00e9 preciso. Isso porque leva em conta uma m\u00e9dia das mar\u00e9s calculada em 1831, no Brasil Imp\u00e9rio.<br \/>\n\u201cO preamar e\u0301 o ponto mais alto da mare\u0301, ao passo que o preamar-me\u0301dio expressa a me\u0301dia do preamar relativa a determinado peri\u0301odo. Assim, a caracterizac\u0327a\u0303o do terreno de marinha tem como materialidade a difici\u0301lima definic\u0327a\u0303o da linha do preamar-me\u0301dio de 1831 para cada centi\u0301metro do litoral brasileiro, um dado te\u0301cnico inexistente e rigorosamente impossi\u0301vel de ser recuperado, a\u0300 mi\u0301ngua de registros histo\u0301ricos seguros\u201d, escreveu o juiz.<\/p>","protected":false},"excerpt":{"rendered":"<p>A Justi\u00e7a Federal do Rio Grande do Norte decidiu que \u00e9 inconstitucional a cobran\u00e7a da taxa de ocupa\u00e7\u00e3o nos terrenos de marinha e suspendeu esses pagamentos. Os terrenos de marinha &#8230;<\/p>\n","protected":false},"author":0,"featured_media":0,"parent":0,"menu_order":0,"comment_status":"closed","ping_status":"closed","template":"","meta":{"footnotes":""},"class_list":["post-6901","page","type-page","status-publish","hentry"],"yoast_head":"<!-- This site is optimized with the Yoast SEO plugin v27.1.1 - https:\/\/yoast.com\/product\/yoast-seo-wordpress\/ -->\n<title>Justi\u00e7a Federal do RN decide ser ilegal cobran\u00e7a de taxa de ocupa\u00e7\u00e3o dos terrenos de marinha, alvo da PEC das Praias - Taveira Jr<\/title>\n<meta name=\"robots\" content=\"index, follow, max-snippet:-1, max-image-preview:large, max-video-preview:-1\" \/>\n<link rel=\"canonical\" href=\"https:\/\/deputadotaveirajr.com.br\/index.php\/justica-federal-do-rn-decide-ser-ilegal-cobranca-de-taxa-de-ocupacao-dos-terrenos-de-marinha-alvo-da-pec-das-praias\/\" \/>\n<meta property=\"og:locale\" content=\"pt_BR\" \/>\n<meta property=\"og:type\" content=\"article\" \/>\n<meta property=\"og:title\" content=\"Justi\u00e7a Federal do RN decide ser ilegal cobran\u00e7a de taxa de ocupa\u00e7\u00e3o dos terrenos de marinha, alvo da PEC das Praias - Taveira Jr\" \/>\n<meta property=\"og:description\" content=\"A Justi\u00e7a Federal do Rio Grande do Norte decidiu que \u00e9 inconstitucional a cobran\u00e7a da taxa de ocupa\u00e7\u00e3o nos terrenos de marinha e suspendeu esses pagamentos. Os terrenos de marinha ...\" \/>\n<meta property=\"og:url\" content=\"https:\/\/deputadotaveirajr.com.br\/index.php\/justica-federal-do-rn-decide-ser-ilegal-cobranca-de-taxa-de-ocupacao-dos-terrenos-de-marinha-alvo-da-pec-das-praias\/\" \/>\n<meta property=\"og:site_name\" content=\"Taveira Jr\" \/>\n<meta name=\"twitter:card\" content=\"summary_large_image\" \/>\n<meta name=\"twitter:label1\" content=\"Est. tempo de leitura\" \/>\n\t<meta name=\"twitter:data1\" content=\"2 minutos\" \/>\n<script type=\"application\/ld+json\" class=\"yoast-schema-graph\">{\"@context\":\"https:\/\/schema.org\",\"@graph\":[{\"@type\":\"WebPage\",\"@id\":\"https:\/\/deputadotaveirajr.com.br\/index.php\/justica-federal-do-rn-decide-ser-ilegal-cobranca-de-taxa-de-ocupacao-dos-terrenos-de-marinha-alvo-da-pec-das-praias\/\",\"url\":\"https:\/\/deputadotaveirajr.com.br\/index.php\/justica-federal-do-rn-decide-ser-ilegal-cobranca-de-taxa-de-ocupacao-dos-terrenos-de-marinha-alvo-da-pec-das-praias\/\",\"name\":\"Justi\u00e7a Federal do RN decide ser ilegal cobran\u00e7a de taxa de ocupa\u00e7\u00e3o dos terrenos de marinha, alvo da PEC das Praias - Taveira Jr\",\"isPartOf\":{\"@id\":\"https:\/\/deputadotaveirajr.com.br\/#website\"},\"datePublished\":\"2024-06-10T23:58:36+00:00\",\"breadcrumb\":{\"@id\":\"https:\/\/deputadotaveirajr.com.br\/index.php\/justica-federal-do-rn-decide-ser-ilegal-cobranca-de-taxa-de-ocupacao-dos-terrenos-de-marinha-alvo-da-pec-das-praias\/#breadcrumb\"},\"inLanguage\":\"pt-BR\",\"potentialAction\":[{\"@type\":\"ReadAction\",\"target\":[\"https:\/\/deputadotaveirajr.com.br\/index.php\/justica-federal-do-rn-decide-ser-ilegal-cobranca-de-taxa-de-ocupacao-dos-terrenos-de-marinha-alvo-da-pec-das-praias\/\"]}]},{\"@type\":\"BreadcrumbList\",\"@id\":\"https:\/\/deputadotaveirajr.com.br\/index.php\/justica-federal-do-rn-decide-ser-ilegal-cobranca-de-taxa-de-ocupacao-dos-terrenos-de-marinha-alvo-da-pec-das-praias\/#breadcrumb\",\"itemListElement\":[{\"@type\":\"ListItem\",\"position\":1,\"name\":\"In\u00edcio\",\"item\":\"https:\/\/deputadotaveirajr.com.br\/\"},{\"@type\":\"ListItem\",\"position\":2,\"name\":\"Justi\u00e7a Federal do RN decide ser ilegal cobran\u00e7a de taxa de ocupa\u00e7\u00e3o dos terrenos de marinha, alvo da PEC das Praias\"}]},{\"@type\":\"WebSite\",\"@id\":\"https:\/\/deputadotaveirajr.com.br\/#website\",\"url\":\"https:\/\/deputadotaveirajr.com.br\/\",\"name\":\"Taveira Jr\",\"description\":\"Deputado Estadual\",\"publisher\":{\"@id\":\"https:\/\/deputadotaveirajr.com.br\/#organization\"},\"potentialAction\":[{\"@type\":\"SearchAction\",\"target\":{\"@type\":\"EntryPoint\",\"urlTemplate\":\"https:\/\/deputadotaveirajr.com.br\/?s={search_term_string}\"},\"query-input\":{\"@type\":\"PropertyValueSpecification\",\"valueRequired\":true,\"valueName\":\"search_term_string\"}}],\"inLanguage\":\"pt-BR\"},{\"@type\":\"Organization\",\"@id\":\"https:\/\/deputadotaveirajr.com.br\/#organization\",\"name\":\"Taveira Jr\",\"url\":\"https:\/\/deputadotaveirajr.com.br\/\",\"logo\":{\"@type\":\"ImageObject\",\"inLanguage\":\"pt-BR\",\"@id\":\"https:\/\/deputadotaveirajr.com.br\/#\/schema\/logo\/image\/\",\"url\":\"https:\/\/deputadotaveirajr.com.br\/wp-content\/uploads\/2026\/01\/logolow2a.png\",\"contentUrl\":\"https:\/\/deputadotaveirajr.com.br\/wp-content\/uploads\/2026\/01\/logolow2a.png\",\"width\":290,\"height\":80,\"caption\":\"Taveira Jr\"},\"image\":{\"@id\":\"https:\/\/deputadotaveirajr.com.br\/#\/schema\/logo\/image\/\"}}]}<\/script>\n<!-- \/ Yoast SEO plugin. -->","yoast_head_json":{"title":"Justi\u00e7a Federal do RN decide ser ilegal cobran\u00e7a de taxa de ocupa\u00e7\u00e3o dos terrenos de marinha, alvo da PEC das Praias - Taveira Jr","robots":{"index":"index","follow":"follow","max-snippet":"max-snippet:-1","max-image-preview":"max-image-preview:large","max-video-preview":"max-video-preview:-1"},"canonical":"https:\/\/deputadotaveirajr.com.br\/index.php\/justica-federal-do-rn-decide-ser-ilegal-cobranca-de-taxa-de-ocupacao-dos-terrenos-de-marinha-alvo-da-pec-das-praias\/","og_locale":"pt_BR","og_type":"article","og_title":"Justi\u00e7a Federal do RN decide ser ilegal cobran\u00e7a de taxa de ocupa\u00e7\u00e3o dos terrenos de marinha, alvo da PEC das Praias - Taveira Jr","og_description":"A Justi\u00e7a Federal do Rio Grande do Norte decidiu que \u00e9 inconstitucional a cobran\u00e7a da taxa de ocupa\u00e7\u00e3o nos terrenos de marinha e suspendeu esses pagamentos. Os terrenos de marinha ...","og_url":"https:\/\/deputadotaveirajr.com.br\/index.php\/justica-federal-do-rn-decide-ser-ilegal-cobranca-de-taxa-de-ocupacao-dos-terrenos-de-marinha-alvo-da-pec-das-praias\/","og_site_name":"Taveira Jr","twitter_card":"summary_large_image","twitter_misc":{"Est. tempo de leitura":"2 minutos"},"schema":{"@context":"https:\/\/schema.org","@graph":[{"@type":"WebPage","@id":"https:\/\/deputadotaveirajr.com.br\/index.php\/justica-federal-do-rn-decide-ser-ilegal-cobranca-de-taxa-de-ocupacao-dos-terrenos-de-marinha-alvo-da-pec-das-praias\/","url":"https:\/\/deputadotaveirajr.com.br\/index.php\/justica-federal-do-rn-decide-ser-ilegal-cobranca-de-taxa-de-ocupacao-dos-terrenos-de-marinha-alvo-da-pec-das-praias\/","name":"Justi\u00e7a Federal do RN decide ser ilegal cobran\u00e7a de taxa de ocupa\u00e7\u00e3o dos terrenos de marinha, alvo da PEC das Praias - Taveira Jr","isPartOf":{"@id":"https:\/\/deputadotaveirajr.com.br\/#website"},"datePublished":"2024-06-10T23:58:36+00:00","breadcrumb":{"@id":"https:\/\/deputadotaveirajr.com.br\/index.php\/justica-federal-do-rn-decide-ser-ilegal-cobranca-de-taxa-de-ocupacao-dos-terrenos-de-marinha-alvo-da-pec-das-praias\/#breadcrumb"},"inLanguage":"pt-BR","potentialAction":[{"@type":"ReadAction","target":["https:\/\/deputadotaveirajr.com.br\/index.php\/justica-federal-do-rn-decide-ser-ilegal-cobranca-de-taxa-de-ocupacao-dos-terrenos-de-marinha-alvo-da-pec-das-praias\/"]}]},{"@type":"BreadcrumbList","@id":"https:\/\/deputadotaveirajr.com.br\/index.php\/justica-federal-do-rn-decide-ser-ilegal-cobranca-de-taxa-de-ocupacao-dos-terrenos-de-marinha-alvo-da-pec-das-praias\/#breadcrumb","itemListElement":[{"@type":"ListItem","position":1,"name":"In\u00edcio","item":"https:\/\/deputadotaveirajr.com.br\/"},{"@type":"ListItem","position":2,"name":"Justi\u00e7a Federal do RN decide ser ilegal cobran\u00e7a de taxa de ocupa\u00e7\u00e3o dos terrenos de marinha, alvo da PEC das Praias"}]},{"@type":"WebSite","@id":"https:\/\/deputadotaveirajr.com.br\/#website","url":"https:\/\/deputadotaveirajr.com.br\/","name":"Taveira Jr","description":"Deputado Estadual","publisher":{"@id":"https:\/\/deputadotaveirajr.com.br\/#organization"},"potentialAction":[{"@type":"SearchAction","target":{"@type":"EntryPoint","urlTemplate":"https:\/\/deputadotaveirajr.com.br\/?s={search_term_string}"},"query-input":{"@type":"PropertyValueSpecification","valueRequired":true,"valueName":"search_term_string"}}],"inLanguage":"pt-BR"},{"@type":"Organization","@id":"https:\/\/deputadotaveirajr.com.br\/#organization","name":"Taveira Jr","url":"https:\/\/deputadotaveirajr.com.br\/","logo":{"@type":"ImageObject","inLanguage":"pt-BR","@id":"https:\/\/deputadotaveirajr.com.br\/#\/schema\/logo\/image\/","url":"https:\/\/deputadotaveirajr.com.br\/wp-content\/uploads\/2026\/01\/logolow2a.png","contentUrl":"https:\/\/deputadotaveirajr.com.br\/wp-content\/uploads\/2026\/01\/logolow2a.png","width":290,"height":80,"caption":"Taveira Jr"},"image":{"@id":"https:\/\/deputadotaveirajr.com.br\/#\/schema\/logo\/image\/"}}]}},"_links":{"self":[{"href":"https:\/\/deputadotaveirajr.com.br\/index.php\/wp-json\/wp\/v2\/pages\/6901","targetHints":{"allow":["GET"]}}],"collection":[{"href":"https:\/\/deputadotaveirajr.com.br\/index.php\/wp-json\/wp\/v2\/pages"}],"about":[{"href":"https:\/\/deputadotaveirajr.com.br\/index.php\/wp-json\/wp\/v2\/types\/page"}],"replies":[{"embeddable":true,"href":"https:\/\/deputadotaveirajr.com.br\/index.php\/wp-json\/wp\/v2\/comments?post=6901"}],"version-history":[{"count":1,"href":"https:\/\/deputadotaveirajr.com.br\/index.php\/wp-json\/wp\/v2\/pages\/6901\/revisions"}],"predecessor-version":[{"id":6910,"href":"https:\/\/deputadotaveirajr.com.br\/index.php\/wp-json\/wp\/v2\/pages\/6901\/revisions\/6910"}],"wp:attachment":[{"href":"https:\/\/deputadotaveirajr.com.br\/index.php\/wp-json\/wp\/v2\/media?parent=6901"}],"curies":[{"name":"wp","href":"https:\/\/api.w.org\/{rel}","templated":true}]}}