{"id":6938,"date":"2024-06-11T20:23:52","date_gmt":"2024-06-11T23:23:52","guid":{"rendered":"https:\/\/deputadotaveirajr.com.br\/?page_id=6938"},"modified":"2024-06-11T20:23:52","modified_gmt":"2024-06-11T23:23:52","slug":"mae-diz-que-bebe-internado-em-hospital-que-usou-embalagem-de-bolo-como-mascara-de-oxigenio-estava-muito-debilitado","status":"publish","type":"page","link":"https:\/\/deputadotaveirajr.com.br\/index.php\/mae-diz-que-bebe-internado-em-hospital-que-usou-embalagem-de-bolo-como-mascara-de-oxigenio-estava-muito-debilitado\/","title":{"rendered":"M\u00e3e diz que beb\u00ea internado em hospital que usou embalagem de bolo como m\u00e1scara de oxig\u00eanio estava &#8216;muito debilitado&#8217;"},"content":{"rendered":"<p>     Beb\u00ea tem hidrocefalia, usa uma bolsa de colostomia e tem s\u00edndrome de Dandy-Walker. M\u00e1scara improvisada foi usado enquanto unidade aguardava transfer\u00eancia de crian\u00e7a para hospital com UTI pedi\u00e1trica. Hospital usa embalagem de bolo como m\u00e1scara de oxig\u00eanio em beb\u00ea de 3 meses<br \/>\nReprodu\u00e7\u00e3o<br \/>\nA m\u00e3e do beb\u00ea de tr\u00eas meses que foi internado com uma embalagem de bolo improvisada como m\u00e1scara de oxig\u00eanio disse que ele chegou ao hospital em Santa Cruz (RN) &#8220;muito debilitado&#8221; . O beb\u00ea foi internado com suspeita de bronquiolite no s\u00e1bado (8) e aguardava transfer\u00eancia para Unidade de Tratamento Intensivo (UTI).<br \/>\nSegundo a m\u00e3e, Kadja Juliane, o beb\u00ea possui um quadro delicado de sa\u00fade. Ele tem hidrocefalia, usa uma bolsa de colostomia e tamb\u00e9m tem s\u00edndrome de Dandy-Walker, uma malforma\u00e7\u00e3o no c\u00e9rebro que pode causar problemas no desenvolvimento motor e aumento progressivo da cabe\u00e7a.<br \/>\nSegundo a equipe da unidade, no s\u00e1bado, ele estava com quadro de desconforto respirat\u00f3rio grave, congest\u00e3o nasal, febre, rinorreia, v\u00f4mitos e diarreia.<br \/>\n\ud83d\udcf3Participe do canal do g1 RN no WhatsApp<br \/>\nA prefeitura de Santa Cruz informou que o hospital n\u00e3o \u00e9 refer\u00eancia em urg\u00eancia materno infantil e que a m\u00e9dica plantonista usou a embalagem de bolo para montar um leito semi intensivo e atender a necessidade crian\u00e7a enquanto aguardava regula\u00e7\u00e3o para leito de UTI, que havia sido solicitado.<br \/>\n&#8220;Mesmo eles n\u00e3o tendo suporte para atender crian\u00e7a, eles fizeram de todo o poss\u00edvel pra atend\u00ea-lo&#8221;, disse Kadja Juliane, que afirmou que, apesar do que &#8220;melhorou bastante&#8221; ap\u00f3s o improviso. &#8220;Ele \u00e9 um beb\u00ea muito especial, precisa de muito cuidado. E, gra\u00e7as a Deus, o pior j\u00e1 passou&#8221;, disse a m\u00e3e.<br \/>\nHospital usa embalagem de bolo como m\u00e1scara de oxig\u00eanio em beb\u00ea de 3 meses no RN<br \/>\nO beb\u00ea foi transferido na manh\u00e3 desta ter\u00e7a-feira (11) para Natal, onde passou a receber tratamento no Hospital Infantil Varela Santiago.<br \/>\nImproviso<br \/>\nSegundo o m\u00e9dico do Servi\u00e7o de Atendimento M\u00f3vel de Urg\u00eancia (Samu), que atuou na transfer\u00eancia de Santa Cruz para Natal, o improviso feito com a embalagem de bolo melhorou as condi\u00e7\u00f5es do beb\u00ea.<br \/>\n&#8220;S\u00e3o alguns improvisos que a gente precisa fazer. Realmente ajudou bastante o rapazinho a voltar a respirar bem, a ter uma boa penetra\u00e7\u00e3o de oxig\u00eanio no pulm\u00e3o. Foi fundamental para ajudar na recupera\u00e7\u00e3o dele&#8221;, disse o m\u00e9dico Francisco J\u00fanior.<br \/>\nSegundo a fam\u00edlia, pelo beb\u00ea ter um quadro de sa\u00fade delicado, aumentou o desespero para que ele conseguisse uma vaga de UTI de forma mais r\u00e1pida, j\u00e1 que ele j\u00e1 teve outras intercorr\u00eancias.<br \/>\n&#8220;Nosso medo maior era que o hospital daqui da cidade [de Santa Cruz], que \u00e9 o que as m\u00e9dicas se preocupam, \u00e9 que ele corre o risco de pegar at\u00e9 outras infec\u00e7\u00f5es, porque o hospital n\u00e3o \u00e9 preparado para uma crian\u00e7a&#8221;, disse a m\u00e3e.<br \/>\nBeb\u00ea foi internado no Hospital Varela Santiago, em Natal<br \/>\nS\u00e9rgio Henrique Santos\/Inter TV Cabugi<br \/>\nO que diz o hospital<br \/>\nO hospital municipal de Santa Cruz, na regi\u00e3o Agreste potiguar, se manifestou sobre o caso.<br \/>\nEm nota assinada pela dire\u00e7\u00e3o t\u00e9cnica, a unidade de sa\u00fade informou que o paciente de 3 meses e 20 dias deu entrada no \u00faltimo s\u00e1bado (8), com quadro de desconforto respirat\u00f3rio grave, congest\u00e3o nasal, febre, rinorreia, v\u00f4mitos e diarreia.<br \/>\nAinda de acordo com o hospital, o beb\u00ea foi medicado e a equipe solicitou vaga de internamento em alguma unidade com UTI pedi\u00e1trica. Por\u00e9m, foi preciso usar o equipamento improvisado enquanto a transfer\u00eancia n\u00e3o ocorreu.<br \/>\nO paciente estava &#8220;clinicamente grave, mantendo quadro de desconforto respirat\u00f3rio e taquidispineia&#8221;, segundo a nota.<br \/>\nBronquiolite: o que \u00e9, sintomas e como tratar<br \/>\nVeja os v\u00eddeos mais assistidos no g1 RN<\/p>","protected":false},"excerpt":{"rendered":"<p>Beb\u00ea tem hidrocefalia, usa uma bolsa de colostomia e tem s\u00edndrome de Dandy-Walker. M\u00e1scara improvisada foi usado enquanto unidade aguardava transfer\u00eancia de crian\u00e7a para hospital com UTI pedi\u00e1trica. Hospital usa &#8230;<\/p>\n","protected":false},"author":0,"featured_media":6939,"parent":0,"menu_order":0,"comment_status":"closed","ping_status":"closed","template":"","meta":{"footnotes":""},"class_list":["post-6938","page","type-page","status-publish","has-post-thumbnail","hentry"],"yoast_head":"<!-- This site is optimized with the Yoast SEO plugin v27.1.1 - https:\/\/yoast.com\/product\/yoast-seo-wordpress\/ -->\n<title>M\u00e3e diz que beb\u00ea internado em hospital que usou embalagem de bolo como m\u00e1scara de oxig\u00eanio estava &#039;muito debilitado&#039; - Taveira Jr<\/title>\n<meta name=\"robots\" content=\"index, follow, max-snippet:-1, max-image-preview:large, max-video-preview:-1\" \/>\n<link rel=\"canonical\" href=\"https:\/\/deputadotaveirajr.com.br\/index.php\/mae-diz-que-bebe-internado-em-hospital-que-usou-embalagem-de-bolo-como-mascara-de-oxigenio-estava-muito-debilitado\/\" \/>\n<meta property=\"og:locale\" content=\"pt_BR\" \/>\n<meta property=\"og:type\" content=\"article\" \/>\n<meta property=\"og:title\" content=\"M\u00e3e diz que beb\u00ea internado em hospital que usou embalagem de bolo como m\u00e1scara de oxig\u00eanio estava &#039;muito debilitado&#039; - Taveira Jr\" \/>\n<meta property=\"og:description\" content=\"Beb\u00ea tem hidrocefalia, usa uma bolsa de colostomia e tem s\u00edndrome de Dandy-Walker. M\u00e1scara improvisada foi usado enquanto unidade aguardava transfer\u00eancia de crian\u00e7a para hospital com UTI pedi\u00e1trica. Hospital usa ...\" \/>\n<meta property=\"og:url\" content=\"https:\/\/deputadotaveirajr.com.br\/index.php\/mae-diz-que-bebe-internado-em-hospital-que-usou-embalagem-de-bolo-como-mascara-de-oxigenio-estava-muito-debilitado\/\" \/>\n<meta property=\"og:site_name\" content=\"Taveira Jr\" \/>\n<meta property=\"og:image\" content=\"https:\/\/deputadotaveirajr.com.br\/wp-content\/uploads\/2024\/06\/embalagem-de-bolo-9crQrX.jpeg\" \/>\n\t<meta property=\"og:image:width\" content=\"1000\" \/>\n\t<meta property=\"og:image:height\" content=\"1170\" \/>\n\t<meta property=\"og:image:type\" content=\"image\/jpeg\" \/>\n<meta name=\"twitter:card\" content=\"summary_large_image\" \/>\n<meta name=\"twitter:label1\" content=\"Est. tempo de leitura\" \/>\n\t<meta name=\"twitter:data1\" content=\"3 minutos\" \/>\n<script type=\"application\/ld+json\" class=\"yoast-schema-graph\">{\"@context\":\"https:\/\/schema.org\",\"@graph\":[{\"@type\":\"WebPage\",\"@id\":\"https:\/\/deputadotaveirajr.com.br\/index.php\/mae-diz-que-bebe-internado-em-hospital-que-usou-embalagem-de-bolo-como-mascara-de-oxigenio-estava-muito-debilitado\/\",\"url\":\"https:\/\/deputadotaveirajr.com.br\/index.php\/mae-diz-que-bebe-internado-em-hospital-que-usou-embalagem-de-bolo-como-mascara-de-oxigenio-estava-muito-debilitado\/\",\"name\":\"M\u00e3e diz que beb\u00ea internado em hospital que usou embalagem de bolo como m\u00e1scara de oxig\u00eanio estava 'muito debilitado' - Taveira Jr\",\"isPartOf\":{\"@id\":\"https:\/\/deputadotaveirajr.com.br\/#website\"},\"primaryImageOfPage\":{\"@id\":\"https:\/\/deputadotaveirajr.com.br\/index.php\/mae-diz-que-bebe-internado-em-hospital-que-usou-embalagem-de-bolo-como-mascara-de-oxigenio-estava-muito-debilitado\/#primaryimage\"},\"image\":{\"@id\":\"https:\/\/deputadotaveirajr.com.br\/index.php\/mae-diz-que-bebe-internado-em-hospital-que-usou-embalagem-de-bolo-como-mascara-de-oxigenio-estava-muito-debilitado\/#primaryimage\"},\"thumbnailUrl\":\"https:\/\/deputadotaveirajr.com.br\/wp-content\/uploads\/2024\/06\/embalagem-de-bolo-9crQrX.jpeg\",\"datePublished\":\"2024-06-11T23:23:52+00:00\",\"breadcrumb\":{\"@id\":\"https:\/\/deputadotaveirajr.com.br\/index.php\/mae-diz-que-bebe-internado-em-hospital-que-usou-embalagem-de-bolo-como-mascara-de-oxigenio-estava-muito-debilitado\/#breadcrumb\"},\"inLanguage\":\"pt-BR\",\"potentialAction\":[{\"@type\":\"ReadAction\",\"target\":[\"https:\/\/deputadotaveirajr.com.br\/index.php\/mae-diz-que-bebe-internado-em-hospital-que-usou-embalagem-de-bolo-como-mascara-de-oxigenio-estava-muito-debilitado\/\"]}]},{\"@type\":\"ImageObject\",\"inLanguage\":\"pt-BR\",\"@id\":\"https:\/\/deputadotaveirajr.com.br\/index.php\/mae-diz-que-bebe-internado-em-hospital-que-usou-embalagem-de-bolo-como-mascara-de-oxigenio-estava-muito-debilitado\/#primaryimage\",\"url\":\"https:\/\/deputadotaveirajr.com.br\/wp-content\/uploads\/2024\/06\/embalagem-de-bolo-9crQrX.jpeg\",\"contentUrl\":\"https:\/\/deputadotaveirajr.com.br\/wp-content\/uploads\/2024\/06\/embalagem-de-bolo-9crQrX.jpeg\",\"width\":1000,\"height\":1170},{\"@type\":\"BreadcrumbList\",\"@id\":\"https:\/\/deputadotaveirajr.com.br\/index.php\/mae-diz-que-bebe-internado-em-hospital-que-usou-embalagem-de-bolo-como-mascara-de-oxigenio-estava-muito-debilitado\/#breadcrumb\",\"itemListElement\":[{\"@type\":\"ListItem\",\"position\":1,\"name\":\"In\u00edcio\",\"item\":\"https:\/\/deputadotaveirajr.com.br\/\"},{\"@type\":\"ListItem\",\"position\":2,\"name\":\"M\u00e3e diz que beb\u00ea internado em hospital que usou embalagem de bolo como m\u00e1scara de oxig\u00eanio estava &#8216;muito debilitado&#8217;\"}]},{\"@type\":\"WebSite\",\"@id\":\"https:\/\/deputadotaveirajr.com.br\/#website\",\"url\":\"https:\/\/deputadotaveirajr.com.br\/\",\"name\":\"Taveira Jr\",\"description\":\"Deputado Estadual\",\"publisher\":{\"@id\":\"https:\/\/deputadotaveirajr.com.br\/#organization\"},\"potentialAction\":[{\"@type\":\"SearchAction\",\"target\":{\"@type\":\"EntryPoint\",\"urlTemplate\":\"https:\/\/deputadotaveirajr.com.br\/?s={search_term_string}\"},\"query-input\":{\"@type\":\"PropertyValueSpecification\",\"valueRequired\":true,\"valueName\":\"search_term_string\"}}],\"inLanguage\":\"pt-BR\"},{\"@type\":\"Organization\",\"@id\":\"https:\/\/deputadotaveirajr.com.br\/#organization\",\"name\":\"Taveira Jr\",\"url\":\"https:\/\/deputadotaveirajr.com.br\/\",\"logo\":{\"@type\":\"ImageObject\",\"inLanguage\":\"pt-BR\",\"@id\":\"https:\/\/deputadotaveirajr.com.br\/#\/schema\/logo\/image\/\",\"url\":\"https:\/\/deputadotaveirajr.com.br\/wp-content\/uploads\/2026\/01\/logolow2a.png\",\"contentUrl\":\"https:\/\/deputadotaveirajr.com.br\/wp-content\/uploads\/2026\/01\/logolow2a.png\",\"width\":290,\"height\":80,\"caption\":\"Taveira Jr\"},\"image\":{\"@id\":\"https:\/\/deputadotaveirajr.com.br\/#\/schema\/logo\/image\/\"}}]}<\/script>\n<!-- \/ Yoast SEO plugin. -->","yoast_head_json":{"title":"M\u00e3e diz que beb\u00ea internado em hospital que usou embalagem de bolo como m\u00e1scara de oxig\u00eanio estava 'muito debilitado' - Taveira Jr","robots":{"index":"index","follow":"follow","max-snippet":"max-snippet:-1","max-image-preview":"max-image-preview:large","max-video-preview":"max-video-preview:-1"},"canonical":"https:\/\/deputadotaveirajr.com.br\/index.php\/mae-diz-que-bebe-internado-em-hospital-que-usou-embalagem-de-bolo-como-mascara-de-oxigenio-estava-muito-debilitado\/","og_locale":"pt_BR","og_type":"article","og_title":"M\u00e3e diz que beb\u00ea internado em hospital que usou embalagem de bolo como m\u00e1scara de oxig\u00eanio estava 'muito debilitado' - Taveira Jr","og_description":"Beb\u00ea tem hidrocefalia, usa uma bolsa de colostomia e tem s\u00edndrome de Dandy-Walker. M\u00e1scara improvisada foi usado enquanto unidade aguardava transfer\u00eancia de crian\u00e7a para hospital com UTI pedi\u00e1trica. Hospital usa ...","og_url":"https:\/\/deputadotaveirajr.com.br\/index.php\/mae-diz-que-bebe-internado-em-hospital-que-usou-embalagem-de-bolo-como-mascara-de-oxigenio-estava-muito-debilitado\/","og_site_name":"Taveira Jr","og_image":[{"width":1000,"height":1170,"url":"https:\/\/deputadotaveirajr.com.br\/wp-content\/uploads\/2024\/06\/embalagem-de-bolo-9crQrX.jpeg","type":"image\/jpeg"}],"twitter_card":"summary_large_image","twitter_misc":{"Est. tempo de leitura":"3 minutos"},"schema":{"@context":"https:\/\/schema.org","@graph":[{"@type":"WebPage","@id":"https:\/\/deputadotaveirajr.com.br\/index.php\/mae-diz-que-bebe-internado-em-hospital-que-usou-embalagem-de-bolo-como-mascara-de-oxigenio-estava-muito-debilitado\/","url":"https:\/\/deputadotaveirajr.com.br\/index.php\/mae-diz-que-bebe-internado-em-hospital-que-usou-embalagem-de-bolo-como-mascara-de-oxigenio-estava-muito-debilitado\/","name":"M\u00e3e diz que beb\u00ea internado em hospital que usou embalagem de bolo como m\u00e1scara de oxig\u00eanio estava 'muito debilitado' - Taveira Jr","isPartOf":{"@id":"https:\/\/deputadotaveirajr.com.br\/#website"},"primaryImageOfPage":{"@id":"https:\/\/deputadotaveirajr.com.br\/index.php\/mae-diz-que-bebe-internado-em-hospital-que-usou-embalagem-de-bolo-como-mascara-de-oxigenio-estava-muito-debilitado\/#primaryimage"},"image":{"@id":"https:\/\/deputadotaveirajr.com.br\/index.php\/mae-diz-que-bebe-internado-em-hospital-que-usou-embalagem-de-bolo-como-mascara-de-oxigenio-estava-muito-debilitado\/#primaryimage"},"thumbnailUrl":"https:\/\/deputadotaveirajr.com.br\/wp-content\/uploads\/2024\/06\/embalagem-de-bolo-9crQrX.jpeg","datePublished":"2024-06-11T23:23:52+00:00","breadcrumb":{"@id":"https:\/\/deputadotaveirajr.com.br\/index.php\/mae-diz-que-bebe-internado-em-hospital-que-usou-embalagem-de-bolo-como-mascara-de-oxigenio-estava-muito-debilitado\/#breadcrumb"},"inLanguage":"pt-BR","potentialAction":[{"@type":"ReadAction","target":["https:\/\/deputadotaveirajr.com.br\/index.php\/mae-diz-que-bebe-internado-em-hospital-que-usou-embalagem-de-bolo-como-mascara-de-oxigenio-estava-muito-debilitado\/"]}]},{"@type":"ImageObject","inLanguage":"pt-BR","@id":"https:\/\/deputadotaveirajr.com.br\/index.php\/mae-diz-que-bebe-internado-em-hospital-que-usou-embalagem-de-bolo-como-mascara-de-oxigenio-estava-muito-debilitado\/#primaryimage","url":"https:\/\/deputadotaveirajr.com.br\/wp-content\/uploads\/2024\/06\/embalagem-de-bolo-9crQrX.jpeg","contentUrl":"https:\/\/deputadotaveirajr.com.br\/wp-content\/uploads\/2024\/06\/embalagem-de-bolo-9crQrX.jpeg","width":1000,"height":1170},{"@type":"BreadcrumbList","@id":"https:\/\/deputadotaveirajr.com.br\/index.php\/mae-diz-que-bebe-internado-em-hospital-que-usou-embalagem-de-bolo-como-mascara-de-oxigenio-estava-muito-debilitado\/#breadcrumb","itemListElement":[{"@type":"ListItem","position":1,"name":"In\u00edcio","item":"https:\/\/deputadotaveirajr.com.br\/"},{"@type":"ListItem","position":2,"name":"M\u00e3e diz que beb\u00ea internado em hospital que usou embalagem de bolo como m\u00e1scara de oxig\u00eanio estava &#8216;muito debilitado&#8217;"}]},{"@type":"WebSite","@id":"https:\/\/deputadotaveirajr.com.br\/#website","url":"https:\/\/deputadotaveirajr.com.br\/","name":"Taveira Jr","description":"Deputado Estadual","publisher":{"@id":"https:\/\/deputadotaveirajr.com.br\/#organization"},"potentialAction":[{"@type":"SearchAction","target":{"@type":"EntryPoint","urlTemplate":"https:\/\/deputadotaveirajr.com.br\/?s={search_term_string}"},"query-input":{"@type":"PropertyValueSpecification","valueRequired":true,"valueName":"search_term_string"}}],"inLanguage":"pt-BR"},{"@type":"Organization","@id":"https:\/\/deputadotaveirajr.com.br\/#organization","name":"Taveira Jr","url":"https:\/\/deputadotaveirajr.com.br\/","logo":{"@type":"ImageObject","inLanguage":"pt-BR","@id":"https:\/\/deputadotaveirajr.com.br\/#\/schema\/logo\/image\/","url":"https:\/\/deputadotaveirajr.com.br\/wp-content\/uploads\/2026\/01\/logolow2a.png","contentUrl":"https:\/\/deputadotaveirajr.com.br\/wp-content\/uploads\/2026\/01\/logolow2a.png","width":290,"height":80,"caption":"Taveira Jr"},"image":{"@id":"https:\/\/deputadotaveirajr.com.br\/#\/schema\/logo\/image\/"}}]}},"_links":{"self":[{"href":"https:\/\/deputadotaveirajr.com.br\/index.php\/wp-json\/wp\/v2\/pages\/6938","targetHints":{"allow":["GET"]}}],"collection":[{"href":"https:\/\/deputadotaveirajr.com.br\/index.php\/wp-json\/wp\/v2\/pages"}],"about":[{"href":"https:\/\/deputadotaveirajr.com.br\/index.php\/wp-json\/wp\/v2\/types\/page"}],"replies":[{"embeddable":true,"href":"https:\/\/deputadotaveirajr.com.br\/index.php\/wp-json\/wp\/v2\/comments?post=6938"}],"version-history":[{"count":1,"href":"https:\/\/deputadotaveirajr.com.br\/index.php\/wp-json\/wp\/v2\/pages\/6938\/revisions"}],"predecessor-version":[{"id":6942,"href":"https:\/\/deputadotaveirajr.com.br\/index.php\/wp-json\/wp\/v2\/pages\/6938\/revisions\/6942"}],"wp:featuredmedia":[{"embeddable":true,"href":"https:\/\/deputadotaveirajr.com.br\/index.php\/wp-json\/wp\/v2\/media\/6939"}],"wp:attachment":[{"href":"https:\/\/deputadotaveirajr.com.br\/index.php\/wp-json\/wp\/v2\/media?parent=6938"}],"curies":[{"name":"wp","href":"https:\/\/api.w.org\/{rel}","templated":true}]}}