{"id":7031,"date":"2024-06-14T11:42:55","date_gmt":"2024-06-14T14:42:55","guid":{"rendered":"https:\/\/deputadotaveirajr.com.br\/?page_id=7031"},"modified":"2024-06-14T11:42:55","modified_gmt":"2024-06-14T14:42:55","slug":"crateras-jacares-pessoas-ilhadas-queda-de-poste-e-tenda-grande-natal-tem-transtornos-durante-chuvas-de-ate-137-mm","status":"publish","type":"page","link":"https:\/\/deputadotaveirajr.com.br\/index.php\/crateras-jacares-pessoas-ilhadas-queda-de-poste-e-tenda-grande-natal-tem-transtornos-durante-chuvas-de-ate-137-mm\/","title":{"rendered":"Crateras, jacar\u00e9s, pessoas ilhadas, queda de poste e tenda: Grande Natal tem transtornos durante chuvas de at\u00e9 137 mm"},"content":{"rendered":"<p>     Chuvas durou a noite de quinta-feira (13) e madrugada desta sexta-feira (14) na capital e cidades da regi\u00e3o metropolitana.  Cratera aberta ao lado de casa no bairro Paju\u00e7ara, na Zona Norte de Natal<br \/>\nS\u00e9rgio Henrique Santos\/Inter TV Cabugi<br \/>\nA regi\u00e3o metropolitana de Natal registrou chuvas de at\u00e9 137,6 mil\u00edmetros em 24 horas, entre as 7h da quinta-feira (13) e o mesmo hor\u00e1rio desta sexta-feira (14),  segundo o monitoramento da Empresa de Pesquisa Agropecu\u00e1ria do Rio Grande do Norte (Emparn).<br \/>\nO grande volume de \u00e1gua causou transtornos como abertura de crateras, alagamentos que deixaram pessoas ilhadas, transbordamento de lagoa de capta\u00e7\u00e3o, surgimento de jacar\u00e9s, e tombamento de poste de energia e de uma tenda, entre a noite e a madrugada.<br \/>\nO maior volume de \u00e1gua foi em Cear\u00e1-Mirim. Na capital, foram 97 mil\u00edmetros. A chuva tamb\u00e9m superou os 100 mil\u00edmetros em S\u00e3o Gon\u00e7alo do Amarante (114,2 mm) e Goianinha (106,4 mm).<br \/>\nBombeiros resgatam moradores ilhados em bairro de Natal<br \/>\nCedida<br \/>\nNo conjunto Panatis, Zona Norte da capital, bombeiros foram acionados para auxiliar um casal, dois adolescentes e uma crian\u00e7a pequena que estavam ilhados e n\u00e3o conseguiram sair de sua casa, por volta de 1h30.<br \/>\nNa Rua Poeta Homero Homem, no bairro Paju\u00e7ara, a for\u00e7a da \u00e1gua causou uma eros\u00e3o que abriu uma cratera ao lado de uma casa.<br \/>\nA lagoa de capta\u00e7\u00e3o do conjunto Santar\u00e9m, tamb\u00e9m na Zona Norte da capital, transbordou. Na manh\u00e3 desta sexta-feira (14), as ruas do bairro e o Centro Educacional Alferes Tiradentes, seguiam alagados, e uma festa que estava marcada para a escola foi adiada.<br \/>\nNo bairro da Redinha, o Corpo de Bombeiros foi acionado nesta quinta-feira para capturar dois jacar\u00e9s que surgiram nas ruas e possivelmente sa\u00edram de rios da regi\u00e3o. Segundo a corpora\u00e7\u00e3o, os animais foram devolvidos aos habitat natural.<br \/>\nBombeiros capturam jacar\u00e9 no bairro da Redinha em Natal<br \/>\nAt\u00e9 por volta de 0h30, a Secretaria de Mobilidade Urbana de Natal registrou cerca de 28 pontos de alagamento em vias importantes de diferentes regi\u00f5es da capital. No in\u00edcio da manh\u00e3 desta sexta-feira (14), mesmo com a redu\u00e7\u00e3o da chuva, a pasta informou que o alagamento na avenida Lima e Silva, entre a avenida Interventor M\u00e1rio C\u00e2mara e rua dos Caic\u00f3s continuava intransit\u00e1vel.<br \/>\nPor volta da 0h30,  um poste tombou na avenida do Contorno, pr\u00f3ximo a esta\u00e7\u00e3o da companhia de \u00e1gua do estado. Durante a manh\u00e3, o tr\u00e2nsito foi interditado para realiza\u00e7\u00e3o dos reparos no poste. Segundo a STTU, o acesso \u00e0 Cidade Alta e Ribeira \u00e9 feito pela Avenida Rio Branco ou pela Avenida Deodoro da Fonseca.<br \/>\nTombamento de poste na avenida do Contorno, em Natal<br \/>\nSTTU\/Divulga\u00e7\u00e3o<br \/>\nAinda durante a noite, na Igreja do Galo, em Natal, na Cidade Alta, uma tenda desabou durante as festividades de Santo Ant\u00f4nio, por volta das 20h. O Servi\u00e7o M\u00f3vel de Atendimento de Urg\u00eancia (Samu) foi acionado ao local para atender feridos.<br \/>\nNa avenida Olavo Montenegro, que liga bairros de Natal a Parnamirim, na regi\u00e3o metropolitana, o asfalto cedeu no mesmo ponto em que uma cratera tinha sido tapada h\u00e1 uma semana, por volta das 22h da quinta-feira. Um carro caiu na nova cratera, ao tentar escapar do alagamento na via.<br \/>\nCratera reabriu na avenida Olavo Montenegro, no mesmo ponto em que se abriu no dia 6 de junho<br \/>\nVin\u00edcius Marinho\/Inter TV Cabugi<br \/>\nTenda desabou durante festividade na Igreja do Galo, em Natal<br \/>\nFrancielly Medeiros\/Inter TV Cabugi<br \/>\nVeja os v\u00eddeos mais assistidos no g1 RN<\/p>","protected":false},"excerpt":{"rendered":"<p>Chuvas durou a noite de quinta-feira (13) e madrugada desta sexta-feira (14) na capital e cidades da regi\u00e3o metropolitana. Cratera aberta ao lado de casa no bairro Paju\u00e7ara, na Zona &#8230;<\/p>\n","protected":false},"author":0,"featured_media":7032,"parent":0,"menu_order":0,"comment_status":"closed","ping_status":"closed","template":"","meta":{"footnotes":""},"class_list":["post-7031","page","type-page","status-publish","has-post-thumbnail","hentry"],"yoast_head":"<!-- This site is optimized with the Yoast SEO plugin v27.1.1 - https:\/\/yoast.com\/product\/yoast-seo-wordpress\/ -->\n<title>Crateras, jacar\u00e9s, pessoas ilhadas, queda de poste e tenda: Grande Natal tem transtornos durante chuvas de at\u00e9 137 mm - Taveira Jr<\/title>\n<meta name=\"robots\" content=\"index, follow, max-snippet:-1, max-image-preview:large, max-video-preview:-1\" \/>\n<link rel=\"canonical\" href=\"https:\/\/deputadotaveirajr.com.br\/index.php\/crateras-jacares-pessoas-ilhadas-queda-de-poste-e-tenda-grande-natal-tem-transtornos-durante-chuvas-de-ate-137-mm\/\" \/>\n<meta property=\"og:locale\" content=\"pt_BR\" \/>\n<meta property=\"og:type\" content=\"article\" \/>\n<meta property=\"og:title\" content=\"Crateras, jacar\u00e9s, pessoas ilhadas, queda de poste e tenda: Grande Natal tem transtornos durante chuvas de at\u00e9 137 mm - Taveira Jr\" \/>\n<meta property=\"og:description\" content=\"Chuvas durou a noite de quinta-feira (13) e madrugada desta sexta-feira (14) na capital e cidades da regi\u00e3o metropolitana. Cratera aberta ao lado de casa no bairro Paju\u00e7ara, na Zona ...\" \/>\n<meta property=\"og:url\" content=\"https:\/\/deputadotaveirajr.com.br\/index.php\/crateras-jacares-pessoas-ilhadas-queda-de-poste-e-tenda-grande-natal-tem-transtornos-durante-chuvas-de-ate-137-mm\/\" \/>\n<meta property=\"og:site_name\" content=\"Taveira Jr\" \/>\n<meta property=\"og:image\" content=\"https:\/\/deputadotaveirajr.com.br\/wp-content\/uploads\/2024\/06\/whatsapp-image-2024-06-14-at-09.18.47-CKQOXF.jpeg\" \/>\n\t<meta property=\"og:image:width\" content=\"1152\" \/>\n\t<meta property=\"og:image:height\" content=\"648\" \/>\n\t<meta property=\"og:image:type\" content=\"image\/jpeg\" \/>\n<meta name=\"twitter:card\" content=\"summary_large_image\" \/>\n<meta name=\"twitter:label1\" content=\"Est. tempo de leitura\" \/>\n\t<meta name=\"twitter:data1\" content=\"3 minutos\" \/>\n<script type=\"application\/ld+json\" class=\"yoast-schema-graph\">{\"@context\":\"https:\/\/schema.org\",\"@graph\":[{\"@type\":\"WebPage\",\"@id\":\"https:\/\/deputadotaveirajr.com.br\/index.php\/crateras-jacares-pessoas-ilhadas-queda-de-poste-e-tenda-grande-natal-tem-transtornos-durante-chuvas-de-ate-137-mm\/\",\"url\":\"https:\/\/deputadotaveirajr.com.br\/index.php\/crateras-jacares-pessoas-ilhadas-queda-de-poste-e-tenda-grande-natal-tem-transtornos-durante-chuvas-de-ate-137-mm\/\",\"name\":\"Crateras, jacar\u00e9s, pessoas ilhadas, queda de poste e tenda: Grande Natal tem transtornos durante chuvas de at\u00e9 137 mm - Taveira Jr\",\"isPartOf\":{\"@id\":\"https:\/\/deputadotaveirajr.com.br\/#website\"},\"primaryImageOfPage\":{\"@id\":\"https:\/\/deputadotaveirajr.com.br\/index.php\/crateras-jacares-pessoas-ilhadas-queda-de-poste-e-tenda-grande-natal-tem-transtornos-durante-chuvas-de-ate-137-mm\/#primaryimage\"},\"image\":{\"@id\":\"https:\/\/deputadotaveirajr.com.br\/index.php\/crateras-jacares-pessoas-ilhadas-queda-de-poste-e-tenda-grande-natal-tem-transtornos-durante-chuvas-de-ate-137-mm\/#primaryimage\"},\"thumbnailUrl\":\"https:\/\/deputadotaveirajr.com.br\/wp-content\/uploads\/2024\/06\/whatsapp-image-2024-06-14-at-09.18.47-CKQOXF.jpeg\",\"datePublished\":\"2024-06-14T14:42:55+00:00\",\"breadcrumb\":{\"@id\":\"https:\/\/deputadotaveirajr.com.br\/index.php\/crateras-jacares-pessoas-ilhadas-queda-de-poste-e-tenda-grande-natal-tem-transtornos-durante-chuvas-de-ate-137-mm\/#breadcrumb\"},\"inLanguage\":\"pt-BR\",\"potentialAction\":[{\"@type\":\"ReadAction\",\"target\":[\"https:\/\/deputadotaveirajr.com.br\/index.php\/crateras-jacares-pessoas-ilhadas-queda-de-poste-e-tenda-grande-natal-tem-transtornos-durante-chuvas-de-ate-137-mm\/\"]}]},{\"@type\":\"ImageObject\",\"inLanguage\":\"pt-BR\",\"@id\":\"https:\/\/deputadotaveirajr.com.br\/index.php\/crateras-jacares-pessoas-ilhadas-queda-de-poste-e-tenda-grande-natal-tem-transtornos-durante-chuvas-de-ate-137-mm\/#primaryimage\",\"url\":\"https:\/\/deputadotaveirajr.com.br\/wp-content\/uploads\/2024\/06\/whatsapp-image-2024-06-14-at-09.18.47-CKQOXF.jpeg\",\"contentUrl\":\"https:\/\/deputadotaveirajr.com.br\/wp-content\/uploads\/2024\/06\/whatsapp-image-2024-06-14-at-09.18.47-CKQOXF.jpeg\",\"width\":1152,\"height\":648},{\"@type\":\"BreadcrumbList\",\"@id\":\"https:\/\/deputadotaveirajr.com.br\/index.php\/crateras-jacares-pessoas-ilhadas-queda-de-poste-e-tenda-grande-natal-tem-transtornos-durante-chuvas-de-ate-137-mm\/#breadcrumb\",\"itemListElement\":[{\"@type\":\"ListItem\",\"position\":1,\"name\":\"In\u00edcio\",\"item\":\"https:\/\/deputadotaveirajr.com.br\/\"},{\"@type\":\"ListItem\",\"position\":2,\"name\":\"Crateras, jacar\u00e9s, pessoas ilhadas, queda de poste e tenda: Grande Natal tem transtornos durante chuvas de at\u00e9 137 mm\"}]},{\"@type\":\"WebSite\",\"@id\":\"https:\/\/deputadotaveirajr.com.br\/#website\",\"url\":\"https:\/\/deputadotaveirajr.com.br\/\",\"name\":\"Taveira Jr\",\"description\":\"Deputado Estadual\",\"publisher\":{\"@id\":\"https:\/\/deputadotaveirajr.com.br\/#organization\"},\"potentialAction\":[{\"@type\":\"SearchAction\",\"target\":{\"@type\":\"EntryPoint\",\"urlTemplate\":\"https:\/\/deputadotaveirajr.com.br\/?s={search_term_string}\"},\"query-input\":{\"@type\":\"PropertyValueSpecification\",\"valueRequired\":true,\"valueName\":\"search_term_string\"}}],\"inLanguage\":\"pt-BR\"},{\"@type\":\"Organization\",\"@id\":\"https:\/\/deputadotaveirajr.com.br\/#organization\",\"name\":\"Taveira Jr\",\"url\":\"https:\/\/deputadotaveirajr.com.br\/\",\"logo\":{\"@type\":\"ImageObject\",\"inLanguage\":\"pt-BR\",\"@id\":\"https:\/\/deputadotaveirajr.com.br\/#\/schema\/logo\/image\/\",\"url\":\"https:\/\/deputadotaveirajr.com.br\/wp-content\/uploads\/2026\/01\/logolow2a.png\",\"contentUrl\":\"https:\/\/deputadotaveirajr.com.br\/wp-content\/uploads\/2026\/01\/logolow2a.png\",\"width\":290,\"height\":80,\"caption\":\"Taveira Jr\"},\"image\":{\"@id\":\"https:\/\/deputadotaveirajr.com.br\/#\/schema\/logo\/image\/\"}}]}<\/script>\n<!-- \/ Yoast SEO plugin. -->","yoast_head_json":{"title":"Crateras, jacar\u00e9s, pessoas ilhadas, queda de poste e tenda: Grande Natal tem transtornos durante chuvas de at\u00e9 137 mm - Taveira Jr","robots":{"index":"index","follow":"follow","max-snippet":"max-snippet:-1","max-image-preview":"max-image-preview:large","max-video-preview":"max-video-preview:-1"},"canonical":"https:\/\/deputadotaveirajr.com.br\/index.php\/crateras-jacares-pessoas-ilhadas-queda-de-poste-e-tenda-grande-natal-tem-transtornos-durante-chuvas-de-ate-137-mm\/","og_locale":"pt_BR","og_type":"article","og_title":"Crateras, jacar\u00e9s, pessoas ilhadas, queda de poste e tenda: Grande Natal tem transtornos durante chuvas de at\u00e9 137 mm - Taveira Jr","og_description":"Chuvas durou a noite de quinta-feira (13) e madrugada desta sexta-feira (14) na capital e cidades da regi\u00e3o metropolitana. Cratera aberta ao lado de casa no bairro Paju\u00e7ara, na Zona ...","og_url":"https:\/\/deputadotaveirajr.com.br\/index.php\/crateras-jacares-pessoas-ilhadas-queda-de-poste-e-tenda-grande-natal-tem-transtornos-durante-chuvas-de-ate-137-mm\/","og_site_name":"Taveira Jr","og_image":[{"width":1152,"height":648,"url":"https:\/\/deputadotaveirajr.com.br\/wp-content\/uploads\/2024\/06\/whatsapp-image-2024-06-14-at-09.18.47-CKQOXF.jpeg","type":"image\/jpeg"}],"twitter_card":"summary_large_image","twitter_misc":{"Est. tempo de leitura":"3 minutos"},"schema":{"@context":"https:\/\/schema.org","@graph":[{"@type":"WebPage","@id":"https:\/\/deputadotaveirajr.com.br\/index.php\/crateras-jacares-pessoas-ilhadas-queda-de-poste-e-tenda-grande-natal-tem-transtornos-durante-chuvas-de-ate-137-mm\/","url":"https:\/\/deputadotaveirajr.com.br\/index.php\/crateras-jacares-pessoas-ilhadas-queda-de-poste-e-tenda-grande-natal-tem-transtornos-durante-chuvas-de-ate-137-mm\/","name":"Crateras, jacar\u00e9s, pessoas ilhadas, queda de poste e tenda: Grande Natal tem transtornos durante chuvas de at\u00e9 137 mm - Taveira Jr","isPartOf":{"@id":"https:\/\/deputadotaveirajr.com.br\/#website"},"primaryImageOfPage":{"@id":"https:\/\/deputadotaveirajr.com.br\/index.php\/crateras-jacares-pessoas-ilhadas-queda-de-poste-e-tenda-grande-natal-tem-transtornos-durante-chuvas-de-ate-137-mm\/#primaryimage"},"image":{"@id":"https:\/\/deputadotaveirajr.com.br\/index.php\/crateras-jacares-pessoas-ilhadas-queda-de-poste-e-tenda-grande-natal-tem-transtornos-durante-chuvas-de-ate-137-mm\/#primaryimage"},"thumbnailUrl":"https:\/\/deputadotaveirajr.com.br\/wp-content\/uploads\/2024\/06\/whatsapp-image-2024-06-14-at-09.18.47-CKQOXF.jpeg","datePublished":"2024-06-14T14:42:55+00:00","breadcrumb":{"@id":"https:\/\/deputadotaveirajr.com.br\/index.php\/crateras-jacares-pessoas-ilhadas-queda-de-poste-e-tenda-grande-natal-tem-transtornos-durante-chuvas-de-ate-137-mm\/#breadcrumb"},"inLanguage":"pt-BR","potentialAction":[{"@type":"ReadAction","target":["https:\/\/deputadotaveirajr.com.br\/index.php\/crateras-jacares-pessoas-ilhadas-queda-de-poste-e-tenda-grande-natal-tem-transtornos-durante-chuvas-de-ate-137-mm\/"]}]},{"@type":"ImageObject","inLanguage":"pt-BR","@id":"https:\/\/deputadotaveirajr.com.br\/index.php\/crateras-jacares-pessoas-ilhadas-queda-de-poste-e-tenda-grande-natal-tem-transtornos-durante-chuvas-de-ate-137-mm\/#primaryimage","url":"https:\/\/deputadotaveirajr.com.br\/wp-content\/uploads\/2024\/06\/whatsapp-image-2024-06-14-at-09.18.47-CKQOXF.jpeg","contentUrl":"https:\/\/deputadotaveirajr.com.br\/wp-content\/uploads\/2024\/06\/whatsapp-image-2024-06-14-at-09.18.47-CKQOXF.jpeg","width":1152,"height":648},{"@type":"BreadcrumbList","@id":"https:\/\/deputadotaveirajr.com.br\/index.php\/crateras-jacares-pessoas-ilhadas-queda-de-poste-e-tenda-grande-natal-tem-transtornos-durante-chuvas-de-ate-137-mm\/#breadcrumb","itemListElement":[{"@type":"ListItem","position":1,"name":"In\u00edcio","item":"https:\/\/deputadotaveirajr.com.br\/"},{"@type":"ListItem","position":2,"name":"Crateras, jacar\u00e9s, pessoas ilhadas, queda de poste e tenda: Grande Natal tem transtornos durante chuvas de at\u00e9 137 mm"}]},{"@type":"WebSite","@id":"https:\/\/deputadotaveirajr.com.br\/#website","url":"https:\/\/deputadotaveirajr.com.br\/","name":"Taveira Jr","description":"Deputado Estadual","publisher":{"@id":"https:\/\/deputadotaveirajr.com.br\/#organization"},"potentialAction":[{"@type":"SearchAction","target":{"@type":"EntryPoint","urlTemplate":"https:\/\/deputadotaveirajr.com.br\/?s={search_term_string}"},"query-input":{"@type":"PropertyValueSpecification","valueRequired":true,"valueName":"search_term_string"}}],"inLanguage":"pt-BR"},{"@type":"Organization","@id":"https:\/\/deputadotaveirajr.com.br\/#organization","name":"Taveira Jr","url":"https:\/\/deputadotaveirajr.com.br\/","logo":{"@type":"ImageObject","inLanguage":"pt-BR","@id":"https:\/\/deputadotaveirajr.com.br\/#\/schema\/logo\/image\/","url":"https:\/\/deputadotaveirajr.com.br\/wp-content\/uploads\/2026\/01\/logolow2a.png","contentUrl":"https:\/\/deputadotaveirajr.com.br\/wp-content\/uploads\/2026\/01\/logolow2a.png","width":290,"height":80,"caption":"Taveira Jr"},"image":{"@id":"https:\/\/deputadotaveirajr.com.br\/#\/schema\/logo\/image\/"}}]}},"_links":{"self":[{"href":"https:\/\/deputadotaveirajr.com.br\/index.php\/wp-json\/wp\/v2\/pages\/7031","targetHints":{"allow":["GET"]}}],"collection":[{"href":"https:\/\/deputadotaveirajr.com.br\/index.php\/wp-json\/wp\/v2\/pages"}],"about":[{"href":"https:\/\/deputadotaveirajr.com.br\/index.php\/wp-json\/wp\/v2\/types\/page"}],"replies":[{"embeddable":true,"href":"https:\/\/deputadotaveirajr.com.br\/index.php\/wp-json\/wp\/v2\/comments?post=7031"}],"version-history":[{"count":1,"href":"https:\/\/deputadotaveirajr.com.br\/index.php\/wp-json\/wp\/v2\/pages\/7031\/revisions"}],"predecessor-version":[{"id":7045,"href":"https:\/\/deputadotaveirajr.com.br\/index.php\/wp-json\/wp\/v2\/pages\/7031\/revisions\/7045"}],"wp:featuredmedia":[{"embeddable":true,"href":"https:\/\/deputadotaveirajr.com.br\/index.php\/wp-json\/wp\/v2\/media\/7032"}],"wp:attachment":[{"href":"https:\/\/deputadotaveirajr.com.br\/index.php\/wp-json\/wp\/v2\/media?parent=7031"}],"curies":[{"name":"wp","href":"https:\/\/api.w.org\/{rel}","templated":true}]}}