{"id":7123,"date":"2024-06-17T15:29:26","date_gmt":"2024-06-17T18:29:26","guid":{"rendered":"https:\/\/deputadotaveirajr.com.br\/?page_id=7123"},"modified":"2024-06-17T15:29:26","modified_gmt":"2024-06-17T18:29:26","slug":"video-onibus-escolar-e-destruido-por-incendio-em-pau-dos-ferros","status":"publish","type":"page","link":"https:\/\/deputadotaveirajr.com.br\/index.php\/video-onibus-escolar-e-destruido-por-incendio-em-pau-dos-ferros\/","title":{"rendered":"V\u00cdDEO: \u00d4nibus escolar \u00e9 destru\u00eddo por inc\u00eandio em Pau dos Ferros"},"content":{"rendered":"<p>     Fogo foi apagado pela equipe do Corpo de Bombeiros do munic\u00edpio do Alto Oeste potiguar, na manh\u00e3 desta segunda-feira (17). Ningu\u00e9m ficou ferido.  Inc\u00eandio destr\u00f3i \u00f4nibus escolar em Pau dos Ferros, RN<br \/>\nUm \u00f4nibus escolar foi destru\u00eddo por um inc\u00eandio, na manh\u00e3 desta segunda-feira (17), em Pau dos Ferros, no Alto Oeste potiguar. Segundo o Corpo de Bombeiros, ningu\u00e9m ficou ferido.<br \/>\nO caso aconteceu no bairro Princesinha. Ainda de acordo com a corpora\u00e7\u00e3o, a equipe foi acionada ao local por volta das 10h20. Seis militares em duas viaturas atuaram no combate \u00e0s chamas.<br \/>\n\u00d4nibus pega fogo em Pau dos Ferros, no Alto Oeste potiguar<br \/>\nReprodu\u00e7\u00e3o<br \/>\nO ve\u00edculo pertence ao munic\u00edpio de Alexandria, tamb\u00e9m no Alto Oeste potiguar, por\u00e9m estava estacionado pr\u00f3ximo a um estabelecimento de tape\u00e7aria automotiva, para passar por servi\u00e7os, quando a chama foi percebida.<br \/>\nFoi o propriet\u00e1rio do estabelecimento quem acionou o Corpo de Bombeiros. At\u00e9 a \u00faltima atualiza\u00e7\u00e3o desta mat\u00e9ria, a causa do inc\u00eandio n\u00e3o foi informada<br \/>\nBombeiros apagaram chamas em \u00f4nibus que pegou fogo em Pau dos Ferros, no Alto Oeste potiguar<br \/>\nRedes sociais<br \/>\nVeja os v\u00eddeos mais assistidos no g1 RN<\/p>","protected":false},"excerpt":{"rendered":"<p>Fogo foi apagado pela equipe do Corpo de Bombeiros do munic\u00edpio do Alto Oeste potiguar, na manh\u00e3 desta segunda-feira (17). Ningu\u00e9m ficou ferido. Inc\u00eandio destr\u00f3i \u00f4nibus escolar em Pau dos &#8230;<\/p>\n","protected":false},"author":0,"featured_media":7124,"parent":0,"menu_order":0,"comment_status":"closed","ping_status":"closed","template":"","meta":{"footnotes":""},"class_list":["post-7123","page","type-page","status-publish","has-post-thumbnail","hentry"],"yoast_head":"<!-- This site is optimized with the Yoast SEO plugin v27.1.1 - https:\/\/yoast.com\/product\/yoast-seo-wordpress\/ -->\n<title>V\u00cdDEO: \u00d4nibus escolar \u00e9 destru\u00eddo por inc\u00eandio em Pau dos Ferros - Taveira Jr<\/title>\n<meta name=\"robots\" content=\"index, follow, max-snippet:-1, max-image-preview:large, max-video-preview:-1\" \/>\n<link rel=\"canonical\" href=\"https:\/\/deputadotaveirajr.com.br\/index.php\/video-onibus-escolar-e-destruido-por-incendio-em-pau-dos-ferros\/\" \/>\n<meta property=\"og:locale\" content=\"pt_BR\" \/>\n<meta property=\"og:type\" content=\"article\" \/>\n<meta property=\"og:title\" content=\"V\u00cdDEO: \u00d4nibus escolar \u00e9 destru\u00eddo por inc\u00eandio em Pau dos Ferros - Taveira Jr\" \/>\n<meta property=\"og:description\" content=\"Fogo foi apagado pela equipe do Corpo de Bombeiros do munic\u00edpio do Alto Oeste potiguar, na manh\u00e3 desta segunda-feira (17). Ningu\u00e9m ficou ferido. Inc\u00eandio destr\u00f3i \u00f4nibus escolar em Pau dos ...\" \/>\n<meta property=\"og:url\" content=\"https:\/\/deputadotaveirajr.com.br\/index.php\/video-onibus-escolar-e-destruido-por-incendio-em-pau-dos-ferros\/\" \/>\n<meta property=\"og:site_name\" content=\"Taveira Jr\" \/>\n<meta property=\"og:image\" content=\"https:\/\/deputadotaveirajr.com.br\/wp-content\/uploads\/2024\/06\/onibud-SVa4lR.jpeg\" \/>\n\t<meta property=\"og:image:width\" content=\"650\" \/>\n\t<meta property=\"og:image:height\" content=\"684\" \/>\n\t<meta property=\"og:image:type\" content=\"image\/jpeg\" \/>\n<meta name=\"twitter:card\" content=\"summary_large_image\" \/>\n<meta name=\"twitter:label1\" content=\"Est. tempo de leitura\" \/>\n\t<meta name=\"twitter:data1\" content=\"1 minuto\" \/>\n<script type=\"application\/ld+json\" class=\"yoast-schema-graph\">{\"@context\":\"https:\/\/schema.org\",\"@graph\":[{\"@type\":\"WebPage\",\"@id\":\"https:\/\/deputadotaveirajr.com.br\/index.php\/video-onibus-escolar-e-destruido-por-incendio-em-pau-dos-ferros\/\",\"url\":\"https:\/\/deputadotaveirajr.com.br\/index.php\/video-onibus-escolar-e-destruido-por-incendio-em-pau-dos-ferros\/\",\"name\":\"V\u00cdDEO: \u00d4nibus escolar \u00e9 destru\u00eddo por inc\u00eandio em Pau dos Ferros - Taveira Jr\",\"isPartOf\":{\"@id\":\"https:\/\/deputadotaveirajr.com.br\/#website\"},\"primaryImageOfPage\":{\"@id\":\"https:\/\/deputadotaveirajr.com.br\/index.php\/video-onibus-escolar-e-destruido-por-incendio-em-pau-dos-ferros\/#primaryimage\"},\"image\":{\"@id\":\"https:\/\/deputadotaveirajr.com.br\/index.php\/video-onibus-escolar-e-destruido-por-incendio-em-pau-dos-ferros\/#primaryimage\"},\"thumbnailUrl\":\"https:\/\/deputadotaveirajr.com.br\/wp-content\/uploads\/2024\/06\/onibud-SVa4lR.jpeg\",\"datePublished\":\"2024-06-17T18:29:26+00:00\",\"breadcrumb\":{\"@id\":\"https:\/\/deputadotaveirajr.com.br\/index.php\/video-onibus-escolar-e-destruido-por-incendio-em-pau-dos-ferros\/#breadcrumb\"},\"inLanguage\":\"pt-BR\",\"potentialAction\":[{\"@type\":\"ReadAction\",\"target\":[\"https:\/\/deputadotaveirajr.com.br\/index.php\/video-onibus-escolar-e-destruido-por-incendio-em-pau-dos-ferros\/\"]}]},{\"@type\":\"ImageObject\",\"inLanguage\":\"pt-BR\",\"@id\":\"https:\/\/deputadotaveirajr.com.br\/index.php\/video-onibus-escolar-e-destruido-por-incendio-em-pau-dos-ferros\/#primaryimage\",\"url\":\"https:\/\/deputadotaveirajr.com.br\/wp-content\/uploads\/2024\/06\/onibud-SVa4lR.jpeg\",\"contentUrl\":\"https:\/\/deputadotaveirajr.com.br\/wp-content\/uploads\/2024\/06\/onibud-SVa4lR.jpeg\",\"width\":650,\"height\":684},{\"@type\":\"BreadcrumbList\",\"@id\":\"https:\/\/deputadotaveirajr.com.br\/index.php\/video-onibus-escolar-e-destruido-por-incendio-em-pau-dos-ferros\/#breadcrumb\",\"itemListElement\":[{\"@type\":\"ListItem\",\"position\":1,\"name\":\"In\u00edcio\",\"item\":\"https:\/\/deputadotaveirajr.com.br\/\"},{\"@type\":\"ListItem\",\"position\":2,\"name\":\"V\u00cdDEO: \u00d4nibus escolar \u00e9 destru\u00eddo por inc\u00eandio em Pau dos Ferros\"}]},{\"@type\":\"WebSite\",\"@id\":\"https:\/\/deputadotaveirajr.com.br\/#website\",\"url\":\"https:\/\/deputadotaveirajr.com.br\/\",\"name\":\"Taveira Jr\",\"description\":\"Deputado Estadual\",\"publisher\":{\"@id\":\"https:\/\/deputadotaveirajr.com.br\/#organization\"},\"potentialAction\":[{\"@type\":\"SearchAction\",\"target\":{\"@type\":\"EntryPoint\",\"urlTemplate\":\"https:\/\/deputadotaveirajr.com.br\/?s={search_term_string}\"},\"query-input\":{\"@type\":\"PropertyValueSpecification\",\"valueRequired\":true,\"valueName\":\"search_term_string\"}}],\"inLanguage\":\"pt-BR\"},{\"@type\":\"Organization\",\"@id\":\"https:\/\/deputadotaveirajr.com.br\/#organization\",\"name\":\"Taveira Jr\",\"url\":\"https:\/\/deputadotaveirajr.com.br\/\",\"logo\":{\"@type\":\"ImageObject\",\"inLanguage\":\"pt-BR\",\"@id\":\"https:\/\/deputadotaveirajr.com.br\/#\/schema\/logo\/image\/\",\"url\":\"https:\/\/deputadotaveirajr.com.br\/wp-content\/uploads\/2026\/01\/logolow2a.png\",\"contentUrl\":\"https:\/\/deputadotaveirajr.com.br\/wp-content\/uploads\/2026\/01\/logolow2a.png\",\"width\":290,\"height\":80,\"caption\":\"Taveira Jr\"},\"image\":{\"@id\":\"https:\/\/deputadotaveirajr.com.br\/#\/schema\/logo\/image\/\"}}]}<\/script>\n<!-- \/ Yoast SEO plugin. -->","yoast_head_json":{"title":"V\u00cdDEO: \u00d4nibus escolar \u00e9 destru\u00eddo por inc\u00eandio em Pau dos Ferros - Taveira Jr","robots":{"index":"index","follow":"follow","max-snippet":"max-snippet:-1","max-image-preview":"max-image-preview:large","max-video-preview":"max-video-preview:-1"},"canonical":"https:\/\/deputadotaveirajr.com.br\/index.php\/video-onibus-escolar-e-destruido-por-incendio-em-pau-dos-ferros\/","og_locale":"pt_BR","og_type":"article","og_title":"V\u00cdDEO: \u00d4nibus escolar \u00e9 destru\u00eddo por inc\u00eandio em Pau dos Ferros - Taveira Jr","og_description":"Fogo foi apagado pela equipe do Corpo de Bombeiros do munic\u00edpio do Alto Oeste potiguar, na manh\u00e3 desta segunda-feira (17). Ningu\u00e9m ficou ferido. Inc\u00eandio destr\u00f3i \u00f4nibus escolar em Pau dos ...","og_url":"https:\/\/deputadotaveirajr.com.br\/index.php\/video-onibus-escolar-e-destruido-por-incendio-em-pau-dos-ferros\/","og_site_name":"Taveira Jr","og_image":[{"width":650,"height":684,"url":"https:\/\/deputadotaveirajr.com.br\/wp-content\/uploads\/2024\/06\/onibud-SVa4lR.jpeg","type":"image\/jpeg"}],"twitter_card":"summary_large_image","twitter_misc":{"Est. tempo de leitura":"1 minuto"},"schema":{"@context":"https:\/\/schema.org","@graph":[{"@type":"WebPage","@id":"https:\/\/deputadotaveirajr.com.br\/index.php\/video-onibus-escolar-e-destruido-por-incendio-em-pau-dos-ferros\/","url":"https:\/\/deputadotaveirajr.com.br\/index.php\/video-onibus-escolar-e-destruido-por-incendio-em-pau-dos-ferros\/","name":"V\u00cdDEO: \u00d4nibus escolar \u00e9 destru\u00eddo por inc\u00eandio em Pau dos Ferros - Taveira Jr","isPartOf":{"@id":"https:\/\/deputadotaveirajr.com.br\/#website"},"primaryImageOfPage":{"@id":"https:\/\/deputadotaveirajr.com.br\/index.php\/video-onibus-escolar-e-destruido-por-incendio-em-pau-dos-ferros\/#primaryimage"},"image":{"@id":"https:\/\/deputadotaveirajr.com.br\/index.php\/video-onibus-escolar-e-destruido-por-incendio-em-pau-dos-ferros\/#primaryimage"},"thumbnailUrl":"https:\/\/deputadotaveirajr.com.br\/wp-content\/uploads\/2024\/06\/onibud-SVa4lR.jpeg","datePublished":"2024-06-17T18:29:26+00:00","breadcrumb":{"@id":"https:\/\/deputadotaveirajr.com.br\/index.php\/video-onibus-escolar-e-destruido-por-incendio-em-pau-dos-ferros\/#breadcrumb"},"inLanguage":"pt-BR","potentialAction":[{"@type":"ReadAction","target":["https:\/\/deputadotaveirajr.com.br\/index.php\/video-onibus-escolar-e-destruido-por-incendio-em-pau-dos-ferros\/"]}]},{"@type":"ImageObject","inLanguage":"pt-BR","@id":"https:\/\/deputadotaveirajr.com.br\/index.php\/video-onibus-escolar-e-destruido-por-incendio-em-pau-dos-ferros\/#primaryimage","url":"https:\/\/deputadotaveirajr.com.br\/wp-content\/uploads\/2024\/06\/onibud-SVa4lR.jpeg","contentUrl":"https:\/\/deputadotaveirajr.com.br\/wp-content\/uploads\/2024\/06\/onibud-SVa4lR.jpeg","width":650,"height":684},{"@type":"BreadcrumbList","@id":"https:\/\/deputadotaveirajr.com.br\/index.php\/video-onibus-escolar-e-destruido-por-incendio-em-pau-dos-ferros\/#breadcrumb","itemListElement":[{"@type":"ListItem","position":1,"name":"In\u00edcio","item":"https:\/\/deputadotaveirajr.com.br\/"},{"@type":"ListItem","position":2,"name":"V\u00cdDEO: \u00d4nibus escolar \u00e9 destru\u00eddo por inc\u00eandio em Pau dos Ferros"}]},{"@type":"WebSite","@id":"https:\/\/deputadotaveirajr.com.br\/#website","url":"https:\/\/deputadotaveirajr.com.br\/","name":"Taveira Jr","description":"Deputado Estadual","publisher":{"@id":"https:\/\/deputadotaveirajr.com.br\/#organization"},"potentialAction":[{"@type":"SearchAction","target":{"@type":"EntryPoint","urlTemplate":"https:\/\/deputadotaveirajr.com.br\/?s={search_term_string}"},"query-input":{"@type":"PropertyValueSpecification","valueRequired":true,"valueName":"search_term_string"}}],"inLanguage":"pt-BR"},{"@type":"Organization","@id":"https:\/\/deputadotaveirajr.com.br\/#organization","name":"Taveira Jr","url":"https:\/\/deputadotaveirajr.com.br\/","logo":{"@type":"ImageObject","inLanguage":"pt-BR","@id":"https:\/\/deputadotaveirajr.com.br\/#\/schema\/logo\/image\/","url":"https:\/\/deputadotaveirajr.com.br\/wp-content\/uploads\/2026\/01\/logolow2a.png","contentUrl":"https:\/\/deputadotaveirajr.com.br\/wp-content\/uploads\/2026\/01\/logolow2a.png","width":290,"height":80,"caption":"Taveira Jr"},"image":{"@id":"https:\/\/deputadotaveirajr.com.br\/#\/schema\/logo\/image\/"}}]}},"_links":{"self":[{"href":"https:\/\/deputadotaveirajr.com.br\/index.php\/wp-json\/wp\/v2\/pages\/7123","targetHints":{"allow":["GET"]}}],"collection":[{"href":"https:\/\/deputadotaveirajr.com.br\/index.php\/wp-json\/wp\/v2\/pages"}],"about":[{"href":"https:\/\/deputadotaveirajr.com.br\/index.php\/wp-json\/wp\/v2\/types\/page"}],"replies":[{"embeddable":true,"href":"https:\/\/deputadotaveirajr.com.br\/index.php\/wp-json\/wp\/v2\/comments?post=7123"}],"version-history":[{"count":1,"href":"https:\/\/deputadotaveirajr.com.br\/index.php\/wp-json\/wp\/v2\/pages\/7123\/revisions"}],"predecessor-version":[{"id":7130,"href":"https:\/\/deputadotaveirajr.com.br\/index.php\/wp-json\/wp\/v2\/pages\/7123\/revisions\/7130"}],"wp:featuredmedia":[{"embeddable":true,"href":"https:\/\/deputadotaveirajr.com.br\/index.php\/wp-json\/wp\/v2\/media\/7124"}],"wp:attachment":[{"href":"https:\/\/deputadotaveirajr.com.br\/index.php\/wp-json\/wp\/v2\/media?parent=7123"}],"curies":[{"name":"wp","href":"https:\/\/api.w.org\/{rel}","templated":true}]}}