{"id":7136,"date":"2024-06-17T23:28:49","date_gmt":"2024-06-18T02:28:49","guid":{"rendered":"https:\/\/deputadotaveirajr.com.br\/?page_id=7136"},"modified":"2024-06-17T23:28:49","modified_gmt":"2024-06-18T02:28:49","slug":"pf-cumpre-mandado-de-prisao-do-stf-para-que-chileno-seja-extraditado-apos-concluir-pena-por-crime-cometido-no-rn","status":"publish","type":"page","link":"https:\/\/deputadotaveirajr.com.br\/index.php\/pf-cumpre-mandado-de-prisao-do-stf-para-que-chileno-seja-extraditado-apos-concluir-pena-por-crime-cometido-no-rn\/","title":{"rendered":"PF cumpre mandado de pris\u00e3o do STF para que chileno seja extraditado ap\u00f3s concluir pena por crime cometido no RN"},"content":{"rendered":"<p>     Rep\u00fablica Chilena pediu extradi\u00e7\u00e3o para que ele responda a homic\u00eddio cometido em 2016 no pa\u00eds, mas ele ainda cumpre pena no Brasil por assalto a resid\u00eancia em Natal. Pol\u00edcia Federal no Rio grande do Norte viatura PF RN<br \/>\nDivulga\u00e7\u00e3o\/PF<br \/>\nA Pol\u00edcia Federal cumpriu um mandado de pris\u00e3o cautelar expedido pelo Supremo Tribunal Federal (STF) contra um chileno de 31 anos de idade que j\u00e1 est\u00e1 preso na Penitenci\u00e1ria Estadual Rog\u00e9rio Coutinho Madruga, em N\u00edsia Floresta, na Grande Natal.<br \/>\nO homem foi preso em abril de 2018 por crimes cometidos em Natal. Ap\u00f3s o cumprimento da pena no RN, o STF determinou a extradi\u00e7\u00e3o do chileno para que ele responda no pa\u00eds de origem a um crime do qual \u00e9 acusado, segundo informou a PF.<br \/>\n\ud83d\udcf3Participe do canal do g1 RN no WhatsApp<br \/>\nNo mandado de pris\u00e3o cautelar expedido pelo STF, foi determinado que o homem n\u00e3o deve ser colocado em liberdade sem eventual ordem ulterior do Supremo, porque existe um pedido de extradi\u00e7\u00e3o para o apenado por um crime cometido no na cidade de Chill\u00e1n, no Chile, em 2016.<br \/>\nO pedido de extradi\u00e7\u00e3o foi formulado pela Rep\u00fablica Chilena contra o suspeito, a fim de que ele responda a a\u00e7\u00e3o penal instaurada no pa\u00eds de origem pela suposta pr\u00e1tica do crime de homic\u00eddio. O pedido \u00e9 regido pelo Tratado de Extradi\u00e7\u00e3o entre o Brasil e Chile.<br \/>\nA PF informou que fez as devidas comunica\u00e7\u00f5es ao STF, e que o estrangeiro permaneceu custodiado na unidade prisional de N\u00edsia Floresta para aguardar o tr\u00e2mite do processo de extradi\u00e7\u00e3o.<br \/>\nPris\u00e3o no RN<br \/>\nO chileno foi preso em abril de 2018 pela Pol\u00edcia Civil do RN. Ele foi acusado do crime de roubo contra moradores de uma resid\u00eancia do Conjunto San Vale, bairro de Candel\u00e1ria, Zona Sul da capital potiguar.<br \/>\nPelo crime,  o chileno foi condenado a pena de 11 anos, 9 meses e 22 dias de reclus\u00e3o pela 3\u00aa Vara Criminal da Comarca de Natal.<br \/>\nEm territ\u00f3rio brasileiro, o estrangeiro tamb\u00e9m responde a a\u00e7\u00e3o penal pelos crimes de roubo majorado  uso de arma de fogo e associa\u00e7\u00e3o criminosa, bem como por posse de drogas para consumo pessoal.<br \/>\nV\u00eddeos mais assistidos do g1 RN<\/p>","protected":false},"excerpt":{"rendered":"<p>Rep\u00fablica Chilena pediu extradi\u00e7\u00e3o para que ele responda a homic\u00eddio cometido em 2016 no pa\u00eds, mas ele ainda cumpre pena no Brasil por assalto a resid\u00eancia em Natal. Pol\u00edcia Federal &#8230;<\/p>\n","protected":false},"author":0,"featured_media":7137,"parent":0,"menu_order":0,"comment_status":"closed","ping_status":"closed","template":"","meta":{"footnotes":""},"class_list":["post-7136","page","type-page","status-publish","has-post-thumbnail","hentry"],"yoast_head":"<!-- This site is optimized with the Yoast SEO plugin v27.1.1 - https:\/\/yoast.com\/product\/yoast-seo-wordpress\/ -->\n<title>PF cumpre mandado de pris\u00e3o do STF para que chileno seja extraditado ap\u00f3s concluir pena por crime cometido no RN - Taveira Jr<\/title>\n<meta name=\"robots\" content=\"index, follow, max-snippet:-1, max-image-preview:large, max-video-preview:-1\" \/>\n<link rel=\"canonical\" href=\"https:\/\/deputadotaveirajr.com.br\/index.php\/pf-cumpre-mandado-de-prisao-do-stf-para-que-chileno-seja-extraditado-apos-concluir-pena-por-crime-cometido-no-rn\/\" \/>\n<meta property=\"og:locale\" content=\"pt_BR\" \/>\n<meta property=\"og:type\" content=\"article\" \/>\n<meta property=\"og:title\" content=\"PF cumpre mandado de pris\u00e3o do STF para que chileno seja extraditado ap\u00f3s concluir pena por crime cometido no RN - Taveira Jr\" \/>\n<meta property=\"og:description\" content=\"Rep\u00fablica Chilena pediu extradi\u00e7\u00e3o para que ele responda a homic\u00eddio cometido em 2016 no pa\u00eds, mas ele ainda cumpre pena no Brasil por assalto a resid\u00eancia em Natal. Pol\u00edcia Federal ...\" \/>\n<meta property=\"og:url\" content=\"https:\/\/deputadotaveirajr.com.br\/index.php\/pf-cumpre-mandado-de-prisao-do-stf-para-que-chileno-seja-extraditado-apos-concluir-pena-por-crime-cometido-no-rn\/\" \/>\n<meta property=\"og:site_name\" content=\"Taveira Jr\" \/>\n<meta property=\"og:image\" content=\"https:\/\/deputadotaveirajr.com.br\/wp-content\/uploads\/2024\/06\/whatsapp-image-2024-06-17-at-19.14.45-pGgsLc.jpeg\" \/>\n\t<meta property=\"og:image:width\" content=\"1500\" \/>\n\t<meta property=\"og:image:height\" content=\"844\" \/>\n\t<meta property=\"og:image:type\" content=\"image\/jpeg\" \/>\n<meta name=\"twitter:card\" content=\"summary_large_image\" \/>\n<meta name=\"twitter:label1\" content=\"Est. tempo de leitura\" \/>\n\t<meta name=\"twitter:data1\" content=\"2 minutos\" \/>\n<script type=\"application\/ld+json\" class=\"yoast-schema-graph\">{\"@context\":\"https:\/\/schema.org\",\"@graph\":[{\"@type\":\"WebPage\",\"@id\":\"https:\/\/deputadotaveirajr.com.br\/index.php\/pf-cumpre-mandado-de-prisao-do-stf-para-que-chileno-seja-extraditado-apos-concluir-pena-por-crime-cometido-no-rn\/\",\"url\":\"https:\/\/deputadotaveirajr.com.br\/index.php\/pf-cumpre-mandado-de-prisao-do-stf-para-que-chileno-seja-extraditado-apos-concluir-pena-por-crime-cometido-no-rn\/\",\"name\":\"PF cumpre mandado de pris\u00e3o do STF para que chileno seja extraditado ap\u00f3s concluir pena por crime cometido no RN - Taveira Jr\",\"isPartOf\":{\"@id\":\"https:\/\/deputadotaveirajr.com.br\/#website\"},\"primaryImageOfPage\":{\"@id\":\"https:\/\/deputadotaveirajr.com.br\/index.php\/pf-cumpre-mandado-de-prisao-do-stf-para-que-chileno-seja-extraditado-apos-concluir-pena-por-crime-cometido-no-rn\/#primaryimage\"},\"image\":{\"@id\":\"https:\/\/deputadotaveirajr.com.br\/index.php\/pf-cumpre-mandado-de-prisao-do-stf-para-que-chileno-seja-extraditado-apos-concluir-pena-por-crime-cometido-no-rn\/#primaryimage\"},\"thumbnailUrl\":\"https:\/\/deputadotaveirajr.com.br\/wp-content\/uploads\/2024\/06\/whatsapp-image-2024-06-17-at-19.14.45-pGgsLc.jpeg\",\"datePublished\":\"2024-06-18T02:28:49+00:00\",\"breadcrumb\":{\"@id\":\"https:\/\/deputadotaveirajr.com.br\/index.php\/pf-cumpre-mandado-de-prisao-do-stf-para-que-chileno-seja-extraditado-apos-concluir-pena-por-crime-cometido-no-rn\/#breadcrumb\"},\"inLanguage\":\"pt-BR\",\"potentialAction\":[{\"@type\":\"ReadAction\",\"target\":[\"https:\/\/deputadotaveirajr.com.br\/index.php\/pf-cumpre-mandado-de-prisao-do-stf-para-que-chileno-seja-extraditado-apos-concluir-pena-por-crime-cometido-no-rn\/\"]}]},{\"@type\":\"ImageObject\",\"inLanguage\":\"pt-BR\",\"@id\":\"https:\/\/deputadotaveirajr.com.br\/index.php\/pf-cumpre-mandado-de-prisao-do-stf-para-que-chileno-seja-extraditado-apos-concluir-pena-por-crime-cometido-no-rn\/#primaryimage\",\"url\":\"https:\/\/deputadotaveirajr.com.br\/wp-content\/uploads\/2024\/06\/whatsapp-image-2024-06-17-at-19.14.45-pGgsLc.jpeg\",\"contentUrl\":\"https:\/\/deputadotaveirajr.com.br\/wp-content\/uploads\/2024\/06\/whatsapp-image-2024-06-17-at-19.14.45-pGgsLc.jpeg\",\"width\":1500,\"height\":844},{\"@type\":\"BreadcrumbList\",\"@id\":\"https:\/\/deputadotaveirajr.com.br\/index.php\/pf-cumpre-mandado-de-prisao-do-stf-para-que-chileno-seja-extraditado-apos-concluir-pena-por-crime-cometido-no-rn\/#breadcrumb\",\"itemListElement\":[{\"@type\":\"ListItem\",\"position\":1,\"name\":\"In\u00edcio\",\"item\":\"https:\/\/deputadotaveirajr.com.br\/\"},{\"@type\":\"ListItem\",\"position\":2,\"name\":\"PF cumpre mandado de pris\u00e3o do STF para que chileno seja extraditado ap\u00f3s concluir pena por crime cometido no RN\"}]},{\"@type\":\"WebSite\",\"@id\":\"https:\/\/deputadotaveirajr.com.br\/#website\",\"url\":\"https:\/\/deputadotaveirajr.com.br\/\",\"name\":\"Taveira Jr\",\"description\":\"Deputado Estadual\",\"publisher\":{\"@id\":\"https:\/\/deputadotaveirajr.com.br\/#organization\"},\"potentialAction\":[{\"@type\":\"SearchAction\",\"target\":{\"@type\":\"EntryPoint\",\"urlTemplate\":\"https:\/\/deputadotaveirajr.com.br\/?s={search_term_string}\"},\"query-input\":{\"@type\":\"PropertyValueSpecification\",\"valueRequired\":true,\"valueName\":\"search_term_string\"}}],\"inLanguage\":\"pt-BR\"},{\"@type\":\"Organization\",\"@id\":\"https:\/\/deputadotaveirajr.com.br\/#organization\",\"name\":\"Taveira Jr\",\"url\":\"https:\/\/deputadotaveirajr.com.br\/\",\"logo\":{\"@type\":\"ImageObject\",\"inLanguage\":\"pt-BR\",\"@id\":\"https:\/\/deputadotaveirajr.com.br\/#\/schema\/logo\/image\/\",\"url\":\"https:\/\/deputadotaveirajr.com.br\/wp-content\/uploads\/2026\/01\/logolow2a.png\",\"contentUrl\":\"https:\/\/deputadotaveirajr.com.br\/wp-content\/uploads\/2026\/01\/logolow2a.png\",\"width\":290,\"height\":80,\"caption\":\"Taveira Jr\"},\"image\":{\"@id\":\"https:\/\/deputadotaveirajr.com.br\/#\/schema\/logo\/image\/\"}}]}<\/script>\n<!-- \/ Yoast SEO plugin. -->","yoast_head_json":{"title":"PF cumpre mandado de pris\u00e3o do STF para que chileno seja extraditado ap\u00f3s concluir pena por crime cometido no RN - Taveira Jr","robots":{"index":"index","follow":"follow","max-snippet":"max-snippet:-1","max-image-preview":"max-image-preview:large","max-video-preview":"max-video-preview:-1"},"canonical":"https:\/\/deputadotaveirajr.com.br\/index.php\/pf-cumpre-mandado-de-prisao-do-stf-para-que-chileno-seja-extraditado-apos-concluir-pena-por-crime-cometido-no-rn\/","og_locale":"pt_BR","og_type":"article","og_title":"PF cumpre mandado de pris\u00e3o do STF para que chileno seja extraditado ap\u00f3s concluir pena por crime cometido no RN - Taveira Jr","og_description":"Rep\u00fablica Chilena pediu extradi\u00e7\u00e3o para que ele responda a homic\u00eddio cometido em 2016 no pa\u00eds, mas ele ainda cumpre pena no Brasil por assalto a resid\u00eancia em Natal. Pol\u00edcia Federal ...","og_url":"https:\/\/deputadotaveirajr.com.br\/index.php\/pf-cumpre-mandado-de-prisao-do-stf-para-que-chileno-seja-extraditado-apos-concluir-pena-por-crime-cometido-no-rn\/","og_site_name":"Taveira Jr","og_image":[{"width":1500,"height":844,"url":"https:\/\/deputadotaveirajr.com.br\/wp-content\/uploads\/2024\/06\/whatsapp-image-2024-06-17-at-19.14.45-pGgsLc.jpeg","type":"image\/jpeg"}],"twitter_card":"summary_large_image","twitter_misc":{"Est. tempo de leitura":"2 minutos"},"schema":{"@context":"https:\/\/schema.org","@graph":[{"@type":"WebPage","@id":"https:\/\/deputadotaveirajr.com.br\/index.php\/pf-cumpre-mandado-de-prisao-do-stf-para-que-chileno-seja-extraditado-apos-concluir-pena-por-crime-cometido-no-rn\/","url":"https:\/\/deputadotaveirajr.com.br\/index.php\/pf-cumpre-mandado-de-prisao-do-stf-para-que-chileno-seja-extraditado-apos-concluir-pena-por-crime-cometido-no-rn\/","name":"PF cumpre mandado de pris\u00e3o do STF para que chileno seja extraditado ap\u00f3s concluir pena por crime cometido no RN - Taveira Jr","isPartOf":{"@id":"https:\/\/deputadotaveirajr.com.br\/#website"},"primaryImageOfPage":{"@id":"https:\/\/deputadotaveirajr.com.br\/index.php\/pf-cumpre-mandado-de-prisao-do-stf-para-que-chileno-seja-extraditado-apos-concluir-pena-por-crime-cometido-no-rn\/#primaryimage"},"image":{"@id":"https:\/\/deputadotaveirajr.com.br\/index.php\/pf-cumpre-mandado-de-prisao-do-stf-para-que-chileno-seja-extraditado-apos-concluir-pena-por-crime-cometido-no-rn\/#primaryimage"},"thumbnailUrl":"https:\/\/deputadotaveirajr.com.br\/wp-content\/uploads\/2024\/06\/whatsapp-image-2024-06-17-at-19.14.45-pGgsLc.jpeg","datePublished":"2024-06-18T02:28:49+00:00","breadcrumb":{"@id":"https:\/\/deputadotaveirajr.com.br\/index.php\/pf-cumpre-mandado-de-prisao-do-stf-para-que-chileno-seja-extraditado-apos-concluir-pena-por-crime-cometido-no-rn\/#breadcrumb"},"inLanguage":"pt-BR","potentialAction":[{"@type":"ReadAction","target":["https:\/\/deputadotaveirajr.com.br\/index.php\/pf-cumpre-mandado-de-prisao-do-stf-para-que-chileno-seja-extraditado-apos-concluir-pena-por-crime-cometido-no-rn\/"]}]},{"@type":"ImageObject","inLanguage":"pt-BR","@id":"https:\/\/deputadotaveirajr.com.br\/index.php\/pf-cumpre-mandado-de-prisao-do-stf-para-que-chileno-seja-extraditado-apos-concluir-pena-por-crime-cometido-no-rn\/#primaryimage","url":"https:\/\/deputadotaveirajr.com.br\/wp-content\/uploads\/2024\/06\/whatsapp-image-2024-06-17-at-19.14.45-pGgsLc.jpeg","contentUrl":"https:\/\/deputadotaveirajr.com.br\/wp-content\/uploads\/2024\/06\/whatsapp-image-2024-06-17-at-19.14.45-pGgsLc.jpeg","width":1500,"height":844},{"@type":"BreadcrumbList","@id":"https:\/\/deputadotaveirajr.com.br\/index.php\/pf-cumpre-mandado-de-prisao-do-stf-para-que-chileno-seja-extraditado-apos-concluir-pena-por-crime-cometido-no-rn\/#breadcrumb","itemListElement":[{"@type":"ListItem","position":1,"name":"In\u00edcio","item":"https:\/\/deputadotaveirajr.com.br\/"},{"@type":"ListItem","position":2,"name":"PF cumpre mandado de pris\u00e3o do STF para que chileno seja extraditado ap\u00f3s concluir pena por crime cometido no RN"}]},{"@type":"WebSite","@id":"https:\/\/deputadotaveirajr.com.br\/#website","url":"https:\/\/deputadotaveirajr.com.br\/","name":"Taveira Jr","description":"Deputado Estadual","publisher":{"@id":"https:\/\/deputadotaveirajr.com.br\/#organization"},"potentialAction":[{"@type":"SearchAction","target":{"@type":"EntryPoint","urlTemplate":"https:\/\/deputadotaveirajr.com.br\/?s={search_term_string}"},"query-input":{"@type":"PropertyValueSpecification","valueRequired":true,"valueName":"search_term_string"}}],"inLanguage":"pt-BR"},{"@type":"Organization","@id":"https:\/\/deputadotaveirajr.com.br\/#organization","name":"Taveira Jr","url":"https:\/\/deputadotaveirajr.com.br\/","logo":{"@type":"ImageObject","inLanguage":"pt-BR","@id":"https:\/\/deputadotaveirajr.com.br\/#\/schema\/logo\/image\/","url":"https:\/\/deputadotaveirajr.com.br\/wp-content\/uploads\/2026\/01\/logolow2a.png","contentUrl":"https:\/\/deputadotaveirajr.com.br\/wp-content\/uploads\/2026\/01\/logolow2a.png","width":290,"height":80,"caption":"Taveira Jr"},"image":{"@id":"https:\/\/deputadotaveirajr.com.br\/#\/schema\/logo\/image\/"}}]}},"_links":{"self":[{"href":"https:\/\/deputadotaveirajr.com.br\/index.php\/wp-json\/wp\/v2\/pages\/7136","targetHints":{"allow":["GET"]}}],"collection":[{"href":"https:\/\/deputadotaveirajr.com.br\/index.php\/wp-json\/wp\/v2\/pages"}],"about":[{"href":"https:\/\/deputadotaveirajr.com.br\/index.php\/wp-json\/wp\/v2\/types\/page"}],"replies":[{"embeddable":true,"href":"https:\/\/deputadotaveirajr.com.br\/index.php\/wp-json\/wp\/v2\/comments?post=7136"}],"version-history":[{"count":1,"href":"https:\/\/deputadotaveirajr.com.br\/index.php\/wp-json\/wp\/v2\/pages\/7136\/revisions"}],"predecessor-version":[{"id":7139,"href":"https:\/\/deputadotaveirajr.com.br\/index.php\/wp-json\/wp\/v2\/pages\/7136\/revisions\/7139"}],"wp:featuredmedia":[{"embeddable":true,"href":"https:\/\/deputadotaveirajr.com.br\/index.php\/wp-json\/wp\/v2\/media\/7137"}],"wp:attachment":[{"href":"https:\/\/deputadotaveirajr.com.br\/index.php\/wp-json\/wp\/v2\/media?parent=7136"}],"curies":[{"name":"wp","href":"https:\/\/api.w.org\/{rel}","templated":true}]}}