{"id":7158,"date":"2024-06-18T22:06:47","date_gmt":"2024-06-19T01:06:47","guid":{"rendered":"https:\/\/deputadotaveirajr.com.br\/?page_id=7158"},"modified":"2024-06-18T22:06:47","modified_gmt":"2024-06-19T01:06:47","slug":"rn-prorroga-campanha-de-vacinacao-contra-poliomielite-ate-30-de-junho-veja-pontos-em-natal","status":"publish","type":"page","link":"https:\/\/deputadotaveirajr.com.br\/index.php\/rn-prorroga-campanha-de-vacinacao-contra-poliomielite-ate-30-de-junho-veja-pontos-em-natal\/","title":{"rendered":"RN prorroga campanha de vacina\u00e7\u00e3o contra poliomielite at\u00e9 30 de junho; veja pontos em Natal"},"content":{"rendered":"<p>     P\u00fablico-alvo s\u00e3o as crian\u00e7as entre 1 e 4 anos, 11 meses e 29 dias de idade. Objetivo \u00e9 imunizar 95% das crian\u00e7as dessa faixa et\u00e1ria em todo o estado &#8211; apenas 10 cidades conseguiram. Campanha Nacional de Vacina\u00e7\u00e3o contra a Poliomielite<br \/>\nAscom\/PMP<br \/>\nO Rio Grande do Norte prorrogou a campanha de vacina\u00e7\u00e3o das crian\u00e7as contra a poliomielite, conhecida como paralisia infantil, at\u00e9 o pr\u00f3ximo dia 30 de junho. Iniciada em 27 de maio, a campanha seria encerrada no dia 14 passado.<br \/>\nO p\u00fablico-alvo para vacina\u00e7\u00e3o s\u00e3o crian\u00e7as de 1 a 4  anos, 11 meses e 29 dias de idade.<br \/>\n\ud83d\udcf3Participe do canal do g1 RN no WhatsApp<br \/>\nSegundo a Secretaria de Estado da Sa\u00fade P\u00fablica do RN (Sesap), a estimativa \u00e9 de que haja em 167.755 crian\u00e7as nesta faixa et\u00e1ria. A meta de cobertura vacinal corresponde a 95% desse grupo.<br \/>\nA amplia\u00e7\u00e3o do prazo de vacina\u00e7\u00e3o foi uma decis\u00e3o da c\u00e2mara t\u00e9cnica de imuniza\u00e7\u00e3o, que reuniu representantes da Sa\u00fade do Estado e dos munic\u00edpios.<br \/>\nSegundo o Minist\u00e9rio da Sa\u00fade, at\u00e9 esta ter\u00e7a-feira, apenas 10 munic\u00edpios potiguares atingiram ou superaram a meta de 95% de cobertura vacinal:<br \/>\nCai\u00e7ara do Rio do Vento (105,39%);<br \/>\nParazinho (104,12%);<br \/>\nGalinhos (101,53%);<br \/>\nPedra Grande (101,21%);<br \/>\nJanda\u00edra (99,2%);<br \/>\nTimba\u00faba dos Batistas (98,7%);<br \/>\nPedra Preta (98,17%);<br \/>\nFrutuoso Gomes (98,03%);<br \/>\nUmarizal (96,06%);<br \/>\nMartins (95,88%).<br \/>\nA campanha, segundo a Sesap, tem por objetivo reduzir o n\u00famero de crian\u00e7as n\u00e3o vacinadas, de modo a evitar o risco de reintrodu\u00e7\u00e3o no Brasil do poliov\u00edrus, respons\u00e1vel pela polio. A vacina\u00e7\u00e3o \u00e9 a \u00fanica forma de preven\u00e7\u00e3o da doen\u00e7a.<br \/>\n\ud83d\udce2 Esta \u00e9 a \u00faltima campanha de vacina\u00e7\u00e3o contra a poliomielite com a vacina oral. A pr\u00f3xima ser\u00e1 apenas com a vacina injet\u00e1vel.<br \/>\nVeja pontos de vacina\u00e7\u00e3o em Natal<br \/>\nA Secretaria de Sa\u00fade de Natal comunicou nesta ter\u00e7a-feira (18) que os pontos de vacina\u00e7\u00e3o da campanha ser\u00e3o mantidos tamb\u00e9m at\u00e9 o dia 30 de junho.<br \/>\nA vacina, segudo a pasta, est\u00e1 dispon\u00edvel nas Unidades B\u00e1sicas de Sa\u00fade (UBS) e nos pontos extras de vacina\u00e7\u00e3o. Os hor\u00e1rios de funcionamentos s\u00e3o:<br \/>\nUnidades B\u00e1sicas de Sa\u00fade &#8211; funcionam de segunda a sexta-feira, das 8h \u00e0s 12h e de 13h \u00e0s 15h,<br \/>\nPontos extras localizados nos Shoppings Midway Mall e Partage Norte Shopping &#8211; segunda a sexta-feira, das 13h \u00e0s 20h, e aos s\u00e1bados, das 15h \u00e0s 20h.<br \/>\nQuem deve se vacinar?<br \/>\nO esquema vacinal para crian\u00e7as menores de um ano contra a poliomielite \u00e9 composto por tr\u00eas doses de rotina com a Vacina Inativada Poliomielite (VIP) injet\u00e1vel: aos dois, quatro e seis meses de vida.<br \/>\nAl\u00e9m disso, h\u00e1 duas doses de refor\u00e7o com a Vacina Oral Poliomielite (VOP), aplicadas aos 15 meses e aos 4 anos.<br \/>\nA vacina\u00e7\u00e3o de campanha est\u00e1 dispon\u00edvel com a vacina oral e segue a parte das vacinas de rotina, devendo ser aplicada como uma dose extra indiscriminadamente para crian\u00e7as com idade entre 1 e 4 anos, 11 meses e 29 dias que tenham o esquema completo com pelo menos as tr\u00eas doses da vacina injet\u00e1vel.<br \/>\nRisco de reintrodu\u00e7\u00e3o da doen\u00e7a<br \/>\nDesde 1989, n\u00e3o se registram casos de poliomielite no pa\u00eds, que tem a certifica\u00e7\u00e3o de \u00e1rea livre de circula\u00e7\u00e3o do poliov\u00edrus selvagem h\u00e1 30 anos.<br \/>\nPor\u00e9m, em 2023, o pa\u00eds foi classificado como alto risco para a reintrodu\u00e7\u00e3o do v\u00edrus pela Comiss\u00e3o Regional para a Certifica\u00e7\u00e3o da Erradica\u00e7\u00e3o da Poliomielite na Regi\u00e3o das Am\u00e9ricas (RCC), por conta das coberturas vacinais, dos indicadores de vigil\u00e2ncia epidemiol\u00f3gica das paralisias fl\u00e1cidas agudas (PFA) e do status de conten\u00e7\u00e3o laboratorial dos poliov\u00edrus.<br \/>\nV\u00eddeos mais assistidos do g1 RN<\/p>","protected":false},"excerpt":{"rendered":"<p>P\u00fablico-alvo s\u00e3o as crian\u00e7as entre 1 e 4 anos, 11 meses e 29 dias de idade. Objetivo \u00e9 imunizar 95% das crian\u00e7as dessa faixa et\u00e1ria em todo o estado &#8211; &#8230;<\/p>\n","protected":false},"author":0,"featured_media":7159,"parent":0,"menu_order":0,"comment_status":"closed","ping_status":"closed","template":"","meta":{"footnotes":""},"class_list":["post-7158","page","type-page","status-publish","has-post-thumbnail","hentry"],"yoast_head":"<!-- This site is optimized with the Yoast SEO plugin v27.1.1 - https:\/\/yoast.com\/product\/yoast-seo-wordpress\/ -->\n<title>RN prorroga campanha de vacina\u00e7\u00e3o contra poliomielite at\u00e9 30 de junho; veja pontos em Natal - Taveira Jr<\/title>\n<meta name=\"robots\" content=\"index, follow, max-snippet:-1, max-image-preview:large, max-video-preview:-1\" \/>\n<link rel=\"canonical\" href=\"https:\/\/deputadotaveirajr.com.br\/index.php\/rn-prorroga-campanha-de-vacinacao-contra-poliomielite-ate-30-de-junho-veja-pontos-em-natal\/\" \/>\n<meta property=\"og:locale\" content=\"pt_BR\" \/>\n<meta property=\"og:type\" content=\"article\" \/>\n<meta property=\"og:title\" content=\"RN prorroga campanha de vacina\u00e7\u00e3o contra poliomielite at\u00e9 30 de junho; veja pontos em Natal - Taveira Jr\" \/>\n<meta property=\"og:description\" content=\"P\u00fablico-alvo s\u00e3o as crian\u00e7as entre 1 e 4 anos, 11 meses e 29 dias de idade. Objetivo \u00e9 imunizar 95% das crian\u00e7as dessa faixa et\u00e1ria em todo o estado &#8211; ...\" \/>\n<meta property=\"og:url\" content=\"https:\/\/deputadotaveirajr.com.br\/index.php\/rn-prorroga-campanha-de-vacinacao-contra-poliomielite-ate-30-de-junho-veja-pontos-em-natal\/\" \/>\n<meta property=\"og:site_name\" content=\"Taveira Jr\" \/>\n<meta property=\"og:image\" content=\"https:\/\/deputadotaveirajr.com.br\/wp-content\/uploads\/2024\/06\/whatsapp-image-2024-05-27-at-08.04.01-mBLCG7.jpeg\" \/>\n\t<meta property=\"og:image:width\" content=\"1280\" \/>\n\t<meta property=\"og:image:height\" content=\"720\" \/>\n\t<meta property=\"og:image:type\" content=\"image\/jpeg\" \/>\n<meta name=\"twitter:card\" content=\"summary_large_image\" \/>\n<meta name=\"twitter:label1\" content=\"Est. tempo de leitura\" \/>\n\t<meta name=\"twitter:data1\" content=\"3 minutos\" \/>\n<script type=\"application\/ld+json\" class=\"yoast-schema-graph\">{\"@context\":\"https:\/\/schema.org\",\"@graph\":[{\"@type\":\"WebPage\",\"@id\":\"https:\/\/deputadotaveirajr.com.br\/index.php\/rn-prorroga-campanha-de-vacinacao-contra-poliomielite-ate-30-de-junho-veja-pontos-em-natal\/\",\"url\":\"https:\/\/deputadotaveirajr.com.br\/index.php\/rn-prorroga-campanha-de-vacinacao-contra-poliomielite-ate-30-de-junho-veja-pontos-em-natal\/\",\"name\":\"RN prorroga campanha de vacina\u00e7\u00e3o contra poliomielite at\u00e9 30 de junho; veja pontos em Natal - Taveira Jr\",\"isPartOf\":{\"@id\":\"https:\/\/deputadotaveirajr.com.br\/#website\"},\"primaryImageOfPage\":{\"@id\":\"https:\/\/deputadotaveirajr.com.br\/index.php\/rn-prorroga-campanha-de-vacinacao-contra-poliomielite-ate-30-de-junho-veja-pontos-em-natal\/#primaryimage\"},\"image\":{\"@id\":\"https:\/\/deputadotaveirajr.com.br\/index.php\/rn-prorroga-campanha-de-vacinacao-contra-poliomielite-ate-30-de-junho-veja-pontos-em-natal\/#primaryimage\"},\"thumbnailUrl\":\"https:\/\/deputadotaveirajr.com.br\/wp-content\/uploads\/2024\/06\/whatsapp-image-2024-05-27-at-08.04.01-mBLCG7.jpeg\",\"datePublished\":\"2024-06-19T01:06:47+00:00\",\"breadcrumb\":{\"@id\":\"https:\/\/deputadotaveirajr.com.br\/index.php\/rn-prorroga-campanha-de-vacinacao-contra-poliomielite-ate-30-de-junho-veja-pontos-em-natal\/#breadcrumb\"},\"inLanguage\":\"pt-BR\",\"potentialAction\":[{\"@type\":\"ReadAction\",\"target\":[\"https:\/\/deputadotaveirajr.com.br\/index.php\/rn-prorroga-campanha-de-vacinacao-contra-poliomielite-ate-30-de-junho-veja-pontos-em-natal\/\"]}]},{\"@type\":\"ImageObject\",\"inLanguage\":\"pt-BR\",\"@id\":\"https:\/\/deputadotaveirajr.com.br\/index.php\/rn-prorroga-campanha-de-vacinacao-contra-poliomielite-ate-30-de-junho-veja-pontos-em-natal\/#primaryimage\",\"url\":\"https:\/\/deputadotaveirajr.com.br\/wp-content\/uploads\/2024\/06\/whatsapp-image-2024-05-27-at-08.04.01-mBLCG7.jpeg\",\"contentUrl\":\"https:\/\/deputadotaveirajr.com.br\/wp-content\/uploads\/2024\/06\/whatsapp-image-2024-05-27-at-08.04.01-mBLCG7.jpeg\",\"width\":1280,\"height\":720},{\"@type\":\"BreadcrumbList\",\"@id\":\"https:\/\/deputadotaveirajr.com.br\/index.php\/rn-prorroga-campanha-de-vacinacao-contra-poliomielite-ate-30-de-junho-veja-pontos-em-natal\/#breadcrumb\",\"itemListElement\":[{\"@type\":\"ListItem\",\"position\":1,\"name\":\"In\u00edcio\",\"item\":\"https:\/\/deputadotaveirajr.com.br\/\"},{\"@type\":\"ListItem\",\"position\":2,\"name\":\"RN prorroga campanha de vacina\u00e7\u00e3o contra poliomielite at\u00e9 30 de junho; veja pontos em Natal\"}]},{\"@type\":\"WebSite\",\"@id\":\"https:\/\/deputadotaveirajr.com.br\/#website\",\"url\":\"https:\/\/deputadotaveirajr.com.br\/\",\"name\":\"Taveira Jr\",\"description\":\"Deputado Estadual\",\"publisher\":{\"@id\":\"https:\/\/deputadotaveirajr.com.br\/#organization\"},\"potentialAction\":[{\"@type\":\"SearchAction\",\"target\":{\"@type\":\"EntryPoint\",\"urlTemplate\":\"https:\/\/deputadotaveirajr.com.br\/?s={search_term_string}\"},\"query-input\":{\"@type\":\"PropertyValueSpecification\",\"valueRequired\":true,\"valueName\":\"search_term_string\"}}],\"inLanguage\":\"pt-BR\"},{\"@type\":\"Organization\",\"@id\":\"https:\/\/deputadotaveirajr.com.br\/#organization\",\"name\":\"Taveira Jr\",\"url\":\"https:\/\/deputadotaveirajr.com.br\/\",\"logo\":{\"@type\":\"ImageObject\",\"inLanguage\":\"pt-BR\",\"@id\":\"https:\/\/deputadotaveirajr.com.br\/#\/schema\/logo\/image\/\",\"url\":\"https:\/\/deputadotaveirajr.com.br\/wp-content\/uploads\/2026\/01\/logolow2a.png\",\"contentUrl\":\"https:\/\/deputadotaveirajr.com.br\/wp-content\/uploads\/2026\/01\/logolow2a.png\",\"width\":290,\"height\":80,\"caption\":\"Taveira Jr\"},\"image\":{\"@id\":\"https:\/\/deputadotaveirajr.com.br\/#\/schema\/logo\/image\/\"}}]}<\/script>\n<!-- \/ Yoast SEO plugin. -->","yoast_head_json":{"title":"RN prorroga campanha de vacina\u00e7\u00e3o contra poliomielite at\u00e9 30 de junho; veja pontos em Natal - Taveira Jr","robots":{"index":"index","follow":"follow","max-snippet":"max-snippet:-1","max-image-preview":"max-image-preview:large","max-video-preview":"max-video-preview:-1"},"canonical":"https:\/\/deputadotaveirajr.com.br\/index.php\/rn-prorroga-campanha-de-vacinacao-contra-poliomielite-ate-30-de-junho-veja-pontos-em-natal\/","og_locale":"pt_BR","og_type":"article","og_title":"RN prorroga campanha de vacina\u00e7\u00e3o contra poliomielite at\u00e9 30 de junho; veja pontos em Natal - Taveira Jr","og_description":"P\u00fablico-alvo s\u00e3o as crian\u00e7as entre 1 e 4 anos, 11 meses e 29 dias de idade. Objetivo \u00e9 imunizar 95% das crian\u00e7as dessa faixa et\u00e1ria em todo o estado &#8211; ...","og_url":"https:\/\/deputadotaveirajr.com.br\/index.php\/rn-prorroga-campanha-de-vacinacao-contra-poliomielite-ate-30-de-junho-veja-pontos-em-natal\/","og_site_name":"Taveira Jr","og_image":[{"width":1280,"height":720,"url":"https:\/\/deputadotaveirajr.com.br\/wp-content\/uploads\/2024\/06\/whatsapp-image-2024-05-27-at-08.04.01-mBLCG7.jpeg","type":"image\/jpeg"}],"twitter_card":"summary_large_image","twitter_misc":{"Est. tempo de leitura":"3 minutos"},"schema":{"@context":"https:\/\/schema.org","@graph":[{"@type":"WebPage","@id":"https:\/\/deputadotaveirajr.com.br\/index.php\/rn-prorroga-campanha-de-vacinacao-contra-poliomielite-ate-30-de-junho-veja-pontos-em-natal\/","url":"https:\/\/deputadotaveirajr.com.br\/index.php\/rn-prorroga-campanha-de-vacinacao-contra-poliomielite-ate-30-de-junho-veja-pontos-em-natal\/","name":"RN prorroga campanha de vacina\u00e7\u00e3o contra poliomielite at\u00e9 30 de junho; veja pontos em Natal - Taveira Jr","isPartOf":{"@id":"https:\/\/deputadotaveirajr.com.br\/#website"},"primaryImageOfPage":{"@id":"https:\/\/deputadotaveirajr.com.br\/index.php\/rn-prorroga-campanha-de-vacinacao-contra-poliomielite-ate-30-de-junho-veja-pontos-em-natal\/#primaryimage"},"image":{"@id":"https:\/\/deputadotaveirajr.com.br\/index.php\/rn-prorroga-campanha-de-vacinacao-contra-poliomielite-ate-30-de-junho-veja-pontos-em-natal\/#primaryimage"},"thumbnailUrl":"https:\/\/deputadotaveirajr.com.br\/wp-content\/uploads\/2024\/06\/whatsapp-image-2024-05-27-at-08.04.01-mBLCG7.jpeg","datePublished":"2024-06-19T01:06:47+00:00","breadcrumb":{"@id":"https:\/\/deputadotaveirajr.com.br\/index.php\/rn-prorroga-campanha-de-vacinacao-contra-poliomielite-ate-30-de-junho-veja-pontos-em-natal\/#breadcrumb"},"inLanguage":"pt-BR","potentialAction":[{"@type":"ReadAction","target":["https:\/\/deputadotaveirajr.com.br\/index.php\/rn-prorroga-campanha-de-vacinacao-contra-poliomielite-ate-30-de-junho-veja-pontos-em-natal\/"]}]},{"@type":"ImageObject","inLanguage":"pt-BR","@id":"https:\/\/deputadotaveirajr.com.br\/index.php\/rn-prorroga-campanha-de-vacinacao-contra-poliomielite-ate-30-de-junho-veja-pontos-em-natal\/#primaryimage","url":"https:\/\/deputadotaveirajr.com.br\/wp-content\/uploads\/2024\/06\/whatsapp-image-2024-05-27-at-08.04.01-mBLCG7.jpeg","contentUrl":"https:\/\/deputadotaveirajr.com.br\/wp-content\/uploads\/2024\/06\/whatsapp-image-2024-05-27-at-08.04.01-mBLCG7.jpeg","width":1280,"height":720},{"@type":"BreadcrumbList","@id":"https:\/\/deputadotaveirajr.com.br\/index.php\/rn-prorroga-campanha-de-vacinacao-contra-poliomielite-ate-30-de-junho-veja-pontos-em-natal\/#breadcrumb","itemListElement":[{"@type":"ListItem","position":1,"name":"In\u00edcio","item":"https:\/\/deputadotaveirajr.com.br\/"},{"@type":"ListItem","position":2,"name":"RN prorroga campanha de vacina\u00e7\u00e3o contra poliomielite at\u00e9 30 de junho; veja pontos em Natal"}]},{"@type":"WebSite","@id":"https:\/\/deputadotaveirajr.com.br\/#website","url":"https:\/\/deputadotaveirajr.com.br\/","name":"Taveira Jr","description":"Deputado Estadual","publisher":{"@id":"https:\/\/deputadotaveirajr.com.br\/#organization"},"potentialAction":[{"@type":"SearchAction","target":{"@type":"EntryPoint","urlTemplate":"https:\/\/deputadotaveirajr.com.br\/?s={search_term_string}"},"query-input":{"@type":"PropertyValueSpecification","valueRequired":true,"valueName":"search_term_string"}}],"inLanguage":"pt-BR"},{"@type":"Organization","@id":"https:\/\/deputadotaveirajr.com.br\/#organization","name":"Taveira Jr","url":"https:\/\/deputadotaveirajr.com.br\/","logo":{"@type":"ImageObject","inLanguage":"pt-BR","@id":"https:\/\/deputadotaveirajr.com.br\/#\/schema\/logo\/image\/","url":"https:\/\/deputadotaveirajr.com.br\/wp-content\/uploads\/2026\/01\/logolow2a.png","contentUrl":"https:\/\/deputadotaveirajr.com.br\/wp-content\/uploads\/2026\/01\/logolow2a.png","width":290,"height":80,"caption":"Taveira Jr"},"image":{"@id":"https:\/\/deputadotaveirajr.com.br\/#\/schema\/logo\/image\/"}}]}},"_links":{"self":[{"href":"https:\/\/deputadotaveirajr.com.br\/index.php\/wp-json\/wp\/v2\/pages\/7158","targetHints":{"allow":["GET"]}}],"collection":[{"href":"https:\/\/deputadotaveirajr.com.br\/index.php\/wp-json\/wp\/v2\/pages"}],"about":[{"href":"https:\/\/deputadotaveirajr.com.br\/index.php\/wp-json\/wp\/v2\/types\/page"}],"replies":[{"embeddable":true,"href":"https:\/\/deputadotaveirajr.com.br\/index.php\/wp-json\/wp\/v2\/comments?post=7158"}],"version-history":[{"count":1,"href":"https:\/\/deputadotaveirajr.com.br\/index.php\/wp-json\/wp\/v2\/pages\/7158\/revisions"}],"predecessor-version":[{"id":7160,"href":"https:\/\/deputadotaveirajr.com.br\/index.php\/wp-json\/wp\/v2\/pages\/7158\/revisions\/7160"}],"wp:featuredmedia":[{"embeddable":true,"href":"https:\/\/deputadotaveirajr.com.br\/index.php\/wp-json\/wp\/v2\/media\/7159"}],"wp:attachment":[{"href":"https:\/\/deputadotaveirajr.com.br\/index.php\/wp-json\/wp\/v2\/media?parent=7158"}],"curies":[{"name":"wp","href":"https:\/\/api.w.org\/{rel}","templated":true}]}}