{"id":7173,"date":"2024-06-19T21:23:54","date_gmt":"2024-06-20T00:23:54","guid":{"rendered":"https:\/\/deputadotaveirajr.com.br\/?page_id=7173"},"modified":"2024-06-19T21:23:54","modified_gmt":"2024-06-20T00:23:54","slug":"ex-namorado-e-condenado-a-25-anos-de-prisao-por-matar-jovem-a-tiros-em-natal","status":"publish","type":"page","link":"https:\/\/deputadotaveirajr.com.br\/index.php\/ex-namorado-e-condenado-a-25-anos-de-prisao-por-matar-jovem-a-tiros-em-natal\/","title":{"rendered":"Ex-namorado \u00e9 condenado a 25 anos de pris\u00e3o por matar jovem a tiros em Natal"},"content":{"rendered":"<p>     Tribunal do J\u00fari de Natal tamb\u00e9m condenou um outro homem, acusado de ter atirado contra Renata Dantas, em abril de 2023 no Planalto. Ex-namorado \u00e9 tido como mandante. Jovem de 19 anos \u00e9 morta a tiros na Zona Oeste de Natal<br \/>\nReprodu\u00e7\u00e3o<br \/>\nO Tribunal do J\u00fari de Natal condenou nesta quarta-feira (19) dois suspeitos de participarem do assassinato a tiros da jovem Renata Dantas, de 19 anos, ocorrido em abril de 2023 no bairro Planalto, na Zona Oeste da cidade.<br \/>\nAs condena\u00e7\u00f5es foram de:<br \/>\nWallace Barbosa dos Santos, de 24 anos de idade: condenado a 25 anos de pris\u00e3o em regime fechado por homic\u00eddio triplamente qualificado. Ex-companheiro de Renata, ele foi apontado como mandante da morte.<br \/>\nWillian Bruno Costa dos Santos, de 24 anos de idade: condenado a 21 anos e 10  meses de pris\u00e3o tamb\u00e9m em regime fechado. Ele foi o autor dos disparos que matou a v\u00edtima.<br \/>\n\ud83d\udcf3Participe do canal do g1 RN no WhatsApp<br \/>\nAs penas dos dois acusados foram agravadas porque a Justi\u00e7a entendeu que o crime ocorreu: por motivo torpe; por eles n\u00e3o darem chance de defesa \u00e0 v\u00edtima; e pelo crime ter sido caracterizado como feminic\u00eddio.<br \/>\nOs dois acusados negaram a autoria do crime e alegaram que n\u00e3o estavam no local onde Renata foi asssassinada no dia 7 de abril de 2023.<br \/>\nO j\u00fari popular conduzido pelo juiz Walter Duarte durou dois dias no F\u00f3rum Miguel Seabra, em Natal. O j\u00fari contou com sete pessoas &#8211; todos homens.<br \/>\nAcusados (de camisas branca e azul) foram condenados a pris\u00e3o<br \/>\nS\u00e9rgio Henrique Santos\/Inter TV Cabugi<br \/>\nA fam\u00edlia de Renata Dantas contou que ela manteve um relacionamento por 6 anos com Wallace Barbosa dos Santos, e que a rela\u00e7\u00e3o era normal at\u00e9 a separa\u00e7\u00e3o, que aconteceu em dezembro de 2022, quatro meses antes do crime.<br \/>\nAp\u00f3s a separa\u00e7\u00e3o, contou a fam\u00edlia, o ex-companheiro passou a ame\u00e7ar Renata Dantas.<br \/>\nO crime<br \/>\nRenata Dantas foi morta na madrugada do dia 7 de abril de 2023, aos 19 anos de idade. Renata voltava da pizzaria na qual trabalha no bairro Nordeste para casa, no bairro Planalto.<br \/>\nNa altura da Travessa Jo\u00e3o H\u00e9lio Medeiros, dois homens em uma moto se aproximaram e atiraram pelo menos duas vezes contra ela, que morreu na hora.<br \/>\nSegundo a fam\u00edlia, Renata Dantas gostava de trabalhar e sonhava em comprar uma casa pr\u00f3pria.<br \/>\nAcusados respondem por outro crime<br \/>\nWallace Barbosa e Willian Bruno, condenados pela morte de Renata, tamb\u00e9m s\u00e3o apontados pela Pol\u00edcia Civil como autores do assassinato do Guarda Municipal Dom\u00edcio Soares Filgueira, que ocorreu em setembro de 2022, no Parque da Cidade, em Natal.<br \/>\nDom\u00edcio trabalhava na equipe de seguran\u00e7a do prefeito de Natal, \u00c1lvaro Dias (Republicanos). Uma outra guarda municipal foi baleada na a\u00e7\u00e3o criminosa, mas recebeu atendimento no Hospital Monsenhor Walfredo Gurgel e foi liberada no mesmo dia.<br \/>\nV\u00eddeos mais assistidos do g1 RN<\/p>","protected":false},"excerpt":{"rendered":"<p>Tribunal do J\u00fari de Natal tamb\u00e9m condenou um outro homem, acusado de ter atirado contra Renata Dantas, em abril de 2023 no Planalto. Ex-namorado \u00e9 tido como mandante. Jovem de &#8230;<\/p>\n","protected":false},"author":0,"featured_media":7174,"parent":0,"menu_order":0,"comment_status":"closed","ping_status":"closed","template":"","meta":{"footnotes":""},"class_list":["post-7173","page","type-page","status-publish","has-post-thumbnail","hentry"],"yoast_head":"<!-- This site is optimized with the Yoast SEO plugin v27.1.1 - https:\/\/yoast.com\/product\/yoast-seo-wordpress\/ -->\n<title>Ex-namorado \u00e9 condenado a 25 anos de pris\u00e3o por matar jovem a tiros em Natal - Taveira Jr<\/title>\n<meta name=\"robots\" content=\"index, follow, max-snippet:-1, max-image-preview:large, max-video-preview:-1\" \/>\n<link rel=\"canonical\" href=\"https:\/\/deputadotaveirajr.com.br\/index.php\/ex-namorado-e-condenado-a-25-anos-de-prisao-por-matar-jovem-a-tiros-em-natal\/\" \/>\n<meta property=\"og:locale\" content=\"pt_BR\" \/>\n<meta property=\"og:type\" content=\"article\" \/>\n<meta property=\"og:title\" content=\"Ex-namorado \u00e9 condenado a 25 anos de pris\u00e3o por matar jovem a tiros em Natal - Taveira Jr\" \/>\n<meta property=\"og:description\" content=\"Tribunal do J\u00fari de Natal tamb\u00e9m condenou um outro homem, acusado de ter atirado contra Renata Dantas, em abril de 2023 no Planalto. Ex-namorado \u00e9 tido como mandante. Jovem de ...\" \/>\n<meta property=\"og:url\" content=\"https:\/\/deputadotaveirajr.com.br\/index.php\/ex-namorado-e-condenado-a-25-anos-de-prisao-por-matar-jovem-a-tiros-em-natal\/\" \/>\n<meta property=\"og:site_name\" content=\"Taveira Jr\" \/>\n<meta property=\"og:image\" content=\"https:\/\/deputadotaveirajr.com.br\/wp-content\/uploads\/2024\/06\/moca2-2FzRwl.jpeg\" \/>\n\t<meta property=\"og:image:width\" content=\"541\" \/>\n\t<meta property=\"og:image:height\" content=\"1024\" \/>\n\t<meta property=\"og:image:type\" content=\"image\/jpeg\" \/>\n<meta name=\"twitter:card\" content=\"summary_large_image\" \/>\n<meta name=\"twitter:label1\" content=\"Est. tempo de leitura\" \/>\n\t<meta name=\"twitter:data1\" content=\"2 minutos\" \/>\n<script type=\"application\/ld+json\" class=\"yoast-schema-graph\">{\"@context\":\"https:\/\/schema.org\",\"@graph\":[{\"@type\":\"WebPage\",\"@id\":\"https:\/\/deputadotaveirajr.com.br\/index.php\/ex-namorado-e-condenado-a-25-anos-de-prisao-por-matar-jovem-a-tiros-em-natal\/\",\"url\":\"https:\/\/deputadotaveirajr.com.br\/index.php\/ex-namorado-e-condenado-a-25-anos-de-prisao-por-matar-jovem-a-tiros-em-natal\/\",\"name\":\"Ex-namorado \u00e9 condenado a 25 anos de pris\u00e3o por matar jovem a tiros em Natal - Taveira Jr\",\"isPartOf\":{\"@id\":\"https:\/\/deputadotaveirajr.com.br\/#website\"},\"primaryImageOfPage\":{\"@id\":\"https:\/\/deputadotaveirajr.com.br\/index.php\/ex-namorado-e-condenado-a-25-anos-de-prisao-por-matar-jovem-a-tiros-em-natal\/#primaryimage\"},\"image\":{\"@id\":\"https:\/\/deputadotaveirajr.com.br\/index.php\/ex-namorado-e-condenado-a-25-anos-de-prisao-por-matar-jovem-a-tiros-em-natal\/#primaryimage\"},\"thumbnailUrl\":\"https:\/\/deputadotaveirajr.com.br\/wp-content\/uploads\/2024\/06\/moca2-2FzRwl.jpeg\",\"datePublished\":\"2024-06-20T00:23:54+00:00\",\"breadcrumb\":{\"@id\":\"https:\/\/deputadotaveirajr.com.br\/index.php\/ex-namorado-e-condenado-a-25-anos-de-prisao-por-matar-jovem-a-tiros-em-natal\/#breadcrumb\"},\"inLanguage\":\"pt-BR\",\"potentialAction\":[{\"@type\":\"ReadAction\",\"target\":[\"https:\/\/deputadotaveirajr.com.br\/index.php\/ex-namorado-e-condenado-a-25-anos-de-prisao-por-matar-jovem-a-tiros-em-natal\/\"]}]},{\"@type\":\"ImageObject\",\"inLanguage\":\"pt-BR\",\"@id\":\"https:\/\/deputadotaveirajr.com.br\/index.php\/ex-namorado-e-condenado-a-25-anos-de-prisao-por-matar-jovem-a-tiros-em-natal\/#primaryimage\",\"url\":\"https:\/\/deputadotaveirajr.com.br\/wp-content\/uploads\/2024\/06\/moca2-2FzRwl.jpeg\",\"contentUrl\":\"https:\/\/deputadotaveirajr.com.br\/wp-content\/uploads\/2024\/06\/moca2-2FzRwl.jpeg\",\"width\":541,\"height\":1024},{\"@type\":\"BreadcrumbList\",\"@id\":\"https:\/\/deputadotaveirajr.com.br\/index.php\/ex-namorado-e-condenado-a-25-anos-de-prisao-por-matar-jovem-a-tiros-em-natal\/#breadcrumb\",\"itemListElement\":[{\"@type\":\"ListItem\",\"position\":1,\"name\":\"In\u00edcio\",\"item\":\"https:\/\/deputadotaveirajr.com.br\/\"},{\"@type\":\"ListItem\",\"position\":2,\"name\":\"Ex-namorado \u00e9 condenado a 25 anos de pris\u00e3o por matar jovem a tiros em Natal\"}]},{\"@type\":\"WebSite\",\"@id\":\"https:\/\/deputadotaveirajr.com.br\/#website\",\"url\":\"https:\/\/deputadotaveirajr.com.br\/\",\"name\":\"Taveira Jr\",\"description\":\"Deputado Estadual\",\"publisher\":{\"@id\":\"https:\/\/deputadotaveirajr.com.br\/#organization\"},\"potentialAction\":[{\"@type\":\"SearchAction\",\"target\":{\"@type\":\"EntryPoint\",\"urlTemplate\":\"https:\/\/deputadotaveirajr.com.br\/?s={search_term_string}\"},\"query-input\":{\"@type\":\"PropertyValueSpecification\",\"valueRequired\":true,\"valueName\":\"search_term_string\"}}],\"inLanguage\":\"pt-BR\"},{\"@type\":\"Organization\",\"@id\":\"https:\/\/deputadotaveirajr.com.br\/#organization\",\"name\":\"Taveira Jr\",\"url\":\"https:\/\/deputadotaveirajr.com.br\/\",\"logo\":{\"@type\":\"ImageObject\",\"inLanguage\":\"pt-BR\",\"@id\":\"https:\/\/deputadotaveirajr.com.br\/#\/schema\/logo\/image\/\",\"url\":\"https:\/\/deputadotaveirajr.com.br\/wp-content\/uploads\/2026\/01\/logolow2a.png\",\"contentUrl\":\"https:\/\/deputadotaveirajr.com.br\/wp-content\/uploads\/2026\/01\/logolow2a.png\",\"width\":290,\"height\":80,\"caption\":\"Taveira Jr\"},\"image\":{\"@id\":\"https:\/\/deputadotaveirajr.com.br\/#\/schema\/logo\/image\/\"}}]}<\/script>\n<!-- \/ Yoast SEO plugin. -->","yoast_head_json":{"title":"Ex-namorado \u00e9 condenado a 25 anos de pris\u00e3o por matar jovem a tiros em Natal - Taveira Jr","robots":{"index":"index","follow":"follow","max-snippet":"max-snippet:-1","max-image-preview":"max-image-preview:large","max-video-preview":"max-video-preview:-1"},"canonical":"https:\/\/deputadotaveirajr.com.br\/index.php\/ex-namorado-e-condenado-a-25-anos-de-prisao-por-matar-jovem-a-tiros-em-natal\/","og_locale":"pt_BR","og_type":"article","og_title":"Ex-namorado \u00e9 condenado a 25 anos de pris\u00e3o por matar jovem a tiros em Natal - Taveira Jr","og_description":"Tribunal do J\u00fari de Natal tamb\u00e9m condenou um outro homem, acusado de ter atirado contra Renata Dantas, em abril de 2023 no Planalto. Ex-namorado \u00e9 tido como mandante. Jovem de ...","og_url":"https:\/\/deputadotaveirajr.com.br\/index.php\/ex-namorado-e-condenado-a-25-anos-de-prisao-por-matar-jovem-a-tiros-em-natal\/","og_site_name":"Taveira Jr","og_image":[{"width":541,"height":1024,"url":"https:\/\/deputadotaveirajr.com.br\/wp-content\/uploads\/2024\/06\/moca2-2FzRwl.jpeg","type":"image\/jpeg"}],"twitter_card":"summary_large_image","twitter_misc":{"Est. tempo de leitura":"2 minutos"},"schema":{"@context":"https:\/\/schema.org","@graph":[{"@type":"WebPage","@id":"https:\/\/deputadotaveirajr.com.br\/index.php\/ex-namorado-e-condenado-a-25-anos-de-prisao-por-matar-jovem-a-tiros-em-natal\/","url":"https:\/\/deputadotaveirajr.com.br\/index.php\/ex-namorado-e-condenado-a-25-anos-de-prisao-por-matar-jovem-a-tiros-em-natal\/","name":"Ex-namorado \u00e9 condenado a 25 anos de pris\u00e3o por matar jovem a tiros em Natal - Taveira Jr","isPartOf":{"@id":"https:\/\/deputadotaveirajr.com.br\/#website"},"primaryImageOfPage":{"@id":"https:\/\/deputadotaveirajr.com.br\/index.php\/ex-namorado-e-condenado-a-25-anos-de-prisao-por-matar-jovem-a-tiros-em-natal\/#primaryimage"},"image":{"@id":"https:\/\/deputadotaveirajr.com.br\/index.php\/ex-namorado-e-condenado-a-25-anos-de-prisao-por-matar-jovem-a-tiros-em-natal\/#primaryimage"},"thumbnailUrl":"https:\/\/deputadotaveirajr.com.br\/wp-content\/uploads\/2024\/06\/moca2-2FzRwl.jpeg","datePublished":"2024-06-20T00:23:54+00:00","breadcrumb":{"@id":"https:\/\/deputadotaveirajr.com.br\/index.php\/ex-namorado-e-condenado-a-25-anos-de-prisao-por-matar-jovem-a-tiros-em-natal\/#breadcrumb"},"inLanguage":"pt-BR","potentialAction":[{"@type":"ReadAction","target":["https:\/\/deputadotaveirajr.com.br\/index.php\/ex-namorado-e-condenado-a-25-anos-de-prisao-por-matar-jovem-a-tiros-em-natal\/"]}]},{"@type":"ImageObject","inLanguage":"pt-BR","@id":"https:\/\/deputadotaveirajr.com.br\/index.php\/ex-namorado-e-condenado-a-25-anos-de-prisao-por-matar-jovem-a-tiros-em-natal\/#primaryimage","url":"https:\/\/deputadotaveirajr.com.br\/wp-content\/uploads\/2024\/06\/moca2-2FzRwl.jpeg","contentUrl":"https:\/\/deputadotaveirajr.com.br\/wp-content\/uploads\/2024\/06\/moca2-2FzRwl.jpeg","width":541,"height":1024},{"@type":"BreadcrumbList","@id":"https:\/\/deputadotaveirajr.com.br\/index.php\/ex-namorado-e-condenado-a-25-anos-de-prisao-por-matar-jovem-a-tiros-em-natal\/#breadcrumb","itemListElement":[{"@type":"ListItem","position":1,"name":"In\u00edcio","item":"https:\/\/deputadotaveirajr.com.br\/"},{"@type":"ListItem","position":2,"name":"Ex-namorado \u00e9 condenado a 25 anos de pris\u00e3o por matar jovem a tiros em Natal"}]},{"@type":"WebSite","@id":"https:\/\/deputadotaveirajr.com.br\/#website","url":"https:\/\/deputadotaveirajr.com.br\/","name":"Taveira Jr","description":"Deputado Estadual","publisher":{"@id":"https:\/\/deputadotaveirajr.com.br\/#organization"},"potentialAction":[{"@type":"SearchAction","target":{"@type":"EntryPoint","urlTemplate":"https:\/\/deputadotaveirajr.com.br\/?s={search_term_string}"},"query-input":{"@type":"PropertyValueSpecification","valueRequired":true,"valueName":"search_term_string"}}],"inLanguage":"pt-BR"},{"@type":"Organization","@id":"https:\/\/deputadotaveirajr.com.br\/#organization","name":"Taveira Jr","url":"https:\/\/deputadotaveirajr.com.br\/","logo":{"@type":"ImageObject","inLanguage":"pt-BR","@id":"https:\/\/deputadotaveirajr.com.br\/#\/schema\/logo\/image\/","url":"https:\/\/deputadotaveirajr.com.br\/wp-content\/uploads\/2026\/01\/logolow2a.png","contentUrl":"https:\/\/deputadotaveirajr.com.br\/wp-content\/uploads\/2026\/01\/logolow2a.png","width":290,"height":80,"caption":"Taveira Jr"},"image":{"@id":"https:\/\/deputadotaveirajr.com.br\/#\/schema\/logo\/image\/"}}]}},"_links":{"self":[{"href":"https:\/\/deputadotaveirajr.com.br\/index.php\/wp-json\/wp\/v2\/pages\/7173","targetHints":{"allow":["GET"]}}],"collection":[{"href":"https:\/\/deputadotaveirajr.com.br\/index.php\/wp-json\/wp\/v2\/pages"}],"about":[{"href":"https:\/\/deputadotaveirajr.com.br\/index.php\/wp-json\/wp\/v2\/types\/page"}],"replies":[{"embeddable":true,"href":"https:\/\/deputadotaveirajr.com.br\/index.php\/wp-json\/wp\/v2\/comments?post=7173"}],"version-history":[{"count":1,"href":"https:\/\/deputadotaveirajr.com.br\/index.php\/wp-json\/wp\/v2\/pages\/7173\/revisions"}],"predecessor-version":[{"id":7177,"href":"https:\/\/deputadotaveirajr.com.br\/index.php\/wp-json\/wp\/v2\/pages\/7173\/revisions\/7177"}],"wp:featuredmedia":[{"embeddable":true,"href":"https:\/\/deputadotaveirajr.com.br\/index.php\/wp-json\/wp\/v2\/media\/7174"}],"wp:attachment":[{"href":"https:\/\/deputadotaveirajr.com.br\/index.php\/wp-json\/wp\/v2\/media?parent=7173"}],"curies":[{"name":"wp","href":"https:\/\/api.w.org\/{rel}","templated":true}]}}