{"id":7175,"date":"2024-06-19T23:13:15","date_gmt":"2024-06-20T02:13:15","guid":{"rendered":"https:\/\/deputadotaveirajr.com.br\/?page_id=7175"},"modified":"2024-06-19T23:13:15","modified_gmt":"2024-06-20T02:13:15","slug":"empresario-flavio-azevedo-toma-posse-como-senador-pelo-rn-apos-licenca-de-rogerio-marinho","status":"publish","type":"page","link":"https:\/\/deputadotaveirajr.com.br\/index.php\/empresario-flavio-azevedo-toma-posse-como-senador-pelo-rn-apos-licenca-de-rogerio-marinho\/","title":{"rendered":"Empres\u00e1rio Fl\u00e1vio Azevedo toma posse como senador pelo RN ap\u00f3s licen\u00e7a de Rog\u00e9rio Marinho"},"content":{"rendered":"<p>     Rog\u00e9rio Marinho (PL) pediu licen\u00e7a de 120 dias para participar de articula\u00e7\u00e3o das elei\u00e7\u00f5es municipais no Nordeste. Fl\u00e1vio Azevedo era o primeiro suplente e assume cargo pela 1\u00aa vez. Fl\u00e1vio Azevedo assume como senador pelo Rio Grande do Norte<br \/>\nDivulga\u00e7\u00e3o\/TV Senado<br \/>\nO empres\u00e1rio Fl\u00e1vio Azevedo (PL), de 78 anos de idade, tomou posse como senador da Rep\u00fablica pelo Rio Grande do Norte em uma sess\u00e3o na tarde desta quarta-feira (19) no plen\u00e1rio do Senado Federal, em Bras\u00edlia.  Esta ser\u00e1 a primeira vez que ele assume o mandato.<br \/>\nFl\u00e1vio Azevedo assume a vaga por 120 dias ap\u00f3s um pedido de licen\u00e7a do senador Rog\u00e9rio Marinho (PL), eleito em 2022. O empres\u00e1rio era o primeiro suplente da vaga.<br \/>\n\ud83d\udcf3Participe do canal do g1 RN no WhatsApp<br \/>\nRog\u00e9rio Marinho informou que vai se afastar do cargo para participar das articula\u00e7\u00f5es partid\u00e1rias nas elei\u00e7\u00f5es municipais, que acontecem em outubro deste ano, no Nordeste. A volta dele ao cargo de senador \u00e9 prevista exatamente para o m\u00eas de outubro.<br \/>\nFl\u00e1vio Azevedo, que assumiu a vaga, foi presidente da Federa\u00e7\u00e3o das Ind\u00fastrias do Rio Grande do Norte de 2003 a 2011 e vice-presidente da Confedera\u00e7\u00e3o Nacional da Ind\u00fastria, entre 2008 e 2011.<br \/>\nV\u00eddeos mais assistidos do g1 RN<\/p>","protected":false},"excerpt":{"rendered":"<p>Rog\u00e9rio Marinho (PL) pediu licen\u00e7a de 120 dias para participar de articula\u00e7\u00e3o das elei\u00e7\u00f5es municipais no Nordeste. Fl\u00e1vio Azevedo era o primeiro suplente e assume cargo pela 1\u00aa vez. Fl\u00e1vio &#8230;<\/p>\n","protected":false},"author":0,"featured_media":7176,"parent":0,"menu_order":0,"comment_status":"closed","ping_status":"closed","template":"","meta":{"footnotes":""},"class_list":["post-7175","page","type-page","status-publish","has-post-thumbnail","hentry"],"yoast_head":"<!-- This site is optimized with the Yoast SEO plugin v27.1.1 - https:\/\/yoast.com\/product\/yoast-seo-wordpress\/ -->\n<title>Empres\u00e1rio Fl\u00e1vio Azevedo toma posse como senador pelo RN ap\u00f3s licen\u00e7a de Rog\u00e9rio Marinho - Taveira Jr<\/title>\n<meta name=\"robots\" content=\"index, follow, max-snippet:-1, max-image-preview:large, max-video-preview:-1\" \/>\n<link rel=\"canonical\" href=\"https:\/\/deputadotaveirajr.com.br\/index.php\/empresario-flavio-azevedo-toma-posse-como-senador-pelo-rn-apos-licenca-de-rogerio-marinho\/\" \/>\n<meta property=\"og:locale\" content=\"pt_BR\" \/>\n<meta property=\"og:type\" content=\"article\" \/>\n<meta property=\"og:title\" content=\"Empres\u00e1rio Fl\u00e1vio Azevedo toma posse como senador pelo RN ap\u00f3s licen\u00e7a de Rog\u00e9rio Marinho - Taveira Jr\" \/>\n<meta property=\"og:description\" content=\"Rog\u00e9rio Marinho (PL) pediu licen\u00e7a de 120 dias para participar de articula\u00e7\u00e3o das elei\u00e7\u00f5es municipais no Nordeste. Fl\u00e1vio Azevedo era o primeiro suplente e assume cargo pela 1\u00aa vez. Fl\u00e1vio ...\" \/>\n<meta property=\"og:url\" content=\"https:\/\/deputadotaveirajr.com.br\/index.php\/empresario-flavio-azevedo-toma-posse-como-senador-pelo-rn-apos-licenca-de-rogerio-marinho\/\" \/>\n<meta property=\"og:site_name\" content=\"Taveira Jr\" \/>\n<meta property=\"og:image\" content=\"https:\/\/deputadotaveirajr.com.br\/wp-content\/uploads\/2024\/06\/captura-de-tela-2024-06-19-194534-pet5a6.jpeg\" \/>\n\t<meta property=\"og:image:width\" content=\"1394\" \/>\n\t<meta property=\"og:image:height\" content=\"880\" \/>\n\t<meta property=\"og:image:type\" content=\"image\/jpeg\" \/>\n<meta name=\"twitter:card\" content=\"summary_large_image\" \/>\n<meta name=\"twitter:label1\" content=\"Est. tempo de leitura\" \/>\n\t<meta name=\"twitter:data1\" content=\"1 minuto\" \/>\n<script type=\"application\/ld+json\" class=\"yoast-schema-graph\">{\"@context\":\"https:\/\/schema.org\",\"@graph\":[{\"@type\":\"WebPage\",\"@id\":\"https:\/\/deputadotaveirajr.com.br\/index.php\/empresario-flavio-azevedo-toma-posse-como-senador-pelo-rn-apos-licenca-de-rogerio-marinho\/\",\"url\":\"https:\/\/deputadotaveirajr.com.br\/index.php\/empresario-flavio-azevedo-toma-posse-como-senador-pelo-rn-apos-licenca-de-rogerio-marinho\/\",\"name\":\"Empres\u00e1rio Fl\u00e1vio Azevedo toma posse como senador pelo RN ap\u00f3s licen\u00e7a de Rog\u00e9rio Marinho - Taveira Jr\",\"isPartOf\":{\"@id\":\"https:\/\/deputadotaveirajr.com.br\/#website\"},\"primaryImageOfPage\":{\"@id\":\"https:\/\/deputadotaveirajr.com.br\/index.php\/empresario-flavio-azevedo-toma-posse-como-senador-pelo-rn-apos-licenca-de-rogerio-marinho\/#primaryimage\"},\"image\":{\"@id\":\"https:\/\/deputadotaveirajr.com.br\/index.php\/empresario-flavio-azevedo-toma-posse-como-senador-pelo-rn-apos-licenca-de-rogerio-marinho\/#primaryimage\"},\"thumbnailUrl\":\"https:\/\/deputadotaveirajr.com.br\/wp-content\/uploads\/2024\/06\/captura-de-tela-2024-06-19-194534-pet5a6.jpeg\",\"datePublished\":\"2024-06-20T02:13:15+00:00\",\"breadcrumb\":{\"@id\":\"https:\/\/deputadotaveirajr.com.br\/index.php\/empresario-flavio-azevedo-toma-posse-como-senador-pelo-rn-apos-licenca-de-rogerio-marinho\/#breadcrumb\"},\"inLanguage\":\"pt-BR\",\"potentialAction\":[{\"@type\":\"ReadAction\",\"target\":[\"https:\/\/deputadotaveirajr.com.br\/index.php\/empresario-flavio-azevedo-toma-posse-como-senador-pelo-rn-apos-licenca-de-rogerio-marinho\/\"]}]},{\"@type\":\"ImageObject\",\"inLanguage\":\"pt-BR\",\"@id\":\"https:\/\/deputadotaveirajr.com.br\/index.php\/empresario-flavio-azevedo-toma-posse-como-senador-pelo-rn-apos-licenca-de-rogerio-marinho\/#primaryimage\",\"url\":\"https:\/\/deputadotaveirajr.com.br\/wp-content\/uploads\/2024\/06\/captura-de-tela-2024-06-19-194534-pet5a6.jpeg\",\"contentUrl\":\"https:\/\/deputadotaveirajr.com.br\/wp-content\/uploads\/2024\/06\/captura-de-tela-2024-06-19-194534-pet5a6.jpeg\",\"width\":1394,\"height\":880},{\"@type\":\"BreadcrumbList\",\"@id\":\"https:\/\/deputadotaveirajr.com.br\/index.php\/empresario-flavio-azevedo-toma-posse-como-senador-pelo-rn-apos-licenca-de-rogerio-marinho\/#breadcrumb\",\"itemListElement\":[{\"@type\":\"ListItem\",\"position\":1,\"name\":\"In\u00edcio\",\"item\":\"https:\/\/deputadotaveirajr.com.br\/\"},{\"@type\":\"ListItem\",\"position\":2,\"name\":\"Empres\u00e1rio Fl\u00e1vio Azevedo toma posse como senador pelo RN ap\u00f3s licen\u00e7a de Rog\u00e9rio Marinho\"}]},{\"@type\":\"WebSite\",\"@id\":\"https:\/\/deputadotaveirajr.com.br\/#website\",\"url\":\"https:\/\/deputadotaveirajr.com.br\/\",\"name\":\"Taveira Jr\",\"description\":\"Deputado Estadual\",\"publisher\":{\"@id\":\"https:\/\/deputadotaveirajr.com.br\/#organization\"},\"potentialAction\":[{\"@type\":\"SearchAction\",\"target\":{\"@type\":\"EntryPoint\",\"urlTemplate\":\"https:\/\/deputadotaveirajr.com.br\/?s={search_term_string}\"},\"query-input\":{\"@type\":\"PropertyValueSpecification\",\"valueRequired\":true,\"valueName\":\"search_term_string\"}}],\"inLanguage\":\"pt-BR\"},{\"@type\":\"Organization\",\"@id\":\"https:\/\/deputadotaveirajr.com.br\/#organization\",\"name\":\"Taveira Jr\",\"url\":\"https:\/\/deputadotaveirajr.com.br\/\",\"logo\":{\"@type\":\"ImageObject\",\"inLanguage\":\"pt-BR\",\"@id\":\"https:\/\/deputadotaveirajr.com.br\/#\/schema\/logo\/image\/\",\"url\":\"https:\/\/deputadotaveirajr.com.br\/wp-content\/uploads\/2026\/01\/logolow2a.png\",\"contentUrl\":\"https:\/\/deputadotaveirajr.com.br\/wp-content\/uploads\/2026\/01\/logolow2a.png\",\"width\":290,\"height\":80,\"caption\":\"Taveira Jr\"},\"image\":{\"@id\":\"https:\/\/deputadotaveirajr.com.br\/#\/schema\/logo\/image\/\"}}]}<\/script>\n<!-- \/ Yoast SEO plugin. -->","yoast_head_json":{"title":"Empres\u00e1rio Fl\u00e1vio Azevedo toma posse como senador pelo RN ap\u00f3s licen\u00e7a de Rog\u00e9rio Marinho - Taveira Jr","robots":{"index":"index","follow":"follow","max-snippet":"max-snippet:-1","max-image-preview":"max-image-preview:large","max-video-preview":"max-video-preview:-1"},"canonical":"https:\/\/deputadotaveirajr.com.br\/index.php\/empresario-flavio-azevedo-toma-posse-como-senador-pelo-rn-apos-licenca-de-rogerio-marinho\/","og_locale":"pt_BR","og_type":"article","og_title":"Empres\u00e1rio Fl\u00e1vio Azevedo toma posse como senador pelo RN ap\u00f3s licen\u00e7a de Rog\u00e9rio Marinho - Taveira Jr","og_description":"Rog\u00e9rio Marinho (PL) pediu licen\u00e7a de 120 dias para participar de articula\u00e7\u00e3o das elei\u00e7\u00f5es municipais no Nordeste. Fl\u00e1vio Azevedo era o primeiro suplente e assume cargo pela 1\u00aa vez. Fl\u00e1vio ...","og_url":"https:\/\/deputadotaveirajr.com.br\/index.php\/empresario-flavio-azevedo-toma-posse-como-senador-pelo-rn-apos-licenca-de-rogerio-marinho\/","og_site_name":"Taveira Jr","og_image":[{"width":1394,"height":880,"url":"https:\/\/deputadotaveirajr.com.br\/wp-content\/uploads\/2024\/06\/captura-de-tela-2024-06-19-194534-pet5a6.jpeg","type":"image\/jpeg"}],"twitter_card":"summary_large_image","twitter_misc":{"Est. tempo de leitura":"1 minuto"},"schema":{"@context":"https:\/\/schema.org","@graph":[{"@type":"WebPage","@id":"https:\/\/deputadotaveirajr.com.br\/index.php\/empresario-flavio-azevedo-toma-posse-como-senador-pelo-rn-apos-licenca-de-rogerio-marinho\/","url":"https:\/\/deputadotaveirajr.com.br\/index.php\/empresario-flavio-azevedo-toma-posse-como-senador-pelo-rn-apos-licenca-de-rogerio-marinho\/","name":"Empres\u00e1rio Fl\u00e1vio Azevedo toma posse como senador pelo RN ap\u00f3s licen\u00e7a de Rog\u00e9rio Marinho - Taveira Jr","isPartOf":{"@id":"https:\/\/deputadotaveirajr.com.br\/#website"},"primaryImageOfPage":{"@id":"https:\/\/deputadotaveirajr.com.br\/index.php\/empresario-flavio-azevedo-toma-posse-como-senador-pelo-rn-apos-licenca-de-rogerio-marinho\/#primaryimage"},"image":{"@id":"https:\/\/deputadotaveirajr.com.br\/index.php\/empresario-flavio-azevedo-toma-posse-como-senador-pelo-rn-apos-licenca-de-rogerio-marinho\/#primaryimage"},"thumbnailUrl":"https:\/\/deputadotaveirajr.com.br\/wp-content\/uploads\/2024\/06\/captura-de-tela-2024-06-19-194534-pet5a6.jpeg","datePublished":"2024-06-20T02:13:15+00:00","breadcrumb":{"@id":"https:\/\/deputadotaveirajr.com.br\/index.php\/empresario-flavio-azevedo-toma-posse-como-senador-pelo-rn-apos-licenca-de-rogerio-marinho\/#breadcrumb"},"inLanguage":"pt-BR","potentialAction":[{"@type":"ReadAction","target":["https:\/\/deputadotaveirajr.com.br\/index.php\/empresario-flavio-azevedo-toma-posse-como-senador-pelo-rn-apos-licenca-de-rogerio-marinho\/"]}]},{"@type":"ImageObject","inLanguage":"pt-BR","@id":"https:\/\/deputadotaveirajr.com.br\/index.php\/empresario-flavio-azevedo-toma-posse-como-senador-pelo-rn-apos-licenca-de-rogerio-marinho\/#primaryimage","url":"https:\/\/deputadotaveirajr.com.br\/wp-content\/uploads\/2024\/06\/captura-de-tela-2024-06-19-194534-pet5a6.jpeg","contentUrl":"https:\/\/deputadotaveirajr.com.br\/wp-content\/uploads\/2024\/06\/captura-de-tela-2024-06-19-194534-pet5a6.jpeg","width":1394,"height":880},{"@type":"BreadcrumbList","@id":"https:\/\/deputadotaveirajr.com.br\/index.php\/empresario-flavio-azevedo-toma-posse-como-senador-pelo-rn-apos-licenca-de-rogerio-marinho\/#breadcrumb","itemListElement":[{"@type":"ListItem","position":1,"name":"In\u00edcio","item":"https:\/\/deputadotaveirajr.com.br\/"},{"@type":"ListItem","position":2,"name":"Empres\u00e1rio Fl\u00e1vio Azevedo toma posse como senador pelo RN ap\u00f3s licen\u00e7a de Rog\u00e9rio Marinho"}]},{"@type":"WebSite","@id":"https:\/\/deputadotaveirajr.com.br\/#website","url":"https:\/\/deputadotaveirajr.com.br\/","name":"Taveira Jr","description":"Deputado Estadual","publisher":{"@id":"https:\/\/deputadotaveirajr.com.br\/#organization"},"potentialAction":[{"@type":"SearchAction","target":{"@type":"EntryPoint","urlTemplate":"https:\/\/deputadotaveirajr.com.br\/?s={search_term_string}"},"query-input":{"@type":"PropertyValueSpecification","valueRequired":true,"valueName":"search_term_string"}}],"inLanguage":"pt-BR"},{"@type":"Organization","@id":"https:\/\/deputadotaveirajr.com.br\/#organization","name":"Taveira Jr","url":"https:\/\/deputadotaveirajr.com.br\/","logo":{"@type":"ImageObject","inLanguage":"pt-BR","@id":"https:\/\/deputadotaveirajr.com.br\/#\/schema\/logo\/image\/","url":"https:\/\/deputadotaveirajr.com.br\/wp-content\/uploads\/2026\/01\/logolow2a.png","contentUrl":"https:\/\/deputadotaveirajr.com.br\/wp-content\/uploads\/2026\/01\/logolow2a.png","width":290,"height":80,"caption":"Taveira Jr"},"image":{"@id":"https:\/\/deputadotaveirajr.com.br\/#\/schema\/logo\/image\/"}}]}},"_links":{"self":[{"href":"https:\/\/deputadotaveirajr.com.br\/index.php\/wp-json\/wp\/v2\/pages\/7175","targetHints":{"allow":["GET"]}}],"collection":[{"href":"https:\/\/deputadotaveirajr.com.br\/index.php\/wp-json\/wp\/v2\/pages"}],"about":[{"href":"https:\/\/deputadotaveirajr.com.br\/index.php\/wp-json\/wp\/v2\/types\/page"}],"replies":[{"embeddable":true,"href":"https:\/\/deputadotaveirajr.com.br\/index.php\/wp-json\/wp\/v2\/comments?post=7175"}],"version-history":[{"count":1,"href":"https:\/\/deputadotaveirajr.com.br\/index.php\/wp-json\/wp\/v2\/pages\/7175\/revisions"}],"predecessor-version":[{"id":7178,"href":"https:\/\/deputadotaveirajr.com.br\/index.php\/wp-json\/wp\/v2\/pages\/7175\/revisions\/7178"}],"wp:featuredmedia":[{"embeddable":true,"href":"https:\/\/deputadotaveirajr.com.br\/index.php\/wp-json\/wp\/v2\/media\/7176"}],"wp:attachment":[{"href":"https:\/\/deputadotaveirajr.com.br\/index.php\/wp-json\/wp\/v2\/media?parent=7175"}],"curies":[{"name":"wp","href":"https:\/\/api.w.org\/{rel}","templated":true}]}}