{"id":7253,"date":"2024-06-23T13:06:37","date_gmt":"2024-06-23T16:06:37","guid":{"rendered":"https:\/\/deputadotaveirajr.com.br\/?page_id=7253"},"modified":"2024-06-23T13:06:37","modified_gmt":"2024-06-23T16:06:37","slug":"corpo-de-medica-brasileira-morta-em-acidente-na-africa-passa-por-pericia-e-nao-tem-prazo-para-traslado","status":"publish","type":"page","link":"https:\/\/deputadotaveirajr.com.br\/index.php\/corpo-de-medica-brasileira-morta-em-acidente-na-africa-passa-por-pericia-e-nao-tem-prazo-para-traslado\/","title":{"rendered":"Corpo de m\u00e9dica brasileira morta em acidente na \u00c1frica passa por per\u00edcia e n\u00e3o tem prazo para traslado"},"content":{"rendered":"<p>     Natale Gontijo morreu ap\u00f3s acidente de carro com o marido na Nam\u00edbia. Ao todo, colis\u00e3o causou 9 mortes.  M\u00e9dica Natale Gontijo morreu em acidente na \u00c1frica<br \/>\nRedes sociais<br \/>\nO corpo da m\u00e9dica brasileira Natale Gontijo Amorim, que morreu em um acidente com outras 8 v\u00edtimas na Nam\u00edbia, na \u00c1frica, passou por per\u00edcia m\u00e9dica ap\u00f3s chegar \u00e0 capital do pa\u00eds, Windhoek, na \u00faltima sexta-feira (21).<br \/>\nA informa\u00e7\u00e3o foi confirmadas pela embaixada brasileira no pa\u00eds africano. Segundo a entidade, ainda n\u00e3o h\u00e1 prazo definido para o traslado do corpo da cirurgi\u00e3 pl\u00e1stica ao Brasil.<br \/>\n\ud83d\udcf3Participe do canal do g1 RN no WhatsApp<br \/>\n&#8220;Ainda n\u00e3o se tem previs\u00e3o do prazo para libera\u00e7\u00e3o do corpo&#8221;, diz a nota emitida pela embaixada.<br \/>\nA m\u00e9dica estava em uma viagem de f\u00e9rias com o marido, o tamb\u00e9m m\u00e9dico brasileiro Charles S\u00e1, que sobreviveu ao acidente. Eles pretendiam cruzar pa\u00edses da \u00c1frica fazendo um safari expedicion\u00e1rio, sem guias.<br \/>\nO casal se envolveu em um acidente de carro, na \u00faltima ter\u00e7a-feira (18), ao bater de frente com outro ve\u00edculo  em uma rodovia entre as cidades de Otjiwarongo e Otavi, na Nam\u00edbia.<br \/>\nCharles conduzia um dos carros e teria provocado a colis\u00e3o ao tentar fazer uma ultrapassagem. Ao todo, 9 pessoas morreram, incluindo Natale.<br \/>\nCirurgi\u00e3 pl\u00e1stica e assistente de Ivo Pitanguy por 20 anos: quem \u00e9 a m\u00e9dica brasileira que morreu em acidente na \u00c1frica<br \/>\nO m\u00e9dico potiguar segue hospitalizado na cidade de Otjiwarongo. De acordo com a Embaixada do Brasil em Windhoek, capital do pa\u00eds, ele aguarda uma audi\u00eancia, mas n\u00e3o pode ser considerado preso.<br \/>\n&#8220;Ele n\u00e3o est\u00e1 encarcerado e nem condenado. Est\u00e1 apenas aguardando sua audi\u00eancia preliminar sob vigil\u00e2ncia das autoridades policiais, por se tratar de um estrangeiro&#8221;, disse a embaixada em nota.<br \/>\nM\u00e9dico Charles S\u00e1 e a esposa Natale Gontijo, que morreu em acidente na \u00c1frica<br \/>\nReprodu\u00e7\u00e3o<br \/>\nA embaixada refor\u00e7ou que o brasileiro &#8220;ainda n\u00e3o \u00e9 r\u00e9u&#8221; e que &#8220;ainda n\u00e3o h\u00e1 processo judicial formalizado contra ele&#8221;.<br \/>\n&#8220;A audi\u00eancia provavelmente ser\u00e1 nesta semana, a depender da condi\u00e7\u00e3o m\u00e9dica dele. Ele n\u00e3o corre risco de vida, mas ainda possui necessidade de acompanhamento m\u00e9dico&#8221;, destaca a nota.<br \/>\nSegundo a embaixada, foi identificada uma fratura em uma v\u00e9rtebra do m\u00e9dico. Ele n\u00e3o pode se mover muito e precisa de acompanhamento constante.<br \/>\nPotiguar que se envolveu em acidente na Nam\u00edbia est\u00e1 sob cust\u00f3dia das autoridades<br \/>\nNatale chegou a ser socorrida e levada a um hospital local, mas n\u00e3o resistiu. Ela era mineira, tinha resid\u00eancia com o marido no Rio de Janeiro e trabalhava atualmente em Verona, na It\u00e1lia. O casal tamb\u00e9m possu\u00eda cl\u00ednicas em Natal e em Belo Horizonte.<br \/>\nSegundo familiares, Charles e Natale se conheceram durante o curso de cirurgia pl\u00e1stica e estavam casados h\u00e1 mais de 20 anos.<br \/>\nO Minist\u00e9rio das Rela\u00e7\u00f5es Exteriores, em nota, informou que acompanha o caso desde que foi notificado a respeito, na manh\u00e3 do dia 19 de junho. &#8220;A Embaixada determinou o deslocamento imediato de funcion\u00e1rio do posto para a cidade de Otjiwarongo, perto de onde ocorreu o acidente. A Embaixada permanece em contato permanente com as autoridades locais e com os familiares dos brasileiros, a fim de prestar a assist\u00eancia consular devida de forma mais eficiente&#8221;.<br \/>\nVeja os v\u00eddeos mais assistidos no g1 RN<\/p>","protected":false},"excerpt":{"rendered":"<p>Natale Gontijo morreu ap\u00f3s acidente de carro com o marido na Nam\u00edbia. Ao todo, colis\u00e3o causou 9 mortes. M\u00e9dica Natale Gontijo morreu em acidente na \u00c1frica Redes sociais O corpo &#8230;<\/p>\n","protected":false},"author":0,"featured_media":7254,"parent":0,"menu_order":0,"comment_status":"closed","ping_status":"closed","template":"","meta":{"footnotes":""},"class_list":["post-7253","page","type-page","status-publish","has-post-thumbnail","hentry"],"yoast_head":"<!-- This site is optimized with the Yoast SEO plugin v27.1.1 - https:\/\/yoast.com\/product\/yoast-seo-wordpress\/ -->\n<title>Corpo de m\u00e9dica brasileira morta em acidente na \u00c1frica passa por per\u00edcia e n\u00e3o tem prazo para traslado - Taveira Jr<\/title>\n<meta name=\"robots\" content=\"index, follow, max-snippet:-1, max-image-preview:large, max-video-preview:-1\" \/>\n<link rel=\"canonical\" href=\"https:\/\/deputadotaveirajr.com.br\/index.php\/corpo-de-medica-brasileira-morta-em-acidente-na-africa-passa-por-pericia-e-nao-tem-prazo-para-traslado\/\" \/>\n<meta property=\"og:locale\" content=\"pt_BR\" \/>\n<meta property=\"og:type\" content=\"article\" \/>\n<meta property=\"og:title\" content=\"Corpo de m\u00e9dica brasileira morta em acidente na \u00c1frica passa por per\u00edcia e n\u00e3o tem prazo para traslado - Taveira Jr\" \/>\n<meta property=\"og:description\" content=\"Natale Gontijo morreu ap\u00f3s acidente de carro com o marido na Nam\u00edbia. Ao todo, colis\u00e3o causou 9 mortes. M\u00e9dica Natale Gontijo morreu em acidente na \u00c1frica Redes sociais O corpo ...\" \/>\n<meta property=\"og:url\" content=\"https:\/\/deputadotaveirajr.com.br\/index.php\/corpo-de-medica-brasileira-morta-em-acidente-na-africa-passa-por-pericia-e-nao-tem-prazo-para-traslado\/\" \/>\n<meta property=\"og:site_name\" content=\"Taveira Jr\" \/>\n<meta property=\"og:image\" content=\"https:\/\/deputadotaveirajr.com.br\/wp-content\/uploads\/2024\/06\/medica1-7sGCqO.jpeg\" \/>\n\t<meta property=\"og:image:width\" content=\"1080\" \/>\n\t<meta property=\"og:image:height\" content=\"978\" \/>\n\t<meta property=\"og:image:type\" content=\"image\/jpeg\" \/>\n<meta name=\"twitter:card\" content=\"summary_large_image\" \/>\n<meta name=\"twitter:label1\" content=\"Est. tempo de leitura\" \/>\n\t<meta name=\"twitter:data1\" content=\"3 minutos\" \/>\n<script type=\"application\/ld+json\" class=\"yoast-schema-graph\">{\"@context\":\"https:\/\/schema.org\",\"@graph\":[{\"@type\":\"WebPage\",\"@id\":\"https:\/\/deputadotaveirajr.com.br\/index.php\/corpo-de-medica-brasileira-morta-em-acidente-na-africa-passa-por-pericia-e-nao-tem-prazo-para-traslado\/\",\"url\":\"https:\/\/deputadotaveirajr.com.br\/index.php\/corpo-de-medica-brasileira-morta-em-acidente-na-africa-passa-por-pericia-e-nao-tem-prazo-para-traslado\/\",\"name\":\"Corpo de m\u00e9dica brasileira morta em acidente na \u00c1frica passa por per\u00edcia e n\u00e3o tem prazo para traslado - Taveira Jr\",\"isPartOf\":{\"@id\":\"https:\/\/deputadotaveirajr.com.br\/#website\"},\"primaryImageOfPage\":{\"@id\":\"https:\/\/deputadotaveirajr.com.br\/index.php\/corpo-de-medica-brasileira-morta-em-acidente-na-africa-passa-por-pericia-e-nao-tem-prazo-para-traslado\/#primaryimage\"},\"image\":{\"@id\":\"https:\/\/deputadotaveirajr.com.br\/index.php\/corpo-de-medica-brasileira-morta-em-acidente-na-africa-passa-por-pericia-e-nao-tem-prazo-para-traslado\/#primaryimage\"},\"thumbnailUrl\":\"https:\/\/deputadotaveirajr.com.br\/wp-content\/uploads\/2024\/06\/medica1-7sGCqO.jpeg\",\"datePublished\":\"2024-06-23T16:06:37+00:00\",\"breadcrumb\":{\"@id\":\"https:\/\/deputadotaveirajr.com.br\/index.php\/corpo-de-medica-brasileira-morta-em-acidente-na-africa-passa-por-pericia-e-nao-tem-prazo-para-traslado\/#breadcrumb\"},\"inLanguage\":\"pt-BR\",\"potentialAction\":[{\"@type\":\"ReadAction\",\"target\":[\"https:\/\/deputadotaveirajr.com.br\/index.php\/corpo-de-medica-brasileira-morta-em-acidente-na-africa-passa-por-pericia-e-nao-tem-prazo-para-traslado\/\"]}]},{\"@type\":\"ImageObject\",\"inLanguage\":\"pt-BR\",\"@id\":\"https:\/\/deputadotaveirajr.com.br\/index.php\/corpo-de-medica-brasileira-morta-em-acidente-na-africa-passa-por-pericia-e-nao-tem-prazo-para-traslado\/#primaryimage\",\"url\":\"https:\/\/deputadotaveirajr.com.br\/wp-content\/uploads\/2024\/06\/medica1-7sGCqO.jpeg\",\"contentUrl\":\"https:\/\/deputadotaveirajr.com.br\/wp-content\/uploads\/2024\/06\/medica1-7sGCqO.jpeg\",\"width\":1080,\"height\":978},{\"@type\":\"BreadcrumbList\",\"@id\":\"https:\/\/deputadotaveirajr.com.br\/index.php\/corpo-de-medica-brasileira-morta-em-acidente-na-africa-passa-por-pericia-e-nao-tem-prazo-para-traslado\/#breadcrumb\",\"itemListElement\":[{\"@type\":\"ListItem\",\"position\":1,\"name\":\"In\u00edcio\",\"item\":\"https:\/\/deputadotaveirajr.com.br\/\"},{\"@type\":\"ListItem\",\"position\":2,\"name\":\"Corpo de m\u00e9dica brasileira morta em acidente na \u00c1frica passa por per\u00edcia e n\u00e3o tem prazo para traslado\"}]},{\"@type\":\"WebSite\",\"@id\":\"https:\/\/deputadotaveirajr.com.br\/#website\",\"url\":\"https:\/\/deputadotaveirajr.com.br\/\",\"name\":\"Taveira Jr\",\"description\":\"Deputado Estadual\",\"publisher\":{\"@id\":\"https:\/\/deputadotaveirajr.com.br\/#organization\"},\"potentialAction\":[{\"@type\":\"SearchAction\",\"target\":{\"@type\":\"EntryPoint\",\"urlTemplate\":\"https:\/\/deputadotaveirajr.com.br\/?s={search_term_string}\"},\"query-input\":{\"@type\":\"PropertyValueSpecification\",\"valueRequired\":true,\"valueName\":\"search_term_string\"}}],\"inLanguage\":\"pt-BR\"},{\"@type\":\"Organization\",\"@id\":\"https:\/\/deputadotaveirajr.com.br\/#organization\",\"name\":\"Taveira Jr\",\"url\":\"https:\/\/deputadotaveirajr.com.br\/\",\"logo\":{\"@type\":\"ImageObject\",\"inLanguage\":\"pt-BR\",\"@id\":\"https:\/\/deputadotaveirajr.com.br\/#\/schema\/logo\/image\/\",\"url\":\"https:\/\/deputadotaveirajr.com.br\/wp-content\/uploads\/2026\/01\/logolow2a.png\",\"contentUrl\":\"https:\/\/deputadotaveirajr.com.br\/wp-content\/uploads\/2026\/01\/logolow2a.png\",\"width\":290,\"height\":80,\"caption\":\"Taveira Jr\"},\"image\":{\"@id\":\"https:\/\/deputadotaveirajr.com.br\/#\/schema\/logo\/image\/\"}}]}<\/script>\n<!-- \/ Yoast SEO plugin. -->","yoast_head_json":{"title":"Corpo de m\u00e9dica brasileira morta em acidente na \u00c1frica passa por per\u00edcia e n\u00e3o tem prazo para traslado - Taveira Jr","robots":{"index":"index","follow":"follow","max-snippet":"max-snippet:-1","max-image-preview":"max-image-preview:large","max-video-preview":"max-video-preview:-1"},"canonical":"https:\/\/deputadotaveirajr.com.br\/index.php\/corpo-de-medica-brasileira-morta-em-acidente-na-africa-passa-por-pericia-e-nao-tem-prazo-para-traslado\/","og_locale":"pt_BR","og_type":"article","og_title":"Corpo de m\u00e9dica brasileira morta em acidente na \u00c1frica passa por per\u00edcia e n\u00e3o tem prazo para traslado - Taveira Jr","og_description":"Natale Gontijo morreu ap\u00f3s acidente de carro com o marido na Nam\u00edbia. Ao todo, colis\u00e3o causou 9 mortes. M\u00e9dica Natale Gontijo morreu em acidente na \u00c1frica Redes sociais O corpo ...","og_url":"https:\/\/deputadotaveirajr.com.br\/index.php\/corpo-de-medica-brasileira-morta-em-acidente-na-africa-passa-por-pericia-e-nao-tem-prazo-para-traslado\/","og_site_name":"Taveira Jr","og_image":[{"width":1080,"height":978,"url":"https:\/\/deputadotaveirajr.com.br\/wp-content\/uploads\/2024\/06\/medica1-7sGCqO.jpeg","type":"image\/jpeg"}],"twitter_card":"summary_large_image","twitter_misc":{"Est. tempo de leitura":"3 minutos"},"schema":{"@context":"https:\/\/schema.org","@graph":[{"@type":"WebPage","@id":"https:\/\/deputadotaveirajr.com.br\/index.php\/corpo-de-medica-brasileira-morta-em-acidente-na-africa-passa-por-pericia-e-nao-tem-prazo-para-traslado\/","url":"https:\/\/deputadotaveirajr.com.br\/index.php\/corpo-de-medica-brasileira-morta-em-acidente-na-africa-passa-por-pericia-e-nao-tem-prazo-para-traslado\/","name":"Corpo de m\u00e9dica brasileira morta em acidente na \u00c1frica passa por per\u00edcia e n\u00e3o tem prazo para traslado - Taveira Jr","isPartOf":{"@id":"https:\/\/deputadotaveirajr.com.br\/#website"},"primaryImageOfPage":{"@id":"https:\/\/deputadotaveirajr.com.br\/index.php\/corpo-de-medica-brasileira-morta-em-acidente-na-africa-passa-por-pericia-e-nao-tem-prazo-para-traslado\/#primaryimage"},"image":{"@id":"https:\/\/deputadotaveirajr.com.br\/index.php\/corpo-de-medica-brasileira-morta-em-acidente-na-africa-passa-por-pericia-e-nao-tem-prazo-para-traslado\/#primaryimage"},"thumbnailUrl":"https:\/\/deputadotaveirajr.com.br\/wp-content\/uploads\/2024\/06\/medica1-7sGCqO.jpeg","datePublished":"2024-06-23T16:06:37+00:00","breadcrumb":{"@id":"https:\/\/deputadotaveirajr.com.br\/index.php\/corpo-de-medica-brasileira-morta-em-acidente-na-africa-passa-por-pericia-e-nao-tem-prazo-para-traslado\/#breadcrumb"},"inLanguage":"pt-BR","potentialAction":[{"@type":"ReadAction","target":["https:\/\/deputadotaveirajr.com.br\/index.php\/corpo-de-medica-brasileira-morta-em-acidente-na-africa-passa-por-pericia-e-nao-tem-prazo-para-traslado\/"]}]},{"@type":"ImageObject","inLanguage":"pt-BR","@id":"https:\/\/deputadotaveirajr.com.br\/index.php\/corpo-de-medica-brasileira-morta-em-acidente-na-africa-passa-por-pericia-e-nao-tem-prazo-para-traslado\/#primaryimage","url":"https:\/\/deputadotaveirajr.com.br\/wp-content\/uploads\/2024\/06\/medica1-7sGCqO.jpeg","contentUrl":"https:\/\/deputadotaveirajr.com.br\/wp-content\/uploads\/2024\/06\/medica1-7sGCqO.jpeg","width":1080,"height":978},{"@type":"BreadcrumbList","@id":"https:\/\/deputadotaveirajr.com.br\/index.php\/corpo-de-medica-brasileira-morta-em-acidente-na-africa-passa-por-pericia-e-nao-tem-prazo-para-traslado\/#breadcrumb","itemListElement":[{"@type":"ListItem","position":1,"name":"In\u00edcio","item":"https:\/\/deputadotaveirajr.com.br\/"},{"@type":"ListItem","position":2,"name":"Corpo de m\u00e9dica brasileira morta em acidente na \u00c1frica passa por per\u00edcia e n\u00e3o tem prazo para traslado"}]},{"@type":"WebSite","@id":"https:\/\/deputadotaveirajr.com.br\/#website","url":"https:\/\/deputadotaveirajr.com.br\/","name":"Taveira Jr","description":"Deputado Estadual","publisher":{"@id":"https:\/\/deputadotaveirajr.com.br\/#organization"},"potentialAction":[{"@type":"SearchAction","target":{"@type":"EntryPoint","urlTemplate":"https:\/\/deputadotaveirajr.com.br\/?s={search_term_string}"},"query-input":{"@type":"PropertyValueSpecification","valueRequired":true,"valueName":"search_term_string"}}],"inLanguage":"pt-BR"},{"@type":"Organization","@id":"https:\/\/deputadotaveirajr.com.br\/#organization","name":"Taveira Jr","url":"https:\/\/deputadotaveirajr.com.br\/","logo":{"@type":"ImageObject","inLanguage":"pt-BR","@id":"https:\/\/deputadotaveirajr.com.br\/#\/schema\/logo\/image\/","url":"https:\/\/deputadotaveirajr.com.br\/wp-content\/uploads\/2026\/01\/logolow2a.png","contentUrl":"https:\/\/deputadotaveirajr.com.br\/wp-content\/uploads\/2026\/01\/logolow2a.png","width":290,"height":80,"caption":"Taveira Jr"},"image":{"@id":"https:\/\/deputadotaveirajr.com.br\/#\/schema\/logo\/image\/"}}]}},"_links":{"self":[{"href":"https:\/\/deputadotaveirajr.com.br\/index.php\/wp-json\/wp\/v2\/pages\/7253","targetHints":{"allow":["GET"]}}],"collection":[{"href":"https:\/\/deputadotaveirajr.com.br\/index.php\/wp-json\/wp\/v2\/pages"}],"about":[{"href":"https:\/\/deputadotaveirajr.com.br\/index.php\/wp-json\/wp\/v2\/types\/page"}],"replies":[{"embeddable":true,"href":"https:\/\/deputadotaveirajr.com.br\/index.php\/wp-json\/wp\/v2\/comments?post=7253"}],"version-history":[{"count":1,"href":"https:\/\/deputadotaveirajr.com.br\/index.php\/wp-json\/wp\/v2\/pages\/7253\/revisions"}],"predecessor-version":[{"id":7260,"href":"https:\/\/deputadotaveirajr.com.br\/index.php\/wp-json\/wp\/v2\/pages\/7253\/revisions\/7260"}],"wp:featuredmedia":[{"embeddable":true,"href":"https:\/\/deputadotaveirajr.com.br\/index.php\/wp-json\/wp\/v2\/media\/7254"}],"wp:attachment":[{"href":"https:\/\/deputadotaveirajr.com.br\/index.php\/wp-json\/wp\/v2\/media?parent=7253"}],"curies":[{"name":"wp","href":"https:\/\/api.w.org\/{rel}","templated":true}]}}