{"id":7301,"date":"2024-06-25T11:01:22","date_gmt":"2024-06-25T14:01:22","guid":{"rendered":"https:\/\/deputadotaveirajr.com.br\/?page_id=7301"},"modified":"2024-06-25T11:01:22","modified_gmt":"2024-06-25T14:01:22","slug":"rio-grande-do-norte-tem-vagas-remanescentes-no-programa-mais-medicos","status":"publish","type":"page","link":"https:\/\/deputadotaveirajr.com.br\/index.php\/rio-grande-do-norte-tem-vagas-remanescentes-no-programa-mais-medicos\/","title":{"rendered":"Rio Grande do Norte tem vagas remanescentes no Programa Mais M\u00e9dicos"},"content":{"rendered":"<p>     S\u00e3o 13 vagas distribu\u00eddas entre 10 munic\u00edpios. Gestores municipais t\u00eam at\u00e9 o dia 26 de junho para confirmarem interesse nas vagas. Mais M\u00e9dicos Para o Brasil<br \/>\nAndr\u00e9 \u00c1vila \/ Ag\u00eancia RBS<br \/>\nO Rio Grande do Norte tem 13 vagas remanescentes do Programa Mais M\u00e9dicos. Os gestores municipais t\u00eam at\u00e9 o dia 26 de junho para confirmarem interesse nas vagas.<br \/>\nDe acordo com o Minist\u00e9rio da Sa\u00fade, as vagas no RN s\u00e3o para os seguintes munic\u00edpios:<br \/>\nBarcelona: 1 vaga<br \/>\nCanguaretama: 1 vaga<br \/>\nCear\u00e1-Mirim: 1 vaga<br \/>\nCurrais Novos: 1 vaga<br \/>\nExtremoz: 1 vaga<br \/>\nMaca\u00edba: 1 vaga<br \/>\nMossor\u00f3: 1 vaga<br \/>\nNatal: 4 vagas<br \/>\nN\u00edsia Floresta: 1 vaga<br \/>\nSanta Cruz: 1 vaga<br \/>\n\ud83d\udcf3Participe do canal do g1 RN no WhatsApp<br \/>\n\u00c1reas de vulnerabilidade<br \/>\nCanguaretama \u00e9 considerada pelo Minist\u00e9rio da Sa\u00fade como uma \u00e1rea de muito alta vulnerabilidade. Barcelona, Cear\u00e1-Mirim, Extremoz, Maca\u00edba e N\u00edsia Floresta est\u00e3o classificadas como \u00e1reas de alta vulnerabilidade. Santa Cruz \u00e9 considerada m\u00e9dia vulnerabilidade e Currais Novos, Mossor\u00f3 e Natal s\u00e3o de baixa vulnerabilidade.<br \/>\nAinda de acordo com o Minist\u00e9rio da Sa\u00fade, os profissionais agora contam com oportunidades de especializa\u00e7\u00e3o e mestrado, benef\u00edcios proporcionais ao valor mensal da bolsa para atuarem nas periferias e regi\u00f5es mais remotas e direito a compensa\u00e7\u00e3o do valor pago pelo INSS para alcan\u00e7ar o valor da bolsa durante os seis meses de licen\u00e7a-maternidade, no caso das m\u00e9dicas que se tornarem m\u00e3es. Os m\u00e9dicos que se tornarem pais, ter\u00e3o direito a licen\u00e7a de 20 dias.<br \/>\nPara atrair os profissionais brasileiros, os Minist\u00e9rios da Sa\u00fade e da Educa\u00e7\u00e3o firmaram parceria para incentivar a inscri\u00e7\u00e3o dos m\u00e9dicos formados pelo Financiamento ao Estudante do Ensino Superior que ter\u00e3o ajuda para quitar o Fies.<br \/>\nPara aderir, os gestores municipais devem realizar inscri\u00e7\u00e3o na p\u00e1gina e-Gestor.<br \/>\nV\u00cdDEOS: Mais vistos do RN nos \u00faltimos 7 dias<\/p>","protected":false},"excerpt":{"rendered":"<p>S\u00e3o 13 vagas distribu\u00eddas entre 10 munic\u00edpios. Gestores municipais t\u00eam at\u00e9 o dia 26 de junho para confirmarem interesse nas vagas. Mais M\u00e9dicos Para o Brasil Andr\u00e9 \u00c1vila \/ Ag\u00eancia &#8230;<\/p>\n","protected":false},"author":0,"featured_media":7302,"parent":0,"menu_order":0,"comment_status":"closed","ping_status":"closed","template":"","meta":{"footnotes":""},"class_list":["post-7301","page","type-page","status-publish","has-post-thumbnail","hentry"],"yoast_head":"<!-- This site is optimized with the Yoast SEO plugin v27.1.1 - https:\/\/yoast.com\/product\/yoast-seo-wordpress\/ -->\n<title>Rio Grande do Norte tem vagas remanescentes no Programa Mais M\u00e9dicos - Taveira Jr<\/title>\n<meta name=\"robots\" content=\"index, follow, max-snippet:-1, max-image-preview:large, max-video-preview:-1\" \/>\n<link rel=\"canonical\" href=\"https:\/\/deputadotaveirajr.com.br\/index.php\/rio-grande-do-norte-tem-vagas-remanescentes-no-programa-mais-medicos\/\" \/>\n<meta property=\"og:locale\" content=\"pt_BR\" \/>\n<meta property=\"og:type\" content=\"article\" \/>\n<meta property=\"og:title\" content=\"Rio Grande do Norte tem vagas remanescentes no Programa Mais M\u00e9dicos - Taveira Jr\" \/>\n<meta property=\"og:description\" content=\"S\u00e3o 13 vagas distribu\u00eddas entre 10 munic\u00edpios. Gestores municipais t\u00eam at\u00e9 o dia 26 de junho para confirmarem interesse nas vagas. Mais M\u00e9dicos Para o Brasil Andr\u00e9 \u00c1vila \/ Ag\u00eancia ...\" \/>\n<meta property=\"og:url\" content=\"https:\/\/deputadotaveirajr.com.br\/index.php\/rio-grande-do-norte-tem-vagas-remanescentes-no-programa-mais-medicos\/\" \/>\n<meta property=\"og:site_name\" content=\"Taveira Jr\" \/>\n<meta property=\"og:image\" content=\"https:\/\/deputadotaveirajr.com.br\/wp-content\/uploads\/2024\/06\/24317910-ccQRVB.jpeg\" \/>\n\t<meta property=\"og:image:width\" content=\"1700\" \/>\n\t<meta property=\"og:image:height\" content=\"1065\" \/>\n\t<meta property=\"og:image:type\" content=\"image\/jpeg\" \/>\n<meta name=\"twitter:card\" content=\"summary_large_image\" \/>\n<meta name=\"twitter:label1\" content=\"Est. tempo de leitura\" \/>\n\t<meta name=\"twitter:data1\" content=\"2 minutos\" \/>\n<script type=\"application\/ld+json\" class=\"yoast-schema-graph\">{\"@context\":\"https:\/\/schema.org\",\"@graph\":[{\"@type\":\"WebPage\",\"@id\":\"https:\/\/deputadotaveirajr.com.br\/index.php\/rio-grande-do-norte-tem-vagas-remanescentes-no-programa-mais-medicos\/\",\"url\":\"https:\/\/deputadotaveirajr.com.br\/index.php\/rio-grande-do-norte-tem-vagas-remanescentes-no-programa-mais-medicos\/\",\"name\":\"Rio Grande do Norte tem vagas remanescentes no Programa Mais M\u00e9dicos - Taveira Jr\",\"isPartOf\":{\"@id\":\"https:\/\/deputadotaveirajr.com.br\/#website\"},\"primaryImageOfPage\":{\"@id\":\"https:\/\/deputadotaveirajr.com.br\/index.php\/rio-grande-do-norte-tem-vagas-remanescentes-no-programa-mais-medicos\/#primaryimage\"},\"image\":{\"@id\":\"https:\/\/deputadotaveirajr.com.br\/index.php\/rio-grande-do-norte-tem-vagas-remanescentes-no-programa-mais-medicos\/#primaryimage\"},\"thumbnailUrl\":\"https:\/\/deputadotaveirajr.com.br\/wp-content\/uploads\/2024\/06\/24317910-ccQRVB.jpeg\",\"datePublished\":\"2024-06-25T14:01:22+00:00\",\"breadcrumb\":{\"@id\":\"https:\/\/deputadotaveirajr.com.br\/index.php\/rio-grande-do-norte-tem-vagas-remanescentes-no-programa-mais-medicos\/#breadcrumb\"},\"inLanguage\":\"pt-BR\",\"potentialAction\":[{\"@type\":\"ReadAction\",\"target\":[\"https:\/\/deputadotaveirajr.com.br\/index.php\/rio-grande-do-norte-tem-vagas-remanescentes-no-programa-mais-medicos\/\"]}]},{\"@type\":\"ImageObject\",\"inLanguage\":\"pt-BR\",\"@id\":\"https:\/\/deputadotaveirajr.com.br\/index.php\/rio-grande-do-norte-tem-vagas-remanescentes-no-programa-mais-medicos\/#primaryimage\",\"url\":\"https:\/\/deputadotaveirajr.com.br\/wp-content\/uploads\/2024\/06\/24317910-ccQRVB.jpeg\",\"contentUrl\":\"https:\/\/deputadotaveirajr.com.br\/wp-content\/uploads\/2024\/06\/24317910-ccQRVB.jpeg\",\"width\":1700,\"height\":1065},{\"@type\":\"BreadcrumbList\",\"@id\":\"https:\/\/deputadotaveirajr.com.br\/index.php\/rio-grande-do-norte-tem-vagas-remanescentes-no-programa-mais-medicos\/#breadcrumb\",\"itemListElement\":[{\"@type\":\"ListItem\",\"position\":1,\"name\":\"In\u00edcio\",\"item\":\"https:\/\/deputadotaveirajr.com.br\/\"},{\"@type\":\"ListItem\",\"position\":2,\"name\":\"Rio Grande do Norte tem vagas remanescentes no Programa Mais M\u00e9dicos\"}]},{\"@type\":\"WebSite\",\"@id\":\"https:\/\/deputadotaveirajr.com.br\/#website\",\"url\":\"https:\/\/deputadotaveirajr.com.br\/\",\"name\":\"Taveira Jr\",\"description\":\"Deputado Estadual\",\"publisher\":{\"@id\":\"https:\/\/deputadotaveirajr.com.br\/#organization\"},\"potentialAction\":[{\"@type\":\"SearchAction\",\"target\":{\"@type\":\"EntryPoint\",\"urlTemplate\":\"https:\/\/deputadotaveirajr.com.br\/?s={search_term_string}\"},\"query-input\":{\"@type\":\"PropertyValueSpecification\",\"valueRequired\":true,\"valueName\":\"search_term_string\"}}],\"inLanguage\":\"pt-BR\"},{\"@type\":\"Organization\",\"@id\":\"https:\/\/deputadotaveirajr.com.br\/#organization\",\"name\":\"Taveira Jr\",\"url\":\"https:\/\/deputadotaveirajr.com.br\/\",\"logo\":{\"@type\":\"ImageObject\",\"inLanguage\":\"pt-BR\",\"@id\":\"https:\/\/deputadotaveirajr.com.br\/#\/schema\/logo\/image\/\",\"url\":\"https:\/\/deputadotaveirajr.com.br\/wp-content\/uploads\/2026\/01\/logolow2a.png\",\"contentUrl\":\"https:\/\/deputadotaveirajr.com.br\/wp-content\/uploads\/2026\/01\/logolow2a.png\",\"width\":290,\"height\":80,\"caption\":\"Taveira Jr\"},\"image\":{\"@id\":\"https:\/\/deputadotaveirajr.com.br\/#\/schema\/logo\/image\/\"}}]}<\/script>\n<!-- \/ Yoast SEO plugin. -->","yoast_head_json":{"title":"Rio Grande do Norte tem vagas remanescentes no Programa Mais M\u00e9dicos - Taveira Jr","robots":{"index":"index","follow":"follow","max-snippet":"max-snippet:-1","max-image-preview":"max-image-preview:large","max-video-preview":"max-video-preview:-1"},"canonical":"https:\/\/deputadotaveirajr.com.br\/index.php\/rio-grande-do-norte-tem-vagas-remanescentes-no-programa-mais-medicos\/","og_locale":"pt_BR","og_type":"article","og_title":"Rio Grande do Norte tem vagas remanescentes no Programa Mais M\u00e9dicos - Taveira Jr","og_description":"S\u00e3o 13 vagas distribu\u00eddas entre 10 munic\u00edpios. Gestores municipais t\u00eam at\u00e9 o dia 26 de junho para confirmarem interesse nas vagas. Mais M\u00e9dicos Para o Brasil Andr\u00e9 \u00c1vila \/ Ag\u00eancia ...","og_url":"https:\/\/deputadotaveirajr.com.br\/index.php\/rio-grande-do-norte-tem-vagas-remanescentes-no-programa-mais-medicos\/","og_site_name":"Taveira Jr","og_image":[{"width":1700,"height":1065,"url":"https:\/\/deputadotaveirajr.com.br\/wp-content\/uploads\/2024\/06\/24317910-ccQRVB.jpeg","type":"image\/jpeg"}],"twitter_card":"summary_large_image","twitter_misc":{"Est. tempo de leitura":"2 minutos"},"schema":{"@context":"https:\/\/schema.org","@graph":[{"@type":"WebPage","@id":"https:\/\/deputadotaveirajr.com.br\/index.php\/rio-grande-do-norte-tem-vagas-remanescentes-no-programa-mais-medicos\/","url":"https:\/\/deputadotaveirajr.com.br\/index.php\/rio-grande-do-norte-tem-vagas-remanescentes-no-programa-mais-medicos\/","name":"Rio Grande do Norte tem vagas remanescentes no Programa Mais M\u00e9dicos - Taveira Jr","isPartOf":{"@id":"https:\/\/deputadotaveirajr.com.br\/#website"},"primaryImageOfPage":{"@id":"https:\/\/deputadotaveirajr.com.br\/index.php\/rio-grande-do-norte-tem-vagas-remanescentes-no-programa-mais-medicos\/#primaryimage"},"image":{"@id":"https:\/\/deputadotaveirajr.com.br\/index.php\/rio-grande-do-norte-tem-vagas-remanescentes-no-programa-mais-medicos\/#primaryimage"},"thumbnailUrl":"https:\/\/deputadotaveirajr.com.br\/wp-content\/uploads\/2024\/06\/24317910-ccQRVB.jpeg","datePublished":"2024-06-25T14:01:22+00:00","breadcrumb":{"@id":"https:\/\/deputadotaveirajr.com.br\/index.php\/rio-grande-do-norte-tem-vagas-remanescentes-no-programa-mais-medicos\/#breadcrumb"},"inLanguage":"pt-BR","potentialAction":[{"@type":"ReadAction","target":["https:\/\/deputadotaveirajr.com.br\/index.php\/rio-grande-do-norte-tem-vagas-remanescentes-no-programa-mais-medicos\/"]}]},{"@type":"ImageObject","inLanguage":"pt-BR","@id":"https:\/\/deputadotaveirajr.com.br\/index.php\/rio-grande-do-norte-tem-vagas-remanescentes-no-programa-mais-medicos\/#primaryimage","url":"https:\/\/deputadotaveirajr.com.br\/wp-content\/uploads\/2024\/06\/24317910-ccQRVB.jpeg","contentUrl":"https:\/\/deputadotaveirajr.com.br\/wp-content\/uploads\/2024\/06\/24317910-ccQRVB.jpeg","width":1700,"height":1065},{"@type":"BreadcrumbList","@id":"https:\/\/deputadotaveirajr.com.br\/index.php\/rio-grande-do-norte-tem-vagas-remanescentes-no-programa-mais-medicos\/#breadcrumb","itemListElement":[{"@type":"ListItem","position":1,"name":"In\u00edcio","item":"https:\/\/deputadotaveirajr.com.br\/"},{"@type":"ListItem","position":2,"name":"Rio Grande do Norte tem vagas remanescentes no Programa Mais M\u00e9dicos"}]},{"@type":"WebSite","@id":"https:\/\/deputadotaveirajr.com.br\/#website","url":"https:\/\/deputadotaveirajr.com.br\/","name":"Taveira Jr","description":"Deputado Estadual","publisher":{"@id":"https:\/\/deputadotaveirajr.com.br\/#organization"},"potentialAction":[{"@type":"SearchAction","target":{"@type":"EntryPoint","urlTemplate":"https:\/\/deputadotaveirajr.com.br\/?s={search_term_string}"},"query-input":{"@type":"PropertyValueSpecification","valueRequired":true,"valueName":"search_term_string"}}],"inLanguage":"pt-BR"},{"@type":"Organization","@id":"https:\/\/deputadotaveirajr.com.br\/#organization","name":"Taveira Jr","url":"https:\/\/deputadotaveirajr.com.br\/","logo":{"@type":"ImageObject","inLanguage":"pt-BR","@id":"https:\/\/deputadotaveirajr.com.br\/#\/schema\/logo\/image\/","url":"https:\/\/deputadotaveirajr.com.br\/wp-content\/uploads\/2026\/01\/logolow2a.png","contentUrl":"https:\/\/deputadotaveirajr.com.br\/wp-content\/uploads\/2026\/01\/logolow2a.png","width":290,"height":80,"caption":"Taveira Jr"},"image":{"@id":"https:\/\/deputadotaveirajr.com.br\/#\/schema\/logo\/image\/"}}]}},"_links":{"self":[{"href":"https:\/\/deputadotaveirajr.com.br\/index.php\/wp-json\/wp\/v2\/pages\/7301","targetHints":{"allow":["GET"]}}],"collection":[{"href":"https:\/\/deputadotaveirajr.com.br\/index.php\/wp-json\/wp\/v2\/pages"}],"about":[{"href":"https:\/\/deputadotaveirajr.com.br\/index.php\/wp-json\/wp\/v2\/types\/page"}],"replies":[{"embeddable":true,"href":"https:\/\/deputadotaveirajr.com.br\/index.php\/wp-json\/wp\/v2\/comments?post=7301"}],"version-history":[{"count":1,"href":"https:\/\/deputadotaveirajr.com.br\/index.php\/wp-json\/wp\/v2\/pages\/7301\/revisions"}],"predecessor-version":[{"id":7303,"href":"https:\/\/deputadotaveirajr.com.br\/index.php\/wp-json\/wp\/v2\/pages\/7301\/revisions\/7303"}],"wp:featuredmedia":[{"embeddable":true,"href":"https:\/\/deputadotaveirajr.com.br\/index.php\/wp-json\/wp\/v2\/media\/7302"}],"wp:attachment":[{"href":"https:\/\/deputadotaveirajr.com.br\/index.php\/wp-json\/wp\/v2\/media?parent=7301"}],"curies":[{"name":"wp","href":"https:\/\/api.w.org\/{rel}","templated":true}]}}