{"id":7364,"date":"2024-06-27T22:46:21","date_gmt":"2024-06-28T01:46:21","guid":{"rendered":"https:\/\/deputadotaveirajr.com.br\/?page_id=7364"},"modified":"2024-06-27T22:46:21","modified_gmt":"2024-06-28T01:46:21","slug":"justica-determina-que-governo-do-rn-garanta-funcionamento-de-uti-pediatrica-do-hospital-maria-alice-fernandes","status":"publish","type":"page","link":"https:\/\/deputadotaveirajr.com.br\/index.php\/justica-determina-que-governo-do-rn-garanta-funcionamento-de-uti-pediatrica-do-hospital-maria-alice-fernandes\/","title":{"rendered":"Justi\u00e7a determina que governo do RN garanta funcionamento de UTI pedi\u00e1trica do Hospital Maria Alice Fernandes"},"content":{"rendered":"<p>     Sesap disse que cooperativa contratada sinalizou \u00e0 dire\u00e7\u00e3o do hospital que vai conseguir preencher a escala do m\u00eas de julho. A\u00e7\u00e3o judicial citava d\u00e9ficit de profissionais. Hospital Pedi\u00e1trico Maria Alice Fernandes, em Natal Rio Grande do Norte RN Infantil<br \/>\nKleber Teixeira\/Inter TV Cabugi<br \/>\nA ju\u00edza federal Gisele Maria da Silva Ara\u00fajo Leite, da 4\u00aa Vara Federal, determinou que o governo do Rio Grande do Norte adote medidas para garantir o funcionamento das UTIs pedi\u00e1tricas no Hospital Infantil Maria Alice Fernandes, em Natal.<br \/>\nA decis\u00e3o foi motivada por uma den\u00fancia da coordena\u00e7\u00e3o da UTI, que comunicou sobre a possibilidade de fechamento de leitos por falta de m\u00e9dicos para os plant\u00f5es a partir do dia 29 de junho.<br \/>\nA den\u00fancia gerou uma a\u00e7\u00e3o conjunta do Minist\u00e9rio P\u00fablico do Estado, do Conselho Regional de Medicina (Cremern) e do Minist\u00e9rio P\u00fablico Federal.<br \/>\n\ud83d\udcf3Participe do canal do g1 RN no WhatsApp<br \/>\nA ju\u00edza, portanto, determinou tamb\u00e9m que o governo do RN garantisse &#8220;o devido preenchimento da escala de plant\u00e3o m\u00e9dico&#8221; nos dias: 29 de junho e 6, 7,11, 13, 20, 21,25 e 27 de julho.<br \/>\nA decis\u00e3o liminar foi tomada no dia 21 de junho, mas se tornou de conhecimento p\u00fablico nesta quinta-feira (27).<br \/>\nEm nota, a Secretaria de Estado da Sa\u00fade do RN (Sesap) informou que a cooperativa contratada j\u00e1 sinalizou \u00e0 dire\u00e7\u00e3o do hospital que vai conseguir fazer o preenchimento da escala para o m\u00eas de julho.<br \/>\nA\u00e7\u00e3o citava d\u00e9ficit de profissionais<br \/>\nNo comunicado, a Coordena\u00e7\u00e3o da UTI do Maria Alice apontou que os profissionais enfrentavam uma jornada de trabalho de &#8220;sobrecarga excessiva devido ao d\u00e9ficit de profissionais&#8221;.<br \/>\nA coordena\u00e7\u00e3o tamb\u00e9m relatou que a Secretaria de Sa\u00fade j\u00e1 havia se reunido com a Cooperativa com o fim de resolver a insufici\u00eancia de pediatras da unidade, mas sem \u00eaxito.<br \/>\nO Rio Grande do Norte conta atualmente com 43 leitos de terapia intensiva para crian\u00e7as e 126 para rec\u00e9m-nascidos.<br \/>\nLEIA TAMB\u00c9M<br \/>\nHospital usa embalagem de bolo como m\u00e1scara de oxig\u00eanio em beb\u00ea de 3 meses que esperava UTI no RN<br \/>\nA\u00e7\u00e3o cobra abertura de mais leitos infantis h\u00e1 12 anos<br \/>\nUma a\u00e7\u00e3o judicial aberta pelo Conselho Regional de Medicina (Cremern) h\u00e1 12 anos cobra a abertura de mais leitos de UTI neonatal e pedi\u00e1tricos na rede p\u00fablica do Rio Grande do Norte, de acordo com o crescimento da popula\u00e7\u00e3o.<br \/>\nSegundo a entidade, a oferta do servi\u00e7o no estado segue abaixo da demanda.<br \/>\nV\u00eddeos mais assisitidos do g1 RN<\/p>","protected":false},"excerpt":{"rendered":"<p>Sesap disse que cooperativa contratada sinalizou \u00e0 dire\u00e7\u00e3o do hospital que vai conseguir preencher a escala do m\u00eas de julho. A\u00e7\u00e3o judicial citava d\u00e9ficit de profissionais. Hospital Pedi\u00e1trico Maria Alice &#8230;<\/p>\n","protected":false},"author":0,"featured_media":7365,"parent":0,"menu_order":0,"comment_status":"closed","ping_status":"closed","template":"","meta":{"footnotes":""},"class_list":["post-7364","page","type-page","status-publish","has-post-thumbnail","hentry"],"yoast_head":"<!-- This site is optimized with the Yoast SEO plugin v27.1.1 - https:\/\/yoast.com\/product\/yoast-seo-wordpress\/ -->\n<title>Justi\u00e7a determina que governo do RN garanta funcionamento de UTI pedi\u00e1trica do Hospital Maria Alice Fernandes - Taveira Jr<\/title>\n<meta name=\"robots\" content=\"index, follow, max-snippet:-1, max-image-preview:large, max-video-preview:-1\" \/>\n<link rel=\"canonical\" href=\"https:\/\/deputadotaveirajr.com.br\/index.php\/justica-determina-que-governo-do-rn-garanta-funcionamento-de-uti-pediatrica-do-hospital-maria-alice-fernandes\/\" \/>\n<meta property=\"og:locale\" content=\"pt_BR\" \/>\n<meta property=\"og:type\" content=\"article\" \/>\n<meta property=\"og:title\" content=\"Justi\u00e7a determina que governo do RN garanta funcionamento de UTI pedi\u00e1trica do Hospital Maria Alice Fernandes - Taveira Jr\" \/>\n<meta property=\"og:description\" content=\"Sesap disse que cooperativa contratada sinalizou \u00e0 dire\u00e7\u00e3o do hospital que vai conseguir preencher a escala do m\u00eas de julho. A\u00e7\u00e3o judicial citava d\u00e9ficit de profissionais. Hospital Pedi\u00e1trico Maria Alice ...\" \/>\n<meta property=\"og:url\" content=\"https:\/\/deputadotaveirajr.com.br\/index.php\/justica-determina-que-governo-do-rn-garanta-funcionamento-de-uti-pediatrica-do-hospital-maria-alice-fernandes\/\" \/>\n<meta property=\"og:site_name\" content=\"Taveira Jr\" \/>\n<meta property=\"og:image\" content=\"https:\/\/deputadotaveirajr.com.br\/wp-content\/uploads\/2024\/06\/whatsapp-image-2024-06-18-at-19.47.56-OCF8BN.jpeg\" \/>\n\t<meta property=\"og:image:width\" content=\"1600\" \/>\n\t<meta property=\"og:image:height\" content=\"900\" \/>\n\t<meta property=\"og:image:type\" content=\"image\/jpeg\" \/>\n<meta name=\"twitter:card\" content=\"summary_large_image\" \/>\n<meta name=\"twitter:label1\" content=\"Est. tempo de leitura\" \/>\n\t<meta name=\"twitter:data1\" content=\"2 minutos\" \/>\n<script type=\"application\/ld+json\" class=\"yoast-schema-graph\">{\"@context\":\"https:\/\/schema.org\",\"@graph\":[{\"@type\":\"WebPage\",\"@id\":\"https:\/\/deputadotaveirajr.com.br\/index.php\/justica-determina-que-governo-do-rn-garanta-funcionamento-de-uti-pediatrica-do-hospital-maria-alice-fernandes\/\",\"url\":\"https:\/\/deputadotaveirajr.com.br\/index.php\/justica-determina-que-governo-do-rn-garanta-funcionamento-de-uti-pediatrica-do-hospital-maria-alice-fernandes\/\",\"name\":\"Justi\u00e7a determina que governo do RN garanta funcionamento de UTI pedi\u00e1trica do Hospital Maria Alice Fernandes - Taveira Jr\",\"isPartOf\":{\"@id\":\"https:\/\/deputadotaveirajr.com.br\/#website\"},\"primaryImageOfPage\":{\"@id\":\"https:\/\/deputadotaveirajr.com.br\/index.php\/justica-determina-que-governo-do-rn-garanta-funcionamento-de-uti-pediatrica-do-hospital-maria-alice-fernandes\/#primaryimage\"},\"image\":{\"@id\":\"https:\/\/deputadotaveirajr.com.br\/index.php\/justica-determina-que-governo-do-rn-garanta-funcionamento-de-uti-pediatrica-do-hospital-maria-alice-fernandes\/#primaryimage\"},\"thumbnailUrl\":\"https:\/\/deputadotaveirajr.com.br\/wp-content\/uploads\/2024\/06\/whatsapp-image-2024-06-18-at-19.47.56-OCF8BN.jpeg\",\"datePublished\":\"2024-06-28T01:46:21+00:00\",\"breadcrumb\":{\"@id\":\"https:\/\/deputadotaveirajr.com.br\/index.php\/justica-determina-que-governo-do-rn-garanta-funcionamento-de-uti-pediatrica-do-hospital-maria-alice-fernandes\/#breadcrumb\"},\"inLanguage\":\"pt-BR\",\"potentialAction\":[{\"@type\":\"ReadAction\",\"target\":[\"https:\/\/deputadotaveirajr.com.br\/index.php\/justica-determina-que-governo-do-rn-garanta-funcionamento-de-uti-pediatrica-do-hospital-maria-alice-fernandes\/\"]}]},{\"@type\":\"ImageObject\",\"inLanguage\":\"pt-BR\",\"@id\":\"https:\/\/deputadotaveirajr.com.br\/index.php\/justica-determina-que-governo-do-rn-garanta-funcionamento-de-uti-pediatrica-do-hospital-maria-alice-fernandes\/#primaryimage\",\"url\":\"https:\/\/deputadotaveirajr.com.br\/wp-content\/uploads\/2024\/06\/whatsapp-image-2024-06-18-at-19.47.56-OCF8BN.jpeg\",\"contentUrl\":\"https:\/\/deputadotaveirajr.com.br\/wp-content\/uploads\/2024\/06\/whatsapp-image-2024-06-18-at-19.47.56-OCF8BN.jpeg\",\"width\":1600,\"height\":900},{\"@type\":\"BreadcrumbList\",\"@id\":\"https:\/\/deputadotaveirajr.com.br\/index.php\/justica-determina-que-governo-do-rn-garanta-funcionamento-de-uti-pediatrica-do-hospital-maria-alice-fernandes\/#breadcrumb\",\"itemListElement\":[{\"@type\":\"ListItem\",\"position\":1,\"name\":\"In\u00edcio\",\"item\":\"https:\/\/deputadotaveirajr.com.br\/\"},{\"@type\":\"ListItem\",\"position\":2,\"name\":\"Justi\u00e7a determina que governo do RN garanta funcionamento de UTI pedi\u00e1trica do Hospital Maria Alice Fernandes\"}]},{\"@type\":\"WebSite\",\"@id\":\"https:\/\/deputadotaveirajr.com.br\/#website\",\"url\":\"https:\/\/deputadotaveirajr.com.br\/\",\"name\":\"Taveira Jr\",\"description\":\"Deputado Estadual\",\"publisher\":{\"@id\":\"https:\/\/deputadotaveirajr.com.br\/#organization\"},\"potentialAction\":[{\"@type\":\"SearchAction\",\"target\":{\"@type\":\"EntryPoint\",\"urlTemplate\":\"https:\/\/deputadotaveirajr.com.br\/?s={search_term_string}\"},\"query-input\":{\"@type\":\"PropertyValueSpecification\",\"valueRequired\":true,\"valueName\":\"search_term_string\"}}],\"inLanguage\":\"pt-BR\"},{\"@type\":\"Organization\",\"@id\":\"https:\/\/deputadotaveirajr.com.br\/#organization\",\"name\":\"Taveira Jr\",\"url\":\"https:\/\/deputadotaveirajr.com.br\/\",\"logo\":{\"@type\":\"ImageObject\",\"inLanguage\":\"pt-BR\",\"@id\":\"https:\/\/deputadotaveirajr.com.br\/#\/schema\/logo\/image\/\",\"url\":\"https:\/\/deputadotaveirajr.com.br\/wp-content\/uploads\/2026\/01\/logolow2a.png\",\"contentUrl\":\"https:\/\/deputadotaveirajr.com.br\/wp-content\/uploads\/2026\/01\/logolow2a.png\",\"width\":290,\"height\":80,\"caption\":\"Taveira Jr\"},\"image\":{\"@id\":\"https:\/\/deputadotaveirajr.com.br\/#\/schema\/logo\/image\/\"}}]}<\/script>\n<!-- \/ Yoast SEO plugin. -->","yoast_head_json":{"title":"Justi\u00e7a determina que governo do RN garanta funcionamento de UTI pedi\u00e1trica do Hospital Maria Alice Fernandes - Taveira Jr","robots":{"index":"index","follow":"follow","max-snippet":"max-snippet:-1","max-image-preview":"max-image-preview:large","max-video-preview":"max-video-preview:-1"},"canonical":"https:\/\/deputadotaveirajr.com.br\/index.php\/justica-determina-que-governo-do-rn-garanta-funcionamento-de-uti-pediatrica-do-hospital-maria-alice-fernandes\/","og_locale":"pt_BR","og_type":"article","og_title":"Justi\u00e7a determina que governo do RN garanta funcionamento de UTI pedi\u00e1trica do Hospital Maria Alice Fernandes - Taveira Jr","og_description":"Sesap disse que cooperativa contratada sinalizou \u00e0 dire\u00e7\u00e3o do hospital que vai conseguir preencher a escala do m\u00eas de julho. A\u00e7\u00e3o judicial citava d\u00e9ficit de profissionais. Hospital Pedi\u00e1trico Maria Alice ...","og_url":"https:\/\/deputadotaveirajr.com.br\/index.php\/justica-determina-que-governo-do-rn-garanta-funcionamento-de-uti-pediatrica-do-hospital-maria-alice-fernandes\/","og_site_name":"Taveira Jr","og_image":[{"width":1600,"height":900,"url":"https:\/\/deputadotaveirajr.com.br\/wp-content\/uploads\/2024\/06\/whatsapp-image-2024-06-18-at-19.47.56-OCF8BN.jpeg","type":"image\/jpeg"}],"twitter_card":"summary_large_image","twitter_misc":{"Est. tempo de leitura":"2 minutos"},"schema":{"@context":"https:\/\/schema.org","@graph":[{"@type":"WebPage","@id":"https:\/\/deputadotaveirajr.com.br\/index.php\/justica-determina-que-governo-do-rn-garanta-funcionamento-de-uti-pediatrica-do-hospital-maria-alice-fernandes\/","url":"https:\/\/deputadotaveirajr.com.br\/index.php\/justica-determina-que-governo-do-rn-garanta-funcionamento-de-uti-pediatrica-do-hospital-maria-alice-fernandes\/","name":"Justi\u00e7a determina que governo do RN garanta funcionamento de UTI pedi\u00e1trica do Hospital Maria Alice Fernandes - Taveira Jr","isPartOf":{"@id":"https:\/\/deputadotaveirajr.com.br\/#website"},"primaryImageOfPage":{"@id":"https:\/\/deputadotaveirajr.com.br\/index.php\/justica-determina-que-governo-do-rn-garanta-funcionamento-de-uti-pediatrica-do-hospital-maria-alice-fernandes\/#primaryimage"},"image":{"@id":"https:\/\/deputadotaveirajr.com.br\/index.php\/justica-determina-que-governo-do-rn-garanta-funcionamento-de-uti-pediatrica-do-hospital-maria-alice-fernandes\/#primaryimage"},"thumbnailUrl":"https:\/\/deputadotaveirajr.com.br\/wp-content\/uploads\/2024\/06\/whatsapp-image-2024-06-18-at-19.47.56-OCF8BN.jpeg","datePublished":"2024-06-28T01:46:21+00:00","breadcrumb":{"@id":"https:\/\/deputadotaveirajr.com.br\/index.php\/justica-determina-que-governo-do-rn-garanta-funcionamento-de-uti-pediatrica-do-hospital-maria-alice-fernandes\/#breadcrumb"},"inLanguage":"pt-BR","potentialAction":[{"@type":"ReadAction","target":["https:\/\/deputadotaveirajr.com.br\/index.php\/justica-determina-que-governo-do-rn-garanta-funcionamento-de-uti-pediatrica-do-hospital-maria-alice-fernandes\/"]}]},{"@type":"ImageObject","inLanguage":"pt-BR","@id":"https:\/\/deputadotaveirajr.com.br\/index.php\/justica-determina-que-governo-do-rn-garanta-funcionamento-de-uti-pediatrica-do-hospital-maria-alice-fernandes\/#primaryimage","url":"https:\/\/deputadotaveirajr.com.br\/wp-content\/uploads\/2024\/06\/whatsapp-image-2024-06-18-at-19.47.56-OCF8BN.jpeg","contentUrl":"https:\/\/deputadotaveirajr.com.br\/wp-content\/uploads\/2024\/06\/whatsapp-image-2024-06-18-at-19.47.56-OCF8BN.jpeg","width":1600,"height":900},{"@type":"BreadcrumbList","@id":"https:\/\/deputadotaveirajr.com.br\/index.php\/justica-determina-que-governo-do-rn-garanta-funcionamento-de-uti-pediatrica-do-hospital-maria-alice-fernandes\/#breadcrumb","itemListElement":[{"@type":"ListItem","position":1,"name":"In\u00edcio","item":"https:\/\/deputadotaveirajr.com.br\/"},{"@type":"ListItem","position":2,"name":"Justi\u00e7a determina que governo do RN garanta funcionamento de UTI pedi\u00e1trica do Hospital Maria Alice Fernandes"}]},{"@type":"WebSite","@id":"https:\/\/deputadotaveirajr.com.br\/#website","url":"https:\/\/deputadotaveirajr.com.br\/","name":"Taveira Jr","description":"Deputado Estadual","publisher":{"@id":"https:\/\/deputadotaveirajr.com.br\/#organization"},"potentialAction":[{"@type":"SearchAction","target":{"@type":"EntryPoint","urlTemplate":"https:\/\/deputadotaveirajr.com.br\/?s={search_term_string}"},"query-input":{"@type":"PropertyValueSpecification","valueRequired":true,"valueName":"search_term_string"}}],"inLanguage":"pt-BR"},{"@type":"Organization","@id":"https:\/\/deputadotaveirajr.com.br\/#organization","name":"Taveira Jr","url":"https:\/\/deputadotaveirajr.com.br\/","logo":{"@type":"ImageObject","inLanguage":"pt-BR","@id":"https:\/\/deputadotaveirajr.com.br\/#\/schema\/logo\/image\/","url":"https:\/\/deputadotaveirajr.com.br\/wp-content\/uploads\/2026\/01\/logolow2a.png","contentUrl":"https:\/\/deputadotaveirajr.com.br\/wp-content\/uploads\/2026\/01\/logolow2a.png","width":290,"height":80,"caption":"Taveira Jr"},"image":{"@id":"https:\/\/deputadotaveirajr.com.br\/#\/schema\/logo\/image\/"}}]}},"_links":{"self":[{"href":"https:\/\/deputadotaveirajr.com.br\/index.php\/wp-json\/wp\/v2\/pages\/7364","targetHints":{"allow":["GET"]}}],"collection":[{"href":"https:\/\/deputadotaveirajr.com.br\/index.php\/wp-json\/wp\/v2\/pages"}],"about":[{"href":"https:\/\/deputadotaveirajr.com.br\/index.php\/wp-json\/wp\/v2\/types\/page"}],"replies":[{"embeddable":true,"href":"https:\/\/deputadotaveirajr.com.br\/index.php\/wp-json\/wp\/v2\/comments?post=7364"}],"version-history":[{"count":1,"href":"https:\/\/deputadotaveirajr.com.br\/index.php\/wp-json\/wp\/v2\/pages\/7364\/revisions"}],"predecessor-version":[{"id":7367,"href":"https:\/\/deputadotaveirajr.com.br\/index.php\/wp-json\/wp\/v2\/pages\/7364\/revisions\/7367"}],"wp:featuredmedia":[{"embeddable":true,"href":"https:\/\/deputadotaveirajr.com.br\/index.php\/wp-json\/wp\/v2\/media\/7365"}],"wp:attachment":[{"href":"https:\/\/deputadotaveirajr.com.br\/index.php\/wp-json\/wp\/v2\/media?parent=7364"}],"curies":[{"name":"wp","href":"https:\/\/api.w.org\/{rel}","templated":true}]}}