{"id":7408,"date":"2024-07-01T10:09:37","date_gmt":"2024-07-01T13:09:37","guid":{"rendered":"https:\/\/deputadotaveirajr.com.br\/?page_id=7408"},"modified":"2024-07-01T10:09:37","modified_gmt":"2024-07-01T13:09:37","slug":"turbulencia-deixa-pelo-menos-30-feridos-em-voo-entre-espanha-e-uruguai","status":"publish","type":"page","link":"https:\/\/deputadotaveirajr.com.br\/index.php\/turbulencia-deixa-pelo-menos-30-feridos-em-voo-entre-espanha-e-uruguai\/","title":{"rendered":"Turbul\u00eancia deixa pelo menos 30 feridos em voo entre Espanha e Uruguai"},"content":{"rendered":"<p>     Avi\u00e3o da Air Europa precisou fazer pouso de emerg\u00eancia no Aeroporto de Natal na madrugada desta segunda-feira (1\u00ba). Pacientes foram levados para o Hospital Monsenhor Walfredo Gurgel, em Natal<br \/>\nPhilipe Salvador\/Inter TV Cabugi<br \/>\nUma turbul\u00eancia que atingiu um avi\u00e3o da companhia a\u00e9rea Air Europa deixou pelo menos 30 feridos na madrugada desta segunda-feira (1\u00ba). O voo &#8211; que seguia da Espanha para o Uruguai com 325 passageiros &#8211; precisou fazer um pouso de emerg\u00eancia no Aeroporto de Natal.<br \/>\nSegundo a Zurich Airport Brasil, que opera o Aeroporto de Natal, a aeronave solicitou o pouso de emerg\u00eancia \u00e0s 2h32. Inicialmente, a Zurich havia informado que o voo tinha partido da Holanda, mas corrigiu a informa\u00e7\u00e3o minutos depois: o voo partiu da Espanha.<br \/>\n\ud83d\udcf3Participe do canal do g1 RN no WhatsApp<br \/>\nA Air Europa informou em nota que o voo foi desviado para Natal devido &#8220;\u00e0 natureza da turbul\u00eancia e por raz\u00f5es de seguran\u00e7a&#8221;.<br \/>\nO Servi\u00e7o de Atendimento M\u00e9dico de Urg\u00eancia (Samu) Metropolitano confirmou que atendeu pelo menos 30 passageiros, de diversas nacionalidades. Segundo o Samu, mais de 10 deles foram levados para o hospital.<br \/>\nOs pacientes, segundo a equipe m\u00e9dica, bateram a cabe\u00e7a durante a turbul\u00eancia e apresentavam fraturas na cervical, les\u00f5es na face e dores no t\u00f3rax.<br \/>\nDe acordo com a companhia a\u00e9rea, sete passageiros trataram les\u00f5es de graus variados, al\u00e9m de um &#8220;n\u00famero indeterminado de pessoas com pequenas contus\u00f5es&#8221;. Os passageiros feridos foram levados para o Hospital Monsenhor Walfredo Gurgel, em Natal.<br \/>\nO voo saiu de Madri (Espanha) com destino a Montevid\u00e9u (Uruguai) e n\u00e3o tinha qualquer parada inicialmente programada para Natal.<br \/>\nEm nota, a Zurich Airport Brasil informou que o pouso de emerg\u00eancia ocorreu devido a uma turbul\u00eancia, &#8220;necessitando de apoio m\u00e9dico para alguns passageiros, que foram encaminhados a unidade de sa\u00fade mais pr\u00f3xima da regi\u00e3o para realizarem atendimento m\u00e9dico&#8221;.<br \/>\nO modelo do avi\u00e3o que pousou no Aeroporto de Natal era um Boeing 787-9 Dreamline.<br \/>\nAvi\u00e3o da Air Europa no Aeroporto de Natal<br \/>\nVin\u00edcius Marinho\/Inter TV Cabugi<br \/>\nTurbul\u00eancia severa: o que \u00e9, como impacta os passageiros e o que fazer<br \/>\nV\u00eddeos mais assistidos do g1 RN<\/p>","protected":false},"excerpt":{"rendered":"<p>Avi\u00e3o da Air Europa precisou fazer pouso de emerg\u00eancia no Aeroporto de Natal na madrugada desta segunda-feira (1\u00ba). Pacientes foram levados para o Hospital Monsenhor Walfredo Gurgel, em Natal Philipe &#8230;<\/p>\n","protected":false},"author":0,"featured_media":7409,"parent":0,"menu_order":0,"comment_status":"closed","ping_status":"closed","template":"","meta":{"footnotes":""},"class_list":["post-7408","page","type-page","status-publish","has-post-thumbnail","hentry"],"yoast_head":"<!-- This site is optimized with the Yoast SEO plugin v27.1.1 - https:\/\/yoast.com\/product\/yoast-seo-wordpress\/ -->\n<title>Turbul\u00eancia deixa pelo menos 30 feridos em voo entre Espanha e Uruguai - Taveira Jr<\/title>\n<meta name=\"robots\" content=\"index, follow, max-snippet:-1, max-image-preview:large, max-video-preview:-1\" \/>\n<link rel=\"canonical\" href=\"https:\/\/deputadotaveirajr.com.br\/index.php\/turbulencia-deixa-pelo-menos-30-feridos-em-voo-entre-espanha-e-uruguai\/\" \/>\n<meta property=\"og:locale\" content=\"pt_BR\" \/>\n<meta property=\"og:type\" content=\"article\" \/>\n<meta property=\"og:title\" content=\"Turbul\u00eancia deixa pelo menos 30 feridos em voo entre Espanha e Uruguai - Taveira Jr\" \/>\n<meta property=\"og:description\" content=\"Avi\u00e3o da Air Europa precisou fazer pouso de emerg\u00eancia no Aeroporto de Natal na madrugada desta segunda-feira (1\u00ba). Pacientes foram levados para o Hospital Monsenhor Walfredo Gurgel, em Natal Philipe ...\" \/>\n<meta property=\"og:url\" content=\"https:\/\/deputadotaveirajr.com.br\/index.php\/turbulencia-deixa-pelo-menos-30-feridos-em-voo-entre-espanha-e-uruguai\/\" \/>\n<meta property=\"og:site_name\" content=\"Taveira Jr\" \/>\n<meta property=\"og:image\" content=\"https:\/\/deputadotaveirajr.com.br\/wp-content\/uploads\/2024\/07\/whatsapp-image-2024-07-01-at-07.12.50-C3mgul.jpeg\" \/>\n\t<meta property=\"og:image:width\" content=\"1600\" \/>\n\t<meta property=\"og:image:height\" content=\"1200\" \/>\n\t<meta property=\"og:image:type\" content=\"image\/jpeg\" \/>\n<meta name=\"twitter:card\" content=\"summary_large_image\" \/>\n<meta name=\"twitter:label1\" content=\"Est. tempo de leitura\" \/>\n\t<meta name=\"twitter:data1\" content=\"2 minutos\" \/>\n<script type=\"application\/ld+json\" class=\"yoast-schema-graph\">{\"@context\":\"https:\/\/schema.org\",\"@graph\":[{\"@type\":\"WebPage\",\"@id\":\"https:\/\/deputadotaveirajr.com.br\/index.php\/turbulencia-deixa-pelo-menos-30-feridos-em-voo-entre-espanha-e-uruguai\/\",\"url\":\"https:\/\/deputadotaveirajr.com.br\/index.php\/turbulencia-deixa-pelo-menos-30-feridos-em-voo-entre-espanha-e-uruguai\/\",\"name\":\"Turbul\u00eancia deixa pelo menos 30 feridos em voo entre Espanha e Uruguai - Taveira Jr\",\"isPartOf\":{\"@id\":\"https:\/\/deputadotaveirajr.com.br\/#website\"},\"primaryImageOfPage\":{\"@id\":\"https:\/\/deputadotaveirajr.com.br\/index.php\/turbulencia-deixa-pelo-menos-30-feridos-em-voo-entre-espanha-e-uruguai\/#primaryimage\"},\"image\":{\"@id\":\"https:\/\/deputadotaveirajr.com.br\/index.php\/turbulencia-deixa-pelo-menos-30-feridos-em-voo-entre-espanha-e-uruguai\/#primaryimage\"},\"thumbnailUrl\":\"https:\/\/deputadotaveirajr.com.br\/wp-content\/uploads\/2024\/07\/whatsapp-image-2024-07-01-at-07.12.50-C3mgul.jpeg\",\"datePublished\":\"2024-07-01T13:09:37+00:00\",\"breadcrumb\":{\"@id\":\"https:\/\/deputadotaveirajr.com.br\/index.php\/turbulencia-deixa-pelo-menos-30-feridos-em-voo-entre-espanha-e-uruguai\/#breadcrumb\"},\"inLanguage\":\"pt-BR\",\"potentialAction\":[{\"@type\":\"ReadAction\",\"target\":[\"https:\/\/deputadotaveirajr.com.br\/index.php\/turbulencia-deixa-pelo-menos-30-feridos-em-voo-entre-espanha-e-uruguai\/\"]}]},{\"@type\":\"ImageObject\",\"inLanguage\":\"pt-BR\",\"@id\":\"https:\/\/deputadotaveirajr.com.br\/index.php\/turbulencia-deixa-pelo-menos-30-feridos-em-voo-entre-espanha-e-uruguai\/#primaryimage\",\"url\":\"https:\/\/deputadotaveirajr.com.br\/wp-content\/uploads\/2024\/07\/whatsapp-image-2024-07-01-at-07.12.50-C3mgul.jpeg\",\"contentUrl\":\"https:\/\/deputadotaveirajr.com.br\/wp-content\/uploads\/2024\/07\/whatsapp-image-2024-07-01-at-07.12.50-C3mgul.jpeg\",\"width\":1600,\"height\":1200},{\"@type\":\"BreadcrumbList\",\"@id\":\"https:\/\/deputadotaveirajr.com.br\/index.php\/turbulencia-deixa-pelo-menos-30-feridos-em-voo-entre-espanha-e-uruguai\/#breadcrumb\",\"itemListElement\":[{\"@type\":\"ListItem\",\"position\":1,\"name\":\"In\u00edcio\",\"item\":\"https:\/\/deputadotaveirajr.com.br\/\"},{\"@type\":\"ListItem\",\"position\":2,\"name\":\"Turbul\u00eancia deixa pelo menos 30 feridos em voo entre Espanha e Uruguai\"}]},{\"@type\":\"WebSite\",\"@id\":\"https:\/\/deputadotaveirajr.com.br\/#website\",\"url\":\"https:\/\/deputadotaveirajr.com.br\/\",\"name\":\"Taveira Jr\",\"description\":\"Deputado Estadual\",\"publisher\":{\"@id\":\"https:\/\/deputadotaveirajr.com.br\/#organization\"},\"potentialAction\":[{\"@type\":\"SearchAction\",\"target\":{\"@type\":\"EntryPoint\",\"urlTemplate\":\"https:\/\/deputadotaveirajr.com.br\/?s={search_term_string}\"},\"query-input\":{\"@type\":\"PropertyValueSpecification\",\"valueRequired\":true,\"valueName\":\"search_term_string\"}}],\"inLanguage\":\"pt-BR\"},{\"@type\":\"Organization\",\"@id\":\"https:\/\/deputadotaveirajr.com.br\/#organization\",\"name\":\"Taveira Jr\",\"url\":\"https:\/\/deputadotaveirajr.com.br\/\",\"logo\":{\"@type\":\"ImageObject\",\"inLanguage\":\"pt-BR\",\"@id\":\"https:\/\/deputadotaveirajr.com.br\/#\/schema\/logo\/image\/\",\"url\":\"https:\/\/deputadotaveirajr.com.br\/wp-content\/uploads\/2026\/01\/logolow2a.png\",\"contentUrl\":\"https:\/\/deputadotaveirajr.com.br\/wp-content\/uploads\/2026\/01\/logolow2a.png\",\"width\":290,\"height\":80,\"caption\":\"Taveira Jr\"},\"image\":{\"@id\":\"https:\/\/deputadotaveirajr.com.br\/#\/schema\/logo\/image\/\"}}]}<\/script>\n<!-- \/ Yoast SEO plugin. -->","yoast_head_json":{"title":"Turbul\u00eancia deixa pelo menos 30 feridos em voo entre Espanha e Uruguai - Taveira Jr","robots":{"index":"index","follow":"follow","max-snippet":"max-snippet:-1","max-image-preview":"max-image-preview:large","max-video-preview":"max-video-preview:-1"},"canonical":"https:\/\/deputadotaveirajr.com.br\/index.php\/turbulencia-deixa-pelo-menos-30-feridos-em-voo-entre-espanha-e-uruguai\/","og_locale":"pt_BR","og_type":"article","og_title":"Turbul\u00eancia deixa pelo menos 30 feridos em voo entre Espanha e Uruguai - Taveira Jr","og_description":"Avi\u00e3o da Air Europa precisou fazer pouso de emerg\u00eancia no Aeroporto de Natal na madrugada desta segunda-feira (1\u00ba). Pacientes foram levados para o Hospital Monsenhor Walfredo Gurgel, em Natal Philipe ...","og_url":"https:\/\/deputadotaveirajr.com.br\/index.php\/turbulencia-deixa-pelo-menos-30-feridos-em-voo-entre-espanha-e-uruguai\/","og_site_name":"Taveira Jr","og_image":[{"width":1600,"height":1200,"url":"https:\/\/deputadotaveirajr.com.br\/wp-content\/uploads\/2024\/07\/whatsapp-image-2024-07-01-at-07.12.50-C3mgul.jpeg","type":"image\/jpeg"}],"twitter_card":"summary_large_image","twitter_misc":{"Est. tempo de leitura":"2 minutos"},"schema":{"@context":"https:\/\/schema.org","@graph":[{"@type":"WebPage","@id":"https:\/\/deputadotaveirajr.com.br\/index.php\/turbulencia-deixa-pelo-menos-30-feridos-em-voo-entre-espanha-e-uruguai\/","url":"https:\/\/deputadotaveirajr.com.br\/index.php\/turbulencia-deixa-pelo-menos-30-feridos-em-voo-entre-espanha-e-uruguai\/","name":"Turbul\u00eancia deixa pelo menos 30 feridos em voo entre Espanha e Uruguai - Taveira Jr","isPartOf":{"@id":"https:\/\/deputadotaveirajr.com.br\/#website"},"primaryImageOfPage":{"@id":"https:\/\/deputadotaveirajr.com.br\/index.php\/turbulencia-deixa-pelo-menos-30-feridos-em-voo-entre-espanha-e-uruguai\/#primaryimage"},"image":{"@id":"https:\/\/deputadotaveirajr.com.br\/index.php\/turbulencia-deixa-pelo-menos-30-feridos-em-voo-entre-espanha-e-uruguai\/#primaryimage"},"thumbnailUrl":"https:\/\/deputadotaveirajr.com.br\/wp-content\/uploads\/2024\/07\/whatsapp-image-2024-07-01-at-07.12.50-C3mgul.jpeg","datePublished":"2024-07-01T13:09:37+00:00","breadcrumb":{"@id":"https:\/\/deputadotaveirajr.com.br\/index.php\/turbulencia-deixa-pelo-menos-30-feridos-em-voo-entre-espanha-e-uruguai\/#breadcrumb"},"inLanguage":"pt-BR","potentialAction":[{"@type":"ReadAction","target":["https:\/\/deputadotaveirajr.com.br\/index.php\/turbulencia-deixa-pelo-menos-30-feridos-em-voo-entre-espanha-e-uruguai\/"]}]},{"@type":"ImageObject","inLanguage":"pt-BR","@id":"https:\/\/deputadotaveirajr.com.br\/index.php\/turbulencia-deixa-pelo-menos-30-feridos-em-voo-entre-espanha-e-uruguai\/#primaryimage","url":"https:\/\/deputadotaveirajr.com.br\/wp-content\/uploads\/2024\/07\/whatsapp-image-2024-07-01-at-07.12.50-C3mgul.jpeg","contentUrl":"https:\/\/deputadotaveirajr.com.br\/wp-content\/uploads\/2024\/07\/whatsapp-image-2024-07-01-at-07.12.50-C3mgul.jpeg","width":1600,"height":1200},{"@type":"BreadcrumbList","@id":"https:\/\/deputadotaveirajr.com.br\/index.php\/turbulencia-deixa-pelo-menos-30-feridos-em-voo-entre-espanha-e-uruguai\/#breadcrumb","itemListElement":[{"@type":"ListItem","position":1,"name":"In\u00edcio","item":"https:\/\/deputadotaveirajr.com.br\/"},{"@type":"ListItem","position":2,"name":"Turbul\u00eancia deixa pelo menos 30 feridos em voo entre Espanha e Uruguai"}]},{"@type":"WebSite","@id":"https:\/\/deputadotaveirajr.com.br\/#website","url":"https:\/\/deputadotaveirajr.com.br\/","name":"Taveira Jr","description":"Deputado Estadual","publisher":{"@id":"https:\/\/deputadotaveirajr.com.br\/#organization"},"potentialAction":[{"@type":"SearchAction","target":{"@type":"EntryPoint","urlTemplate":"https:\/\/deputadotaveirajr.com.br\/?s={search_term_string}"},"query-input":{"@type":"PropertyValueSpecification","valueRequired":true,"valueName":"search_term_string"}}],"inLanguage":"pt-BR"},{"@type":"Organization","@id":"https:\/\/deputadotaveirajr.com.br\/#organization","name":"Taveira Jr","url":"https:\/\/deputadotaveirajr.com.br\/","logo":{"@type":"ImageObject","inLanguage":"pt-BR","@id":"https:\/\/deputadotaveirajr.com.br\/#\/schema\/logo\/image\/","url":"https:\/\/deputadotaveirajr.com.br\/wp-content\/uploads\/2026\/01\/logolow2a.png","contentUrl":"https:\/\/deputadotaveirajr.com.br\/wp-content\/uploads\/2026\/01\/logolow2a.png","width":290,"height":80,"caption":"Taveira Jr"},"image":{"@id":"https:\/\/deputadotaveirajr.com.br\/#\/schema\/logo\/image\/"}}]}},"_links":{"self":[{"href":"https:\/\/deputadotaveirajr.com.br\/index.php\/wp-json\/wp\/v2\/pages\/7408","targetHints":{"allow":["GET"]}}],"collection":[{"href":"https:\/\/deputadotaveirajr.com.br\/index.php\/wp-json\/wp\/v2\/pages"}],"about":[{"href":"https:\/\/deputadotaveirajr.com.br\/index.php\/wp-json\/wp\/v2\/types\/page"}],"replies":[{"embeddable":true,"href":"https:\/\/deputadotaveirajr.com.br\/index.php\/wp-json\/wp\/v2\/comments?post=7408"}],"version-history":[{"count":1,"href":"https:\/\/deputadotaveirajr.com.br\/index.php\/wp-json\/wp\/v2\/pages\/7408\/revisions"}],"predecessor-version":[{"id":7410,"href":"https:\/\/deputadotaveirajr.com.br\/index.php\/wp-json\/wp\/v2\/pages\/7408\/revisions\/7410"}],"wp:featuredmedia":[{"embeddable":true,"href":"https:\/\/deputadotaveirajr.com.br\/index.php\/wp-json\/wp\/v2\/media\/7409"}],"wp:attachment":[{"href":"https:\/\/deputadotaveirajr.com.br\/index.php\/wp-json\/wp\/v2\/media?parent=7408"}],"curies":[{"name":"wp","href":"https:\/\/api.w.org\/{rel}","templated":true}]}}