{"id":7426,"date":"2024-07-01T23:39:37","date_gmt":"2024-07-02T02:39:37","guid":{"rendered":"https:\/\/deputadotaveirajr.com.br\/?page_id=7426"},"modified":"2024-07-01T23:39:37","modified_gmt":"2024-07-02T02:39:37","slug":"passageiro-espanhol-teve-tres-costelas-fraturadas-apos-turbulencia-em-voo-desviado-para-natal","status":"publish","type":"page","link":"https:\/\/deputadotaveirajr.com.br\/index.php\/passageiro-espanhol-teve-tres-costelas-fraturadas-apos-turbulencia-em-voo-desviado-para-natal\/","title":{"rendered":"Passageiro espanhol teve tr\u00eas costelas fraturadas ap\u00f3s turbul\u00eancia em voo desviado para Natal"},"content":{"rendered":"<p>     Avi\u00e3o da Air Europa fez pouso de emerg\u00eancia na madrugada desta segunda (1\u00ba) no Aeroporto Internacional de Natal. Pelo menos 30 passageiros precisaram de atendimento m\u00e9dico. Espanhol de 55 anos teve tr\u00eas costelas fraturadas durante turbul\u00eancia<br \/>\nBrunno Rocha\/Inter TV Cabugi<br \/>\nUm dos passageiros do voo da companhia a\u00e9rea Air Europa, que passou por uma turbul\u00eancia e fez um pouso de emerg\u00eancia no Aeroporto de Natal, teve tr\u00eas costelas quebradas e uma contus\u00e3o pulmonar. Ele tem nacionalidade espanhola e est\u00e1 internado em um hospital particular da zona Leste de Natal.<br \/>\nO voo tinha 325 passageiros e pelo menos 30 foram levados para hospitais da Grande Natal.<br \/>\nPacientes foram levados para o Hospital Monsenhor Walfredo Gurgel, em Natal<br \/>\nPhilipe Salvado\/Inter TV Cabugi<br \/>\nManoel Gonz\u00e1lez Noal, de 55 anos, foi um dos 30 pacientes socorrido pelo Servi\u00e7o de Atendimento M\u00f3vel de Urg\u00eancia (Samu). Ele foi levado ao Hospital Deocl\u00e9cio Marques, em Parnamirim, na regi\u00e3o metropolitana de Natal. O homem ficou internado no setor de politraumatismo da unidade m\u00e9dica.<br \/>\n\ud83d\udcf3Participe do canal do g1 RN no WhatsApp<br \/>\nA v\u00edtima chegou ao local se queixando de dores no abd\u00f4men e relatou que, apesar de estar com cinto de seguran\u00e7a afivelado, a turbul\u00eancia fez com que ele batesse o peito na mesa de refei\u00e7\u00e3o que estava aberta.<br \/>\nAp\u00f3s avalia\u00e7\u00e3o m\u00e9dica, Manoel foi transferido para um hospital particular da Zona Leste de Natal, onde permanece internado.<br \/>\nOs pacientes que n\u00e3o ficxaram feridos foram levados pela Air Europa de \u00f4nibus para Recife, de onde embarcariam em um novo voo para o Uruguai.<br \/>\n&#8216;Pessoas voaram&#8217;<br \/>\nPassageiro \u00e9 retirado de compartimentos de bagagens ap\u00f3s turbul\u00eancia<br \/>\nUma passageira que estava no voo disse que pessoas &#8216;voaram&#8217; para o teto do avi\u00e3o durante a turbul\u00eancia. A boliviana Sandra Salda\u00f1a ficou com o bra\u00e7o esquerdo ferido. &#8220;Foi muito desespero, porque teve gente que saiu voando para o teto e caiu. E a prote\u00e7\u00e3o do teto caiu em cima das pessoas. Acho que todos pensamos isso [que \u00edamos morrer]. Porque foi muito forte&#8221;, relatou a passageira.<br \/>\nUm v\u00eddeo postado nas redes sociais por outra pessoa que estava no avi\u00e3o mostra um passageiro sendo retirado de um compartimento de bagagens ap\u00f3s a turbul\u00eancia. (veja acima)<br \/>\nPouso de emerg\u00eancia no Aeroporto de Natal<br \/>\nV\u00eddeo mostra interior do avi\u00e3o que fez pouso de emerg\u00eancia em Natal ap\u00f3s forte turbul\u00eancia<br \/>\nSegundo a Zurich Airport Brasil, que opera o Aeroporto de Natal, a aeronave solicitou o pouso de emerg\u00eancia \u00e0s 2h32.<br \/>\nO Samu foi acionado logo ap\u00f3s o pouso para resgatar o feridos. Os pacientes, segundo o Samu, bateram a cabe\u00e7a durante a turbul\u00eancia e apresentavam fraturas na cervical, les\u00f5es na face e dores no t\u00f3rax.<br \/>\nO voo saiu de Madri (Espanha) com destino a Montevid\u00e9u (Uruguai) e n\u00e3o tinha qualquer parada inicialmente programada para Natal. O modelo do avi\u00e3o que pousou no Aeroporto de Natal era um Boeing 787-9 Dreamline.<\/p>","protected":false},"excerpt":{"rendered":"<p>Avi\u00e3o da Air Europa fez pouso de emerg\u00eancia na madrugada desta segunda (1\u00ba) no Aeroporto Internacional de Natal. Pelo menos 30 passageiros precisaram de atendimento m\u00e9dico. Espanhol de 55 anos &#8230;<\/p>\n","protected":false},"author":0,"featured_media":7427,"parent":0,"menu_order":0,"comment_status":"closed","ping_status":"closed","template":"","meta":{"footnotes":""},"class_list":["post-7426","page","type-page","status-publish","has-post-thumbnail","hentry"],"yoast_head":"<!-- This site is optimized with the Yoast SEO plugin v27.1.1 - https:\/\/yoast.com\/product\/yoast-seo-wordpress\/ -->\n<title>Passageiro espanhol teve tr\u00eas costelas fraturadas ap\u00f3s turbul\u00eancia em voo desviado para Natal - Taveira Jr<\/title>\n<meta name=\"robots\" content=\"index, follow, max-snippet:-1, max-image-preview:large, max-video-preview:-1\" \/>\n<link rel=\"canonical\" href=\"https:\/\/deputadotaveirajr.com.br\/index.php\/passageiro-espanhol-teve-tres-costelas-fraturadas-apos-turbulencia-em-voo-desviado-para-natal\/\" \/>\n<meta property=\"og:locale\" content=\"pt_BR\" \/>\n<meta property=\"og:type\" content=\"article\" \/>\n<meta property=\"og:title\" content=\"Passageiro espanhol teve tr\u00eas costelas fraturadas ap\u00f3s turbul\u00eancia em voo desviado para Natal - Taveira Jr\" \/>\n<meta property=\"og:description\" content=\"Avi\u00e3o da Air Europa fez pouso de emerg\u00eancia na madrugada desta segunda (1\u00ba) no Aeroporto Internacional de Natal. Pelo menos 30 passageiros precisaram de atendimento m\u00e9dico. Espanhol de 55 anos ...\" \/>\n<meta property=\"og:url\" content=\"https:\/\/deputadotaveirajr.com.br\/index.php\/passageiro-espanhol-teve-tres-costelas-fraturadas-apos-turbulencia-em-voo-desviado-para-natal\/\" \/>\n<meta property=\"og:site_name\" content=\"Taveira Jr\" \/>\n<meta property=\"og:image\" content=\"https:\/\/deputadotaveirajr.com.br\/wp-content\/uploads\/2024\/07\/whatsapp-image-2024-07-01-at-17.15.19-xvqCav.jpeg\" \/>\n\t<meta property=\"og:image:width\" content=\"561\" \/>\n\t<meta property=\"og:image:height\" content=\"620\" \/>\n\t<meta property=\"og:image:type\" content=\"image\/jpeg\" \/>\n<meta name=\"twitter:card\" content=\"summary_large_image\" \/>\n<meta name=\"twitter:label1\" content=\"Est. tempo de leitura\" \/>\n\t<meta name=\"twitter:data1\" content=\"3 minutos\" \/>\n<script type=\"application\/ld+json\" class=\"yoast-schema-graph\">{\"@context\":\"https:\/\/schema.org\",\"@graph\":[{\"@type\":\"WebPage\",\"@id\":\"https:\/\/deputadotaveirajr.com.br\/index.php\/passageiro-espanhol-teve-tres-costelas-fraturadas-apos-turbulencia-em-voo-desviado-para-natal\/\",\"url\":\"https:\/\/deputadotaveirajr.com.br\/index.php\/passageiro-espanhol-teve-tres-costelas-fraturadas-apos-turbulencia-em-voo-desviado-para-natal\/\",\"name\":\"Passageiro espanhol teve tr\u00eas costelas fraturadas ap\u00f3s turbul\u00eancia em voo desviado para Natal - Taveira Jr\",\"isPartOf\":{\"@id\":\"https:\/\/deputadotaveirajr.com.br\/#website\"},\"primaryImageOfPage\":{\"@id\":\"https:\/\/deputadotaveirajr.com.br\/index.php\/passageiro-espanhol-teve-tres-costelas-fraturadas-apos-turbulencia-em-voo-desviado-para-natal\/#primaryimage\"},\"image\":{\"@id\":\"https:\/\/deputadotaveirajr.com.br\/index.php\/passageiro-espanhol-teve-tres-costelas-fraturadas-apos-turbulencia-em-voo-desviado-para-natal\/#primaryimage\"},\"thumbnailUrl\":\"https:\/\/deputadotaveirajr.com.br\/wp-content\/uploads\/2024\/07\/whatsapp-image-2024-07-01-at-17.15.19-xvqCav.jpeg\",\"datePublished\":\"2024-07-02T02:39:37+00:00\",\"breadcrumb\":{\"@id\":\"https:\/\/deputadotaveirajr.com.br\/index.php\/passageiro-espanhol-teve-tres-costelas-fraturadas-apos-turbulencia-em-voo-desviado-para-natal\/#breadcrumb\"},\"inLanguage\":\"pt-BR\",\"potentialAction\":[{\"@type\":\"ReadAction\",\"target\":[\"https:\/\/deputadotaveirajr.com.br\/index.php\/passageiro-espanhol-teve-tres-costelas-fraturadas-apos-turbulencia-em-voo-desviado-para-natal\/\"]}]},{\"@type\":\"ImageObject\",\"inLanguage\":\"pt-BR\",\"@id\":\"https:\/\/deputadotaveirajr.com.br\/index.php\/passageiro-espanhol-teve-tres-costelas-fraturadas-apos-turbulencia-em-voo-desviado-para-natal\/#primaryimage\",\"url\":\"https:\/\/deputadotaveirajr.com.br\/wp-content\/uploads\/2024\/07\/whatsapp-image-2024-07-01-at-17.15.19-xvqCav.jpeg\",\"contentUrl\":\"https:\/\/deputadotaveirajr.com.br\/wp-content\/uploads\/2024\/07\/whatsapp-image-2024-07-01-at-17.15.19-xvqCav.jpeg\",\"width\":561,\"height\":620},{\"@type\":\"BreadcrumbList\",\"@id\":\"https:\/\/deputadotaveirajr.com.br\/index.php\/passageiro-espanhol-teve-tres-costelas-fraturadas-apos-turbulencia-em-voo-desviado-para-natal\/#breadcrumb\",\"itemListElement\":[{\"@type\":\"ListItem\",\"position\":1,\"name\":\"In\u00edcio\",\"item\":\"https:\/\/deputadotaveirajr.com.br\/\"},{\"@type\":\"ListItem\",\"position\":2,\"name\":\"Passageiro espanhol teve tr\u00eas costelas fraturadas ap\u00f3s turbul\u00eancia em voo desviado para Natal\"}]},{\"@type\":\"WebSite\",\"@id\":\"https:\/\/deputadotaveirajr.com.br\/#website\",\"url\":\"https:\/\/deputadotaveirajr.com.br\/\",\"name\":\"Taveira Jr\",\"description\":\"Deputado Estadual\",\"publisher\":{\"@id\":\"https:\/\/deputadotaveirajr.com.br\/#organization\"},\"potentialAction\":[{\"@type\":\"SearchAction\",\"target\":{\"@type\":\"EntryPoint\",\"urlTemplate\":\"https:\/\/deputadotaveirajr.com.br\/?s={search_term_string}\"},\"query-input\":{\"@type\":\"PropertyValueSpecification\",\"valueRequired\":true,\"valueName\":\"search_term_string\"}}],\"inLanguage\":\"pt-BR\"},{\"@type\":\"Organization\",\"@id\":\"https:\/\/deputadotaveirajr.com.br\/#organization\",\"name\":\"Taveira Jr\",\"url\":\"https:\/\/deputadotaveirajr.com.br\/\",\"logo\":{\"@type\":\"ImageObject\",\"inLanguage\":\"pt-BR\",\"@id\":\"https:\/\/deputadotaveirajr.com.br\/#\/schema\/logo\/image\/\",\"url\":\"https:\/\/deputadotaveirajr.com.br\/wp-content\/uploads\/2026\/01\/logolow2a.png\",\"contentUrl\":\"https:\/\/deputadotaveirajr.com.br\/wp-content\/uploads\/2026\/01\/logolow2a.png\",\"width\":290,\"height\":80,\"caption\":\"Taveira Jr\"},\"image\":{\"@id\":\"https:\/\/deputadotaveirajr.com.br\/#\/schema\/logo\/image\/\"}}]}<\/script>\n<!-- \/ Yoast SEO plugin. -->","yoast_head_json":{"title":"Passageiro espanhol teve tr\u00eas costelas fraturadas ap\u00f3s turbul\u00eancia em voo desviado para Natal - Taveira Jr","robots":{"index":"index","follow":"follow","max-snippet":"max-snippet:-1","max-image-preview":"max-image-preview:large","max-video-preview":"max-video-preview:-1"},"canonical":"https:\/\/deputadotaveirajr.com.br\/index.php\/passageiro-espanhol-teve-tres-costelas-fraturadas-apos-turbulencia-em-voo-desviado-para-natal\/","og_locale":"pt_BR","og_type":"article","og_title":"Passageiro espanhol teve tr\u00eas costelas fraturadas ap\u00f3s turbul\u00eancia em voo desviado para Natal - Taveira Jr","og_description":"Avi\u00e3o da Air Europa fez pouso de emerg\u00eancia na madrugada desta segunda (1\u00ba) no Aeroporto Internacional de Natal. Pelo menos 30 passageiros precisaram de atendimento m\u00e9dico. Espanhol de 55 anos ...","og_url":"https:\/\/deputadotaveirajr.com.br\/index.php\/passageiro-espanhol-teve-tres-costelas-fraturadas-apos-turbulencia-em-voo-desviado-para-natal\/","og_site_name":"Taveira Jr","og_image":[{"width":561,"height":620,"url":"https:\/\/deputadotaveirajr.com.br\/wp-content\/uploads\/2024\/07\/whatsapp-image-2024-07-01-at-17.15.19-xvqCav.jpeg","type":"image\/jpeg"}],"twitter_card":"summary_large_image","twitter_misc":{"Est. tempo de leitura":"3 minutos"},"schema":{"@context":"https:\/\/schema.org","@graph":[{"@type":"WebPage","@id":"https:\/\/deputadotaveirajr.com.br\/index.php\/passageiro-espanhol-teve-tres-costelas-fraturadas-apos-turbulencia-em-voo-desviado-para-natal\/","url":"https:\/\/deputadotaveirajr.com.br\/index.php\/passageiro-espanhol-teve-tres-costelas-fraturadas-apos-turbulencia-em-voo-desviado-para-natal\/","name":"Passageiro espanhol teve tr\u00eas costelas fraturadas ap\u00f3s turbul\u00eancia em voo desviado para Natal - Taveira Jr","isPartOf":{"@id":"https:\/\/deputadotaveirajr.com.br\/#website"},"primaryImageOfPage":{"@id":"https:\/\/deputadotaveirajr.com.br\/index.php\/passageiro-espanhol-teve-tres-costelas-fraturadas-apos-turbulencia-em-voo-desviado-para-natal\/#primaryimage"},"image":{"@id":"https:\/\/deputadotaveirajr.com.br\/index.php\/passageiro-espanhol-teve-tres-costelas-fraturadas-apos-turbulencia-em-voo-desviado-para-natal\/#primaryimage"},"thumbnailUrl":"https:\/\/deputadotaveirajr.com.br\/wp-content\/uploads\/2024\/07\/whatsapp-image-2024-07-01-at-17.15.19-xvqCav.jpeg","datePublished":"2024-07-02T02:39:37+00:00","breadcrumb":{"@id":"https:\/\/deputadotaveirajr.com.br\/index.php\/passageiro-espanhol-teve-tres-costelas-fraturadas-apos-turbulencia-em-voo-desviado-para-natal\/#breadcrumb"},"inLanguage":"pt-BR","potentialAction":[{"@type":"ReadAction","target":["https:\/\/deputadotaveirajr.com.br\/index.php\/passageiro-espanhol-teve-tres-costelas-fraturadas-apos-turbulencia-em-voo-desviado-para-natal\/"]}]},{"@type":"ImageObject","inLanguage":"pt-BR","@id":"https:\/\/deputadotaveirajr.com.br\/index.php\/passageiro-espanhol-teve-tres-costelas-fraturadas-apos-turbulencia-em-voo-desviado-para-natal\/#primaryimage","url":"https:\/\/deputadotaveirajr.com.br\/wp-content\/uploads\/2024\/07\/whatsapp-image-2024-07-01-at-17.15.19-xvqCav.jpeg","contentUrl":"https:\/\/deputadotaveirajr.com.br\/wp-content\/uploads\/2024\/07\/whatsapp-image-2024-07-01-at-17.15.19-xvqCav.jpeg","width":561,"height":620},{"@type":"BreadcrumbList","@id":"https:\/\/deputadotaveirajr.com.br\/index.php\/passageiro-espanhol-teve-tres-costelas-fraturadas-apos-turbulencia-em-voo-desviado-para-natal\/#breadcrumb","itemListElement":[{"@type":"ListItem","position":1,"name":"In\u00edcio","item":"https:\/\/deputadotaveirajr.com.br\/"},{"@type":"ListItem","position":2,"name":"Passageiro espanhol teve tr\u00eas costelas fraturadas ap\u00f3s turbul\u00eancia em voo desviado para Natal"}]},{"@type":"WebSite","@id":"https:\/\/deputadotaveirajr.com.br\/#website","url":"https:\/\/deputadotaveirajr.com.br\/","name":"Taveira Jr","description":"Deputado Estadual","publisher":{"@id":"https:\/\/deputadotaveirajr.com.br\/#organization"},"potentialAction":[{"@type":"SearchAction","target":{"@type":"EntryPoint","urlTemplate":"https:\/\/deputadotaveirajr.com.br\/?s={search_term_string}"},"query-input":{"@type":"PropertyValueSpecification","valueRequired":true,"valueName":"search_term_string"}}],"inLanguage":"pt-BR"},{"@type":"Organization","@id":"https:\/\/deputadotaveirajr.com.br\/#organization","name":"Taveira Jr","url":"https:\/\/deputadotaveirajr.com.br\/","logo":{"@type":"ImageObject","inLanguage":"pt-BR","@id":"https:\/\/deputadotaveirajr.com.br\/#\/schema\/logo\/image\/","url":"https:\/\/deputadotaveirajr.com.br\/wp-content\/uploads\/2026\/01\/logolow2a.png","contentUrl":"https:\/\/deputadotaveirajr.com.br\/wp-content\/uploads\/2026\/01\/logolow2a.png","width":290,"height":80,"caption":"Taveira Jr"},"image":{"@id":"https:\/\/deputadotaveirajr.com.br\/#\/schema\/logo\/image\/"}}]}},"_links":{"self":[{"href":"https:\/\/deputadotaveirajr.com.br\/index.php\/wp-json\/wp\/v2\/pages\/7426","targetHints":{"allow":["GET"]}}],"collection":[{"href":"https:\/\/deputadotaveirajr.com.br\/index.php\/wp-json\/wp\/v2\/pages"}],"about":[{"href":"https:\/\/deputadotaveirajr.com.br\/index.php\/wp-json\/wp\/v2\/types\/page"}],"replies":[{"embeddable":true,"href":"https:\/\/deputadotaveirajr.com.br\/index.php\/wp-json\/wp\/v2\/comments?post=7426"}],"version-history":[{"count":1,"href":"https:\/\/deputadotaveirajr.com.br\/index.php\/wp-json\/wp\/v2\/pages\/7426\/revisions"}],"predecessor-version":[{"id":7429,"href":"https:\/\/deputadotaveirajr.com.br\/index.php\/wp-json\/wp\/v2\/pages\/7426\/revisions\/7429"}],"wp:featuredmedia":[{"embeddable":true,"href":"https:\/\/deputadotaveirajr.com.br\/index.php\/wp-json\/wp\/v2\/media\/7427"}],"wp:attachment":[{"href":"https:\/\/deputadotaveirajr.com.br\/index.php\/wp-json\/wp\/v2\/media?parent=7426"}],"curies":[{"name":"wp","href":"https:\/\/api.w.org\/{rel}","templated":true}]}}