{"id":7456,"date":"2024-07-02T22:01:28","date_gmt":"2024-07-03T01:01:28","guid":{"rendered":"https:\/\/deputadotaveirajr.com.br\/?page_id=7456"},"modified":"2024-07-02T22:01:28","modified_gmt":"2024-07-03T01:01:28","slug":"portaria-proibe-cobranca-de-consumacao-minima-em-barracas-de-praia-em-natal","status":"publish","type":"page","link":"https:\/\/deputadotaveirajr.com.br\/index.php\/portaria-proibe-cobranca-de-consumacao-minima-em-barracas-de-praia-em-natal\/","title":{"rendered":"Portaria pro\u00edbe cobran\u00e7a de &#8216;consuma\u00e7\u00e3o m\u00ednima&#8217; em barracas de praia em Natal"},"content":{"rendered":"<p>     Associa\u00e7\u00e3o dos Quiosqueiros da Praia de Ponta Negra reclama da falta de di\u00e1logo entre a gest\u00e3o municipal, quiosqueiros e locadores. Taxa m\u00ednima de consuma\u00e7\u00e3o est\u00e1 proibida ap\u00f3s publica\u00e7\u00e3o de portaria no DOM<br \/>\nLucas Cortez\/Inter TV Cabugi<br \/>\nNovas regras est\u00e3o em vigor para regularizar as atividades desempenhadas em \u00e1reas p\u00fablicas em Natal. A medida atinge os pontos de loca\u00e7\u00e3o e quiosques na orla municipal, que est\u00e3o proibidos de cobrar uma taxa de consuma\u00e7\u00e3o m\u00ednima em suas barracas. A portaria da Secretaria Municipal de Meio Ambiente e Urbanismo (Semurb) foi publicada na edi\u00e7\u00e3o do \u00faltimo dia 20 de junho no Di\u00e1rio Oficial do Munic\u00edpio (DOM).<br \/>\nDe acordo com o texto, o usu\u00e1rio da orla de Natal &#8220;n\u00e3o est\u00e1 obrigado a consumir qualquer produto durante sua perman\u00eancia nos pontos de loca\u00e7\u00e3o (barracas)&#8221;. Segundo as regras, o que pode ser cobrado, desde que forma clara, \u00e9 o valor pela utiliza\u00e7\u00e3o do chamado kit-praia (mesas, cadeiras e guarda-s\u00f3is das barracas).<br \/>\nA medida foi criticada pela Associa\u00e7\u00e3o dos Quiosqueiros da Praia de Ponta Negra (AQPN). A entidade reclamou da falta de di\u00e1logo entre a gest\u00e3o municipal, quiosqueiros e locadores.<br \/>\n&#8220;N\u00e3o existia cobran\u00e7a anteriormente, quando t\u00ednhamos 25 mesas. Com a diminui\u00e7\u00e3o, passou a ser necess\u00e1ria. Hoje s\u00e3o 15, j\u00e1 querem diminuir para 12. N\u00e3o tem como (manter a estrutura com essas mudan\u00e7as)&#8221;, afirma Aldemir Henrique, presidente da entidade.<br \/>\nEle critica outra medida disposta nas novas regras, que prev\u00ea diminui\u00e7\u00e3o do n\u00famero de guarda-s\u00f3is para cada ponto de loca\u00e7\u00e3o ou quiosque.<br \/>\nAs medidas atingem comerciantes que atuam em \u00e1reas p\u00fablicas de toda a capital h\u00e1 mais de 10 anos. A portaria regulariza a situa\u00e7\u00e3o de cada um deles, mediante o cumprimento de uma s\u00e9rie de regras. A partir disso, \u00e9 celebrado um termo de compromisso transit\u00f3rio, que tem validade de at\u00e9 tr\u00eas anos, podendo ser renovado por, no m\u00e1ximo, mais tr\u00eas.<\/p>","protected":false},"excerpt":{"rendered":"<p>Associa\u00e7\u00e3o dos Quiosqueiros da Praia de Ponta Negra reclama da falta de di\u00e1logo entre a gest\u00e3o municipal, quiosqueiros e locadores. Taxa m\u00ednima de consuma\u00e7\u00e3o est\u00e1 proibida ap\u00f3s publica\u00e7\u00e3o de portaria &#8230;<\/p>\n","protected":false},"author":0,"featured_media":7457,"parent":0,"menu_order":0,"comment_status":"closed","ping_status":"closed","template":"","meta":{"footnotes":""},"class_list":["post-7456","page","type-page","status-publish","has-post-thumbnail","hentry"],"yoast_head":"<!-- This site is optimized with the Yoast SEO plugin v27.1.1 - https:\/\/yoast.com\/product\/yoast-seo-wordpress\/ -->\n<title>Portaria pro\u00edbe cobran\u00e7a de &#039;consuma\u00e7\u00e3o m\u00ednima&#039; em barracas de praia em Natal - Taveira Jr<\/title>\n<meta name=\"robots\" content=\"index, follow, max-snippet:-1, max-image-preview:large, max-video-preview:-1\" \/>\n<link rel=\"canonical\" href=\"https:\/\/deputadotaveirajr.com.br\/index.php\/portaria-proibe-cobranca-de-consumacao-minima-em-barracas-de-praia-em-natal\/\" \/>\n<meta property=\"og:locale\" content=\"pt_BR\" \/>\n<meta property=\"og:type\" content=\"article\" \/>\n<meta property=\"og:title\" content=\"Portaria pro\u00edbe cobran\u00e7a de &#039;consuma\u00e7\u00e3o m\u00ednima&#039; em barracas de praia em Natal - Taveira Jr\" \/>\n<meta property=\"og:description\" content=\"Associa\u00e7\u00e3o dos Quiosqueiros da Praia de Ponta Negra reclama da falta de di\u00e1logo entre a gest\u00e3o municipal, quiosqueiros e locadores. Taxa m\u00ednima de consuma\u00e7\u00e3o est\u00e1 proibida ap\u00f3s publica\u00e7\u00e3o de portaria ...\" \/>\n<meta property=\"og:url\" content=\"https:\/\/deputadotaveirajr.com.br\/index.php\/portaria-proibe-cobranca-de-consumacao-minima-em-barracas-de-praia-em-natal\/\" \/>\n<meta property=\"og:site_name\" content=\"Taveira Jr\" \/>\n<meta property=\"og:image\" content=\"https:\/\/deputadotaveirajr.com.br\/wp-content\/uploads\/2024\/07\/ponta-negra5-sTZjYg.jpeg\" \/>\n\t<meta property=\"og:image:width\" content=\"1600\" \/>\n\t<meta property=\"og:image:height\" content=\"1200\" \/>\n\t<meta property=\"og:image:type\" content=\"image\/jpeg\" \/>\n<meta name=\"twitter:card\" content=\"summary_large_image\" \/>\n<meta name=\"twitter:label1\" content=\"Est. tempo de leitura\" \/>\n\t<meta name=\"twitter:data1\" content=\"2 minutos\" \/>\n<script type=\"application\/ld+json\" class=\"yoast-schema-graph\">{\"@context\":\"https:\/\/schema.org\",\"@graph\":[{\"@type\":\"WebPage\",\"@id\":\"https:\/\/deputadotaveirajr.com.br\/index.php\/portaria-proibe-cobranca-de-consumacao-minima-em-barracas-de-praia-em-natal\/\",\"url\":\"https:\/\/deputadotaveirajr.com.br\/index.php\/portaria-proibe-cobranca-de-consumacao-minima-em-barracas-de-praia-em-natal\/\",\"name\":\"Portaria pro\u00edbe cobran\u00e7a de 'consuma\u00e7\u00e3o m\u00ednima' em barracas de praia em Natal - Taveira Jr\",\"isPartOf\":{\"@id\":\"https:\/\/deputadotaveirajr.com.br\/#website\"},\"primaryImageOfPage\":{\"@id\":\"https:\/\/deputadotaveirajr.com.br\/index.php\/portaria-proibe-cobranca-de-consumacao-minima-em-barracas-de-praia-em-natal\/#primaryimage\"},\"image\":{\"@id\":\"https:\/\/deputadotaveirajr.com.br\/index.php\/portaria-proibe-cobranca-de-consumacao-minima-em-barracas-de-praia-em-natal\/#primaryimage\"},\"thumbnailUrl\":\"https:\/\/deputadotaveirajr.com.br\/wp-content\/uploads\/2024\/07\/ponta-negra5-sTZjYg.jpeg\",\"datePublished\":\"2024-07-03T01:01:28+00:00\",\"breadcrumb\":{\"@id\":\"https:\/\/deputadotaveirajr.com.br\/index.php\/portaria-proibe-cobranca-de-consumacao-minima-em-barracas-de-praia-em-natal\/#breadcrumb\"},\"inLanguage\":\"pt-BR\",\"potentialAction\":[{\"@type\":\"ReadAction\",\"target\":[\"https:\/\/deputadotaveirajr.com.br\/index.php\/portaria-proibe-cobranca-de-consumacao-minima-em-barracas-de-praia-em-natal\/\"]}]},{\"@type\":\"ImageObject\",\"inLanguage\":\"pt-BR\",\"@id\":\"https:\/\/deputadotaveirajr.com.br\/index.php\/portaria-proibe-cobranca-de-consumacao-minima-em-barracas-de-praia-em-natal\/#primaryimage\",\"url\":\"https:\/\/deputadotaveirajr.com.br\/wp-content\/uploads\/2024\/07\/ponta-negra5-sTZjYg.jpeg\",\"contentUrl\":\"https:\/\/deputadotaveirajr.com.br\/wp-content\/uploads\/2024\/07\/ponta-negra5-sTZjYg.jpeg\",\"width\":1600,\"height\":1200},{\"@type\":\"BreadcrumbList\",\"@id\":\"https:\/\/deputadotaveirajr.com.br\/index.php\/portaria-proibe-cobranca-de-consumacao-minima-em-barracas-de-praia-em-natal\/#breadcrumb\",\"itemListElement\":[{\"@type\":\"ListItem\",\"position\":1,\"name\":\"In\u00edcio\",\"item\":\"https:\/\/deputadotaveirajr.com.br\/\"},{\"@type\":\"ListItem\",\"position\":2,\"name\":\"Portaria pro\u00edbe cobran\u00e7a de &#8216;consuma\u00e7\u00e3o m\u00ednima&#8217; em barracas de praia em Natal\"}]},{\"@type\":\"WebSite\",\"@id\":\"https:\/\/deputadotaveirajr.com.br\/#website\",\"url\":\"https:\/\/deputadotaveirajr.com.br\/\",\"name\":\"Taveira Jr\",\"description\":\"Deputado Estadual\",\"publisher\":{\"@id\":\"https:\/\/deputadotaveirajr.com.br\/#organization\"},\"potentialAction\":[{\"@type\":\"SearchAction\",\"target\":{\"@type\":\"EntryPoint\",\"urlTemplate\":\"https:\/\/deputadotaveirajr.com.br\/?s={search_term_string}\"},\"query-input\":{\"@type\":\"PropertyValueSpecification\",\"valueRequired\":true,\"valueName\":\"search_term_string\"}}],\"inLanguage\":\"pt-BR\"},{\"@type\":\"Organization\",\"@id\":\"https:\/\/deputadotaveirajr.com.br\/#organization\",\"name\":\"Taveira Jr\",\"url\":\"https:\/\/deputadotaveirajr.com.br\/\",\"logo\":{\"@type\":\"ImageObject\",\"inLanguage\":\"pt-BR\",\"@id\":\"https:\/\/deputadotaveirajr.com.br\/#\/schema\/logo\/image\/\",\"url\":\"https:\/\/deputadotaveirajr.com.br\/wp-content\/uploads\/2026\/01\/logolow2a.png\",\"contentUrl\":\"https:\/\/deputadotaveirajr.com.br\/wp-content\/uploads\/2026\/01\/logolow2a.png\",\"width\":290,\"height\":80,\"caption\":\"Taveira Jr\"},\"image\":{\"@id\":\"https:\/\/deputadotaveirajr.com.br\/#\/schema\/logo\/image\/\"}}]}<\/script>\n<!-- \/ Yoast SEO plugin. -->","yoast_head_json":{"title":"Portaria pro\u00edbe cobran\u00e7a de 'consuma\u00e7\u00e3o m\u00ednima' em barracas de praia em Natal - Taveira Jr","robots":{"index":"index","follow":"follow","max-snippet":"max-snippet:-1","max-image-preview":"max-image-preview:large","max-video-preview":"max-video-preview:-1"},"canonical":"https:\/\/deputadotaveirajr.com.br\/index.php\/portaria-proibe-cobranca-de-consumacao-minima-em-barracas-de-praia-em-natal\/","og_locale":"pt_BR","og_type":"article","og_title":"Portaria pro\u00edbe cobran\u00e7a de 'consuma\u00e7\u00e3o m\u00ednima' em barracas de praia em Natal - Taveira Jr","og_description":"Associa\u00e7\u00e3o dos Quiosqueiros da Praia de Ponta Negra reclama da falta de di\u00e1logo entre a gest\u00e3o municipal, quiosqueiros e locadores. Taxa m\u00ednima de consuma\u00e7\u00e3o est\u00e1 proibida ap\u00f3s publica\u00e7\u00e3o de portaria ...","og_url":"https:\/\/deputadotaveirajr.com.br\/index.php\/portaria-proibe-cobranca-de-consumacao-minima-em-barracas-de-praia-em-natal\/","og_site_name":"Taveira Jr","og_image":[{"width":1600,"height":1200,"url":"https:\/\/deputadotaveirajr.com.br\/wp-content\/uploads\/2024\/07\/ponta-negra5-sTZjYg.jpeg","type":"image\/jpeg"}],"twitter_card":"summary_large_image","twitter_misc":{"Est. tempo de leitura":"2 minutos"},"schema":{"@context":"https:\/\/schema.org","@graph":[{"@type":"WebPage","@id":"https:\/\/deputadotaveirajr.com.br\/index.php\/portaria-proibe-cobranca-de-consumacao-minima-em-barracas-de-praia-em-natal\/","url":"https:\/\/deputadotaveirajr.com.br\/index.php\/portaria-proibe-cobranca-de-consumacao-minima-em-barracas-de-praia-em-natal\/","name":"Portaria pro\u00edbe cobran\u00e7a de 'consuma\u00e7\u00e3o m\u00ednima' em barracas de praia em Natal - Taveira Jr","isPartOf":{"@id":"https:\/\/deputadotaveirajr.com.br\/#website"},"primaryImageOfPage":{"@id":"https:\/\/deputadotaveirajr.com.br\/index.php\/portaria-proibe-cobranca-de-consumacao-minima-em-barracas-de-praia-em-natal\/#primaryimage"},"image":{"@id":"https:\/\/deputadotaveirajr.com.br\/index.php\/portaria-proibe-cobranca-de-consumacao-minima-em-barracas-de-praia-em-natal\/#primaryimage"},"thumbnailUrl":"https:\/\/deputadotaveirajr.com.br\/wp-content\/uploads\/2024\/07\/ponta-negra5-sTZjYg.jpeg","datePublished":"2024-07-03T01:01:28+00:00","breadcrumb":{"@id":"https:\/\/deputadotaveirajr.com.br\/index.php\/portaria-proibe-cobranca-de-consumacao-minima-em-barracas-de-praia-em-natal\/#breadcrumb"},"inLanguage":"pt-BR","potentialAction":[{"@type":"ReadAction","target":["https:\/\/deputadotaveirajr.com.br\/index.php\/portaria-proibe-cobranca-de-consumacao-minima-em-barracas-de-praia-em-natal\/"]}]},{"@type":"ImageObject","inLanguage":"pt-BR","@id":"https:\/\/deputadotaveirajr.com.br\/index.php\/portaria-proibe-cobranca-de-consumacao-minima-em-barracas-de-praia-em-natal\/#primaryimage","url":"https:\/\/deputadotaveirajr.com.br\/wp-content\/uploads\/2024\/07\/ponta-negra5-sTZjYg.jpeg","contentUrl":"https:\/\/deputadotaveirajr.com.br\/wp-content\/uploads\/2024\/07\/ponta-negra5-sTZjYg.jpeg","width":1600,"height":1200},{"@type":"BreadcrumbList","@id":"https:\/\/deputadotaveirajr.com.br\/index.php\/portaria-proibe-cobranca-de-consumacao-minima-em-barracas-de-praia-em-natal\/#breadcrumb","itemListElement":[{"@type":"ListItem","position":1,"name":"In\u00edcio","item":"https:\/\/deputadotaveirajr.com.br\/"},{"@type":"ListItem","position":2,"name":"Portaria pro\u00edbe cobran\u00e7a de &#8216;consuma\u00e7\u00e3o m\u00ednima&#8217; em barracas de praia em Natal"}]},{"@type":"WebSite","@id":"https:\/\/deputadotaveirajr.com.br\/#website","url":"https:\/\/deputadotaveirajr.com.br\/","name":"Taveira Jr","description":"Deputado Estadual","publisher":{"@id":"https:\/\/deputadotaveirajr.com.br\/#organization"},"potentialAction":[{"@type":"SearchAction","target":{"@type":"EntryPoint","urlTemplate":"https:\/\/deputadotaveirajr.com.br\/?s={search_term_string}"},"query-input":{"@type":"PropertyValueSpecification","valueRequired":true,"valueName":"search_term_string"}}],"inLanguage":"pt-BR"},{"@type":"Organization","@id":"https:\/\/deputadotaveirajr.com.br\/#organization","name":"Taveira Jr","url":"https:\/\/deputadotaveirajr.com.br\/","logo":{"@type":"ImageObject","inLanguage":"pt-BR","@id":"https:\/\/deputadotaveirajr.com.br\/#\/schema\/logo\/image\/","url":"https:\/\/deputadotaveirajr.com.br\/wp-content\/uploads\/2026\/01\/logolow2a.png","contentUrl":"https:\/\/deputadotaveirajr.com.br\/wp-content\/uploads\/2026\/01\/logolow2a.png","width":290,"height":80,"caption":"Taveira Jr"},"image":{"@id":"https:\/\/deputadotaveirajr.com.br\/#\/schema\/logo\/image\/"}}]}},"_links":{"self":[{"href":"https:\/\/deputadotaveirajr.com.br\/index.php\/wp-json\/wp\/v2\/pages\/7456","targetHints":{"allow":["GET"]}}],"collection":[{"href":"https:\/\/deputadotaveirajr.com.br\/index.php\/wp-json\/wp\/v2\/pages"}],"about":[{"href":"https:\/\/deputadotaveirajr.com.br\/index.php\/wp-json\/wp\/v2\/types\/page"}],"replies":[{"embeddable":true,"href":"https:\/\/deputadotaveirajr.com.br\/index.php\/wp-json\/wp\/v2\/comments?post=7456"}],"version-history":[{"count":1,"href":"https:\/\/deputadotaveirajr.com.br\/index.php\/wp-json\/wp\/v2\/pages\/7456\/revisions"}],"predecessor-version":[{"id":7459,"href":"https:\/\/deputadotaveirajr.com.br\/index.php\/wp-json\/wp\/v2\/pages\/7456\/revisions\/7459"}],"wp:featuredmedia":[{"embeddable":true,"href":"https:\/\/deputadotaveirajr.com.br\/index.php\/wp-json\/wp\/v2\/media\/7457"}],"wp:attachment":[{"href":"https:\/\/deputadotaveirajr.com.br\/index.php\/wp-json\/wp\/v2\/media?parent=7456"}],"curies":[{"name":"wp","href":"https:\/\/api.w.org\/{rel}","templated":true}]}}