{"id":7490,"date":"2024-07-04T10:44:54","date_gmt":"2024-07-04T13:44:54","guid":{"rendered":"https:\/\/deputadotaveirajr.com.br\/?page_id=7490"},"modified":"2024-07-04T10:44:54","modified_gmt":"2024-07-04T13:44:54","slug":"secretaria-de-mobilidade-abre-consulta-publica-para-licitacao-do-transporte-publico-de-natal","status":"publish","type":"page","link":"https:\/\/deputadotaveirajr.com.br\/index.php\/secretaria-de-mobilidade-abre-consulta-publica-para-licitacao-do-transporte-publico-de-natal\/","title":{"rendered":"Secretaria de Mobilidade abre consulta p\u00fablica para licita\u00e7\u00e3o do transporte p\u00fablico de Natal"},"content":{"rendered":"<p>     Tribunal de Contas do Estado vai acompanhar processo de licita\u00e7\u00e3o.  Transporte p\u00fablico em Natal<br \/>\nSTTU<br \/>\nA Secretaria de Mobilidade Urbana (STTU) abriu nesta quinta-feira (4) a consulta p\u00fablica referente ao edital de licita\u00e7\u00e3o para concess\u00e3o do transporte p\u00fablico de Natal.<br \/>\nA consulta p\u00fablica tem por objetivo colher contribui\u00e7\u00f5es e informa\u00e7\u00f5es que poder\u00e3o auxiliar na modelagem jur\u00eddica, t\u00e9cnica e econ\u00f4mico-financeira do projeto do edital de licita\u00e7\u00e3o.<br \/>\nPodem participar da consulta p\u00fablica pessoas f\u00edsicas ou jur\u00eddicas interessadas na mat\u00e9ria. Os interessados em participar poder\u00e3o acessar os documentos e o formul\u00e1rio de contribui\u00e7\u00e3o no endere\u00e7o eletr\u00f4nico licitacaotransporte.natal.rn.gov.br a partir das 8h do dia 4 de julho de 2024 at\u00e9 \u00e0s 18h do dia 24 de julho de 2024.<br \/>\nLEIA TAMB\u00c9M<br \/>\nPrefeitura de Natal contrata consultoria para licita\u00e7\u00e3o do transporte p\u00fablico por R$ 1,4 milh\u00e3o<br \/>\nTarifa, \u00f4nibus velhos, necessidade de oferta em hor\u00e1rios de pico e finais de semana: o que diz o relat\u00f3rio da ANTP sobre o transporte p\u00fablico de Natal<br \/>\nDe acordo com a STTU, ser\u00e3o apreciadas apenas as contribui\u00e7\u00f5es enviadas com identifica\u00e7\u00e3o do autor e com o preenchimento correto de todas as informa\u00e7\u00f5es solicitadas no formul\u00e1rio.<br \/>\nTCE acompanha licita\u00e7\u00e3o<br \/>\nNa segunda-feira (1) o Tribunal de Contas do Estado (TCE\/RN) recebeu da Prefeitura de Natal a minuta do edital da licita\u00e7\u00e3o do transporte p\u00fablico da cidade. O documento foi entregue ao presidente da Corte, conselheiro Gilberto Jales, em reuni\u00e3o com o prefeito \u00c1lvaro Dias e a secret\u00e1ria municipal de Mobilidade Urbana (STTU), Daliana Bandeira.<br \/>\nO presidente do TCE ressaltou a import\u00e2ncia da regulamenta\u00e7\u00e3o proposta para o transporte p\u00fablico de Natal e explicou que o Tribunal de Contas ir\u00e1 analisar quest\u00f5es t\u00e9cnicas e legais e, posteriormente, acompanhar o processo de licita\u00e7\u00e3o. \u201cHoje, o Tribunal tem buscado, cada vez mais, fazer um acompanhamento concomitante das contrata\u00e7\u00f5es desde o in\u00edcio para orientar a pr\u00f3pria administra\u00e7\u00e3o p\u00fablica de forma a que os procedimentos ocorram da melhor forma poss\u00edvel para a popula\u00e7\u00e3o\u201d, disse.<br \/>\nHist\u00f3rico<br \/>\nA Prefeitura de Natal lan\u00e7ou uma licita\u00e7\u00e3o do transporte p\u00fablico em novembro de 2016. Mas nas duas sess\u00f5es para recebimento de propostas, que ocorreram em 2017, o edital deu &#8220;deserto&#8221;, ou seja, nenhuma empresa se interessou.<br \/>\nO edital, na \u00e9poca, contemplava dois lotes de servi\u00e7o, cada um com 37 linhas de \u00f4nibus &#8211; um para atender as zonas Oeste e Sul e outras para as zonas Leste e Norte. A concess\u00e3o seria v\u00e1lida por 10 anos com possibilidade de prorroga\u00e7\u00e3o por mais 10.<br \/>\nO documento previa a introdu\u00e7\u00e3o de ve\u00edculos novos com melhorias, como piso baixo, c\u00e2mbio autom\u00e1tico, motor central ou traseiro e ar-condicionado.<br \/>\nAp\u00f3s as duas sess\u00f5es darem desertas, a prefeitura enviou no fim de 2017 mais um projeto de licita\u00e7\u00e3o para ser aprovado na C\u00e2mara Municipal de Natal. O projeto foi aprovado pelos vereadores no fim de 2018, mas recebeu vetos do prefeito \u00c1lvaro Dias em 2019 e precisou voltar para a C\u00e2mara.<br \/>\nA prefeitura de Natal prometeu, em 2021, que lan\u00e7aria uma nova licita\u00e7\u00e3o do transporte p\u00fablico at\u00e9 o fim daquele ano, o que n\u00e3o ocorreu.<br \/>\nV\u00cdDEOS: Mais vistos do RN nos \u00faltimos 7 dias<\/p>","protected":false},"excerpt":{"rendered":"<p>Tribunal de Contas do Estado vai acompanhar processo de licita\u00e7\u00e3o. Transporte p\u00fablico em Natal STTU A Secretaria de Mobilidade Urbana (STTU) abriu nesta quinta-feira (4) a consulta p\u00fablica referente ao &#8230;<\/p>\n","protected":false},"author":0,"featured_media":7491,"parent":0,"menu_order":0,"comment_status":"closed","ping_status":"closed","template":"","meta":{"footnotes":""},"class_list":["post-7490","page","type-page","status-publish","has-post-thumbnail","hentry"],"yoast_head":"<!-- This site is optimized with the Yoast SEO plugin v27.1.1 - https:\/\/yoast.com\/product\/yoast-seo-wordpress\/ -->\n<title>Secretaria de Mobilidade abre consulta p\u00fablica para licita\u00e7\u00e3o do transporte p\u00fablico de Natal - Taveira Jr<\/title>\n<meta name=\"robots\" content=\"index, follow, max-snippet:-1, max-image-preview:large, max-video-preview:-1\" \/>\n<link rel=\"canonical\" href=\"https:\/\/deputadotaveirajr.com.br\/index.php\/secretaria-de-mobilidade-abre-consulta-publica-para-licitacao-do-transporte-publico-de-natal\/\" \/>\n<meta property=\"og:locale\" content=\"pt_BR\" \/>\n<meta property=\"og:type\" content=\"article\" \/>\n<meta property=\"og:title\" content=\"Secretaria de Mobilidade abre consulta p\u00fablica para licita\u00e7\u00e3o do transporte p\u00fablico de Natal - Taveira Jr\" \/>\n<meta property=\"og:description\" content=\"Tribunal de Contas do Estado vai acompanhar processo de licita\u00e7\u00e3o. Transporte p\u00fablico em Natal STTU A Secretaria de Mobilidade Urbana (STTU) abriu nesta quinta-feira (4) a consulta p\u00fablica referente ao ...\" \/>\n<meta property=\"og:url\" content=\"https:\/\/deputadotaveirajr.com.br\/index.php\/secretaria-de-mobilidade-abre-consulta-publica-para-licitacao-do-transporte-publico-de-natal\/\" \/>\n<meta property=\"og:site_name\" content=\"Taveira Jr\" \/>\n<meta property=\"og:image\" content=\"https:\/\/deputadotaveirajr.com.br\/wp-content\/uploads\/2024\/07\/38008-original-B09SA3.jpeg\" \/>\n\t<meta property=\"og:image:width\" content=\"1280\" \/>\n\t<meta property=\"og:image:height\" content=\"622\" \/>\n\t<meta property=\"og:image:type\" content=\"image\/jpeg\" \/>\n<meta name=\"twitter:card\" content=\"summary_large_image\" \/>\n<meta name=\"twitter:label1\" content=\"Est. tempo de leitura\" \/>\n\t<meta name=\"twitter:data1\" content=\"3 minutos\" \/>\n<script type=\"application\/ld+json\" class=\"yoast-schema-graph\">{\"@context\":\"https:\/\/schema.org\",\"@graph\":[{\"@type\":\"WebPage\",\"@id\":\"https:\/\/deputadotaveirajr.com.br\/index.php\/secretaria-de-mobilidade-abre-consulta-publica-para-licitacao-do-transporte-publico-de-natal\/\",\"url\":\"https:\/\/deputadotaveirajr.com.br\/index.php\/secretaria-de-mobilidade-abre-consulta-publica-para-licitacao-do-transporte-publico-de-natal\/\",\"name\":\"Secretaria de Mobilidade abre consulta p\u00fablica para licita\u00e7\u00e3o do transporte p\u00fablico de Natal - Taveira Jr\",\"isPartOf\":{\"@id\":\"https:\/\/deputadotaveirajr.com.br\/#website\"},\"primaryImageOfPage\":{\"@id\":\"https:\/\/deputadotaveirajr.com.br\/index.php\/secretaria-de-mobilidade-abre-consulta-publica-para-licitacao-do-transporte-publico-de-natal\/#primaryimage\"},\"image\":{\"@id\":\"https:\/\/deputadotaveirajr.com.br\/index.php\/secretaria-de-mobilidade-abre-consulta-publica-para-licitacao-do-transporte-publico-de-natal\/#primaryimage\"},\"thumbnailUrl\":\"https:\/\/deputadotaveirajr.com.br\/wp-content\/uploads\/2024\/07\/38008-original-B09SA3.jpeg\",\"datePublished\":\"2024-07-04T13:44:54+00:00\",\"breadcrumb\":{\"@id\":\"https:\/\/deputadotaveirajr.com.br\/index.php\/secretaria-de-mobilidade-abre-consulta-publica-para-licitacao-do-transporte-publico-de-natal\/#breadcrumb\"},\"inLanguage\":\"pt-BR\",\"potentialAction\":[{\"@type\":\"ReadAction\",\"target\":[\"https:\/\/deputadotaveirajr.com.br\/index.php\/secretaria-de-mobilidade-abre-consulta-publica-para-licitacao-do-transporte-publico-de-natal\/\"]}]},{\"@type\":\"ImageObject\",\"inLanguage\":\"pt-BR\",\"@id\":\"https:\/\/deputadotaveirajr.com.br\/index.php\/secretaria-de-mobilidade-abre-consulta-publica-para-licitacao-do-transporte-publico-de-natal\/#primaryimage\",\"url\":\"https:\/\/deputadotaveirajr.com.br\/wp-content\/uploads\/2024\/07\/38008-original-B09SA3.jpeg\",\"contentUrl\":\"https:\/\/deputadotaveirajr.com.br\/wp-content\/uploads\/2024\/07\/38008-original-B09SA3.jpeg\",\"width\":1280,\"height\":622},{\"@type\":\"BreadcrumbList\",\"@id\":\"https:\/\/deputadotaveirajr.com.br\/index.php\/secretaria-de-mobilidade-abre-consulta-publica-para-licitacao-do-transporte-publico-de-natal\/#breadcrumb\",\"itemListElement\":[{\"@type\":\"ListItem\",\"position\":1,\"name\":\"In\u00edcio\",\"item\":\"https:\/\/deputadotaveirajr.com.br\/\"},{\"@type\":\"ListItem\",\"position\":2,\"name\":\"Secretaria de Mobilidade abre consulta p\u00fablica para licita\u00e7\u00e3o do transporte p\u00fablico de Natal\"}]},{\"@type\":\"WebSite\",\"@id\":\"https:\/\/deputadotaveirajr.com.br\/#website\",\"url\":\"https:\/\/deputadotaveirajr.com.br\/\",\"name\":\"Taveira Jr\",\"description\":\"Deputado Estadual\",\"publisher\":{\"@id\":\"https:\/\/deputadotaveirajr.com.br\/#organization\"},\"potentialAction\":[{\"@type\":\"SearchAction\",\"target\":{\"@type\":\"EntryPoint\",\"urlTemplate\":\"https:\/\/deputadotaveirajr.com.br\/?s={search_term_string}\"},\"query-input\":{\"@type\":\"PropertyValueSpecification\",\"valueRequired\":true,\"valueName\":\"search_term_string\"}}],\"inLanguage\":\"pt-BR\"},{\"@type\":\"Organization\",\"@id\":\"https:\/\/deputadotaveirajr.com.br\/#organization\",\"name\":\"Taveira Jr\",\"url\":\"https:\/\/deputadotaveirajr.com.br\/\",\"logo\":{\"@type\":\"ImageObject\",\"inLanguage\":\"pt-BR\",\"@id\":\"https:\/\/deputadotaveirajr.com.br\/#\/schema\/logo\/image\/\",\"url\":\"https:\/\/deputadotaveirajr.com.br\/wp-content\/uploads\/2026\/01\/logolow2a.png\",\"contentUrl\":\"https:\/\/deputadotaveirajr.com.br\/wp-content\/uploads\/2026\/01\/logolow2a.png\",\"width\":290,\"height\":80,\"caption\":\"Taveira Jr\"},\"image\":{\"@id\":\"https:\/\/deputadotaveirajr.com.br\/#\/schema\/logo\/image\/\"}}]}<\/script>\n<!-- \/ Yoast SEO plugin. -->","yoast_head_json":{"title":"Secretaria de Mobilidade abre consulta p\u00fablica para licita\u00e7\u00e3o do transporte p\u00fablico de Natal - Taveira Jr","robots":{"index":"index","follow":"follow","max-snippet":"max-snippet:-1","max-image-preview":"max-image-preview:large","max-video-preview":"max-video-preview:-1"},"canonical":"https:\/\/deputadotaveirajr.com.br\/index.php\/secretaria-de-mobilidade-abre-consulta-publica-para-licitacao-do-transporte-publico-de-natal\/","og_locale":"pt_BR","og_type":"article","og_title":"Secretaria de Mobilidade abre consulta p\u00fablica para licita\u00e7\u00e3o do transporte p\u00fablico de Natal - Taveira Jr","og_description":"Tribunal de Contas do Estado vai acompanhar processo de licita\u00e7\u00e3o. Transporte p\u00fablico em Natal STTU A Secretaria de Mobilidade Urbana (STTU) abriu nesta quinta-feira (4) a consulta p\u00fablica referente ao ...","og_url":"https:\/\/deputadotaveirajr.com.br\/index.php\/secretaria-de-mobilidade-abre-consulta-publica-para-licitacao-do-transporte-publico-de-natal\/","og_site_name":"Taveira Jr","og_image":[{"width":1280,"height":622,"url":"https:\/\/deputadotaveirajr.com.br\/wp-content\/uploads\/2024\/07\/38008-original-B09SA3.jpeg","type":"image\/jpeg"}],"twitter_card":"summary_large_image","twitter_misc":{"Est. tempo de leitura":"3 minutos"},"schema":{"@context":"https:\/\/schema.org","@graph":[{"@type":"WebPage","@id":"https:\/\/deputadotaveirajr.com.br\/index.php\/secretaria-de-mobilidade-abre-consulta-publica-para-licitacao-do-transporte-publico-de-natal\/","url":"https:\/\/deputadotaveirajr.com.br\/index.php\/secretaria-de-mobilidade-abre-consulta-publica-para-licitacao-do-transporte-publico-de-natal\/","name":"Secretaria de Mobilidade abre consulta p\u00fablica para licita\u00e7\u00e3o do transporte p\u00fablico de Natal - Taveira Jr","isPartOf":{"@id":"https:\/\/deputadotaveirajr.com.br\/#website"},"primaryImageOfPage":{"@id":"https:\/\/deputadotaveirajr.com.br\/index.php\/secretaria-de-mobilidade-abre-consulta-publica-para-licitacao-do-transporte-publico-de-natal\/#primaryimage"},"image":{"@id":"https:\/\/deputadotaveirajr.com.br\/index.php\/secretaria-de-mobilidade-abre-consulta-publica-para-licitacao-do-transporte-publico-de-natal\/#primaryimage"},"thumbnailUrl":"https:\/\/deputadotaveirajr.com.br\/wp-content\/uploads\/2024\/07\/38008-original-B09SA3.jpeg","datePublished":"2024-07-04T13:44:54+00:00","breadcrumb":{"@id":"https:\/\/deputadotaveirajr.com.br\/index.php\/secretaria-de-mobilidade-abre-consulta-publica-para-licitacao-do-transporte-publico-de-natal\/#breadcrumb"},"inLanguage":"pt-BR","potentialAction":[{"@type":"ReadAction","target":["https:\/\/deputadotaveirajr.com.br\/index.php\/secretaria-de-mobilidade-abre-consulta-publica-para-licitacao-do-transporte-publico-de-natal\/"]}]},{"@type":"ImageObject","inLanguage":"pt-BR","@id":"https:\/\/deputadotaveirajr.com.br\/index.php\/secretaria-de-mobilidade-abre-consulta-publica-para-licitacao-do-transporte-publico-de-natal\/#primaryimage","url":"https:\/\/deputadotaveirajr.com.br\/wp-content\/uploads\/2024\/07\/38008-original-B09SA3.jpeg","contentUrl":"https:\/\/deputadotaveirajr.com.br\/wp-content\/uploads\/2024\/07\/38008-original-B09SA3.jpeg","width":1280,"height":622},{"@type":"BreadcrumbList","@id":"https:\/\/deputadotaveirajr.com.br\/index.php\/secretaria-de-mobilidade-abre-consulta-publica-para-licitacao-do-transporte-publico-de-natal\/#breadcrumb","itemListElement":[{"@type":"ListItem","position":1,"name":"In\u00edcio","item":"https:\/\/deputadotaveirajr.com.br\/"},{"@type":"ListItem","position":2,"name":"Secretaria de Mobilidade abre consulta p\u00fablica para licita\u00e7\u00e3o do transporte p\u00fablico de Natal"}]},{"@type":"WebSite","@id":"https:\/\/deputadotaveirajr.com.br\/#website","url":"https:\/\/deputadotaveirajr.com.br\/","name":"Taveira Jr","description":"Deputado Estadual","publisher":{"@id":"https:\/\/deputadotaveirajr.com.br\/#organization"},"potentialAction":[{"@type":"SearchAction","target":{"@type":"EntryPoint","urlTemplate":"https:\/\/deputadotaveirajr.com.br\/?s={search_term_string}"},"query-input":{"@type":"PropertyValueSpecification","valueRequired":true,"valueName":"search_term_string"}}],"inLanguage":"pt-BR"},{"@type":"Organization","@id":"https:\/\/deputadotaveirajr.com.br\/#organization","name":"Taveira Jr","url":"https:\/\/deputadotaveirajr.com.br\/","logo":{"@type":"ImageObject","inLanguage":"pt-BR","@id":"https:\/\/deputadotaveirajr.com.br\/#\/schema\/logo\/image\/","url":"https:\/\/deputadotaveirajr.com.br\/wp-content\/uploads\/2026\/01\/logolow2a.png","contentUrl":"https:\/\/deputadotaveirajr.com.br\/wp-content\/uploads\/2026\/01\/logolow2a.png","width":290,"height":80,"caption":"Taveira Jr"},"image":{"@id":"https:\/\/deputadotaveirajr.com.br\/#\/schema\/logo\/image\/"}}]}},"_links":{"self":[{"href":"https:\/\/deputadotaveirajr.com.br\/index.php\/wp-json\/wp\/v2\/pages\/7490","targetHints":{"allow":["GET"]}}],"collection":[{"href":"https:\/\/deputadotaveirajr.com.br\/index.php\/wp-json\/wp\/v2\/pages"}],"about":[{"href":"https:\/\/deputadotaveirajr.com.br\/index.php\/wp-json\/wp\/v2\/types\/page"}],"replies":[{"embeddable":true,"href":"https:\/\/deputadotaveirajr.com.br\/index.php\/wp-json\/wp\/v2\/comments?post=7490"}],"version-history":[{"count":1,"href":"https:\/\/deputadotaveirajr.com.br\/index.php\/wp-json\/wp\/v2\/pages\/7490\/revisions"}],"predecessor-version":[{"id":7498,"href":"https:\/\/deputadotaveirajr.com.br\/index.php\/wp-json\/wp\/v2\/pages\/7490\/revisions\/7498"}],"wp:featuredmedia":[{"embeddable":true,"href":"https:\/\/deputadotaveirajr.com.br\/index.php\/wp-json\/wp\/v2\/media\/7491"}],"wp:attachment":[{"href":"https:\/\/deputadotaveirajr.com.br\/index.php\/wp-json\/wp\/v2\/media?parent=7490"}],"curies":[{"name":"wp","href":"https:\/\/api.w.org\/{rel}","templated":true}]}}