{"id":7508,"date":"2024-07-04T14:51:00","date_gmt":"2024-07-04T17:51:00","guid":{"rendered":"https:\/\/deputadotaveirajr.com.br\/?page_id=7508"},"modified":"2024-07-04T14:51:00","modified_gmt":"2024-07-04T17:51:00","slug":"empresario-foi-morto-a-tiro-horas-antes-de-operacao-policial-em-enderecos-ligados-a-ele-no-interior-do-rn","status":"publish","type":"page","link":"https:\/\/deputadotaveirajr.com.br\/index.php\/empresario-foi-morto-a-tiro-horas-antes-de-operacao-policial-em-enderecos-ligados-a-ele-no-interior-do-rn\/","title":{"rendered":"Empres\u00e1rio foi morto a tiro horas antes de opera\u00e7\u00e3o policial em endere\u00e7os ligados a ele no interior do RN"},"content":{"rendered":"<p>     Segundo a Pol\u00edcia Civil, ele \u00e9 suspeito de integrar uma associa\u00e7\u00e3o criminosa voltada para a pr\u00e1tica de recepta\u00e7\u00e3o qualificada, lavagem de dinheiro, adultera\u00e7\u00e3o de ve\u00edculo automotor e estelionato. Opera\u00e7\u00e3o apreendeu carros de luxo, motocicletas com sinais de adultera\u00e7\u00e3o, muni\u00e7\u00f5es, carregadores de pistola e vasta quantia em dinheiro<br \/>\nPol\u00edcia Civil\/Divulga\u00e7\u00e3o<br \/>\nO empres\u00e1rio morto a tiro dentro de seu pr\u00f3prio estabelecimento nesta quarta-feira (3) \u00e9 suspeito de integrar uma associa\u00e7\u00e3o criminosa voltada para a pr\u00e1tica de recepta\u00e7\u00e3o qualificada, lavagem de dinheiro, adultera\u00e7\u00e3o de ve\u00edculo automotor e estelionato, segundo a Pol\u00edcia Civil.<br \/>\nO crime aconteceu no munic\u00edpio de Jo\u00e3o C\u00e2mara, na regi\u00e3o do Mato Grande, interior do Rio Grande do Norte. A v\u00edtima foi identificada pela Pol\u00edcia Civil como Everton Cleiton, de 34 anos.<br \/>\n\ud83d\udcf3Participe do canal do g1 RN no WhatsApp<br \/>\nDe acordo com a Pol\u00edcia Civil, im\u00f3veis ligados ao empres\u00e1rio foram alvo de uma opera\u00e7\u00e3o de busca e apreens\u00e3o horas depois da morte. A opera\u00e7\u00e3o estava prevista para a manh\u00e3 desta quinta (4), mas ap\u00f3s a morte do empres\u00e1rio foi antecipada pela pol\u00edcia.<br \/>\nNa resid\u00eancia do empres\u00e1rio, a pol\u00edcia apreendeu muni\u00e7\u00f5es, carregadores de pistola e vasta quantia em dinheiro. J\u00e1 na loja, motocicletas com sinais de adultera\u00e7\u00e3o e ve\u00edculos de luxo foram apreendidos, al\u00e9m de diversas anota\u00e7\u00f5es. Os mandados de busca e apreens\u00e3o foram expedidos pela 2\u00aa Vara da Comarca de Jo\u00e3o C\u00e2mara.<br \/>\nO crime<br \/>\nDe acordo com a equipe da 85\u00aa DP, dois homens chegaram na loja de motos do empres\u00e1rio, na manh\u00e3 de quarta-feira (3), e um dos indiv\u00edduos efetuou um disparo de arma de fogo na regi\u00e3o peitoral da v\u00edtima, sem subtrair nenhum pertence.<br \/>\nAp\u00f3s o homic\u00eddio, os suspeitos se evadiram em um ve\u00edculo Hyundai HB20 sedan, de cor cinza. De imediato, a Pol\u00edcia Civil iniciou dilig\u00eancias a fim de localizar e identificar os autores do crime, bem como a motiva\u00e7\u00e3o do delito. As investiga\u00e7\u00f5es est\u00e3o em andamento.<br \/>\nA Pol\u00edcia Civil solicita que a popula\u00e7\u00e3o continue enviando informa\u00e7\u00f5es, de forma an\u00f4nima, por meio do Disque Den\u00fancia 181.<br \/>\nV\u00edtima foi morta dentro de pr\u00f3pria loja de motos<br \/>\nReprodu\u00e7\u00e3o\/Redes Sociais<\/p>","protected":false},"excerpt":{"rendered":"<p>Segundo a Pol\u00edcia Civil, ele \u00e9 suspeito de integrar uma associa\u00e7\u00e3o criminosa voltada para a pr\u00e1tica de recepta\u00e7\u00e3o qualificada, lavagem de dinheiro, adultera\u00e7\u00e3o de ve\u00edculo automotor e estelionato. Opera\u00e7\u00e3o apreendeu &#8230;<\/p>\n","protected":false},"author":0,"featured_media":7509,"parent":0,"menu_order":0,"comment_status":"closed","ping_status":"closed","template":"","meta":{"footnotes":""},"class_list":["post-7508","page","type-page","status-publish","has-post-thumbnail","hentry"],"yoast_head":"<!-- This site is optimized with the Yoast SEO plugin v27.1.1 - https:\/\/yoast.com\/product\/yoast-seo-wordpress\/ -->\n<title>Empres\u00e1rio foi morto a tiro horas antes de opera\u00e7\u00e3o policial em endere\u00e7os ligados a ele no interior do RN - Taveira Jr<\/title>\n<meta name=\"robots\" content=\"index, follow, max-snippet:-1, max-image-preview:large, max-video-preview:-1\" \/>\n<link rel=\"canonical\" href=\"https:\/\/deputadotaveirajr.com.br\/index.php\/empresario-foi-morto-a-tiro-horas-antes-de-operacao-policial-em-enderecos-ligados-a-ele-no-interior-do-rn\/\" \/>\n<meta property=\"og:locale\" content=\"pt_BR\" \/>\n<meta property=\"og:type\" content=\"article\" \/>\n<meta property=\"og:title\" content=\"Empres\u00e1rio foi morto a tiro horas antes de opera\u00e7\u00e3o policial em endere\u00e7os ligados a ele no interior do RN - Taveira Jr\" \/>\n<meta property=\"og:description\" content=\"Segundo a Pol\u00edcia Civil, ele \u00e9 suspeito de integrar uma associa\u00e7\u00e3o criminosa voltada para a pr\u00e1tica de recepta\u00e7\u00e3o qualificada, lavagem de dinheiro, adultera\u00e7\u00e3o de ve\u00edculo automotor e estelionato. Opera\u00e7\u00e3o apreendeu ...\" \/>\n<meta property=\"og:url\" content=\"https:\/\/deputadotaveirajr.com.br\/index.php\/empresario-foi-morto-a-tiro-horas-antes-de-operacao-policial-em-enderecos-ligados-a-ele-no-interior-do-rn\/\" \/>\n<meta property=\"og:site_name\" content=\"Taveira Jr\" \/>\n<meta property=\"og:image\" content=\"https:\/\/deputadotaveirajr.com.br\/wp-content\/uploads\/2024\/07\/carros-apreendidos-8UPyg8.jpeg\" \/>\n\t<meta property=\"og:image:width\" content=\"771\" \/>\n\t<meta property=\"og:image:height\" content=\"491\" \/>\n\t<meta property=\"og:image:type\" content=\"image\/jpeg\" \/>\n<meta name=\"twitter:card\" content=\"summary_large_image\" \/>\n<meta name=\"twitter:label1\" content=\"Est. tempo de leitura\" \/>\n\t<meta name=\"twitter:data1\" content=\"2 minutos\" \/>\n<script type=\"application\/ld+json\" class=\"yoast-schema-graph\">{\"@context\":\"https:\/\/schema.org\",\"@graph\":[{\"@type\":\"WebPage\",\"@id\":\"https:\/\/deputadotaveirajr.com.br\/index.php\/empresario-foi-morto-a-tiro-horas-antes-de-operacao-policial-em-enderecos-ligados-a-ele-no-interior-do-rn\/\",\"url\":\"https:\/\/deputadotaveirajr.com.br\/index.php\/empresario-foi-morto-a-tiro-horas-antes-de-operacao-policial-em-enderecos-ligados-a-ele-no-interior-do-rn\/\",\"name\":\"Empres\u00e1rio foi morto a tiro horas antes de opera\u00e7\u00e3o policial em endere\u00e7os ligados a ele no interior do RN - Taveira Jr\",\"isPartOf\":{\"@id\":\"https:\/\/deputadotaveirajr.com.br\/#website\"},\"primaryImageOfPage\":{\"@id\":\"https:\/\/deputadotaveirajr.com.br\/index.php\/empresario-foi-morto-a-tiro-horas-antes-de-operacao-policial-em-enderecos-ligados-a-ele-no-interior-do-rn\/#primaryimage\"},\"image\":{\"@id\":\"https:\/\/deputadotaveirajr.com.br\/index.php\/empresario-foi-morto-a-tiro-horas-antes-de-operacao-policial-em-enderecos-ligados-a-ele-no-interior-do-rn\/#primaryimage\"},\"thumbnailUrl\":\"https:\/\/deputadotaveirajr.com.br\/wp-content\/uploads\/2024\/07\/carros-apreendidos-8UPyg8.jpeg\",\"datePublished\":\"2024-07-04T17:51:00+00:00\",\"breadcrumb\":{\"@id\":\"https:\/\/deputadotaveirajr.com.br\/index.php\/empresario-foi-morto-a-tiro-horas-antes-de-operacao-policial-em-enderecos-ligados-a-ele-no-interior-do-rn\/#breadcrumb\"},\"inLanguage\":\"pt-BR\",\"potentialAction\":[{\"@type\":\"ReadAction\",\"target\":[\"https:\/\/deputadotaveirajr.com.br\/index.php\/empresario-foi-morto-a-tiro-horas-antes-de-operacao-policial-em-enderecos-ligados-a-ele-no-interior-do-rn\/\"]}]},{\"@type\":\"ImageObject\",\"inLanguage\":\"pt-BR\",\"@id\":\"https:\/\/deputadotaveirajr.com.br\/index.php\/empresario-foi-morto-a-tiro-horas-antes-de-operacao-policial-em-enderecos-ligados-a-ele-no-interior-do-rn\/#primaryimage\",\"url\":\"https:\/\/deputadotaveirajr.com.br\/wp-content\/uploads\/2024\/07\/carros-apreendidos-8UPyg8.jpeg\",\"contentUrl\":\"https:\/\/deputadotaveirajr.com.br\/wp-content\/uploads\/2024\/07\/carros-apreendidos-8UPyg8.jpeg\",\"width\":771,\"height\":491},{\"@type\":\"BreadcrumbList\",\"@id\":\"https:\/\/deputadotaveirajr.com.br\/index.php\/empresario-foi-morto-a-tiro-horas-antes-de-operacao-policial-em-enderecos-ligados-a-ele-no-interior-do-rn\/#breadcrumb\",\"itemListElement\":[{\"@type\":\"ListItem\",\"position\":1,\"name\":\"In\u00edcio\",\"item\":\"https:\/\/deputadotaveirajr.com.br\/\"},{\"@type\":\"ListItem\",\"position\":2,\"name\":\"Empres\u00e1rio foi morto a tiro horas antes de opera\u00e7\u00e3o policial em endere\u00e7os ligados a ele no interior do RN\"}]},{\"@type\":\"WebSite\",\"@id\":\"https:\/\/deputadotaveirajr.com.br\/#website\",\"url\":\"https:\/\/deputadotaveirajr.com.br\/\",\"name\":\"Taveira Jr\",\"description\":\"Deputado Estadual\",\"publisher\":{\"@id\":\"https:\/\/deputadotaveirajr.com.br\/#organization\"},\"potentialAction\":[{\"@type\":\"SearchAction\",\"target\":{\"@type\":\"EntryPoint\",\"urlTemplate\":\"https:\/\/deputadotaveirajr.com.br\/?s={search_term_string}\"},\"query-input\":{\"@type\":\"PropertyValueSpecification\",\"valueRequired\":true,\"valueName\":\"search_term_string\"}}],\"inLanguage\":\"pt-BR\"},{\"@type\":\"Organization\",\"@id\":\"https:\/\/deputadotaveirajr.com.br\/#organization\",\"name\":\"Taveira Jr\",\"url\":\"https:\/\/deputadotaveirajr.com.br\/\",\"logo\":{\"@type\":\"ImageObject\",\"inLanguage\":\"pt-BR\",\"@id\":\"https:\/\/deputadotaveirajr.com.br\/#\/schema\/logo\/image\/\",\"url\":\"https:\/\/deputadotaveirajr.com.br\/wp-content\/uploads\/2026\/01\/logolow2a.png\",\"contentUrl\":\"https:\/\/deputadotaveirajr.com.br\/wp-content\/uploads\/2026\/01\/logolow2a.png\",\"width\":290,\"height\":80,\"caption\":\"Taveira Jr\"},\"image\":{\"@id\":\"https:\/\/deputadotaveirajr.com.br\/#\/schema\/logo\/image\/\"}}]}<\/script>\n<!-- \/ Yoast SEO plugin. -->","yoast_head_json":{"title":"Empres\u00e1rio foi morto a tiro horas antes de opera\u00e7\u00e3o policial em endere\u00e7os ligados a ele no interior do RN - Taveira Jr","robots":{"index":"index","follow":"follow","max-snippet":"max-snippet:-1","max-image-preview":"max-image-preview:large","max-video-preview":"max-video-preview:-1"},"canonical":"https:\/\/deputadotaveirajr.com.br\/index.php\/empresario-foi-morto-a-tiro-horas-antes-de-operacao-policial-em-enderecos-ligados-a-ele-no-interior-do-rn\/","og_locale":"pt_BR","og_type":"article","og_title":"Empres\u00e1rio foi morto a tiro horas antes de opera\u00e7\u00e3o policial em endere\u00e7os ligados a ele no interior do RN - Taveira Jr","og_description":"Segundo a Pol\u00edcia Civil, ele \u00e9 suspeito de integrar uma associa\u00e7\u00e3o criminosa voltada para a pr\u00e1tica de recepta\u00e7\u00e3o qualificada, lavagem de dinheiro, adultera\u00e7\u00e3o de ve\u00edculo automotor e estelionato. Opera\u00e7\u00e3o apreendeu ...","og_url":"https:\/\/deputadotaveirajr.com.br\/index.php\/empresario-foi-morto-a-tiro-horas-antes-de-operacao-policial-em-enderecos-ligados-a-ele-no-interior-do-rn\/","og_site_name":"Taveira Jr","og_image":[{"width":771,"height":491,"url":"https:\/\/deputadotaveirajr.com.br\/wp-content\/uploads\/2024\/07\/carros-apreendidos-8UPyg8.jpeg","type":"image\/jpeg"}],"twitter_card":"summary_large_image","twitter_misc":{"Est. tempo de leitura":"2 minutos"},"schema":{"@context":"https:\/\/schema.org","@graph":[{"@type":"WebPage","@id":"https:\/\/deputadotaveirajr.com.br\/index.php\/empresario-foi-morto-a-tiro-horas-antes-de-operacao-policial-em-enderecos-ligados-a-ele-no-interior-do-rn\/","url":"https:\/\/deputadotaveirajr.com.br\/index.php\/empresario-foi-morto-a-tiro-horas-antes-de-operacao-policial-em-enderecos-ligados-a-ele-no-interior-do-rn\/","name":"Empres\u00e1rio foi morto a tiro horas antes de opera\u00e7\u00e3o policial em endere\u00e7os ligados a ele no interior do RN - Taveira Jr","isPartOf":{"@id":"https:\/\/deputadotaveirajr.com.br\/#website"},"primaryImageOfPage":{"@id":"https:\/\/deputadotaveirajr.com.br\/index.php\/empresario-foi-morto-a-tiro-horas-antes-de-operacao-policial-em-enderecos-ligados-a-ele-no-interior-do-rn\/#primaryimage"},"image":{"@id":"https:\/\/deputadotaveirajr.com.br\/index.php\/empresario-foi-morto-a-tiro-horas-antes-de-operacao-policial-em-enderecos-ligados-a-ele-no-interior-do-rn\/#primaryimage"},"thumbnailUrl":"https:\/\/deputadotaveirajr.com.br\/wp-content\/uploads\/2024\/07\/carros-apreendidos-8UPyg8.jpeg","datePublished":"2024-07-04T17:51:00+00:00","breadcrumb":{"@id":"https:\/\/deputadotaveirajr.com.br\/index.php\/empresario-foi-morto-a-tiro-horas-antes-de-operacao-policial-em-enderecos-ligados-a-ele-no-interior-do-rn\/#breadcrumb"},"inLanguage":"pt-BR","potentialAction":[{"@type":"ReadAction","target":["https:\/\/deputadotaveirajr.com.br\/index.php\/empresario-foi-morto-a-tiro-horas-antes-de-operacao-policial-em-enderecos-ligados-a-ele-no-interior-do-rn\/"]}]},{"@type":"ImageObject","inLanguage":"pt-BR","@id":"https:\/\/deputadotaveirajr.com.br\/index.php\/empresario-foi-morto-a-tiro-horas-antes-de-operacao-policial-em-enderecos-ligados-a-ele-no-interior-do-rn\/#primaryimage","url":"https:\/\/deputadotaveirajr.com.br\/wp-content\/uploads\/2024\/07\/carros-apreendidos-8UPyg8.jpeg","contentUrl":"https:\/\/deputadotaveirajr.com.br\/wp-content\/uploads\/2024\/07\/carros-apreendidos-8UPyg8.jpeg","width":771,"height":491},{"@type":"BreadcrumbList","@id":"https:\/\/deputadotaveirajr.com.br\/index.php\/empresario-foi-morto-a-tiro-horas-antes-de-operacao-policial-em-enderecos-ligados-a-ele-no-interior-do-rn\/#breadcrumb","itemListElement":[{"@type":"ListItem","position":1,"name":"In\u00edcio","item":"https:\/\/deputadotaveirajr.com.br\/"},{"@type":"ListItem","position":2,"name":"Empres\u00e1rio foi morto a tiro horas antes de opera\u00e7\u00e3o policial em endere\u00e7os ligados a ele no interior do RN"}]},{"@type":"WebSite","@id":"https:\/\/deputadotaveirajr.com.br\/#website","url":"https:\/\/deputadotaveirajr.com.br\/","name":"Taveira Jr","description":"Deputado Estadual","publisher":{"@id":"https:\/\/deputadotaveirajr.com.br\/#organization"},"potentialAction":[{"@type":"SearchAction","target":{"@type":"EntryPoint","urlTemplate":"https:\/\/deputadotaveirajr.com.br\/?s={search_term_string}"},"query-input":{"@type":"PropertyValueSpecification","valueRequired":true,"valueName":"search_term_string"}}],"inLanguage":"pt-BR"},{"@type":"Organization","@id":"https:\/\/deputadotaveirajr.com.br\/#organization","name":"Taveira Jr","url":"https:\/\/deputadotaveirajr.com.br\/","logo":{"@type":"ImageObject","inLanguage":"pt-BR","@id":"https:\/\/deputadotaveirajr.com.br\/#\/schema\/logo\/image\/","url":"https:\/\/deputadotaveirajr.com.br\/wp-content\/uploads\/2026\/01\/logolow2a.png","contentUrl":"https:\/\/deputadotaveirajr.com.br\/wp-content\/uploads\/2026\/01\/logolow2a.png","width":290,"height":80,"caption":"Taveira Jr"},"image":{"@id":"https:\/\/deputadotaveirajr.com.br\/#\/schema\/logo\/image\/"}}]}},"_links":{"self":[{"href":"https:\/\/deputadotaveirajr.com.br\/index.php\/wp-json\/wp\/v2\/pages\/7508","targetHints":{"allow":["GET"]}}],"collection":[{"href":"https:\/\/deputadotaveirajr.com.br\/index.php\/wp-json\/wp\/v2\/pages"}],"about":[{"href":"https:\/\/deputadotaveirajr.com.br\/index.php\/wp-json\/wp\/v2\/types\/page"}],"replies":[{"embeddable":true,"href":"https:\/\/deputadotaveirajr.com.br\/index.php\/wp-json\/wp\/v2\/comments?post=7508"}],"version-history":[{"count":1,"href":"https:\/\/deputadotaveirajr.com.br\/index.php\/wp-json\/wp\/v2\/pages\/7508\/revisions"}],"predecessor-version":[{"id":7510,"href":"https:\/\/deputadotaveirajr.com.br\/index.php\/wp-json\/wp\/v2\/pages\/7508\/revisions\/7510"}],"wp:featuredmedia":[{"embeddable":true,"href":"https:\/\/deputadotaveirajr.com.br\/index.php\/wp-json\/wp\/v2\/media\/7509"}],"wp:attachment":[{"href":"https:\/\/deputadotaveirajr.com.br\/index.php\/wp-json\/wp\/v2\/media?parent=7508"}],"curies":[{"name":"wp","href":"https:\/\/api.w.org\/{rel}","templated":true}]}}