{"id":7561,"date":"2024-07-07T12:17:10","date_gmt":"2024-07-07T15:17:10","guid":{"rendered":"https:\/\/deputadotaveirajr.com.br\/?page_id=7561"},"modified":"2024-07-07T12:17:10","modified_gmt":"2024-07-07T15:17:10","slug":"trecho-esburacado-dificulta-trafego-de-motoristas-na-avenida-nevaldo-rocha-em-natal","status":"publish","type":"page","link":"https:\/\/deputadotaveirajr.com.br\/index.php\/trecho-esburacado-dificulta-trafego-de-motoristas-na-avenida-nevaldo-rocha-em-natal\/","title":{"rendered":"Trecho esburacado dificulta tr\u00e1fego de motoristas na Avenida Nevaldo Rocha, em Natal"},"content":{"rendered":"<p>     Seinfra informou que far\u00e1 uma visita t\u00e9cnica ao trecho nesta semana para tomar medidas. Problema acontece nas proximidades do cruzamento com a Coronel Estevam. Buracos na Av. Nevaldo Rocha<br \/>\nUm trecho esburacado na Avenida Nevaldo Rocha (antiga Bernardo Vieira), uma das vias mais movimentadas de Natal, tem dificultado a vida de motoristas que trafegam pelo local diariamente (veja reportagem acima).<br \/>\nO problema acontece na altura dos bairros Alecrim e Dix-Sept Rosado, entre as zonas Leste e Oeste da cidade, pr\u00f3ximo ao cruzamento com a Avenida Coronel Estevam. A via \u00e9 uma das mais utilizadas para chegar \u00e0 Zona Norte da cidade.<br \/>\n\ud83d\udcf3Participe do canal do g1 RN no WhatsApp<br \/>\nEm nota, a Secretaria de Infraestrutura de Natal (Seinfra), respons\u00e1vel pela via, informou que ficou ciente do problema e disse que far\u00e1 uma visita t\u00e9cnica ao trecho nesta semana para tomar medidas. A pasta, no entanto, n\u00e3o informou que medidas ser\u00e3o essas e nem o prazo para iniciar o reparo.<br \/>\nTrecho esburacado na avenida Nevaldo Rocha, em Natal<br \/>\nKleber Teixeira\/Inter TV Cabugi<br \/>\nPara passar no local, os motoristas precisam trafegar mais devagar e reclamam ainda que os buracos causam danos aos carros, como problemas na suspens\u00e3o, devido a instabilidade na pista.<br \/>\nOs buracos est\u00e3o no sentido da Zona Norte de Natal para a Zona Sul. O trecho, segundo os motoristas, passa por alagamentos quando h\u00e1 chuvas mais fortes na capital potiguar.<br \/>\nTrecho esburacado na avenida Nevaldo Rocha, em Natal<br \/>\nKleber Teixeira\/Inter TV Cabugi<br \/>\nLEIA TAMB\u00c9M<br \/>\nLama, buracos e tr\u00e2nsito lento: Obra causa transtornos a motoristas no Gancho de Igap\u00f3, em Natal<br \/>\nV\u00eddeos mais assistidos do g1 RN<\/p>","protected":false},"excerpt":{"rendered":"<p>Seinfra informou que far\u00e1 uma visita t\u00e9cnica ao trecho nesta semana para tomar medidas. Problema acontece nas proximidades do cruzamento com a Coronel Estevam. Buracos na Av. Nevaldo Rocha Um &#8230;<\/p>\n","protected":false},"author":0,"featured_media":7562,"parent":0,"menu_order":0,"comment_status":"closed","ping_status":"closed","template":"","meta":{"footnotes":""},"class_list":["post-7561","page","type-page","status-publish","has-post-thumbnail","hentry"],"yoast_head":"<!-- This site is optimized with the Yoast SEO plugin v27.1.1 - https:\/\/yoast.com\/product\/yoast-seo-wordpress\/ -->\n<title>Trecho esburacado dificulta tr\u00e1fego de motoristas na Avenida Nevaldo Rocha, em Natal - Taveira Jr<\/title>\n<meta name=\"robots\" content=\"index, follow, max-snippet:-1, max-image-preview:large, max-video-preview:-1\" \/>\n<link rel=\"canonical\" href=\"https:\/\/deputadotaveirajr.com.br\/index.php\/trecho-esburacado-dificulta-trafego-de-motoristas-na-avenida-nevaldo-rocha-em-natal\/\" \/>\n<meta property=\"og:locale\" content=\"pt_BR\" \/>\n<meta property=\"og:type\" content=\"article\" \/>\n<meta property=\"og:title\" content=\"Trecho esburacado dificulta tr\u00e1fego de motoristas na Avenida Nevaldo Rocha, em Natal - Taveira Jr\" \/>\n<meta property=\"og:description\" content=\"Seinfra informou que far\u00e1 uma visita t\u00e9cnica ao trecho nesta semana para tomar medidas. Problema acontece nas proximidades do cruzamento com a Coronel Estevam. Buracos na Av. Nevaldo Rocha Um ...\" \/>\n<meta property=\"og:url\" content=\"https:\/\/deputadotaveirajr.com.br\/index.php\/trecho-esburacado-dificulta-trafego-de-motoristas-na-avenida-nevaldo-rocha-em-natal\/\" \/>\n<meta property=\"og:site_name\" content=\"Taveira Jr\" \/>\n<meta property=\"og:image\" content=\"https:\/\/deputadotaveirajr.com.br\/wp-content\/uploads\/2024\/07\/whatsapp-image-2024-07-06-at-14.18.17-NANQNy.jpeg\" \/>\n\t<meta property=\"og:image:width\" content=\"1600\" \/>\n\t<meta property=\"og:image:height\" content=\"900\" \/>\n\t<meta property=\"og:image:type\" content=\"image\/jpeg\" \/>\n<meta name=\"twitter:card\" content=\"summary_large_image\" \/>\n<meta name=\"twitter:label1\" content=\"Est. tempo de leitura\" \/>\n\t<meta name=\"twitter:data1\" content=\"1 minuto\" \/>\n<script type=\"application\/ld+json\" class=\"yoast-schema-graph\">{\"@context\":\"https:\/\/schema.org\",\"@graph\":[{\"@type\":\"WebPage\",\"@id\":\"https:\/\/deputadotaveirajr.com.br\/index.php\/trecho-esburacado-dificulta-trafego-de-motoristas-na-avenida-nevaldo-rocha-em-natal\/\",\"url\":\"https:\/\/deputadotaveirajr.com.br\/index.php\/trecho-esburacado-dificulta-trafego-de-motoristas-na-avenida-nevaldo-rocha-em-natal\/\",\"name\":\"Trecho esburacado dificulta tr\u00e1fego de motoristas na Avenida Nevaldo Rocha, em Natal - Taveira Jr\",\"isPartOf\":{\"@id\":\"https:\/\/deputadotaveirajr.com.br\/#website\"},\"primaryImageOfPage\":{\"@id\":\"https:\/\/deputadotaveirajr.com.br\/index.php\/trecho-esburacado-dificulta-trafego-de-motoristas-na-avenida-nevaldo-rocha-em-natal\/#primaryimage\"},\"image\":{\"@id\":\"https:\/\/deputadotaveirajr.com.br\/index.php\/trecho-esburacado-dificulta-trafego-de-motoristas-na-avenida-nevaldo-rocha-em-natal\/#primaryimage\"},\"thumbnailUrl\":\"https:\/\/deputadotaveirajr.com.br\/wp-content\/uploads\/2024\/07\/whatsapp-image-2024-07-06-at-14.18.17-NANQNy.jpeg\",\"datePublished\":\"2024-07-07T15:17:10+00:00\",\"breadcrumb\":{\"@id\":\"https:\/\/deputadotaveirajr.com.br\/index.php\/trecho-esburacado-dificulta-trafego-de-motoristas-na-avenida-nevaldo-rocha-em-natal\/#breadcrumb\"},\"inLanguage\":\"pt-BR\",\"potentialAction\":[{\"@type\":\"ReadAction\",\"target\":[\"https:\/\/deputadotaveirajr.com.br\/index.php\/trecho-esburacado-dificulta-trafego-de-motoristas-na-avenida-nevaldo-rocha-em-natal\/\"]}]},{\"@type\":\"ImageObject\",\"inLanguage\":\"pt-BR\",\"@id\":\"https:\/\/deputadotaveirajr.com.br\/index.php\/trecho-esburacado-dificulta-trafego-de-motoristas-na-avenida-nevaldo-rocha-em-natal\/#primaryimage\",\"url\":\"https:\/\/deputadotaveirajr.com.br\/wp-content\/uploads\/2024\/07\/whatsapp-image-2024-07-06-at-14.18.17-NANQNy.jpeg\",\"contentUrl\":\"https:\/\/deputadotaveirajr.com.br\/wp-content\/uploads\/2024\/07\/whatsapp-image-2024-07-06-at-14.18.17-NANQNy.jpeg\",\"width\":1600,\"height\":900},{\"@type\":\"BreadcrumbList\",\"@id\":\"https:\/\/deputadotaveirajr.com.br\/index.php\/trecho-esburacado-dificulta-trafego-de-motoristas-na-avenida-nevaldo-rocha-em-natal\/#breadcrumb\",\"itemListElement\":[{\"@type\":\"ListItem\",\"position\":1,\"name\":\"In\u00edcio\",\"item\":\"https:\/\/deputadotaveirajr.com.br\/\"},{\"@type\":\"ListItem\",\"position\":2,\"name\":\"Trecho esburacado dificulta tr\u00e1fego de motoristas na Avenida Nevaldo Rocha, em Natal\"}]},{\"@type\":\"WebSite\",\"@id\":\"https:\/\/deputadotaveirajr.com.br\/#website\",\"url\":\"https:\/\/deputadotaveirajr.com.br\/\",\"name\":\"Taveira Jr\",\"description\":\"Deputado Estadual\",\"publisher\":{\"@id\":\"https:\/\/deputadotaveirajr.com.br\/#organization\"},\"potentialAction\":[{\"@type\":\"SearchAction\",\"target\":{\"@type\":\"EntryPoint\",\"urlTemplate\":\"https:\/\/deputadotaveirajr.com.br\/?s={search_term_string}\"},\"query-input\":{\"@type\":\"PropertyValueSpecification\",\"valueRequired\":true,\"valueName\":\"search_term_string\"}}],\"inLanguage\":\"pt-BR\"},{\"@type\":\"Organization\",\"@id\":\"https:\/\/deputadotaveirajr.com.br\/#organization\",\"name\":\"Taveira Jr\",\"url\":\"https:\/\/deputadotaveirajr.com.br\/\",\"logo\":{\"@type\":\"ImageObject\",\"inLanguage\":\"pt-BR\",\"@id\":\"https:\/\/deputadotaveirajr.com.br\/#\/schema\/logo\/image\/\",\"url\":\"https:\/\/deputadotaveirajr.com.br\/wp-content\/uploads\/2026\/01\/logolow2a.png\",\"contentUrl\":\"https:\/\/deputadotaveirajr.com.br\/wp-content\/uploads\/2026\/01\/logolow2a.png\",\"width\":290,\"height\":80,\"caption\":\"Taveira Jr\"},\"image\":{\"@id\":\"https:\/\/deputadotaveirajr.com.br\/#\/schema\/logo\/image\/\"}}]}<\/script>\n<!-- \/ Yoast SEO plugin. -->","yoast_head_json":{"title":"Trecho esburacado dificulta tr\u00e1fego de motoristas na Avenida Nevaldo Rocha, em Natal - Taveira Jr","robots":{"index":"index","follow":"follow","max-snippet":"max-snippet:-1","max-image-preview":"max-image-preview:large","max-video-preview":"max-video-preview:-1"},"canonical":"https:\/\/deputadotaveirajr.com.br\/index.php\/trecho-esburacado-dificulta-trafego-de-motoristas-na-avenida-nevaldo-rocha-em-natal\/","og_locale":"pt_BR","og_type":"article","og_title":"Trecho esburacado dificulta tr\u00e1fego de motoristas na Avenida Nevaldo Rocha, em Natal - Taveira Jr","og_description":"Seinfra informou que far\u00e1 uma visita t\u00e9cnica ao trecho nesta semana para tomar medidas. Problema acontece nas proximidades do cruzamento com a Coronel Estevam. Buracos na Av. Nevaldo Rocha Um ...","og_url":"https:\/\/deputadotaveirajr.com.br\/index.php\/trecho-esburacado-dificulta-trafego-de-motoristas-na-avenida-nevaldo-rocha-em-natal\/","og_site_name":"Taveira Jr","og_image":[{"width":1600,"height":900,"url":"https:\/\/deputadotaveirajr.com.br\/wp-content\/uploads\/2024\/07\/whatsapp-image-2024-07-06-at-14.18.17-NANQNy.jpeg","type":"image\/jpeg"}],"twitter_card":"summary_large_image","twitter_misc":{"Est. tempo de leitura":"1 minuto"},"schema":{"@context":"https:\/\/schema.org","@graph":[{"@type":"WebPage","@id":"https:\/\/deputadotaveirajr.com.br\/index.php\/trecho-esburacado-dificulta-trafego-de-motoristas-na-avenida-nevaldo-rocha-em-natal\/","url":"https:\/\/deputadotaveirajr.com.br\/index.php\/trecho-esburacado-dificulta-trafego-de-motoristas-na-avenida-nevaldo-rocha-em-natal\/","name":"Trecho esburacado dificulta tr\u00e1fego de motoristas na Avenida Nevaldo Rocha, em Natal - Taveira Jr","isPartOf":{"@id":"https:\/\/deputadotaveirajr.com.br\/#website"},"primaryImageOfPage":{"@id":"https:\/\/deputadotaveirajr.com.br\/index.php\/trecho-esburacado-dificulta-trafego-de-motoristas-na-avenida-nevaldo-rocha-em-natal\/#primaryimage"},"image":{"@id":"https:\/\/deputadotaveirajr.com.br\/index.php\/trecho-esburacado-dificulta-trafego-de-motoristas-na-avenida-nevaldo-rocha-em-natal\/#primaryimage"},"thumbnailUrl":"https:\/\/deputadotaveirajr.com.br\/wp-content\/uploads\/2024\/07\/whatsapp-image-2024-07-06-at-14.18.17-NANQNy.jpeg","datePublished":"2024-07-07T15:17:10+00:00","breadcrumb":{"@id":"https:\/\/deputadotaveirajr.com.br\/index.php\/trecho-esburacado-dificulta-trafego-de-motoristas-na-avenida-nevaldo-rocha-em-natal\/#breadcrumb"},"inLanguage":"pt-BR","potentialAction":[{"@type":"ReadAction","target":["https:\/\/deputadotaveirajr.com.br\/index.php\/trecho-esburacado-dificulta-trafego-de-motoristas-na-avenida-nevaldo-rocha-em-natal\/"]}]},{"@type":"ImageObject","inLanguage":"pt-BR","@id":"https:\/\/deputadotaveirajr.com.br\/index.php\/trecho-esburacado-dificulta-trafego-de-motoristas-na-avenida-nevaldo-rocha-em-natal\/#primaryimage","url":"https:\/\/deputadotaveirajr.com.br\/wp-content\/uploads\/2024\/07\/whatsapp-image-2024-07-06-at-14.18.17-NANQNy.jpeg","contentUrl":"https:\/\/deputadotaveirajr.com.br\/wp-content\/uploads\/2024\/07\/whatsapp-image-2024-07-06-at-14.18.17-NANQNy.jpeg","width":1600,"height":900},{"@type":"BreadcrumbList","@id":"https:\/\/deputadotaveirajr.com.br\/index.php\/trecho-esburacado-dificulta-trafego-de-motoristas-na-avenida-nevaldo-rocha-em-natal\/#breadcrumb","itemListElement":[{"@type":"ListItem","position":1,"name":"In\u00edcio","item":"https:\/\/deputadotaveirajr.com.br\/"},{"@type":"ListItem","position":2,"name":"Trecho esburacado dificulta tr\u00e1fego de motoristas na Avenida Nevaldo Rocha, em Natal"}]},{"@type":"WebSite","@id":"https:\/\/deputadotaveirajr.com.br\/#website","url":"https:\/\/deputadotaveirajr.com.br\/","name":"Taveira Jr","description":"Deputado Estadual","publisher":{"@id":"https:\/\/deputadotaveirajr.com.br\/#organization"},"potentialAction":[{"@type":"SearchAction","target":{"@type":"EntryPoint","urlTemplate":"https:\/\/deputadotaveirajr.com.br\/?s={search_term_string}"},"query-input":{"@type":"PropertyValueSpecification","valueRequired":true,"valueName":"search_term_string"}}],"inLanguage":"pt-BR"},{"@type":"Organization","@id":"https:\/\/deputadotaveirajr.com.br\/#organization","name":"Taveira Jr","url":"https:\/\/deputadotaveirajr.com.br\/","logo":{"@type":"ImageObject","inLanguage":"pt-BR","@id":"https:\/\/deputadotaveirajr.com.br\/#\/schema\/logo\/image\/","url":"https:\/\/deputadotaveirajr.com.br\/wp-content\/uploads\/2026\/01\/logolow2a.png","contentUrl":"https:\/\/deputadotaveirajr.com.br\/wp-content\/uploads\/2026\/01\/logolow2a.png","width":290,"height":80,"caption":"Taveira Jr"},"image":{"@id":"https:\/\/deputadotaveirajr.com.br\/#\/schema\/logo\/image\/"}}]}},"_links":{"self":[{"href":"https:\/\/deputadotaveirajr.com.br\/index.php\/wp-json\/wp\/v2\/pages\/7561","targetHints":{"allow":["GET"]}}],"collection":[{"href":"https:\/\/deputadotaveirajr.com.br\/index.php\/wp-json\/wp\/v2\/pages"}],"about":[{"href":"https:\/\/deputadotaveirajr.com.br\/index.php\/wp-json\/wp\/v2\/types\/page"}],"replies":[{"embeddable":true,"href":"https:\/\/deputadotaveirajr.com.br\/index.php\/wp-json\/wp\/v2\/comments?post=7561"}],"version-history":[{"count":1,"href":"https:\/\/deputadotaveirajr.com.br\/index.php\/wp-json\/wp\/v2\/pages\/7561\/revisions"}],"predecessor-version":[{"id":7566,"href":"https:\/\/deputadotaveirajr.com.br\/index.php\/wp-json\/wp\/v2\/pages\/7561\/revisions\/7566"}],"wp:featuredmedia":[{"embeddable":true,"href":"https:\/\/deputadotaveirajr.com.br\/index.php\/wp-json\/wp\/v2\/media\/7562"}],"wp:attachment":[{"href":"https:\/\/deputadotaveirajr.com.br\/index.php\/wp-json\/wp\/v2\/media?parent=7561"}],"curies":[{"name":"wp","href":"https:\/\/api.w.org\/{rel}","templated":true}]}}