{"id":7567,"date":"2024-07-07T15:46:13","date_gmt":"2024-07-07T18:46:13","guid":{"rendered":"https:\/\/deputadotaveirajr.com.br\/?page_id=7567"},"modified":"2024-07-07T15:46:13","modified_gmt":"2024-07-07T18:46:13","slug":"festival-de-musica-carnaubense-comeca-neste-domingo-7-veja-programacao-completa","status":"publish","type":"page","link":"https:\/\/deputadotaveirajr.com.br\/index.php\/festival-de-musica-carnaubense-comeca-neste-domingo-7-veja-programacao-completa\/","title":{"rendered":"Festival de M\u00fasica Carnaubense come\u00e7a neste domingo (7); veja programa\u00e7\u00e3o completa"},"content":{"rendered":"<p>     Festival instrumental acontece at\u00e9 o dia 14 de julho em Carna\u00faba dos Dantas. Apresenta\u00e7\u00f5es s\u00e3o gratuitas e v\u00e3o contar com m\u00fasicos e bandas do RN, PB e PE. Festival Tonheca Dantas acontece em Carna\u00faba dos Dantas, no Serid\u00f3 do RN<br \/>\nDivulga\u00e7\u00e3o<br \/>\nA 5\u00aa edi\u00e7\u00e3o do Festival da M\u00fasica Carnaubense Tonheca Dantas come\u00e7a neste domingo (7) na cidade de Carna\u00faba dos Dantas, na Regi\u00e3o Serid\u00f3 do Rio Grande do Norte, e vai at\u00e9 o dia 14 de julho (veja programa\u00e7\u00e3o completa abaixo). O festival \u00e9 instrumental e a programa\u00e7\u00e3o \u00e9 gratuita.<br \/>\nAs apresenta\u00e7\u00f5es acontecem sempre na Pra\u00e7a de Eventos Caetano Dantas, no centro da cidade, a partir das 20h.<br \/>\n\ud83d\udcf3Participe do canal do g1 RN no WhatsApp<br \/>\nO festival vai receber  bandas e orquestras filarm\u00f4nicas de 13 cidades do Rio Grande do Norte e da Para\u00edba, al\u00e9m do Maestro Forr\u00f3, criador da Orquestra Popular da Bomba do Hemet\u00e9rio (OPBH) do Recife (PE).<br \/>\nAo todo, ser\u00e3o oito dias de atividades com apresenta\u00e7\u00f5es culturais, atividades de forma\u00e7\u00e3o instrumental e interc\u00e2mbio de experi\u00eancias entre os profissionais da m\u00fasica.<br \/>\nOficinas<br \/>\nO evento vai oferecer mais de dez oficinas formativas gratuitas para a popula\u00e7\u00e3o. Os encontros v\u00e3o acontecer na Sede da Filarm\u00f4nica Onze de dezembro e na Escola Estadual Jo\u00e3o C\u00e2ndido Filho, ambas localizadas no centro da cidade.<br \/>\nHaver\u00e1 oficinas de flauta transversal, clarinete, saxofone, trompa, trompete, trombone, tuba e percuss\u00e3o. Atividades voltadas para a reg\u00eancia de banda, composi\u00e7\u00e3o para banda tamb\u00e9m est\u00e3o inclusas.<br \/>\nV\u00e3o participar do evento, como convidados, o maestro Andr\u00e9 Muniz, da Orquestra Filarm\u00f4nica da UFRN, e o Mestre Emanoel Barros.<br \/>\nAo final das oficinas, os alunos participantes v\u00e3o compor a banda do 5\u00ba Festival da M\u00fasica Carnaubense Tonheca Dantas. O resultado das capacita\u00e7\u00f5es ser\u00e1 apresentado no encerramento do evento.<br \/>\nPrograma\u00e7\u00e3o das atividades<br \/>\n8 a 13 de julho<br \/>\nOficinas instrumentais &#8211; Local: Escola Estadual Jo\u00e3o C\u00e2ndido Filho, Centro &#8211; Hor\u00e1rio: 8h30 \u00e0s 11h30<br \/>\nEnsaio da banda do festival &#8211; Local: Sede da Filarm\u00f4nica 11 de Dezembro, Centro &#8211; Hor\u00e1rio: 14h \u00e0s 17h30<br \/>\n14 de julho<br \/>\nEnsaio da banda do Festival Tonheca Dantas  &#8211; Local: Sede da Filarm\u00f4nica 11 de Dezembro, Centro &#8211; Hor\u00e1rio: 9h \u00e0s 11h<br \/>\nApresenta\u00e7\u00f5es musicais<br \/>\n(Local: Pra\u00e7a de Eventos Caetano Dantas. Hor\u00e1rio: a partir das 20h)<br \/>\n7 de julho (domingo)<br \/>\nAbertura com as filarm\u00f4nicas Onze de Dezembro (Carna\u00faba dos Dantas) e Maestro Felinto L\u00facio Dantas (Acari-RN)<br \/>\n8 de julho (segunda)<br \/>\nOrquesta Filhos da Terra (Equador-RN)<br \/>\nBanda Filarm\u00f4nica 11 de fevereiro (Parelhas-RN)<br \/>\n9 de julho (ter\u00e7a)<br \/>\nOrquestra Experimental do IFRN (Jucurutu-RN)<br \/>\nBanda Filarm\u00f4nica Jimmy Brito (S\u00e3o Jos\u00e9 do Serid\u00f3-RN)<br \/>\n10 de julho (quarta)<br \/>\nBanda Filarm\u00f4nica Coronel Ant\u00f4nio Xavier (Picu\u00ed-PB)<br \/>\nBanda de m\u00fasica Mestre Jo\u00e3o Roberto Paz e Uni\u00e3o (Santa Cruz-RN)<br \/>\n11 de julho (quinta)<br \/>\nBanda Filarm\u00f4nica Santo Onofre (Junco-PB)<br \/>\nBanda Filarm\u00f4nica Elino Juli\u00e3o (Timba\u00faba dos Batistas-RN)<br \/>\n12 de julho (sexta)<br \/>\nBanda Filarm\u00f4nica Monsenhor Hon\u00f3rio (Macau-RN)<br \/>\nBanda Filarm\u00f4nica Manoel Felipe Nery (Ouro Branco-RN)<br \/>\n13 de julho (s\u00e1bado)<br \/>\nBig Band Dantas (Carna\u00faba dos Dantas-RN)<br \/>\nBig Band Jerimum Jazz da Escola de M\u00fasica da UFRN<br \/>\nParticipa\u00e7\u00e3o especial do Maestro Forr\u00f3 (PE) e Maestro Jo\u00e3o da Banda (RN)<br \/>\n14 de julho (domingo)<br \/>\nEncerramento com a Banda de M\u00fasica do 5\u00ba Festival Tonheca Dantas com participa\u00e7\u00e3o especial do Maestro Forr\u00f3 (PE)<br \/>\nV\u00eddeos mais assistidos do g1 RN<\/p>","protected":false},"excerpt":{"rendered":"<p>Festival instrumental acontece at\u00e9 o dia 14 de julho em Carna\u00faba dos Dantas. Apresenta\u00e7\u00f5es s\u00e3o gratuitas e v\u00e3o contar com m\u00fasicos e bandas do RN, PB e PE. Festival Tonheca &#8230;<\/p>\n","protected":false},"author":0,"featured_media":7568,"parent":0,"menu_order":0,"comment_status":"closed","ping_status":"closed","template":"","meta":{"footnotes":""},"class_list":["post-7567","page","type-page","status-publish","has-post-thumbnail","hentry"],"yoast_head":"<!-- This site is optimized with the Yoast SEO plugin v27.1.1 - https:\/\/yoast.com\/product\/yoast-seo-wordpress\/ -->\n<title>Festival de M\u00fasica Carnaubense come\u00e7a neste domingo (7); veja programa\u00e7\u00e3o completa - Taveira Jr<\/title>\n<meta name=\"robots\" content=\"index, follow, max-snippet:-1, max-image-preview:large, max-video-preview:-1\" \/>\n<link rel=\"canonical\" href=\"https:\/\/deputadotaveirajr.com.br\/index.php\/festival-de-musica-carnaubense-comeca-neste-domingo-7-veja-programacao-completa\/\" \/>\n<meta property=\"og:locale\" content=\"pt_BR\" \/>\n<meta property=\"og:type\" content=\"article\" \/>\n<meta property=\"og:title\" content=\"Festival de M\u00fasica Carnaubense come\u00e7a neste domingo (7); veja programa\u00e7\u00e3o completa - Taveira Jr\" \/>\n<meta property=\"og:description\" content=\"Festival instrumental acontece at\u00e9 o dia 14 de julho em Carna\u00faba dos Dantas. Apresenta\u00e7\u00f5es s\u00e3o gratuitas e v\u00e3o contar com m\u00fasicos e bandas do RN, PB e PE. Festival Tonheca ...\" \/>\n<meta property=\"og:url\" content=\"https:\/\/deputadotaveirajr.com.br\/index.php\/festival-de-musica-carnaubense-comeca-neste-domingo-7-veja-programacao-completa\/\" \/>\n<meta property=\"og:site_name\" content=\"Taveira Jr\" \/>\n<meta property=\"og:image\" content=\"https:\/\/deputadotaveirajr.com.br\/wp-content\/uploads\/2024\/07\/whatsapp-image-2024-07-07-at-11.18.13-PCAEzs.jpeg\" \/>\n\t<meta property=\"og:image:width\" content=\"1600\" \/>\n\t<meta property=\"og:image:height\" content=\"1066\" \/>\n\t<meta property=\"og:image:type\" content=\"image\/jpeg\" \/>\n<meta name=\"twitter:card\" content=\"summary_large_image\" \/>\n<meta name=\"twitter:label1\" content=\"Est. tempo de leitura\" \/>\n\t<meta name=\"twitter:data1\" content=\"3 minutos\" \/>\n<script type=\"application\/ld+json\" class=\"yoast-schema-graph\">{\"@context\":\"https:\/\/schema.org\",\"@graph\":[{\"@type\":\"WebPage\",\"@id\":\"https:\/\/deputadotaveirajr.com.br\/index.php\/festival-de-musica-carnaubense-comeca-neste-domingo-7-veja-programacao-completa\/\",\"url\":\"https:\/\/deputadotaveirajr.com.br\/index.php\/festival-de-musica-carnaubense-comeca-neste-domingo-7-veja-programacao-completa\/\",\"name\":\"Festival de M\u00fasica Carnaubense come\u00e7a neste domingo (7); veja programa\u00e7\u00e3o completa - Taveira Jr\",\"isPartOf\":{\"@id\":\"https:\/\/deputadotaveirajr.com.br\/#website\"},\"primaryImageOfPage\":{\"@id\":\"https:\/\/deputadotaveirajr.com.br\/index.php\/festival-de-musica-carnaubense-comeca-neste-domingo-7-veja-programacao-completa\/#primaryimage\"},\"image\":{\"@id\":\"https:\/\/deputadotaveirajr.com.br\/index.php\/festival-de-musica-carnaubense-comeca-neste-domingo-7-veja-programacao-completa\/#primaryimage\"},\"thumbnailUrl\":\"https:\/\/deputadotaveirajr.com.br\/wp-content\/uploads\/2024\/07\/whatsapp-image-2024-07-07-at-11.18.13-PCAEzs.jpeg\",\"datePublished\":\"2024-07-07T18:46:13+00:00\",\"breadcrumb\":{\"@id\":\"https:\/\/deputadotaveirajr.com.br\/index.php\/festival-de-musica-carnaubense-comeca-neste-domingo-7-veja-programacao-completa\/#breadcrumb\"},\"inLanguage\":\"pt-BR\",\"potentialAction\":[{\"@type\":\"ReadAction\",\"target\":[\"https:\/\/deputadotaveirajr.com.br\/index.php\/festival-de-musica-carnaubense-comeca-neste-domingo-7-veja-programacao-completa\/\"]}]},{\"@type\":\"ImageObject\",\"inLanguage\":\"pt-BR\",\"@id\":\"https:\/\/deputadotaveirajr.com.br\/index.php\/festival-de-musica-carnaubense-comeca-neste-domingo-7-veja-programacao-completa\/#primaryimage\",\"url\":\"https:\/\/deputadotaveirajr.com.br\/wp-content\/uploads\/2024\/07\/whatsapp-image-2024-07-07-at-11.18.13-PCAEzs.jpeg\",\"contentUrl\":\"https:\/\/deputadotaveirajr.com.br\/wp-content\/uploads\/2024\/07\/whatsapp-image-2024-07-07-at-11.18.13-PCAEzs.jpeg\",\"width\":1600,\"height\":1066},{\"@type\":\"BreadcrumbList\",\"@id\":\"https:\/\/deputadotaveirajr.com.br\/index.php\/festival-de-musica-carnaubense-comeca-neste-domingo-7-veja-programacao-completa\/#breadcrumb\",\"itemListElement\":[{\"@type\":\"ListItem\",\"position\":1,\"name\":\"In\u00edcio\",\"item\":\"https:\/\/deputadotaveirajr.com.br\/\"},{\"@type\":\"ListItem\",\"position\":2,\"name\":\"Festival de M\u00fasica Carnaubense come\u00e7a neste domingo (7); veja programa\u00e7\u00e3o completa\"}]},{\"@type\":\"WebSite\",\"@id\":\"https:\/\/deputadotaveirajr.com.br\/#website\",\"url\":\"https:\/\/deputadotaveirajr.com.br\/\",\"name\":\"Taveira Jr\",\"description\":\"Deputado Estadual\",\"publisher\":{\"@id\":\"https:\/\/deputadotaveirajr.com.br\/#organization\"},\"potentialAction\":[{\"@type\":\"SearchAction\",\"target\":{\"@type\":\"EntryPoint\",\"urlTemplate\":\"https:\/\/deputadotaveirajr.com.br\/?s={search_term_string}\"},\"query-input\":{\"@type\":\"PropertyValueSpecification\",\"valueRequired\":true,\"valueName\":\"search_term_string\"}}],\"inLanguage\":\"pt-BR\"},{\"@type\":\"Organization\",\"@id\":\"https:\/\/deputadotaveirajr.com.br\/#organization\",\"name\":\"Taveira Jr\",\"url\":\"https:\/\/deputadotaveirajr.com.br\/\",\"logo\":{\"@type\":\"ImageObject\",\"inLanguage\":\"pt-BR\",\"@id\":\"https:\/\/deputadotaveirajr.com.br\/#\/schema\/logo\/image\/\",\"url\":\"https:\/\/deputadotaveirajr.com.br\/wp-content\/uploads\/2026\/01\/logolow2a.png\",\"contentUrl\":\"https:\/\/deputadotaveirajr.com.br\/wp-content\/uploads\/2026\/01\/logolow2a.png\",\"width\":290,\"height\":80,\"caption\":\"Taveira Jr\"},\"image\":{\"@id\":\"https:\/\/deputadotaveirajr.com.br\/#\/schema\/logo\/image\/\"}}]}<\/script>\n<!-- \/ Yoast SEO plugin. -->","yoast_head_json":{"title":"Festival de M\u00fasica Carnaubense come\u00e7a neste domingo (7); veja programa\u00e7\u00e3o completa - Taveira Jr","robots":{"index":"index","follow":"follow","max-snippet":"max-snippet:-1","max-image-preview":"max-image-preview:large","max-video-preview":"max-video-preview:-1"},"canonical":"https:\/\/deputadotaveirajr.com.br\/index.php\/festival-de-musica-carnaubense-comeca-neste-domingo-7-veja-programacao-completa\/","og_locale":"pt_BR","og_type":"article","og_title":"Festival de M\u00fasica Carnaubense come\u00e7a neste domingo (7); veja programa\u00e7\u00e3o completa - Taveira Jr","og_description":"Festival instrumental acontece at\u00e9 o dia 14 de julho em Carna\u00faba dos Dantas. Apresenta\u00e7\u00f5es s\u00e3o gratuitas e v\u00e3o contar com m\u00fasicos e bandas do RN, PB e PE. Festival Tonheca ...","og_url":"https:\/\/deputadotaveirajr.com.br\/index.php\/festival-de-musica-carnaubense-comeca-neste-domingo-7-veja-programacao-completa\/","og_site_name":"Taveira Jr","og_image":[{"width":1600,"height":1066,"url":"https:\/\/deputadotaveirajr.com.br\/wp-content\/uploads\/2024\/07\/whatsapp-image-2024-07-07-at-11.18.13-PCAEzs.jpeg","type":"image\/jpeg"}],"twitter_card":"summary_large_image","twitter_misc":{"Est. tempo de leitura":"3 minutos"},"schema":{"@context":"https:\/\/schema.org","@graph":[{"@type":"WebPage","@id":"https:\/\/deputadotaveirajr.com.br\/index.php\/festival-de-musica-carnaubense-comeca-neste-domingo-7-veja-programacao-completa\/","url":"https:\/\/deputadotaveirajr.com.br\/index.php\/festival-de-musica-carnaubense-comeca-neste-domingo-7-veja-programacao-completa\/","name":"Festival de M\u00fasica Carnaubense come\u00e7a neste domingo (7); veja programa\u00e7\u00e3o completa - Taveira Jr","isPartOf":{"@id":"https:\/\/deputadotaveirajr.com.br\/#website"},"primaryImageOfPage":{"@id":"https:\/\/deputadotaveirajr.com.br\/index.php\/festival-de-musica-carnaubense-comeca-neste-domingo-7-veja-programacao-completa\/#primaryimage"},"image":{"@id":"https:\/\/deputadotaveirajr.com.br\/index.php\/festival-de-musica-carnaubense-comeca-neste-domingo-7-veja-programacao-completa\/#primaryimage"},"thumbnailUrl":"https:\/\/deputadotaveirajr.com.br\/wp-content\/uploads\/2024\/07\/whatsapp-image-2024-07-07-at-11.18.13-PCAEzs.jpeg","datePublished":"2024-07-07T18:46:13+00:00","breadcrumb":{"@id":"https:\/\/deputadotaveirajr.com.br\/index.php\/festival-de-musica-carnaubense-comeca-neste-domingo-7-veja-programacao-completa\/#breadcrumb"},"inLanguage":"pt-BR","potentialAction":[{"@type":"ReadAction","target":["https:\/\/deputadotaveirajr.com.br\/index.php\/festival-de-musica-carnaubense-comeca-neste-domingo-7-veja-programacao-completa\/"]}]},{"@type":"ImageObject","inLanguage":"pt-BR","@id":"https:\/\/deputadotaveirajr.com.br\/index.php\/festival-de-musica-carnaubense-comeca-neste-domingo-7-veja-programacao-completa\/#primaryimage","url":"https:\/\/deputadotaveirajr.com.br\/wp-content\/uploads\/2024\/07\/whatsapp-image-2024-07-07-at-11.18.13-PCAEzs.jpeg","contentUrl":"https:\/\/deputadotaveirajr.com.br\/wp-content\/uploads\/2024\/07\/whatsapp-image-2024-07-07-at-11.18.13-PCAEzs.jpeg","width":1600,"height":1066},{"@type":"BreadcrumbList","@id":"https:\/\/deputadotaveirajr.com.br\/index.php\/festival-de-musica-carnaubense-comeca-neste-domingo-7-veja-programacao-completa\/#breadcrumb","itemListElement":[{"@type":"ListItem","position":1,"name":"In\u00edcio","item":"https:\/\/deputadotaveirajr.com.br\/"},{"@type":"ListItem","position":2,"name":"Festival de M\u00fasica Carnaubense come\u00e7a neste domingo (7); veja programa\u00e7\u00e3o completa"}]},{"@type":"WebSite","@id":"https:\/\/deputadotaveirajr.com.br\/#website","url":"https:\/\/deputadotaveirajr.com.br\/","name":"Taveira Jr","description":"Deputado Estadual","publisher":{"@id":"https:\/\/deputadotaveirajr.com.br\/#organization"},"potentialAction":[{"@type":"SearchAction","target":{"@type":"EntryPoint","urlTemplate":"https:\/\/deputadotaveirajr.com.br\/?s={search_term_string}"},"query-input":{"@type":"PropertyValueSpecification","valueRequired":true,"valueName":"search_term_string"}}],"inLanguage":"pt-BR"},{"@type":"Organization","@id":"https:\/\/deputadotaveirajr.com.br\/#organization","name":"Taveira Jr","url":"https:\/\/deputadotaveirajr.com.br\/","logo":{"@type":"ImageObject","inLanguage":"pt-BR","@id":"https:\/\/deputadotaveirajr.com.br\/#\/schema\/logo\/image\/","url":"https:\/\/deputadotaveirajr.com.br\/wp-content\/uploads\/2026\/01\/logolow2a.png","contentUrl":"https:\/\/deputadotaveirajr.com.br\/wp-content\/uploads\/2026\/01\/logolow2a.png","width":290,"height":80,"caption":"Taveira Jr"},"image":{"@id":"https:\/\/deputadotaveirajr.com.br\/#\/schema\/logo\/image\/"}}]}},"_links":{"self":[{"href":"https:\/\/deputadotaveirajr.com.br\/index.php\/wp-json\/wp\/v2\/pages\/7567","targetHints":{"allow":["GET"]}}],"collection":[{"href":"https:\/\/deputadotaveirajr.com.br\/index.php\/wp-json\/wp\/v2\/pages"}],"about":[{"href":"https:\/\/deputadotaveirajr.com.br\/index.php\/wp-json\/wp\/v2\/types\/page"}],"replies":[{"embeddable":true,"href":"https:\/\/deputadotaveirajr.com.br\/index.php\/wp-json\/wp\/v2\/comments?post=7567"}],"version-history":[{"count":1,"href":"https:\/\/deputadotaveirajr.com.br\/index.php\/wp-json\/wp\/v2\/pages\/7567\/revisions"}],"predecessor-version":[{"id":7573,"href":"https:\/\/deputadotaveirajr.com.br\/index.php\/wp-json\/wp\/v2\/pages\/7567\/revisions\/7573"}],"wp:featuredmedia":[{"embeddable":true,"href":"https:\/\/deputadotaveirajr.com.br\/index.php\/wp-json\/wp\/v2\/media\/7568"}],"wp:attachment":[{"href":"https:\/\/deputadotaveirajr.com.br\/index.php\/wp-json\/wp\/v2\/media?parent=7567"}],"curies":[{"name":"wp","href":"https:\/\/api.w.org\/{rel}","templated":true}]}}