{"id":7603,"date":"2024-07-09T12:23:16","date_gmt":"2024-07-09T15:23:16","guid":{"rendered":"https:\/\/deputadotaveirajr.com.br\/?page_id=7603"},"modified":"2024-07-09T12:23:16","modified_gmt":"2024-07-09T15:23:16","slug":"ministerio-da-justica-nomeia-novo-diretor-da-penitenciaria-federal-de-mossoro","status":"publish","type":"page","link":"https:\/\/deputadotaveirajr.com.br\/index.php\/ministerio-da-justica-nomeia-novo-diretor-da-penitenciaria-federal-de-mossoro\/","title":{"rendered":"Minist\u00e9rio da Justi\u00e7a nomeia novo diretor da Penitenci\u00e1ria Federal de Mossor\u00f3"},"content":{"rendered":"<p>     Unidade registrou, em fevereiro, a 1\u00aa fuga do sistema prisional federal do pa\u00eds. Roderick Ordakowski havia assumido como diretor substituto em abril, ap\u00f3s recaptura de fugitivos. Viatura da Pol\u00edcia Penal deixa penitenci\u00e1ria federal de Mossor\u00f3<br \/>\nPedro Hugo\/Inter TV Costa Branca\/ARQUIVO<br \/>\nO Minist\u00e9rio da Justi\u00e7a e Seguran\u00e7a P\u00fablica nomeou nesta ter\u00e7a-feira (9) Roderick Ordakowski como novo diretor efetivo da Penitenci\u00e1ria Federal de Mossor\u00f3. A portaria foi publicada no Di\u00e1rio Oficial da Uni\u00e3o.<br \/>\nA unidade registrou, no dia 14 de fevereiro deste ano, a primeira fuga da hist\u00f3ria do sistema prisional federal no Brasil, que existe desde 2006. Os fugitivos, Deibson Nascimento e Rog\u00e9rio Mendon\u00e7a, foram recapturados no Par\u00e1, 50 dias ap\u00f3s a fuga, e retornaram ao pres\u00eddio de Mossor\u00f3.<br \/>\n\ud83d\udcf3Participe do canal do g1 RN no WhatsApp<br \/>\nRoderick Ordakowski havia sido nomeado como diretor substituto da Penitenci\u00e1ria Federal de Mossor\u00f3 em abril deste ano, dias ap\u00f3s a recaptura da dupla, no lugar de Carlos Lu\u00eds Vieira Pires, que estava como diretor interino desde a fuga.<br \/>\nO diretor do pres\u00eddio de Mossor\u00f3 na \u00e9poca da fuga era Humberto Gleydson Fontinele Alencar, que foi afastado logo ap\u00f3s o fato e acabou dispensado do cargo em abril.<br \/>\nNovo diretor, Roderick Ordakowski estava na dire\u00e7\u00e3o da Penitenci\u00e1ria Federal de Porto Velho (RO). Ele ingressou no sistema penitenci\u00e1rio federal em 2009 e \u00e9 bacharel em direito, com p\u00f3s-gradua\u00e7\u00f5es na \u00e1rea.<br \/>\nNo curr\u00edculo do servidor, consta participa\u00e7\u00e3o na For\u00e7a-Tarefa de Interven\u00e7\u00e3o Penitenci\u00e1ria que atuou na Penitenci\u00e1ria de Alca\u00e7uz, tamb\u00e9m no Rio Grande do Norte, em 2017.<br \/>\nFuga<br \/>\nRog\u00e9rio e Deibson fugiram da Penitenci\u00e1ria Federal de Mossor\u00f3 no dia 14 de fevereiro, uma Quarta-Feira de Cinzas. Os dois presos, originalmente do Acre, estavam na unidade desde setembro de 2023 e s\u00e3o do Comando Vermelho.<br \/>\nA fuga dos detentos foi a primeira registrada na hist\u00f3ria do sistema penitenci\u00e1rio federal, que inclui ainda as penitenci\u00e1rias de Bras\u00edlia (DF), Catanduvas (PR), Campo Grande (MS) e Porto Velho (RO).<br \/>\nPara deixar a cadeia, os detentos abriram uma passagem atr\u00e1s de uma lumin\u00e1ria do pres\u00eddio e cortaram duas cercas de arame. Segundo as investiga\u00e7\u00f5es, eles usaram ferramentas de uma obra que estava sendo feita na penitenci\u00e1ria.<br \/>\nLEIA TAMB\u00c9M:<br \/>\nCasas invadidas, esconderijo na mata e fam\u00edlia ref\u00e9m: relembre os 50 dias de buscas pelos dois fugitivos da penitenci\u00e1ria de Mossor\u00f3<br \/>\nAp\u00f3s a fuga, autoridades locais e federais criaram uma for\u00e7a-tarefa para capturar os fugitivos. O grupo incluiu agentes da Pol\u00edcia Federal, Pol\u00edcia Rodovi\u00e1ria Federal, Pol\u00edcia Civil e Pol\u00edcia Militar do estado.<br \/>\nLogo nos primeiros dias de fuga, Rog\u00e9rio e Deibson invadiram casas e fizeram uma fam\u00edlia ref\u00e9m. Al\u00e9m disso, a PF informou que uma fac\u00e7\u00e3o criminosa teria ajudado os fugitivos a pagar R$ 5 mil ao dono de uma fazenda que auxiliou na fuga.<br \/>\nA dupla conseguiu deixar o Rio Grande do Norte e, no dia 18 de mar\u00e7o, usou um barco pesqueiro para viajar de Icapu\u00ed (CE), a 202 km de Fortaleza, com dire\u00e7\u00e3o \u00e0 Ilha de Mosqueiro, em Bel\u00e9m do Par\u00e1.<br \/>\nA viagem pela costa brasileira durou seis dias, e os fugitivos chegaram a Bel\u00e9m no dia 24 de mar\u00e7o. No dia 4 de abril, eles foram recapturados por pol\u00edciais rodovi\u00e1rios federais em Marab\u00e1 (PA).<br \/>\nVeja abaixo momentos da recaptura dos dois fugitivos:<br \/>\nImagens exclusivas mostram a pris\u00e3o dos fugitivos de Mossor\u00f3<br \/>\nV\u00eddeos mais assistidos do g1 RN<\/p>","protected":false},"excerpt":{"rendered":"<p>Unidade registrou, em fevereiro, a 1\u00aa fuga do sistema prisional federal do pa\u00eds. Roderick Ordakowski havia assumido como diretor substituto em abril, ap\u00f3s recaptura de fugitivos. Viatura da Pol\u00edcia Penal &#8230;<\/p>\n","protected":false},"author":0,"featured_media":7604,"parent":0,"menu_order":0,"comment_status":"closed","ping_status":"closed","template":"","meta":{"footnotes":""},"class_list":["post-7603","page","type-page","status-publish","has-post-thumbnail","hentry"],"yoast_head":"<!-- This site is optimized with the Yoast SEO plugin v27.1.1 - https:\/\/yoast.com\/product\/yoast-seo-wordpress\/ -->\n<title>Minist\u00e9rio da Justi\u00e7a nomeia novo diretor da Penitenci\u00e1ria Federal de Mossor\u00f3 - Taveira Jr<\/title>\n<meta name=\"robots\" content=\"index, follow, max-snippet:-1, max-image-preview:large, max-video-preview:-1\" \/>\n<link rel=\"canonical\" href=\"https:\/\/deputadotaveirajr.com.br\/index.php\/ministerio-da-justica-nomeia-novo-diretor-da-penitenciaria-federal-de-mossoro\/\" \/>\n<meta property=\"og:locale\" content=\"pt_BR\" \/>\n<meta property=\"og:type\" content=\"article\" \/>\n<meta property=\"og:title\" content=\"Minist\u00e9rio da Justi\u00e7a nomeia novo diretor da Penitenci\u00e1ria Federal de Mossor\u00f3 - Taveira Jr\" \/>\n<meta property=\"og:description\" content=\"Unidade registrou, em fevereiro, a 1\u00aa fuga do sistema prisional federal do pa\u00eds. Roderick Ordakowski havia assumido como diretor substituto em abril, ap\u00f3s recaptura de fugitivos. Viatura da Pol\u00edcia Penal ...\" \/>\n<meta property=\"og:url\" content=\"https:\/\/deputadotaveirajr.com.br\/index.php\/ministerio-da-justica-nomeia-novo-diretor-da-penitenciaria-federal-de-mossoro\/\" \/>\n<meta property=\"og:site_name\" content=\"Taveira Jr\" \/>\n<meta property=\"og:image\" content=\"https:\/\/deputadotaveirajr.com.br\/wp-content\/uploads\/2024\/07\/presidio-federal-Fhr0OU.jpeg\" \/>\n\t<meta property=\"og:image:width\" content=\"1327\" \/>\n\t<meta property=\"og:image:height\" content=\"767\" \/>\n\t<meta property=\"og:image:type\" content=\"image\/jpeg\" \/>\n<meta name=\"twitter:card\" content=\"summary_large_image\" \/>\n<meta name=\"twitter:label1\" content=\"Est. tempo de leitura\" \/>\n\t<meta name=\"twitter:data1\" content=\"3 minutos\" \/>\n<script type=\"application\/ld+json\" class=\"yoast-schema-graph\">{\"@context\":\"https:\/\/schema.org\",\"@graph\":[{\"@type\":\"WebPage\",\"@id\":\"https:\/\/deputadotaveirajr.com.br\/index.php\/ministerio-da-justica-nomeia-novo-diretor-da-penitenciaria-federal-de-mossoro\/\",\"url\":\"https:\/\/deputadotaveirajr.com.br\/index.php\/ministerio-da-justica-nomeia-novo-diretor-da-penitenciaria-federal-de-mossoro\/\",\"name\":\"Minist\u00e9rio da Justi\u00e7a nomeia novo diretor da Penitenci\u00e1ria Federal de Mossor\u00f3 - Taveira Jr\",\"isPartOf\":{\"@id\":\"https:\/\/deputadotaveirajr.com.br\/#website\"},\"primaryImageOfPage\":{\"@id\":\"https:\/\/deputadotaveirajr.com.br\/index.php\/ministerio-da-justica-nomeia-novo-diretor-da-penitenciaria-federal-de-mossoro\/#primaryimage\"},\"image\":{\"@id\":\"https:\/\/deputadotaveirajr.com.br\/index.php\/ministerio-da-justica-nomeia-novo-diretor-da-penitenciaria-federal-de-mossoro\/#primaryimage\"},\"thumbnailUrl\":\"https:\/\/deputadotaveirajr.com.br\/wp-content\/uploads\/2024\/07\/presidio-federal-Fhr0OU.jpeg\",\"datePublished\":\"2024-07-09T15:23:16+00:00\",\"breadcrumb\":{\"@id\":\"https:\/\/deputadotaveirajr.com.br\/index.php\/ministerio-da-justica-nomeia-novo-diretor-da-penitenciaria-federal-de-mossoro\/#breadcrumb\"},\"inLanguage\":\"pt-BR\",\"potentialAction\":[{\"@type\":\"ReadAction\",\"target\":[\"https:\/\/deputadotaveirajr.com.br\/index.php\/ministerio-da-justica-nomeia-novo-diretor-da-penitenciaria-federal-de-mossoro\/\"]}]},{\"@type\":\"ImageObject\",\"inLanguage\":\"pt-BR\",\"@id\":\"https:\/\/deputadotaveirajr.com.br\/index.php\/ministerio-da-justica-nomeia-novo-diretor-da-penitenciaria-federal-de-mossoro\/#primaryimage\",\"url\":\"https:\/\/deputadotaveirajr.com.br\/wp-content\/uploads\/2024\/07\/presidio-federal-Fhr0OU.jpeg\",\"contentUrl\":\"https:\/\/deputadotaveirajr.com.br\/wp-content\/uploads\/2024\/07\/presidio-federal-Fhr0OU.jpeg\",\"width\":1327,\"height\":767},{\"@type\":\"BreadcrumbList\",\"@id\":\"https:\/\/deputadotaveirajr.com.br\/index.php\/ministerio-da-justica-nomeia-novo-diretor-da-penitenciaria-federal-de-mossoro\/#breadcrumb\",\"itemListElement\":[{\"@type\":\"ListItem\",\"position\":1,\"name\":\"In\u00edcio\",\"item\":\"https:\/\/deputadotaveirajr.com.br\/\"},{\"@type\":\"ListItem\",\"position\":2,\"name\":\"Minist\u00e9rio da Justi\u00e7a nomeia novo diretor da Penitenci\u00e1ria Federal de Mossor\u00f3\"}]},{\"@type\":\"WebSite\",\"@id\":\"https:\/\/deputadotaveirajr.com.br\/#website\",\"url\":\"https:\/\/deputadotaveirajr.com.br\/\",\"name\":\"Taveira Jr\",\"description\":\"Deputado Estadual\",\"publisher\":{\"@id\":\"https:\/\/deputadotaveirajr.com.br\/#organization\"},\"potentialAction\":[{\"@type\":\"SearchAction\",\"target\":{\"@type\":\"EntryPoint\",\"urlTemplate\":\"https:\/\/deputadotaveirajr.com.br\/?s={search_term_string}\"},\"query-input\":{\"@type\":\"PropertyValueSpecification\",\"valueRequired\":true,\"valueName\":\"search_term_string\"}}],\"inLanguage\":\"pt-BR\"},{\"@type\":\"Organization\",\"@id\":\"https:\/\/deputadotaveirajr.com.br\/#organization\",\"name\":\"Taveira Jr\",\"url\":\"https:\/\/deputadotaveirajr.com.br\/\",\"logo\":{\"@type\":\"ImageObject\",\"inLanguage\":\"pt-BR\",\"@id\":\"https:\/\/deputadotaveirajr.com.br\/#\/schema\/logo\/image\/\",\"url\":\"https:\/\/deputadotaveirajr.com.br\/wp-content\/uploads\/2026\/01\/logolow2a.png\",\"contentUrl\":\"https:\/\/deputadotaveirajr.com.br\/wp-content\/uploads\/2026\/01\/logolow2a.png\",\"width\":290,\"height\":80,\"caption\":\"Taveira Jr\"},\"image\":{\"@id\":\"https:\/\/deputadotaveirajr.com.br\/#\/schema\/logo\/image\/\"}}]}<\/script>\n<!-- \/ Yoast SEO plugin. -->","yoast_head_json":{"title":"Minist\u00e9rio da Justi\u00e7a nomeia novo diretor da Penitenci\u00e1ria Federal de Mossor\u00f3 - Taveira Jr","robots":{"index":"index","follow":"follow","max-snippet":"max-snippet:-1","max-image-preview":"max-image-preview:large","max-video-preview":"max-video-preview:-1"},"canonical":"https:\/\/deputadotaveirajr.com.br\/index.php\/ministerio-da-justica-nomeia-novo-diretor-da-penitenciaria-federal-de-mossoro\/","og_locale":"pt_BR","og_type":"article","og_title":"Minist\u00e9rio da Justi\u00e7a nomeia novo diretor da Penitenci\u00e1ria Federal de Mossor\u00f3 - Taveira Jr","og_description":"Unidade registrou, em fevereiro, a 1\u00aa fuga do sistema prisional federal do pa\u00eds. Roderick Ordakowski havia assumido como diretor substituto em abril, ap\u00f3s recaptura de fugitivos. Viatura da Pol\u00edcia Penal ...","og_url":"https:\/\/deputadotaveirajr.com.br\/index.php\/ministerio-da-justica-nomeia-novo-diretor-da-penitenciaria-federal-de-mossoro\/","og_site_name":"Taveira Jr","og_image":[{"width":1327,"height":767,"url":"https:\/\/deputadotaveirajr.com.br\/wp-content\/uploads\/2024\/07\/presidio-federal-Fhr0OU.jpeg","type":"image\/jpeg"}],"twitter_card":"summary_large_image","twitter_misc":{"Est. tempo de leitura":"3 minutos"},"schema":{"@context":"https:\/\/schema.org","@graph":[{"@type":"WebPage","@id":"https:\/\/deputadotaveirajr.com.br\/index.php\/ministerio-da-justica-nomeia-novo-diretor-da-penitenciaria-federal-de-mossoro\/","url":"https:\/\/deputadotaveirajr.com.br\/index.php\/ministerio-da-justica-nomeia-novo-diretor-da-penitenciaria-federal-de-mossoro\/","name":"Minist\u00e9rio da Justi\u00e7a nomeia novo diretor da Penitenci\u00e1ria Federal de Mossor\u00f3 - Taveira Jr","isPartOf":{"@id":"https:\/\/deputadotaveirajr.com.br\/#website"},"primaryImageOfPage":{"@id":"https:\/\/deputadotaveirajr.com.br\/index.php\/ministerio-da-justica-nomeia-novo-diretor-da-penitenciaria-federal-de-mossoro\/#primaryimage"},"image":{"@id":"https:\/\/deputadotaveirajr.com.br\/index.php\/ministerio-da-justica-nomeia-novo-diretor-da-penitenciaria-federal-de-mossoro\/#primaryimage"},"thumbnailUrl":"https:\/\/deputadotaveirajr.com.br\/wp-content\/uploads\/2024\/07\/presidio-federal-Fhr0OU.jpeg","datePublished":"2024-07-09T15:23:16+00:00","breadcrumb":{"@id":"https:\/\/deputadotaveirajr.com.br\/index.php\/ministerio-da-justica-nomeia-novo-diretor-da-penitenciaria-federal-de-mossoro\/#breadcrumb"},"inLanguage":"pt-BR","potentialAction":[{"@type":"ReadAction","target":["https:\/\/deputadotaveirajr.com.br\/index.php\/ministerio-da-justica-nomeia-novo-diretor-da-penitenciaria-federal-de-mossoro\/"]}]},{"@type":"ImageObject","inLanguage":"pt-BR","@id":"https:\/\/deputadotaveirajr.com.br\/index.php\/ministerio-da-justica-nomeia-novo-diretor-da-penitenciaria-federal-de-mossoro\/#primaryimage","url":"https:\/\/deputadotaveirajr.com.br\/wp-content\/uploads\/2024\/07\/presidio-federal-Fhr0OU.jpeg","contentUrl":"https:\/\/deputadotaveirajr.com.br\/wp-content\/uploads\/2024\/07\/presidio-federal-Fhr0OU.jpeg","width":1327,"height":767},{"@type":"BreadcrumbList","@id":"https:\/\/deputadotaveirajr.com.br\/index.php\/ministerio-da-justica-nomeia-novo-diretor-da-penitenciaria-federal-de-mossoro\/#breadcrumb","itemListElement":[{"@type":"ListItem","position":1,"name":"In\u00edcio","item":"https:\/\/deputadotaveirajr.com.br\/"},{"@type":"ListItem","position":2,"name":"Minist\u00e9rio da Justi\u00e7a nomeia novo diretor da Penitenci\u00e1ria Federal de Mossor\u00f3"}]},{"@type":"WebSite","@id":"https:\/\/deputadotaveirajr.com.br\/#website","url":"https:\/\/deputadotaveirajr.com.br\/","name":"Taveira Jr","description":"Deputado Estadual","publisher":{"@id":"https:\/\/deputadotaveirajr.com.br\/#organization"},"potentialAction":[{"@type":"SearchAction","target":{"@type":"EntryPoint","urlTemplate":"https:\/\/deputadotaveirajr.com.br\/?s={search_term_string}"},"query-input":{"@type":"PropertyValueSpecification","valueRequired":true,"valueName":"search_term_string"}}],"inLanguage":"pt-BR"},{"@type":"Organization","@id":"https:\/\/deputadotaveirajr.com.br\/#organization","name":"Taveira Jr","url":"https:\/\/deputadotaveirajr.com.br\/","logo":{"@type":"ImageObject","inLanguage":"pt-BR","@id":"https:\/\/deputadotaveirajr.com.br\/#\/schema\/logo\/image\/","url":"https:\/\/deputadotaveirajr.com.br\/wp-content\/uploads\/2026\/01\/logolow2a.png","contentUrl":"https:\/\/deputadotaveirajr.com.br\/wp-content\/uploads\/2026\/01\/logolow2a.png","width":290,"height":80,"caption":"Taveira Jr"},"image":{"@id":"https:\/\/deputadotaveirajr.com.br\/#\/schema\/logo\/image\/"}}]}},"_links":{"self":[{"href":"https:\/\/deputadotaveirajr.com.br\/index.php\/wp-json\/wp\/v2\/pages\/7603","targetHints":{"allow":["GET"]}}],"collection":[{"href":"https:\/\/deputadotaveirajr.com.br\/index.php\/wp-json\/wp\/v2\/pages"}],"about":[{"href":"https:\/\/deputadotaveirajr.com.br\/index.php\/wp-json\/wp\/v2\/types\/page"}],"replies":[{"embeddable":true,"href":"https:\/\/deputadotaveirajr.com.br\/index.php\/wp-json\/wp\/v2\/comments?post=7603"}],"version-history":[{"count":1,"href":"https:\/\/deputadotaveirajr.com.br\/index.php\/wp-json\/wp\/v2\/pages\/7603\/revisions"}],"predecessor-version":[{"id":7609,"href":"https:\/\/deputadotaveirajr.com.br\/index.php\/wp-json\/wp\/v2\/pages\/7603\/revisions\/7609"}],"wp:featuredmedia":[{"embeddable":true,"href":"https:\/\/deputadotaveirajr.com.br\/index.php\/wp-json\/wp\/v2\/media\/7604"}],"wp:attachment":[{"href":"https:\/\/deputadotaveirajr.com.br\/index.php\/wp-json\/wp\/v2\/media?parent=7603"}],"curies":[{"name":"wp","href":"https:\/\/api.w.org\/{rel}","templated":true}]}}