{"id":7675,"date":"2024-07-11T11:19:34","date_gmt":"2024-07-11T14:19:34","guid":{"rendered":"https:\/\/deputadotaveirajr.com.br\/?page_id=7675"},"modified":"2024-07-11T11:19:34","modified_gmt":"2024-07-11T14:19:34","slug":"mulher-e-morta-a-facadas-em-praca-no-interior-do-rn-companheiro-e-preso-suspeito-do-crime","status":"publish","type":"page","link":"https:\/\/deputadotaveirajr.com.br\/index.php\/mulher-e-morta-a-facadas-em-praca-no-interior-do-rn-companheiro-e-preso-suspeito-do-crime\/","title":{"rendered":"Mulher \u00e9 morta a facadas em pra\u00e7a no interior do RN; companheiro \u00e9 preso suspeito do crime"},"content":{"rendered":"<p>     Maria das Gra\u00e7as Leoc\u00e1dio tinha 40 anos de idade e foi morta na pra\u00e7a Arist\u00f3fanes Fernandes, no centro de Santana do Matos, no fim da tarde de quarta-feira (10). Crime aconteceu em uma pra\u00e7a em Santana do Matos, no interior do Rio Grande do Norte<br \/>\nRedes sociais<br \/>\nUma mulher de 40 anos de idade foi morta a facadas em uma pra\u00e7a p\u00fablica no centro da cidade de Santana do Matos, na Regi\u00e3o Central do Rio Grande do Norte, no fim da tarde desta quarta-feira (10).<br \/>\nO companheiro dela, suspeito de cometer o crime, foi preso pouco depois do assassinato. A v\u00edtima foi identificada como Maria das Gra\u00e7as Leoc\u00e1dio, conhecida como Gracinha.<br \/>\n\ud83d\udcf3Participe do canal do g1 RN no WhatsApp<br \/>\nDe acordo com a Pol\u00edcia Militar, o companheiro de Gracinha, um homem de 60 anos de idade, desferiu golpes de faca contra ela na pra\u00e7a Pra\u00e7a Arist\u00f3fanes Fernandes por volta das 17h20. Ela morreu no local.<br \/>\nAo tentar fugir em uma moto sem placa, o suspeito foi derrubado por um homem que estava nas proximidades e que acabou ferido com uma facada no antebra\u00e7o.<br \/>\nO suspeito, ent\u00e3o, conseguiu fugir a p\u00e9 em dire\u00e7\u00e3o a um matagal na regi\u00e3o do A\u00e7ude do Alecrim, segundo a PM.<br \/>\nOs policiais militares da cidade iniciaram as buscas, que contou com a colabora\u00e7\u00e3o de parte da popula\u00e7\u00e3o, que ficou revoltada com o crime. Segundo a PM, pessoas sa\u00edram a cavalo para procurar o suspeito pela \u00e1rea.<br \/>\nO homem foi, ent\u00e3o, encontrado e recebeu voz de pris\u00e3o da Pol\u00edcia Militar. Antes de ser encaminhado \u00e0 Delegacia de Pol\u00edcia, ele foi levado para o hospital, informou a PM.<br \/>\nO caso vai ser investigado pela Pol\u00edcia Civil.<br \/>\nV\u00eddeos mais assistidos do g1 RN<\/p>","protected":false},"excerpt":{"rendered":"<p>Maria das Gra\u00e7as Leoc\u00e1dio tinha 40 anos de idade e foi morta na pra\u00e7a Arist\u00f3fanes Fernandes, no centro de Santana do Matos, no fim da tarde de quarta-feira (10). Crime &#8230;<\/p>\n","protected":false},"author":0,"featured_media":7676,"parent":0,"menu_order":0,"comment_status":"closed","ping_status":"closed","template":"","meta":{"footnotes":""},"class_list":["post-7675","page","type-page","status-publish","has-post-thumbnail","hentry"],"yoast_head":"<!-- This site is optimized with the Yoast SEO plugin v27.1.1 - https:\/\/yoast.com\/product\/yoast-seo-wordpress\/ -->\n<title>Mulher \u00e9 morta a facadas em pra\u00e7a no interior do RN; companheiro \u00e9 preso suspeito do crime - Taveira Jr<\/title>\n<meta name=\"robots\" content=\"index, follow, max-snippet:-1, max-image-preview:large, max-video-preview:-1\" \/>\n<link rel=\"canonical\" href=\"https:\/\/deputadotaveirajr.com.br\/index.php\/mulher-e-morta-a-facadas-em-praca-no-interior-do-rn-companheiro-e-preso-suspeito-do-crime\/\" \/>\n<meta property=\"og:locale\" content=\"pt_BR\" \/>\n<meta property=\"og:type\" content=\"article\" \/>\n<meta property=\"og:title\" content=\"Mulher \u00e9 morta a facadas em pra\u00e7a no interior do RN; companheiro \u00e9 preso suspeito do crime - Taveira Jr\" \/>\n<meta property=\"og:description\" content=\"Maria das Gra\u00e7as Leoc\u00e1dio tinha 40 anos de idade e foi morta na pra\u00e7a Arist\u00f3fanes Fernandes, no centro de Santana do Matos, no fim da tarde de quarta-feira (10). Crime ...\" \/>\n<meta property=\"og:url\" content=\"https:\/\/deputadotaveirajr.com.br\/index.php\/mulher-e-morta-a-facadas-em-praca-no-interior-do-rn-companheiro-e-preso-suspeito-do-crime\/\" \/>\n<meta property=\"og:site_name\" content=\"Taveira Jr\" \/>\n<meta property=\"og:image\" content=\"https:\/\/deputadotaveirajr.com.br\/wp-content\/uploads\/2024\/07\/captura-de-tela-2024-07-11-080800-GYAdAN.jpeg\" \/>\n\t<meta property=\"og:image:width\" content=\"600\" \/>\n\t<meta property=\"og:image:height\" content=\"616\" \/>\n\t<meta property=\"og:image:type\" content=\"image\/jpeg\" \/>\n<meta name=\"twitter:card\" content=\"summary_large_image\" \/>\n<meta name=\"twitter:label1\" content=\"Est. tempo de leitura\" \/>\n\t<meta name=\"twitter:data1\" content=\"2 minutos\" \/>\n<script type=\"application\/ld+json\" class=\"yoast-schema-graph\">{\"@context\":\"https:\/\/schema.org\",\"@graph\":[{\"@type\":\"WebPage\",\"@id\":\"https:\/\/deputadotaveirajr.com.br\/index.php\/mulher-e-morta-a-facadas-em-praca-no-interior-do-rn-companheiro-e-preso-suspeito-do-crime\/\",\"url\":\"https:\/\/deputadotaveirajr.com.br\/index.php\/mulher-e-morta-a-facadas-em-praca-no-interior-do-rn-companheiro-e-preso-suspeito-do-crime\/\",\"name\":\"Mulher \u00e9 morta a facadas em pra\u00e7a no interior do RN; companheiro \u00e9 preso suspeito do crime - Taveira Jr\",\"isPartOf\":{\"@id\":\"https:\/\/deputadotaveirajr.com.br\/#website\"},\"primaryImageOfPage\":{\"@id\":\"https:\/\/deputadotaveirajr.com.br\/index.php\/mulher-e-morta-a-facadas-em-praca-no-interior-do-rn-companheiro-e-preso-suspeito-do-crime\/#primaryimage\"},\"image\":{\"@id\":\"https:\/\/deputadotaveirajr.com.br\/index.php\/mulher-e-morta-a-facadas-em-praca-no-interior-do-rn-companheiro-e-preso-suspeito-do-crime\/#primaryimage\"},\"thumbnailUrl\":\"https:\/\/deputadotaveirajr.com.br\/wp-content\/uploads\/2024\/07\/captura-de-tela-2024-07-11-080800-GYAdAN.jpeg\",\"datePublished\":\"2024-07-11T14:19:34+00:00\",\"breadcrumb\":{\"@id\":\"https:\/\/deputadotaveirajr.com.br\/index.php\/mulher-e-morta-a-facadas-em-praca-no-interior-do-rn-companheiro-e-preso-suspeito-do-crime\/#breadcrumb\"},\"inLanguage\":\"pt-BR\",\"potentialAction\":[{\"@type\":\"ReadAction\",\"target\":[\"https:\/\/deputadotaveirajr.com.br\/index.php\/mulher-e-morta-a-facadas-em-praca-no-interior-do-rn-companheiro-e-preso-suspeito-do-crime\/\"]}]},{\"@type\":\"ImageObject\",\"inLanguage\":\"pt-BR\",\"@id\":\"https:\/\/deputadotaveirajr.com.br\/index.php\/mulher-e-morta-a-facadas-em-praca-no-interior-do-rn-companheiro-e-preso-suspeito-do-crime\/#primaryimage\",\"url\":\"https:\/\/deputadotaveirajr.com.br\/wp-content\/uploads\/2024\/07\/captura-de-tela-2024-07-11-080800-GYAdAN.jpeg\",\"contentUrl\":\"https:\/\/deputadotaveirajr.com.br\/wp-content\/uploads\/2024\/07\/captura-de-tela-2024-07-11-080800-GYAdAN.jpeg\",\"width\":600,\"height\":616},{\"@type\":\"BreadcrumbList\",\"@id\":\"https:\/\/deputadotaveirajr.com.br\/index.php\/mulher-e-morta-a-facadas-em-praca-no-interior-do-rn-companheiro-e-preso-suspeito-do-crime\/#breadcrumb\",\"itemListElement\":[{\"@type\":\"ListItem\",\"position\":1,\"name\":\"In\u00edcio\",\"item\":\"https:\/\/deputadotaveirajr.com.br\/\"},{\"@type\":\"ListItem\",\"position\":2,\"name\":\"Mulher \u00e9 morta a facadas em pra\u00e7a no interior do RN; companheiro \u00e9 preso suspeito do crime\"}]},{\"@type\":\"WebSite\",\"@id\":\"https:\/\/deputadotaveirajr.com.br\/#website\",\"url\":\"https:\/\/deputadotaveirajr.com.br\/\",\"name\":\"Taveira Jr\",\"description\":\"Deputado Estadual\",\"publisher\":{\"@id\":\"https:\/\/deputadotaveirajr.com.br\/#organization\"},\"potentialAction\":[{\"@type\":\"SearchAction\",\"target\":{\"@type\":\"EntryPoint\",\"urlTemplate\":\"https:\/\/deputadotaveirajr.com.br\/?s={search_term_string}\"},\"query-input\":{\"@type\":\"PropertyValueSpecification\",\"valueRequired\":true,\"valueName\":\"search_term_string\"}}],\"inLanguage\":\"pt-BR\"},{\"@type\":\"Organization\",\"@id\":\"https:\/\/deputadotaveirajr.com.br\/#organization\",\"name\":\"Taveira Jr\",\"url\":\"https:\/\/deputadotaveirajr.com.br\/\",\"logo\":{\"@type\":\"ImageObject\",\"inLanguage\":\"pt-BR\",\"@id\":\"https:\/\/deputadotaveirajr.com.br\/#\/schema\/logo\/image\/\",\"url\":\"https:\/\/deputadotaveirajr.com.br\/wp-content\/uploads\/2026\/01\/logolow2a.png\",\"contentUrl\":\"https:\/\/deputadotaveirajr.com.br\/wp-content\/uploads\/2026\/01\/logolow2a.png\",\"width\":290,\"height\":80,\"caption\":\"Taveira Jr\"},\"image\":{\"@id\":\"https:\/\/deputadotaveirajr.com.br\/#\/schema\/logo\/image\/\"}}]}<\/script>\n<!-- \/ Yoast SEO plugin. -->","yoast_head_json":{"title":"Mulher \u00e9 morta a facadas em pra\u00e7a no interior do RN; companheiro \u00e9 preso suspeito do crime - Taveira Jr","robots":{"index":"index","follow":"follow","max-snippet":"max-snippet:-1","max-image-preview":"max-image-preview:large","max-video-preview":"max-video-preview:-1"},"canonical":"https:\/\/deputadotaveirajr.com.br\/index.php\/mulher-e-morta-a-facadas-em-praca-no-interior-do-rn-companheiro-e-preso-suspeito-do-crime\/","og_locale":"pt_BR","og_type":"article","og_title":"Mulher \u00e9 morta a facadas em pra\u00e7a no interior do RN; companheiro \u00e9 preso suspeito do crime - Taveira Jr","og_description":"Maria das Gra\u00e7as Leoc\u00e1dio tinha 40 anos de idade e foi morta na pra\u00e7a Arist\u00f3fanes Fernandes, no centro de Santana do Matos, no fim da tarde de quarta-feira (10). Crime ...","og_url":"https:\/\/deputadotaveirajr.com.br\/index.php\/mulher-e-morta-a-facadas-em-praca-no-interior-do-rn-companheiro-e-preso-suspeito-do-crime\/","og_site_name":"Taveira Jr","og_image":[{"width":600,"height":616,"url":"https:\/\/deputadotaveirajr.com.br\/wp-content\/uploads\/2024\/07\/captura-de-tela-2024-07-11-080800-GYAdAN.jpeg","type":"image\/jpeg"}],"twitter_card":"summary_large_image","twitter_misc":{"Est. tempo de leitura":"2 minutos"},"schema":{"@context":"https:\/\/schema.org","@graph":[{"@type":"WebPage","@id":"https:\/\/deputadotaveirajr.com.br\/index.php\/mulher-e-morta-a-facadas-em-praca-no-interior-do-rn-companheiro-e-preso-suspeito-do-crime\/","url":"https:\/\/deputadotaveirajr.com.br\/index.php\/mulher-e-morta-a-facadas-em-praca-no-interior-do-rn-companheiro-e-preso-suspeito-do-crime\/","name":"Mulher \u00e9 morta a facadas em pra\u00e7a no interior do RN; companheiro \u00e9 preso suspeito do crime - Taveira Jr","isPartOf":{"@id":"https:\/\/deputadotaveirajr.com.br\/#website"},"primaryImageOfPage":{"@id":"https:\/\/deputadotaveirajr.com.br\/index.php\/mulher-e-morta-a-facadas-em-praca-no-interior-do-rn-companheiro-e-preso-suspeito-do-crime\/#primaryimage"},"image":{"@id":"https:\/\/deputadotaveirajr.com.br\/index.php\/mulher-e-morta-a-facadas-em-praca-no-interior-do-rn-companheiro-e-preso-suspeito-do-crime\/#primaryimage"},"thumbnailUrl":"https:\/\/deputadotaveirajr.com.br\/wp-content\/uploads\/2024\/07\/captura-de-tela-2024-07-11-080800-GYAdAN.jpeg","datePublished":"2024-07-11T14:19:34+00:00","breadcrumb":{"@id":"https:\/\/deputadotaveirajr.com.br\/index.php\/mulher-e-morta-a-facadas-em-praca-no-interior-do-rn-companheiro-e-preso-suspeito-do-crime\/#breadcrumb"},"inLanguage":"pt-BR","potentialAction":[{"@type":"ReadAction","target":["https:\/\/deputadotaveirajr.com.br\/index.php\/mulher-e-morta-a-facadas-em-praca-no-interior-do-rn-companheiro-e-preso-suspeito-do-crime\/"]}]},{"@type":"ImageObject","inLanguage":"pt-BR","@id":"https:\/\/deputadotaveirajr.com.br\/index.php\/mulher-e-morta-a-facadas-em-praca-no-interior-do-rn-companheiro-e-preso-suspeito-do-crime\/#primaryimage","url":"https:\/\/deputadotaveirajr.com.br\/wp-content\/uploads\/2024\/07\/captura-de-tela-2024-07-11-080800-GYAdAN.jpeg","contentUrl":"https:\/\/deputadotaveirajr.com.br\/wp-content\/uploads\/2024\/07\/captura-de-tela-2024-07-11-080800-GYAdAN.jpeg","width":600,"height":616},{"@type":"BreadcrumbList","@id":"https:\/\/deputadotaveirajr.com.br\/index.php\/mulher-e-morta-a-facadas-em-praca-no-interior-do-rn-companheiro-e-preso-suspeito-do-crime\/#breadcrumb","itemListElement":[{"@type":"ListItem","position":1,"name":"In\u00edcio","item":"https:\/\/deputadotaveirajr.com.br\/"},{"@type":"ListItem","position":2,"name":"Mulher \u00e9 morta a facadas em pra\u00e7a no interior do RN; companheiro \u00e9 preso suspeito do crime"}]},{"@type":"WebSite","@id":"https:\/\/deputadotaveirajr.com.br\/#website","url":"https:\/\/deputadotaveirajr.com.br\/","name":"Taveira Jr","description":"Deputado Estadual","publisher":{"@id":"https:\/\/deputadotaveirajr.com.br\/#organization"},"potentialAction":[{"@type":"SearchAction","target":{"@type":"EntryPoint","urlTemplate":"https:\/\/deputadotaveirajr.com.br\/?s={search_term_string}"},"query-input":{"@type":"PropertyValueSpecification","valueRequired":true,"valueName":"search_term_string"}}],"inLanguage":"pt-BR"},{"@type":"Organization","@id":"https:\/\/deputadotaveirajr.com.br\/#organization","name":"Taveira Jr","url":"https:\/\/deputadotaveirajr.com.br\/","logo":{"@type":"ImageObject","inLanguage":"pt-BR","@id":"https:\/\/deputadotaveirajr.com.br\/#\/schema\/logo\/image\/","url":"https:\/\/deputadotaveirajr.com.br\/wp-content\/uploads\/2026\/01\/logolow2a.png","contentUrl":"https:\/\/deputadotaveirajr.com.br\/wp-content\/uploads\/2026\/01\/logolow2a.png","width":290,"height":80,"caption":"Taveira Jr"},"image":{"@id":"https:\/\/deputadotaveirajr.com.br\/#\/schema\/logo\/image\/"}}]}},"_links":{"self":[{"href":"https:\/\/deputadotaveirajr.com.br\/index.php\/wp-json\/wp\/v2\/pages\/7675","targetHints":{"allow":["GET"]}}],"collection":[{"href":"https:\/\/deputadotaveirajr.com.br\/index.php\/wp-json\/wp\/v2\/pages"}],"about":[{"href":"https:\/\/deputadotaveirajr.com.br\/index.php\/wp-json\/wp\/v2\/types\/page"}],"replies":[{"embeddable":true,"href":"https:\/\/deputadotaveirajr.com.br\/index.php\/wp-json\/wp\/v2\/comments?post=7675"}],"version-history":[{"count":1,"href":"https:\/\/deputadotaveirajr.com.br\/index.php\/wp-json\/wp\/v2\/pages\/7675\/revisions"}],"predecessor-version":[{"id":7691,"href":"https:\/\/deputadotaveirajr.com.br\/index.php\/wp-json\/wp\/v2\/pages\/7675\/revisions\/7691"}],"wp:featuredmedia":[{"embeddable":true,"href":"https:\/\/deputadotaveirajr.com.br\/index.php\/wp-json\/wp\/v2\/media\/7676"}],"wp:attachment":[{"href":"https:\/\/deputadotaveirajr.com.br\/index.php\/wp-json\/wp\/v2\/media?parent=7675"}],"curies":[{"name":"wp","href":"https:\/\/api.w.org\/{rel}","templated":true}]}}