{"id":7715,"date":"2024-07-11T18:33:40","date_gmt":"2024-07-11T21:33:40","guid":{"rendered":"https:\/\/deputadotaveirajr.com.br\/?page_id=7715"},"modified":"2024-07-11T18:33:40","modified_gmt":"2024-07-11T21:33:40","slug":"tj-decreta-prisao-preventiva-de-ex-policial-wendel-lagartixa-em-investigacao-sobre-triplo-homicidio-no-rn","status":"publish","type":"page","link":"https:\/\/deputadotaveirajr.com.br\/index.php\/tj-decreta-prisao-preventiva-de-ex-policial-wendel-lagartixa-em-investigacao-sobre-triplo-homicidio-no-rn\/","title":{"rendered":"TJ decreta pris\u00e3o preventiva de ex-policial Wendel Lagartixa em investiga\u00e7\u00e3o sobre triplo homic\u00eddio no RN"},"content":{"rendered":"<p>     Decis\u00e3o ocorreu de forma un\u00e2nime pela C\u00e2mara Criminal do TJ no \u00e2mbito da Opera\u00e7\u00e3o Aqueronte, que apura um triplo homic\u00eddio e tentativas de homic\u00eddio no RN. Wendel Lagartixa deve permanecer preso at\u00e9 o julgamento do caso, que ainda n\u00e3o tem data para acontecer<br \/>\nDivulga\u00e7\u00e3o<br \/>\nO ex-policial militar Wendel Fagner Cortez de Almeida, conhecido como Wendel Lagartixa, teve sua pris\u00e3o preventiva decretada pelo Tribunal de Justi\u00e7a do Rio Grande do Norte (TJRN) nesta quinta-feira (11).<br \/>\nA decis\u00e3o \u00e9 da C\u00e2mara Criminal do \u00f3rg\u00e3o, que deu provimento ao recurso do Minist\u00e9rio P\u00fablico do Rio Grande do Norte (MPRN) no \u00e2mbito da Opera\u00e7\u00e3o Aqueronte, que apura um triplo homic\u00eddio, ocorrido na Redinha, Zona Norte de Natal, em 2022.<br \/>\n\ud83d\udcf3Participe do canal do g1 RN no WhatsApp<br \/>\nA investiga\u00e7\u00e3o tamb\u00e9m apura um segundo crime de tentativa de homic\u00eddio. Ambos os casos est\u00e3o com instru\u00e7\u00e3o encerrada na vara do J\u00fari em Natal.<br \/>\nOs desembargadores acataram a argumenta\u00e7\u00e3o do Minist\u00e9rio P\u00fablico de que as medidas cautelares para que a pris\u00e3o preventiva n\u00e3o fosse declarada eram, atualmente, insuficientes.<br \/>\nUm ponto que pesou para a decis\u00e3o foi o fato do policial reformado ter sido flagrado com uma arma irregular enquanto passava pelo estado da Bahia no \u00faltimo m\u00eas de maio.<br \/>\nO cen\u00e1rio refor\u00e7ou os argumentos da promotoria de que Wendel Lagartixa representa risco \u00e0 ordem p\u00fablica. A decis\u00e3o pela pris\u00e3o preventiva ocorreu de forma un\u00e2nime na C\u00e2mara Criminal do TJRN<br \/>\nWendel Lagartixa deve permanecer preso at\u00e9 o julgamento do caso, que ainda n\u00e3o tem data para acontecer.<br \/>\nO caso<br \/>\nDe acordo com a den\u00fancia do Minist\u00e9rio P\u00fablico, as v\u00edtimas do triplo homic\u00eddio foram mortas a tiros em um bar no bairro da Redinha, em Natal. O crime ocorreu em abril de 2022. Os acusados &#8211; um policial militar da ativa, dois ex-policiais militares e um quarto indiv\u00edduo &#8211; s\u00e3o apontados como membros de grupo de exterm\u00ednio. Eles ainda teriam tentado assassinar mais tr\u00eas outros homens que estavam no local. Duas das v\u00edtimas &#8211; um ajudante de cozinha e um servente de pedreiro &#8211; teriam sido executadas como &#8220;queima de arquivo&#8221; por terem testemunhado uma terceira execu\u00e7\u00e3o.<br \/>\nEm 2013, Wendel Lagartixa tamb\u00e9m foi preso em opera\u00e7\u00e3o da Pol\u00edcia Federal, acusado de participar de um grupo de exterm\u00ednio e estar envolvido em outra investiga\u00e7\u00e3o da PF.<\/p>","protected":false},"excerpt":{"rendered":"<p>Decis\u00e3o ocorreu de forma un\u00e2nime pela C\u00e2mara Criminal do TJ no \u00e2mbito da Opera\u00e7\u00e3o Aqueronte, que apura um triplo homic\u00eddio e tentativas de homic\u00eddio no RN. Wendel Lagartixa deve permanecer &#8230;<\/p>\n","protected":false},"author":0,"featured_media":7716,"parent":0,"menu_order":0,"comment_status":"closed","ping_status":"closed","template":"","meta":{"footnotes":""},"class_list":["post-7715","page","type-page","status-publish","has-post-thumbnail","hentry"],"yoast_head":"<!-- This site is optimized with the Yoast SEO plugin v27.1.1 - https:\/\/yoast.com\/product\/yoast-seo-wordpress\/ -->\n<title>TJ decreta pris\u00e3o preventiva de ex-policial Wendel Lagartixa em investiga\u00e7\u00e3o sobre triplo homic\u00eddio no RN - Taveira Jr<\/title>\n<meta name=\"robots\" content=\"index, follow, max-snippet:-1, max-image-preview:large, max-video-preview:-1\" \/>\n<link rel=\"canonical\" href=\"https:\/\/deputadotaveirajr.com.br\/index.php\/tj-decreta-prisao-preventiva-de-ex-policial-wendel-lagartixa-em-investigacao-sobre-triplo-homicidio-no-rn\/\" \/>\n<meta property=\"og:locale\" content=\"pt_BR\" \/>\n<meta property=\"og:type\" content=\"article\" \/>\n<meta property=\"og:title\" content=\"TJ decreta pris\u00e3o preventiva de ex-policial Wendel Lagartixa em investiga\u00e7\u00e3o sobre triplo homic\u00eddio no RN - Taveira Jr\" \/>\n<meta property=\"og:description\" content=\"Decis\u00e3o ocorreu de forma un\u00e2nime pela C\u00e2mara Criminal do TJ no \u00e2mbito da Opera\u00e7\u00e3o Aqueronte, que apura um triplo homic\u00eddio e tentativas de homic\u00eddio no RN. Wendel Lagartixa deve permanecer ...\" \/>\n<meta property=\"og:url\" content=\"https:\/\/deputadotaveirajr.com.br\/index.php\/tj-decreta-prisao-preventiva-de-ex-policial-wendel-lagartixa-em-investigacao-sobre-triplo-homicidio-no-rn\/\" \/>\n<meta property=\"og:site_name\" content=\"Taveira Jr\" \/>\n<meta property=\"og:image\" content=\"https:\/\/deputadotaveirajr.com.br\/wp-content\/uploads\/2024\/07\/wendel-yitVlk.jpeg\" \/>\n\t<meta property=\"og:image:width\" content=\"1000\" \/>\n\t<meta property=\"og:image:height\" content=\"674\" \/>\n\t<meta property=\"og:image:type\" content=\"image\/jpeg\" \/>\n<meta name=\"twitter:card\" content=\"summary_large_image\" \/>\n<meta name=\"twitter:label1\" content=\"Est. tempo de leitura\" \/>\n\t<meta name=\"twitter:data1\" content=\"2 minutos\" \/>\n<script type=\"application\/ld+json\" class=\"yoast-schema-graph\">{\"@context\":\"https:\/\/schema.org\",\"@graph\":[{\"@type\":\"WebPage\",\"@id\":\"https:\/\/deputadotaveirajr.com.br\/index.php\/tj-decreta-prisao-preventiva-de-ex-policial-wendel-lagartixa-em-investigacao-sobre-triplo-homicidio-no-rn\/\",\"url\":\"https:\/\/deputadotaveirajr.com.br\/index.php\/tj-decreta-prisao-preventiva-de-ex-policial-wendel-lagartixa-em-investigacao-sobre-triplo-homicidio-no-rn\/\",\"name\":\"TJ decreta pris\u00e3o preventiva de ex-policial Wendel Lagartixa em investiga\u00e7\u00e3o sobre triplo homic\u00eddio no RN - Taveira Jr\",\"isPartOf\":{\"@id\":\"https:\/\/deputadotaveirajr.com.br\/#website\"},\"primaryImageOfPage\":{\"@id\":\"https:\/\/deputadotaveirajr.com.br\/index.php\/tj-decreta-prisao-preventiva-de-ex-policial-wendel-lagartixa-em-investigacao-sobre-triplo-homicidio-no-rn\/#primaryimage\"},\"image\":{\"@id\":\"https:\/\/deputadotaveirajr.com.br\/index.php\/tj-decreta-prisao-preventiva-de-ex-policial-wendel-lagartixa-em-investigacao-sobre-triplo-homicidio-no-rn\/#primaryimage\"},\"thumbnailUrl\":\"https:\/\/deputadotaveirajr.com.br\/wp-content\/uploads\/2024\/07\/wendel-yitVlk.jpeg\",\"datePublished\":\"2024-07-11T21:33:40+00:00\",\"breadcrumb\":{\"@id\":\"https:\/\/deputadotaveirajr.com.br\/index.php\/tj-decreta-prisao-preventiva-de-ex-policial-wendel-lagartixa-em-investigacao-sobre-triplo-homicidio-no-rn\/#breadcrumb\"},\"inLanguage\":\"pt-BR\",\"potentialAction\":[{\"@type\":\"ReadAction\",\"target\":[\"https:\/\/deputadotaveirajr.com.br\/index.php\/tj-decreta-prisao-preventiva-de-ex-policial-wendel-lagartixa-em-investigacao-sobre-triplo-homicidio-no-rn\/\"]}]},{\"@type\":\"ImageObject\",\"inLanguage\":\"pt-BR\",\"@id\":\"https:\/\/deputadotaveirajr.com.br\/index.php\/tj-decreta-prisao-preventiva-de-ex-policial-wendel-lagartixa-em-investigacao-sobre-triplo-homicidio-no-rn\/#primaryimage\",\"url\":\"https:\/\/deputadotaveirajr.com.br\/wp-content\/uploads\/2024\/07\/wendel-yitVlk.jpeg\",\"contentUrl\":\"https:\/\/deputadotaveirajr.com.br\/wp-content\/uploads\/2024\/07\/wendel-yitVlk.jpeg\",\"width\":1000,\"height\":674},{\"@type\":\"BreadcrumbList\",\"@id\":\"https:\/\/deputadotaveirajr.com.br\/index.php\/tj-decreta-prisao-preventiva-de-ex-policial-wendel-lagartixa-em-investigacao-sobre-triplo-homicidio-no-rn\/#breadcrumb\",\"itemListElement\":[{\"@type\":\"ListItem\",\"position\":1,\"name\":\"In\u00edcio\",\"item\":\"https:\/\/deputadotaveirajr.com.br\/\"},{\"@type\":\"ListItem\",\"position\":2,\"name\":\"TJ decreta pris\u00e3o preventiva de ex-policial Wendel Lagartixa em investiga\u00e7\u00e3o sobre triplo homic\u00eddio no RN\"}]},{\"@type\":\"WebSite\",\"@id\":\"https:\/\/deputadotaveirajr.com.br\/#website\",\"url\":\"https:\/\/deputadotaveirajr.com.br\/\",\"name\":\"Taveira Jr\",\"description\":\"Deputado Estadual\",\"publisher\":{\"@id\":\"https:\/\/deputadotaveirajr.com.br\/#organization\"},\"potentialAction\":[{\"@type\":\"SearchAction\",\"target\":{\"@type\":\"EntryPoint\",\"urlTemplate\":\"https:\/\/deputadotaveirajr.com.br\/?s={search_term_string}\"},\"query-input\":{\"@type\":\"PropertyValueSpecification\",\"valueRequired\":true,\"valueName\":\"search_term_string\"}}],\"inLanguage\":\"pt-BR\"},{\"@type\":\"Organization\",\"@id\":\"https:\/\/deputadotaveirajr.com.br\/#organization\",\"name\":\"Taveira Jr\",\"url\":\"https:\/\/deputadotaveirajr.com.br\/\",\"logo\":{\"@type\":\"ImageObject\",\"inLanguage\":\"pt-BR\",\"@id\":\"https:\/\/deputadotaveirajr.com.br\/#\/schema\/logo\/image\/\",\"url\":\"https:\/\/deputadotaveirajr.com.br\/wp-content\/uploads\/2026\/01\/logolow2a.png\",\"contentUrl\":\"https:\/\/deputadotaveirajr.com.br\/wp-content\/uploads\/2026\/01\/logolow2a.png\",\"width\":290,\"height\":80,\"caption\":\"Taveira Jr\"},\"image\":{\"@id\":\"https:\/\/deputadotaveirajr.com.br\/#\/schema\/logo\/image\/\"}}]}<\/script>\n<!-- \/ Yoast SEO plugin. -->","yoast_head_json":{"title":"TJ decreta pris\u00e3o preventiva de ex-policial Wendel Lagartixa em investiga\u00e7\u00e3o sobre triplo homic\u00eddio no RN - Taveira Jr","robots":{"index":"index","follow":"follow","max-snippet":"max-snippet:-1","max-image-preview":"max-image-preview:large","max-video-preview":"max-video-preview:-1"},"canonical":"https:\/\/deputadotaveirajr.com.br\/index.php\/tj-decreta-prisao-preventiva-de-ex-policial-wendel-lagartixa-em-investigacao-sobre-triplo-homicidio-no-rn\/","og_locale":"pt_BR","og_type":"article","og_title":"TJ decreta pris\u00e3o preventiva de ex-policial Wendel Lagartixa em investiga\u00e7\u00e3o sobre triplo homic\u00eddio no RN - Taveira Jr","og_description":"Decis\u00e3o ocorreu de forma un\u00e2nime pela C\u00e2mara Criminal do TJ no \u00e2mbito da Opera\u00e7\u00e3o Aqueronte, que apura um triplo homic\u00eddio e tentativas de homic\u00eddio no RN. Wendel Lagartixa deve permanecer ...","og_url":"https:\/\/deputadotaveirajr.com.br\/index.php\/tj-decreta-prisao-preventiva-de-ex-policial-wendel-lagartixa-em-investigacao-sobre-triplo-homicidio-no-rn\/","og_site_name":"Taveira Jr","og_image":[{"width":1000,"height":674,"url":"https:\/\/deputadotaveirajr.com.br\/wp-content\/uploads\/2024\/07\/wendel-yitVlk.jpeg","type":"image\/jpeg"}],"twitter_card":"summary_large_image","twitter_misc":{"Est. tempo de leitura":"2 minutos"},"schema":{"@context":"https:\/\/schema.org","@graph":[{"@type":"WebPage","@id":"https:\/\/deputadotaveirajr.com.br\/index.php\/tj-decreta-prisao-preventiva-de-ex-policial-wendel-lagartixa-em-investigacao-sobre-triplo-homicidio-no-rn\/","url":"https:\/\/deputadotaveirajr.com.br\/index.php\/tj-decreta-prisao-preventiva-de-ex-policial-wendel-lagartixa-em-investigacao-sobre-triplo-homicidio-no-rn\/","name":"TJ decreta pris\u00e3o preventiva de ex-policial Wendel Lagartixa em investiga\u00e7\u00e3o sobre triplo homic\u00eddio no RN - Taveira Jr","isPartOf":{"@id":"https:\/\/deputadotaveirajr.com.br\/#website"},"primaryImageOfPage":{"@id":"https:\/\/deputadotaveirajr.com.br\/index.php\/tj-decreta-prisao-preventiva-de-ex-policial-wendel-lagartixa-em-investigacao-sobre-triplo-homicidio-no-rn\/#primaryimage"},"image":{"@id":"https:\/\/deputadotaveirajr.com.br\/index.php\/tj-decreta-prisao-preventiva-de-ex-policial-wendel-lagartixa-em-investigacao-sobre-triplo-homicidio-no-rn\/#primaryimage"},"thumbnailUrl":"https:\/\/deputadotaveirajr.com.br\/wp-content\/uploads\/2024\/07\/wendel-yitVlk.jpeg","datePublished":"2024-07-11T21:33:40+00:00","breadcrumb":{"@id":"https:\/\/deputadotaveirajr.com.br\/index.php\/tj-decreta-prisao-preventiva-de-ex-policial-wendel-lagartixa-em-investigacao-sobre-triplo-homicidio-no-rn\/#breadcrumb"},"inLanguage":"pt-BR","potentialAction":[{"@type":"ReadAction","target":["https:\/\/deputadotaveirajr.com.br\/index.php\/tj-decreta-prisao-preventiva-de-ex-policial-wendel-lagartixa-em-investigacao-sobre-triplo-homicidio-no-rn\/"]}]},{"@type":"ImageObject","inLanguage":"pt-BR","@id":"https:\/\/deputadotaveirajr.com.br\/index.php\/tj-decreta-prisao-preventiva-de-ex-policial-wendel-lagartixa-em-investigacao-sobre-triplo-homicidio-no-rn\/#primaryimage","url":"https:\/\/deputadotaveirajr.com.br\/wp-content\/uploads\/2024\/07\/wendel-yitVlk.jpeg","contentUrl":"https:\/\/deputadotaveirajr.com.br\/wp-content\/uploads\/2024\/07\/wendel-yitVlk.jpeg","width":1000,"height":674},{"@type":"BreadcrumbList","@id":"https:\/\/deputadotaveirajr.com.br\/index.php\/tj-decreta-prisao-preventiva-de-ex-policial-wendel-lagartixa-em-investigacao-sobre-triplo-homicidio-no-rn\/#breadcrumb","itemListElement":[{"@type":"ListItem","position":1,"name":"In\u00edcio","item":"https:\/\/deputadotaveirajr.com.br\/"},{"@type":"ListItem","position":2,"name":"TJ decreta pris\u00e3o preventiva de ex-policial Wendel Lagartixa em investiga\u00e7\u00e3o sobre triplo homic\u00eddio no RN"}]},{"@type":"WebSite","@id":"https:\/\/deputadotaveirajr.com.br\/#website","url":"https:\/\/deputadotaveirajr.com.br\/","name":"Taveira Jr","description":"Deputado Estadual","publisher":{"@id":"https:\/\/deputadotaveirajr.com.br\/#organization"},"potentialAction":[{"@type":"SearchAction","target":{"@type":"EntryPoint","urlTemplate":"https:\/\/deputadotaveirajr.com.br\/?s={search_term_string}"},"query-input":{"@type":"PropertyValueSpecification","valueRequired":true,"valueName":"search_term_string"}}],"inLanguage":"pt-BR"},{"@type":"Organization","@id":"https:\/\/deputadotaveirajr.com.br\/#organization","name":"Taveira Jr","url":"https:\/\/deputadotaveirajr.com.br\/","logo":{"@type":"ImageObject","inLanguage":"pt-BR","@id":"https:\/\/deputadotaveirajr.com.br\/#\/schema\/logo\/image\/","url":"https:\/\/deputadotaveirajr.com.br\/wp-content\/uploads\/2026\/01\/logolow2a.png","contentUrl":"https:\/\/deputadotaveirajr.com.br\/wp-content\/uploads\/2026\/01\/logolow2a.png","width":290,"height":80,"caption":"Taveira Jr"},"image":{"@id":"https:\/\/deputadotaveirajr.com.br\/#\/schema\/logo\/image\/"}}]}},"_links":{"self":[{"href":"https:\/\/deputadotaveirajr.com.br\/index.php\/wp-json\/wp\/v2\/pages\/7715","targetHints":{"allow":["GET"]}}],"collection":[{"href":"https:\/\/deputadotaveirajr.com.br\/index.php\/wp-json\/wp\/v2\/pages"}],"about":[{"href":"https:\/\/deputadotaveirajr.com.br\/index.php\/wp-json\/wp\/v2\/types\/page"}],"replies":[{"embeddable":true,"href":"https:\/\/deputadotaveirajr.com.br\/index.php\/wp-json\/wp\/v2\/comments?post=7715"}],"version-history":[{"count":1,"href":"https:\/\/deputadotaveirajr.com.br\/index.php\/wp-json\/wp\/v2\/pages\/7715\/revisions"}],"predecessor-version":[{"id":7719,"href":"https:\/\/deputadotaveirajr.com.br\/index.php\/wp-json\/wp\/v2\/pages\/7715\/revisions\/7719"}],"wp:featuredmedia":[{"embeddable":true,"href":"https:\/\/deputadotaveirajr.com.br\/index.php\/wp-json\/wp\/v2\/media\/7716"}],"wp:attachment":[{"href":"https:\/\/deputadotaveirajr.com.br\/index.php\/wp-json\/wp\/v2\/media?parent=7715"}],"curies":[{"name":"wp","href":"https:\/\/api.w.org\/{rel}","templated":true}]}}