{"id":7750,"date":"2024-07-13T14:45:44","date_gmt":"2024-07-13T17:45:44","guid":{"rendered":"https:\/\/deputadotaveirajr.com.br\/index.php\/dois-homens-tem-pernas-amputadas-em-acidente-em-rodovia-da-regiao-serido\/"},"modified":"2024-07-13T14:45:44","modified_gmt":"2024-07-13T17:45:44","slug":"dois-homens-tem-pernas-amputadas-em-acidente-em-rodovia-da-regiao-serido","status":"publish","type":"page","link":"https:\/\/deputadotaveirajr.com.br\/index.php\/dois-homens-tem-pernas-amputadas-em-acidente-em-rodovia-da-regiao-serido\/","title":{"rendered":"Dois homens t\u00eam pernas amputadas em acidente em rodovia da regi\u00e3o Serid\u00f3"},"content":{"rendered":"<p>     V\u00edtimas ocupavam moto que foi atingida por um carro na RN-118, no munic\u00edpio de S\u00e3o Jo\u00e3o do Sabugi. Condutor do ve\u00edculo foi preso em flagrante por estar sob efeito de drogas. Dois homens t\u00eam pernas amputadas em acidente em rodovia da regi\u00e3o Serid\u00f3<br \/>\nCedida<br \/>\nUm acidente envolvendo uma motocicleta e um carro deixou duas pessoas gravemente feridas na noite de sexta-feira (12), na RN-118, no munic\u00edpio de S\u00e3o Jo\u00e3o do Sabugi, na regi\u00e3o Serid\u00f3 do Rio Grande do Norte. O condutor do carro foi preso em flagrante por estar sob efeito de drogas, segundo a pol\u00edcia. Os dois ocupantes da moto absorveram o impacto da colis\u00e3o e cada um teve uma das pernas amputada.<br \/>\n\ud83d\udcf3Participe do canal do g1 RN no WhatsApp<br \/>\nDe acordo com informa\u00e7\u00f5es do Comando de Pol\u00edcia Rodovi\u00e1ria Estadual (CPRE), o acidente aconteceu na zona rural, em um trecho pr\u00f3ximo \u00e0 barragem das Carna\u00fabas, em S\u00e3o Jo\u00e3o do Sabugi, por volta das 22h. O carro e a moto bateram lateralmente e, com o impacto da batida, os dois ve\u00edculos foram parar no matagal \u00e0s margens da rodovia.<br \/>\nSegundo o CPRE, cada ocupante da moto modelo Titan teve uma das pernas amputada. Eles foram encaminhados ao hospital Telecila Freitas Fontes, na cidade de Caic\u00f3. N\u00e3o h\u00e1 informa\u00e7\u00f5es sobre o estado de sa\u00fade dos feridos. Um deles tem 22 anos e o outro, 21 anos, ambos residentes em Caic\u00f3.<br \/>\nO motorista do carro modelo Elantra permaneceu no local do acidente. De acordo com o relat\u00f3rio dos policiais, ele n\u00e3o tinha condi\u00e7\u00f5es de dar a vers\u00e3o sobre o fato. Ainda no local, a equipe do CPRE realizou um teste de baf\u00f4metro que deu resultado negativo. Segundo informa\u00e7\u00f5es da pol\u00edcia, com o motorista do carro foram encontradas uma por\u00e7\u00e3o de maconha, comprimidos ainda n\u00e3o identificados e um p\u00f3 an\u00e1logo \u00e0 coca\u00edna.<br \/>\nO homem tem 38 anos e tamb\u00e9m mora em Caic\u00f3. Ele recebeu voz de pris\u00e3o e foi encaminhado \u00e0 delegacia. Segundo a pol\u00edcia, ele foi &#8220;autuado em flagrante por praticar les\u00e3o corporal culposa de natureza grave ou grav\u00edssima na dire\u00e7\u00e3o de ve\u00edculo automotor com a capacidade psicomotora alterada em raz\u00e3o da influ\u00eancia de \u00e1lcool ou de outra subst\u00e2ncia psicoativa que determine depend\u00eancia&#8221; (artigo 303 do C\u00f3digo de Tr\u00e2nsito Brasileiro).<br \/>\nOs ve\u00edculos foram removidos do local do acidente para o p\u00e1tio da pol\u00edcia. O delegado que atendeu a ocorr\u00eancia solicitou a per\u00edcia do Itep para apurar as causas do acidente. O caso ser\u00e1 investigado pela Pol\u00edcia Civil.<br \/>\nV\u00eddeos mais assistidos do g1 RN<br \/>\ne . O condutor do carro foi preso em flagrante por estar sob efeito de drogas, segundo a pol\u00edcia. Os dois ocupantes da moto absorveram o impacto da colis\u00e3o  tiveram uma das pernas amputada.<\/p>","protected":false},"excerpt":{"rendered":"<p>V\u00edtimas ocupavam moto que foi atingida por um carro na RN-118, no munic\u00edpio de S\u00e3o Jo\u00e3o do Sabugi. Condutor do ve\u00edculo foi preso em flagrante por estar sob efeito de &#8230;<\/p>\n","protected":false},"author":0,"featured_media":7751,"parent":0,"menu_order":0,"comment_status":"closed","ping_status":"closed","template":"","meta":{"footnotes":""},"class_list":["post-7750","page","type-page","status-publish","has-post-thumbnail","hentry"],"yoast_head":"<!-- This site is optimized with the Yoast SEO plugin v27.1.1 - https:\/\/yoast.com\/product\/yoast-seo-wordpress\/ -->\n<title>Dois homens t\u00eam pernas amputadas em acidente em rodovia da regi\u00e3o Serid\u00f3 - Taveira Jr<\/title>\n<meta name=\"robots\" content=\"index, follow, max-snippet:-1, max-image-preview:large, max-video-preview:-1\" \/>\n<link rel=\"canonical\" href=\"https:\/\/deputadotaveirajr.com.br\/index.php\/dois-homens-tem-pernas-amputadas-em-acidente-em-rodovia-da-regiao-serido\/\" \/>\n<meta property=\"og:locale\" content=\"pt_BR\" \/>\n<meta property=\"og:type\" content=\"article\" \/>\n<meta property=\"og:title\" content=\"Dois homens t\u00eam pernas amputadas em acidente em rodovia da regi\u00e3o Serid\u00f3 - Taveira Jr\" \/>\n<meta property=\"og:description\" content=\"V\u00edtimas ocupavam moto que foi atingida por um carro na RN-118, no munic\u00edpio de S\u00e3o Jo\u00e3o do Sabugi. Condutor do ve\u00edculo foi preso em flagrante por estar sob efeito de ...\" \/>\n<meta property=\"og:url\" content=\"https:\/\/deputadotaveirajr.com.br\/index.php\/dois-homens-tem-pernas-amputadas-em-acidente-em-rodovia-da-regiao-serido\/\" \/>\n<meta property=\"og:site_name\" content=\"Taveira Jr\" \/>\n<meta name=\"twitter:card\" content=\"summary_large_image\" \/>\n<meta name=\"twitter:label1\" content=\"Est. tempo de leitura\" \/>\n\t<meta name=\"twitter:data1\" content=\"2 minutos\" \/>\n<script type=\"application\/ld+json\" class=\"yoast-schema-graph\">{\"@context\":\"https:\/\/schema.org\",\"@graph\":[{\"@type\":\"WebPage\",\"@id\":\"https:\/\/deputadotaveirajr.com.br\/index.php\/dois-homens-tem-pernas-amputadas-em-acidente-em-rodovia-da-regiao-serido\/\",\"url\":\"https:\/\/deputadotaveirajr.com.br\/index.php\/dois-homens-tem-pernas-amputadas-em-acidente-em-rodovia-da-regiao-serido\/\",\"name\":\"Dois homens t\u00eam pernas amputadas em acidente em rodovia da regi\u00e3o Serid\u00f3 - Taveira Jr\",\"isPartOf\":{\"@id\":\"https:\/\/deputadotaveirajr.com.br\/#website\"},\"primaryImageOfPage\":{\"@id\":\"https:\/\/deputadotaveirajr.com.br\/index.php\/dois-homens-tem-pernas-amputadas-em-acidente-em-rodovia-da-regiao-serido\/#primaryimage\"},\"image\":{\"@id\":\"https:\/\/deputadotaveirajr.com.br\/index.php\/dois-homens-tem-pernas-amputadas-em-acidente-em-rodovia-da-regiao-serido\/#primaryimage\"},\"thumbnailUrl\":\"https:\/\/deputadotaveirajr.com.br\/wp-content\/uploads\/2024\/07\/acidente-132-0yoFlc.jpeg\",\"datePublished\":\"2024-07-13T17:45:44+00:00\",\"breadcrumb\":{\"@id\":\"https:\/\/deputadotaveirajr.com.br\/index.php\/dois-homens-tem-pernas-amputadas-em-acidente-em-rodovia-da-regiao-serido\/#breadcrumb\"},\"inLanguage\":\"pt-BR\",\"potentialAction\":[{\"@type\":\"ReadAction\",\"target\":[\"https:\/\/deputadotaveirajr.com.br\/index.php\/dois-homens-tem-pernas-amputadas-em-acidente-em-rodovia-da-regiao-serido\/\"]}]},{\"@type\":\"ImageObject\",\"inLanguage\":\"pt-BR\",\"@id\":\"https:\/\/deputadotaveirajr.com.br\/index.php\/dois-homens-tem-pernas-amputadas-em-acidente-em-rodovia-da-regiao-serido\/#primaryimage\",\"url\":\"https:\/\/deputadotaveirajr.com.br\/wp-content\/uploads\/2024\/07\/acidente-132-0yoFlc.jpeg\",\"contentUrl\":\"https:\/\/deputadotaveirajr.com.br\/wp-content\/uploads\/2024\/07\/acidente-132-0yoFlc.jpeg\",\"width\":611,\"height\":342},{\"@type\":\"BreadcrumbList\",\"@id\":\"https:\/\/deputadotaveirajr.com.br\/index.php\/dois-homens-tem-pernas-amputadas-em-acidente-em-rodovia-da-regiao-serido\/#breadcrumb\",\"itemListElement\":[{\"@type\":\"ListItem\",\"position\":1,\"name\":\"In\u00edcio\",\"item\":\"https:\/\/deputadotaveirajr.com.br\/\"},{\"@type\":\"ListItem\",\"position\":2,\"name\":\"Dois homens t\u00eam pernas amputadas em acidente em rodovia da regi\u00e3o Serid\u00f3\"}]},{\"@type\":\"WebSite\",\"@id\":\"https:\/\/deputadotaveirajr.com.br\/#website\",\"url\":\"https:\/\/deputadotaveirajr.com.br\/\",\"name\":\"Taveira Jr\",\"description\":\"Deputado Estadual\",\"publisher\":{\"@id\":\"https:\/\/deputadotaveirajr.com.br\/#organization\"},\"potentialAction\":[{\"@type\":\"SearchAction\",\"target\":{\"@type\":\"EntryPoint\",\"urlTemplate\":\"https:\/\/deputadotaveirajr.com.br\/?s={search_term_string}\"},\"query-input\":{\"@type\":\"PropertyValueSpecification\",\"valueRequired\":true,\"valueName\":\"search_term_string\"}}],\"inLanguage\":\"pt-BR\"},{\"@type\":\"Organization\",\"@id\":\"https:\/\/deputadotaveirajr.com.br\/#organization\",\"name\":\"Taveira Jr\",\"url\":\"https:\/\/deputadotaveirajr.com.br\/\",\"logo\":{\"@type\":\"ImageObject\",\"inLanguage\":\"pt-BR\",\"@id\":\"https:\/\/deputadotaveirajr.com.br\/#\/schema\/logo\/image\/\",\"url\":\"https:\/\/deputadotaveirajr.com.br\/wp-content\/uploads\/2026\/01\/logolow2a.png\",\"contentUrl\":\"https:\/\/deputadotaveirajr.com.br\/wp-content\/uploads\/2026\/01\/logolow2a.png\",\"width\":290,\"height\":80,\"caption\":\"Taveira Jr\"},\"image\":{\"@id\":\"https:\/\/deputadotaveirajr.com.br\/#\/schema\/logo\/image\/\"}}]}<\/script>\n<!-- \/ Yoast SEO plugin. -->","yoast_head_json":{"title":"Dois homens t\u00eam pernas amputadas em acidente em rodovia da regi\u00e3o Serid\u00f3 - Taveira Jr","robots":{"index":"index","follow":"follow","max-snippet":"max-snippet:-1","max-image-preview":"max-image-preview:large","max-video-preview":"max-video-preview:-1"},"canonical":"https:\/\/deputadotaveirajr.com.br\/index.php\/dois-homens-tem-pernas-amputadas-em-acidente-em-rodovia-da-regiao-serido\/","og_locale":"pt_BR","og_type":"article","og_title":"Dois homens t\u00eam pernas amputadas em acidente em rodovia da regi\u00e3o Serid\u00f3 - Taveira Jr","og_description":"V\u00edtimas ocupavam moto que foi atingida por um carro na RN-118, no munic\u00edpio de S\u00e3o Jo\u00e3o do Sabugi. Condutor do ve\u00edculo foi preso em flagrante por estar sob efeito de ...","og_url":"https:\/\/deputadotaveirajr.com.br\/index.php\/dois-homens-tem-pernas-amputadas-em-acidente-em-rodovia-da-regiao-serido\/","og_site_name":"Taveira Jr","twitter_card":"summary_large_image","twitter_misc":{"Est. tempo de leitura":"2 minutos"},"schema":{"@context":"https:\/\/schema.org","@graph":[{"@type":"WebPage","@id":"https:\/\/deputadotaveirajr.com.br\/index.php\/dois-homens-tem-pernas-amputadas-em-acidente-em-rodovia-da-regiao-serido\/","url":"https:\/\/deputadotaveirajr.com.br\/index.php\/dois-homens-tem-pernas-amputadas-em-acidente-em-rodovia-da-regiao-serido\/","name":"Dois homens t\u00eam pernas amputadas em acidente em rodovia da regi\u00e3o Serid\u00f3 - Taveira Jr","isPartOf":{"@id":"https:\/\/deputadotaveirajr.com.br\/#website"},"primaryImageOfPage":{"@id":"https:\/\/deputadotaveirajr.com.br\/index.php\/dois-homens-tem-pernas-amputadas-em-acidente-em-rodovia-da-regiao-serido\/#primaryimage"},"image":{"@id":"https:\/\/deputadotaveirajr.com.br\/index.php\/dois-homens-tem-pernas-amputadas-em-acidente-em-rodovia-da-regiao-serido\/#primaryimage"},"thumbnailUrl":"https:\/\/deputadotaveirajr.com.br\/wp-content\/uploads\/2024\/07\/acidente-132-0yoFlc.jpeg","datePublished":"2024-07-13T17:45:44+00:00","breadcrumb":{"@id":"https:\/\/deputadotaveirajr.com.br\/index.php\/dois-homens-tem-pernas-amputadas-em-acidente-em-rodovia-da-regiao-serido\/#breadcrumb"},"inLanguage":"pt-BR","potentialAction":[{"@type":"ReadAction","target":["https:\/\/deputadotaveirajr.com.br\/index.php\/dois-homens-tem-pernas-amputadas-em-acidente-em-rodovia-da-regiao-serido\/"]}]},{"@type":"ImageObject","inLanguage":"pt-BR","@id":"https:\/\/deputadotaveirajr.com.br\/index.php\/dois-homens-tem-pernas-amputadas-em-acidente-em-rodovia-da-regiao-serido\/#primaryimage","url":"https:\/\/deputadotaveirajr.com.br\/wp-content\/uploads\/2024\/07\/acidente-132-0yoFlc.jpeg","contentUrl":"https:\/\/deputadotaveirajr.com.br\/wp-content\/uploads\/2024\/07\/acidente-132-0yoFlc.jpeg","width":611,"height":342},{"@type":"BreadcrumbList","@id":"https:\/\/deputadotaveirajr.com.br\/index.php\/dois-homens-tem-pernas-amputadas-em-acidente-em-rodovia-da-regiao-serido\/#breadcrumb","itemListElement":[{"@type":"ListItem","position":1,"name":"In\u00edcio","item":"https:\/\/deputadotaveirajr.com.br\/"},{"@type":"ListItem","position":2,"name":"Dois homens t\u00eam pernas amputadas em acidente em rodovia da regi\u00e3o Serid\u00f3"}]},{"@type":"WebSite","@id":"https:\/\/deputadotaveirajr.com.br\/#website","url":"https:\/\/deputadotaveirajr.com.br\/","name":"Taveira Jr","description":"Deputado Estadual","publisher":{"@id":"https:\/\/deputadotaveirajr.com.br\/#organization"},"potentialAction":[{"@type":"SearchAction","target":{"@type":"EntryPoint","urlTemplate":"https:\/\/deputadotaveirajr.com.br\/?s={search_term_string}"},"query-input":{"@type":"PropertyValueSpecification","valueRequired":true,"valueName":"search_term_string"}}],"inLanguage":"pt-BR"},{"@type":"Organization","@id":"https:\/\/deputadotaveirajr.com.br\/#organization","name":"Taveira Jr","url":"https:\/\/deputadotaveirajr.com.br\/","logo":{"@type":"ImageObject","inLanguage":"pt-BR","@id":"https:\/\/deputadotaveirajr.com.br\/#\/schema\/logo\/image\/","url":"https:\/\/deputadotaveirajr.com.br\/wp-content\/uploads\/2026\/01\/logolow2a.png","contentUrl":"https:\/\/deputadotaveirajr.com.br\/wp-content\/uploads\/2026\/01\/logolow2a.png","width":290,"height":80,"caption":"Taveira Jr"},"image":{"@id":"https:\/\/deputadotaveirajr.com.br\/#\/schema\/logo\/image\/"}}]}},"_links":{"self":[{"href":"https:\/\/deputadotaveirajr.com.br\/index.php\/wp-json\/wp\/v2\/pages\/7750","targetHints":{"allow":["GET"]}}],"collection":[{"href":"https:\/\/deputadotaveirajr.com.br\/index.php\/wp-json\/wp\/v2\/pages"}],"about":[{"href":"https:\/\/deputadotaveirajr.com.br\/index.php\/wp-json\/wp\/v2\/types\/page"}],"replies":[{"embeddable":true,"href":"https:\/\/deputadotaveirajr.com.br\/index.php\/wp-json\/wp\/v2\/comments?post=7750"}],"version-history":[{"count":0,"href":"https:\/\/deputadotaveirajr.com.br\/index.php\/wp-json\/wp\/v2\/pages\/7750\/revisions"}],"wp:featuredmedia":[{"embeddable":true,"href":"https:\/\/deputadotaveirajr.com.br\/index.php\/wp-json\/wp\/v2\/media\/7751"}],"wp:attachment":[{"href":"https:\/\/deputadotaveirajr.com.br\/index.php\/wp-json\/wp\/v2\/media?parent=7750"}],"curies":[{"name":"wp","href":"https:\/\/api.w.org\/{rel}","templated":true}]}}