{"id":7771,"date":"2024-07-15T10:32:03","date_gmt":"2024-07-15T13:32:03","guid":{"rendered":"https:\/\/deputadotaveirajr.com.br\/?page_id=7771"},"modified":"2024-07-15T10:32:03","modified_gmt":"2024-07-15T13:32:03","slug":"desembargador-do-tjrn-virgilio-macedo-junior-morre-aos-64-anos","status":"publish","type":"page","link":"https:\/\/deputadotaveirajr.com.br\/index.php\/desembargador-do-tjrn-virgilio-macedo-junior-morre-aos-64-anos\/","title":{"rendered":"Desembargador do TJRN Virg\u00edlio Mac\u00eado J\u00fanior morre aos 64 anos"},"content":{"rendered":"<p>     Tribunal de Justi\u00e7a informou que morte do magistrado foi em decorr\u00eancia de uma pneumonia. Desembargador trabalhava na 2\u00aa C\u00e2mara C\u00edvel.  Desembargador Virg\u00edlio Fernandes Mac\u00eado J\u00fanio<br \/>\nDivulga\u00e7\u00e3o\/TJRN<br \/>\nO desembargador Virg\u00edlio Fernandes de Mac\u00eado J\u00fanior, do Tribunal de Justi\u00e7a do Rio Grande do Norte (TJRN), morreu neste domingo (14), aos 64 anos de idade. De acordo com o TJ, a morte foi em decorr\u00eancia de um pneumonia.<br \/>\nVirg\u00edlio de Mac\u00eado J\u00fanior ingressou na magistratura potiguar em 10 de julho de 1986 e foi promovido ao Tribunal de Justi\u00e7a em 24 de mar\u00e7o de 2010.<br \/>\n\ud83d\udcf3Participe do canal do g1 RN no WhatsApp<br \/>\nO desembargador atualmente estava na 2\u00aa C\u00e2mara C\u00edvel, na Se\u00e7\u00e3o C\u00edvel e no Tribunal Pleno, al\u00e9m de ser o coordenador estadual dos Juizados Especiais do Rio Grande do Norte para o bi\u00eanio 2023-2024.<br \/>\nEle tamb\u00e9m estava como presidente da Turma Recursal de Uniformiza\u00e7\u00e3o de Jurisprud\u00eancia dos Juizados Especiais.<br \/>\nVirg\u00edlio era natural de Natal e se formou no curso de direito na Universidade Federal do Rio Grande do Norte (UFRN), onde autou como professor no Departamento de Direito Privado.<br \/>\nO vel\u00f3rio foi marcado para esta segunda-feira (15), na Escola da Magistratura do RN, institui\u00e7\u00e3o que foi dirigida pelo desembargador.<br \/>\nHist\u00f3rico<br \/>\nNo TJRN, Virg\u00edlio foi vice-presidente da Corte de Justi\u00e7a no bi\u00eanio 2019-2020 e integrou o Conselho da Magistratura por diversas oportunidades.<br \/>\nEle presidiu o  Tribunal Regional Eleitoral do Rio Grande do Norte no bi\u00eanio 2014-2015, sendo depois vice-presidente e corregedor da Corte Eleitoral no bi\u00eanio 2015-2016.<br \/>\nEnquanto magistrado, atuou como juiz de direito nas comarcas de S\u00e3o Jos\u00e9 do Campestre, Areia Branca, Maca\u00edba e Natal, onde atuou como juiz auxiliar da comarca e depois titular da 1\u00aa Vara da Fazenda P\u00fablica, at\u00e9 ser promovido ao cargo de Desembargador do TJRN em 2010.<br \/>\nAntes de chegar ao Tribunal, Virg\u00edlio Mac\u00eado presidiu a Associa\u00e7\u00e3o dos Magistrados do RN (Amarn) no bi\u00eanio 2003-2004. Ele tamb\u00e9m foi diretor da Escola da Magistratura do RN (Esmarn) no per\u00edodo de 1995 a 2002, vindo a assumir novamente a sua dire\u00e7\u00e3o no bi\u00eanio 2021-2022.<br \/>\nV\u00eddeos mais assistidos do g1 RN<\/p>","protected":false},"excerpt":{"rendered":"<p>Tribunal de Justi\u00e7a informou que morte do magistrado foi em decorr\u00eancia de uma pneumonia. Desembargador trabalhava na 2\u00aa C\u00e2mara C\u00edvel. Desembargador Virg\u00edlio Fernandes Mac\u00eado J\u00fanio Divulga\u00e7\u00e3o\/TJRN O desembargador Virg\u00edlio Fernandes &#8230;<\/p>\n","protected":false},"author":0,"featured_media":7772,"parent":0,"menu_order":0,"comment_status":"closed","ping_status":"closed","template":"","meta":{"footnotes":""},"class_list":["post-7771","page","type-page","status-publish","has-post-thumbnail","hentry"],"yoast_head":"<!-- This site is optimized with the Yoast SEO plugin v27.1.1 - https:\/\/yoast.com\/product\/yoast-seo-wordpress\/ -->\n<title>Desembargador do TJRN Virg\u00edlio Mac\u00eado J\u00fanior morre aos 64 anos - Taveira Jr<\/title>\n<meta name=\"robots\" content=\"index, follow, max-snippet:-1, max-image-preview:large, max-video-preview:-1\" \/>\n<link rel=\"canonical\" href=\"https:\/\/deputadotaveirajr.com.br\/index.php\/desembargador-do-tjrn-virgilio-macedo-junior-morre-aos-64-anos\/\" \/>\n<meta property=\"og:locale\" content=\"pt_BR\" \/>\n<meta property=\"og:type\" content=\"article\" \/>\n<meta property=\"og:title\" content=\"Desembargador do TJRN Virg\u00edlio Mac\u00eado J\u00fanior morre aos 64 anos - Taveira Jr\" \/>\n<meta property=\"og:description\" content=\"Tribunal de Justi\u00e7a informou que morte do magistrado foi em decorr\u00eancia de uma pneumonia. Desembargador trabalhava na 2\u00aa C\u00e2mara C\u00edvel. Desembargador Virg\u00edlio Fernandes Mac\u00eado J\u00fanio Divulga\u00e7\u00e3o\/TJRN O desembargador Virg\u00edlio Fernandes ...\" \/>\n<meta property=\"og:url\" content=\"https:\/\/deputadotaveirajr.com.br\/index.php\/desembargador-do-tjrn-virgilio-macedo-junior-morre-aos-64-anos\/\" \/>\n<meta property=\"og:site_name\" content=\"Taveira Jr\" \/>\n<meta property=\"og:image\" content=\"https:\/\/deputadotaveirajr.com.br\/wp-content\/uploads\/2024\/07\/virgilio-b4RrZE.jpeg\" \/>\n\t<meta property=\"og:image:width\" content=\"935\" \/>\n\t<meta property=\"og:image:height\" content=\"644\" \/>\n\t<meta property=\"og:image:type\" content=\"image\/jpeg\" \/>\n<meta name=\"twitter:card\" content=\"summary_large_image\" \/>\n<meta name=\"twitter:label1\" content=\"Est. tempo de leitura\" \/>\n\t<meta name=\"twitter:data1\" content=\"2 minutos\" \/>\n<script type=\"application\/ld+json\" class=\"yoast-schema-graph\">{\"@context\":\"https:\/\/schema.org\",\"@graph\":[{\"@type\":\"WebPage\",\"@id\":\"https:\/\/deputadotaveirajr.com.br\/index.php\/desembargador-do-tjrn-virgilio-macedo-junior-morre-aos-64-anos\/\",\"url\":\"https:\/\/deputadotaveirajr.com.br\/index.php\/desembargador-do-tjrn-virgilio-macedo-junior-morre-aos-64-anos\/\",\"name\":\"Desembargador do TJRN Virg\u00edlio Mac\u00eado J\u00fanior morre aos 64 anos - Taveira Jr\",\"isPartOf\":{\"@id\":\"https:\/\/deputadotaveirajr.com.br\/#website\"},\"primaryImageOfPage\":{\"@id\":\"https:\/\/deputadotaveirajr.com.br\/index.php\/desembargador-do-tjrn-virgilio-macedo-junior-morre-aos-64-anos\/#primaryimage\"},\"image\":{\"@id\":\"https:\/\/deputadotaveirajr.com.br\/index.php\/desembargador-do-tjrn-virgilio-macedo-junior-morre-aos-64-anos\/#primaryimage\"},\"thumbnailUrl\":\"https:\/\/deputadotaveirajr.com.br\/wp-content\/uploads\/2024\/07\/virgilio-b4RrZE.jpeg\",\"datePublished\":\"2024-07-15T13:32:03+00:00\",\"breadcrumb\":{\"@id\":\"https:\/\/deputadotaveirajr.com.br\/index.php\/desembargador-do-tjrn-virgilio-macedo-junior-morre-aos-64-anos\/#breadcrumb\"},\"inLanguage\":\"pt-BR\",\"potentialAction\":[{\"@type\":\"ReadAction\",\"target\":[\"https:\/\/deputadotaveirajr.com.br\/index.php\/desembargador-do-tjrn-virgilio-macedo-junior-morre-aos-64-anos\/\"]}]},{\"@type\":\"ImageObject\",\"inLanguage\":\"pt-BR\",\"@id\":\"https:\/\/deputadotaveirajr.com.br\/index.php\/desembargador-do-tjrn-virgilio-macedo-junior-morre-aos-64-anos\/#primaryimage\",\"url\":\"https:\/\/deputadotaveirajr.com.br\/wp-content\/uploads\/2024\/07\/virgilio-b4RrZE.jpeg\",\"contentUrl\":\"https:\/\/deputadotaveirajr.com.br\/wp-content\/uploads\/2024\/07\/virgilio-b4RrZE.jpeg\",\"width\":935,\"height\":644},{\"@type\":\"BreadcrumbList\",\"@id\":\"https:\/\/deputadotaveirajr.com.br\/index.php\/desembargador-do-tjrn-virgilio-macedo-junior-morre-aos-64-anos\/#breadcrumb\",\"itemListElement\":[{\"@type\":\"ListItem\",\"position\":1,\"name\":\"In\u00edcio\",\"item\":\"https:\/\/deputadotaveirajr.com.br\/\"},{\"@type\":\"ListItem\",\"position\":2,\"name\":\"Desembargador do TJRN Virg\u00edlio Mac\u00eado J\u00fanior morre aos 64 anos\"}]},{\"@type\":\"WebSite\",\"@id\":\"https:\/\/deputadotaveirajr.com.br\/#website\",\"url\":\"https:\/\/deputadotaveirajr.com.br\/\",\"name\":\"Taveira Jr\",\"description\":\"Deputado Estadual\",\"publisher\":{\"@id\":\"https:\/\/deputadotaveirajr.com.br\/#organization\"},\"potentialAction\":[{\"@type\":\"SearchAction\",\"target\":{\"@type\":\"EntryPoint\",\"urlTemplate\":\"https:\/\/deputadotaveirajr.com.br\/?s={search_term_string}\"},\"query-input\":{\"@type\":\"PropertyValueSpecification\",\"valueRequired\":true,\"valueName\":\"search_term_string\"}}],\"inLanguage\":\"pt-BR\"},{\"@type\":\"Organization\",\"@id\":\"https:\/\/deputadotaveirajr.com.br\/#organization\",\"name\":\"Taveira Jr\",\"url\":\"https:\/\/deputadotaveirajr.com.br\/\",\"logo\":{\"@type\":\"ImageObject\",\"inLanguage\":\"pt-BR\",\"@id\":\"https:\/\/deputadotaveirajr.com.br\/#\/schema\/logo\/image\/\",\"url\":\"https:\/\/deputadotaveirajr.com.br\/wp-content\/uploads\/2026\/01\/logolow2a.png\",\"contentUrl\":\"https:\/\/deputadotaveirajr.com.br\/wp-content\/uploads\/2026\/01\/logolow2a.png\",\"width\":290,\"height\":80,\"caption\":\"Taveira Jr\"},\"image\":{\"@id\":\"https:\/\/deputadotaveirajr.com.br\/#\/schema\/logo\/image\/\"}}]}<\/script>\n<!-- \/ Yoast SEO plugin. -->","yoast_head_json":{"title":"Desembargador do TJRN Virg\u00edlio Mac\u00eado J\u00fanior morre aos 64 anos - Taveira Jr","robots":{"index":"index","follow":"follow","max-snippet":"max-snippet:-1","max-image-preview":"max-image-preview:large","max-video-preview":"max-video-preview:-1"},"canonical":"https:\/\/deputadotaveirajr.com.br\/index.php\/desembargador-do-tjrn-virgilio-macedo-junior-morre-aos-64-anos\/","og_locale":"pt_BR","og_type":"article","og_title":"Desembargador do TJRN Virg\u00edlio Mac\u00eado J\u00fanior morre aos 64 anos - Taveira Jr","og_description":"Tribunal de Justi\u00e7a informou que morte do magistrado foi em decorr\u00eancia de uma pneumonia. Desembargador trabalhava na 2\u00aa C\u00e2mara C\u00edvel. Desembargador Virg\u00edlio Fernandes Mac\u00eado J\u00fanio Divulga\u00e7\u00e3o\/TJRN O desembargador Virg\u00edlio Fernandes ...","og_url":"https:\/\/deputadotaveirajr.com.br\/index.php\/desembargador-do-tjrn-virgilio-macedo-junior-morre-aos-64-anos\/","og_site_name":"Taveira Jr","og_image":[{"width":935,"height":644,"url":"https:\/\/deputadotaveirajr.com.br\/wp-content\/uploads\/2024\/07\/virgilio-b4RrZE.jpeg","type":"image\/jpeg"}],"twitter_card":"summary_large_image","twitter_misc":{"Est. tempo de leitura":"2 minutos"},"schema":{"@context":"https:\/\/schema.org","@graph":[{"@type":"WebPage","@id":"https:\/\/deputadotaveirajr.com.br\/index.php\/desembargador-do-tjrn-virgilio-macedo-junior-morre-aos-64-anos\/","url":"https:\/\/deputadotaveirajr.com.br\/index.php\/desembargador-do-tjrn-virgilio-macedo-junior-morre-aos-64-anos\/","name":"Desembargador do TJRN Virg\u00edlio Mac\u00eado J\u00fanior morre aos 64 anos - Taveira Jr","isPartOf":{"@id":"https:\/\/deputadotaveirajr.com.br\/#website"},"primaryImageOfPage":{"@id":"https:\/\/deputadotaveirajr.com.br\/index.php\/desembargador-do-tjrn-virgilio-macedo-junior-morre-aos-64-anos\/#primaryimage"},"image":{"@id":"https:\/\/deputadotaveirajr.com.br\/index.php\/desembargador-do-tjrn-virgilio-macedo-junior-morre-aos-64-anos\/#primaryimage"},"thumbnailUrl":"https:\/\/deputadotaveirajr.com.br\/wp-content\/uploads\/2024\/07\/virgilio-b4RrZE.jpeg","datePublished":"2024-07-15T13:32:03+00:00","breadcrumb":{"@id":"https:\/\/deputadotaveirajr.com.br\/index.php\/desembargador-do-tjrn-virgilio-macedo-junior-morre-aos-64-anos\/#breadcrumb"},"inLanguage":"pt-BR","potentialAction":[{"@type":"ReadAction","target":["https:\/\/deputadotaveirajr.com.br\/index.php\/desembargador-do-tjrn-virgilio-macedo-junior-morre-aos-64-anos\/"]}]},{"@type":"ImageObject","inLanguage":"pt-BR","@id":"https:\/\/deputadotaveirajr.com.br\/index.php\/desembargador-do-tjrn-virgilio-macedo-junior-morre-aos-64-anos\/#primaryimage","url":"https:\/\/deputadotaveirajr.com.br\/wp-content\/uploads\/2024\/07\/virgilio-b4RrZE.jpeg","contentUrl":"https:\/\/deputadotaveirajr.com.br\/wp-content\/uploads\/2024\/07\/virgilio-b4RrZE.jpeg","width":935,"height":644},{"@type":"BreadcrumbList","@id":"https:\/\/deputadotaveirajr.com.br\/index.php\/desembargador-do-tjrn-virgilio-macedo-junior-morre-aos-64-anos\/#breadcrumb","itemListElement":[{"@type":"ListItem","position":1,"name":"In\u00edcio","item":"https:\/\/deputadotaveirajr.com.br\/"},{"@type":"ListItem","position":2,"name":"Desembargador do TJRN Virg\u00edlio Mac\u00eado J\u00fanior morre aos 64 anos"}]},{"@type":"WebSite","@id":"https:\/\/deputadotaveirajr.com.br\/#website","url":"https:\/\/deputadotaveirajr.com.br\/","name":"Taveira Jr","description":"Deputado Estadual","publisher":{"@id":"https:\/\/deputadotaveirajr.com.br\/#organization"},"potentialAction":[{"@type":"SearchAction","target":{"@type":"EntryPoint","urlTemplate":"https:\/\/deputadotaveirajr.com.br\/?s={search_term_string}"},"query-input":{"@type":"PropertyValueSpecification","valueRequired":true,"valueName":"search_term_string"}}],"inLanguage":"pt-BR"},{"@type":"Organization","@id":"https:\/\/deputadotaveirajr.com.br\/#organization","name":"Taveira Jr","url":"https:\/\/deputadotaveirajr.com.br\/","logo":{"@type":"ImageObject","inLanguage":"pt-BR","@id":"https:\/\/deputadotaveirajr.com.br\/#\/schema\/logo\/image\/","url":"https:\/\/deputadotaveirajr.com.br\/wp-content\/uploads\/2026\/01\/logolow2a.png","contentUrl":"https:\/\/deputadotaveirajr.com.br\/wp-content\/uploads\/2026\/01\/logolow2a.png","width":290,"height":80,"caption":"Taveira Jr"},"image":{"@id":"https:\/\/deputadotaveirajr.com.br\/#\/schema\/logo\/image\/"}}]}},"_links":{"self":[{"href":"https:\/\/deputadotaveirajr.com.br\/index.php\/wp-json\/wp\/v2\/pages\/7771","targetHints":{"allow":["GET"]}}],"collection":[{"href":"https:\/\/deputadotaveirajr.com.br\/index.php\/wp-json\/wp\/v2\/pages"}],"about":[{"href":"https:\/\/deputadotaveirajr.com.br\/index.php\/wp-json\/wp\/v2\/types\/page"}],"replies":[{"embeddable":true,"href":"https:\/\/deputadotaveirajr.com.br\/index.php\/wp-json\/wp\/v2\/comments?post=7771"}],"version-history":[{"count":1,"href":"https:\/\/deputadotaveirajr.com.br\/index.php\/wp-json\/wp\/v2\/pages\/7771\/revisions"}],"predecessor-version":[{"id":7775,"href":"https:\/\/deputadotaveirajr.com.br\/index.php\/wp-json\/wp\/v2\/pages\/7771\/revisions\/7775"}],"wp:featuredmedia":[{"embeddable":true,"href":"https:\/\/deputadotaveirajr.com.br\/index.php\/wp-json\/wp\/v2\/media\/7772"}],"wp:attachment":[{"href":"https:\/\/deputadotaveirajr.com.br\/index.php\/wp-json\/wp\/v2\/media?parent=7771"}],"curies":[{"name":"wp","href":"https:\/\/api.w.org\/{rel}","templated":true}]}}