{"id":7773,"date":"2024-07-15T11:49:00","date_gmt":"2024-07-15T14:49:00","guid":{"rendered":"https:\/\/deputadotaveirajr.com.br\/?page_id=7773"},"modified":"2024-07-15T11:49:00","modified_gmt":"2024-07-15T14:49:00","slug":"guarda-municipal-e-morta-a-facadas-um-dia-antes-do-aniversario-de-25-anos-no-rn-companheiro-e-suspeito-do-crime","status":"publish","type":"page","link":"https:\/\/deputadotaveirajr.com.br\/index.php\/guarda-municipal-e-morta-a-facadas-um-dia-antes-do-aniversario-de-25-anos-no-rn-companheiro-e-suspeito-do-crime\/","title":{"rendered":"Guarda municipal \u00e9 morta a facadas um dia antes do anivers\u00e1rio de 25 anos no RN; companheiro \u00e9 suspeito do crime"},"content":{"rendered":"<p>     Paloma Gomes completaria 25 anos nesta segunda (15). Testemunhas relataram \u00e0 pol\u00edcia que mulher, quando encontrada ferida, disse que o autor do crime era o companheiro, que fugiu. Guarda Municipal de Patu<br \/>\nDivulga\u00e7\u00e3o<br \/>\nUma guarda municipal da cidade Patu, no interior do Rio Grande do Norte, foi morta a facadas neste domingo (14), um dia antes do anivers\u00e1rio dela de 25 anos de idade. Paloma Ferreira Gomes tinha marcas de pelo menos seis facadas no corpo e foi encontrada por populares ao pedir socorro na frente de casa.<br \/>\nSegundo a Pol\u00edcia Militar, o principal suspeito de ter desferido as facadas \u00e9 o companheiro de Paloma, que fugiu ap\u00f3s o crime. A PM informou que os dois moravam juntos.<br \/>\nTestemunhas contaram ainda aos policiais que a pr\u00f3pria v\u00edtima, pouco antes de morrer, disse que o homem teria sido o autor do crime.<br \/>\n\ud83d\udcf3Participe do canal do g1 RN no WhatsApp<br \/>\nO crime aconteceu por volta das 18h30 em um bairro chamado S\u00edtio Taboleiro, que fica na zona urbana de Patu. Os policiais militares que atenderam a ocorr\u00eancia informaram que ao chegarem na frente da casa de Paloma, ela j\u00e1 estava sem vida.<br \/>\nSegundo a PM, o corpo da guarda municipal apresentava marcas de facadas e agress\u00f5es. Os policiais acreditam que o crime come\u00e7ou a ser cometido ainda dentro de casa. O suspeito deixou a faca usada no local do crime &#8211; o objeto ser\u00e1 periciado pelo Instituto T\u00e9cnico-Cient\u00edfico de Per\u00edcia (Itep).<br \/>\nPaloma foi encontrada por testemunhas ao pedir socorro. No ch\u00e3o na frente de casa, ela pediu a eles para n\u00e3o a deixarem morrer.<br \/>\nO suspeito do crime n\u00e3o havia sido encontrado pela pol\u00edcia at\u00e9 a atualiza\u00e7\u00e3o mais recente de desta reportagem. O corpo da v\u00edtima foi levado para o Instituto T\u00e9cnico-Cient\u00edfico de Per\u00edcia (Itep) de Pau dos Ferros, para passar por necropsia.<br \/>\nPor meio de nota, a prefeitura de Patu manifestou pesar pela morte da jovem guarda municipal.<br \/>\n&#8220;Integrou recentemente ao pelot\u00e3o feminino da Guarda Civil Municipal de Patu. Uma jovem que sempre estava de sorriso no rosto, gostava de trabalhar e estudar, era conhecida pela sua presteza e dedica\u00e7\u00e3o&#8221;, disse em nota.<br \/>\nTr\u00eas crimes em menos de uma semana<br \/>\nEsse \u00e9 pelo menos o terceiro crime com essas caracter\u00edsticas que ocorreu no interior do Rio Grande do Norte nos \u00faltimos dias. Lembre os outros dois abaixo.<br \/>\nNo \u00faltimo dia 10 de julho, Maria das Gra\u00e7as Leoc\u00e1dio, de 40 anos, foi morta esfaqueada pelo marido em uma pra\u00e7a na cidade de Santana do Matos, segundo a PM. O suspeito foi detido ap\u00f3s ser perseguido por policiais e populares a cavalo na mesma noite.<br \/>\nJ\u00e1 no dia 11 de julho, Daiane do Nascimento, de 31 anos de idade, foi morta com golpes de faca na cidade de Serra Negra do Norte. O marido dela fugiu e tamb\u00e9m \u00e9 tido pela PM como o principal suspeito do crime.<br \/>\nV\u00eddeos mais assistidos do g1 RN<\/p>","protected":false},"excerpt":{"rendered":"<p>Paloma Gomes completaria 25 anos nesta segunda (15). Testemunhas relataram \u00e0 pol\u00edcia que mulher, quando encontrada ferida, disse que o autor do crime era o companheiro, que fugiu. Guarda Municipal &#8230;<\/p>\n","protected":false},"author":0,"featured_media":7774,"parent":0,"menu_order":0,"comment_status":"closed","ping_status":"closed","template":"","meta":{"footnotes":""},"class_list":["post-7773","page","type-page","status-publish","has-post-thumbnail","hentry"],"yoast_head":"<!-- This site is optimized with the Yoast SEO plugin v27.1.1 - https:\/\/yoast.com\/product\/yoast-seo-wordpress\/ -->\n<title>Guarda municipal \u00e9 morta a facadas um dia antes do anivers\u00e1rio de 25 anos no RN; companheiro \u00e9 suspeito do crime - Taveira Jr<\/title>\n<meta name=\"robots\" content=\"index, follow, max-snippet:-1, max-image-preview:large, max-video-preview:-1\" \/>\n<link rel=\"canonical\" href=\"https:\/\/deputadotaveirajr.com.br\/index.php\/guarda-municipal-e-morta-a-facadas-um-dia-antes-do-aniversario-de-25-anos-no-rn-companheiro-e-suspeito-do-crime\/\" \/>\n<meta property=\"og:locale\" content=\"pt_BR\" \/>\n<meta property=\"og:type\" content=\"article\" \/>\n<meta property=\"og:title\" content=\"Guarda municipal \u00e9 morta a facadas um dia antes do anivers\u00e1rio de 25 anos no RN; companheiro \u00e9 suspeito do crime - Taveira Jr\" \/>\n<meta property=\"og:description\" content=\"Paloma Gomes completaria 25 anos nesta segunda (15). Testemunhas relataram \u00e0 pol\u00edcia que mulher, quando encontrada ferida, disse que o autor do crime era o companheiro, que fugiu. Guarda Municipal ...\" \/>\n<meta property=\"og:url\" content=\"https:\/\/deputadotaveirajr.com.br\/index.php\/guarda-municipal-e-morta-a-facadas-um-dia-antes-do-aniversario-de-25-anos-no-rn-companheiro-e-suspeito-do-crime\/\" \/>\n<meta property=\"og:site_name\" content=\"Taveira Jr\" \/>\n<meta property=\"og:image\" content=\"https:\/\/deputadotaveirajr.com.br\/wp-content\/uploads\/2024\/07\/guarda-municipal-ELq43u.jpeg\" \/>\n\t<meta property=\"og:image:width\" content=\"718\" \/>\n\t<meta property=\"og:image:height\" content=\"613\" \/>\n\t<meta property=\"og:image:type\" content=\"image\/jpeg\" \/>\n<meta name=\"twitter:card\" content=\"summary_large_image\" \/>\n<meta name=\"twitter:label1\" content=\"Est. tempo de leitura\" \/>\n\t<meta name=\"twitter:data1\" content=\"3 minutos\" \/>\n<script type=\"application\/ld+json\" class=\"yoast-schema-graph\">{\"@context\":\"https:\/\/schema.org\",\"@graph\":[{\"@type\":\"WebPage\",\"@id\":\"https:\/\/deputadotaveirajr.com.br\/index.php\/guarda-municipal-e-morta-a-facadas-um-dia-antes-do-aniversario-de-25-anos-no-rn-companheiro-e-suspeito-do-crime\/\",\"url\":\"https:\/\/deputadotaveirajr.com.br\/index.php\/guarda-municipal-e-morta-a-facadas-um-dia-antes-do-aniversario-de-25-anos-no-rn-companheiro-e-suspeito-do-crime\/\",\"name\":\"Guarda municipal \u00e9 morta a facadas um dia antes do anivers\u00e1rio de 25 anos no RN; companheiro \u00e9 suspeito do crime - Taveira Jr\",\"isPartOf\":{\"@id\":\"https:\/\/deputadotaveirajr.com.br\/#website\"},\"primaryImageOfPage\":{\"@id\":\"https:\/\/deputadotaveirajr.com.br\/index.php\/guarda-municipal-e-morta-a-facadas-um-dia-antes-do-aniversario-de-25-anos-no-rn-companheiro-e-suspeito-do-crime\/#primaryimage\"},\"image\":{\"@id\":\"https:\/\/deputadotaveirajr.com.br\/index.php\/guarda-municipal-e-morta-a-facadas-um-dia-antes-do-aniversario-de-25-anos-no-rn-companheiro-e-suspeito-do-crime\/#primaryimage\"},\"thumbnailUrl\":\"https:\/\/deputadotaveirajr.com.br\/wp-content\/uploads\/2024\/07\/guarda-municipal-ELq43u.jpeg\",\"datePublished\":\"2024-07-15T14:49:00+00:00\",\"breadcrumb\":{\"@id\":\"https:\/\/deputadotaveirajr.com.br\/index.php\/guarda-municipal-e-morta-a-facadas-um-dia-antes-do-aniversario-de-25-anos-no-rn-companheiro-e-suspeito-do-crime\/#breadcrumb\"},\"inLanguage\":\"pt-BR\",\"potentialAction\":[{\"@type\":\"ReadAction\",\"target\":[\"https:\/\/deputadotaveirajr.com.br\/index.php\/guarda-municipal-e-morta-a-facadas-um-dia-antes-do-aniversario-de-25-anos-no-rn-companheiro-e-suspeito-do-crime\/\"]}]},{\"@type\":\"ImageObject\",\"inLanguage\":\"pt-BR\",\"@id\":\"https:\/\/deputadotaveirajr.com.br\/index.php\/guarda-municipal-e-morta-a-facadas-um-dia-antes-do-aniversario-de-25-anos-no-rn-companheiro-e-suspeito-do-crime\/#primaryimage\",\"url\":\"https:\/\/deputadotaveirajr.com.br\/wp-content\/uploads\/2024\/07\/guarda-municipal-ELq43u.jpeg\",\"contentUrl\":\"https:\/\/deputadotaveirajr.com.br\/wp-content\/uploads\/2024\/07\/guarda-municipal-ELq43u.jpeg\",\"width\":718,\"height\":613},{\"@type\":\"BreadcrumbList\",\"@id\":\"https:\/\/deputadotaveirajr.com.br\/index.php\/guarda-municipal-e-morta-a-facadas-um-dia-antes-do-aniversario-de-25-anos-no-rn-companheiro-e-suspeito-do-crime\/#breadcrumb\",\"itemListElement\":[{\"@type\":\"ListItem\",\"position\":1,\"name\":\"In\u00edcio\",\"item\":\"https:\/\/deputadotaveirajr.com.br\/\"},{\"@type\":\"ListItem\",\"position\":2,\"name\":\"Guarda municipal \u00e9 morta a facadas um dia antes do anivers\u00e1rio de 25 anos no RN; companheiro \u00e9 suspeito do crime\"}]},{\"@type\":\"WebSite\",\"@id\":\"https:\/\/deputadotaveirajr.com.br\/#website\",\"url\":\"https:\/\/deputadotaveirajr.com.br\/\",\"name\":\"Taveira Jr\",\"description\":\"Deputado Estadual\",\"publisher\":{\"@id\":\"https:\/\/deputadotaveirajr.com.br\/#organization\"},\"potentialAction\":[{\"@type\":\"SearchAction\",\"target\":{\"@type\":\"EntryPoint\",\"urlTemplate\":\"https:\/\/deputadotaveirajr.com.br\/?s={search_term_string}\"},\"query-input\":{\"@type\":\"PropertyValueSpecification\",\"valueRequired\":true,\"valueName\":\"search_term_string\"}}],\"inLanguage\":\"pt-BR\"},{\"@type\":\"Organization\",\"@id\":\"https:\/\/deputadotaveirajr.com.br\/#organization\",\"name\":\"Taveira Jr\",\"url\":\"https:\/\/deputadotaveirajr.com.br\/\",\"logo\":{\"@type\":\"ImageObject\",\"inLanguage\":\"pt-BR\",\"@id\":\"https:\/\/deputadotaveirajr.com.br\/#\/schema\/logo\/image\/\",\"url\":\"https:\/\/deputadotaveirajr.com.br\/wp-content\/uploads\/2026\/01\/logolow2a.png\",\"contentUrl\":\"https:\/\/deputadotaveirajr.com.br\/wp-content\/uploads\/2026\/01\/logolow2a.png\",\"width\":290,\"height\":80,\"caption\":\"Taveira Jr\"},\"image\":{\"@id\":\"https:\/\/deputadotaveirajr.com.br\/#\/schema\/logo\/image\/\"}}]}<\/script>\n<!-- \/ Yoast SEO plugin. -->","yoast_head_json":{"title":"Guarda municipal \u00e9 morta a facadas um dia antes do anivers\u00e1rio de 25 anos no RN; companheiro \u00e9 suspeito do crime - Taveira Jr","robots":{"index":"index","follow":"follow","max-snippet":"max-snippet:-1","max-image-preview":"max-image-preview:large","max-video-preview":"max-video-preview:-1"},"canonical":"https:\/\/deputadotaveirajr.com.br\/index.php\/guarda-municipal-e-morta-a-facadas-um-dia-antes-do-aniversario-de-25-anos-no-rn-companheiro-e-suspeito-do-crime\/","og_locale":"pt_BR","og_type":"article","og_title":"Guarda municipal \u00e9 morta a facadas um dia antes do anivers\u00e1rio de 25 anos no RN; companheiro \u00e9 suspeito do crime - Taveira Jr","og_description":"Paloma Gomes completaria 25 anos nesta segunda (15). Testemunhas relataram \u00e0 pol\u00edcia que mulher, quando encontrada ferida, disse que o autor do crime era o companheiro, que fugiu. Guarda Municipal ...","og_url":"https:\/\/deputadotaveirajr.com.br\/index.php\/guarda-municipal-e-morta-a-facadas-um-dia-antes-do-aniversario-de-25-anos-no-rn-companheiro-e-suspeito-do-crime\/","og_site_name":"Taveira Jr","og_image":[{"width":718,"height":613,"url":"https:\/\/deputadotaveirajr.com.br\/wp-content\/uploads\/2024\/07\/guarda-municipal-ELq43u.jpeg","type":"image\/jpeg"}],"twitter_card":"summary_large_image","twitter_misc":{"Est. tempo de leitura":"3 minutos"},"schema":{"@context":"https:\/\/schema.org","@graph":[{"@type":"WebPage","@id":"https:\/\/deputadotaveirajr.com.br\/index.php\/guarda-municipal-e-morta-a-facadas-um-dia-antes-do-aniversario-de-25-anos-no-rn-companheiro-e-suspeito-do-crime\/","url":"https:\/\/deputadotaveirajr.com.br\/index.php\/guarda-municipal-e-morta-a-facadas-um-dia-antes-do-aniversario-de-25-anos-no-rn-companheiro-e-suspeito-do-crime\/","name":"Guarda municipal \u00e9 morta a facadas um dia antes do anivers\u00e1rio de 25 anos no RN; companheiro \u00e9 suspeito do crime - Taveira Jr","isPartOf":{"@id":"https:\/\/deputadotaveirajr.com.br\/#website"},"primaryImageOfPage":{"@id":"https:\/\/deputadotaveirajr.com.br\/index.php\/guarda-municipal-e-morta-a-facadas-um-dia-antes-do-aniversario-de-25-anos-no-rn-companheiro-e-suspeito-do-crime\/#primaryimage"},"image":{"@id":"https:\/\/deputadotaveirajr.com.br\/index.php\/guarda-municipal-e-morta-a-facadas-um-dia-antes-do-aniversario-de-25-anos-no-rn-companheiro-e-suspeito-do-crime\/#primaryimage"},"thumbnailUrl":"https:\/\/deputadotaveirajr.com.br\/wp-content\/uploads\/2024\/07\/guarda-municipal-ELq43u.jpeg","datePublished":"2024-07-15T14:49:00+00:00","breadcrumb":{"@id":"https:\/\/deputadotaveirajr.com.br\/index.php\/guarda-municipal-e-morta-a-facadas-um-dia-antes-do-aniversario-de-25-anos-no-rn-companheiro-e-suspeito-do-crime\/#breadcrumb"},"inLanguage":"pt-BR","potentialAction":[{"@type":"ReadAction","target":["https:\/\/deputadotaveirajr.com.br\/index.php\/guarda-municipal-e-morta-a-facadas-um-dia-antes-do-aniversario-de-25-anos-no-rn-companheiro-e-suspeito-do-crime\/"]}]},{"@type":"ImageObject","inLanguage":"pt-BR","@id":"https:\/\/deputadotaveirajr.com.br\/index.php\/guarda-municipal-e-morta-a-facadas-um-dia-antes-do-aniversario-de-25-anos-no-rn-companheiro-e-suspeito-do-crime\/#primaryimage","url":"https:\/\/deputadotaveirajr.com.br\/wp-content\/uploads\/2024\/07\/guarda-municipal-ELq43u.jpeg","contentUrl":"https:\/\/deputadotaveirajr.com.br\/wp-content\/uploads\/2024\/07\/guarda-municipal-ELq43u.jpeg","width":718,"height":613},{"@type":"BreadcrumbList","@id":"https:\/\/deputadotaveirajr.com.br\/index.php\/guarda-municipal-e-morta-a-facadas-um-dia-antes-do-aniversario-de-25-anos-no-rn-companheiro-e-suspeito-do-crime\/#breadcrumb","itemListElement":[{"@type":"ListItem","position":1,"name":"In\u00edcio","item":"https:\/\/deputadotaveirajr.com.br\/"},{"@type":"ListItem","position":2,"name":"Guarda municipal \u00e9 morta a facadas um dia antes do anivers\u00e1rio de 25 anos no RN; companheiro \u00e9 suspeito do crime"}]},{"@type":"WebSite","@id":"https:\/\/deputadotaveirajr.com.br\/#website","url":"https:\/\/deputadotaveirajr.com.br\/","name":"Taveira Jr","description":"Deputado Estadual","publisher":{"@id":"https:\/\/deputadotaveirajr.com.br\/#organization"},"potentialAction":[{"@type":"SearchAction","target":{"@type":"EntryPoint","urlTemplate":"https:\/\/deputadotaveirajr.com.br\/?s={search_term_string}"},"query-input":{"@type":"PropertyValueSpecification","valueRequired":true,"valueName":"search_term_string"}}],"inLanguage":"pt-BR"},{"@type":"Organization","@id":"https:\/\/deputadotaveirajr.com.br\/#organization","name":"Taveira Jr","url":"https:\/\/deputadotaveirajr.com.br\/","logo":{"@type":"ImageObject","inLanguage":"pt-BR","@id":"https:\/\/deputadotaveirajr.com.br\/#\/schema\/logo\/image\/","url":"https:\/\/deputadotaveirajr.com.br\/wp-content\/uploads\/2026\/01\/logolow2a.png","contentUrl":"https:\/\/deputadotaveirajr.com.br\/wp-content\/uploads\/2026\/01\/logolow2a.png","width":290,"height":80,"caption":"Taveira Jr"},"image":{"@id":"https:\/\/deputadotaveirajr.com.br\/#\/schema\/logo\/image\/"}}]}},"_links":{"self":[{"href":"https:\/\/deputadotaveirajr.com.br\/index.php\/wp-json\/wp\/v2\/pages\/7773","targetHints":{"allow":["GET"]}}],"collection":[{"href":"https:\/\/deputadotaveirajr.com.br\/index.php\/wp-json\/wp\/v2\/pages"}],"about":[{"href":"https:\/\/deputadotaveirajr.com.br\/index.php\/wp-json\/wp\/v2\/types\/page"}],"replies":[{"embeddable":true,"href":"https:\/\/deputadotaveirajr.com.br\/index.php\/wp-json\/wp\/v2\/comments?post=7773"}],"version-history":[{"count":1,"href":"https:\/\/deputadotaveirajr.com.br\/index.php\/wp-json\/wp\/v2\/pages\/7773\/revisions"}],"predecessor-version":[{"id":7780,"href":"https:\/\/deputadotaveirajr.com.br\/index.php\/wp-json\/wp\/v2\/pages\/7773\/revisions\/7780"}],"wp:featuredmedia":[{"embeddable":true,"href":"https:\/\/deputadotaveirajr.com.br\/index.php\/wp-json\/wp\/v2\/media\/7774"}],"wp:attachment":[{"href":"https:\/\/deputadotaveirajr.com.br\/index.php\/wp-json\/wp\/v2\/media?parent=7773"}],"curies":[{"name":"wp","href":"https:\/\/api.w.org\/{rel}","templated":true}]}}