{"id":7812,"date":"2024-07-16T20:08:41","date_gmt":"2024-07-16T23:08:41","guid":{"rendered":"https:\/\/deputadotaveirajr.com.br\/?page_id=7812"},"modified":"2024-07-16T20:08:41","modified_gmt":"2024-07-16T23:08:41","slug":"vanessa-da-mata-faz-show-no-festival-gastronomico-e-cultural-de-martins-confira-programacao","status":"publish","type":"page","link":"https:\/\/deputadotaveirajr.com.br\/index.php\/vanessa-da-mata-faz-show-no-festival-gastronomico-e-cultural-de-martins-confira-programacao\/","title":{"rendered":"Vanessa da Mata faz show no Festival Gastron\u00f4mico e Cultural de Martins; confira programa\u00e7\u00e3o"},"content":{"rendered":"<p>     Cantora se apresenta na sexta-feira (19), mesmo dia de Marina Elali. Fl\u00e1vio Jos\u00e9 \u00e9 atra\u00e7\u00e3o do s\u00e1bado (20). Vanessa da Mata se apresenta em Martins nesta sexta-feira (19)<br \/>\nPriscila Prade<br \/>\nA cantora Vanessa da Mata \u00e9 uma das principais atra\u00e7\u00f5es da edi\u00e7\u00e3o 2024 do Festival Gastron\u00f4mico e Cultural de Martins, cidade localizada na regi\u00e3o Oeste do Rio Grande do Norte, a 370 km de Natal. Marina Elali, Fl\u00e1vio Jos\u00e9 e Ivan Barreto, vencedor do The Voice Brasil 2023, tamb\u00e9m est\u00e3o na programa\u00e7\u00e3o do evento que come\u00e7a nesta sexta-feira (19) e segue at\u00e9 o domingo (21). Os shows s\u00e3o gratuitos.<br \/>\n\ud83d\udcf3Participe do canal do g1 RN no WhatsApp<br \/>\nCelebrando 20 anos de carreira, a artista sobe ao palco na sexta-feira (19), com seu novo trabalho, &#8220;Vem Doce&#8221;, indicado ao Grammy Latino na categoria melhor \u00e1lbum de m\u00fasica popular brasileira.<br \/>\n&#8220;Vem Doce&#8221; tem 13 faixas in\u00e9ditas e contempla diferentes g\u00eaneros e parcerias, como Jo\u00e3o Gomes, com quem Vanessa canta &#8220;Coment\u00e1rio A Respeito de John&#8221;, regrava\u00e7\u00e3o de Belchior.<br \/>\nO novo show tem dire\u00e7\u00e3o assinada por Jorge Farjalla e apresenta a artista revisitando sua trajet\u00f3ria pessoal e musical, incluindo cl\u00e1ssicos que marcaram gera\u00e7\u00f5es.<br \/>\nVanessa da Mata canta \u2018Coment\u00e1rio a Respeito de John\u2019<br \/>\nConfira a programa\u00e7\u00e3o:<br \/>\nSexta-feira, 19 de julho<br \/>\nPalco dos Restaurantes<br \/>\n20h &#8211; Banda Nair Austero Soares<br \/>\n21h &#8211; Marina Elali<br \/>\n0h30 &#8211; Frequ\u00eancia 2<br \/>\nPalco Chef Adalva Rodrigues<br \/>\n21h &#8211; Teatro<br \/>\n23h &#8211; Vanessa da Mata<br \/>\nS\u00e1bado, 20 de julho<br \/>\nPalco dos Restaurantes<br \/>\n12h &#8211; Raphael Almeida<br \/>\n14h &#8211; Dr. Ever<br \/>\n16h &#8211; Brazuca Jazz<br \/>\n18h &#8211; Gustavo Costa<br \/>\n19h &#8211; Happy Street Band<br \/>\n20h30 &#8211; Bia Gurgel<br \/>\n22h &#8211; Ivan Barreto<br \/>\n1h30 &#8211; Baile de Tr\u00eas<br \/>\nPalco Chef Adalva Rodrigues<br \/>\n22h &#8211; Ful\u00f4 de Algod\u00e3o<br \/>\n0h &#8211; Fl\u00e1vio Jos\u00e9<br \/>\n2h30 &#8211; Mayke Jos\u00e9<br \/>\nDomingo, 21 de julho<br \/>\nPalco dos Restaurantes<br \/>\n12h &#8211; Sons Serranos<br \/>\n13h30 &#8211; Kelli Lyra<br \/>\n15h30 &#8211; Andr\u00e9 da Mata<br \/>\n17h30 &#8211; Hector Marks<br \/>\n19h30 &#8211; Cleyton Pinheiro<br \/>\n22h &#8211; Alex do Acordeon<br \/>\nV\u00cdDEOS: Mais assistidos do RN nos \u00faltimos 7 dias<br \/>\nAs apresenta\u00e7\u00f5es s\u00e3o gaAcesso ao Parque: R$ 1,00<\/p>","protected":false},"excerpt":{"rendered":"<p>Cantora se apresenta na sexta-feira (19), mesmo dia de Marina Elali. Fl\u00e1vio Jos\u00e9 \u00e9 atra\u00e7\u00e3o do s\u00e1bado (20). Vanessa da Mata se apresenta em Martins nesta sexta-feira (19) Priscila Prade &#8230;<\/p>\n","protected":false},"author":0,"featured_media":7813,"parent":0,"menu_order":0,"comment_status":"closed","ping_status":"closed","template":"","meta":{"footnotes":""},"class_list":["post-7812","page","type-page","status-publish","has-post-thumbnail","hentry"],"yoast_head":"<!-- This site is optimized with the Yoast SEO plugin v27.1.1 - https:\/\/yoast.com\/product\/yoast-seo-wordpress\/ -->\n<title>Vanessa da Mata faz show no Festival Gastron\u00f4mico e Cultural de Martins; confira programa\u00e7\u00e3o - Taveira Jr<\/title>\n<meta name=\"robots\" content=\"index, follow, max-snippet:-1, max-image-preview:large, max-video-preview:-1\" \/>\n<link rel=\"canonical\" href=\"https:\/\/deputadotaveirajr.com.br\/index.php\/vanessa-da-mata-faz-show-no-festival-gastronomico-e-cultural-de-martins-confira-programacao\/\" \/>\n<meta property=\"og:locale\" content=\"pt_BR\" \/>\n<meta property=\"og:type\" content=\"article\" \/>\n<meta property=\"og:title\" content=\"Vanessa da Mata faz show no Festival Gastron\u00f4mico e Cultural de Martins; confira programa\u00e7\u00e3o - Taveira Jr\" \/>\n<meta property=\"og:description\" content=\"Cantora se apresenta na sexta-feira (19), mesmo dia de Marina Elali. Fl\u00e1vio Jos\u00e9 \u00e9 atra\u00e7\u00e3o do s\u00e1bado (20). Vanessa da Mata se apresenta em Martins nesta sexta-feira (19) Priscila Prade ...\" \/>\n<meta property=\"og:url\" content=\"https:\/\/deputadotaveirajr.com.br\/index.php\/vanessa-da-mata-faz-show-no-festival-gastronomico-e-cultural-de-martins-confira-programacao\/\" \/>\n<meta property=\"og:site_name\" content=\"Taveira Jr\" \/>\n<meta property=\"og:image\" content=\"https:\/\/deputadotaveirajr.com.br\/wp-content\/uploads\/2024\/07\/vanessa-krtiYg.jpeg\" \/>\n\t<meta property=\"og:image:width\" content=\"1068\" \/>\n\t<meta property=\"og:image:height\" content=\"1600\" \/>\n\t<meta property=\"og:image:type\" content=\"image\/jpeg\" \/>\n<meta name=\"twitter:card\" content=\"summary_large_image\" \/>\n<meta name=\"twitter:label1\" content=\"Est. tempo de leitura\" \/>\n\t<meta name=\"twitter:data1\" content=\"2 minutos\" \/>\n<script type=\"application\/ld+json\" class=\"yoast-schema-graph\">{\"@context\":\"https:\/\/schema.org\",\"@graph\":[{\"@type\":\"WebPage\",\"@id\":\"https:\/\/deputadotaveirajr.com.br\/index.php\/vanessa-da-mata-faz-show-no-festival-gastronomico-e-cultural-de-martins-confira-programacao\/\",\"url\":\"https:\/\/deputadotaveirajr.com.br\/index.php\/vanessa-da-mata-faz-show-no-festival-gastronomico-e-cultural-de-martins-confira-programacao\/\",\"name\":\"Vanessa da Mata faz show no Festival Gastron\u00f4mico e Cultural de Martins; confira programa\u00e7\u00e3o - Taveira Jr\",\"isPartOf\":{\"@id\":\"https:\/\/deputadotaveirajr.com.br\/#website\"},\"primaryImageOfPage\":{\"@id\":\"https:\/\/deputadotaveirajr.com.br\/index.php\/vanessa-da-mata-faz-show-no-festival-gastronomico-e-cultural-de-martins-confira-programacao\/#primaryimage\"},\"image\":{\"@id\":\"https:\/\/deputadotaveirajr.com.br\/index.php\/vanessa-da-mata-faz-show-no-festival-gastronomico-e-cultural-de-martins-confira-programacao\/#primaryimage\"},\"thumbnailUrl\":\"https:\/\/deputadotaveirajr.com.br\/wp-content\/uploads\/2024\/07\/vanessa-krtiYg.jpeg\",\"datePublished\":\"2024-07-16T23:08:41+00:00\",\"breadcrumb\":{\"@id\":\"https:\/\/deputadotaveirajr.com.br\/index.php\/vanessa-da-mata-faz-show-no-festival-gastronomico-e-cultural-de-martins-confira-programacao\/#breadcrumb\"},\"inLanguage\":\"pt-BR\",\"potentialAction\":[{\"@type\":\"ReadAction\",\"target\":[\"https:\/\/deputadotaveirajr.com.br\/index.php\/vanessa-da-mata-faz-show-no-festival-gastronomico-e-cultural-de-martins-confira-programacao\/\"]}]},{\"@type\":\"ImageObject\",\"inLanguage\":\"pt-BR\",\"@id\":\"https:\/\/deputadotaveirajr.com.br\/index.php\/vanessa-da-mata-faz-show-no-festival-gastronomico-e-cultural-de-martins-confira-programacao\/#primaryimage\",\"url\":\"https:\/\/deputadotaveirajr.com.br\/wp-content\/uploads\/2024\/07\/vanessa-krtiYg.jpeg\",\"contentUrl\":\"https:\/\/deputadotaveirajr.com.br\/wp-content\/uploads\/2024\/07\/vanessa-krtiYg.jpeg\",\"width\":1068,\"height\":1600},{\"@type\":\"BreadcrumbList\",\"@id\":\"https:\/\/deputadotaveirajr.com.br\/index.php\/vanessa-da-mata-faz-show-no-festival-gastronomico-e-cultural-de-martins-confira-programacao\/#breadcrumb\",\"itemListElement\":[{\"@type\":\"ListItem\",\"position\":1,\"name\":\"In\u00edcio\",\"item\":\"https:\/\/deputadotaveirajr.com.br\/\"},{\"@type\":\"ListItem\",\"position\":2,\"name\":\"Vanessa da Mata faz show no Festival Gastron\u00f4mico e Cultural de Martins; confira programa\u00e7\u00e3o\"}]},{\"@type\":\"WebSite\",\"@id\":\"https:\/\/deputadotaveirajr.com.br\/#website\",\"url\":\"https:\/\/deputadotaveirajr.com.br\/\",\"name\":\"Taveira Jr\",\"description\":\"Deputado Estadual\",\"publisher\":{\"@id\":\"https:\/\/deputadotaveirajr.com.br\/#organization\"},\"potentialAction\":[{\"@type\":\"SearchAction\",\"target\":{\"@type\":\"EntryPoint\",\"urlTemplate\":\"https:\/\/deputadotaveirajr.com.br\/?s={search_term_string}\"},\"query-input\":{\"@type\":\"PropertyValueSpecification\",\"valueRequired\":true,\"valueName\":\"search_term_string\"}}],\"inLanguage\":\"pt-BR\"},{\"@type\":\"Organization\",\"@id\":\"https:\/\/deputadotaveirajr.com.br\/#organization\",\"name\":\"Taveira Jr\",\"url\":\"https:\/\/deputadotaveirajr.com.br\/\",\"logo\":{\"@type\":\"ImageObject\",\"inLanguage\":\"pt-BR\",\"@id\":\"https:\/\/deputadotaveirajr.com.br\/#\/schema\/logo\/image\/\",\"url\":\"https:\/\/deputadotaveirajr.com.br\/wp-content\/uploads\/2026\/01\/logolow2a.png\",\"contentUrl\":\"https:\/\/deputadotaveirajr.com.br\/wp-content\/uploads\/2026\/01\/logolow2a.png\",\"width\":290,\"height\":80,\"caption\":\"Taveira Jr\"},\"image\":{\"@id\":\"https:\/\/deputadotaveirajr.com.br\/#\/schema\/logo\/image\/\"}}]}<\/script>\n<!-- \/ Yoast SEO plugin. -->","yoast_head_json":{"title":"Vanessa da Mata faz show no Festival Gastron\u00f4mico e Cultural de Martins; confira programa\u00e7\u00e3o - Taveira Jr","robots":{"index":"index","follow":"follow","max-snippet":"max-snippet:-1","max-image-preview":"max-image-preview:large","max-video-preview":"max-video-preview:-1"},"canonical":"https:\/\/deputadotaveirajr.com.br\/index.php\/vanessa-da-mata-faz-show-no-festival-gastronomico-e-cultural-de-martins-confira-programacao\/","og_locale":"pt_BR","og_type":"article","og_title":"Vanessa da Mata faz show no Festival Gastron\u00f4mico e Cultural de Martins; confira programa\u00e7\u00e3o - Taveira Jr","og_description":"Cantora se apresenta na sexta-feira (19), mesmo dia de Marina Elali. Fl\u00e1vio Jos\u00e9 \u00e9 atra\u00e7\u00e3o do s\u00e1bado (20). Vanessa da Mata se apresenta em Martins nesta sexta-feira (19) Priscila Prade ...","og_url":"https:\/\/deputadotaveirajr.com.br\/index.php\/vanessa-da-mata-faz-show-no-festival-gastronomico-e-cultural-de-martins-confira-programacao\/","og_site_name":"Taveira Jr","og_image":[{"width":1068,"height":1600,"url":"https:\/\/deputadotaveirajr.com.br\/wp-content\/uploads\/2024\/07\/vanessa-krtiYg.jpeg","type":"image\/jpeg"}],"twitter_card":"summary_large_image","twitter_misc":{"Est. tempo de leitura":"2 minutos"},"schema":{"@context":"https:\/\/schema.org","@graph":[{"@type":"WebPage","@id":"https:\/\/deputadotaveirajr.com.br\/index.php\/vanessa-da-mata-faz-show-no-festival-gastronomico-e-cultural-de-martins-confira-programacao\/","url":"https:\/\/deputadotaveirajr.com.br\/index.php\/vanessa-da-mata-faz-show-no-festival-gastronomico-e-cultural-de-martins-confira-programacao\/","name":"Vanessa da Mata faz show no Festival Gastron\u00f4mico e Cultural de Martins; confira programa\u00e7\u00e3o - Taveira Jr","isPartOf":{"@id":"https:\/\/deputadotaveirajr.com.br\/#website"},"primaryImageOfPage":{"@id":"https:\/\/deputadotaveirajr.com.br\/index.php\/vanessa-da-mata-faz-show-no-festival-gastronomico-e-cultural-de-martins-confira-programacao\/#primaryimage"},"image":{"@id":"https:\/\/deputadotaveirajr.com.br\/index.php\/vanessa-da-mata-faz-show-no-festival-gastronomico-e-cultural-de-martins-confira-programacao\/#primaryimage"},"thumbnailUrl":"https:\/\/deputadotaveirajr.com.br\/wp-content\/uploads\/2024\/07\/vanessa-krtiYg.jpeg","datePublished":"2024-07-16T23:08:41+00:00","breadcrumb":{"@id":"https:\/\/deputadotaveirajr.com.br\/index.php\/vanessa-da-mata-faz-show-no-festival-gastronomico-e-cultural-de-martins-confira-programacao\/#breadcrumb"},"inLanguage":"pt-BR","potentialAction":[{"@type":"ReadAction","target":["https:\/\/deputadotaveirajr.com.br\/index.php\/vanessa-da-mata-faz-show-no-festival-gastronomico-e-cultural-de-martins-confira-programacao\/"]}]},{"@type":"ImageObject","inLanguage":"pt-BR","@id":"https:\/\/deputadotaveirajr.com.br\/index.php\/vanessa-da-mata-faz-show-no-festival-gastronomico-e-cultural-de-martins-confira-programacao\/#primaryimage","url":"https:\/\/deputadotaveirajr.com.br\/wp-content\/uploads\/2024\/07\/vanessa-krtiYg.jpeg","contentUrl":"https:\/\/deputadotaveirajr.com.br\/wp-content\/uploads\/2024\/07\/vanessa-krtiYg.jpeg","width":1068,"height":1600},{"@type":"BreadcrumbList","@id":"https:\/\/deputadotaveirajr.com.br\/index.php\/vanessa-da-mata-faz-show-no-festival-gastronomico-e-cultural-de-martins-confira-programacao\/#breadcrumb","itemListElement":[{"@type":"ListItem","position":1,"name":"In\u00edcio","item":"https:\/\/deputadotaveirajr.com.br\/"},{"@type":"ListItem","position":2,"name":"Vanessa da Mata faz show no Festival Gastron\u00f4mico e Cultural de Martins; confira programa\u00e7\u00e3o"}]},{"@type":"WebSite","@id":"https:\/\/deputadotaveirajr.com.br\/#website","url":"https:\/\/deputadotaveirajr.com.br\/","name":"Taveira Jr","description":"Deputado Estadual","publisher":{"@id":"https:\/\/deputadotaveirajr.com.br\/#organization"},"potentialAction":[{"@type":"SearchAction","target":{"@type":"EntryPoint","urlTemplate":"https:\/\/deputadotaveirajr.com.br\/?s={search_term_string}"},"query-input":{"@type":"PropertyValueSpecification","valueRequired":true,"valueName":"search_term_string"}}],"inLanguage":"pt-BR"},{"@type":"Organization","@id":"https:\/\/deputadotaveirajr.com.br\/#organization","name":"Taveira Jr","url":"https:\/\/deputadotaveirajr.com.br\/","logo":{"@type":"ImageObject","inLanguage":"pt-BR","@id":"https:\/\/deputadotaveirajr.com.br\/#\/schema\/logo\/image\/","url":"https:\/\/deputadotaveirajr.com.br\/wp-content\/uploads\/2026\/01\/logolow2a.png","contentUrl":"https:\/\/deputadotaveirajr.com.br\/wp-content\/uploads\/2026\/01\/logolow2a.png","width":290,"height":80,"caption":"Taveira Jr"},"image":{"@id":"https:\/\/deputadotaveirajr.com.br\/#\/schema\/logo\/image\/"}}]}},"_links":{"self":[{"href":"https:\/\/deputadotaveirajr.com.br\/index.php\/wp-json\/wp\/v2\/pages\/7812","targetHints":{"allow":["GET"]}}],"collection":[{"href":"https:\/\/deputadotaveirajr.com.br\/index.php\/wp-json\/wp\/v2\/pages"}],"about":[{"href":"https:\/\/deputadotaveirajr.com.br\/index.php\/wp-json\/wp\/v2\/types\/page"}],"replies":[{"embeddable":true,"href":"https:\/\/deputadotaveirajr.com.br\/index.php\/wp-json\/wp\/v2\/comments?post=7812"}],"version-history":[{"count":1,"href":"https:\/\/deputadotaveirajr.com.br\/index.php\/wp-json\/wp\/v2\/pages\/7812\/revisions"}],"predecessor-version":[{"id":7820,"href":"https:\/\/deputadotaveirajr.com.br\/index.php\/wp-json\/wp\/v2\/pages\/7812\/revisions\/7820"}],"wp:featuredmedia":[{"embeddable":true,"href":"https:\/\/deputadotaveirajr.com.br\/index.php\/wp-json\/wp\/v2\/media\/7813"}],"wp:attachment":[{"href":"https:\/\/deputadotaveirajr.com.br\/index.php\/wp-json\/wp\/v2\/media?parent=7812"}],"curies":[{"name":"wp","href":"https:\/\/api.w.org\/{rel}","templated":true}]}}