{"id":7829,"date":"2024-07-17T12:24:50","date_gmt":"2024-07-17T15:24:50","guid":{"rendered":"https:\/\/deputadotaveirajr.com.br\/?page_id=7829"},"modified":"2024-07-17T12:24:50","modified_gmt":"2024-07-17T15:24:50","slug":"engorda-de-ponta-negra-veja-os-8-pontos-nao-respondidos-pela-prefeitura-de-natal-ao-idema","status":"publish","type":"page","link":"https:\/\/deputadotaveirajr.com.br\/index.php\/engorda-de-ponta-negra-veja-os-8-pontos-nao-respondidos-pela-prefeitura-de-natal-ao-idema\/","title":{"rendered":"Engorda de Ponta Negra: veja os 8 pontos n\u00e3o respondidos pela Prefeitura de Natal ao Idema"},"content":{"rendered":"<p>     Idema havia feito 17 questionamentos ao Munic\u00edpio, que, segundo o Instituto, respondeu nove deles completamente, mas deixou outros oito pontos com &#8216;fragilidades&#8217;. Barracas na Praia de Ponta Negra em Natal Consuma\u00e7\u00e3o m\u00ednima Rio Grande do Norte RN vendas<br \/>\nS\u00e9rgio Henrique Santos\/Inter TV Cabugi<br \/>\nO Instituto de Desenvolvimento Sustent\u00e1vel e Meio Ambiente do Rio Grande do Norte (Idema) divulgou nesta ter\u00e7a-feira (16) as fragilidades que encontrou em oito das 17 respostas enviadas pela Prefeitura de Natal sobre a obra de engorda da praia de Ponta Negra (veja mais abaixo).<br \/>\nEntre os pontos citados, est\u00e3o d\u00favidas sobre drenagem da obra, sobre a fauna &#8211; como em rela\u00e7\u00e3o \u00e0 quest\u00e3o das aves migrat\u00f3rias, por exemplo &#8211; e tamb\u00e9m o pedido de elabora\u00e7\u00e3o de um diagn\u00f3stico socioecon\u00f4mico dos trabalhadores da regi\u00e3o.<br \/>\n\ud83d\udcf3Participe do canal do g1 RN no WhatsApp<br \/>\nO impasse sobre a obra da engorda de Ponta Negra aumentou nas \u00faltimas semanas com o entrave diante da licen\u00e7a ambiental para a execu\u00e7\u00e3o da obra, que at\u00e9 esta quarta-feira (17) n\u00e3o havia sido autorizada. O Idema tem at\u00e9 outubro para analisar o pedido, solicitado em junho pelo Munic\u00edpio, e conceder a autoriza\u00e7\u00e3o (entenda mais abaixo).<br \/>\nNa sexta-feira (12), a prefeitura de Natal informou que entregou as respostas solicitadas pelo Idema para a execu\u00e7\u00e3o da obra, mas o Instituto comunicou nesta ter\u00e7a-feira que encontrou fragilidades nas respostas.<br \/>\nSegundo o Idema, os pontos carentes de informa\u00e7\u00f5es j\u00e1 apareciam na solicita\u00e7\u00e3o anterior, de 8 de julho, quando os 17 pontos que necessitavam de esclarecimentos foram enviados pelo Instituto ao Munic\u00edpio de Natal.<br \/>\nSegundo o Idema, dos 17 questionamentos feitos:<br \/>\nnove foram completamente atendidos;<br \/>\ncinco foram parcialmente atendidos;<br \/>\ntr\u00eas n\u00e3o foram atendidos.<br \/>\n&#8220;Esses pontos vem desde o pedido da licen\u00e7a pr\u00e9via, de um ano atr\u00e1s. N\u00e3o estamos trazendo pedindo elementos novos. Pedimos respostas que, muitas vezes, n\u00e3o vieram completas ou apresentaram discord\u00e2ncias&#8221;, afirmou o diretor-geral do Idema, Werner Farkatt.<br \/>\nLEIA TAMB\u00c9M<br \/>\nTUBAR\u00d5ES? AFOGAMENTOS? Especialista esclarece d\u00favidas sobre a engorda<br \/>\nCOMO FUNCIONA: Entenda como ser\u00e1 a obra de engorda<br \/>\nLICITA\u00c7\u00c3O: Empresa \u00e9 a mesma que atuou em Balne\u00e1rio Cambori\u00fa<br \/>\nPESCA: Entidade pede &#8216;estudos mais aprofundados&#8217; e acesso ao processo da obra<br \/>\nA nota t\u00e9cnico do Idema enviada ao Munic\u00edpio citou que, para aprova\u00e7\u00e3o dos requisitos associados \u00e0 aprova\u00e7\u00e3o do sistema de drenagem pluvial, engorda da faixa de praia de Ponta Negra e minera\u00e7\u00e3o da \u00e1rea de jazida de sedimentos marinhos, &#8220;\u00e9 necess\u00e1rio que o interessado proceda com o esclarecimento de informa\u00e7\u00f5es essenciais para an\u00e1lise do processo\u201d.<br \/>\nIdema devolve perguntas \u00e0 prefeitura sobre engorda de Ponta Negra<br \/>\nVeja os oito questionamentos que, segundo o Idema, n\u00e3o foram respondidos pela prefeitura de Natal (parcialmente ou completamente):<br \/>\nApresentar relat\u00f3rio conclusivo da Consulta Livre, Pr\u00e9via e Informada realizada com as comunidades tradicionais presentes na \u00e1rea do empreendimento;<br \/>\nApresentar levantamento hidrogr\u00e1fico compat\u00edvel com as propostas de monitoramento descritas no Programa de Monitoramento das Cotas Batim\u00e9tricas, que levam em considera\u00e7\u00e3o uma \u00e1rea de 9 km\u00b2 at\u00e9 is\u00f3bata de 12 m, e n\u00e3o somente para as \u00e1reas da jazida e do aterro hidr\u00e1ulico, conforme apresentado pelo empreendedor. Ou ainda: apresentar justificativa t\u00e9cnica de que a metodologia atende ao Programa de Monitoramento das Cotas Batim\u00e9tricas.<br \/>\nApresentar levantamento inicial da ictiofauna presente na \u00e1rea da jazida para subsidiar os par\u00e2metros do Programa de Monitoramento da biota aqu\u00e1tica, tendo em vista que estes dados n\u00e3o foram apresentados aos autos do processo.<br \/>\nApresentar diagn\u00f3stico socioecon\u00f4mico inicial da atividade pesqueira, com dados iniciais de pr\u00e9-monitoramento, que subsidiar\u00e3o a defini\u00e7\u00e3o dos valores indenizat\u00f3rios e os par\u00e2metros do programa de acompanhamento da atividade pesqueira, pois foi apresentado apenas o question\u00e1rio aplicado na comunidade pesqueira da praia de Ponta Negra.<br \/>\nApresentar alternativas de mitiga\u00e7\u00e3o dos impactos locais dos grupos diretamente afetados durante a fase de implanta\u00e7\u00e3o do empreendimento, considerando o relat\u00f3rio socioecon\u00f4mico, atentando para os seguintes t\u00f3picos:<br \/>\nA) A respeito das atividades de navega\u00e7\u00e3o, pesca, incluindo o com\u00e9rcio de pescados, atividades n\u00e1uticas recreativas e esportivas da \u00e1rea de marinha visando a continuidade destas atividades di\u00e1rias no per\u00edodo em quest\u00e3o evitando ao m\u00e1ximo altera\u00e7\u00f5es na din\u00e2mica econ\u00f4mica local e regional.<br \/>\nB) Atentar para as demais atividades mantidas na faixa de praia e cal\u00e7ad\u00e3o, como com\u00e9rcio ambulante, quiosques, turismo, esportes, lazer e demais usu\u00e1rios permanentes a fim de que tais atividades continuem sendo executadas em concomit\u00e2ncia \u00e0 instala\u00e7\u00e3o da obra no intuito de dirimir poss\u00edveis perdas de renda e inseguran\u00e7a alimentar visto que muitos destes trabalhadores dependem exclusivamente de suas atividades na praia.<br \/>\nC) Garantir condi\u00e7\u00f5es suficientes para o sustento das atividades realizadas equivalente aos per\u00edodos anteriores \u00e0 instala\u00e7\u00e3o do empreendimento.<br \/>\nApresentar dados complementares que considerem as esp\u00e9cies encontradas nos per\u00edodos de estiagem, que compreende os meses de setembro a novembro, conforme constam no Programa de Monitoramento da Biota Aqu\u00e1tica, em per\u00edodo anterior ao in\u00edcio da interven\u00e7\u00e3o para as obras de engorda.<br \/>\nApresentar informa\u00e7\u00f5es, com coleta de dados de campo, sobre aves migrat\u00f3rias que ocorrem na regi\u00e3o e que podem ter suas \u00e1reas de alimenta\u00e7\u00e3o e descanso afetadas pela engorda de Ponta Negra, tendo em vista que foram apresentados apenas dados secund\u00e1rios e que precisam ser validados pelas coletas de campo conforme Programa de Monitoramento de Aves Migrat\u00f3rias.<br \/>\nApresentar projetos contendo detalhamento dos dissipadores (equipamento usado para conter avan\u00e7o e controlar escoamento da \u00e1gua), bem como de dissipador existente na Via Costeira, com cotas leg\u00edveis de todas as dimens\u00f5es e, conforme executado, acompanhado de cronograma atualizado da execu\u00e7\u00e3o das obras de todo o sistema de drenagem, tendo em vista que foi apresentado projeto diferente do executado.<br \/>\nImpasse<br \/>\nO impasse em rela\u00e7\u00e3o \u00e0 obra da engorda de Ponta Negra aumentou ap\u00f3s a draga holandesa, que havia chegado no dia 24 de junho em Natal para executar a obra, ir embora no dia 7 de julho sem ter sido utilizada, j\u00e1 que a licen\u00e7a ambiental para o in\u00edcio da obra ainda n\u00e3o havia sido concedida pelo Idema.<br \/>\nO Munic\u00edpio solicitou a licen\u00e7a de instala\u00e7\u00e3o &#8211; que autoriza a execu\u00e7\u00e3o do projeto &#8211; no dia 12 de junho. O Idema &#8211; \u00f3rg\u00e3o estadual respons\u00e1vel pela autoriza\u00e7\u00e3o &#8211; tem o prazo legal de 120 dias para emitir a licen\u00e7a. Ou seja, at\u00e9 outubro.<br \/>\nNo dia seguinte, em 8 de julho, manifestantes ocuparam a sede do Idema para cobrar o in\u00edcio da obra da engorda. Entre os manifestantes, estavam o prefeito de Natal, \u00c1lvaro Dias (Republicanos) e o secret\u00e1rio municipal de Urbanismo e Meio Ambiente, Thiago Mesquita.<br \/>\nHouve confus\u00e3o, port\u00f5es do Instituto foram quebrados e um bolsista registrou boletim de ocorr\u00eancia por agress\u00e3o.<br \/>\nDraga deixou Natal<br \/>\nKleber Teixeira\/Inter TV Cabugi<br \/>\nComo vai funcionar a obra?<br \/>\nVeja detalhes do projeto de como vai funcionar a obra para a engorda:<br \/>\nA areia ser\u00e1 tirada de um banco de areia localizado a cerca de 7 km da costa. Segundo a prefeitura de Natal, saindo em linha reta, a jazida ficaria de frente ao farol de M\u00e3e Luiza.<br \/>\nNa obra de Ponta Negra, a equipe estima que vai usar 1 milh\u00e3o de metros c\u00fabicos de areia.<br \/>\nA draga \u00e9 um navio com uma tubula\u00e7\u00e3o de suc\u00e7\u00e3o que \u00e9 arrastada \u00e0 medida que navega. Essa tubula\u00e7\u00e3o funciona como um aspirador, que suga a areia junto com a \u00e1gua do mar.<br \/>\nAp\u00f3s ser sugada, a areia fica armazenada em cisternas do navio, que possuem capacidade de 2800 metros c\u00fabicos &#8211; o equivalente a 700 caminh\u00f5es de areia com 4 metros c\u00fabicos. O excesso de \u00e1gua volta para o mar.<br \/>\nO navio se aproxima da praia, a cerca de 500 metros, e engata tubos que j\u00e1 ficar\u00e3o instalados em cinco ou seis pontos ao longo dos 4 km de praia que ser\u00e3o aterrados.<br \/>\nEm seguida, o navio bombeia a areia junto com \u00e1gua para a praia.<br \/>\nA \u00e1gua com areia decanta na praia e equipamentos como escavadeiras v\u00e3o espalhar o material para conformar a praia de acordo com o projeto.<br \/>\nV\u00eddeos mais assistidos do g1 RN<\/p>","protected":false},"excerpt":{"rendered":"<p>Idema havia feito 17 questionamentos ao Munic\u00edpio, que, segundo o Instituto, respondeu nove deles completamente, mas deixou outros oito pontos com &#8216;fragilidades&#8217;. Barracas na Praia de Ponta Negra em Natal &#8230;<\/p>\n","protected":false},"author":0,"featured_media":7830,"parent":0,"menu_order":0,"comment_status":"closed","ping_status":"closed","template":"","meta":{"footnotes":""},"class_list":["post-7829","page","type-page","status-publish","has-post-thumbnail","hentry"],"yoast_head":"<!-- This site is optimized with the Yoast SEO plugin v27.1.1 - https:\/\/yoast.com\/product\/yoast-seo-wordpress\/ -->\n<title>Engorda de Ponta Negra: veja os 8 pontos n\u00e3o respondidos pela Prefeitura de Natal ao Idema - Taveira Jr<\/title>\n<meta name=\"robots\" content=\"index, follow, max-snippet:-1, max-image-preview:large, max-video-preview:-1\" \/>\n<link rel=\"canonical\" href=\"https:\/\/deputadotaveirajr.com.br\/index.php\/engorda-de-ponta-negra-veja-os-8-pontos-nao-respondidos-pela-prefeitura-de-natal-ao-idema\/\" \/>\n<meta property=\"og:locale\" content=\"pt_BR\" \/>\n<meta property=\"og:type\" content=\"article\" \/>\n<meta property=\"og:title\" content=\"Engorda de Ponta Negra: veja os 8 pontos n\u00e3o respondidos pela Prefeitura de Natal ao Idema - Taveira Jr\" \/>\n<meta property=\"og:description\" content=\"Idema havia feito 17 questionamentos ao Munic\u00edpio, que, segundo o Instituto, respondeu nove deles completamente, mas deixou outros oito pontos com &#8216;fragilidades&#8217;. Barracas na Praia de Ponta Negra em Natal ...\" \/>\n<meta property=\"og:url\" content=\"https:\/\/deputadotaveirajr.com.br\/index.php\/engorda-de-ponta-negra-veja-os-8-pontos-nao-respondidos-pela-prefeitura-de-natal-ao-idema\/\" \/>\n<meta property=\"og:site_name\" content=\"Taveira Jr\" \/>\n<meta property=\"og:image\" content=\"https:\/\/deputadotaveirajr.com.br\/wp-content\/uploads\/2024\/07\/whatsapp-image-2024-07-03-at-12.25.54-U3Hpug.jpeg\" \/>\n\t<meta property=\"og:image:width\" content=\"1152\" \/>\n\t<meta property=\"og:image:height\" content=\"648\" \/>\n\t<meta property=\"og:image:type\" content=\"image\/jpeg\" \/>\n<meta name=\"twitter:card\" content=\"summary_large_image\" \/>\n<meta name=\"twitter:label1\" content=\"Est. tempo de leitura\" \/>\n\t<meta name=\"twitter:data1\" content=\"7 minutos\" \/>\n<script type=\"application\/ld+json\" class=\"yoast-schema-graph\">{\"@context\":\"https:\/\/schema.org\",\"@graph\":[{\"@type\":\"WebPage\",\"@id\":\"https:\/\/deputadotaveirajr.com.br\/index.php\/engorda-de-ponta-negra-veja-os-8-pontos-nao-respondidos-pela-prefeitura-de-natal-ao-idema\/\",\"url\":\"https:\/\/deputadotaveirajr.com.br\/index.php\/engorda-de-ponta-negra-veja-os-8-pontos-nao-respondidos-pela-prefeitura-de-natal-ao-idema\/\",\"name\":\"Engorda de Ponta Negra: veja os 8 pontos n\u00e3o respondidos pela Prefeitura de Natal ao Idema - Taveira Jr\",\"isPartOf\":{\"@id\":\"https:\/\/deputadotaveirajr.com.br\/#website\"},\"primaryImageOfPage\":{\"@id\":\"https:\/\/deputadotaveirajr.com.br\/index.php\/engorda-de-ponta-negra-veja-os-8-pontos-nao-respondidos-pela-prefeitura-de-natal-ao-idema\/#primaryimage\"},\"image\":{\"@id\":\"https:\/\/deputadotaveirajr.com.br\/index.php\/engorda-de-ponta-negra-veja-os-8-pontos-nao-respondidos-pela-prefeitura-de-natal-ao-idema\/#primaryimage\"},\"thumbnailUrl\":\"https:\/\/deputadotaveirajr.com.br\/wp-content\/uploads\/2024\/07\/whatsapp-image-2024-07-03-at-12.25.54-U3Hpug.jpeg\",\"datePublished\":\"2024-07-17T15:24:50+00:00\",\"breadcrumb\":{\"@id\":\"https:\/\/deputadotaveirajr.com.br\/index.php\/engorda-de-ponta-negra-veja-os-8-pontos-nao-respondidos-pela-prefeitura-de-natal-ao-idema\/#breadcrumb\"},\"inLanguage\":\"pt-BR\",\"potentialAction\":[{\"@type\":\"ReadAction\",\"target\":[\"https:\/\/deputadotaveirajr.com.br\/index.php\/engorda-de-ponta-negra-veja-os-8-pontos-nao-respondidos-pela-prefeitura-de-natal-ao-idema\/\"]}]},{\"@type\":\"ImageObject\",\"inLanguage\":\"pt-BR\",\"@id\":\"https:\/\/deputadotaveirajr.com.br\/index.php\/engorda-de-ponta-negra-veja-os-8-pontos-nao-respondidos-pela-prefeitura-de-natal-ao-idema\/#primaryimage\",\"url\":\"https:\/\/deputadotaveirajr.com.br\/wp-content\/uploads\/2024\/07\/whatsapp-image-2024-07-03-at-12.25.54-U3Hpug.jpeg\",\"contentUrl\":\"https:\/\/deputadotaveirajr.com.br\/wp-content\/uploads\/2024\/07\/whatsapp-image-2024-07-03-at-12.25.54-U3Hpug.jpeg\",\"width\":1152,\"height\":648},{\"@type\":\"BreadcrumbList\",\"@id\":\"https:\/\/deputadotaveirajr.com.br\/index.php\/engorda-de-ponta-negra-veja-os-8-pontos-nao-respondidos-pela-prefeitura-de-natal-ao-idema\/#breadcrumb\",\"itemListElement\":[{\"@type\":\"ListItem\",\"position\":1,\"name\":\"In\u00edcio\",\"item\":\"https:\/\/deputadotaveirajr.com.br\/\"},{\"@type\":\"ListItem\",\"position\":2,\"name\":\"Engorda de Ponta Negra: veja os 8 pontos n\u00e3o respondidos pela Prefeitura de Natal ao Idema\"}]},{\"@type\":\"WebSite\",\"@id\":\"https:\/\/deputadotaveirajr.com.br\/#website\",\"url\":\"https:\/\/deputadotaveirajr.com.br\/\",\"name\":\"Taveira Jr\",\"description\":\"Deputado Estadual\",\"publisher\":{\"@id\":\"https:\/\/deputadotaveirajr.com.br\/#organization\"},\"potentialAction\":[{\"@type\":\"SearchAction\",\"target\":{\"@type\":\"EntryPoint\",\"urlTemplate\":\"https:\/\/deputadotaveirajr.com.br\/?s={search_term_string}\"},\"query-input\":{\"@type\":\"PropertyValueSpecification\",\"valueRequired\":true,\"valueName\":\"search_term_string\"}}],\"inLanguage\":\"pt-BR\"},{\"@type\":\"Organization\",\"@id\":\"https:\/\/deputadotaveirajr.com.br\/#organization\",\"name\":\"Taveira Jr\",\"url\":\"https:\/\/deputadotaveirajr.com.br\/\",\"logo\":{\"@type\":\"ImageObject\",\"inLanguage\":\"pt-BR\",\"@id\":\"https:\/\/deputadotaveirajr.com.br\/#\/schema\/logo\/image\/\",\"url\":\"https:\/\/deputadotaveirajr.com.br\/wp-content\/uploads\/2026\/01\/logolow2a.png\",\"contentUrl\":\"https:\/\/deputadotaveirajr.com.br\/wp-content\/uploads\/2026\/01\/logolow2a.png\",\"width\":290,\"height\":80,\"caption\":\"Taveira Jr\"},\"image\":{\"@id\":\"https:\/\/deputadotaveirajr.com.br\/#\/schema\/logo\/image\/\"}}]}<\/script>\n<!-- \/ Yoast SEO plugin. -->","yoast_head_json":{"title":"Engorda de Ponta Negra: veja os 8 pontos n\u00e3o respondidos pela Prefeitura de Natal ao Idema - Taveira Jr","robots":{"index":"index","follow":"follow","max-snippet":"max-snippet:-1","max-image-preview":"max-image-preview:large","max-video-preview":"max-video-preview:-1"},"canonical":"https:\/\/deputadotaveirajr.com.br\/index.php\/engorda-de-ponta-negra-veja-os-8-pontos-nao-respondidos-pela-prefeitura-de-natal-ao-idema\/","og_locale":"pt_BR","og_type":"article","og_title":"Engorda de Ponta Negra: veja os 8 pontos n\u00e3o respondidos pela Prefeitura de Natal ao Idema - Taveira Jr","og_description":"Idema havia feito 17 questionamentos ao Munic\u00edpio, que, segundo o Instituto, respondeu nove deles completamente, mas deixou outros oito pontos com &#8216;fragilidades&#8217;. Barracas na Praia de Ponta Negra em Natal ...","og_url":"https:\/\/deputadotaveirajr.com.br\/index.php\/engorda-de-ponta-negra-veja-os-8-pontos-nao-respondidos-pela-prefeitura-de-natal-ao-idema\/","og_site_name":"Taveira Jr","og_image":[{"width":1152,"height":648,"url":"https:\/\/deputadotaveirajr.com.br\/wp-content\/uploads\/2024\/07\/whatsapp-image-2024-07-03-at-12.25.54-U3Hpug.jpeg","type":"image\/jpeg"}],"twitter_card":"summary_large_image","twitter_misc":{"Est. tempo de leitura":"7 minutos"},"schema":{"@context":"https:\/\/schema.org","@graph":[{"@type":"WebPage","@id":"https:\/\/deputadotaveirajr.com.br\/index.php\/engorda-de-ponta-negra-veja-os-8-pontos-nao-respondidos-pela-prefeitura-de-natal-ao-idema\/","url":"https:\/\/deputadotaveirajr.com.br\/index.php\/engorda-de-ponta-negra-veja-os-8-pontos-nao-respondidos-pela-prefeitura-de-natal-ao-idema\/","name":"Engorda de Ponta Negra: veja os 8 pontos n\u00e3o respondidos pela Prefeitura de Natal ao Idema - Taveira Jr","isPartOf":{"@id":"https:\/\/deputadotaveirajr.com.br\/#website"},"primaryImageOfPage":{"@id":"https:\/\/deputadotaveirajr.com.br\/index.php\/engorda-de-ponta-negra-veja-os-8-pontos-nao-respondidos-pela-prefeitura-de-natal-ao-idema\/#primaryimage"},"image":{"@id":"https:\/\/deputadotaveirajr.com.br\/index.php\/engorda-de-ponta-negra-veja-os-8-pontos-nao-respondidos-pela-prefeitura-de-natal-ao-idema\/#primaryimage"},"thumbnailUrl":"https:\/\/deputadotaveirajr.com.br\/wp-content\/uploads\/2024\/07\/whatsapp-image-2024-07-03-at-12.25.54-U3Hpug.jpeg","datePublished":"2024-07-17T15:24:50+00:00","breadcrumb":{"@id":"https:\/\/deputadotaveirajr.com.br\/index.php\/engorda-de-ponta-negra-veja-os-8-pontos-nao-respondidos-pela-prefeitura-de-natal-ao-idema\/#breadcrumb"},"inLanguage":"pt-BR","potentialAction":[{"@type":"ReadAction","target":["https:\/\/deputadotaveirajr.com.br\/index.php\/engorda-de-ponta-negra-veja-os-8-pontos-nao-respondidos-pela-prefeitura-de-natal-ao-idema\/"]}]},{"@type":"ImageObject","inLanguage":"pt-BR","@id":"https:\/\/deputadotaveirajr.com.br\/index.php\/engorda-de-ponta-negra-veja-os-8-pontos-nao-respondidos-pela-prefeitura-de-natal-ao-idema\/#primaryimage","url":"https:\/\/deputadotaveirajr.com.br\/wp-content\/uploads\/2024\/07\/whatsapp-image-2024-07-03-at-12.25.54-U3Hpug.jpeg","contentUrl":"https:\/\/deputadotaveirajr.com.br\/wp-content\/uploads\/2024\/07\/whatsapp-image-2024-07-03-at-12.25.54-U3Hpug.jpeg","width":1152,"height":648},{"@type":"BreadcrumbList","@id":"https:\/\/deputadotaveirajr.com.br\/index.php\/engorda-de-ponta-negra-veja-os-8-pontos-nao-respondidos-pela-prefeitura-de-natal-ao-idema\/#breadcrumb","itemListElement":[{"@type":"ListItem","position":1,"name":"In\u00edcio","item":"https:\/\/deputadotaveirajr.com.br\/"},{"@type":"ListItem","position":2,"name":"Engorda de Ponta Negra: veja os 8 pontos n\u00e3o respondidos pela Prefeitura de Natal ao Idema"}]},{"@type":"WebSite","@id":"https:\/\/deputadotaveirajr.com.br\/#website","url":"https:\/\/deputadotaveirajr.com.br\/","name":"Taveira Jr","description":"Deputado Estadual","publisher":{"@id":"https:\/\/deputadotaveirajr.com.br\/#organization"},"potentialAction":[{"@type":"SearchAction","target":{"@type":"EntryPoint","urlTemplate":"https:\/\/deputadotaveirajr.com.br\/?s={search_term_string}"},"query-input":{"@type":"PropertyValueSpecification","valueRequired":true,"valueName":"search_term_string"}}],"inLanguage":"pt-BR"},{"@type":"Organization","@id":"https:\/\/deputadotaveirajr.com.br\/#organization","name":"Taveira Jr","url":"https:\/\/deputadotaveirajr.com.br\/","logo":{"@type":"ImageObject","inLanguage":"pt-BR","@id":"https:\/\/deputadotaveirajr.com.br\/#\/schema\/logo\/image\/","url":"https:\/\/deputadotaveirajr.com.br\/wp-content\/uploads\/2026\/01\/logolow2a.png","contentUrl":"https:\/\/deputadotaveirajr.com.br\/wp-content\/uploads\/2026\/01\/logolow2a.png","width":290,"height":80,"caption":"Taveira Jr"},"image":{"@id":"https:\/\/deputadotaveirajr.com.br\/#\/schema\/logo\/image\/"}}]}},"_links":{"self":[{"href":"https:\/\/deputadotaveirajr.com.br\/index.php\/wp-json\/wp\/v2\/pages\/7829","targetHints":{"allow":["GET"]}}],"collection":[{"href":"https:\/\/deputadotaveirajr.com.br\/index.php\/wp-json\/wp\/v2\/pages"}],"about":[{"href":"https:\/\/deputadotaveirajr.com.br\/index.php\/wp-json\/wp\/v2\/types\/page"}],"replies":[{"embeddable":true,"href":"https:\/\/deputadotaveirajr.com.br\/index.php\/wp-json\/wp\/v2\/comments?post=7829"}],"version-history":[{"count":1,"href":"https:\/\/deputadotaveirajr.com.br\/index.php\/wp-json\/wp\/v2\/pages\/7829\/revisions"}],"predecessor-version":[{"id":7834,"href":"https:\/\/deputadotaveirajr.com.br\/index.php\/wp-json\/wp\/v2\/pages\/7829\/revisions\/7834"}],"wp:featuredmedia":[{"embeddable":true,"href":"https:\/\/deputadotaveirajr.com.br\/index.php\/wp-json\/wp\/v2\/media\/7830"}],"wp:attachment":[{"href":"https:\/\/deputadotaveirajr.com.br\/index.php\/wp-json\/wp\/v2\/media?parent=7829"}],"curies":[{"name":"wp","href":"https:\/\/api.w.org\/{rel}","templated":true}]}}