{"id":7839,"date":"2024-07-17T17:54:08","date_gmt":"2024-07-17T20:54:08","guid":{"rendered":"https:\/\/deputadotaveirajr.com.br\/?page_id=7839"},"modified":"2024-07-17T17:54:08","modified_gmt":"2024-07-17T20:54:08","slug":"engorda-de-ponta-negra-prefeitura-diz-que-questionamentos-considerados-nao-respondidos-pelo-idema-sao-dispensaveis-para-inicio-da-obra","status":"publish","type":"page","link":"https:\/\/deputadotaveirajr.com.br\/index.php\/engorda-de-ponta-negra-prefeitura-diz-que-questionamentos-considerados-nao-respondidos-pelo-idema-sao-dispensaveis-para-inicio-da-obra\/","title":{"rendered":"Engorda de Ponta Negra: Prefeitura diz que questionamentos considerados n\u00e3o respondidos pelo Idema s\u00e3o &#8216;dispens\u00e1veis&#8217; para in\u00edcio da obra"},"content":{"rendered":"<p>     \u00d3rg\u00e3o ambiental informou que oito de 17 questionamentos feitos ao Munic\u00edpio apresentaram fragilidades. Secret\u00e1rio de Meio Ambiente e Urbanismo disse que dificilmente obra acontece em 2024. Prefeito de Natal \u00c1lvaro Dias e secret\u00e1rios<br \/>\nPedro Trindade\/Inter TV Cabugi<br \/>\nO prefeito de Natal, \u00c1lvaro Dias (Republicanos), e o secret\u00e1rio de Meio Ambiente e Urbanismo (Semurb), Thiago Mesquita, disseram nesta quarta-feira (17) que o Munic\u00edpio respondeu todos os questionamentos feitos pelo Instituto de Desenvolvimento Sustent\u00e1vel e Meio Ambiente (Idema-RN) e que acreditam que n\u00e3o h\u00e1 mais pontos indispens\u00e1veis para que a obra da engorda de Ponta Negra tenha in\u00edcio.<br \/>\nNa ter\u00e7a-feira (16) o Idema-RN informou \u00e0 prefeitura de Natal que encontrou &#8220;fragilidades&#8221; em oito respostas dos 17 questionamentos feitos para conceder as licen\u00e7as ambientais para o in\u00edcio da obra.  Os questionamentos haviam sido feitos no dia 8 de julho, mas n\u00e3o se tratavam de novidades, segundo o Idema, tendo sido pedidos desde a licen\u00e7a pr\u00e9via &#8211; h\u00e1 um ano.<br \/>\n\ud83d\udcf3Participe do canal do g1 RN no WhatsApp<br \/>\nO secret\u00e1rio Thiago Mesquita, disse que todos os questionamentos que Idema considerou como n\u00e3o respondidos tiveram respostas e que s\u00e3o &#8220;dispens\u00e1veis&#8221; para o in\u00edcio da obra. Ele disse que &#8220;os oitos pontos s\u00e3o pontos que n\u00e3o se justificam para n\u00e3o se liberar o in\u00edcio dessa obra&#8221;.<br \/>\nSegundo Mesquita, o Idema e a Semurb haviam acertado a entrega dos questionamentos na semana passada na esperan\u00e7a de que houvesse a possibilidade de retorno da draga holandesa, que estava em Cabedelo (PB)  &#8211; ela deixou Natal no dia 7 de julho, j\u00e1 que n\u00e3o havia licen\u00e7a ambiental para execu\u00e7\u00e3o da obra.<br \/>\nA draga deve voltar em breve para a Europa, o que, segundo o secret\u00e1rio praticamente descarta a execu\u00e7\u00e3o da engorda de Ponta Negra at\u00e9 o fim deste ano.<br \/>\n&#8220;A draga vai pra Niter\u00f3i (RJ) e de l\u00e1 j\u00e1 tem um trabalho na Holanda para ser executado. N\u00f3s n\u00e3o teremos a capacidade de t\u00ea-la aqui na execu\u00e7\u00e3o da engorda da praia de Ponta Negra. E, na aus\u00eancia dessa, dificilmente teremos outra em 2024&#8221;, falou Thiago Mesquita.<br \/>\nApesar disso, o prefeito de Natal, \u00c1lvaro Dias, disse que mant\u00e9m &#8220;uma pequena esperan\u00e7a de que essa obra venha a acontecer&#8221;. Ele considerou que a nova negativa do Idema foi uma decis\u00e3o pol\u00edtica.<br \/>\nRespostas ao Idema<br \/>\nSegundo o secret\u00e1rio Thiago Mesquita, o Munic\u00edpio elaborou as respostas sobre o projeto ouvindo a opini\u00e3o do setor t\u00e9cnico do pr\u00f3prio Idema para s\u00f3 ent\u00e3o protocolar o documento com &#8220;algo alinhado tecnicamente, seguro tecnicamente entre os entes&#8221;.  Segundo Thiago Mesquita, o Munic\u00edpio recebeu com surpresa a informa\u00e7\u00e3o de que ainda havia oito pontos que foram considerados n\u00e3o respondidos.<br \/>\nSegundo o secret\u00e1rio de Meio Ambiente e Urbanismo de Natal,  os questionamentos considerados n\u00e3o respondidos pelo Idema s\u00e3o referentes a quatro tem\u00e1ticas:<br \/>\naspecto socioecon\u00f4mico (relacionado a pescadores e trabalhadores da regi\u00e3o)<br \/>\nictiofauna (referente \u00e0 fauna da pesca, com preocupa\u00e7\u00e3o especial em rela\u00e7\u00e3o aos caranguejos)<br \/>\nmeio f\u00edsico (sobre a estrutura do mar no trecho e \u00e1rea de jazida)<br \/>\n drenagem em Ponta Negra.<br \/>\nPontos n\u00e3o respondidos<br \/>\nAspecto socioecon\u00f4mico<br \/>\nO secret\u00e1rio Thiago Mesquita disse que tr\u00eas dos oito pontos citados pelo Idema como n\u00e3o respondidos s\u00e3o referentes \u00e0 tem\u00e1tica socioecon\u00f4mica. Segundo ele, o \u00f3rg\u00e3o solicitou que o Munic\u00edpio apresente &#8220;dados de entrevistas com pescadores, por exemplo, para saber deles, quais s\u00e3o os tipos de peixe que eles pescam hoje, e a quantidade&#8221;.<br \/>\nO titular da Semurb disse que isso foi feito por professores especialistas, mas que n\u00e3o \u00e9 uma solicita\u00e7\u00e3o ambiental e sim trabalhista, e que levaria pelo menos 90 dias para a demanda.<br \/>\n&#8220;Est\u00e1 previsto l\u00e1 45 dias de convoca\u00e7\u00e3o, ouvir de forma livre para que se pronuncie, e mais 45 dias para tirar as suas d\u00favidas e chegar num acordo econ\u00f4mico, se for o caso&#8221;, explicou.<br \/>\n&#8220;Se n\u00f3s formos cumprir isso, n\u00f3s iremos perder de 90 a 120 dias pra, com todo respeito que n\u00f3s temos \u00e0 comunidade de pescadores de qualquer lugar, perder esse tempo para ouvir pessoas que n\u00e3o tem a condi\u00e7\u00e3o t\u00e9cnica de contribuir apra tomada de decis\u00e3o do Idema&#8221;, disse.<br \/>\nIctiofauna<br \/>\nSobre a a fauna marinha, segundo o secret\u00e1rio, o Idema pediu a apresenta\u00e7\u00e3o de dados prim\u00e1rios, de comunidade de caranguejos e de outras esp\u00e9cies que est\u00e3o na jazida, &#8220;estabilizadas a 8 quil\u00f4metros de Ponta Negra e a 500 metros de profundidade de onde vai ser retirada a areia para fazer a engorda da praia de Ponta Negra&#8221;.<br \/>\nOs estudos dos especialistas do Munic\u00edpio, segundo o secret\u00e1rio, apontaram que n\u00e3o h\u00e1 a necessidade de evitar o in\u00edcio da obra por conta desse estudo e que o material pode ser coletado e a an\u00e1lise feita em laborat\u00f3rio.<br \/>\nMeio f\u00edsico<br \/>\nSobre o meio f\u00edsico, Thiago Mesquista disse que a empresa que opera a draga, fez toda an\u00e1lise do fundo do oceano da jazida, em Areia Preta, at\u00e9 Ponta Negra, de 5 em 5 metros, &#8220;quando se recomenda fazer de 50 em 50&#8221;.<br \/>\n&#8220;Pra ela que vai fazer a obra \u00e9 indispens\u00e1vel saber se ali tem um obst\u00e1culo, um conjunto de arrecifes, uma embarca\u00e7\u00e3o afundada. Ela fez em tr\u00eas dimens\u00f5es. E n\u00f3s apresentamos ao Idema&#8221;, disse.<br \/>\nSegundo o secret\u00e1rio, um diretor do Idema especialista na \u00e1rea disse que &#8220;aquilo apresentado era mais que suficiente&#8221;.<br \/>\nDrenagem<br \/>\nQuanto \u00e0 drenagem em Ponta Negra, o Munic\u00edpio disse que a obra est\u00e1 com 70% de execu\u00e7\u00e3o e que o trecho no qual a engorda iria come\u00e7ar j\u00e1 foi conclu\u00edda, o que n\u00e3o impediria o in\u00edcio da opera\u00e7\u00e3o, segundo os secret\u00e1rios Thiago Mesquita (Semurb) e Carlson Gomes (de Infraestrutura).<br \/>\nSegundo o Mesquita, o Idema solicitou um documento para saber se a drenagem \u00e9 compat\u00edvel com o sistema de enrocamento e com a engorda.<br \/>\nIdema devolve perguntas \u00e0 prefeitura sobre engorda de Ponta Negra<br \/>\nLEIA TAMB\u00c9M<br \/>\nQUESTIONAMENTOS N\u00c3O RESPONDIDOS: Veja pontos de impasse entre prefeitura e Idema para licen\u00e7a ambiental<br \/>\nTUBAR\u00d5ES? AFOGAMENTOS? Especialista esclarece d\u00favidas sobre a engorda<br \/>\nCOMO FUNCIONA: Entenda como ser\u00e1 a obra de engorda<br \/>\nLICITA\u00c7\u00c3O: Empresa \u00e9 a mesma que atuou em Balne\u00e1rio Cambori\u00fa<br \/>\nPESCA: Entidade pede &#8216;estudos mais aprofundados&#8217; e acesso ao processo da obra<br \/>\nImpasse<br \/>\nO impasse em rela\u00e7\u00e3o \u00e0 obra da engorda de Ponta Negra aumentou ap\u00f3s a draga holandesa, que havia chegado no dia 24 de junho em Natal para executar a obra, ir embora no dia 7 de julho sem ter sido utilizada, j\u00e1 que a licen\u00e7a ambiental para o in\u00edcio da obra ainda n\u00e3o havia sido concedida pelo Idema.<br \/>\nO Munic\u00edpio solicitou a licen\u00e7a de instala\u00e7\u00e3o &#8211; que autoriza a execu\u00e7\u00e3o do projeto &#8211; no dia 12 de junho. O Idema &#8211; \u00f3rg\u00e3o estadual respons\u00e1vel pela autoriza\u00e7\u00e3o &#8211; tem o prazo legal de 120 dias para emitir a licen\u00e7a. Ou seja, at\u00e9 outubro.<br \/>\nNo dia seguinte, em 8 de julho, manifestantes ocuparam a sede do Idema para cobrar o in\u00edcio da obra da engorda. Entre os manifestantes, estavam o prefeito de Natal, \u00c1lvaro Dias (Republicanos) e o secret\u00e1rio municipal de Urbanismo e Meio Ambiente, Thiago Mesquita.<br \/>\nHouve confus\u00e3o, port\u00f5es do Instituto foram quebrados e um bolsista registrou boletim de ocorr\u00eancia por agress\u00e3o.<br \/>\nEntenda a obra<br \/>\nVeja detalhes do projeto da obra para engorda de Ponta Negra:<br \/>\nA areia ser\u00e1 tirada de um banco de areia localizado a cerca de 7 km da costa. Segundo a prefeitura de Natal, saindo em linha reta, a jazida ficaria de frente ao farol de M\u00e3e Luiza.<br \/>\nNa obra de Ponta Negra, a equipe estima que vai usar 1 milh\u00e3o de metros c\u00fabicos de areia.<br \/>\nA draga \u00e9 um navio com uma tubula\u00e7\u00e3o de suc\u00e7\u00e3o que \u00e9 arrastada \u00e0 medida que navega. Essa tubula\u00e7\u00e3o funciona como um aspirador, que suga a areia junto com a \u00e1gua do mar.<br \/>\nAp\u00f3s ser sugada, a areia fica armazenada em cisternas do navio, que possuem capacidade de 2800 metros c\u00fabicos &#8211; o equivalente a 700 caminh\u00f5es de areia com 4 metros c\u00fabicos. O excesso de \u00e1gua volta para o mar.<br \/>\nO navio se aproxima da praia, a cerca de 500 metros, e engata tubos que j\u00e1 ficar\u00e3o instalados em cinco ou seis pontos ao longo dos 4 km de praia que ser\u00e3o aterrados.<br \/>\nEm seguida, o navio bombeia a areia junto com \u00e1gua para a praia.<br \/>\nA \u00e1gua com areia decanta na praia e equipamentos como escavadeiras v\u00e3o espalhar o material para conformar a praia de acordo com o projeto.<br \/>\nV\u00eddeos mais assistidos do g1 RN<\/p>","protected":false},"excerpt":{"rendered":"<p>\u00d3rg\u00e3o ambiental informou que oito de 17 questionamentos feitos ao Munic\u00edpio apresentaram fragilidades. Secret\u00e1rio de Meio Ambiente e Urbanismo disse que dificilmente obra acontece em 2024. Prefeito de Natal \u00c1lvaro &#8230;<\/p>\n","protected":false},"author":0,"featured_media":7840,"parent":0,"menu_order":0,"comment_status":"closed","ping_status":"closed","template":"","meta":{"footnotes":""},"class_list":["post-7839","page","type-page","status-publish","has-post-thumbnail","hentry"],"yoast_head":"<!-- This site is optimized with the Yoast SEO plugin v27.1.1 - https:\/\/yoast.com\/product\/yoast-seo-wordpress\/ -->\n<title>Engorda de Ponta Negra: Prefeitura diz que questionamentos considerados n\u00e3o respondidos pelo Idema s\u00e3o &#039;dispens\u00e1veis&#039; para in\u00edcio da obra - Taveira Jr<\/title>\n<meta name=\"robots\" content=\"index, follow, max-snippet:-1, max-image-preview:large, max-video-preview:-1\" \/>\n<link rel=\"canonical\" href=\"https:\/\/deputadotaveirajr.com.br\/index.php\/engorda-de-ponta-negra-prefeitura-diz-que-questionamentos-considerados-nao-respondidos-pelo-idema-sao-dispensaveis-para-inicio-da-obra\/\" \/>\n<meta property=\"og:locale\" content=\"pt_BR\" \/>\n<meta property=\"og:type\" content=\"article\" \/>\n<meta property=\"og:title\" content=\"Engorda de Ponta Negra: Prefeitura diz que questionamentos considerados n\u00e3o respondidos pelo Idema s\u00e3o &#039;dispens\u00e1veis&#039; para in\u00edcio da obra - Taveira Jr\" \/>\n<meta property=\"og:description\" content=\"\u00d3rg\u00e3o ambiental informou que oito de 17 questionamentos feitos ao Munic\u00edpio apresentaram fragilidades. Secret\u00e1rio de Meio Ambiente e Urbanismo disse que dificilmente obra acontece em 2024. Prefeito de Natal \u00c1lvaro ...\" \/>\n<meta property=\"og:url\" content=\"https:\/\/deputadotaveirajr.com.br\/index.php\/engorda-de-ponta-negra-prefeitura-diz-que-questionamentos-considerados-nao-respondidos-pelo-idema-sao-dispensaveis-para-inicio-da-obra\/\" \/>\n<meta property=\"og:site_name\" content=\"Taveira Jr\" \/>\n<meta property=\"og:image\" content=\"https:\/\/deputadotaveirajr.com.br\/wp-content\/uploads\/2024\/07\/whatsapp-image-2024-07-17-at-11.04.08-tsDeB4.jpeg\" \/>\n\t<meta property=\"og:image:width\" content=\"1600\" \/>\n\t<meta property=\"og:image:height\" content=\"1200\" \/>\n\t<meta property=\"og:image:type\" content=\"image\/jpeg\" \/>\n<meta name=\"twitter:card\" content=\"summary_large_image\" \/>\n<meta name=\"twitter:label1\" content=\"Est. tempo de leitura\" \/>\n\t<meta name=\"twitter:data1\" content=\"7 minutos\" \/>\n<script type=\"application\/ld+json\" class=\"yoast-schema-graph\">{\"@context\":\"https:\/\/schema.org\",\"@graph\":[{\"@type\":\"WebPage\",\"@id\":\"https:\/\/deputadotaveirajr.com.br\/index.php\/engorda-de-ponta-negra-prefeitura-diz-que-questionamentos-considerados-nao-respondidos-pelo-idema-sao-dispensaveis-para-inicio-da-obra\/\",\"url\":\"https:\/\/deputadotaveirajr.com.br\/index.php\/engorda-de-ponta-negra-prefeitura-diz-que-questionamentos-considerados-nao-respondidos-pelo-idema-sao-dispensaveis-para-inicio-da-obra\/\",\"name\":\"Engorda de Ponta Negra: Prefeitura diz que questionamentos considerados n\u00e3o respondidos pelo Idema s\u00e3o 'dispens\u00e1veis' para in\u00edcio da obra - Taveira Jr\",\"isPartOf\":{\"@id\":\"https:\/\/deputadotaveirajr.com.br\/#website\"},\"primaryImageOfPage\":{\"@id\":\"https:\/\/deputadotaveirajr.com.br\/index.php\/engorda-de-ponta-negra-prefeitura-diz-que-questionamentos-considerados-nao-respondidos-pelo-idema-sao-dispensaveis-para-inicio-da-obra\/#primaryimage\"},\"image\":{\"@id\":\"https:\/\/deputadotaveirajr.com.br\/index.php\/engorda-de-ponta-negra-prefeitura-diz-que-questionamentos-considerados-nao-respondidos-pelo-idema-sao-dispensaveis-para-inicio-da-obra\/#primaryimage\"},\"thumbnailUrl\":\"https:\/\/deputadotaveirajr.com.br\/wp-content\/uploads\/2024\/07\/whatsapp-image-2024-07-17-at-11.04.08-tsDeB4.jpeg\",\"datePublished\":\"2024-07-17T20:54:08+00:00\",\"breadcrumb\":{\"@id\":\"https:\/\/deputadotaveirajr.com.br\/index.php\/engorda-de-ponta-negra-prefeitura-diz-que-questionamentos-considerados-nao-respondidos-pelo-idema-sao-dispensaveis-para-inicio-da-obra\/#breadcrumb\"},\"inLanguage\":\"pt-BR\",\"potentialAction\":[{\"@type\":\"ReadAction\",\"target\":[\"https:\/\/deputadotaveirajr.com.br\/index.php\/engorda-de-ponta-negra-prefeitura-diz-que-questionamentos-considerados-nao-respondidos-pelo-idema-sao-dispensaveis-para-inicio-da-obra\/\"]}]},{\"@type\":\"ImageObject\",\"inLanguage\":\"pt-BR\",\"@id\":\"https:\/\/deputadotaveirajr.com.br\/index.php\/engorda-de-ponta-negra-prefeitura-diz-que-questionamentos-considerados-nao-respondidos-pelo-idema-sao-dispensaveis-para-inicio-da-obra\/#primaryimage\",\"url\":\"https:\/\/deputadotaveirajr.com.br\/wp-content\/uploads\/2024\/07\/whatsapp-image-2024-07-17-at-11.04.08-tsDeB4.jpeg\",\"contentUrl\":\"https:\/\/deputadotaveirajr.com.br\/wp-content\/uploads\/2024\/07\/whatsapp-image-2024-07-17-at-11.04.08-tsDeB4.jpeg\",\"width\":1600,\"height\":1200},{\"@type\":\"BreadcrumbList\",\"@id\":\"https:\/\/deputadotaveirajr.com.br\/index.php\/engorda-de-ponta-negra-prefeitura-diz-que-questionamentos-considerados-nao-respondidos-pelo-idema-sao-dispensaveis-para-inicio-da-obra\/#breadcrumb\",\"itemListElement\":[{\"@type\":\"ListItem\",\"position\":1,\"name\":\"In\u00edcio\",\"item\":\"https:\/\/deputadotaveirajr.com.br\/\"},{\"@type\":\"ListItem\",\"position\":2,\"name\":\"Engorda de Ponta Negra: Prefeitura diz que questionamentos considerados n\u00e3o respondidos pelo Idema s\u00e3o &#8216;dispens\u00e1veis&#8217; para in\u00edcio da obra\"}]},{\"@type\":\"WebSite\",\"@id\":\"https:\/\/deputadotaveirajr.com.br\/#website\",\"url\":\"https:\/\/deputadotaveirajr.com.br\/\",\"name\":\"Taveira Jr\",\"description\":\"Deputado Estadual\",\"publisher\":{\"@id\":\"https:\/\/deputadotaveirajr.com.br\/#organization\"},\"potentialAction\":[{\"@type\":\"SearchAction\",\"target\":{\"@type\":\"EntryPoint\",\"urlTemplate\":\"https:\/\/deputadotaveirajr.com.br\/?s={search_term_string}\"},\"query-input\":{\"@type\":\"PropertyValueSpecification\",\"valueRequired\":true,\"valueName\":\"search_term_string\"}}],\"inLanguage\":\"pt-BR\"},{\"@type\":\"Organization\",\"@id\":\"https:\/\/deputadotaveirajr.com.br\/#organization\",\"name\":\"Taveira Jr\",\"url\":\"https:\/\/deputadotaveirajr.com.br\/\",\"logo\":{\"@type\":\"ImageObject\",\"inLanguage\":\"pt-BR\",\"@id\":\"https:\/\/deputadotaveirajr.com.br\/#\/schema\/logo\/image\/\",\"url\":\"https:\/\/deputadotaveirajr.com.br\/wp-content\/uploads\/2026\/01\/logolow2a.png\",\"contentUrl\":\"https:\/\/deputadotaveirajr.com.br\/wp-content\/uploads\/2026\/01\/logolow2a.png\",\"width\":290,\"height\":80,\"caption\":\"Taveira Jr\"},\"image\":{\"@id\":\"https:\/\/deputadotaveirajr.com.br\/#\/schema\/logo\/image\/\"}}]}<\/script>\n<!-- \/ Yoast SEO plugin. -->","yoast_head_json":{"title":"Engorda de Ponta Negra: Prefeitura diz que questionamentos considerados n\u00e3o respondidos pelo Idema s\u00e3o 'dispens\u00e1veis' para in\u00edcio da obra - Taveira Jr","robots":{"index":"index","follow":"follow","max-snippet":"max-snippet:-1","max-image-preview":"max-image-preview:large","max-video-preview":"max-video-preview:-1"},"canonical":"https:\/\/deputadotaveirajr.com.br\/index.php\/engorda-de-ponta-negra-prefeitura-diz-que-questionamentos-considerados-nao-respondidos-pelo-idema-sao-dispensaveis-para-inicio-da-obra\/","og_locale":"pt_BR","og_type":"article","og_title":"Engorda de Ponta Negra: Prefeitura diz que questionamentos considerados n\u00e3o respondidos pelo Idema s\u00e3o 'dispens\u00e1veis' para in\u00edcio da obra - Taveira Jr","og_description":"\u00d3rg\u00e3o ambiental informou que oito de 17 questionamentos feitos ao Munic\u00edpio apresentaram fragilidades. Secret\u00e1rio de Meio Ambiente e Urbanismo disse que dificilmente obra acontece em 2024. Prefeito de Natal \u00c1lvaro ...","og_url":"https:\/\/deputadotaveirajr.com.br\/index.php\/engorda-de-ponta-negra-prefeitura-diz-que-questionamentos-considerados-nao-respondidos-pelo-idema-sao-dispensaveis-para-inicio-da-obra\/","og_site_name":"Taveira Jr","og_image":[{"width":1600,"height":1200,"url":"https:\/\/deputadotaveirajr.com.br\/wp-content\/uploads\/2024\/07\/whatsapp-image-2024-07-17-at-11.04.08-tsDeB4.jpeg","type":"image\/jpeg"}],"twitter_card":"summary_large_image","twitter_misc":{"Est. tempo de leitura":"7 minutos"},"schema":{"@context":"https:\/\/schema.org","@graph":[{"@type":"WebPage","@id":"https:\/\/deputadotaveirajr.com.br\/index.php\/engorda-de-ponta-negra-prefeitura-diz-que-questionamentos-considerados-nao-respondidos-pelo-idema-sao-dispensaveis-para-inicio-da-obra\/","url":"https:\/\/deputadotaveirajr.com.br\/index.php\/engorda-de-ponta-negra-prefeitura-diz-que-questionamentos-considerados-nao-respondidos-pelo-idema-sao-dispensaveis-para-inicio-da-obra\/","name":"Engorda de Ponta Negra: Prefeitura diz que questionamentos considerados n\u00e3o respondidos pelo Idema s\u00e3o 'dispens\u00e1veis' para in\u00edcio da obra - Taveira Jr","isPartOf":{"@id":"https:\/\/deputadotaveirajr.com.br\/#website"},"primaryImageOfPage":{"@id":"https:\/\/deputadotaveirajr.com.br\/index.php\/engorda-de-ponta-negra-prefeitura-diz-que-questionamentos-considerados-nao-respondidos-pelo-idema-sao-dispensaveis-para-inicio-da-obra\/#primaryimage"},"image":{"@id":"https:\/\/deputadotaveirajr.com.br\/index.php\/engorda-de-ponta-negra-prefeitura-diz-que-questionamentos-considerados-nao-respondidos-pelo-idema-sao-dispensaveis-para-inicio-da-obra\/#primaryimage"},"thumbnailUrl":"https:\/\/deputadotaveirajr.com.br\/wp-content\/uploads\/2024\/07\/whatsapp-image-2024-07-17-at-11.04.08-tsDeB4.jpeg","datePublished":"2024-07-17T20:54:08+00:00","breadcrumb":{"@id":"https:\/\/deputadotaveirajr.com.br\/index.php\/engorda-de-ponta-negra-prefeitura-diz-que-questionamentos-considerados-nao-respondidos-pelo-idema-sao-dispensaveis-para-inicio-da-obra\/#breadcrumb"},"inLanguage":"pt-BR","potentialAction":[{"@type":"ReadAction","target":["https:\/\/deputadotaveirajr.com.br\/index.php\/engorda-de-ponta-negra-prefeitura-diz-que-questionamentos-considerados-nao-respondidos-pelo-idema-sao-dispensaveis-para-inicio-da-obra\/"]}]},{"@type":"ImageObject","inLanguage":"pt-BR","@id":"https:\/\/deputadotaveirajr.com.br\/index.php\/engorda-de-ponta-negra-prefeitura-diz-que-questionamentos-considerados-nao-respondidos-pelo-idema-sao-dispensaveis-para-inicio-da-obra\/#primaryimage","url":"https:\/\/deputadotaveirajr.com.br\/wp-content\/uploads\/2024\/07\/whatsapp-image-2024-07-17-at-11.04.08-tsDeB4.jpeg","contentUrl":"https:\/\/deputadotaveirajr.com.br\/wp-content\/uploads\/2024\/07\/whatsapp-image-2024-07-17-at-11.04.08-tsDeB4.jpeg","width":1600,"height":1200},{"@type":"BreadcrumbList","@id":"https:\/\/deputadotaveirajr.com.br\/index.php\/engorda-de-ponta-negra-prefeitura-diz-que-questionamentos-considerados-nao-respondidos-pelo-idema-sao-dispensaveis-para-inicio-da-obra\/#breadcrumb","itemListElement":[{"@type":"ListItem","position":1,"name":"In\u00edcio","item":"https:\/\/deputadotaveirajr.com.br\/"},{"@type":"ListItem","position":2,"name":"Engorda de Ponta Negra: Prefeitura diz que questionamentos considerados n\u00e3o respondidos pelo Idema s\u00e3o &#8216;dispens\u00e1veis&#8217; para in\u00edcio da obra"}]},{"@type":"WebSite","@id":"https:\/\/deputadotaveirajr.com.br\/#website","url":"https:\/\/deputadotaveirajr.com.br\/","name":"Taveira Jr","description":"Deputado Estadual","publisher":{"@id":"https:\/\/deputadotaveirajr.com.br\/#organization"},"potentialAction":[{"@type":"SearchAction","target":{"@type":"EntryPoint","urlTemplate":"https:\/\/deputadotaveirajr.com.br\/?s={search_term_string}"},"query-input":{"@type":"PropertyValueSpecification","valueRequired":true,"valueName":"search_term_string"}}],"inLanguage":"pt-BR"},{"@type":"Organization","@id":"https:\/\/deputadotaveirajr.com.br\/#organization","name":"Taveira Jr","url":"https:\/\/deputadotaveirajr.com.br\/","logo":{"@type":"ImageObject","inLanguage":"pt-BR","@id":"https:\/\/deputadotaveirajr.com.br\/#\/schema\/logo\/image\/","url":"https:\/\/deputadotaveirajr.com.br\/wp-content\/uploads\/2026\/01\/logolow2a.png","contentUrl":"https:\/\/deputadotaveirajr.com.br\/wp-content\/uploads\/2026\/01\/logolow2a.png","width":290,"height":80,"caption":"Taveira Jr"},"image":{"@id":"https:\/\/deputadotaveirajr.com.br\/#\/schema\/logo\/image\/"}}]}},"_links":{"self":[{"href":"https:\/\/deputadotaveirajr.com.br\/index.php\/wp-json\/wp\/v2\/pages\/7839","targetHints":{"allow":["GET"]}}],"collection":[{"href":"https:\/\/deputadotaveirajr.com.br\/index.php\/wp-json\/wp\/v2\/pages"}],"about":[{"href":"https:\/\/deputadotaveirajr.com.br\/index.php\/wp-json\/wp\/v2\/types\/page"}],"replies":[{"embeddable":true,"href":"https:\/\/deputadotaveirajr.com.br\/index.php\/wp-json\/wp\/v2\/comments?post=7839"}],"version-history":[{"count":1,"href":"https:\/\/deputadotaveirajr.com.br\/index.php\/wp-json\/wp\/v2\/pages\/7839\/revisions"}],"predecessor-version":[{"id":7848,"href":"https:\/\/deputadotaveirajr.com.br\/index.php\/wp-json\/wp\/v2\/pages\/7839\/revisions\/7848"}],"wp:featuredmedia":[{"embeddable":true,"href":"https:\/\/deputadotaveirajr.com.br\/index.php\/wp-json\/wp\/v2\/media\/7840"}],"wp:attachment":[{"href":"https:\/\/deputadotaveirajr.com.br\/index.php\/wp-json\/wp\/v2\/media?parent=7839"}],"curies":[{"name":"wp","href":"https:\/\/api.w.org\/{rel}","templated":true}]}}