{"id":7855,"date":"2024-07-17T22:08:20","date_gmt":"2024-07-18T01:08:20","guid":{"rendered":"https:\/\/deputadotaveirajr.com.br\/?page_id=7855"},"modified":"2024-07-17T22:08:20","modified_gmt":"2024-07-18T01:08:20","slug":"prefeitura-envia-respostas-a-questionamentos-do-idema-sobre-obra-de-engorda-da-praia-de-ponta-negra-2","status":"publish","type":"page","link":"https:\/\/deputadotaveirajr.com.br\/index.php\/prefeitura-envia-respostas-a-questionamentos-do-idema-sobre-obra-de-engorda-da-praia-de-ponta-negra-2\/","title":{"rendered":"Prefeitura envia respostas a questionamentos do Idema sobre obra de engorda da Praia de Ponta Negra"},"content":{"rendered":"<p>     O recebimento do documento foi confirmado pelo Idema, que afirmou que a equipe t\u00e9cnica vai dar continuidade \u00e0s an\u00e1lises do conte\u00fado entregue de maneira oficial.  Praia de Ponta Negra, em Natal<br \/>\nLucas Cortez\/Inter TV Cabugi<br \/>\nA Prefeitura de Natal entregou nesta quarta-feira (17) os esclarecimentos dos oito pontos solicitados pelo Instituto de Desenvolvimento Sustent\u00e1vel e Meio Ambiente (Idema-RN) sobre a obra de engorda da Praia de Ponta Negra.<br \/>\nO documento foi protocolado no in\u00edcio da tarde, por volta das 14h30. O recebimento do documento foi confirmado pelo Idema, que afirmou que a equipe t\u00e9cnica vai dar continuidade \u00e0s an\u00e1lises do conte\u00fado entregue de maneira oficial.<br \/>\n\ud83d\udcf3Participe do canal do g1 RN no WhatsApp<br \/>\nO munic\u00edpio afirmou que uma for\u00e7a-tarefa entre Secretaria Municipal de Meio Ambiente e Urbanismo (Semurb), Funda\u00e7\u00e3o Norte-Rio-Grandense de Pesquisa e Cultura (Funpec), Secretaria Municipal de Infraestrutura (Seinfra) e uma empresa terceirizada foi formada para o envio dos questionamentos.<br \/>\n&#8220;Reafirmamos que n\u00e3o h\u00e1 absolutamente nada que seja indispens\u00e1vel para libera\u00e7\u00e3o da licen\u00e7a&#8221;, afirmou Thiago Mesquita, titular da Semurb.<br \/>\nPrefeito de Natal \u00c1lvaro Dias e secret\u00e1rios em coletiva nesta quarta-feira (17)<br \/>\nPedro Trindade\/Inter TV Cabugi<br \/>\nLEIA TAMB\u00c9M<br \/>\nQUESTIONAMENTOS N\u00c3O RESPONDIDOS: Veja pontos de impasse entre prefeitura e Idema para licen\u00e7a ambiental<br \/>\nTUBAR\u00d5ES? AFOGAMENTOS? Especialista esclarece d\u00favidas sobre a engorda<br \/>\nCOMO FUNCIONA: Entenda como ser\u00e1 a obra de engorda<br \/>\nAs respostas entregues pela Prefeitura de Natal ocorrem ap\u00f3s o Idema-RN informar que encontrou &#8220;fragilidades&#8221; em oito respostas dos questionamentos solicitados na semana anterior para que o \u00f3rg\u00e3o concedesse as licen\u00e7as ambientais para o in\u00edcio da obra.<br \/>\nOs questionamentos haviam sido feitos no dia 8 de julho, mas n\u00e3o se tratavam de novidades, segundo o Idema, tendo sido pedidos desde a licen\u00e7a pr\u00e9via &#8211; h\u00e1 um ano.<br \/>\nEngorda de Ponta Negra: 8 pontos na\u0303o foram respondidos pela Prefeitura de Natal ao Idema<br \/>\nImpasse<br \/>\nO impasse em rela\u00e7\u00e3o \u00e0 obra da engorda de Ponta Negra aumentou ap\u00f3s a draga holandesa, que havia chegado no dia 24 de junho em Natal para executar a obra, ir embora no dia 7 de julho sem ter sido utilizada, j\u00e1 que a licen\u00e7a ambiental para o in\u00edcio da obra ainda n\u00e3o havia sido concedida pelo Idema.<br \/>\nO Munic\u00edpio solicitou a licen\u00e7a de instala\u00e7\u00e3o &#8211; que autoriza a execu\u00e7\u00e3o do projeto &#8211; no dia 12 de junho. O Idema &#8211; \u00f3rg\u00e3o estadual respons\u00e1vel pela autoriza\u00e7\u00e3o &#8211; tem o prazo legal de 120 dias para emitir a licen\u00e7a. Ou seja, at\u00e9 outubro.<br \/>\nNo dia seguinte, em 8 de julho, manifestantes ocuparam a sede do Idema para cobrar o in\u00edcio da obra da engorda. Entre os manifestantes, estavam o prefeito de Natal, \u00c1lvaro Dias (Republicanos) e o secret\u00e1rio municipal de Urbanismo e Meio Ambiente, Thiago Mesquita.<br \/>\nHouve confus\u00e3o, port\u00f5es do Instituto foram quebrados e um bolsista registrou boletim de ocorr\u00eancia por agress\u00e3o.<br \/>\nPort\u00e3o foi arrombado pelos manifestantes que ocuparam o Idema<br \/>\nS\u00e9rgio Henrique Santos\/Inter TV Cabugi<\/p>","protected":false},"excerpt":{"rendered":"<p>O recebimento do documento foi confirmado pelo Idema, que afirmou que a equipe t\u00e9cnica vai dar continuidade \u00e0s an\u00e1lises do conte\u00fado entregue de maneira oficial. Praia de Ponta Negra, em &#8230;<\/p>\n","protected":false},"author":0,"featured_media":7852,"parent":0,"menu_order":0,"comment_status":"closed","ping_status":"closed","template":"","meta":{"footnotes":""},"class_list":["post-7855","page","type-page","status-publish","has-post-thumbnail","hentry"],"yoast_head":"<!-- This site is optimized with the Yoast SEO plugin v27.1.1 - https:\/\/yoast.com\/product\/yoast-seo-wordpress\/ -->\n<title>Prefeitura envia respostas a questionamentos do Idema sobre obra de engorda da Praia de Ponta Negra - Taveira Jr<\/title>\n<meta name=\"robots\" content=\"index, follow, max-snippet:-1, max-image-preview:large, max-video-preview:-1\" \/>\n<link rel=\"canonical\" href=\"https:\/\/deputadotaveirajr.com.br\/index.php\/prefeitura-envia-respostas-a-questionamentos-do-idema-sobre-obra-de-engorda-da-praia-de-ponta-negra-2\/\" \/>\n<meta property=\"og:locale\" content=\"pt_BR\" \/>\n<meta property=\"og:type\" content=\"article\" \/>\n<meta property=\"og:title\" content=\"Prefeitura envia respostas a questionamentos do Idema sobre obra de engorda da Praia de Ponta Negra - Taveira Jr\" \/>\n<meta property=\"og:description\" content=\"O recebimento do documento foi confirmado pelo Idema, que afirmou que a equipe t\u00e9cnica vai dar continuidade \u00e0s an\u00e1lises do conte\u00fado entregue de maneira oficial. Praia de Ponta Negra, em ...\" \/>\n<meta property=\"og:url\" content=\"https:\/\/deputadotaveirajr.com.br\/index.php\/prefeitura-envia-respostas-a-questionamentos-do-idema-sobre-obra-de-engorda-da-praia-de-ponta-negra-2\/\" \/>\n<meta property=\"og:site_name\" content=\"Taveira Jr\" \/>\n<meta property=\"og:image\" content=\"https:\/\/deputadotaveirajr.com.br\/wp-content\/uploads\/2024\/07\/ponta-negra-dulBGW.jpeg\" \/>\n\t<meta property=\"og:image:width\" content=\"1600\" \/>\n\t<meta property=\"og:image:height\" content=\"1200\" \/>\n\t<meta property=\"og:image:type\" content=\"image\/jpeg\" \/>\n<meta name=\"twitter:card\" content=\"summary_large_image\" \/>\n<meta name=\"twitter:label1\" content=\"Est. tempo de leitura\" \/>\n\t<meta name=\"twitter:data1\" content=\"3 minutos\" \/>\n<script type=\"application\/ld+json\" class=\"yoast-schema-graph\">{\"@context\":\"https:\/\/schema.org\",\"@graph\":[{\"@type\":\"WebPage\",\"@id\":\"https:\/\/deputadotaveirajr.com.br\/index.php\/prefeitura-envia-respostas-a-questionamentos-do-idema-sobre-obra-de-engorda-da-praia-de-ponta-negra-2\/\",\"url\":\"https:\/\/deputadotaveirajr.com.br\/index.php\/prefeitura-envia-respostas-a-questionamentos-do-idema-sobre-obra-de-engorda-da-praia-de-ponta-negra-2\/\",\"name\":\"Prefeitura envia respostas a questionamentos do Idema sobre obra de engorda da Praia de Ponta Negra - Taveira Jr\",\"isPartOf\":{\"@id\":\"https:\/\/deputadotaveirajr.com.br\/#website\"},\"primaryImageOfPage\":{\"@id\":\"https:\/\/deputadotaveirajr.com.br\/index.php\/prefeitura-envia-respostas-a-questionamentos-do-idema-sobre-obra-de-engorda-da-praia-de-ponta-negra-2\/#primaryimage\"},\"image\":{\"@id\":\"https:\/\/deputadotaveirajr.com.br\/index.php\/prefeitura-envia-respostas-a-questionamentos-do-idema-sobre-obra-de-engorda-da-praia-de-ponta-negra-2\/#primaryimage\"},\"thumbnailUrl\":\"https:\/\/deputadotaveirajr.com.br\/wp-content\/uploads\/2024\/07\/ponta-negra-dulBGW.jpeg\",\"datePublished\":\"2024-07-18T01:08:20+00:00\",\"breadcrumb\":{\"@id\":\"https:\/\/deputadotaveirajr.com.br\/index.php\/prefeitura-envia-respostas-a-questionamentos-do-idema-sobre-obra-de-engorda-da-praia-de-ponta-negra-2\/#breadcrumb\"},\"inLanguage\":\"pt-BR\",\"potentialAction\":[{\"@type\":\"ReadAction\",\"target\":[\"https:\/\/deputadotaveirajr.com.br\/index.php\/prefeitura-envia-respostas-a-questionamentos-do-idema-sobre-obra-de-engorda-da-praia-de-ponta-negra-2\/\"]}]},{\"@type\":\"ImageObject\",\"inLanguage\":\"pt-BR\",\"@id\":\"https:\/\/deputadotaveirajr.com.br\/index.php\/prefeitura-envia-respostas-a-questionamentos-do-idema-sobre-obra-de-engorda-da-praia-de-ponta-negra-2\/#primaryimage\",\"url\":\"https:\/\/deputadotaveirajr.com.br\/wp-content\/uploads\/2024\/07\/ponta-negra-dulBGW.jpeg\",\"contentUrl\":\"https:\/\/deputadotaveirajr.com.br\/wp-content\/uploads\/2024\/07\/ponta-negra-dulBGW.jpeg\",\"width\":1600,\"height\":1200},{\"@type\":\"BreadcrumbList\",\"@id\":\"https:\/\/deputadotaveirajr.com.br\/index.php\/prefeitura-envia-respostas-a-questionamentos-do-idema-sobre-obra-de-engorda-da-praia-de-ponta-negra-2\/#breadcrumb\",\"itemListElement\":[{\"@type\":\"ListItem\",\"position\":1,\"name\":\"In\u00edcio\",\"item\":\"https:\/\/deputadotaveirajr.com.br\/\"},{\"@type\":\"ListItem\",\"position\":2,\"name\":\"Prefeitura envia respostas a questionamentos do Idema sobre obra de engorda da Praia de Ponta Negra\"}]},{\"@type\":\"WebSite\",\"@id\":\"https:\/\/deputadotaveirajr.com.br\/#website\",\"url\":\"https:\/\/deputadotaveirajr.com.br\/\",\"name\":\"Taveira Jr\",\"description\":\"Deputado Estadual\",\"publisher\":{\"@id\":\"https:\/\/deputadotaveirajr.com.br\/#organization\"},\"potentialAction\":[{\"@type\":\"SearchAction\",\"target\":{\"@type\":\"EntryPoint\",\"urlTemplate\":\"https:\/\/deputadotaveirajr.com.br\/?s={search_term_string}\"},\"query-input\":{\"@type\":\"PropertyValueSpecification\",\"valueRequired\":true,\"valueName\":\"search_term_string\"}}],\"inLanguage\":\"pt-BR\"},{\"@type\":\"Organization\",\"@id\":\"https:\/\/deputadotaveirajr.com.br\/#organization\",\"name\":\"Taveira Jr\",\"url\":\"https:\/\/deputadotaveirajr.com.br\/\",\"logo\":{\"@type\":\"ImageObject\",\"inLanguage\":\"pt-BR\",\"@id\":\"https:\/\/deputadotaveirajr.com.br\/#\/schema\/logo\/image\/\",\"url\":\"https:\/\/deputadotaveirajr.com.br\/wp-content\/uploads\/2026\/01\/logolow2a.png\",\"contentUrl\":\"https:\/\/deputadotaveirajr.com.br\/wp-content\/uploads\/2026\/01\/logolow2a.png\",\"width\":290,\"height\":80,\"caption\":\"Taveira Jr\"},\"image\":{\"@id\":\"https:\/\/deputadotaveirajr.com.br\/#\/schema\/logo\/image\/\"}}]}<\/script>\n<!-- \/ Yoast SEO plugin. -->","yoast_head_json":{"title":"Prefeitura envia respostas a questionamentos do Idema sobre obra de engorda da Praia de Ponta Negra - Taveira Jr","robots":{"index":"index","follow":"follow","max-snippet":"max-snippet:-1","max-image-preview":"max-image-preview:large","max-video-preview":"max-video-preview:-1"},"canonical":"https:\/\/deputadotaveirajr.com.br\/index.php\/prefeitura-envia-respostas-a-questionamentos-do-idema-sobre-obra-de-engorda-da-praia-de-ponta-negra-2\/","og_locale":"pt_BR","og_type":"article","og_title":"Prefeitura envia respostas a questionamentos do Idema sobre obra de engorda da Praia de Ponta Negra - Taveira Jr","og_description":"O recebimento do documento foi confirmado pelo Idema, que afirmou que a equipe t\u00e9cnica vai dar continuidade \u00e0s an\u00e1lises do conte\u00fado entregue de maneira oficial. Praia de Ponta Negra, em ...","og_url":"https:\/\/deputadotaveirajr.com.br\/index.php\/prefeitura-envia-respostas-a-questionamentos-do-idema-sobre-obra-de-engorda-da-praia-de-ponta-negra-2\/","og_site_name":"Taveira Jr","og_image":[{"width":1600,"height":1200,"url":"https:\/\/deputadotaveirajr.com.br\/wp-content\/uploads\/2024\/07\/ponta-negra-dulBGW.jpeg","type":"image\/jpeg"}],"twitter_card":"summary_large_image","twitter_misc":{"Est. tempo de leitura":"3 minutos"},"schema":{"@context":"https:\/\/schema.org","@graph":[{"@type":"WebPage","@id":"https:\/\/deputadotaveirajr.com.br\/index.php\/prefeitura-envia-respostas-a-questionamentos-do-idema-sobre-obra-de-engorda-da-praia-de-ponta-negra-2\/","url":"https:\/\/deputadotaveirajr.com.br\/index.php\/prefeitura-envia-respostas-a-questionamentos-do-idema-sobre-obra-de-engorda-da-praia-de-ponta-negra-2\/","name":"Prefeitura envia respostas a questionamentos do Idema sobre obra de engorda da Praia de Ponta Negra - Taveira Jr","isPartOf":{"@id":"https:\/\/deputadotaveirajr.com.br\/#website"},"primaryImageOfPage":{"@id":"https:\/\/deputadotaveirajr.com.br\/index.php\/prefeitura-envia-respostas-a-questionamentos-do-idema-sobre-obra-de-engorda-da-praia-de-ponta-negra-2\/#primaryimage"},"image":{"@id":"https:\/\/deputadotaveirajr.com.br\/index.php\/prefeitura-envia-respostas-a-questionamentos-do-idema-sobre-obra-de-engorda-da-praia-de-ponta-negra-2\/#primaryimage"},"thumbnailUrl":"https:\/\/deputadotaveirajr.com.br\/wp-content\/uploads\/2024\/07\/ponta-negra-dulBGW.jpeg","datePublished":"2024-07-18T01:08:20+00:00","breadcrumb":{"@id":"https:\/\/deputadotaveirajr.com.br\/index.php\/prefeitura-envia-respostas-a-questionamentos-do-idema-sobre-obra-de-engorda-da-praia-de-ponta-negra-2\/#breadcrumb"},"inLanguage":"pt-BR","potentialAction":[{"@type":"ReadAction","target":["https:\/\/deputadotaveirajr.com.br\/index.php\/prefeitura-envia-respostas-a-questionamentos-do-idema-sobre-obra-de-engorda-da-praia-de-ponta-negra-2\/"]}]},{"@type":"ImageObject","inLanguage":"pt-BR","@id":"https:\/\/deputadotaveirajr.com.br\/index.php\/prefeitura-envia-respostas-a-questionamentos-do-idema-sobre-obra-de-engorda-da-praia-de-ponta-negra-2\/#primaryimage","url":"https:\/\/deputadotaveirajr.com.br\/wp-content\/uploads\/2024\/07\/ponta-negra-dulBGW.jpeg","contentUrl":"https:\/\/deputadotaveirajr.com.br\/wp-content\/uploads\/2024\/07\/ponta-negra-dulBGW.jpeg","width":1600,"height":1200},{"@type":"BreadcrumbList","@id":"https:\/\/deputadotaveirajr.com.br\/index.php\/prefeitura-envia-respostas-a-questionamentos-do-idema-sobre-obra-de-engorda-da-praia-de-ponta-negra-2\/#breadcrumb","itemListElement":[{"@type":"ListItem","position":1,"name":"In\u00edcio","item":"https:\/\/deputadotaveirajr.com.br\/"},{"@type":"ListItem","position":2,"name":"Prefeitura envia respostas a questionamentos do Idema sobre obra de engorda da Praia de Ponta Negra"}]},{"@type":"WebSite","@id":"https:\/\/deputadotaveirajr.com.br\/#website","url":"https:\/\/deputadotaveirajr.com.br\/","name":"Taveira Jr","description":"Deputado Estadual","publisher":{"@id":"https:\/\/deputadotaveirajr.com.br\/#organization"},"potentialAction":[{"@type":"SearchAction","target":{"@type":"EntryPoint","urlTemplate":"https:\/\/deputadotaveirajr.com.br\/?s={search_term_string}"},"query-input":{"@type":"PropertyValueSpecification","valueRequired":true,"valueName":"search_term_string"}}],"inLanguage":"pt-BR"},{"@type":"Organization","@id":"https:\/\/deputadotaveirajr.com.br\/#organization","name":"Taveira Jr","url":"https:\/\/deputadotaveirajr.com.br\/","logo":{"@type":"ImageObject","inLanguage":"pt-BR","@id":"https:\/\/deputadotaveirajr.com.br\/#\/schema\/logo\/image\/","url":"https:\/\/deputadotaveirajr.com.br\/wp-content\/uploads\/2026\/01\/logolow2a.png","contentUrl":"https:\/\/deputadotaveirajr.com.br\/wp-content\/uploads\/2026\/01\/logolow2a.png","width":290,"height":80,"caption":"Taveira Jr"},"image":{"@id":"https:\/\/deputadotaveirajr.com.br\/#\/schema\/logo\/image\/"}}]}},"_links":{"self":[{"href":"https:\/\/deputadotaveirajr.com.br\/index.php\/wp-json\/wp\/v2\/pages\/7855","targetHints":{"allow":["GET"]}}],"collection":[{"href":"https:\/\/deputadotaveirajr.com.br\/index.php\/wp-json\/wp\/v2\/pages"}],"about":[{"href":"https:\/\/deputadotaveirajr.com.br\/index.php\/wp-json\/wp\/v2\/types\/page"}],"replies":[{"embeddable":true,"href":"https:\/\/deputadotaveirajr.com.br\/index.php\/wp-json\/wp\/v2\/comments?post=7855"}],"version-history":[{"count":1,"href":"https:\/\/deputadotaveirajr.com.br\/index.php\/wp-json\/wp\/v2\/pages\/7855\/revisions"}],"predecessor-version":[{"id":7861,"href":"https:\/\/deputadotaveirajr.com.br\/index.php\/wp-json\/wp\/v2\/pages\/7855\/revisions\/7861"}],"wp:featuredmedia":[{"embeddable":true,"href":"https:\/\/deputadotaveirajr.com.br\/index.php\/wp-json\/wp\/v2\/media\/7852"}],"wp:attachment":[{"href":"https:\/\/deputadotaveirajr.com.br\/index.php\/wp-json\/wp\/v2\/media?parent=7855"}],"curies":[{"name":"wp","href":"https:\/\/api.w.org\/{rel}","templated":true}]}}