{"id":7943,"date":"2024-07-21T13:09:23","date_gmt":"2024-07-21T16:09:23","guid":{"rendered":"https:\/\/deputadotaveirajr.com.br\/?page_id=7943"},"modified":"2024-07-21T13:09:23","modified_gmt":"2024-07-21T16:09:23","slug":"policia-federal-prende-aposentado-tcheco-com-quase-5-kg-de-cocaina-no-aeroporto-de-natal","status":"publish","type":"page","link":"https:\/\/deputadotaveirajr.com.br\/index.php\/policia-federal-prende-aposentado-tcheco-com-quase-5-kg-de-cocaina-no-aeroporto-de-natal\/","title":{"rendered":"Pol\u00edcia Federal prende aposentado tcheco com quase 5 kg de coca\u00edna no Aeroporto de Natal"},"content":{"rendered":"<p>     Homem de 72 anos foi preso em flagrante na madrugada de s\u00e1bado (20) durante fiscaliza\u00e7\u00e3o de rotina na \u00e1rea de embarque internacional.  Pol\u00edcia Federal prende aposentado tcheco com quase 5 kg de coca\u00edna no Aeroporto de Natal<br \/>\nCedida<br \/>\nA Pol\u00edcia Federal prendeu na madrugada deste s\u00e1bado (20), no Aeroporto de Natal, um aposentado de 72 anos, natural da Rep\u00fablica Tcheca, com 4,73 kg de coca\u00edna na mala. Ele foi autuado em flagrante por tr\u00e1fico internacional de drogas.<br \/>\n\ud83d\udcf3Participe do canal do g1 RN no WhatsApp<br \/>\nA pris\u00e3o ocorreu durante uma fiscaliza\u00e7\u00e3o de rotina na \u00e1rea de embarque internacional, com o aux\u00edlio da cadela Kiara, que detectou um volume suspeito na mala de m\u00e3o do passageiro tcheco. O destino dele era Lisboa, em Portugal.<br \/>\nA droga foi encontrada em um fundo falso da mala, dentro de dois pacotes.<br \/>\nCadela Kiara auxiliou Pol\u00edcia Federal a encontrar quase 5 kg de coca\u00edna no Aeroporto de Natal<br \/>\nCedida<br \/>\nEm depoimento \u00e0 pol\u00edcia, o aposentado disse que foi contratado por uma pessoa desconhecida para levar a mala at\u00e9 a cidade de Paris, na Fran\u00e7a. Ele contou que a bagagem foi deixada por um taxista no hotel onde estava hospedado em S\u00e3o Paulo e afirmou n\u00e3o saber que a mala continha droga.<br \/>\nAp\u00f3s a realiza\u00e7\u00e3o de exame de corpo de delito no Instituto T\u00e9cnico-Cient\u00edfico de Per\u00edcia (Itep), o suspeito foi encaminhado para a carceragem da Pol\u00edcia Federal, onde aguarda audi\u00eancia de cust\u00f3dia e est\u00e1 \u00e0 disposi\u00e7\u00e3o da Justi\u00e7a.<br \/>\nEm 2024, a Pol\u00edcia Federal j\u00e1 apreendeu 37 kg de coca\u00edna no Aeroporto de Natal e prendeu cinco pessoas acusadas de tr\u00e1fico de drogas.<br \/>\nV\u00eddeos mais assistidos do g1 RN<br \/>\nUm carro SUV, do modelo Jeep Compass, conduzido pelo deputado estadual Luiz Eduardo Marinho, colidiu com um caminh\u00e3o. Ele teve ferimentos leves. Uma carreta de combust\u00edvel tamb\u00e9m e<\/p>","protected":false},"excerpt":{"rendered":"<p>Homem de 72 anos foi preso em flagrante na madrugada de s\u00e1bado (20) durante fiscaliza\u00e7\u00e3o de rotina na \u00e1rea de embarque internacional. Pol\u00edcia Federal prende aposentado tcheco com quase 5 &#8230;<\/p>\n","protected":false},"author":0,"featured_media":7944,"parent":0,"menu_order":0,"comment_status":"closed","ping_status":"closed","template":"","meta":{"footnotes":""},"class_list":["post-7943","page","type-page","status-publish","has-post-thumbnail","hentry"],"yoast_head":"<!-- This site is optimized with the Yoast SEO plugin v27.1.1 - https:\/\/yoast.com\/product\/yoast-seo-wordpress\/ -->\n<title>Pol\u00edcia Federal prende aposentado tcheco com quase 5 kg de coca\u00edna no Aeroporto de Natal - Taveira Jr<\/title>\n<meta name=\"robots\" content=\"index, follow, max-snippet:-1, max-image-preview:large, max-video-preview:-1\" \/>\n<link rel=\"canonical\" href=\"https:\/\/deputadotaveirajr.com.br\/index.php\/policia-federal-prende-aposentado-tcheco-com-quase-5-kg-de-cocaina-no-aeroporto-de-natal\/\" \/>\n<meta property=\"og:locale\" content=\"pt_BR\" \/>\n<meta property=\"og:type\" content=\"article\" \/>\n<meta property=\"og:title\" content=\"Pol\u00edcia Federal prende aposentado tcheco com quase 5 kg de coca\u00edna no Aeroporto de Natal - Taveira Jr\" \/>\n<meta property=\"og:description\" content=\"Homem de 72 anos foi preso em flagrante na madrugada de s\u00e1bado (20) durante fiscaliza\u00e7\u00e3o de rotina na \u00e1rea de embarque internacional. Pol\u00edcia Federal prende aposentado tcheco com quase 5 ...\" \/>\n<meta property=\"og:url\" content=\"https:\/\/deputadotaveirajr.com.br\/index.php\/policia-federal-prende-aposentado-tcheco-com-quase-5-kg-de-cocaina-no-aeroporto-de-natal\/\" \/>\n<meta property=\"og:site_name\" content=\"Taveira Jr\" \/>\n<meta property=\"og:image\" content=\"https:\/\/deputadotaveirajr.com.br\/wp-content\/uploads\/2024\/07\/cocaina-jGtf6k.jpeg\" \/>\n\t<meta property=\"og:image:width\" content=\"1200\" \/>\n\t<meta property=\"og:image:height\" content=\"857\" \/>\n\t<meta property=\"og:image:type\" content=\"image\/jpeg\" \/>\n<meta name=\"twitter:card\" content=\"summary_large_image\" \/>\n<meta name=\"twitter:label1\" content=\"Est. tempo de leitura\" \/>\n\t<meta name=\"twitter:data1\" content=\"2 minutos\" \/>\n<script type=\"application\/ld+json\" class=\"yoast-schema-graph\">{\"@context\":\"https:\/\/schema.org\",\"@graph\":[{\"@type\":\"WebPage\",\"@id\":\"https:\/\/deputadotaveirajr.com.br\/index.php\/policia-federal-prende-aposentado-tcheco-com-quase-5-kg-de-cocaina-no-aeroporto-de-natal\/\",\"url\":\"https:\/\/deputadotaveirajr.com.br\/index.php\/policia-federal-prende-aposentado-tcheco-com-quase-5-kg-de-cocaina-no-aeroporto-de-natal\/\",\"name\":\"Pol\u00edcia Federal prende aposentado tcheco com quase 5 kg de coca\u00edna no Aeroporto de Natal - Taveira Jr\",\"isPartOf\":{\"@id\":\"https:\/\/deputadotaveirajr.com.br\/#website\"},\"primaryImageOfPage\":{\"@id\":\"https:\/\/deputadotaveirajr.com.br\/index.php\/policia-federal-prende-aposentado-tcheco-com-quase-5-kg-de-cocaina-no-aeroporto-de-natal\/#primaryimage\"},\"image\":{\"@id\":\"https:\/\/deputadotaveirajr.com.br\/index.php\/policia-federal-prende-aposentado-tcheco-com-quase-5-kg-de-cocaina-no-aeroporto-de-natal\/#primaryimage\"},\"thumbnailUrl\":\"https:\/\/deputadotaveirajr.com.br\/wp-content\/uploads\/2024\/07\/cocaina-jGtf6k.jpeg\",\"datePublished\":\"2024-07-21T16:09:23+00:00\",\"breadcrumb\":{\"@id\":\"https:\/\/deputadotaveirajr.com.br\/index.php\/policia-federal-prende-aposentado-tcheco-com-quase-5-kg-de-cocaina-no-aeroporto-de-natal\/#breadcrumb\"},\"inLanguage\":\"pt-BR\",\"potentialAction\":[{\"@type\":\"ReadAction\",\"target\":[\"https:\/\/deputadotaveirajr.com.br\/index.php\/policia-federal-prende-aposentado-tcheco-com-quase-5-kg-de-cocaina-no-aeroporto-de-natal\/\"]}]},{\"@type\":\"ImageObject\",\"inLanguage\":\"pt-BR\",\"@id\":\"https:\/\/deputadotaveirajr.com.br\/index.php\/policia-federal-prende-aposentado-tcheco-com-quase-5-kg-de-cocaina-no-aeroporto-de-natal\/#primaryimage\",\"url\":\"https:\/\/deputadotaveirajr.com.br\/wp-content\/uploads\/2024\/07\/cocaina-jGtf6k.jpeg\",\"contentUrl\":\"https:\/\/deputadotaveirajr.com.br\/wp-content\/uploads\/2024\/07\/cocaina-jGtf6k.jpeg\",\"width\":1200,\"height\":857},{\"@type\":\"BreadcrumbList\",\"@id\":\"https:\/\/deputadotaveirajr.com.br\/index.php\/policia-federal-prende-aposentado-tcheco-com-quase-5-kg-de-cocaina-no-aeroporto-de-natal\/#breadcrumb\",\"itemListElement\":[{\"@type\":\"ListItem\",\"position\":1,\"name\":\"In\u00edcio\",\"item\":\"https:\/\/deputadotaveirajr.com.br\/\"},{\"@type\":\"ListItem\",\"position\":2,\"name\":\"Pol\u00edcia Federal prende aposentado tcheco com quase 5 kg de coca\u00edna no Aeroporto de Natal\"}]},{\"@type\":\"WebSite\",\"@id\":\"https:\/\/deputadotaveirajr.com.br\/#website\",\"url\":\"https:\/\/deputadotaveirajr.com.br\/\",\"name\":\"Taveira Jr\",\"description\":\"Deputado Estadual\",\"publisher\":{\"@id\":\"https:\/\/deputadotaveirajr.com.br\/#organization\"},\"potentialAction\":[{\"@type\":\"SearchAction\",\"target\":{\"@type\":\"EntryPoint\",\"urlTemplate\":\"https:\/\/deputadotaveirajr.com.br\/?s={search_term_string}\"},\"query-input\":{\"@type\":\"PropertyValueSpecification\",\"valueRequired\":true,\"valueName\":\"search_term_string\"}}],\"inLanguage\":\"pt-BR\"},{\"@type\":\"Organization\",\"@id\":\"https:\/\/deputadotaveirajr.com.br\/#organization\",\"name\":\"Taveira Jr\",\"url\":\"https:\/\/deputadotaveirajr.com.br\/\",\"logo\":{\"@type\":\"ImageObject\",\"inLanguage\":\"pt-BR\",\"@id\":\"https:\/\/deputadotaveirajr.com.br\/#\/schema\/logo\/image\/\",\"url\":\"https:\/\/deputadotaveirajr.com.br\/wp-content\/uploads\/2026\/01\/logolow2a.png\",\"contentUrl\":\"https:\/\/deputadotaveirajr.com.br\/wp-content\/uploads\/2026\/01\/logolow2a.png\",\"width\":290,\"height\":80,\"caption\":\"Taveira Jr\"},\"image\":{\"@id\":\"https:\/\/deputadotaveirajr.com.br\/#\/schema\/logo\/image\/\"}}]}<\/script>\n<!-- \/ Yoast SEO plugin. -->","yoast_head_json":{"title":"Pol\u00edcia Federal prende aposentado tcheco com quase 5 kg de coca\u00edna no Aeroporto de Natal - Taveira Jr","robots":{"index":"index","follow":"follow","max-snippet":"max-snippet:-1","max-image-preview":"max-image-preview:large","max-video-preview":"max-video-preview:-1"},"canonical":"https:\/\/deputadotaveirajr.com.br\/index.php\/policia-federal-prende-aposentado-tcheco-com-quase-5-kg-de-cocaina-no-aeroporto-de-natal\/","og_locale":"pt_BR","og_type":"article","og_title":"Pol\u00edcia Federal prende aposentado tcheco com quase 5 kg de coca\u00edna no Aeroporto de Natal - Taveira Jr","og_description":"Homem de 72 anos foi preso em flagrante na madrugada de s\u00e1bado (20) durante fiscaliza\u00e7\u00e3o de rotina na \u00e1rea de embarque internacional. Pol\u00edcia Federal prende aposentado tcheco com quase 5 ...","og_url":"https:\/\/deputadotaveirajr.com.br\/index.php\/policia-federal-prende-aposentado-tcheco-com-quase-5-kg-de-cocaina-no-aeroporto-de-natal\/","og_site_name":"Taveira Jr","og_image":[{"width":1200,"height":857,"url":"https:\/\/deputadotaveirajr.com.br\/wp-content\/uploads\/2024\/07\/cocaina-jGtf6k.jpeg","type":"image\/jpeg"}],"twitter_card":"summary_large_image","twitter_misc":{"Est. tempo de leitura":"2 minutos"},"schema":{"@context":"https:\/\/schema.org","@graph":[{"@type":"WebPage","@id":"https:\/\/deputadotaveirajr.com.br\/index.php\/policia-federal-prende-aposentado-tcheco-com-quase-5-kg-de-cocaina-no-aeroporto-de-natal\/","url":"https:\/\/deputadotaveirajr.com.br\/index.php\/policia-federal-prende-aposentado-tcheco-com-quase-5-kg-de-cocaina-no-aeroporto-de-natal\/","name":"Pol\u00edcia Federal prende aposentado tcheco com quase 5 kg de coca\u00edna no Aeroporto de Natal - Taveira Jr","isPartOf":{"@id":"https:\/\/deputadotaveirajr.com.br\/#website"},"primaryImageOfPage":{"@id":"https:\/\/deputadotaveirajr.com.br\/index.php\/policia-federal-prende-aposentado-tcheco-com-quase-5-kg-de-cocaina-no-aeroporto-de-natal\/#primaryimage"},"image":{"@id":"https:\/\/deputadotaveirajr.com.br\/index.php\/policia-federal-prende-aposentado-tcheco-com-quase-5-kg-de-cocaina-no-aeroporto-de-natal\/#primaryimage"},"thumbnailUrl":"https:\/\/deputadotaveirajr.com.br\/wp-content\/uploads\/2024\/07\/cocaina-jGtf6k.jpeg","datePublished":"2024-07-21T16:09:23+00:00","breadcrumb":{"@id":"https:\/\/deputadotaveirajr.com.br\/index.php\/policia-federal-prende-aposentado-tcheco-com-quase-5-kg-de-cocaina-no-aeroporto-de-natal\/#breadcrumb"},"inLanguage":"pt-BR","potentialAction":[{"@type":"ReadAction","target":["https:\/\/deputadotaveirajr.com.br\/index.php\/policia-federal-prende-aposentado-tcheco-com-quase-5-kg-de-cocaina-no-aeroporto-de-natal\/"]}]},{"@type":"ImageObject","inLanguage":"pt-BR","@id":"https:\/\/deputadotaveirajr.com.br\/index.php\/policia-federal-prende-aposentado-tcheco-com-quase-5-kg-de-cocaina-no-aeroporto-de-natal\/#primaryimage","url":"https:\/\/deputadotaveirajr.com.br\/wp-content\/uploads\/2024\/07\/cocaina-jGtf6k.jpeg","contentUrl":"https:\/\/deputadotaveirajr.com.br\/wp-content\/uploads\/2024\/07\/cocaina-jGtf6k.jpeg","width":1200,"height":857},{"@type":"BreadcrumbList","@id":"https:\/\/deputadotaveirajr.com.br\/index.php\/policia-federal-prende-aposentado-tcheco-com-quase-5-kg-de-cocaina-no-aeroporto-de-natal\/#breadcrumb","itemListElement":[{"@type":"ListItem","position":1,"name":"In\u00edcio","item":"https:\/\/deputadotaveirajr.com.br\/"},{"@type":"ListItem","position":2,"name":"Pol\u00edcia Federal prende aposentado tcheco com quase 5 kg de coca\u00edna no Aeroporto de Natal"}]},{"@type":"WebSite","@id":"https:\/\/deputadotaveirajr.com.br\/#website","url":"https:\/\/deputadotaveirajr.com.br\/","name":"Taveira Jr","description":"Deputado Estadual","publisher":{"@id":"https:\/\/deputadotaveirajr.com.br\/#organization"},"potentialAction":[{"@type":"SearchAction","target":{"@type":"EntryPoint","urlTemplate":"https:\/\/deputadotaveirajr.com.br\/?s={search_term_string}"},"query-input":{"@type":"PropertyValueSpecification","valueRequired":true,"valueName":"search_term_string"}}],"inLanguage":"pt-BR"},{"@type":"Organization","@id":"https:\/\/deputadotaveirajr.com.br\/#organization","name":"Taveira Jr","url":"https:\/\/deputadotaveirajr.com.br\/","logo":{"@type":"ImageObject","inLanguage":"pt-BR","@id":"https:\/\/deputadotaveirajr.com.br\/#\/schema\/logo\/image\/","url":"https:\/\/deputadotaveirajr.com.br\/wp-content\/uploads\/2026\/01\/logolow2a.png","contentUrl":"https:\/\/deputadotaveirajr.com.br\/wp-content\/uploads\/2026\/01\/logolow2a.png","width":290,"height":80,"caption":"Taveira Jr"},"image":{"@id":"https:\/\/deputadotaveirajr.com.br\/#\/schema\/logo\/image\/"}}]}},"_links":{"self":[{"href":"https:\/\/deputadotaveirajr.com.br\/index.php\/wp-json\/wp\/v2\/pages\/7943","targetHints":{"allow":["GET"]}}],"collection":[{"href":"https:\/\/deputadotaveirajr.com.br\/index.php\/wp-json\/wp\/v2\/pages"}],"about":[{"href":"https:\/\/deputadotaveirajr.com.br\/index.php\/wp-json\/wp\/v2\/types\/page"}],"replies":[{"embeddable":true,"href":"https:\/\/deputadotaveirajr.com.br\/index.php\/wp-json\/wp\/v2\/comments?post=7943"}],"version-history":[{"count":1,"href":"https:\/\/deputadotaveirajr.com.br\/index.php\/wp-json\/wp\/v2\/pages\/7943\/revisions"}],"predecessor-version":[{"id":7949,"href":"https:\/\/deputadotaveirajr.com.br\/index.php\/wp-json\/wp\/v2\/pages\/7943\/revisions\/7949"}],"wp:featuredmedia":[{"embeddable":true,"href":"https:\/\/deputadotaveirajr.com.br\/index.php\/wp-json\/wp\/v2\/media\/7944"}],"wp:attachment":[{"href":"https:\/\/deputadotaveirajr.com.br\/index.php\/wp-json\/wp\/v2\/media?parent=7943"}],"curies":[{"name":"wp","href":"https:\/\/api.w.org\/{rel}","templated":true}]}}