{"id":8040,"date":"2024-07-25T12:45:47","date_gmt":"2024-07-25T15:45:47","guid":{"rendered":"https:\/\/deputadotaveirajr.com.br\/?page_id=8040"},"modified":"2024-07-25T12:45:47","modified_gmt":"2024-07-25T15:45:47","slug":"instituicao-e-condenada-por-dispensa-discriminatoria-de-empregado-com-dependencia-quimica-em-natal","status":"publish","type":"page","link":"https:\/\/deputadotaveirajr.com.br\/index.php\/instituicao-e-condenada-por-dispensa-discriminatoria-de-empregado-com-dependencia-quimica-em-natal\/","title":{"rendered":"Institui\u00e7\u00e3o \u00e9 condenada por dispensa discriminat\u00f3ria de empregado com depend\u00eancia qu\u00edmica em Natal"},"content":{"rendered":"<p>     Empregado vai receber R$ 17mil por danos morais. Ele foi demitido um dia depois de retorno de alta previd\u00eanci\u00e1ria, decorrente de doen\u00e7as ligadas ao \u00e1lcool e \u00e0s drogas. Tribunal Regional do Trabalho (TRT) da 21\u00aa Regi\u00e3o &#8211; Natal, RN<br \/>\nDivulga\u00e7\u00e3o\/TRT<br \/>\nA 13\u00aa Vara do Trabalho de Natal (RN) condenou uma institui\u00e7\u00e3o de sa\u00fade de Natal a indenizar em R$ 17,6 mil  um empregado com hist\u00f3rico de acoolismo e uso de drogas, que, segundo a Justi\u00e7a, passou uma dispensa discriminat\u00f3ria.<br \/>\nO trabalhador alegou, no processo judicial, que foi dispensado um dia ap\u00f3s o retorno de alta previdenci\u00e1ria, que deccorria exatamente de doen\u00e7as ligadas ao \u00e1lcool e \u00e0s drogas.<br \/>\nAl\u00e9m da indeniza\u00e7\u00e3o por danos morais, a Justi\u00e7a determinou a empresa a pagar sal\u00e1rios que n\u00e3o foram recebidos pelo funcion\u00e1rio devido \u00e0 dispensa &#8211; um ano e dois meses de sal\u00e1rios em dobro. O valor da indeniza\u00e7\u00e3o (R$ 17 mil) foi o equivalente a dez vezes o \u00faltimo sal\u00e1rio recebido.<br \/>\n\ud83d\udcf3Participe do canal do g1 RN no WhatsApp<br \/>\nNa defesa no processo, a institui\u00e7\u00e3o n\u00e3o negou a dispensa um dia depois do retorno do funcion\u00e1rio, mas alegou que o empregado \u201cn\u00e3o foi demitido apenas por conta de sua condi\u00e7\u00e3o tempor\u00e1ria de depend\u00eancia, mas sim pelos reincidentes erros cometidos desde 2020, conforme se observa nas advert\u00eancias e nas suspens\u00f5es\u201d que foram recebidas por ele.<br \/>\nA institui\u00e7\u00e3o explicou na Justi\u00e7a que as puni\u00e7\u00f5es aconteceram devido aos erros no registro de ponto, reiteradas faltas injustificadas, atrasos sem pr\u00e9via comunica\u00e7\u00e3o, e o descumprimento do regimento interno da institui\u00e7\u00e3o, \u201cdemonstrando des\u00eddia (neglig\u00eancia) com o emprego e com sua fun\u00e7\u00e3o&#8221;.<br \/>\nDecis\u00e3o<br \/>\nNa decis\u00e3o, a ju\u00edza Jolia Lucena da Rocha Melo indicou que a institui\u00e7\u00e3o, \u201cao asseverar que o autor (do processo) n\u00e3o teria sido dispensado apenas por sua condi\u00e7\u00e3o tempor\u00e1ria de depend\u00eancia, de fato, j\u00e1 confessa (&#8230;) ter sido este um dos motivos que embasou a dispensa do autor\u201d.<br \/>\nIsso, para a magistrada, foi suficiente para determinar que a institui\u00e7\u00e3o realmente discriminou o trabalhador \u201cem face de sua condi\u00e7\u00e3o de depend\u00eancia qu\u00edmica, procedendo com sua dispensa um dia ap\u00f3s sua alta previdenci\u00e1ria\u201d.<br \/>\nSobre as atitudes do empregado citadas pela institui\u00e7\u00e3o de sa\u00fade, a ju\u00edza ressaltou no processo que a empresa n\u00e3o utilizou a dispensa por justa causa, \u201cmuito embora toda sua alega\u00e7\u00e3o tenha sido no sentido de ter motivo para tanto\u201d.<br \/>\nSegundo a magistrada Jolia Lucena da Rocha Melo, a institui\u00e7\u00e3o emitiu \u201cinclusive carta de recomenda\u00e7\u00e3o, o que torna totalmente contradit\u00f3ria a sua tese\u201d.<br \/>\nPara a ju\u00edza, se a empregadora tivesse utilizado a justa causa, deveria seguir as regras dessa modalidade de desligamento, o que implicaria inclusive puni\u00e7\u00e3o imediata pelos delitos e aus\u00eancia de \u201cbis in idem\u201d (penalidade dupla pela mesma falta).<br \/>\nV\u00eddeos mais assistidos do g1 RN<\/p>","protected":false},"excerpt":{"rendered":"<p>Empregado vai receber R$ 17mil por danos morais. Ele foi demitido um dia depois de retorno de alta previd\u00eanci\u00e1ria, decorrente de doen\u00e7as ligadas ao \u00e1lcool e \u00e0s drogas. Tribunal Regional &#8230;<\/p>\n","protected":false},"author":0,"featured_media":8041,"parent":0,"menu_order":0,"comment_status":"closed","ping_status":"closed","template":"","meta":{"footnotes":""},"class_list":["post-8040","page","type-page","status-publish","has-post-thumbnail","hentry"],"yoast_head":"<!-- This site is optimized with the Yoast SEO plugin v27.1.1 - https:\/\/yoast.com\/product\/yoast-seo-wordpress\/ -->\n<title>Institui\u00e7\u00e3o \u00e9 condenada por dispensa discriminat\u00f3ria de empregado com depend\u00eancia qu\u00edmica em Natal - Taveira Jr<\/title>\n<meta name=\"robots\" content=\"index, follow, max-snippet:-1, max-image-preview:large, max-video-preview:-1\" \/>\n<link rel=\"canonical\" href=\"https:\/\/deputadotaveirajr.com.br\/index.php\/instituicao-e-condenada-por-dispensa-discriminatoria-de-empregado-com-dependencia-quimica-em-natal\/\" \/>\n<meta property=\"og:locale\" content=\"pt_BR\" \/>\n<meta property=\"og:type\" content=\"article\" \/>\n<meta property=\"og:title\" content=\"Institui\u00e7\u00e3o \u00e9 condenada por dispensa discriminat\u00f3ria de empregado com depend\u00eancia qu\u00edmica em Natal - Taveira Jr\" \/>\n<meta property=\"og:description\" content=\"Empregado vai receber R$ 17mil por danos morais. Ele foi demitido um dia depois de retorno de alta previd\u00eanci\u00e1ria, decorrente de doen\u00e7as ligadas ao \u00e1lcool e \u00e0s drogas. Tribunal Regional ...\" \/>\n<meta property=\"og:url\" content=\"https:\/\/deputadotaveirajr.com.br\/index.php\/instituicao-e-condenada-por-dispensa-discriminatoria-de-empregado-com-dependencia-quimica-em-natal\/\" \/>\n<meta property=\"og:site_name\" content=\"Taveira Jr\" \/>\n<meta property=\"og:image\" content=\"https:\/\/deputadotaveirajr.com.br\/wp-content\/uploads\/2024\/07\/design-sem-nome-68-oATDwC.jpeg\" \/>\n\t<meta property=\"og:image:width\" content=\"1920\" \/>\n\t<meta property=\"og:image:height\" content=\"1080\" \/>\n\t<meta property=\"og:image:type\" content=\"image\/jpeg\" \/>\n<meta name=\"twitter:card\" content=\"summary_large_image\" \/>\n<meta name=\"twitter:label1\" content=\"Est. tempo de leitura\" \/>\n\t<meta name=\"twitter:data1\" content=\"3 minutos\" \/>\n<script type=\"application\/ld+json\" class=\"yoast-schema-graph\">{\"@context\":\"https:\/\/schema.org\",\"@graph\":[{\"@type\":\"WebPage\",\"@id\":\"https:\/\/deputadotaveirajr.com.br\/index.php\/instituicao-e-condenada-por-dispensa-discriminatoria-de-empregado-com-dependencia-quimica-em-natal\/\",\"url\":\"https:\/\/deputadotaveirajr.com.br\/index.php\/instituicao-e-condenada-por-dispensa-discriminatoria-de-empregado-com-dependencia-quimica-em-natal\/\",\"name\":\"Institui\u00e7\u00e3o \u00e9 condenada por dispensa discriminat\u00f3ria de empregado com depend\u00eancia qu\u00edmica em Natal - Taveira Jr\",\"isPartOf\":{\"@id\":\"https:\/\/deputadotaveirajr.com.br\/#website\"},\"primaryImageOfPage\":{\"@id\":\"https:\/\/deputadotaveirajr.com.br\/index.php\/instituicao-e-condenada-por-dispensa-discriminatoria-de-empregado-com-dependencia-quimica-em-natal\/#primaryimage\"},\"image\":{\"@id\":\"https:\/\/deputadotaveirajr.com.br\/index.php\/instituicao-e-condenada-por-dispensa-discriminatoria-de-empregado-com-dependencia-quimica-em-natal\/#primaryimage\"},\"thumbnailUrl\":\"https:\/\/deputadotaveirajr.com.br\/wp-content\/uploads\/2024\/07\/design-sem-nome-68-oATDwC.jpeg\",\"datePublished\":\"2024-07-25T15:45:47+00:00\",\"breadcrumb\":{\"@id\":\"https:\/\/deputadotaveirajr.com.br\/index.php\/instituicao-e-condenada-por-dispensa-discriminatoria-de-empregado-com-dependencia-quimica-em-natal\/#breadcrumb\"},\"inLanguage\":\"pt-BR\",\"potentialAction\":[{\"@type\":\"ReadAction\",\"target\":[\"https:\/\/deputadotaveirajr.com.br\/index.php\/instituicao-e-condenada-por-dispensa-discriminatoria-de-empregado-com-dependencia-quimica-em-natal\/\"]}]},{\"@type\":\"ImageObject\",\"inLanguage\":\"pt-BR\",\"@id\":\"https:\/\/deputadotaveirajr.com.br\/index.php\/instituicao-e-condenada-por-dispensa-discriminatoria-de-empregado-com-dependencia-quimica-em-natal\/#primaryimage\",\"url\":\"https:\/\/deputadotaveirajr.com.br\/wp-content\/uploads\/2024\/07\/design-sem-nome-68-oATDwC.jpeg\",\"contentUrl\":\"https:\/\/deputadotaveirajr.com.br\/wp-content\/uploads\/2024\/07\/design-sem-nome-68-oATDwC.jpeg\",\"width\":1920,\"height\":1080},{\"@type\":\"BreadcrumbList\",\"@id\":\"https:\/\/deputadotaveirajr.com.br\/index.php\/instituicao-e-condenada-por-dispensa-discriminatoria-de-empregado-com-dependencia-quimica-em-natal\/#breadcrumb\",\"itemListElement\":[{\"@type\":\"ListItem\",\"position\":1,\"name\":\"In\u00edcio\",\"item\":\"https:\/\/deputadotaveirajr.com.br\/\"},{\"@type\":\"ListItem\",\"position\":2,\"name\":\"Institui\u00e7\u00e3o \u00e9 condenada por dispensa discriminat\u00f3ria de empregado com depend\u00eancia qu\u00edmica em Natal\"}]},{\"@type\":\"WebSite\",\"@id\":\"https:\/\/deputadotaveirajr.com.br\/#website\",\"url\":\"https:\/\/deputadotaveirajr.com.br\/\",\"name\":\"Taveira Jr\",\"description\":\"Deputado Estadual\",\"publisher\":{\"@id\":\"https:\/\/deputadotaveirajr.com.br\/#organization\"},\"potentialAction\":[{\"@type\":\"SearchAction\",\"target\":{\"@type\":\"EntryPoint\",\"urlTemplate\":\"https:\/\/deputadotaveirajr.com.br\/?s={search_term_string}\"},\"query-input\":{\"@type\":\"PropertyValueSpecification\",\"valueRequired\":true,\"valueName\":\"search_term_string\"}}],\"inLanguage\":\"pt-BR\"},{\"@type\":\"Organization\",\"@id\":\"https:\/\/deputadotaveirajr.com.br\/#organization\",\"name\":\"Taveira Jr\",\"url\":\"https:\/\/deputadotaveirajr.com.br\/\",\"logo\":{\"@type\":\"ImageObject\",\"inLanguage\":\"pt-BR\",\"@id\":\"https:\/\/deputadotaveirajr.com.br\/#\/schema\/logo\/image\/\",\"url\":\"https:\/\/deputadotaveirajr.com.br\/wp-content\/uploads\/2026\/01\/logolow2a.png\",\"contentUrl\":\"https:\/\/deputadotaveirajr.com.br\/wp-content\/uploads\/2026\/01\/logolow2a.png\",\"width\":290,\"height\":80,\"caption\":\"Taveira Jr\"},\"image\":{\"@id\":\"https:\/\/deputadotaveirajr.com.br\/#\/schema\/logo\/image\/\"}}]}<\/script>\n<!-- \/ Yoast SEO plugin. -->","yoast_head_json":{"title":"Institui\u00e7\u00e3o \u00e9 condenada por dispensa discriminat\u00f3ria de empregado com depend\u00eancia qu\u00edmica em Natal - Taveira Jr","robots":{"index":"index","follow":"follow","max-snippet":"max-snippet:-1","max-image-preview":"max-image-preview:large","max-video-preview":"max-video-preview:-1"},"canonical":"https:\/\/deputadotaveirajr.com.br\/index.php\/instituicao-e-condenada-por-dispensa-discriminatoria-de-empregado-com-dependencia-quimica-em-natal\/","og_locale":"pt_BR","og_type":"article","og_title":"Institui\u00e7\u00e3o \u00e9 condenada por dispensa discriminat\u00f3ria de empregado com depend\u00eancia qu\u00edmica em Natal - Taveira Jr","og_description":"Empregado vai receber R$ 17mil por danos morais. Ele foi demitido um dia depois de retorno de alta previd\u00eanci\u00e1ria, decorrente de doen\u00e7as ligadas ao \u00e1lcool e \u00e0s drogas. Tribunal Regional ...","og_url":"https:\/\/deputadotaveirajr.com.br\/index.php\/instituicao-e-condenada-por-dispensa-discriminatoria-de-empregado-com-dependencia-quimica-em-natal\/","og_site_name":"Taveira Jr","og_image":[{"width":1920,"height":1080,"url":"https:\/\/deputadotaveirajr.com.br\/wp-content\/uploads\/2024\/07\/design-sem-nome-68-oATDwC.jpeg","type":"image\/jpeg"}],"twitter_card":"summary_large_image","twitter_misc":{"Est. tempo de leitura":"3 minutos"},"schema":{"@context":"https:\/\/schema.org","@graph":[{"@type":"WebPage","@id":"https:\/\/deputadotaveirajr.com.br\/index.php\/instituicao-e-condenada-por-dispensa-discriminatoria-de-empregado-com-dependencia-quimica-em-natal\/","url":"https:\/\/deputadotaveirajr.com.br\/index.php\/instituicao-e-condenada-por-dispensa-discriminatoria-de-empregado-com-dependencia-quimica-em-natal\/","name":"Institui\u00e7\u00e3o \u00e9 condenada por dispensa discriminat\u00f3ria de empregado com depend\u00eancia qu\u00edmica em Natal - Taveira Jr","isPartOf":{"@id":"https:\/\/deputadotaveirajr.com.br\/#website"},"primaryImageOfPage":{"@id":"https:\/\/deputadotaveirajr.com.br\/index.php\/instituicao-e-condenada-por-dispensa-discriminatoria-de-empregado-com-dependencia-quimica-em-natal\/#primaryimage"},"image":{"@id":"https:\/\/deputadotaveirajr.com.br\/index.php\/instituicao-e-condenada-por-dispensa-discriminatoria-de-empregado-com-dependencia-quimica-em-natal\/#primaryimage"},"thumbnailUrl":"https:\/\/deputadotaveirajr.com.br\/wp-content\/uploads\/2024\/07\/design-sem-nome-68-oATDwC.jpeg","datePublished":"2024-07-25T15:45:47+00:00","breadcrumb":{"@id":"https:\/\/deputadotaveirajr.com.br\/index.php\/instituicao-e-condenada-por-dispensa-discriminatoria-de-empregado-com-dependencia-quimica-em-natal\/#breadcrumb"},"inLanguage":"pt-BR","potentialAction":[{"@type":"ReadAction","target":["https:\/\/deputadotaveirajr.com.br\/index.php\/instituicao-e-condenada-por-dispensa-discriminatoria-de-empregado-com-dependencia-quimica-em-natal\/"]}]},{"@type":"ImageObject","inLanguage":"pt-BR","@id":"https:\/\/deputadotaveirajr.com.br\/index.php\/instituicao-e-condenada-por-dispensa-discriminatoria-de-empregado-com-dependencia-quimica-em-natal\/#primaryimage","url":"https:\/\/deputadotaveirajr.com.br\/wp-content\/uploads\/2024\/07\/design-sem-nome-68-oATDwC.jpeg","contentUrl":"https:\/\/deputadotaveirajr.com.br\/wp-content\/uploads\/2024\/07\/design-sem-nome-68-oATDwC.jpeg","width":1920,"height":1080},{"@type":"BreadcrumbList","@id":"https:\/\/deputadotaveirajr.com.br\/index.php\/instituicao-e-condenada-por-dispensa-discriminatoria-de-empregado-com-dependencia-quimica-em-natal\/#breadcrumb","itemListElement":[{"@type":"ListItem","position":1,"name":"In\u00edcio","item":"https:\/\/deputadotaveirajr.com.br\/"},{"@type":"ListItem","position":2,"name":"Institui\u00e7\u00e3o \u00e9 condenada por dispensa discriminat\u00f3ria de empregado com depend\u00eancia qu\u00edmica em Natal"}]},{"@type":"WebSite","@id":"https:\/\/deputadotaveirajr.com.br\/#website","url":"https:\/\/deputadotaveirajr.com.br\/","name":"Taveira Jr","description":"Deputado Estadual","publisher":{"@id":"https:\/\/deputadotaveirajr.com.br\/#organization"},"potentialAction":[{"@type":"SearchAction","target":{"@type":"EntryPoint","urlTemplate":"https:\/\/deputadotaveirajr.com.br\/?s={search_term_string}"},"query-input":{"@type":"PropertyValueSpecification","valueRequired":true,"valueName":"search_term_string"}}],"inLanguage":"pt-BR"},{"@type":"Organization","@id":"https:\/\/deputadotaveirajr.com.br\/#organization","name":"Taveira Jr","url":"https:\/\/deputadotaveirajr.com.br\/","logo":{"@type":"ImageObject","inLanguage":"pt-BR","@id":"https:\/\/deputadotaveirajr.com.br\/#\/schema\/logo\/image\/","url":"https:\/\/deputadotaveirajr.com.br\/wp-content\/uploads\/2026\/01\/logolow2a.png","contentUrl":"https:\/\/deputadotaveirajr.com.br\/wp-content\/uploads\/2026\/01\/logolow2a.png","width":290,"height":80,"caption":"Taveira Jr"},"image":{"@id":"https:\/\/deputadotaveirajr.com.br\/#\/schema\/logo\/image\/"}}]}},"_links":{"self":[{"href":"https:\/\/deputadotaveirajr.com.br\/index.php\/wp-json\/wp\/v2\/pages\/8040","targetHints":{"allow":["GET"]}}],"collection":[{"href":"https:\/\/deputadotaveirajr.com.br\/index.php\/wp-json\/wp\/v2\/pages"}],"about":[{"href":"https:\/\/deputadotaveirajr.com.br\/index.php\/wp-json\/wp\/v2\/types\/page"}],"replies":[{"embeddable":true,"href":"https:\/\/deputadotaveirajr.com.br\/index.php\/wp-json\/wp\/v2\/comments?post=8040"}],"version-history":[{"count":1,"href":"https:\/\/deputadotaveirajr.com.br\/index.php\/wp-json\/wp\/v2\/pages\/8040\/revisions"}],"predecessor-version":[{"id":8043,"href":"https:\/\/deputadotaveirajr.com.br\/index.php\/wp-json\/wp\/v2\/pages\/8040\/revisions\/8043"}],"wp:featuredmedia":[{"embeddable":true,"href":"https:\/\/deputadotaveirajr.com.br\/index.php\/wp-json\/wp\/v2\/media\/8041"}],"wp:attachment":[{"href":"https:\/\/deputadotaveirajr.com.br\/index.php\/wp-json\/wp\/v2\/media?parent=8040"}],"curies":[{"name":"wp","href":"https:\/\/api.w.org\/{rel}","templated":true}]}}