{"id":8062,"date":"2024-07-26T09:42:42","date_gmt":"2024-07-26T12:42:42","guid":{"rendered":"https:\/\/deputadotaveirajr.com.br\/?page_id=8062"},"modified":"2024-07-26T09:42:42","modified_gmt":"2024-07-26T12:42:42","slug":"saiba-quem-era-taina-medeiros-enfermeira-e-consultora-de-amamentacao-que-morreu-em-natal","status":"publish","type":"page","link":"https:\/\/deputadotaveirajr.com.br\/index.php\/saiba-quem-era-taina-medeiros-enfermeira-e-consultora-de-amamentacao-que-morreu-em-natal\/","title":{"rendered":"Saiba quem era Tain\u00e1 Medeiros, enfermeira e consultora de amamenta\u00e7\u00e3o que morreu em Natal"},"content":{"rendered":"<p>     Natural de Serra Negra, no Serid\u00f3 potiguar, Tain\u00e1 se formou em 2011 mas s\u00f3 fundou a &#8220;Amor Mamar&#8221;, seu perfil nas redes sociais, em 2018.  Tain\u00e1 Medeiros era enfermeira e consultora de amamenta\u00e7\u00e3o<br \/>\nReprodu\u00e7\u00e3o\/Redes Sociais<br \/>\nA morte da enfermeira e consultora de amamenta\u00e7\u00e3o Tain\u00e1 Medeiros causou grande como\u00e7\u00e3o em Natal. Com apenas 34 anos, a profissional tinha o trabalho acompanhado por mais de 60 mil pessoas no Instagram, por onde compartilhava conte\u00fados sobre maternidade.<br \/>\nNatural de Serra Negra, munic\u00edpio do Serid\u00f3 potiguar, Tain\u00e1 tamb\u00e9m falava de sua vida pessoal e de suas principais caracter\u00edsticas. Se dizia uma pessoa que n\u00e3o acreditava em coincid\u00eancias e &#8220;n\u00e3o aceitava injusti\u00e7as&#8221;. Sua f\u00e9 tamb\u00e9m era vista em diversas de suas publica\u00e7\u00f5es.<br \/>\n\ud83d\udcf3Participe do canal do g1 RN no WhatsApp<br \/>\n&#8220;Acredito que todo dia \u00e9 uma nova oportunidade de ser melhor&#8221;, afirmou Tain\u00e1, em uma publica\u00e7\u00e3o de dezembro do ano passado.<br \/>\nNas redes sociais, amigos comentam sobre a generosidade, do\u00e7ura e paci\u00eancia de Tain\u00e1 com as mam\u00e3es de primeira viagem. &#8220;Foi ela, com toda do\u00e7ura e paci\u00eancia, que me ajudou no processo de amamenta\u00e7\u00e3o com t\u00e9cnica, com acolhimento, com paci\u00eancia, com disponibilidade e com muito amor&#8221;, escreveu a jornalista Emmily Virg\u00edlio em uma homenagem \u00e8 enfermeira.<br \/>\nTain\u00e1 Medeiros \u00e9 natural de Serra Negra do Norte, no Serid\u00f3 potiguar<br \/>\nCedida<br \/>\nTrajet\u00f3ria<br \/>\nFormada em 2011, Tain\u00e1 n\u00e3o trabalhou com enfermagem assim que deixou a faculdade. Em suas redes sociais, a profissional contou que vendeu bijuterias e trabalhou no Tribunal de Justi\u00e7a do Rio Grande do Norte, sem especificar sua fun\u00e7\u00e3o.<br \/>\nEm 2015, realizou o sonho de ser aprovada em um concurso p\u00fablico, passando a atuar na \u00e1rea de sua gradua\u00e7\u00e3o. Tain\u00e1 passou a viver o trabalho na Aten\u00e7\u00e3o B\u00e1sica, \u00e1rea da sa\u00fade p\u00fablica que ela diz ter afei\u00e7\u00e3o desde os tempos de forma\u00e7\u00e3o na enfermagem.<br \/>\nEm 2018, um turbilh\u00e3o de mudan\u00e7as. Nasceu sua filha Liz e com ela uma inquietude sobre sua vida profissional. Foi a\u00ed que foi fundado o &#8220;Amor Mamar&#8221;, perfil que ela manteve no Instagram e que significou a grande vitrine dos seus servi\u00e7os nos dias atuais.<br \/>\nUm ano depois, em 2019, pediu exonera\u00e7\u00e3o e se dedicou integralmente \u00e0 atua\u00e7\u00e3o como consultora de amamenta\u00e7\u00e3o, ampliando a produ\u00e7\u00e3o de conte\u00fado nas redes sociais.<br \/>\nTrabalho era acompanhado por milhares de pessoas<br \/>\nO perfil &#8220;Amor Mamar&#8221; era o canal de comunica\u00e7\u00e3o de maior alcance da profissional. Era por l\u00e1 que ela produzia v\u00eddeos sobre maternidade e aproveitava para prestar servi\u00e7os para gestantes e pu\u00e9rperas. especialmente relacionados \u00e0 amamenta\u00e7\u00e3o e cuidados com beb\u00eas.<br \/>\nA atua\u00e7\u00e3o como consultora de amamenta\u00e7\u00e3o era uma das atribui\u00e7\u00f5es que ela desempenhava.<br \/>\nEla tamb\u00e9m ofertava, no pr\u00f3prio perfil do Instagram, o canal para venda de um curso, denominado &#8220;O Beb\u00ea vai chegar&#8221;. Sob o custo de R$ 197, as aulas prometiam \u201cpreparar toda a fam\u00edlia para a chegada do beb\u00ea\u201d.<br \/>\nAl\u00e9m disso, a profissional tamb\u00e9m trabalhava com laserterapia (pr\u00e1tica para acelerar a recupera\u00e7\u00e3o de feridas em geral), fazia furo humanizado na orelha de rec\u00e9m-nascidos e oferecia a t\u00e9cnica de taping, que consiste na aplica\u00e7\u00e3o de bandagens el\u00e1sticas na regi\u00e3o da opera\u00e7\u00e3o, com o objetivo de gerar compress\u00e3o aos tecidos.<br \/>\nMorte<br \/>\nA equipe da profissional confirmou a morte na manh\u00e3 desta quarta-feira, sem especificar qual foi a causa. Ela deixa uma filha de 5 anos e esposo.<br \/>\nSegundo amigos, Tain\u00e1 precisou fazer uma cirurgia de urg\u00eancia no \u00faltimo fim de semana em virtude de uma gravidez ect\u00f3pica, que ocorre quando o feto se desenvolve fora do \u00fatero.<br \/>\nV\u00cdDEOS: Mais vistos do RN nos \u00faltimos 7 dias<br \/>\nV<\/p>","protected":false},"excerpt":{"rendered":"<p>Natural de Serra Negra, no Serid\u00f3 potiguar, Tain\u00e1 se formou em 2011 mas s\u00f3 fundou a &#8220;Amor Mamar&#8221;, seu perfil nas redes sociais, em 2018. Tain\u00e1 Medeiros era enfermeira e &#8230;<\/p>\n","protected":false},"author":0,"featured_media":8063,"parent":0,"menu_order":0,"comment_status":"closed","ping_status":"closed","template":"","meta":{"footnotes":""},"class_list":["post-8062","page","type-page","status-publish","has-post-thumbnail","hentry"],"yoast_head":"<!-- This site is optimized with the Yoast SEO plugin v27.1.1 - https:\/\/yoast.com\/product\/yoast-seo-wordpress\/ -->\n<title>Saiba quem era Tain\u00e1 Medeiros, enfermeira e consultora de amamenta\u00e7\u00e3o que morreu em Natal - Taveira Jr<\/title>\n<meta name=\"robots\" content=\"index, follow, max-snippet:-1, max-image-preview:large, max-video-preview:-1\" \/>\n<link rel=\"canonical\" href=\"https:\/\/deputadotaveirajr.com.br\/index.php\/saiba-quem-era-taina-medeiros-enfermeira-e-consultora-de-amamentacao-que-morreu-em-natal\/\" \/>\n<meta property=\"og:locale\" content=\"pt_BR\" \/>\n<meta property=\"og:type\" content=\"article\" \/>\n<meta property=\"og:title\" content=\"Saiba quem era Tain\u00e1 Medeiros, enfermeira e consultora de amamenta\u00e7\u00e3o que morreu em Natal - Taveira Jr\" \/>\n<meta property=\"og:description\" content=\"Natural de Serra Negra, no Serid\u00f3 potiguar, Tain\u00e1 se formou em 2011 mas s\u00f3 fundou a &#8220;Amor Mamar&#8221;, seu perfil nas redes sociais, em 2018. Tain\u00e1 Medeiros era enfermeira e ...\" \/>\n<meta property=\"og:url\" content=\"https:\/\/deputadotaveirajr.com.br\/index.php\/saiba-quem-era-taina-medeiros-enfermeira-e-consultora-de-amamentacao-que-morreu-em-natal\/\" \/>\n<meta property=\"og:site_name\" content=\"Taveira Jr\" \/>\n<meta property=\"og:image\" content=\"https:\/\/deputadotaveirajr.com.br\/wp-content\/uploads\/2024\/07\/118530700-982098372217027-7608386063775139979-n-1-9DQn8b.jpeg\" \/>\n\t<meta property=\"og:image:width\" content=\"858\" \/>\n\t<meta property=\"og:image:height\" content=\"1073\" \/>\n\t<meta property=\"og:image:type\" content=\"image\/jpeg\" \/>\n<meta name=\"twitter:card\" content=\"summary_large_image\" \/>\n<meta name=\"twitter:label1\" content=\"Est. tempo de leitura\" \/>\n\t<meta name=\"twitter:data1\" content=\"3 minutos\" \/>\n<script type=\"application\/ld+json\" class=\"yoast-schema-graph\">{\"@context\":\"https:\/\/schema.org\",\"@graph\":[{\"@type\":\"WebPage\",\"@id\":\"https:\/\/deputadotaveirajr.com.br\/index.php\/saiba-quem-era-taina-medeiros-enfermeira-e-consultora-de-amamentacao-que-morreu-em-natal\/\",\"url\":\"https:\/\/deputadotaveirajr.com.br\/index.php\/saiba-quem-era-taina-medeiros-enfermeira-e-consultora-de-amamentacao-que-morreu-em-natal\/\",\"name\":\"Saiba quem era Tain\u00e1 Medeiros, enfermeira e consultora de amamenta\u00e7\u00e3o que morreu em Natal - Taveira Jr\",\"isPartOf\":{\"@id\":\"https:\/\/deputadotaveirajr.com.br\/#website\"},\"primaryImageOfPage\":{\"@id\":\"https:\/\/deputadotaveirajr.com.br\/index.php\/saiba-quem-era-taina-medeiros-enfermeira-e-consultora-de-amamentacao-que-morreu-em-natal\/#primaryimage\"},\"image\":{\"@id\":\"https:\/\/deputadotaveirajr.com.br\/index.php\/saiba-quem-era-taina-medeiros-enfermeira-e-consultora-de-amamentacao-que-morreu-em-natal\/#primaryimage\"},\"thumbnailUrl\":\"https:\/\/deputadotaveirajr.com.br\/wp-content\/uploads\/2024\/07\/118530700-982098372217027-7608386063775139979-n-1-9DQn8b.jpeg\",\"datePublished\":\"2024-07-26T12:42:42+00:00\",\"breadcrumb\":{\"@id\":\"https:\/\/deputadotaveirajr.com.br\/index.php\/saiba-quem-era-taina-medeiros-enfermeira-e-consultora-de-amamentacao-que-morreu-em-natal\/#breadcrumb\"},\"inLanguage\":\"pt-BR\",\"potentialAction\":[{\"@type\":\"ReadAction\",\"target\":[\"https:\/\/deputadotaveirajr.com.br\/index.php\/saiba-quem-era-taina-medeiros-enfermeira-e-consultora-de-amamentacao-que-morreu-em-natal\/\"]}]},{\"@type\":\"ImageObject\",\"inLanguage\":\"pt-BR\",\"@id\":\"https:\/\/deputadotaveirajr.com.br\/index.php\/saiba-quem-era-taina-medeiros-enfermeira-e-consultora-de-amamentacao-que-morreu-em-natal\/#primaryimage\",\"url\":\"https:\/\/deputadotaveirajr.com.br\/wp-content\/uploads\/2024\/07\/118530700-982098372217027-7608386063775139979-n-1-9DQn8b.jpeg\",\"contentUrl\":\"https:\/\/deputadotaveirajr.com.br\/wp-content\/uploads\/2024\/07\/118530700-982098372217027-7608386063775139979-n-1-9DQn8b.jpeg\",\"width\":858,\"height\":1073},{\"@type\":\"BreadcrumbList\",\"@id\":\"https:\/\/deputadotaveirajr.com.br\/index.php\/saiba-quem-era-taina-medeiros-enfermeira-e-consultora-de-amamentacao-que-morreu-em-natal\/#breadcrumb\",\"itemListElement\":[{\"@type\":\"ListItem\",\"position\":1,\"name\":\"In\u00edcio\",\"item\":\"https:\/\/deputadotaveirajr.com.br\/\"},{\"@type\":\"ListItem\",\"position\":2,\"name\":\"Saiba quem era Tain\u00e1 Medeiros, enfermeira e consultora de amamenta\u00e7\u00e3o que morreu em Natal\"}]},{\"@type\":\"WebSite\",\"@id\":\"https:\/\/deputadotaveirajr.com.br\/#website\",\"url\":\"https:\/\/deputadotaveirajr.com.br\/\",\"name\":\"Taveira Jr\",\"description\":\"Deputado Estadual\",\"publisher\":{\"@id\":\"https:\/\/deputadotaveirajr.com.br\/#organization\"},\"potentialAction\":[{\"@type\":\"SearchAction\",\"target\":{\"@type\":\"EntryPoint\",\"urlTemplate\":\"https:\/\/deputadotaveirajr.com.br\/?s={search_term_string}\"},\"query-input\":{\"@type\":\"PropertyValueSpecification\",\"valueRequired\":true,\"valueName\":\"search_term_string\"}}],\"inLanguage\":\"pt-BR\"},{\"@type\":\"Organization\",\"@id\":\"https:\/\/deputadotaveirajr.com.br\/#organization\",\"name\":\"Taveira Jr\",\"url\":\"https:\/\/deputadotaveirajr.com.br\/\",\"logo\":{\"@type\":\"ImageObject\",\"inLanguage\":\"pt-BR\",\"@id\":\"https:\/\/deputadotaveirajr.com.br\/#\/schema\/logo\/image\/\",\"url\":\"https:\/\/deputadotaveirajr.com.br\/wp-content\/uploads\/2026\/01\/logolow2a.png\",\"contentUrl\":\"https:\/\/deputadotaveirajr.com.br\/wp-content\/uploads\/2026\/01\/logolow2a.png\",\"width\":290,\"height\":80,\"caption\":\"Taveira Jr\"},\"image\":{\"@id\":\"https:\/\/deputadotaveirajr.com.br\/#\/schema\/logo\/image\/\"}}]}<\/script>\n<!-- \/ Yoast SEO plugin. -->","yoast_head_json":{"title":"Saiba quem era Tain\u00e1 Medeiros, enfermeira e consultora de amamenta\u00e7\u00e3o que morreu em Natal - Taveira Jr","robots":{"index":"index","follow":"follow","max-snippet":"max-snippet:-1","max-image-preview":"max-image-preview:large","max-video-preview":"max-video-preview:-1"},"canonical":"https:\/\/deputadotaveirajr.com.br\/index.php\/saiba-quem-era-taina-medeiros-enfermeira-e-consultora-de-amamentacao-que-morreu-em-natal\/","og_locale":"pt_BR","og_type":"article","og_title":"Saiba quem era Tain\u00e1 Medeiros, enfermeira e consultora de amamenta\u00e7\u00e3o que morreu em Natal - Taveira Jr","og_description":"Natural de Serra Negra, no Serid\u00f3 potiguar, Tain\u00e1 se formou em 2011 mas s\u00f3 fundou a &#8220;Amor Mamar&#8221;, seu perfil nas redes sociais, em 2018. Tain\u00e1 Medeiros era enfermeira e ...","og_url":"https:\/\/deputadotaveirajr.com.br\/index.php\/saiba-quem-era-taina-medeiros-enfermeira-e-consultora-de-amamentacao-que-morreu-em-natal\/","og_site_name":"Taveira Jr","og_image":[{"width":858,"height":1073,"url":"https:\/\/deputadotaveirajr.com.br\/wp-content\/uploads\/2024\/07\/118530700-982098372217027-7608386063775139979-n-1-9DQn8b.jpeg","type":"image\/jpeg"}],"twitter_card":"summary_large_image","twitter_misc":{"Est. tempo de leitura":"3 minutos"},"schema":{"@context":"https:\/\/schema.org","@graph":[{"@type":"WebPage","@id":"https:\/\/deputadotaveirajr.com.br\/index.php\/saiba-quem-era-taina-medeiros-enfermeira-e-consultora-de-amamentacao-que-morreu-em-natal\/","url":"https:\/\/deputadotaveirajr.com.br\/index.php\/saiba-quem-era-taina-medeiros-enfermeira-e-consultora-de-amamentacao-que-morreu-em-natal\/","name":"Saiba quem era Tain\u00e1 Medeiros, enfermeira e consultora de amamenta\u00e7\u00e3o que morreu em Natal - Taveira Jr","isPartOf":{"@id":"https:\/\/deputadotaveirajr.com.br\/#website"},"primaryImageOfPage":{"@id":"https:\/\/deputadotaveirajr.com.br\/index.php\/saiba-quem-era-taina-medeiros-enfermeira-e-consultora-de-amamentacao-que-morreu-em-natal\/#primaryimage"},"image":{"@id":"https:\/\/deputadotaveirajr.com.br\/index.php\/saiba-quem-era-taina-medeiros-enfermeira-e-consultora-de-amamentacao-que-morreu-em-natal\/#primaryimage"},"thumbnailUrl":"https:\/\/deputadotaveirajr.com.br\/wp-content\/uploads\/2024\/07\/118530700-982098372217027-7608386063775139979-n-1-9DQn8b.jpeg","datePublished":"2024-07-26T12:42:42+00:00","breadcrumb":{"@id":"https:\/\/deputadotaveirajr.com.br\/index.php\/saiba-quem-era-taina-medeiros-enfermeira-e-consultora-de-amamentacao-que-morreu-em-natal\/#breadcrumb"},"inLanguage":"pt-BR","potentialAction":[{"@type":"ReadAction","target":["https:\/\/deputadotaveirajr.com.br\/index.php\/saiba-quem-era-taina-medeiros-enfermeira-e-consultora-de-amamentacao-que-morreu-em-natal\/"]}]},{"@type":"ImageObject","inLanguage":"pt-BR","@id":"https:\/\/deputadotaveirajr.com.br\/index.php\/saiba-quem-era-taina-medeiros-enfermeira-e-consultora-de-amamentacao-que-morreu-em-natal\/#primaryimage","url":"https:\/\/deputadotaveirajr.com.br\/wp-content\/uploads\/2024\/07\/118530700-982098372217027-7608386063775139979-n-1-9DQn8b.jpeg","contentUrl":"https:\/\/deputadotaveirajr.com.br\/wp-content\/uploads\/2024\/07\/118530700-982098372217027-7608386063775139979-n-1-9DQn8b.jpeg","width":858,"height":1073},{"@type":"BreadcrumbList","@id":"https:\/\/deputadotaveirajr.com.br\/index.php\/saiba-quem-era-taina-medeiros-enfermeira-e-consultora-de-amamentacao-que-morreu-em-natal\/#breadcrumb","itemListElement":[{"@type":"ListItem","position":1,"name":"In\u00edcio","item":"https:\/\/deputadotaveirajr.com.br\/"},{"@type":"ListItem","position":2,"name":"Saiba quem era Tain\u00e1 Medeiros, enfermeira e consultora de amamenta\u00e7\u00e3o que morreu em Natal"}]},{"@type":"WebSite","@id":"https:\/\/deputadotaveirajr.com.br\/#website","url":"https:\/\/deputadotaveirajr.com.br\/","name":"Taveira Jr","description":"Deputado Estadual","publisher":{"@id":"https:\/\/deputadotaveirajr.com.br\/#organization"},"potentialAction":[{"@type":"SearchAction","target":{"@type":"EntryPoint","urlTemplate":"https:\/\/deputadotaveirajr.com.br\/?s={search_term_string}"},"query-input":{"@type":"PropertyValueSpecification","valueRequired":true,"valueName":"search_term_string"}}],"inLanguage":"pt-BR"},{"@type":"Organization","@id":"https:\/\/deputadotaveirajr.com.br\/#organization","name":"Taveira Jr","url":"https:\/\/deputadotaveirajr.com.br\/","logo":{"@type":"ImageObject","inLanguage":"pt-BR","@id":"https:\/\/deputadotaveirajr.com.br\/#\/schema\/logo\/image\/","url":"https:\/\/deputadotaveirajr.com.br\/wp-content\/uploads\/2026\/01\/logolow2a.png","contentUrl":"https:\/\/deputadotaveirajr.com.br\/wp-content\/uploads\/2026\/01\/logolow2a.png","width":290,"height":80,"caption":"Taveira Jr"},"image":{"@id":"https:\/\/deputadotaveirajr.com.br\/#\/schema\/logo\/image\/"}}]}},"_links":{"self":[{"href":"https:\/\/deputadotaveirajr.com.br\/index.php\/wp-json\/wp\/v2\/pages\/8062","targetHints":{"allow":["GET"]}}],"collection":[{"href":"https:\/\/deputadotaveirajr.com.br\/index.php\/wp-json\/wp\/v2\/pages"}],"about":[{"href":"https:\/\/deputadotaveirajr.com.br\/index.php\/wp-json\/wp\/v2\/types\/page"}],"replies":[{"embeddable":true,"href":"https:\/\/deputadotaveirajr.com.br\/index.php\/wp-json\/wp\/v2\/comments?post=8062"}],"version-history":[{"count":1,"href":"https:\/\/deputadotaveirajr.com.br\/index.php\/wp-json\/wp\/v2\/pages\/8062\/revisions"}],"predecessor-version":[{"id":8066,"href":"https:\/\/deputadotaveirajr.com.br\/index.php\/wp-json\/wp\/v2\/pages\/8062\/revisions\/8066"}],"wp:featuredmedia":[{"embeddable":true,"href":"https:\/\/deputadotaveirajr.com.br\/index.php\/wp-json\/wp\/v2\/media\/8063"}],"wp:attachment":[{"href":"https:\/\/deputadotaveirajr.com.br\/index.php\/wp-json\/wp\/v2\/media?parent=8062"}],"curies":[{"name":"wp","href":"https:\/\/api.w.org\/{rel}","templated":true}]}}