{"id":8071,"date":"2024-07-26T15:42:04","date_gmt":"2024-07-26T18:42:04","guid":{"rendered":"https:\/\/deputadotaveirajr.com.br\/?page_id=8071"},"modified":"2024-07-26T15:42:04","modified_gmt":"2024-07-26T18:42:04","slug":"natal-recebeu-quase-700-sugestoes-para-licitacao-dos-transportes","status":"publish","type":"page","link":"https:\/\/deputadotaveirajr.com.br\/index.php\/natal-recebeu-quase-700-sugestoes-para-licitacao-dos-transportes\/","title":{"rendered":"Natal recebeu quase 700 sugest\u00f5es para licita\u00e7\u00e3o dos transportes"},"content":{"rendered":"<p>     Audi\u00eancia p\u00fablica discute o transporte p\u00fablico da capital nesta sexta (26).  \u00d4nibus do transporte p\u00fablico de Natal<br \/>\nFrancielly Medeiros\/Inter TV Cabugi<br \/>\nO processo de cria\u00e7\u00e3o do edital da licita\u00e7\u00e3o do transporte p\u00fablico de Natal j\u00e1 recebeu quase 700 sugest\u00f5es populares desde a abertura da consulta p\u00fablica do \u00faltimo dia 4 de julho.<br \/>\nUma audi\u00eancia p\u00fablica foi realizada na manh\u00e3 desta sexta-feira (26), no audit\u00f3rio da OAB, na zona Sul da capital potiguar, onde tamb\u00e9m puderam ser dadas sugest\u00f5es.<br \/>\nO prazo para a entrega de novas contribui\u00e7\u00f5es na consulta p\u00fablica foi prorrogado at\u00e9 \u00e0s 18h da segunda-feira (29).<br \/>\n\ud83d\udcf3Participe do canal do g1 RN no WhatsApp<br \/>\nA previs\u00e3o da pasta \u00e9 que o edital seja publicado em agosto com o acolhimento das propostas mais pertinentes que seguirem os crit\u00e9rios t\u00e9cnicos estabelecidos.<br \/>\n&#8220;A gente vai analisar tecnicamente para que a gente possa formatar o documento final e iniciar o processo de licita\u00e7\u00e3o&#8221;, afirma Daliana Bandeira, titular da Secretaria Municipal de Mobilidade Urbana de Natal (STTU).<br \/>\nAudi\u00eancia p\u00fablica foi realizada no audit\u00f3rio da OAB, em Candel\u00e1ria, zona Sul de Natal<br \/>\nS\u00e9rgio Henrique Santos\/Inter TV Cabugi<br \/>\nLEIA TAMB\u00c9M<br \/>\nTarifa, \u00f4nibus velhos, necessidade de oferta em hor\u00e1rios de pico e finais de semana: o que diz o relat\u00f3rio da ANTP sobre o transporte p\u00fablico de Natal<br \/>\nDesde 2022, a STTU j\u00e1 recebeu quase 2 mil contribui\u00e7\u00f5es. O transporte p\u00fablico de Natal, que transporta mensalmente, em m\u00e9dia, 4 milh\u00f5es de passageiros, ter\u00e1 dois lotes licitados. O investimento inicial previsto \u00e9 de R$ 268,5 milh\u00f5es.<br \/>\nA licita\u00e7\u00e3o prev\u00ea uma rede de transi\u00e7\u00e3o at\u00e9 o in\u00edcio da opera\u00e7\u00e3o de forma definitiva. Entre os requisitos, est\u00e3o \u00f4nibus que tenham ar-condicionado e sejam todos novos.<br \/>\nA Associa\u00e7\u00e3o Nacional de Transportes P\u00fablicos (ANTP), entidade que apresentou um relat\u00f3rio sobre a situa\u00e7\u00e3o do sistema de transporte p\u00fablico de Natal em julho do ano passado, trouxe contribui\u00e7\u00f5es para a audi\u00eancia p\u00fablica e falou da expectativa que a licita\u00e7\u00e3o traga melhorias para o servi\u00e7o apresentado.<br \/>\n&#8220;A expectativa \u00e9 de uma rede maior, mais ampla e com crescimento de frota. Esperamos uma rede que atenda todo o territ\u00f3rio da cidade, com n\u00edveis de controle muito mais efetivos&#8221;, afirmou Luiz Carlos N\u00e9spoli, engenheiro e diretor t\u00e9cnico da ANTP.<br \/>\nConsulta p\u00fablica<br \/>\nA consulta p\u00fablica foi aberta no in\u00edcio do m\u00eas de julho e tem por objetivo colher contribui\u00e7\u00f5es e informa\u00e7\u00f5es que poder\u00e3o auxiliar na modelagem jur\u00eddica, t\u00e9cnica e econ\u00f4mico-financeira do projeto do edital de licita\u00e7\u00e3o.<br \/>\nO prazo inicial de envio das propostas era at\u00e9 a quarta-feira (24), mas a pasta prorrogou o limite para envio de sugest\u00f5es at\u00e9 a segunda-feira (29).<br \/>\nOs interessados em participar poder\u00e3o acessar os documentos e o formul\u00e1rio de contribui\u00e7\u00e3o no endere\u00e7o eletr\u00f4nico licitacaotransporte.natal.rn.gov.br a partir das 8h do dia 4 de julho de 2024 at\u00e9 \u00e0s 18h do dia 24 de julho de 2024.<br \/>\nHist\u00f3rico<br \/>\nA Prefeitura de Natal lan\u00e7ou uma licita\u00e7\u00e3o do transporte p\u00fablico em novembro de 2016. Mas nas duas sess\u00f5es para recebimento de propostas, que ocorreram em 2017, o edital deu &#8220;deserto&#8221;, ou seja, nenhuma empresa se interessou.<br \/>\nO edital, na \u00e9poca, contemplava dois lotes de servi\u00e7o, cada um com 37 linhas de \u00f4nibus &#8211; um para atender as zonas Oeste e Sul e outras para as zonas Leste e Norte. A concess\u00e3o seria v\u00e1lida por 10 anos com possibilidade de prorroga\u00e7\u00e3o por mais 10.<br \/>\nO documento previa a introdu\u00e7\u00e3o de ve\u00edculos novos com melhorias, como piso baixo, c\u00e2mbio autom\u00e1tico, motor central ou traseiro e ar-condicionado.<br \/>\nAp\u00f3s as duas sess\u00f5es darem desertas, a prefeitura enviou no fim de 2017 mais um projeto de licita\u00e7\u00e3o para ser aprovado na C\u00e2mara Municipal de Natal. O projeto foi aprovado pelos vereadores no fim de 2018, mas recebeu vetos do prefeito \u00c1lvaro Dias em 2019 e precisou voltar para a C\u00e2mara.<br \/>\nA prefeitura de Natal prometeu, em 2021, que lan\u00e7aria uma nova licita\u00e7\u00e3o do transporte p\u00fablico at\u00e9 o fim daquele ano, o que n\u00e3o ocorreu.<br \/>\nV\u00eddeos mais assistidos do g1 RN<\/p>","protected":false},"excerpt":{"rendered":"<p>Audi\u00eancia p\u00fablica discute o transporte p\u00fablico da capital nesta sexta (26). \u00d4nibus do transporte p\u00fablico de Natal Francielly Medeiros\/Inter TV Cabugi O processo de cria\u00e7\u00e3o do edital da licita\u00e7\u00e3o do &#8230;<\/p>\n","protected":false},"author":0,"featured_media":8072,"parent":0,"menu_order":0,"comment_status":"closed","ping_status":"closed","template":"","meta":{"footnotes":""},"class_list":["post-8071","page","type-page","status-publish","has-post-thumbnail","hentry"],"yoast_head":"<!-- This site is optimized with the Yoast SEO plugin v27.1.1 - https:\/\/yoast.com\/product\/yoast-seo-wordpress\/ -->\n<title>Natal recebeu quase 700 sugest\u00f5es para licita\u00e7\u00e3o dos transportes - Taveira Jr<\/title>\n<meta name=\"robots\" content=\"index, follow, max-snippet:-1, max-image-preview:large, max-video-preview:-1\" \/>\n<link rel=\"canonical\" href=\"https:\/\/deputadotaveirajr.com.br\/index.php\/natal-recebeu-quase-700-sugestoes-para-licitacao-dos-transportes\/\" \/>\n<meta property=\"og:locale\" content=\"pt_BR\" \/>\n<meta property=\"og:type\" content=\"article\" \/>\n<meta property=\"og:title\" content=\"Natal recebeu quase 700 sugest\u00f5es para licita\u00e7\u00e3o dos transportes - Taveira Jr\" \/>\n<meta property=\"og:description\" content=\"Audi\u00eancia p\u00fablica discute o transporte p\u00fablico da capital nesta sexta (26). \u00d4nibus do transporte p\u00fablico de Natal Francielly Medeiros\/Inter TV Cabugi O processo de cria\u00e7\u00e3o do edital da licita\u00e7\u00e3o do ...\" \/>\n<meta property=\"og:url\" content=\"https:\/\/deputadotaveirajr.com.br\/index.php\/natal-recebeu-quase-700-sugestoes-para-licitacao-dos-transportes\/\" \/>\n<meta property=\"og:site_name\" content=\"Taveira Jr\" \/>\n<meta property=\"og:image\" content=\"https:\/\/deputadotaveirajr.com.br\/wp-content\/uploads\/2024\/07\/whatsapp-image-2023-05-26-at-17.46.10-S2CC3F.jpeg\" \/>\n\t<meta property=\"og:image:width\" content=\"1600\" \/>\n\t<meta property=\"og:image:height\" content=\"900\" \/>\n\t<meta property=\"og:image:type\" content=\"image\/jpeg\" \/>\n<meta name=\"twitter:card\" content=\"summary_large_image\" \/>\n<meta name=\"twitter:label1\" content=\"Est. tempo de leitura\" \/>\n\t<meta name=\"twitter:data1\" content=\"4 minutos\" \/>\n<script type=\"application\/ld+json\" class=\"yoast-schema-graph\">{\"@context\":\"https:\/\/schema.org\",\"@graph\":[{\"@type\":\"WebPage\",\"@id\":\"https:\/\/deputadotaveirajr.com.br\/index.php\/natal-recebeu-quase-700-sugestoes-para-licitacao-dos-transportes\/\",\"url\":\"https:\/\/deputadotaveirajr.com.br\/index.php\/natal-recebeu-quase-700-sugestoes-para-licitacao-dos-transportes\/\",\"name\":\"Natal recebeu quase 700 sugest\u00f5es para licita\u00e7\u00e3o dos transportes - Taveira Jr\",\"isPartOf\":{\"@id\":\"https:\/\/deputadotaveirajr.com.br\/#website\"},\"primaryImageOfPage\":{\"@id\":\"https:\/\/deputadotaveirajr.com.br\/index.php\/natal-recebeu-quase-700-sugestoes-para-licitacao-dos-transportes\/#primaryimage\"},\"image\":{\"@id\":\"https:\/\/deputadotaveirajr.com.br\/index.php\/natal-recebeu-quase-700-sugestoes-para-licitacao-dos-transportes\/#primaryimage\"},\"thumbnailUrl\":\"https:\/\/deputadotaveirajr.com.br\/wp-content\/uploads\/2024\/07\/whatsapp-image-2023-05-26-at-17.46.10-S2CC3F.jpeg\",\"datePublished\":\"2024-07-26T18:42:04+00:00\",\"breadcrumb\":{\"@id\":\"https:\/\/deputadotaveirajr.com.br\/index.php\/natal-recebeu-quase-700-sugestoes-para-licitacao-dos-transportes\/#breadcrumb\"},\"inLanguage\":\"pt-BR\",\"potentialAction\":[{\"@type\":\"ReadAction\",\"target\":[\"https:\/\/deputadotaveirajr.com.br\/index.php\/natal-recebeu-quase-700-sugestoes-para-licitacao-dos-transportes\/\"]}]},{\"@type\":\"ImageObject\",\"inLanguage\":\"pt-BR\",\"@id\":\"https:\/\/deputadotaveirajr.com.br\/index.php\/natal-recebeu-quase-700-sugestoes-para-licitacao-dos-transportes\/#primaryimage\",\"url\":\"https:\/\/deputadotaveirajr.com.br\/wp-content\/uploads\/2024\/07\/whatsapp-image-2023-05-26-at-17.46.10-S2CC3F.jpeg\",\"contentUrl\":\"https:\/\/deputadotaveirajr.com.br\/wp-content\/uploads\/2024\/07\/whatsapp-image-2023-05-26-at-17.46.10-S2CC3F.jpeg\",\"width\":1600,\"height\":900},{\"@type\":\"BreadcrumbList\",\"@id\":\"https:\/\/deputadotaveirajr.com.br\/index.php\/natal-recebeu-quase-700-sugestoes-para-licitacao-dos-transportes\/#breadcrumb\",\"itemListElement\":[{\"@type\":\"ListItem\",\"position\":1,\"name\":\"In\u00edcio\",\"item\":\"https:\/\/deputadotaveirajr.com.br\/\"},{\"@type\":\"ListItem\",\"position\":2,\"name\":\"Natal recebeu quase 700 sugest\u00f5es para licita\u00e7\u00e3o dos transportes\"}]},{\"@type\":\"WebSite\",\"@id\":\"https:\/\/deputadotaveirajr.com.br\/#website\",\"url\":\"https:\/\/deputadotaveirajr.com.br\/\",\"name\":\"Taveira Jr\",\"description\":\"Deputado Estadual\",\"publisher\":{\"@id\":\"https:\/\/deputadotaveirajr.com.br\/#organization\"},\"potentialAction\":[{\"@type\":\"SearchAction\",\"target\":{\"@type\":\"EntryPoint\",\"urlTemplate\":\"https:\/\/deputadotaveirajr.com.br\/?s={search_term_string}\"},\"query-input\":{\"@type\":\"PropertyValueSpecification\",\"valueRequired\":true,\"valueName\":\"search_term_string\"}}],\"inLanguage\":\"pt-BR\"},{\"@type\":\"Organization\",\"@id\":\"https:\/\/deputadotaveirajr.com.br\/#organization\",\"name\":\"Taveira Jr\",\"url\":\"https:\/\/deputadotaveirajr.com.br\/\",\"logo\":{\"@type\":\"ImageObject\",\"inLanguage\":\"pt-BR\",\"@id\":\"https:\/\/deputadotaveirajr.com.br\/#\/schema\/logo\/image\/\",\"url\":\"https:\/\/deputadotaveirajr.com.br\/wp-content\/uploads\/2026\/01\/logolow2a.png\",\"contentUrl\":\"https:\/\/deputadotaveirajr.com.br\/wp-content\/uploads\/2026\/01\/logolow2a.png\",\"width\":290,\"height\":80,\"caption\":\"Taveira Jr\"},\"image\":{\"@id\":\"https:\/\/deputadotaveirajr.com.br\/#\/schema\/logo\/image\/\"}}]}<\/script>\n<!-- \/ Yoast SEO plugin. -->","yoast_head_json":{"title":"Natal recebeu quase 700 sugest\u00f5es para licita\u00e7\u00e3o dos transportes - Taveira Jr","robots":{"index":"index","follow":"follow","max-snippet":"max-snippet:-1","max-image-preview":"max-image-preview:large","max-video-preview":"max-video-preview:-1"},"canonical":"https:\/\/deputadotaveirajr.com.br\/index.php\/natal-recebeu-quase-700-sugestoes-para-licitacao-dos-transportes\/","og_locale":"pt_BR","og_type":"article","og_title":"Natal recebeu quase 700 sugest\u00f5es para licita\u00e7\u00e3o dos transportes - Taveira Jr","og_description":"Audi\u00eancia p\u00fablica discute o transporte p\u00fablico da capital nesta sexta (26). \u00d4nibus do transporte p\u00fablico de Natal Francielly Medeiros\/Inter TV Cabugi O processo de cria\u00e7\u00e3o do edital da licita\u00e7\u00e3o do ...","og_url":"https:\/\/deputadotaveirajr.com.br\/index.php\/natal-recebeu-quase-700-sugestoes-para-licitacao-dos-transportes\/","og_site_name":"Taveira Jr","og_image":[{"width":1600,"height":900,"url":"https:\/\/deputadotaveirajr.com.br\/wp-content\/uploads\/2024\/07\/whatsapp-image-2023-05-26-at-17.46.10-S2CC3F.jpeg","type":"image\/jpeg"}],"twitter_card":"summary_large_image","twitter_misc":{"Est. tempo de leitura":"4 minutos"},"schema":{"@context":"https:\/\/schema.org","@graph":[{"@type":"WebPage","@id":"https:\/\/deputadotaveirajr.com.br\/index.php\/natal-recebeu-quase-700-sugestoes-para-licitacao-dos-transportes\/","url":"https:\/\/deputadotaveirajr.com.br\/index.php\/natal-recebeu-quase-700-sugestoes-para-licitacao-dos-transportes\/","name":"Natal recebeu quase 700 sugest\u00f5es para licita\u00e7\u00e3o dos transportes - Taveira Jr","isPartOf":{"@id":"https:\/\/deputadotaveirajr.com.br\/#website"},"primaryImageOfPage":{"@id":"https:\/\/deputadotaveirajr.com.br\/index.php\/natal-recebeu-quase-700-sugestoes-para-licitacao-dos-transportes\/#primaryimage"},"image":{"@id":"https:\/\/deputadotaveirajr.com.br\/index.php\/natal-recebeu-quase-700-sugestoes-para-licitacao-dos-transportes\/#primaryimage"},"thumbnailUrl":"https:\/\/deputadotaveirajr.com.br\/wp-content\/uploads\/2024\/07\/whatsapp-image-2023-05-26-at-17.46.10-S2CC3F.jpeg","datePublished":"2024-07-26T18:42:04+00:00","breadcrumb":{"@id":"https:\/\/deputadotaveirajr.com.br\/index.php\/natal-recebeu-quase-700-sugestoes-para-licitacao-dos-transportes\/#breadcrumb"},"inLanguage":"pt-BR","potentialAction":[{"@type":"ReadAction","target":["https:\/\/deputadotaveirajr.com.br\/index.php\/natal-recebeu-quase-700-sugestoes-para-licitacao-dos-transportes\/"]}]},{"@type":"ImageObject","inLanguage":"pt-BR","@id":"https:\/\/deputadotaveirajr.com.br\/index.php\/natal-recebeu-quase-700-sugestoes-para-licitacao-dos-transportes\/#primaryimage","url":"https:\/\/deputadotaveirajr.com.br\/wp-content\/uploads\/2024\/07\/whatsapp-image-2023-05-26-at-17.46.10-S2CC3F.jpeg","contentUrl":"https:\/\/deputadotaveirajr.com.br\/wp-content\/uploads\/2024\/07\/whatsapp-image-2023-05-26-at-17.46.10-S2CC3F.jpeg","width":1600,"height":900},{"@type":"BreadcrumbList","@id":"https:\/\/deputadotaveirajr.com.br\/index.php\/natal-recebeu-quase-700-sugestoes-para-licitacao-dos-transportes\/#breadcrumb","itemListElement":[{"@type":"ListItem","position":1,"name":"In\u00edcio","item":"https:\/\/deputadotaveirajr.com.br\/"},{"@type":"ListItem","position":2,"name":"Natal recebeu quase 700 sugest\u00f5es para licita\u00e7\u00e3o dos transportes"}]},{"@type":"WebSite","@id":"https:\/\/deputadotaveirajr.com.br\/#website","url":"https:\/\/deputadotaveirajr.com.br\/","name":"Taveira Jr","description":"Deputado Estadual","publisher":{"@id":"https:\/\/deputadotaveirajr.com.br\/#organization"},"potentialAction":[{"@type":"SearchAction","target":{"@type":"EntryPoint","urlTemplate":"https:\/\/deputadotaveirajr.com.br\/?s={search_term_string}"},"query-input":{"@type":"PropertyValueSpecification","valueRequired":true,"valueName":"search_term_string"}}],"inLanguage":"pt-BR"},{"@type":"Organization","@id":"https:\/\/deputadotaveirajr.com.br\/#organization","name":"Taveira Jr","url":"https:\/\/deputadotaveirajr.com.br\/","logo":{"@type":"ImageObject","inLanguage":"pt-BR","@id":"https:\/\/deputadotaveirajr.com.br\/#\/schema\/logo\/image\/","url":"https:\/\/deputadotaveirajr.com.br\/wp-content\/uploads\/2026\/01\/logolow2a.png","contentUrl":"https:\/\/deputadotaveirajr.com.br\/wp-content\/uploads\/2026\/01\/logolow2a.png","width":290,"height":80,"caption":"Taveira Jr"},"image":{"@id":"https:\/\/deputadotaveirajr.com.br\/#\/schema\/logo\/image\/"}}]}},"_links":{"self":[{"href":"https:\/\/deputadotaveirajr.com.br\/index.php\/wp-json\/wp\/v2\/pages\/8071","targetHints":{"allow":["GET"]}}],"collection":[{"href":"https:\/\/deputadotaveirajr.com.br\/index.php\/wp-json\/wp\/v2\/pages"}],"about":[{"href":"https:\/\/deputadotaveirajr.com.br\/index.php\/wp-json\/wp\/v2\/types\/page"}],"replies":[{"embeddable":true,"href":"https:\/\/deputadotaveirajr.com.br\/index.php\/wp-json\/wp\/v2\/comments?post=8071"}],"version-history":[{"count":1,"href":"https:\/\/deputadotaveirajr.com.br\/index.php\/wp-json\/wp\/v2\/pages\/8071\/revisions"}],"predecessor-version":[{"id":8073,"href":"https:\/\/deputadotaveirajr.com.br\/index.php\/wp-json\/wp\/v2\/pages\/8071\/revisions\/8073"}],"wp:featuredmedia":[{"embeddable":true,"href":"https:\/\/deputadotaveirajr.com.br\/index.php\/wp-json\/wp\/v2\/media\/8072"}],"wp:attachment":[{"href":"https:\/\/deputadotaveirajr.com.br\/index.php\/wp-json\/wp\/v2\/media?parent=8071"}],"curies":[{"name":"wp","href":"https:\/\/api.w.org\/{rel}","templated":true}]}}